
{"version":"1.0","provider_name":"Coimisi\u00fan Toghch\u00e1in","provider_url":"https:\/\/www.electoralcommission.ie\/ga\/","title":"Bunreacht na h\u00c9ireann - Coimisi\u00fan Toghch\u00e1in","type":"rich","width":600,"height":338,"html":"<blockquote class=\"wp-embedded-content\" data-secret=\"isibYIaOne\"><a href=\"https:\/\/www.electoralcommission.ie\/ga\/bunreacht-na-heireann\/\">Bunreacht na h\u00c9ireann<\/a><\/blockquote><iframe sandbox=\"allow-scripts\" security=\"restricted\" src=\"https:\/\/www.electoralcommission.ie\/ga\/bunreacht-na-heireann\/embed\/#?secret=isibYIaOne\" width=\"600\" height=\"338\" title=\"&#8220;Bunreacht na h\u00c9ireann&#8221; &#8212; Coimisi\u00fan Toghch\u00e1in\" data-secret=\"isibYIaOne\" frameborder=\"0\" marginwidth=\"0\" marginheight=\"0\" scrolling=\"no\" class=\"wp-embedded-content\"><\/iframe><script type=\"text\/javascript\">\n\/* <![CDATA[ *\/\n\/*! This file is auto-generated *\/\n!function(d,l){\"use strict\";l.querySelector&&d.addEventListener&&\"undefined\"!=typeof URL&&(d.wp=d.wp||{},d.wp.receiveEmbedMessage||(d.wp.receiveEmbedMessage=function(e){var t=e.data;if((t||t.secret||t.message||t.value)&&!\/[^a-zA-Z0-9]\/.test(t.secret)){for(var s,r,n,a=l.querySelectorAll('iframe[data-secret=\"'+t.secret+'\"]'),o=l.querySelectorAll('blockquote[data-secret=\"'+t.secret+'\"]'),c=new RegExp(\"^https?:$\",\"i\"),i=0;i<o.length;i++)o[i].style.display=\"none\";for(i=0;i<a.length;i++)s=a[i],e.source===s.contentWindow&&(s.removeAttribute(\"style\"),\"height\"===t.message?(1e3<(r=parseInt(t.value,10))?r=1e3:~~r<200&&(r=200),s.height=r):\"link\"===t.message&&(r=new URL(s.getAttribute(\"src\")),n=new URL(t.value),c.test(n.protocol))&&n.host===r.host&&l.activeElement===s&&(d.top.location.href=t.value))}},d.addEventListener(\"message\",d.wp.receiveEmbedMessage,!1),l.addEventListener(\"DOMContentLoaded\",function(){for(var e,t,s=l.querySelectorAll(\"iframe.wp-embedded-content\"),r=0;r<s.length;r++)(t=(e=s[r]).getAttribute(\"data-secret\"))||(t=Math.random().toString(36).substring(2,12),e.src+=\"#?secret=\"+t,e.setAttribute(\"data-secret\",t)),e.contentWindow.postMessage({message:\"ready\",secret:t},\"*\")},!1)))}(window,document);\n\/\/# sourceURL=https:\/\/www.electoralcommission.ie\/wp\/wp-includes\/js\/wp-embed.min.js\n\/* ]]> *\/\n<\/script>\n","thumbnail_url":"https:\/\/cdn.electoralcommission.ie\/app\/uploads\/2024\/01\/19162425\/90410003-scaled-1.jpg","thumbnail_width":2560,"thumbnail_height":1910,"description":"Is c\u00e1ip\u00e9is dl\u00ed \u00e9 Bunreacht na h\u00c9ireann ina leagtar amach c\u00f3ras rialtais na h\u00c9ireann. Leagtar amach ann na dl\u00edthe bun\u00fasacha agus na cearta bun\u00fasacha at\u00e1 againn mar Shaor\u00e1naigh na h\u00c9ireann. Leagtar amach ann r\u00f3il phr\u00edomhinstiti\u00faid\u00ed an st\u00e1it. Aithn\u00edonn agus dearbha\u00edonn Bunreacht na h\u00c9ireann go bhfuil bunchearta pearsanta \u00e1irithe agat. T\u00e1 siad sin daingnithe agus cosanta &hellip; Continued"}