
{"id":11513,"date":"2024-11-01T15:47:46","date_gmt":"2024-11-01T15:47:46","guid":{"rendered":"https:\/\/www.electoralcommission.ie\/what-constituency-am-i-in\/"},"modified":"2025-12-18T15:19:24","modified_gmt":"2025-12-18T15:19:24","slug":"cen-dailcheantar-ina-gconaim","status":"publish","type":"page","link":"https:\/\/www.electoralcommission.ie\/ga\/cen-dailcheantar-ina-gconaim\/","title":{"rendered":"C\u00e9n D\u00e1ilcheantar ina gc\u00f3na\u00edm?"},"content":{"rendered":"\n<div class=\"wp-block-uagb-container uagb-block-86e0a388 alignfull uagb-is-root-container\"><div class=\"uagb-container-inner-blocks-wrap\">\n<div class=\"wp-block-uagb-container uagb-block-a67d0937\">\n<p>Tabhair faoi deara le do thoil go bhf\u00e9adfadh deacrachta\u00ed a bheith le roinnt sonra\u00ed Eircode agus seolta, mar sin is f\u00e9idir sonra\u00ed do thoghcheantair a sheice\u00e1il le d\u2019\u00fadar\u00e1s \u00e1iti\u00fail.<\/p>\n\n\n\n<p>Tabhair faoi deara go dtabharfar freagra Gaeilge ar fhiosr\u00fach\u00e1n faoi sheoladh i nGaeilge ina dtugtar \u00c9irch\u00f3d. M\u00e1 \u00fas\u00e1idtear \u00c9irch\u00f3d leis f\u00e9in chun seoladh a fhiosr\u00fa, n\u00ed aithneofar \u00e9 mar fhiosr\u00fach\u00e1n Gaeilge ar an drochuair, agus tabharfar freagra i mB\u00e9arla.<\/p>\n<\/div>\n\n\n\n<div class=\"wp-block-uagb-container uagb-block-2af2047f\">\n<iframe loading=\"lazy\" src=\"https:\/\/arcg.is\/1aT9v40\" width=\"400\" height=\"600\" frameborder=\"0\" style=\"border:0\" allow=\"geolocation *;\" allowfullscreen><\/iframe>\n<\/div>\n\n\n\n<div class=\"wp-block-uagb-container uagb-block-77eb8c58\">\n<p>De r\u00e9ir an <a href=\"https:\/\/www.irishstatutebook.ie\/eli\/2023\/act\/40\/section\/3\/enacted\/en\/html\">Achta Toghch\u00e1in (Leas\u00fa), 2023, Alt 3 (irishstatutebook.ie)<\/a> <em>&nbsp;\u201cm\u00e1 \u00e9ir\u00edonn aon amhras cad \u00e9 an d\u00e1ilcheantar ina bhfuil aon toghroinn n\u00f3 aon chuid de thoghroinn, n\u00f3 aon bhaile fearainn n\u00f3 aon chuid de bhaile fearainn, cinnfidh an tAire Tith\u00edochta, Rialtais \u00c1iti\u00fail agus Oidhreachta an t-amhras, ach sin faoi r\u00e9ir alt 1 (b).\u201d<\/em><\/p>\n<\/div>\n<\/div><\/div>\n","protected":false},"excerpt":{"rendered":"<p>Tabhair faoi deara le do thoil go bhf\u00e9adfadh deacrachta\u00ed a bheith le roinnt sonra\u00ed Eircode agus seolta, mar sin is f\u00e9idir sonra\u00ed do thoghcheantair a sheice\u00e1il le d\u2019\u00fadar\u00e1s \u00e1iti\u00fail. Tabhair faoi deara go dtabharfar freagra Gaeilge ar fhiosr\u00fach\u00e1n faoi sheoladh i nGaeilge ina dtugtar \u00c9irch\u00f3d. M\u00e1 \u00fas\u00e1idtear \u00c9irch\u00f3d leis f\u00e9in chun seoladh a fhiosr\u00fa, n\u00ed &hellip; <a href=\"https:\/\/www.electoralcommission.ie\/ga\/cen-dailcheantar-ina-gconaim\/\">Continued<\/a><\/p>\n","protected":false},"author":17,"featured_media":11563,"parent":0,"menu_order":0,"comment_status":"closed","ping_status":"closed","template":"","meta":{"_acf_changed":false,"_relevanssi_hide_post":"","_relevanssi_hide_content":"","_relevanssi_pin_for_all":"","_relevanssi_pin_keywords":"","_relevanssi_unpin_keywords":"","_relevanssi_related_keywords":"","_relevanssi_related_include_ids":"","_relevanssi_related_exclude_ids":"","_relevanssi_related_no_append":"","_relevanssi_related_not_related":"","_relevanssi_related_posts":"5015,9578,5031,11292,10109,5023","_relevanssi_noindex_reason":"","_uag_custom_page_level_css":"","footnotes":""},"class_list":["post-11513","page","type-page","status-publish","has-post-thumbnail","hentry"],"acf":[],"yoast_head":"<!-- This site is optimized with the Yoast SEO plugin v27.4 - https:\/\/yoast.com\/product\/yoast-seo-wordpress\/ -->\n<title>C\u00e9n D\u00e1ilcheantar ina gc\u00f3na\u00edm? - Coimisi\u00fan Toghch\u00e1in<\/title>\n<meta name=\"robots\" content=\"index, follow, max-snippet:-1, max-image-preview:large, max-video-preview:-1\" \/>\n<link rel=\"canonical\" href=\"https:\/\/www.electoralcommission.ie\/ga\/cen-dailcheantar-ina-gconaim\/\" \/>\n<meta property=\"og:locale\" content=\"ga_IE\" \/>\n<meta property=\"og:type\" content=\"article\" \/>\n<meta property=\"og:title\" content=\"C\u00e9n D\u00e1ilcheantar ina gc\u00f3na\u00edm? - Coimisi\u00fan Toghch\u00e1in\" \/>\n<meta property=\"og:description\" content=\"Tabhair faoi deara le do thoil go bhf\u00e9adfadh deacrachta\u00ed a bheith le roinnt sonra\u00ed Eircode agus seolta, mar sin is f\u00e9idir sonra\u00ed do thoghcheantair a sheice\u00e1il le d\u2019\u00fadar\u00e1s \u00e1iti\u00fail. Tabhair faoi deara go dtabharfar freagra Gaeilge ar fhiosr\u00fach\u00e1n faoi sheoladh i nGaeilge ina dtugtar \u00c9irch\u00f3d. M\u00e1 \u00fas\u00e1idtear \u00c9irch\u00f3d leis f\u00e9in chun seoladh a fhiosr\u00fa, n\u00ed &hellip; Continued\" \/>\n<meta property=\"og:url\" content=\"https:\/\/www.electoralcommission.ie\/ga\/cen-dailcheantar-ina-gconaim\/\" \/>\n<meta property=\"og:site_name\" content=\"Coimisi\u00fan Toghch\u00e1in\" \/>\n<meta property=\"article:modified_time\" content=\"2025-12-18T15:19:24+00:00\" \/>\n<meta property=\"og:image\" content=\"https:\/\/www.electoralcommission.ie\/app\/uploads\/2024\/11\/DailConstituencyMap.png\" \/>\n\t<meta property=\"og:image:width\" content=\"758\" \/>\n\t<meta property=\"og:image:height\" content=\"388\" \/>\n\t<meta property=\"og:image:type\" content=\"image\/png\" \/>\n<meta name=\"twitter:card\" content=\"summary_large_image\" \/>\n<meta name=\"twitter:label1\" content=\"Est. reading time\" \/>\n\t<meta name=\"twitter:data1\" content=\"1 minute\" \/>\n<script type=\"application\/ld+json\" class=\"yoast-schema-graph\">{\"@context\":\"https:\\\/\\\/schema.org\",\"@graph\":[{\"@type\":\"WebPage\",\"@id\":\"https:\\\/\\\/www.electoralcommission.ie\\\/ga\\\/cen-dailcheantar-ina-gconaim\\\/\",\"url\":\"https:\\\/\\\/www.electoralcommission.ie\\\/ga\\\/cen-dailcheantar-ina-gconaim\\\/\",\"name\":\"C\u00e9n D\u00e1ilcheantar ina gc\u00f3na\u00edm? - Coimisi\u00fan Toghch\u00e1in\",\"isPartOf\":{\"@id\":\"https:\\\/\\\/www.electoralcommission.ie\\\/ga\\\/#website\"},\"primaryImageOfPage\":{\"@id\":\"https:\\\/\\\/www.electoralcommission.ie\\\/ga\\\/cen-dailcheantar-ina-gconaim\\\/#primaryimage\"},\"image\":{\"@id\":\"https:\\\/\\\/www.electoralcommission.ie\\\/ga\\\/cen-dailcheantar-ina-gconaim\\\/#primaryimage\"},\"thumbnailUrl\":\"https:\\\/\\\/www.electoralcommission.ie\\\/app\\\/uploads\\\/2024\\\/11\\\/DailConstituencyMap.png\",\"datePublished\":\"2024-11-01T15:47:46+00:00\",\"dateModified\":\"2025-12-18T15:19:24+00:00\",\"breadcrumb\":{\"@id\":\"https:\\\/\\\/www.electoralcommission.ie\\\/ga\\\/cen-dailcheantar-ina-gconaim\\\/#breadcrumb\"},\"inLanguage\":\"ga-IE\",\"potentialAction\":[{\"@type\":\"ReadAction\",\"target\":[\"https:\\\/\\\/www.electoralcommission.ie\\\/ga\\\/cen-dailcheantar-ina-gconaim\\\/\"]}]},{\"@type\":\"ImageObject\",\"inLanguage\":\"ga-IE\",\"@id\":\"https:\\\/\\\/www.electoralcommission.ie\\\/ga\\\/cen-dailcheantar-ina-gconaim\\\/#primaryimage\",\"url\":\"https:\\\/\\\/www.electoralcommission.ie\\\/app\\\/uploads\\\/2024\\\/11\\\/DailConstituencyMap.png\",\"contentUrl\":\"https:\\\/\\\/www.electoralcommission.ie\\\/app\\\/uploads\\\/2024\\\/11\\\/DailConstituencyMap.png\",\"width\":758,\"height\":388,\"caption\":\"Map of Dail constituencies\"},{\"@type\":\"BreadcrumbList\",\"@id\":\"https:\\\/\\\/www.electoralcommission.ie\\\/ga\\\/cen-dailcheantar-ina-gconaim\\\/#breadcrumb\",\"itemListElement\":[{\"@type\":\"ListItem\",\"position\":1,\"name\":\"Baile\",\"item\":\"https:\\\/\\\/www.electoralcommission.ie\\\/ga\\\/\"},{\"@type\":\"ListItem\",\"position\":2,\"name\":\"C\u00e9n D\u00e1ilcheantar ina gc\u00f3na\u00edm?\"}]},{\"@type\":\"WebSite\",\"@id\":\"https:\\\/\\\/www.electoralcommission.ie\\\/ga\\\/#website\",\"url\":\"https:\\\/\\\/www.electoralcommission.ie\\\/ga\\\/\",\"name\":\"Coimisi\u00fan Toghch\u00e1in\",\"description\":\"Ireland&#039;s Statutory, Independent Electoral Commission\",\"potentialAction\":[{\"@type\":\"SearchAction\",\"target\":{\"@type\":\"EntryPoint\",\"urlTemplate\":\"https:\\\/\\\/www.electoralcommission.ie\\\/ga\\\/?s={search_term_string}\"},\"query-input\":{\"@type\":\"PropertyValueSpecification\",\"valueRequired\":true,\"valueName\":\"search_term_string\"}}],\"inLanguage\":\"ga-IE\"}]}<\/script>\n<!-- \/ Yoast SEO plugin. -->","yoast_head_json":{"title":"C\u00e9n D\u00e1ilcheantar ina gc\u00f3na\u00edm? - Coimisi\u00fan Toghch\u00e1in","robots":{"index":"index","follow":"follow","max-snippet":"max-snippet:-1","max-image-preview":"max-image-preview:large","max-video-preview":"max-video-preview:-1"},"canonical":"https:\/\/www.electoralcommission.ie\/ga\/cen-dailcheantar-ina-gconaim\/","og_locale":"ga_IE","og_type":"article","og_title":"C\u00e9n D\u00e1ilcheantar ina gc\u00f3na\u00edm? - Coimisi\u00fan Toghch\u00e1in","og_description":"Tabhair faoi deara le do thoil go bhf\u00e9adfadh deacrachta\u00ed a bheith le roinnt sonra\u00ed Eircode agus seolta, mar sin is f\u00e9idir sonra\u00ed do thoghcheantair a sheice\u00e1il le d\u2019\u00fadar\u00e1s \u00e1iti\u00fail. Tabhair faoi deara go dtabharfar freagra Gaeilge ar fhiosr\u00fach\u00e1n faoi sheoladh i nGaeilge ina dtugtar \u00c9irch\u00f3d. M\u00e1 \u00fas\u00e1idtear \u00c9irch\u00f3d leis f\u00e9in chun seoladh a fhiosr\u00fa, n\u00ed &hellip; Continued","og_url":"https:\/\/www.electoralcommission.ie\/ga\/cen-dailcheantar-ina-gconaim\/","og_site_name":"Coimisi\u00fan Toghch\u00e1in","article_modified_time":"2025-12-18T15:19:24+00:00","og_image":[{"width":758,"height":388,"url":"https:\/\/www.electoralcommission.ie\/app\/uploads\/2024\/11\/DailConstituencyMap.png","type":"image\/png"}],"twitter_card":"summary_large_image","twitter_misc":{"Est. reading time":"1 minute"},"schema":{"@context":"https:\/\/schema.org","@graph":[{"@type":"WebPage","@id":"https:\/\/www.electoralcommission.ie\/ga\/cen-dailcheantar-ina-gconaim\/","url":"https:\/\/www.electoralcommission.ie\/ga\/cen-dailcheantar-ina-gconaim\/","name":"C\u00e9n D\u00e1ilcheantar ina gc\u00f3na\u00edm? - Coimisi\u00fan Toghch\u00e1in","isPartOf":{"@id":"https:\/\/www.electoralcommission.ie\/ga\/#website"},"primaryImageOfPage":{"@id":"https:\/\/www.electoralcommission.ie\/ga\/cen-dailcheantar-ina-gconaim\/#primaryimage"},"image":{"@id":"https:\/\/www.electoralcommission.ie\/ga\/cen-dailcheantar-ina-gconaim\/#primaryimage"},"thumbnailUrl":"https:\/\/www.electoralcommission.ie\/app\/uploads\/2024\/11\/DailConstituencyMap.png","datePublished":"2024-11-01T15:47:46+00:00","dateModified":"2025-12-18T15:19:24+00:00","breadcrumb":{"@id":"https:\/\/www.electoralcommission.ie\/ga\/cen-dailcheantar-ina-gconaim\/#breadcrumb"},"inLanguage":"ga-IE","potentialAction":[{"@type":"ReadAction","target":["https:\/\/www.electoralcommission.ie\/ga\/cen-dailcheantar-ina-gconaim\/"]}]},{"@type":"ImageObject","inLanguage":"ga-IE","@id":"https:\/\/www.electoralcommission.ie\/ga\/cen-dailcheantar-ina-gconaim\/#primaryimage","url":"https:\/\/www.electoralcommission.ie\/app\/uploads\/2024\/11\/DailConstituencyMap.png","contentUrl":"https:\/\/www.electoralcommission.ie\/app\/uploads\/2024\/11\/DailConstituencyMap.png","width":758,"height":388,"caption":"Map of Dail constituencies"},{"@type":"BreadcrumbList","@id":"https:\/\/www.electoralcommission.ie\/ga\/cen-dailcheantar-ina-gconaim\/#breadcrumb","itemListElement":[{"@type":"ListItem","position":1,"name":"Baile","item":"https:\/\/www.electoralcommission.ie\/ga\/"},{"@type":"ListItem","position":2,"name":"C\u00e9n D\u00e1ilcheantar ina gc\u00f3na\u00edm?"}]},{"@type":"WebSite","@id":"https:\/\/www.electoralcommission.ie\/ga\/#website","url":"https:\/\/www.electoralcommission.ie\/ga\/","name":"Coimisi\u00fan Toghch\u00e1in","description":"Ireland&#039;s Statutory, Independent Electoral Commission","potentialAction":[{"@type":"SearchAction","target":{"@type":"EntryPoint","urlTemplate":"https:\/\/www.electoralcommission.ie\/ga\/?s={search_term_string}"},"query-input":{"@type":"PropertyValueSpecification","valueRequired":true,"valueName":"search_term_string"}}],"inLanguage":"ga-IE"}]}},"uagb_featured_image_src":{"full":["https:\/\/www.electoralcommission.ie\/app\/uploads\/2024\/11\/DailConstituencyMap.png",758,388,false],"thumbnail":["https:\/\/www.electoralcommission.ie\/app\/uploads\/2024\/11\/DailConstituencyMap-355x210.png",355,210,true],"medium":["https:\/\/www.electoralcommission.ie\/app\/uploads\/2024\/11\/DailConstituencyMap-300x154.png",300,154,true],"medium_large":["https:\/\/www.electoralcommission.ie\/app\/uploads\/2024\/11\/DailConstituencyMap.png",758,388,false],"large":["https:\/\/www.electoralcommission.ie\/app\/uploads\/2024\/11\/DailConstituencyMap.png",758,388,false],"1536x1536":["https:\/\/www.electoralcommission.ie\/app\/uploads\/2024\/11\/DailConstituencyMap.png",758,388,false],"2048x2048":["https:\/\/www.electoralcommission.ie\/app\/uploads\/2024\/11\/DailConstituencyMap.png",758,388,false],"gform-image-choice-sm":["https:\/\/www.electoralcommission.ie\/app\/uploads\/2024\/11\/DailConstituencyMap.png",300,154,false],"gform-image-choice-md":["https:\/\/www.electoralcommission.ie\/app\/uploads\/2024\/11\/DailConstituencyMap.png",400,205,false],"gform-image-choice-lg":["https:\/\/www.electoralcommission.ie\/app\/uploads\/2024\/11\/DailConstituencyMap.png",600,307,false]},"uagb_author_info":{"display_name":"Felippe","author_link":"https:\/\/www.electoralcommission.ie\/ga\/author\/felippe\/"},"uagb_comment_info":0,"uagb_excerpt":"Tabhair faoi deara le do thoil go bhf\u00e9adfadh deacrachta\u00ed a bheith le roinnt sonra\u00ed Eircode agus seolta, mar sin is f\u00e9idir sonra\u00ed do thoghcheantair a sheice\u00e1il le d\u2019\u00fadar\u00e1s \u00e1iti\u00fail. Tabhair faoi deara go dtabharfar freagra Gaeilge ar fhiosr\u00fach\u00e1n faoi sheoladh i nGaeilge ina dtugtar \u00c9irch\u00f3d. M\u00e1 \u00fas\u00e1idtear \u00c9irch\u00f3d leis f\u00e9in chun seoladh a fhiosr\u00fa, n\u00ed&hellip;","_links":{"self":[{"href":"https:\/\/www.electoralcommission.ie\/ga\/wp-json\/wp\/v2\/pages\/11513","targetHints":{"allow":["GET"]}}],"collection":[{"href":"https:\/\/www.electoralcommission.ie\/ga\/wp-json\/wp\/v2\/pages"}],"about":[{"href":"https:\/\/www.electoralcommission.ie\/ga\/wp-json\/wp\/v2\/types\/page"}],"author":[{"embeddable":true,"href":"https:\/\/www.electoralcommission.ie\/ga\/wp-json\/wp\/v2\/users\/17"}],"replies":[{"embeddable":true,"href":"https:\/\/www.electoralcommission.ie\/ga\/wp-json\/wp\/v2\/comments?post=11513"}],"version-history":[{"count":11,"href":"https:\/\/www.electoralcommission.ie\/ga\/wp-json\/wp\/v2\/pages\/11513\/revisions"}],"predecessor-version":[{"id":15234,"href":"https:\/\/www.electoralcommission.ie\/ga\/wp-json\/wp\/v2\/pages\/11513\/revisions\/15234"}],"wp:featuredmedia":[{"embeddable":true,"href":"https:\/\/www.electoralcommission.ie\/ga\/wp-json\/wp\/v2\/media\/11563"}],"wp:attachment":[{"href":"https:\/\/www.electoralcommission.ie\/ga\/wp-json\/wp\/v2\/media?parent=11513"}],"curies":[{"name":"wp","href":"https:\/\/api.w.org\/{rel}","templated":true}]}}