
{"id":11603,"date":"2024-11-04T20:07:40","date_gmt":"2024-11-04T20:07:40","guid":{"rendered":"https:\/\/www.electoralcommission.ie\/foilseachain\/oideachas\/"},"modified":"2024-11-04T20:50:22","modified_gmt":"2024-11-04T20:50:22","slug":"oideachas","status":"publish","type":"page","link":"https:\/\/www.electoralcommission.ie\/ga\/foilseachain\/oideachas\/","title":{"rendered":"Oideachas"},"content":{"rendered":"\n<div class=\"wp-block-uagb-container uagb-block-1ed2f749 alignfull uagb-is-root-container\">\n<div class=\"wp-block-uagb-container uagb-block-09dd1692\"><\/div>\n\n\n\n<div class=\"wp-block-uagb-container uagb-block-c193ff37\">\n<div class=\"wp-block-uagb-container negative-margin uagb-block-5f0440f1\">\n<div class=\"wp-block-buttons is-content-justification-center is-layout-flex wp-container-core-buttons-is-layout-16018d1d wp-block-buttons-is-layout-flex\">\n<div class=\"wp-block-button is-style-fill is-signup bg-color-blue color-white rounded p-3 mt-1\"><a class=\"wp-block-button__link wp-element-button\" href=\"https:\/\/www.electoralcommission.ie\/ga\/foilseachain\/\">Gach<\/a><\/div>\n\n\n\n<div class=\"wp-block-button is-style-fill is-signup bg-color-blue color-white rounded p-3 mt-1\"><a class=\"wp-block-button__link wp-element-button\" href=\"https:\/\/www.electoralcommission.ie\/ga\/foilseachain\/tuarascalacha-athbhreithnithe-toghlaigh\/\">Athbhreithnithe Toghlaigh<\/a><\/div>\n\n\n\n<div class=\"wp-block-button is-style-fill is-signup bg-color-blue color-white rounded  p-3 mt-1\"><a class=\"wp-block-button__link wp-element-button\" href=\"https:\/\/www.electoralcommission.ie\/ga\/foilseachain\/foilseachain-chorparaideacha\/\">Foilseach\u00e1in Chorpar\u00e1ideacha<\/a><\/div>\n\n\n\n<div class=\"wp-block-button is-style-fill is-signup bg-color-blue color-white rounded  p-3 mt-1\"><a class=\"wp-block-button__link wp-element-button\" href=\"https:\/\/www.electoralcommission.ie\/ga\/?page_id=8806\">Leabhr\u00e1in eolais an reifrinn<\/a><\/div>\n\n\n\n<div class=\"wp-block-button is-style-fill is-signup bg-color-blue color-white rounded p-3 mt-1\"><a class=\"wp-block-button__link wp-element-button\" href=\"https:\/\/www.electoralcommission.ie\/ga\/foilseachain\/clar-na-bpairtithe-polaitiochta\/\">Cl\u00e1r na bP\u00e1irtithe Polait\u00edochta<\/a><\/div>\n\n\n\n<div class=\"wp-block-button is-style-fill is-signup bg-color-blue color-white rounded  p-3 mt-1\"><a class=\"wp-block-button__link wp-element-button\" href=\"https:\/\/www.electoralcommission.ie\/ga\/foilseachain\/foilseachain-taighde\/\">Foilseach\u00e1in Taighde<\/a><\/div>\n\n\n\n<div class=\"wp-block-button is-style-fill is-signup bg-color-yellow color-black rounded p-3 mt-1\"><a class=\"wp-block-button__link has-black-color has-luminous-vivid-amber-background-color has-text-color has-background has-link-color wp-element-button\" href=\"\/ga\/foilseachain\/oideachas\/\">Oideachas<\/a><\/div>\n\n\n\n<div class=\"wp-block-button is-style-fill is-signup bg-color-blue color-white rounded  p-3 mt-1\"><a class=\"wp-block-button__link wp-element-button\" href=\"\/ga\/foilseachain\/athbhreithniu-i-ndiaidh-imeacht-toghchain\/\">Athbhreithni\u00fa I nDiaidh Imeacht Toghch\u00e1in<\/a><\/div>\n<\/div>\n<\/div>\n<\/div>\n<\/div>\n\n\n\n<div class=\"wp-block-uagb-container uagb-block-65c2bcde alignfull uagb-is-root-container\">\n<div class=\"wp-block-uagb-container uagb-block-7b5f4a0f\">\n<div class=\"wp-block-query is-layout-flow wp-block-query-is-layout-flow\"><ul class=\"columns-1 d-flex justify-content-center align-items-stretch flex-wrap wp-block-post-template is-layout-grid wp-container-core-post-template-is-layout-f9ac393c wp-block-post-template-is-layout-grid\"><li class=\"wp-block-post post-14242 post type-post status-publish format-standard has-post-thumbnail hentry category-foilseachain category-oideachas category-uncategorized-ga\">\n\n<div class=\"wp-block-uagb-container h-100 uagb-block-1f5980d7\">\n<div class=\"wp-block-uagb-container position-static uagb-block-9ee833ac\"><figure class=\"position-static wp-block-post-featured-image\"><img loading=\"lazy\" decoding=\"async\" width=\"340\" height=\"400\" src=\"https:\/\/www.electoralcommission.ie\/app\/uploads\/2025\/08\/PostalENG.png\" class=\"attachment-post-thumbnail size-post-thumbnail wp-post-image\" alt=\"Poster with blue background with image of green post box. Text on poster says: Unable to make your polling station? You may be eligible for a postal vote! For more information visit www.electoralcommission.ie \/accessible-voting\/\" style=\"object-fit:cover;\" srcset=\"https:\/\/www.electoralcommission.ie\/app\/uploads\/2025\/08\/PostalENG.png 340w, https:\/\/www.electoralcommission.ie\/app\/uploads\/2025\/08\/PostalENG-255x300.png 255w\" sizes=\"auto, (max-width: 340px) 100vw, 340px\" \/><\/figure>\n\n<h2 class=\"wp-block-post-title\">V\u00f3ta a chaitheamh sa phost<\/h2>\n\n<div class=\"wp-block-post-date\"><time datetime=\"2025-08-12T15:33:48+01:00\">12 L\u00fanasa 2025<\/time><\/div><\/div>\n\n\n\n<div class=\"wp-block-uagb-container uagb-block-6c43b343\">\n<div class=\"wp-block-uagb-container is-dlbtn uagb-block-31ceb3c2\">\n<div class=\"wp-block-uagb-advanced-heading uagb-block-d051a7a7\"><p class=\"uagb-heading-text\">Download<\/p><\/div>\n<\/div>\n<\/div>\n<\/div>\n\n<\/li><li class=\"wp-block-post post-14240 post type-post status-publish format-standard has-post-thumbnail hentry category-foilseachain category-oideachas category-uncategorized-ga\">\n\n<div class=\"wp-block-uagb-container h-100 uagb-block-1f5980d7\">\n<div class=\"wp-block-uagb-container position-static uagb-block-9ee833ac\"><figure class=\"position-static wp-block-post-featured-image\"><img loading=\"lazy\" decoding=\"async\" width=\"340\" height=\"400\" src=\"https:\/\/www.electoralcommission.ie\/app\/uploads\/2025\/08\/RegisterGA.png\" class=\"attachment-post-thumbnail size-post-thumbnail wp-post-image\" alt=\"\" style=\"object-fit:cover;\" srcset=\"https:\/\/www.electoralcommission.ie\/app\/uploads\/2025\/08\/RegisterGA.png 340w, https:\/\/www.electoralcommission.ie\/app\/uploads\/2025\/08\/RegisterGA-255x300.png 255w\" sizes=\"auto, (max-width: 340px) 100vw, 340px\" \/><\/figure>\n\n<h2 class=\"wp-block-post-title\">Cl\u00e1raighle V\u00f3t\u00e1il!<\/h2>\n\n<div class=\"wp-block-post-date\"><time datetime=\"2025-08-12T15:31:11+01:00\">12 L\u00fanasa 2025<\/time><\/div><\/div>\n\n\n\n<div class=\"wp-block-uagb-container uagb-block-6c43b343\">\n<div class=\"wp-block-uagb-container is-dlbtn uagb-block-31ceb3c2\">\n<div class=\"wp-block-uagb-advanced-heading uagb-block-d051a7a7\"><p class=\"uagb-heading-text\">Download<\/p><\/div>\n<\/div>\n<\/div>\n<\/div>\n\n<\/li><li class=\"wp-block-post post-14188 post type-post status-publish format-standard has-post-thumbnail hentry category-foilseachain category-oideachas\">\n\n<div class=\"wp-block-uagb-container h-100 uagb-block-1f5980d7\">\n<div class=\"wp-block-uagb-container position-static uagb-block-9ee833ac\"><figure class=\"position-static wp-block-post-featured-image\"><img loading=\"lazy\" decoding=\"async\" width=\"589\" height=\"781\" src=\"https:\/\/www.electoralcommission.ie\/app\/uploads\/2025\/08\/ETR-GA-Cover.png\" class=\"attachment-post-thumbnail size-post-thumbnail wp-post-image\" alt=\"\" style=\"object-fit:cover;\" srcset=\"https:\/\/www.electoralcommission.ie\/app\/uploads\/2025\/08\/ETR-GA-Cover.png 589w, https:\/\/www.electoralcommission.ie\/app\/uploads\/2025\/08\/ETR-GA-Cover-226x300.png 226w\" sizes=\"auto, (max-width: 589px) 100vw, 589px\" \/><\/figure>\n\n<h2 class=\"wp-block-post-title\">Toghch\u00e1n anUachtar\u00e1in &#8211; Treoir \u00c9asca le L\u00e9amh<\/h2>\n\n<div class=\"wp-block-post-date\"><time datetime=\"2025-08-08T15:19:19+01:00\">8 L\u00fanasa 2025<\/time><\/div><\/div>\n\n\n\n<div class=\"wp-block-uagb-container uagb-block-6c43b343\">\n<div class=\"wp-block-uagb-container is-dlbtn uagb-block-31ceb3c2\">\n<div class=\"wp-block-uagb-advanced-heading uagb-block-d051a7a7\"><p class=\"uagb-heading-text\">Download<\/p><\/div>\n<\/div>\n<\/div>\n<\/div>\n\n<\/li><li class=\"wp-block-post post-11588 post type-post status-publish format-standard has-post-thumbnail hentry category-foilseachain category-oideachas\">\n\n<div class=\"wp-block-uagb-container h-100 uagb-block-1f5980d7\">\n<div class=\"wp-block-uagb-container position-static uagb-block-9ee833ac\"><figure class=\"position-static wp-block-post-featured-image\"><img loading=\"lazy\" decoding=\"async\" width=\"340\" height=\"400\" src=\"https:\/\/www.electoralcommission.ie\/app\/uploads\/2024\/11\/An-tOlltoghchan.png\" class=\"attachment-post-thumbnail size-post-thumbnail wp-post-image\" alt=\"An tOlltoghch\u00e1n Treoir \u00c9asca le L\u00e9amh\" style=\"object-fit:cover;\" srcset=\"https:\/\/www.electoralcommission.ie\/app\/uploads\/2024\/11\/An-tOlltoghchan.png 340w, https:\/\/www.electoralcommission.ie\/app\/uploads\/2024\/11\/An-tOlltoghchan-255x300.png 255w\" sizes=\"auto, (max-width: 340px) 100vw, 340px\" \/><\/figure>\n\n<h2 class=\"wp-block-post-title\">An tOlltoghch\u00e1n Treoir \u00c9asca le L\u00e9amh<\/h2>\n\n<div class=\"wp-block-post-date\"><time datetime=\"2024-11-04T16:58:13+00:00\">4 na Samhna 2024<\/time><\/div><\/div>\n\n\n\n<div class=\"wp-block-uagb-container uagb-block-6c43b343\">\n<div class=\"wp-block-uagb-container is-dlbtn uagb-block-31ceb3c2\">\n<div class=\"wp-block-uagb-advanced-heading uagb-block-d051a7a7\"><p class=\"uagb-heading-text\">Download<\/p><\/div>\n<\/div>\n<\/div>\n<\/div>\n\n<\/li><li class=\"wp-block-post post-11584 post type-post status-publish format-standard has-post-thumbnail hentry category-foilseachain category-oideachas\">\n\n<div class=\"wp-block-uagb-container h-100 uagb-block-1f5980d7\">\n<div class=\"wp-block-uagb-container position-static uagb-block-9ee833ac\"><figure class=\"position-static wp-block-post-featured-image\"><img loading=\"lazy\" decoding=\"async\" width=\"340\" height=\"400\" src=\"https:\/\/www.electoralcommission.ie\/app\/uploads\/2024\/11\/Conas-Clarulevotail.png\" class=\"attachment-post-thumbnail size-post-thumbnail wp-post-image\" alt=\"Conas Cl\u00e1r\u00fa le V\u00f3t\u00e1il\" style=\"object-fit:cover;\" srcset=\"https:\/\/www.electoralcommission.ie\/app\/uploads\/2024\/11\/Conas-Clarulevotail.png 340w, https:\/\/www.electoralcommission.ie\/app\/uploads\/2024\/11\/Conas-Clarulevotail-255x300.png 255w\" sizes=\"auto, (max-width: 340px) 100vw, 340px\" \/><\/figure>\n\n<h2 class=\"wp-block-post-title\">Conas Cl\u00e1r\u00fa le V\u00f3t\u00e1il Treoir \u00c9asca<\/h2>\n\n<div class=\"wp-block-post-date\"><time datetime=\"2024-11-04T16:52:57+00:00\">4 na Samhna 2024<\/time><\/div><\/div>\n\n\n\n<div class=\"wp-block-uagb-container uagb-block-6c43b343\">\n<div class=\"wp-block-uagb-container is-dlbtn uagb-block-31ceb3c2\">\n<div class=\"wp-block-uagb-advanced-heading uagb-block-d051a7a7\"><p class=\"uagb-heading-text\">Download<\/p><\/div>\n<\/div>\n<\/div>\n<\/div>\n\n<\/li><\/ul>\n\n<\/div>\n<\/div>\n<\/div>\n","protected":false},"excerpt":{"rendered":"","protected":false},"author":17,"featured_media":0,"parent":5401,"menu_order":0,"comment_status":"closed","ping_status":"closed","template":"","meta":{"_acf_changed":false,"_relevanssi_hide_post":"","_relevanssi_hide_content":"","_relevanssi_pin_for_all":"","_relevanssi_pin_keywords":"","_relevanssi_unpin_keywords":"","_relevanssi_related_keywords":"","_relevanssi_related_include_ids":"","_relevanssi_related_exclude_ids":"","_relevanssi_related_no_append":"","_relevanssi_related_not_related":"","_relevanssi_related_posts":"9475,9790,11584,9788,10834,9782","_relevanssi_noindex_reason":"","_uag_custom_page_level_css":"","footnotes":""},"class_list":["post-11603","page","type-page","status-publish","hentry"],"acf":[],"yoast_head":"<!-- This site is optimized with the Yoast SEO plugin v27.5 - https:\/\/yoast.com\/product\/yoast-seo-wordpress\/ -->\n<title>Oideachas - Coimisi\u00fan Toghch\u00e1in<\/title>\n<meta name=\"robots\" content=\"index, follow, max-snippet:-1, max-image-preview:large, max-video-preview:-1\" \/>\n<link rel=\"canonical\" href=\"https:\/\/www.electoralcommission.ie\/ga\/foilseachain\/oideachas\/\" \/>\n<meta property=\"og:locale\" content=\"ga_IE\" \/>\n<meta property=\"og:type\" content=\"article\" \/>\n<meta property=\"og:title\" content=\"Oideachas - Coimisi\u00fan Toghch\u00e1in\" \/>\n<meta property=\"og:url\" content=\"https:\/\/www.electoralcommission.ie\/ga\/foilseachain\/oideachas\/\" \/>\n<meta property=\"og:site_name\" content=\"Coimisi\u00fan Toghch\u00e1in\" \/>\n<meta property=\"article:modified_time\" content=\"2024-11-04T20:50:22+00:00\" \/>\n<meta name=\"twitter:card\" content=\"summary_large_image\" \/>\n<meta name=\"twitter:label1\" content=\"Est. reading time\" \/>\n\t<meta name=\"twitter:data1\" content=\"1 minute\" \/>\n<script type=\"application\/ld+json\" class=\"yoast-schema-graph\">{\"@context\":\"https:\\\/\\\/schema.org\",\"@graph\":[{\"@type\":\"WebPage\",\"@id\":\"https:\\\/\\\/www.electoralcommission.ie\\\/ga\\\/foilseachain\\\/oideachas\\\/\",\"url\":\"https:\\\/\\\/www.electoralcommission.ie\\\/ga\\\/foilseachain\\\/oideachas\\\/\",\"name\":\"Oideachas - Coimisi\u00fan Toghch\u00e1in\",\"isPartOf\":{\"@id\":\"https:\\\/\\\/www.electoralcommission.ie\\\/ga\\\/#website\"},\"datePublished\":\"2024-11-04T20:07:40+00:00\",\"dateModified\":\"2024-11-04T20:50:22+00:00\",\"breadcrumb\":{\"@id\":\"https:\\\/\\\/www.electoralcommission.ie\\\/ga\\\/foilseachain\\\/oideachas\\\/#breadcrumb\"},\"inLanguage\":\"ga-IE\",\"potentialAction\":[{\"@type\":\"ReadAction\",\"target\":[\"https:\\\/\\\/www.electoralcommission.ie\\\/ga\\\/foilseachain\\\/oideachas\\\/\"]}]},{\"@type\":\"BreadcrumbList\",\"@id\":\"https:\\\/\\\/www.electoralcommission.ie\\\/ga\\\/foilseachain\\\/oideachas\\\/#breadcrumb\",\"itemListElement\":[{\"@type\":\"ListItem\",\"position\":1,\"name\":\"Baile\",\"item\":\"https:\\\/\\\/www.electoralcommission.ie\\\/ga\\\/\"},{\"@type\":\"ListItem\",\"position\":2,\"name\":\"Foilseach\u00e1in\",\"item\":\"https:\\\/\\\/www.electoralcommission.ie\\\/ga\\\/foilseachain\\\/\"},{\"@type\":\"ListItem\",\"position\":3,\"name\":\"Oideachas\"}]},{\"@type\":\"WebSite\",\"@id\":\"https:\\\/\\\/www.electoralcommission.ie\\\/ga\\\/#website\",\"url\":\"https:\\\/\\\/www.electoralcommission.ie\\\/ga\\\/\",\"name\":\"Coimisi\u00fan Toghch\u00e1in\",\"description\":\"Ireland&#039;s Statutory, Independent Electoral Commission\",\"potentialAction\":[{\"@type\":\"SearchAction\",\"target\":{\"@type\":\"EntryPoint\",\"urlTemplate\":\"https:\\\/\\\/www.electoralcommission.ie\\\/ga\\\/?s={search_term_string}\"},\"query-input\":{\"@type\":\"PropertyValueSpecification\",\"valueRequired\":true,\"valueName\":\"search_term_string\"}}],\"inLanguage\":\"ga-IE\"}]}<\/script>\n<!-- \/ Yoast SEO plugin. -->","yoast_head_json":{"title":"Oideachas - Coimisi\u00fan Toghch\u00e1in","robots":{"index":"index","follow":"follow","max-snippet":"max-snippet:-1","max-image-preview":"max-image-preview:large","max-video-preview":"max-video-preview:-1"},"canonical":"https:\/\/www.electoralcommission.ie\/ga\/foilseachain\/oideachas\/","og_locale":"ga_IE","og_type":"article","og_title":"Oideachas - Coimisi\u00fan Toghch\u00e1in","og_url":"https:\/\/www.electoralcommission.ie\/ga\/foilseachain\/oideachas\/","og_site_name":"Coimisi\u00fan Toghch\u00e1in","article_modified_time":"2024-11-04T20:50:22+00:00","twitter_card":"summary_large_image","twitter_misc":{"Est. reading time":"1 minute"},"schema":{"@context":"https:\/\/schema.org","@graph":[{"@type":"WebPage","@id":"https:\/\/www.electoralcommission.ie\/ga\/foilseachain\/oideachas\/","url":"https:\/\/www.electoralcommission.ie\/ga\/foilseachain\/oideachas\/","name":"Oideachas - Coimisi\u00fan Toghch\u00e1in","isPartOf":{"@id":"https:\/\/www.electoralcommission.ie\/ga\/#website"},"datePublished":"2024-11-04T20:07:40+00:00","dateModified":"2024-11-04T20:50:22+00:00","breadcrumb":{"@id":"https:\/\/www.electoralcommission.ie\/ga\/foilseachain\/oideachas\/#breadcrumb"},"inLanguage":"ga-IE","potentialAction":[{"@type":"ReadAction","target":["https:\/\/www.electoralcommission.ie\/ga\/foilseachain\/oideachas\/"]}]},{"@type":"BreadcrumbList","@id":"https:\/\/www.electoralcommission.ie\/ga\/foilseachain\/oideachas\/#breadcrumb","itemListElement":[{"@type":"ListItem","position":1,"name":"Baile","item":"https:\/\/www.electoralcommission.ie\/ga\/"},{"@type":"ListItem","position":2,"name":"Foilseach\u00e1in","item":"https:\/\/www.electoralcommission.ie\/ga\/foilseachain\/"},{"@type":"ListItem","position":3,"name":"Oideachas"}]},{"@type":"WebSite","@id":"https:\/\/www.electoralcommission.ie\/ga\/#website","url":"https:\/\/www.electoralcommission.ie\/ga\/","name":"Coimisi\u00fan Toghch\u00e1in","description":"Ireland&#039;s Statutory, Independent Electoral Commission","potentialAction":[{"@type":"SearchAction","target":{"@type":"EntryPoint","urlTemplate":"https:\/\/www.electoralcommission.ie\/ga\/?s={search_term_string}"},"query-input":{"@type":"PropertyValueSpecification","valueRequired":true,"valueName":"search_term_string"}}],"inLanguage":"ga-IE"}]}},"uagb_featured_image_src":{"full":false,"thumbnail":false,"medium":false,"medium_large":false,"large":false,"1536x1536":false,"2048x2048":false,"gform-image-choice-sm":false,"gform-image-choice-md":false,"gform-image-choice-lg":false},"uagb_author_info":{"display_name":"Felippe","author_link":"https:\/\/www.electoralcommission.ie\/ga\/author\/felippe\/"},"uagb_comment_info":0,"uagb_excerpt":null,"_links":{"self":[{"href":"https:\/\/www.electoralcommission.ie\/ga\/wp-json\/wp\/v2\/pages\/11603","targetHints":{"allow":["GET"]}}],"collection":[{"href":"https:\/\/www.electoralcommission.ie\/ga\/wp-json\/wp\/v2\/pages"}],"about":[{"href":"https:\/\/www.electoralcommission.ie\/ga\/wp-json\/wp\/v2\/types\/page"}],"author":[{"embeddable":true,"href":"https:\/\/www.electoralcommission.ie\/ga\/wp-json\/wp\/v2\/users\/17"}],"replies":[{"embeddable":true,"href":"https:\/\/www.electoralcommission.ie\/ga\/wp-json\/wp\/v2\/comments?post=11603"}],"version-history":[{"count":3,"href":"https:\/\/www.electoralcommission.ie\/ga\/wp-json\/wp\/v2\/pages\/11603\/revisions"}],"predecessor-version":[{"id":11619,"href":"https:\/\/www.electoralcommission.ie\/ga\/wp-json\/wp\/v2\/pages\/11603\/revisions\/11619"}],"up":[{"embeddable":true,"href":"https:\/\/www.electoralcommission.ie\/ga\/wp-json\/wp\/v2\/pages\/5401"}],"wp:attachment":[{"href":"https:\/\/www.electoralcommission.ie\/ga\/wp-json\/wp\/v2\/media?parent=11603"}],"curies":[{"name":"wp","href":"https:\/\/api.w.org\/{rel}","templated":true}]}}