
{"id":11640,"date":"2024-11-05T10:08:50","date_gmt":"2024-11-05T10:08:50","guid":{"rendered":"https:\/\/www.electoralcommission.ie\/ceard-a-theastaionn-chun-vota-a-chaitheamh\/"},"modified":"2025-09-29T16:57:09","modified_gmt":"2025-09-29T15:57:09","slug":"ceard-a-theastaionn-chun-vota-a-chaitheamh","status":"publish","type":"page","link":"https:\/\/www.electoralcommission.ie\/ga\/ceard-a-theastaionn-chun-vota-a-chaitheamh\/","title":{"rendered":"C\u00e9ard a theasta\u00edonn chun v\u00f3ta a chaitheamh?"},"content":{"rendered":"\n<p>Tabhair leat foirm bhail\u00ed de chruth\u00fanas aitheantais chuig do st\u00e1isi\u00fan v\u00f3t\u00e1la ainmnithe agus m\u00e1 t\u00e1 t\u00fa ar an gcl\u00e1r, beidh t\u00fa in ann v\u00f3ta a chaitheamh.<\/p>\n\n\n\n<p>N\u00ed g\u00e1 duit do ch\u00e1rta faisn\u00e9ise v\u00f3ta\u00edochta a thabhairt leat chun v\u00f3ta a chaitheamh, ach caithfidh t\u00fa cruth\u00fanas bail\u00ed aitheantais a thabhairt leat. Is f\u00e9idir leat d\u2019aitheantas a chruth\u00fa le ceann ar bith de na c\u00e1ip\u00e9is\u00ed aitheantais seo:<\/p>\n\n\n\n<ul class=\"wp-block-list\">\n<li>pas;<\/li>\n\n\n\n<li>cead\u00fanas tiom\u00e1na;<\/li>\n\n\n\n<li>c\u00e1rta aitheantais oibre ar a bhfuil grianghraf;<\/li>\n\n\n\n<li>c\u00e1rta aitheantais scol\u00e1ire a d\u2019eisigh institi\u00faid oideachais agus ar a bhfuil grianghraf;<\/li>\n\n\n\n<li>c\u00e1ip\u00e9is taistil ar a bhfuil ainm agus grianghraf;<\/li>\n\n\n\n<li>leabhar Bainc, Coigiltis N\u00f3 Comhair Creidmheasa ar a bhfuil do sheoladh sa toghcheantar;<\/li>\n\n\n\n<li>C\u00e1rta Seirbh\u00eds\u00ed Poibl\u00ed.<\/li>\n<\/ul>\n\n\n\n<p>n\u00f3 ceann d\u00edobh seo a leanas i dteannta c\u00e1ip\u00e9is eile ina l\u00e9ir\u00edtear seoladh an tsealbh\u00f3ra sa toghcheantar:<\/p>\n\n\n\n<ul class=\"wp-block-list\">\n<li>leabhar seiceanna;<\/li>\n\n\n\n<li>c\u00e1rta dochair;<\/li>\n\n\n\n<li>c\u00e1rta creidmheasa;<\/li>\n\n\n\n<li>deimhni\u00fa breithe;<\/li>\n\n\n\n<li>deimhni\u00fa p\u00f3sta<\/li>\n<\/ul>\n\n\n\n<p>Nuair at\u00e1 v\u00f3ta \u00e1 chaitheamh agat sna toghch\u00e1in seo, caithfidh t\u00fa a bheith aireach agus a chinnti\u00fa go l\u00edontar do bhall\u00f3id i gceart ionas go gcomhairfear do v\u00f3ta. T\u00e1 tuilleadh eolais ar \u00e1r leathanach faoi<a href=\"https:\/\/www.electoralcommission.ie\/ga\/conas-vota-a-chaitheamh\/\">&nbsp;v\u00f3ta a chaitheamh.<\/a><\/p>\n\n\n\n<div style=\"height:27px\" aria-hidden=\"true\" class=\"wp-block-spacer\"><\/div>\n\n\n\n<div class=\"wp-block-uagb-advanced-heading uagb-block-522a3c43\"><h2 class=\"uagb-heading-text\">C\u00e1 bhfaighidh m\u00e9 sonra\u00ed mo st\u00e1isi\u00fain v\u00f3t\u00e1la?<\/h2><div class=\"uagb-separator\"><\/div><\/div>\n\n\n\n<p>Nuair at\u00e1 t\u00fa cl\u00e1raithe le v\u00f3ta a chaitheamh, agus m\u00e1 chomhl\u00edonann t\u00fa&nbsp;<a href=\"https:\/\/www.electoralcommission.ie\/ga\/cailitheacht-votalai\/\">na crit\u00e9ir inch\u00e1ilitheachta chun v\u00f3t\u00e1il<\/a>&nbsp;i dtoghch\u00e1in na h\u00c9ireann, seolfar c\u00e1rta faisn\u00e9ise v\u00f3ta\u00edochta chuig do sheoladh baile cl\u00e1raithe roimh l\u00e1 na v\u00f3t\u00e1la.<\/p>\n\n\n\n<p>Is minic a \u00fas\u00e1idtear scoileanna \u00e1iti\u00fala n\u00f3 foirgnimh pobail at\u00e1 gar do do sheoladh cl\u00e1raithe mar st\u00e1isi\u00fain v\u00f3t\u00e1la.<br>Mura bhfaighidh t\u00fa c\u00e1rta faisn\u00e9ise v\u00f3ta\u00edochta, n\u00ed fh\u00e1gann sin nach f\u00e9idir leat v\u00f3ta a chaitheamh. F\u00e9adfaidh t\u00fa <a href=\"https:\/\/www.checktheregister.ie\/\">www.checktheregister.ie<\/a> a \u00fas\u00e1id n\u00f3 is f\u00e9idir leat glaoch a chur ar d\u2019\u00fadar\u00e1s \u00e1iti\u00fail chun seice\u00e1il an bhfuil t\u00fa ar an gcl\u00e1r, agus c\u00e1 bhfuil do st\u00e1isi\u00fan v\u00f3t\u00e1la.<\/p>\n\n\n\n<p>N\u00ed f\u00e9idir leat v\u00f3ta a chaitheamh ach i do st\u00e1isi\u00fan v\u00f3t\u00e1la ainmnithe.<\/p>\n\n\n\n<figure class=\"wp-block-image size-large\"><img loading=\"lazy\" decoding=\"async\" width=\"1024\" height=\"688\" src=\"https:\/\/www.electoralcommission.ie\/app\/uploads\/2025\/09\/Polling-Card-Mock-Up-1-1024x688.jpg\" alt=\"arta Faisneise V6taiochta \/ Polling Information Card \nMura seachadtar an carta, cuirtear ar ais e chuig: \nIf undelivered, please return to: Local Authority Office, Co. Dublin, Eircode\n\n\" class=\"wp-image-14623\" srcset=\"https:\/\/www.electoralcommission.ie\/app\/uploads\/2025\/09\/Polling-Card-Mock-Up-1-1024x688.jpg 1024w, https:\/\/www.electoralcommission.ie\/app\/uploads\/2025\/09\/Polling-Card-Mock-Up-1-300x201.jpg 300w, https:\/\/www.electoralcommission.ie\/app\/uploads\/2025\/09\/Polling-Card-Mock-Up-1-768x516.jpg 768w, https:\/\/www.electoralcommission.ie\/app\/uploads\/2025\/09\/Polling-Card-Mock-Up-1-1536x1031.jpg 1536w, https:\/\/www.electoralcommission.ie\/app\/uploads\/2025\/09\/Polling-Card-Mock-Up-1-2048x1375.jpg 2048w\" sizes=\"auto, (max-width: 1024px) 100vw, 1024px\" \/><\/figure>\n\n\n\n<figure class=\"wp-block-image size-large\"><img loading=\"lazy\" decoding=\"async\" width=\"1024\" height=\"688\" src=\"https:\/\/www.electoralcommission.ie\/app\/uploads\/2025\/09\/Polling-Card-Mock-Up-2-1024x688.jpg\" alt=\"Evidence of your identity \nYou may be asked to prove your identity at the polling station. If you don't, you may not be permitted to vote. You must be able to show one of the following documents at the polling station so bring one of the following with you: \" class=\"wp-image-14621\" srcset=\"https:\/\/www.electoralcommission.ie\/app\/uploads\/2025\/09\/Polling-Card-Mock-Up-2-1024x688.jpg 1024w, https:\/\/www.electoralcommission.ie\/app\/uploads\/2025\/09\/Polling-Card-Mock-Up-2-300x201.jpg 300w, https:\/\/www.electoralcommission.ie\/app\/uploads\/2025\/09\/Polling-Card-Mock-Up-2-768x516.jpg 768w, https:\/\/www.electoralcommission.ie\/app\/uploads\/2025\/09\/Polling-Card-Mock-Up-2-1536x1031.jpg 1536w, https:\/\/www.electoralcommission.ie\/app\/uploads\/2025\/09\/Polling-Card-Mock-Up-2-2048x1375.jpg 2048w\" sizes=\"auto, (max-width: 1024px) 100vw, 1024px\" \/><\/figure>\n\n\n\n<p>Beidh an m\u00e9id seo a leanas ar an gc\u00e1rta faisn\u00e9ise v\u00f3ta\u00edochta: d\u2019uimhir thoghth\u00f3ra, ainm an st\u00e1isi\u00fain v\u00f3t\u00e1la ina gcaithfidh t\u00fa v\u00f3ta, r\u00e1iteas foirmi\u00fail ina m\u00edneofar c\u00e9n toghch\u00e1n n\u00f3 reifreann ina gcaithfidh t\u00fa v\u00f3ta; agus am oscailte agus am d\u00fanta do st\u00e1isi\u00fain v\u00f3t\u00e1la.&nbsp;<\/p>\n\n\n\n<p>Nuair at\u00e1 v\u00f3ta \u00e1 chaitheamh agat sna toghch\u00e1in seo, caithfidh t\u00fa a bheith aireach agus a chinnti\u00fa go l\u00edontar do bhall\u00f3id i gceart ionas go gcomhairfear do v\u00f3ta. T\u00e1 tuilleadh eolais ar \u00e1r leathanach faoi&nbsp;<a href=\"https:\/\/www.electoralcommission.ie\/ga\/conas-vota-a-chaitheamh\/\">v\u00f3ta a chaitheamh<\/a>.<\/p>\n","protected":false},"excerpt":{"rendered":"<p>Tabhair leat foirm bhail\u00ed de chruth\u00fanas aitheantais chuig do st\u00e1isi\u00fan v\u00f3t\u00e1la ainmnithe agus m\u00e1 t\u00e1 t\u00fa ar an gcl\u00e1r, beidh t\u00fa in ann v\u00f3ta a chaitheamh. N\u00ed g\u00e1 duit do ch\u00e1rta faisn\u00e9ise v\u00f3ta\u00edochta a thabhairt leat chun v\u00f3ta a chaitheamh, ach caithfidh t\u00fa cruth\u00fanas bail\u00ed aitheantais a thabhairt leat. Is f\u00e9idir leat d\u2019aitheantas a chruth\u00fa &hellip; <a href=\"https:\/\/www.electoralcommission.ie\/ga\/ceard-a-theastaionn-chun-vota-a-chaitheamh\/\">Continued<\/a><\/p>\n","protected":false},"author":17,"featured_media":11659,"parent":0,"menu_order":0,"comment_status":"closed","ping_status":"closed","template":"","meta":{"_acf_changed":false,"_relevanssi_hide_post":"","_relevanssi_hide_content":"","_relevanssi_pin_for_all":"","_relevanssi_pin_keywords":"","_relevanssi_unpin_keywords":"","_relevanssi_related_keywords":"","_relevanssi_related_include_ids":"","_relevanssi_related_exclude_ids":"","_relevanssi_related_no_append":"","_relevanssi_related_not_related":"","_relevanssi_related_posts":"10298,10109,11320,9475,10848,9578","_relevanssi_noindex_reason":"","_uag_custom_page_level_css":"","footnotes":""},"class_list":["post-11640","page","type-page","status-publish","has-post-thumbnail","hentry"],"acf":[],"yoast_head":"<!-- This site is optimized with the Yoast SEO plugin v27.5 - https:\/\/yoast.com\/product\/yoast-seo-wordpress\/ -->\n<title>C\u00e9ard a theasta\u00edonn chun v\u00f3ta a chaitheamh? - Coimisi\u00fan Toghch\u00e1in<\/title>\n<meta name=\"robots\" content=\"index, follow, max-snippet:-1, max-image-preview:large, max-video-preview:-1\" \/>\n<link rel=\"canonical\" href=\"https:\/\/www.electoralcommission.ie\/ga\/ceard-a-theastaionn-chun-vota-a-chaitheamh\/\" \/>\n<meta property=\"og:locale\" content=\"ga_IE\" \/>\n<meta property=\"og:type\" content=\"article\" \/>\n<meta property=\"og:title\" content=\"C\u00e9ard a theasta\u00edonn chun v\u00f3ta a chaitheamh? - Coimisi\u00fan Toghch\u00e1in\" \/>\n<meta property=\"og:description\" content=\"Tabhair leat foirm bhail\u00ed de chruth\u00fanas aitheantais chuig do st\u00e1isi\u00fan v\u00f3t\u00e1la ainmnithe agus m\u00e1 t\u00e1 t\u00fa ar an gcl\u00e1r, beidh t\u00fa in ann v\u00f3ta a chaitheamh. N\u00ed g\u00e1 duit do ch\u00e1rta faisn\u00e9ise v\u00f3ta\u00edochta a thabhairt leat chun v\u00f3ta a chaitheamh, ach caithfidh t\u00fa cruth\u00fanas bail\u00ed aitheantais a thabhairt leat. Is f\u00e9idir leat d\u2019aitheantas a chruth\u00fa &hellip; Continued\" \/>\n<meta property=\"og:url\" content=\"https:\/\/www.electoralcommission.ie\/ga\/ceard-a-theastaionn-chun-vota-a-chaitheamh\/\" \/>\n<meta property=\"og:site_name\" content=\"Coimisi\u00fan Toghch\u00e1in\" \/>\n<meta property=\"article:modified_time\" content=\"2025-09-29T15:57:09+00:00\" \/>\n<meta property=\"og:image\" content=\"https:\/\/cdn.electoralcommission.ie\/app\/uploads\/2024\/11\/05133242\/IDimage.png\" \/>\n\t<meta property=\"og:image:width\" content=\"1505\" \/>\n\t<meta property=\"og:image:height\" content=\"737\" \/>\n\t<meta property=\"og:image:type\" content=\"image\/png\" \/>\n<meta name=\"twitter:card\" content=\"summary_large_image\" \/>\n<meta name=\"twitter:label1\" content=\"Est. reading time\" \/>\n\t<meta name=\"twitter:data1\" content=\"3 minutes\" \/>\n<script type=\"application\/ld+json\" class=\"yoast-schema-graph\">{\"@context\":\"https:\\\/\\\/schema.org\",\"@graph\":[{\"@type\":\"WebPage\",\"@id\":\"https:\\\/\\\/www.electoralcommission.ie\\\/ga\\\/ceard-a-theastaionn-chun-vota-a-chaitheamh\\\/\",\"url\":\"https:\\\/\\\/www.electoralcommission.ie\\\/ga\\\/ceard-a-theastaionn-chun-vota-a-chaitheamh\\\/\",\"name\":\"C\u00e9ard a theasta\u00edonn chun v\u00f3ta a chaitheamh? - Coimisi\u00fan Toghch\u00e1in\",\"isPartOf\":{\"@id\":\"https:\\\/\\\/www.electoralcommission.ie\\\/ga\\\/#website\"},\"primaryImageOfPage\":{\"@id\":\"https:\\\/\\\/www.electoralcommission.ie\\\/ga\\\/ceard-a-theastaionn-chun-vota-a-chaitheamh\\\/#primaryimage\"},\"image\":{\"@id\":\"https:\\\/\\\/www.electoralcommission.ie\\\/ga\\\/ceard-a-theastaionn-chun-vota-a-chaitheamh\\\/#primaryimage\"},\"thumbnailUrl\":\"https:\\\/\\\/www.electoralcommission.ie\\\/app\\\/uploads\\\/2024\\\/11\\\/IDimage.png\",\"datePublished\":\"2024-11-05T10:08:50+00:00\",\"dateModified\":\"2025-09-29T15:57:09+00:00\",\"breadcrumb\":{\"@id\":\"https:\\\/\\\/www.electoralcommission.ie\\\/ga\\\/ceard-a-theastaionn-chun-vota-a-chaitheamh\\\/#breadcrumb\"},\"inLanguage\":\"ga-IE\",\"potentialAction\":[{\"@type\":\"ReadAction\",\"target\":[\"https:\\\/\\\/www.electoralcommission.ie\\\/ga\\\/ceard-a-theastaionn-chun-vota-a-chaitheamh\\\/\"]}]},{\"@type\":\"ImageObject\",\"inLanguage\":\"ga-IE\",\"@id\":\"https:\\\/\\\/www.electoralcommission.ie\\\/ga\\\/ceard-a-theastaionn-chun-vota-a-chaitheamh\\\/#primaryimage\",\"url\":\"https:\\\/\\\/www.electoralcommission.ie\\\/app\\\/uploads\\\/2024\\\/11\\\/IDimage.png\",\"contentUrl\":\"https:\\\/\\\/www.electoralcommission.ie\\\/app\\\/uploads\\\/2024\\\/11\\\/IDimage.png\",\"width\":1505,\"height\":737,\"caption\":\"Image of ID being handed to polling staff.\"},{\"@type\":\"BreadcrumbList\",\"@id\":\"https:\\\/\\\/www.electoralcommission.ie\\\/ga\\\/ceard-a-theastaionn-chun-vota-a-chaitheamh\\\/#breadcrumb\",\"itemListElement\":[{\"@type\":\"ListItem\",\"position\":1,\"name\":\"Baile\",\"item\":\"https:\\\/\\\/www.electoralcommission.ie\\\/ga\\\/\"},{\"@type\":\"ListItem\",\"position\":2,\"name\":\"C\u00e9ard a theasta\u00edonn chun v\u00f3ta a chaitheamh?\"}]},{\"@type\":\"WebSite\",\"@id\":\"https:\\\/\\\/www.electoralcommission.ie\\\/ga\\\/#website\",\"url\":\"https:\\\/\\\/www.electoralcommission.ie\\\/ga\\\/\",\"name\":\"Coimisi\u00fan Toghch\u00e1in\",\"description\":\"Ireland&#039;s Statutory, Independent Electoral Commission\",\"potentialAction\":[{\"@type\":\"SearchAction\",\"target\":{\"@type\":\"EntryPoint\",\"urlTemplate\":\"https:\\\/\\\/www.electoralcommission.ie\\\/ga\\\/?s={search_term_string}\"},\"query-input\":{\"@type\":\"PropertyValueSpecification\",\"valueRequired\":true,\"valueName\":\"search_term_string\"}}],\"inLanguage\":\"ga-IE\"}]}<\/script>\n<!-- \/ Yoast SEO plugin. -->","yoast_head_json":{"title":"C\u00e9ard a theasta\u00edonn chun v\u00f3ta a chaitheamh? - Coimisi\u00fan Toghch\u00e1in","robots":{"index":"index","follow":"follow","max-snippet":"max-snippet:-1","max-image-preview":"max-image-preview:large","max-video-preview":"max-video-preview:-1"},"canonical":"https:\/\/www.electoralcommission.ie\/ga\/ceard-a-theastaionn-chun-vota-a-chaitheamh\/","og_locale":"ga_IE","og_type":"article","og_title":"C\u00e9ard a theasta\u00edonn chun v\u00f3ta a chaitheamh? - Coimisi\u00fan Toghch\u00e1in","og_description":"Tabhair leat foirm bhail\u00ed de chruth\u00fanas aitheantais chuig do st\u00e1isi\u00fan v\u00f3t\u00e1la ainmnithe agus m\u00e1 t\u00e1 t\u00fa ar an gcl\u00e1r, beidh t\u00fa in ann v\u00f3ta a chaitheamh. N\u00ed g\u00e1 duit do ch\u00e1rta faisn\u00e9ise v\u00f3ta\u00edochta a thabhairt leat chun v\u00f3ta a chaitheamh, ach caithfidh t\u00fa cruth\u00fanas bail\u00ed aitheantais a thabhairt leat. Is f\u00e9idir leat d\u2019aitheantas a chruth\u00fa &hellip; Continued","og_url":"https:\/\/www.electoralcommission.ie\/ga\/ceard-a-theastaionn-chun-vota-a-chaitheamh\/","og_site_name":"Coimisi\u00fan Toghch\u00e1in","article_modified_time":"2025-09-29T15:57:09+00:00","og_image":[{"width":1505,"height":737,"url":"https:\/\/cdn.electoralcommission.ie\/app\/uploads\/2024\/11\/05133242\/IDimage.png","type":"image\/png"}],"twitter_card":"summary_large_image","twitter_misc":{"Est. reading time":"3 minutes"},"schema":{"@context":"https:\/\/schema.org","@graph":[{"@type":"WebPage","@id":"https:\/\/www.electoralcommission.ie\/ga\/ceard-a-theastaionn-chun-vota-a-chaitheamh\/","url":"https:\/\/www.electoralcommission.ie\/ga\/ceard-a-theastaionn-chun-vota-a-chaitheamh\/","name":"C\u00e9ard a theasta\u00edonn chun v\u00f3ta a chaitheamh? - Coimisi\u00fan Toghch\u00e1in","isPartOf":{"@id":"https:\/\/www.electoralcommission.ie\/ga\/#website"},"primaryImageOfPage":{"@id":"https:\/\/www.electoralcommission.ie\/ga\/ceard-a-theastaionn-chun-vota-a-chaitheamh\/#primaryimage"},"image":{"@id":"https:\/\/www.electoralcommission.ie\/ga\/ceard-a-theastaionn-chun-vota-a-chaitheamh\/#primaryimage"},"thumbnailUrl":"https:\/\/www.electoralcommission.ie\/app\/uploads\/2024\/11\/IDimage.png","datePublished":"2024-11-05T10:08:50+00:00","dateModified":"2025-09-29T15:57:09+00:00","breadcrumb":{"@id":"https:\/\/www.electoralcommission.ie\/ga\/ceard-a-theastaionn-chun-vota-a-chaitheamh\/#breadcrumb"},"inLanguage":"ga-IE","potentialAction":[{"@type":"ReadAction","target":["https:\/\/www.electoralcommission.ie\/ga\/ceard-a-theastaionn-chun-vota-a-chaitheamh\/"]}]},{"@type":"ImageObject","inLanguage":"ga-IE","@id":"https:\/\/www.electoralcommission.ie\/ga\/ceard-a-theastaionn-chun-vota-a-chaitheamh\/#primaryimage","url":"https:\/\/www.electoralcommission.ie\/app\/uploads\/2024\/11\/IDimage.png","contentUrl":"https:\/\/www.electoralcommission.ie\/app\/uploads\/2024\/11\/IDimage.png","width":1505,"height":737,"caption":"Image of ID being handed to polling staff."},{"@type":"BreadcrumbList","@id":"https:\/\/www.electoralcommission.ie\/ga\/ceard-a-theastaionn-chun-vota-a-chaitheamh\/#breadcrumb","itemListElement":[{"@type":"ListItem","position":1,"name":"Baile","item":"https:\/\/www.electoralcommission.ie\/ga\/"},{"@type":"ListItem","position":2,"name":"C\u00e9ard a theasta\u00edonn chun v\u00f3ta a chaitheamh?"}]},{"@type":"WebSite","@id":"https:\/\/www.electoralcommission.ie\/ga\/#website","url":"https:\/\/www.electoralcommission.ie\/ga\/","name":"Coimisi\u00fan Toghch\u00e1in","description":"Ireland&#039;s Statutory, Independent Electoral Commission","potentialAction":[{"@type":"SearchAction","target":{"@type":"EntryPoint","urlTemplate":"https:\/\/www.electoralcommission.ie\/ga\/?s={search_term_string}"},"query-input":{"@type":"PropertyValueSpecification","valueRequired":true,"valueName":"search_term_string"}}],"inLanguage":"ga-IE"}]}},"uagb_featured_image_src":{"full":["https:\/\/www.electoralcommission.ie\/app\/uploads\/2024\/11\/IDimage.png",1505,737,false],"thumbnail":["https:\/\/www.electoralcommission.ie\/app\/uploads\/2024\/11\/IDimage-355x210.png",355,210,true],"medium":["https:\/\/www.electoralcommission.ie\/app\/uploads\/2024\/11\/IDimage-300x147.png",300,147,true],"medium_large":["https:\/\/www.electoralcommission.ie\/app\/uploads\/2024\/11\/IDimage-768x376.png",768,376,true],"large":["https:\/\/www.electoralcommission.ie\/app\/uploads\/2024\/11\/IDimage-1024x501.png",1024,501,true],"1536x1536":["https:\/\/www.electoralcommission.ie\/app\/uploads\/2024\/11\/IDimage.png",1505,737,false],"2048x2048":["https:\/\/www.electoralcommission.ie\/app\/uploads\/2024\/11\/IDimage.png",1505,737,false],"gform-image-choice-sm":["https:\/\/www.electoralcommission.ie\/app\/uploads\/2024\/11\/IDimage.png",300,147,false],"gform-image-choice-md":["https:\/\/www.electoralcommission.ie\/app\/uploads\/2024\/11\/IDimage.png",400,196,false],"gform-image-choice-lg":["https:\/\/www.electoralcommission.ie\/app\/uploads\/2024\/11\/IDimage.png",600,294,false]},"uagb_author_info":{"display_name":"Felippe","author_link":"https:\/\/www.electoralcommission.ie\/ga\/author\/felippe\/"},"uagb_comment_info":0,"uagb_excerpt":"Tabhair leat foirm bhail\u00ed de chruth\u00fanas aitheantais chuig do st\u00e1isi\u00fan v\u00f3t\u00e1la ainmnithe agus m\u00e1 t\u00e1 t\u00fa ar an gcl\u00e1r, beidh t\u00fa in ann v\u00f3ta a chaitheamh. N\u00ed g\u00e1 duit do ch\u00e1rta faisn\u00e9ise v\u00f3ta\u00edochta a thabhairt leat chun v\u00f3ta a chaitheamh, ach caithfidh t\u00fa cruth\u00fanas bail\u00ed aitheantais a thabhairt leat. Is f\u00e9idir leat d\u2019aitheantas a chruth\u00fa&hellip;","_links":{"self":[{"href":"https:\/\/www.electoralcommission.ie\/ga\/wp-json\/wp\/v2\/pages\/11640","targetHints":{"allow":["GET"]}}],"collection":[{"href":"https:\/\/www.electoralcommission.ie\/ga\/wp-json\/wp\/v2\/pages"}],"about":[{"href":"https:\/\/www.electoralcommission.ie\/ga\/wp-json\/wp\/v2\/types\/page"}],"author":[{"embeddable":true,"href":"https:\/\/www.electoralcommission.ie\/ga\/wp-json\/wp\/v2\/users\/17"}],"replies":[{"embeddable":true,"href":"https:\/\/www.electoralcommission.ie\/ga\/wp-json\/wp\/v2\/comments?post=11640"}],"version-history":[{"count":10,"href":"https:\/\/www.electoralcommission.ie\/ga\/wp-json\/wp\/v2\/pages\/11640\/revisions"}],"predecessor-version":[{"id":14628,"href":"https:\/\/www.electoralcommission.ie\/ga\/wp-json\/wp\/v2\/pages\/11640\/revisions\/14628"}],"wp:featuredmedia":[{"embeddable":true,"href":"https:\/\/www.electoralcommission.ie\/ga\/wp-json\/wp\/v2\/media\/11659"}],"wp:attachment":[{"href":"https:\/\/www.electoralcommission.ie\/ga\/wp-json\/wp\/v2\/media?parent=11640"}],"curies":[{"name":"wp","href":"https:\/\/api.w.org\/{rel}","templated":true}]}}