
{"id":12464,"date":"2025-01-31T12:17:42","date_gmt":"2025-01-31T12:17:42","guid":{"rendered":"https:\/\/www.electoralcommission.ie\/comhairliuchan\/"},"modified":"2025-03-26T15:00:08","modified_gmt":"2025-03-26T15:00:08","slug":"chomhairliuchan-ar-straiteis-oideachais-agus-rannphairtiocht","status":"publish","type":"page","link":"https:\/\/www.electoralcommission.ie\/ga\/chomhairliuchan-ar-straiteis-oideachais-agus-rannphairtiocht\/","title":{"rendered":"Comhairli\u00fach\u00e1n ar Strait\u00e9is Oideachais agus Rannph\u00e1irt\u00edocht an Phobail"},"content":{"rendered":"\n<div class=\"wp-block-uagb-advanced-heading uagb-block-17857d72\"><h2 class=\"uagb-heading-text\"><strong>&nbsp;<\/strong><br><strong>Strait\u00e9is Oideachais agus Rannph\u00e1irt\u00edocht an Phobail<\/strong><\/h2><div class=\"uagb-separator\"><\/div><\/div>\n\n\n\n<p>Ba \u00e9 an spriocdh\u00e1ta le haghaidh aighneachta\u00ed don chomhairli\u00fach\u00e1n ar Strait\u00e9is Oideachais agus Rannph\u00e1irt\u00edocht an Phobail D\u00e9 Luain, 24 M\u00e1rta 2025 ag 11:59 i.n.<\/p>\n\n\n\n<p>Mar an Coimisi\u00fan Toghch\u00e1in, coimisi\u00fan neamhsple\u00e1ch toghch\u00e1in na h\u00c9ireann, t\u00e1imid ag ullmh\u00fa Strait\u00e9ise chun iarracht a dh\u00e9anamh daoine a spreagadh le bheith n\u00edos rannph\u00e1irt\u00ed in\u00e1r bpr\u00f3iseas daonlathais. Ba mhaith linn cur leis an obair at\u00e1 ar bun cheana f\u00e9in. Ba mhaith linn oideachas agus eolas a chur ar f\u00e1il faoi phr\u00f3isis toghch\u00e1in agus dhaonlathacha na h\u00c9ireann. Ba mhaith linn go nd\u00e9arfadh daoine linn c\u00e9ard a cheapann siadsan ba cheart a tharl\u00fa. Agus ba mhaith linn go n-inseodh daoine nach gcaitheann v\u00f3ta linn c\u00e9n f\u00e1th nach gcaitheann siad v\u00f3ta.<\/p>\n\n\n\n<figure class=\"wp-block-embed is-type-video is-provider-vimeo wp-block-embed-vimeo wp-embed-aspect-9-16 wp-has-aspect-ratio\"><div class=\"wp-block-embed__wrapper\">\n<iframe loading=\"lazy\" title=\"Comhairli\u00fach\u00e1n Poibl\u00ed ar Strait\u00e9is Oideachais &amp; Rannph\u00e1irt\u00edocht an Phobail \u00f3n gCoimisi\u00fan Toghch\u00e1in\" src=\"https:\/\/player.vimeo.com\/video\/1060104282?dnt=1&amp;app_id=122963\" width=\"422\" height=\"750\" frameborder=\"0\" allow=\"autoplay; fullscreen; picture-in-picture; clipboard-write; encrypted-media\"><\/iframe>\n<\/div><\/figure>\n\n\n\n<p>Ba mhaith linn go n-\u00fas\u00e1idfeadh daoine \u00f3 gach cuid den tsocha\u00ed, \u00f3 gach aicme agus c\u00falra in \u00c9irinn a nguth agus v\u00f3ta a chaitheamh i dtoghch\u00e1in agus reifrinn.<\/p>\n\n\n\n<p>Is cuma m\u00e1 chaith t\u00fa v\u00f3ta i ngach toghch\u00e1n n\u00f3 n\u00e1r chaith t\u00fa v\u00f3ta riamh cheana, ba mhaith linn cloiste\u00e1il uaitse. An bhfuil smaoineamh iontach n\u00f3 simpl\u00ed agat faoin gcaoi a bhf\u00e9adfaimis cabhr\u00fa le daoine a bheith n\u00edos rannph\u00e1irt\u00ed in\u00e1r gc\u00f3ras daonlathach? Ba mhaith linn cloiste\u00e1il uait. Daoine aonair, gr\u00fapa\u00ed, eagra\u00edochta\u00ed, daoine i seomra\u00ed ranga, idir \u00f3g agus aosta agus gach duine idir eatarthu.<\/p>\n\n\n\n<p>T\u00e1 tuilleadh eolais in\u00e1r gc\u00e1ip\u00e9is ch\u00falra.<\/p>\n\n\n\n<div class=\"wp-block-uagb-marketing-button uagb-marketing-btn__align-left uagb-marketing-btn__align-text-center uagb-marketing-btn__icon-after uagb-block-6d81bd8f wp-block-button\"><a href=\"\/ga\/straiteis-oideachais-agus-rannphairtiocht-an-phobail\/\" class=\"uagb-marketing-btn__link wp-block-button__link\" target=\"\" rel=\"noopener noreferrer\"><span class=\"uagb-marketing-btn__title\">T\u00e1 tuilleadh eolais in\u00e1r gc\u00e1ip\u00e9is ch\u00falra<\/span><svg xmlns=\"https:\/\/www.w3.org\/2000\/svg\" viewBox=\"0 0 512 512\"><path d=\"M502.6 278.6l-128 128c-12.51 12.51-32.76 12.49-45.25 0c-12.5-12.5-12.5-32.75 0-45.25L402.8 288H32C14.31 288 0 273.7 0 255.1S14.31 224 32 224h370.8l-73.38-73.38c-12.5-12.5-12.5-32.75 0-45.25s32.75-12.5 45.25 0l128 128C515.1 245.9 515.1 266.1 502.6 278.6z\"><\/path><\/svg><p class=\"uagb-marketing-btn__prefix\"><\/p><\/a><\/div>\n\n\n\n<div style=\"height:32px\" aria-hidden=\"true\" class=\"wp-block-spacer\"><\/div>\n\n\n\n<p><\/p>\n\n\n\n<p><\/p>\n","protected":false},"excerpt":{"rendered":"<p>&nbsp;Strait\u00e9is Oideachais agus Rannph\u00e1irt\u00edocht an Phobail Ba \u00e9 an spriocdh\u00e1ta le haghaidh aighneachta\u00ed don chomhairli\u00fach\u00e1n ar Strait\u00e9is Oideachais agus Rannph\u00e1irt\u00edocht an Phobail D\u00e9 Luain, 24 M\u00e1rta 2025 ag 11:59 i.n. Mar an Coimisi\u00fan Toghch\u00e1in, coimisi\u00fan neamhsple\u00e1ch toghch\u00e1in na h\u00c9ireann, t\u00e1imid ag ullmh\u00fa Strait\u00e9ise chun iarracht a dh\u00e9anamh daoine a spreagadh le bheith n\u00edos rannph\u00e1irt\u00ed in\u00e1r &hellip; <a href=\"https:\/\/www.electoralcommission.ie\/ga\/chomhairliuchan-ar-straiteis-oideachais-agus-rannphairtiocht\/\">Continued<\/a><\/p>\n","protected":false},"author":20,"featured_media":12336,"parent":0,"menu_order":0,"comment_status":"closed","ping_status":"closed","template":"","meta":{"_acf_changed":false,"_relevanssi_hide_post":"","_relevanssi_hide_content":"","_relevanssi_pin_for_all":"","_relevanssi_pin_keywords":"","_relevanssi_unpin_keywords":"","_relevanssi_related_keywords":"","_relevanssi_related_include_ids":"","_relevanssi_related_exclude_ids":"","_relevanssi_related_no_append":"","_relevanssi_related_not_related":"","_relevanssi_related_posts":"9475,6474,5043,11000,5047,11229","_relevanssi_noindex_reason":"","_uag_custom_page_level_css":"","footnotes":""},"class_list":["post-12464","page","type-page","status-publish","has-post-thumbnail","hentry"],"acf":[],"yoast_head":"<!-- This site is optimized with the Yoast SEO plugin v27.4 - https:\/\/yoast.com\/product\/yoast-seo-wordpress\/ -->\n<title>Comhairli\u00fach\u00e1n ar Strait\u00e9is Oideachais agus Rannph\u00e1irt\u00edocht an Phobail - Coimisi\u00fan Toghch\u00e1in<\/title>\n<meta name=\"robots\" content=\"index, follow, max-snippet:-1, max-image-preview:large, max-video-preview:-1\" \/>\n<link rel=\"canonical\" href=\"https:\/\/www.electoralcommission.ie\/ga\/chomhairliuchan-ar-straiteis-oideachais-agus-rannphairtiocht\/\" \/>\n<meta property=\"og:locale\" content=\"ga_IE\" \/>\n<meta property=\"og:type\" content=\"article\" \/>\n<meta property=\"og:title\" content=\"Comhairli\u00fach\u00e1n ar Strait\u00e9is Oideachais agus Rannph\u00e1irt\u00edocht an Phobail - Coimisi\u00fan Toghch\u00e1in\" \/>\n<meta property=\"og:description\" content=\"&nbsp;Strait\u00e9is Oideachais agus Rannph\u00e1irt\u00edocht an Phobail Ba \u00e9 an spriocdh\u00e1ta le haghaidh aighneachta\u00ed don chomhairli\u00fach\u00e1n ar Strait\u00e9is Oideachais agus Rannph\u00e1irt\u00edocht an Phobail D\u00e9 Luain, 24 M\u00e1rta 2025 ag 11:59 i.n. Mar an Coimisi\u00fan Toghch\u00e1in, coimisi\u00fan neamhsple\u00e1ch toghch\u00e1in na h\u00c9ireann, t\u00e1imid ag ullmh\u00fa Strait\u00e9ise chun iarracht a dh\u00e9anamh daoine a spreagadh le bheith n\u00edos rannph\u00e1irt\u00ed in\u00e1r &hellip; Continued\" \/>\n<meta property=\"og:url\" content=\"https:\/\/www.electoralcommission.ie\/ga\/chomhairliuchan-ar-straiteis-oideachais-agus-rannphairtiocht\/\" \/>\n<meta property=\"og:site_name\" content=\"Coimisi\u00fan Toghch\u00e1in\" \/>\n<meta property=\"article:modified_time\" content=\"2025-03-26T15:00:08+00:00\" \/>\n<meta property=\"og:image\" content=\"https:\/\/cdn.electoralcommission.ie\/app\/uploads\/2025\/01\/23130121\/EducationConstultation-2-1024x379.png\" \/>\n\t<meta property=\"og:image:width\" content=\"1024\" \/>\n\t<meta property=\"og:image:height\" content=\"379\" \/>\n\t<meta property=\"og:image:type\" content=\"image\/png\" \/>\n<meta name=\"twitter:card\" content=\"summary_large_image\" \/>\n<meta name=\"twitter:label1\" content=\"Est. reading time\" \/>\n\t<meta name=\"twitter:data1\" content=\"2 minutes\" \/>\n<script type=\"application\/ld+json\" class=\"yoast-schema-graph\">{\"@context\":\"https:\\\/\\\/schema.org\",\"@graph\":[{\"@type\":\"WebPage\",\"@id\":\"https:\\\/\\\/www.electoralcommission.ie\\\/ga\\\/chomhairliuchan-ar-straiteis-oideachais-agus-rannphairtiocht\\\/\",\"url\":\"https:\\\/\\\/www.electoralcommission.ie\\\/ga\\\/chomhairliuchan-ar-straiteis-oideachais-agus-rannphairtiocht\\\/\",\"name\":\"Comhairli\u00fach\u00e1n ar Strait\u00e9is Oideachais agus Rannph\u00e1irt\u00edocht an Phobail - Coimisi\u00fan Toghch\u00e1in\",\"isPartOf\":{\"@id\":\"https:\\\/\\\/www.electoralcommission.ie\\\/ga\\\/#website\"},\"primaryImageOfPage\":{\"@id\":\"https:\\\/\\\/www.electoralcommission.ie\\\/ga\\\/chomhairliuchan-ar-straiteis-oideachais-agus-rannphairtiocht\\\/#primaryimage\"},\"image\":{\"@id\":\"https:\\\/\\\/www.electoralcommission.ie\\\/ga\\\/chomhairliuchan-ar-straiteis-oideachais-agus-rannphairtiocht\\\/#primaryimage\"},\"thumbnailUrl\":\"https:\\\/\\\/www.electoralcommission.ie\\\/app\\\/uploads\\\/2025\\\/01\\\/EducationConstultation-2.png\",\"datePublished\":\"2025-01-31T12:17:42+00:00\",\"dateModified\":\"2025-03-26T15:00:08+00:00\",\"breadcrumb\":{\"@id\":\"https:\\\/\\\/www.electoralcommission.ie\\\/ga\\\/chomhairliuchan-ar-straiteis-oideachais-agus-rannphairtiocht\\\/#breadcrumb\"},\"inLanguage\":\"ga-IE\",\"potentialAction\":[{\"@type\":\"ReadAction\",\"target\":[\"https:\\\/\\\/www.electoralcommission.ie\\\/ga\\\/chomhairliuchan-ar-straiteis-oideachais-agus-rannphairtiocht\\\/\"]}]},{\"@type\":\"ImageObject\",\"inLanguage\":\"ga-IE\",\"@id\":\"https:\\\/\\\/www.electoralcommission.ie\\\/ga\\\/chomhairliuchan-ar-straiteis-oideachais-agus-rannphairtiocht\\\/#primaryimage\",\"url\":\"https:\\\/\\\/www.electoralcommission.ie\\\/app\\\/uploads\\\/2025\\\/01\\\/EducationConstultation-2.png\",\"contentUrl\":\"https:\\\/\\\/www.electoralcommission.ie\\\/app\\\/uploads\\\/2025\\\/01\\\/EducationConstultation-2.png\",\"width\":2128,\"height\":788,\"caption\":\"Collage of images of public engagement events.\"},{\"@type\":\"BreadcrumbList\",\"@id\":\"https:\\\/\\\/www.electoralcommission.ie\\\/ga\\\/chomhairliuchan-ar-straiteis-oideachais-agus-rannphairtiocht\\\/#breadcrumb\",\"itemListElement\":[{\"@type\":\"ListItem\",\"position\":1,\"name\":\"Baile\",\"item\":\"https:\\\/\\\/www.electoralcommission.ie\\\/ga\\\/\"},{\"@type\":\"ListItem\",\"position\":2,\"name\":\"Comhairli\u00fach\u00e1n ar Strait\u00e9is Oideachais agus Rannph\u00e1irt\u00edocht an Phobail\"}]},{\"@type\":\"WebSite\",\"@id\":\"https:\\\/\\\/www.electoralcommission.ie\\\/ga\\\/#website\",\"url\":\"https:\\\/\\\/www.electoralcommission.ie\\\/ga\\\/\",\"name\":\"Coimisi\u00fan Toghch\u00e1in\",\"description\":\"Ireland&#039;s Statutory, Independent Electoral Commission\",\"potentialAction\":[{\"@type\":\"SearchAction\",\"target\":{\"@type\":\"EntryPoint\",\"urlTemplate\":\"https:\\\/\\\/www.electoralcommission.ie\\\/ga\\\/?s={search_term_string}\"},\"query-input\":{\"@type\":\"PropertyValueSpecification\",\"valueRequired\":true,\"valueName\":\"search_term_string\"}}],\"inLanguage\":\"ga-IE\"}]}<\/script>\n<!-- \/ Yoast SEO plugin. -->","yoast_head_json":{"title":"Comhairli\u00fach\u00e1n ar Strait\u00e9is Oideachais agus Rannph\u00e1irt\u00edocht an Phobail - Coimisi\u00fan Toghch\u00e1in","robots":{"index":"index","follow":"follow","max-snippet":"max-snippet:-1","max-image-preview":"max-image-preview:large","max-video-preview":"max-video-preview:-1"},"canonical":"https:\/\/www.electoralcommission.ie\/ga\/chomhairliuchan-ar-straiteis-oideachais-agus-rannphairtiocht\/","og_locale":"ga_IE","og_type":"article","og_title":"Comhairli\u00fach\u00e1n ar Strait\u00e9is Oideachais agus Rannph\u00e1irt\u00edocht an Phobail - Coimisi\u00fan Toghch\u00e1in","og_description":"&nbsp;Strait\u00e9is Oideachais agus Rannph\u00e1irt\u00edocht an Phobail Ba \u00e9 an spriocdh\u00e1ta le haghaidh aighneachta\u00ed don chomhairli\u00fach\u00e1n ar Strait\u00e9is Oideachais agus Rannph\u00e1irt\u00edocht an Phobail D\u00e9 Luain, 24 M\u00e1rta 2025 ag 11:59 i.n. Mar an Coimisi\u00fan Toghch\u00e1in, coimisi\u00fan neamhsple\u00e1ch toghch\u00e1in na h\u00c9ireann, t\u00e1imid ag ullmh\u00fa Strait\u00e9ise chun iarracht a dh\u00e9anamh daoine a spreagadh le bheith n\u00edos rannph\u00e1irt\u00ed in\u00e1r &hellip; Continued","og_url":"https:\/\/www.electoralcommission.ie\/ga\/chomhairliuchan-ar-straiteis-oideachais-agus-rannphairtiocht\/","og_site_name":"Coimisi\u00fan Toghch\u00e1in","article_modified_time":"2025-03-26T15:00:08+00:00","og_image":[{"width":1024,"height":379,"url":"https:\/\/cdn.electoralcommission.ie\/app\/uploads\/2025\/01\/23130121\/EducationConstultation-2-1024x379.png","type":"image\/png"}],"twitter_card":"summary_large_image","twitter_misc":{"Est. reading time":"2 minutes"},"schema":{"@context":"https:\/\/schema.org","@graph":[{"@type":"WebPage","@id":"https:\/\/www.electoralcommission.ie\/ga\/chomhairliuchan-ar-straiteis-oideachais-agus-rannphairtiocht\/","url":"https:\/\/www.electoralcommission.ie\/ga\/chomhairliuchan-ar-straiteis-oideachais-agus-rannphairtiocht\/","name":"Comhairli\u00fach\u00e1n ar Strait\u00e9is Oideachais agus Rannph\u00e1irt\u00edocht an Phobail - Coimisi\u00fan Toghch\u00e1in","isPartOf":{"@id":"https:\/\/www.electoralcommission.ie\/ga\/#website"},"primaryImageOfPage":{"@id":"https:\/\/www.electoralcommission.ie\/ga\/chomhairliuchan-ar-straiteis-oideachais-agus-rannphairtiocht\/#primaryimage"},"image":{"@id":"https:\/\/www.electoralcommission.ie\/ga\/chomhairliuchan-ar-straiteis-oideachais-agus-rannphairtiocht\/#primaryimage"},"thumbnailUrl":"https:\/\/www.electoralcommission.ie\/app\/uploads\/2025\/01\/EducationConstultation-2.png","datePublished":"2025-01-31T12:17:42+00:00","dateModified":"2025-03-26T15:00:08+00:00","breadcrumb":{"@id":"https:\/\/www.electoralcommission.ie\/ga\/chomhairliuchan-ar-straiteis-oideachais-agus-rannphairtiocht\/#breadcrumb"},"inLanguage":"ga-IE","potentialAction":[{"@type":"ReadAction","target":["https:\/\/www.electoralcommission.ie\/ga\/chomhairliuchan-ar-straiteis-oideachais-agus-rannphairtiocht\/"]}]},{"@type":"ImageObject","inLanguage":"ga-IE","@id":"https:\/\/www.electoralcommission.ie\/ga\/chomhairliuchan-ar-straiteis-oideachais-agus-rannphairtiocht\/#primaryimage","url":"https:\/\/www.electoralcommission.ie\/app\/uploads\/2025\/01\/EducationConstultation-2.png","contentUrl":"https:\/\/www.electoralcommission.ie\/app\/uploads\/2025\/01\/EducationConstultation-2.png","width":2128,"height":788,"caption":"Collage of images of public engagement events."},{"@type":"BreadcrumbList","@id":"https:\/\/www.electoralcommission.ie\/ga\/chomhairliuchan-ar-straiteis-oideachais-agus-rannphairtiocht\/#breadcrumb","itemListElement":[{"@type":"ListItem","position":1,"name":"Baile","item":"https:\/\/www.electoralcommission.ie\/ga\/"},{"@type":"ListItem","position":2,"name":"Comhairli\u00fach\u00e1n ar Strait\u00e9is Oideachais agus Rannph\u00e1irt\u00edocht an Phobail"}]},{"@type":"WebSite","@id":"https:\/\/www.electoralcommission.ie\/ga\/#website","url":"https:\/\/www.electoralcommission.ie\/ga\/","name":"Coimisi\u00fan Toghch\u00e1in","description":"Ireland&#039;s Statutory, Independent Electoral Commission","potentialAction":[{"@type":"SearchAction","target":{"@type":"EntryPoint","urlTemplate":"https:\/\/www.electoralcommission.ie\/ga\/?s={search_term_string}"},"query-input":{"@type":"PropertyValueSpecification","valueRequired":true,"valueName":"search_term_string"}}],"inLanguage":"ga-IE"}]}},"uagb_featured_image_src":{"full":["https:\/\/www.electoralcommission.ie\/app\/uploads\/2025\/01\/EducationConstultation-2.png",2128,788,false],"thumbnail":["https:\/\/www.electoralcommission.ie\/app\/uploads\/2025\/01\/EducationConstultation-2-355x210.png",355,210,true],"medium":["https:\/\/www.electoralcommission.ie\/app\/uploads\/2025\/01\/EducationConstultation-2-300x111.png",300,111,true],"medium_large":["https:\/\/www.electoralcommission.ie\/app\/uploads\/2025\/01\/EducationConstultation-2-768x284.png",768,284,true],"large":["https:\/\/www.electoralcommission.ie\/app\/uploads\/2025\/01\/EducationConstultation-2-1024x379.png",1024,379,true],"1536x1536":["https:\/\/www.electoralcommission.ie\/app\/uploads\/2025\/01\/EducationConstultation-2-1536x569.png",1536,569,true],"2048x2048":["https:\/\/www.electoralcommission.ie\/app\/uploads\/2025\/01\/EducationConstultation-2-2048x758.png",2048,758,true],"gform-image-choice-sm":["https:\/\/www.electoralcommission.ie\/app\/uploads\/2025\/01\/EducationConstultation-2-300x300.png",300,300,true],"gform-image-choice-md":["https:\/\/www.electoralcommission.ie\/app\/uploads\/2025\/01\/EducationConstultation-2-400x400.png",400,400,true],"gform-image-choice-lg":["https:\/\/www.electoralcommission.ie\/app\/uploads\/2025\/01\/EducationConstultation-2-600x600.png",600,600,true]},"uagb_author_info":{"display_name":"Annmarie Power","author_link":"https:\/\/www.electoralcommission.ie\/ga\/author\/annmarie-power\/"},"uagb_comment_info":0,"uagb_excerpt":"&nbsp;Strait\u00e9is Oideachais agus Rannph\u00e1irt\u00edocht an Phobail Ba \u00e9 an spriocdh\u00e1ta le haghaidh aighneachta\u00ed don chomhairli\u00fach\u00e1n ar Strait\u00e9is Oideachais agus Rannph\u00e1irt\u00edocht an Phobail D\u00e9 Luain, 24 M\u00e1rta 2025 ag 11:59 i.n. Mar an Coimisi\u00fan Toghch\u00e1in, coimisi\u00fan neamhsple\u00e1ch toghch\u00e1in na h\u00c9ireann, t\u00e1imid ag ullmh\u00fa Strait\u00e9ise chun iarracht a dh\u00e9anamh daoine a spreagadh le bheith n\u00edos rannph\u00e1irt\u00ed in\u00e1r&hellip;","_links":{"self":[{"href":"https:\/\/www.electoralcommission.ie\/ga\/wp-json\/wp\/v2\/pages\/12464","targetHints":{"allow":["GET"]}}],"collection":[{"href":"https:\/\/www.electoralcommission.ie\/ga\/wp-json\/wp\/v2\/pages"}],"about":[{"href":"https:\/\/www.electoralcommission.ie\/ga\/wp-json\/wp\/v2\/types\/page"}],"author":[{"embeddable":true,"href":"https:\/\/www.electoralcommission.ie\/ga\/wp-json\/wp\/v2\/users\/20"}],"replies":[{"embeddable":true,"href":"https:\/\/www.electoralcommission.ie\/ga\/wp-json\/wp\/v2\/comments?post=12464"}],"version-history":[{"count":11,"href":"https:\/\/www.electoralcommission.ie\/ga\/wp-json\/wp\/v2\/pages\/12464\/revisions"}],"predecessor-version":[{"id":13195,"href":"https:\/\/www.electoralcommission.ie\/ga\/wp-json\/wp\/v2\/pages\/12464\/revisions\/13195"}],"wp:featuredmedia":[{"embeddable":true,"href":"https:\/\/www.electoralcommission.ie\/ga\/wp-json\/wp\/v2\/media\/12336"}],"wp:attachment":[{"href":"https:\/\/www.electoralcommission.ie\/ga\/wp-json\/wp\/v2\/media?parent=12464"}],"curies":[{"name":"wp","href":"https:\/\/api.w.org\/{rel}","templated":true}]}}