
{"id":12480,"date":"2025-02-05T16:31:39","date_gmt":"2025-02-05T16:31:39","guid":{"rendered":"https:\/\/www.electoralcommission.ie\/tearmai-agus-coinniollacha\/"},"modified":"2025-03-25T16:18:54","modified_gmt":"2025-03-25T16:18:54","slug":"oideachais-tearmai-agus-coinniollacha","status":"publish","type":"page","link":"https:\/\/www.electoralcommission.ie\/ga\/oideachais-tearmai-agus-coinniollacha\/","title":{"rendered":"T\u00e9arma\u00ed agus Coinn\u00edollacha"},"content":{"rendered":"\n<p>T\u00e9arma\u00ed agus Coinn\u00edollacha le haghaidh aighneachta\u00ed don chomhairli\u00fach\u00e1n poibl\u00ed le haghaidh Strait\u00e9is Oideachais agus Rannph\u00e1irt\u00edocht an Phobail de chuid an Choimisi\u00fain Toghch\u00e1in.<\/p>\n\n<ul class=\"wp-block-list\">\n<li>N\u00ed ghlacfar le hiarratais gan ainm.<\/li>\n\n\n\n<li>D\u2019fh\u00e9adfa\u00ed na haighneachta\u00ed bail\u00ed ar fad a thoil\u00edonn d\u00f3 a fhoilsi\u00fa ar www.electoralcommission.ie leis na hainmneacha ioml\u00e1na (c\u00e9adainm, sloinne agus ainm na heagra\u00edochta, m\u00e1s \u00e1bhartha).<\/li>\n\n\n\n<li>D\u2019fh\u00e9adfa\u00ed eolas pearsanta, ainmneacha ina measc, a bhaint amach m\u00e1 iarrtar sin n\u00f3 m\u00e1 \u00e9il\u00edtear \u00e9 faoin reachta\u00edocht \u00e1bhartha.<\/li>\n\n\n\n<li>Baileofar sonra\u00ed teagmh\u00e1la, seoladh r\u00edomhphoist ina measc, chun aighneachta\u00ed a dheimhni\u00fa. N\u00ed fhoilseofar na sonra\u00ed sin.<\/li>\n\n\n\n<li>I gc\u00e1s aighneachta\u00ed a mheastar at\u00e1 maslach, m\u00edchu\u00ed n\u00f3 nach bhfuil \u00e1bhartha d\u2019obair an Choimisi\u00fain Toghch\u00e1in, d\u2019fh\u00e9adfa\u00ed a mheas go bhfuil siad neamhbhail\u00ed.<\/li>\n\n\n\n<li>D\u2019fh\u00e9adfa\u00ed \u00e1bhar \u00f3 na haighneachta\u00ed a lua n\u00f3 sleachta athfhriotail uathu a thabhairt i dtuarasc\u00e1lacha agus i gc\u00e1ip\u00e9is\u00ed strait\u00e9ise a chuirfidh an Coimisi\u00fan Toghch\u00e1in i dtoll a ch\u00e9ile.<\/li>\n\n\n\n<li>F\u00e1ilt\u00edtear roimh aighneachta\u00ed \u00f3 dhaoine at\u00e1 faoi bhun 18 mbliana d\u2019aois agus caithfear leo de r\u00e9ir na bhfor\u00e1lacha \u00e1bhartha um chosaint sonra\u00ed.<\/li>\n\n\n\n<li>Teast\u00f3idh toili\u00fa cu\u00ed tuismitheora le haghaidh aighneachta\u00ed \u00f3 dhaoine at\u00e1 faoi bhun 16 bliana d\u2019aois le haghaidh pr\u00f3ise\u00e1il agus foilsi\u00fa sonra\u00ed.<\/li>\n\n\n\n<li>I gc\u00e1s aighneachta\u00ed a fhaightear tr\u00ed scoileanna a raibh baint ag scol\u00e1ir\u00ed leo, glacann an scoil freagracht as toili\u00fa tuismitheora a fh\u00e1il le haghaidh daoine at\u00e1 faoi bhun 16 bliana d\u2019aois le haghaidh pr\u00f3ise\u00e1il agus foilsi\u00fa sonra\u00ed.<\/li>\n\n\n\n<li>Coinneoidh an Coimisi\u00fan Toghch\u00e1in aighneachta\u00ed ar feadh bliain amh\u00e1in agus scriosfar iad ina dhiaidh sin.<\/li>\n\n\n\n<li>F\u00e9adfaidh an t-\u00e1bhar sonra\u00ed a dtoili\u00fa chun na sonra\u00ed lena mbaineann a phr\u00f3ise\u00e1il agus a fhoilsi\u00fa a tharraingt siar (m\u00e1 t\u00e1 siad os cionn 16 bliana d\u2019aois) n\u00f3 f\u00e9adfaidh tuismitheoir an toili\u00fa a tharraingt siar (m\u00e1 t\u00e1 an t-\u00e1bhar sonra\u00ed faoi bhun 16 bliana d\u2019aois) ar an mbealach seo a leanas [m.sh. tr\u00ed dhul i dteagmh\u00e1il le hOifigeach Cosanta Sonra\u00ed an Choimisi\u00fain Toghch\u00e1in]<\/li>\n\n\n\n<li>Beidh athbhreithni\u00fa na n-aighneachta\u00ed faoi r\u00e9ir breithnithe dl\u00edthi\u00fala, ina measc:\n<ul class=\"wp-block-list\">\n<li>an tAcht um Chl\u00famhilleadh, 2009.<\/li>\n<\/ul>\n<\/li>\n<\/ul>\n\n<p><\/p>\n","protected":false},"excerpt":{"rendered":"<p>T\u00e9arma\u00ed agus Coinn\u00edollacha le haghaidh aighneachta\u00ed don chomhairli\u00fach\u00e1n poibl\u00ed le haghaidh Strait\u00e9is Oideachais agus Rannph\u00e1irt\u00edocht an Phobail de chuid an Choimisi\u00fain Toghch\u00e1in.<\/p>\n","protected":false},"author":20,"featured_media":12336,"parent":0,"menu_order":0,"comment_status":"closed","ping_status":"closed","template":"","meta":{"_acf_changed":false,"_relevanssi_hide_post":"","_relevanssi_hide_content":"","_relevanssi_pin_for_all":"","_relevanssi_pin_keywords":"","_relevanssi_unpin_keywords":"","_relevanssi_related_keywords":"","_relevanssi_related_include_ids":"","_relevanssi_related_exclude_ids":"","_relevanssi_related_no_append":"","_relevanssi_related_not_related":"","_relevanssi_related_posts":"9475,5671,10109,12555,10848,10298","_relevanssi_noindex_reason":"","_uag_custom_page_level_css":"","footnotes":""},"class_list":["post-12480","page","type-page","status-publish","has-post-thumbnail","hentry"],"acf":[],"yoast_head":"<!-- This site is optimized with the Yoast SEO plugin v27.5 - https:\/\/yoast.com\/product\/yoast-seo-wordpress\/ -->\n<title>T\u00e9arma\u00ed agus Coinn\u00edollacha - Coimisi\u00fan Toghch\u00e1in<\/title>\n<meta name=\"robots\" content=\"index, follow, max-snippet:-1, max-image-preview:large, max-video-preview:-1\" \/>\n<link rel=\"canonical\" href=\"https:\/\/www.electoralcommission.ie\/ga\/oideachais-tearmai-agus-coinniollacha\/\" \/>\n<meta property=\"og:locale\" content=\"ga_IE\" \/>\n<meta property=\"og:type\" content=\"article\" \/>\n<meta property=\"og:title\" content=\"T\u00e9arma\u00ed agus Coinn\u00edollacha - Coimisi\u00fan Toghch\u00e1in\" \/>\n<meta property=\"og:description\" content=\"T\u00e9arma\u00ed agus Coinn\u00edollacha le haghaidh aighneachta\u00ed don chomhairli\u00fach\u00e1n poibl\u00ed le haghaidh Strait\u00e9is Oideachais agus Rannph\u00e1irt\u00edocht an Phobail de chuid an Choimisi\u00fain Toghch\u00e1in.\" \/>\n<meta property=\"og:url\" content=\"https:\/\/www.electoralcommission.ie\/ga\/oideachais-tearmai-agus-coinniollacha\/\" \/>\n<meta property=\"og:site_name\" content=\"Coimisi\u00fan Toghch\u00e1in\" \/>\n<meta property=\"article:modified_time\" content=\"2025-03-25T16:18:54+00:00\" \/>\n<meta property=\"og:image\" content=\"https:\/\/cdn.electoralcommission.ie\/app\/uploads\/2025\/01\/23130121\/EducationConstultation-2-1024x379.png\" \/>\n\t<meta property=\"og:image:width\" content=\"1024\" \/>\n\t<meta property=\"og:image:height\" content=\"379\" \/>\n\t<meta property=\"og:image:type\" content=\"image\/png\" \/>\n<meta name=\"twitter:card\" content=\"summary_large_image\" \/>\n<meta name=\"twitter:label1\" content=\"Est. reading time\" \/>\n\t<meta name=\"twitter:data1\" content=\"2 minutes\" \/>\n<script type=\"application\/ld+json\" class=\"yoast-schema-graph\">{\"@context\":\"https:\\\/\\\/schema.org\",\"@graph\":[{\"@type\":\"WebPage\",\"@id\":\"https:\\\/\\\/www.electoralcommission.ie\\\/ga\\\/oideachais-tearmai-agus-coinniollacha\\\/\",\"url\":\"https:\\\/\\\/www.electoralcommission.ie\\\/ga\\\/oideachais-tearmai-agus-coinniollacha\\\/\",\"name\":\"T\u00e9arma\u00ed agus Coinn\u00edollacha - Coimisi\u00fan Toghch\u00e1in\",\"isPartOf\":{\"@id\":\"https:\\\/\\\/www.electoralcommission.ie\\\/ga\\\/#website\"},\"primaryImageOfPage\":{\"@id\":\"https:\\\/\\\/www.electoralcommission.ie\\\/ga\\\/oideachais-tearmai-agus-coinniollacha\\\/#primaryimage\"},\"image\":{\"@id\":\"https:\\\/\\\/www.electoralcommission.ie\\\/ga\\\/oideachais-tearmai-agus-coinniollacha\\\/#primaryimage\"},\"thumbnailUrl\":\"https:\\\/\\\/www.electoralcommission.ie\\\/app\\\/uploads\\\/2025\\\/01\\\/EducationConstultation-2.png\",\"datePublished\":\"2025-02-05T16:31:39+00:00\",\"dateModified\":\"2025-03-25T16:18:54+00:00\",\"breadcrumb\":{\"@id\":\"https:\\\/\\\/www.electoralcommission.ie\\\/ga\\\/oideachais-tearmai-agus-coinniollacha\\\/#breadcrumb\"},\"inLanguage\":\"ga-IE\",\"potentialAction\":[{\"@type\":\"ReadAction\",\"target\":[\"https:\\\/\\\/www.electoralcommission.ie\\\/ga\\\/oideachais-tearmai-agus-coinniollacha\\\/\"]}]},{\"@type\":\"ImageObject\",\"inLanguage\":\"ga-IE\",\"@id\":\"https:\\\/\\\/www.electoralcommission.ie\\\/ga\\\/oideachais-tearmai-agus-coinniollacha\\\/#primaryimage\",\"url\":\"https:\\\/\\\/www.electoralcommission.ie\\\/app\\\/uploads\\\/2025\\\/01\\\/EducationConstultation-2.png\",\"contentUrl\":\"https:\\\/\\\/www.electoralcommission.ie\\\/app\\\/uploads\\\/2025\\\/01\\\/EducationConstultation-2.png\",\"width\":2128,\"height\":788,\"caption\":\"Collage of images of public engagement events.\"},{\"@type\":\"BreadcrumbList\",\"@id\":\"https:\\\/\\\/www.electoralcommission.ie\\\/ga\\\/oideachais-tearmai-agus-coinniollacha\\\/#breadcrumb\",\"itemListElement\":[{\"@type\":\"ListItem\",\"position\":1,\"name\":\"Baile\",\"item\":\"https:\\\/\\\/www.electoralcommission.ie\\\/ga\\\/\"},{\"@type\":\"ListItem\",\"position\":2,\"name\":\"T\u00e9arma\u00ed agus Coinn\u00edollacha\"}]},{\"@type\":\"WebSite\",\"@id\":\"https:\\\/\\\/www.electoralcommission.ie\\\/ga\\\/#website\",\"url\":\"https:\\\/\\\/www.electoralcommission.ie\\\/ga\\\/\",\"name\":\"Coimisi\u00fan Toghch\u00e1in\",\"description\":\"Ireland&#039;s Statutory, Independent Electoral Commission\",\"potentialAction\":[{\"@type\":\"SearchAction\",\"target\":{\"@type\":\"EntryPoint\",\"urlTemplate\":\"https:\\\/\\\/www.electoralcommission.ie\\\/ga\\\/?s={search_term_string}\"},\"query-input\":{\"@type\":\"PropertyValueSpecification\",\"valueRequired\":true,\"valueName\":\"search_term_string\"}}],\"inLanguage\":\"ga-IE\"}]}<\/script>\n<!-- \/ Yoast SEO plugin. -->","yoast_head_json":{"title":"T\u00e9arma\u00ed agus Coinn\u00edollacha - Coimisi\u00fan Toghch\u00e1in","robots":{"index":"index","follow":"follow","max-snippet":"max-snippet:-1","max-image-preview":"max-image-preview:large","max-video-preview":"max-video-preview:-1"},"canonical":"https:\/\/www.electoralcommission.ie\/ga\/oideachais-tearmai-agus-coinniollacha\/","og_locale":"ga_IE","og_type":"article","og_title":"T\u00e9arma\u00ed agus Coinn\u00edollacha - Coimisi\u00fan Toghch\u00e1in","og_description":"T\u00e9arma\u00ed agus Coinn\u00edollacha le haghaidh aighneachta\u00ed don chomhairli\u00fach\u00e1n poibl\u00ed le haghaidh Strait\u00e9is Oideachais agus Rannph\u00e1irt\u00edocht an Phobail de chuid an Choimisi\u00fain Toghch\u00e1in.","og_url":"https:\/\/www.electoralcommission.ie\/ga\/oideachais-tearmai-agus-coinniollacha\/","og_site_name":"Coimisi\u00fan Toghch\u00e1in","article_modified_time":"2025-03-25T16:18:54+00:00","og_image":[{"width":1024,"height":379,"url":"https:\/\/cdn.electoralcommission.ie\/app\/uploads\/2025\/01\/23130121\/EducationConstultation-2-1024x379.png","type":"image\/png"}],"twitter_card":"summary_large_image","twitter_misc":{"Est. reading time":"2 minutes"},"schema":{"@context":"https:\/\/schema.org","@graph":[{"@type":"WebPage","@id":"https:\/\/www.electoralcommission.ie\/ga\/oideachais-tearmai-agus-coinniollacha\/","url":"https:\/\/www.electoralcommission.ie\/ga\/oideachais-tearmai-agus-coinniollacha\/","name":"T\u00e9arma\u00ed agus Coinn\u00edollacha - Coimisi\u00fan Toghch\u00e1in","isPartOf":{"@id":"https:\/\/www.electoralcommission.ie\/ga\/#website"},"primaryImageOfPage":{"@id":"https:\/\/www.electoralcommission.ie\/ga\/oideachais-tearmai-agus-coinniollacha\/#primaryimage"},"image":{"@id":"https:\/\/www.electoralcommission.ie\/ga\/oideachais-tearmai-agus-coinniollacha\/#primaryimage"},"thumbnailUrl":"https:\/\/www.electoralcommission.ie\/app\/uploads\/2025\/01\/EducationConstultation-2.png","datePublished":"2025-02-05T16:31:39+00:00","dateModified":"2025-03-25T16:18:54+00:00","breadcrumb":{"@id":"https:\/\/www.electoralcommission.ie\/ga\/oideachais-tearmai-agus-coinniollacha\/#breadcrumb"},"inLanguage":"ga-IE","potentialAction":[{"@type":"ReadAction","target":["https:\/\/www.electoralcommission.ie\/ga\/oideachais-tearmai-agus-coinniollacha\/"]}]},{"@type":"ImageObject","inLanguage":"ga-IE","@id":"https:\/\/www.electoralcommission.ie\/ga\/oideachais-tearmai-agus-coinniollacha\/#primaryimage","url":"https:\/\/www.electoralcommission.ie\/app\/uploads\/2025\/01\/EducationConstultation-2.png","contentUrl":"https:\/\/www.electoralcommission.ie\/app\/uploads\/2025\/01\/EducationConstultation-2.png","width":2128,"height":788,"caption":"Collage of images of public engagement events."},{"@type":"BreadcrumbList","@id":"https:\/\/www.electoralcommission.ie\/ga\/oideachais-tearmai-agus-coinniollacha\/#breadcrumb","itemListElement":[{"@type":"ListItem","position":1,"name":"Baile","item":"https:\/\/www.electoralcommission.ie\/ga\/"},{"@type":"ListItem","position":2,"name":"T\u00e9arma\u00ed agus Coinn\u00edollacha"}]},{"@type":"WebSite","@id":"https:\/\/www.electoralcommission.ie\/ga\/#website","url":"https:\/\/www.electoralcommission.ie\/ga\/","name":"Coimisi\u00fan Toghch\u00e1in","description":"Ireland&#039;s Statutory, Independent Electoral Commission","potentialAction":[{"@type":"SearchAction","target":{"@type":"EntryPoint","urlTemplate":"https:\/\/www.electoralcommission.ie\/ga\/?s={search_term_string}"},"query-input":{"@type":"PropertyValueSpecification","valueRequired":true,"valueName":"search_term_string"}}],"inLanguage":"ga-IE"}]}},"uagb_featured_image_src":{"full":["https:\/\/www.electoralcommission.ie\/app\/uploads\/2025\/01\/EducationConstultation-2.png",2128,788,false],"thumbnail":["https:\/\/www.electoralcommission.ie\/app\/uploads\/2025\/01\/EducationConstultation-2-355x210.png",355,210,true],"medium":["https:\/\/www.electoralcommission.ie\/app\/uploads\/2025\/01\/EducationConstultation-2-300x111.png",300,111,true],"medium_large":["https:\/\/www.electoralcommission.ie\/app\/uploads\/2025\/01\/EducationConstultation-2-768x284.png",768,284,true],"large":["https:\/\/www.electoralcommission.ie\/app\/uploads\/2025\/01\/EducationConstultation-2-1024x379.png",1024,379,true],"1536x1536":["https:\/\/www.electoralcommission.ie\/app\/uploads\/2025\/01\/EducationConstultation-2-1536x569.png",1536,569,true],"2048x2048":["https:\/\/www.electoralcommission.ie\/app\/uploads\/2025\/01\/EducationConstultation-2-2048x758.png",2048,758,true],"gform-image-choice-sm":["https:\/\/www.electoralcommission.ie\/app\/uploads\/2025\/01\/EducationConstultation-2-300x300.png",300,300,true],"gform-image-choice-md":["https:\/\/www.electoralcommission.ie\/app\/uploads\/2025\/01\/EducationConstultation-2-400x400.png",400,400,true],"gform-image-choice-lg":["https:\/\/www.electoralcommission.ie\/app\/uploads\/2025\/01\/EducationConstultation-2-600x600.png",600,600,true]},"uagb_author_info":{"display_name":"Annmarie Power","author_link":"https:\/\/www.electoralcommission.ie\/ga\/author\/annmarie-power\/"},"uagb_comment_info":0,"uagb_excerpt":"T\u00e9arma\u00ed agus Coinn\u00edollacha le haghaidh aighneachta\u00ed don chomhairli\u00fach\u00e1n poibl\u00ed le haghaidh Strait\u00e9is Oideachais agus Rannph\u00e1irt\u00edocht an Phobail de chuid an Choimisi\u00fain Toghch\u00e1in.","_links":{"self":[{"href":"https:\/\/www.electoralcommission.ie\/ga\/wp-json\/wp\/v2\/pages\/12480","targetHints":{"allow":["GET"]}}],"collection":[{"href":"https:\/\/www.electoralcommission.ie\/ga\/wp-json\/wp\/v2\/pages"}],"about":[{"href":"https:\/\/www.electoralcommission.ie\/ga\/wp-json\/wp\/v2\/types\/page"}],"author":[{"embeddable":true,"href":"https:\/\/www.electoralcommission.ie\/ga\/wp-json\/wp\/v2\/users\/20"}],"replies":[{"embeddable":true,"href":"https:\/\/www.electoralcommission.ie\/ga\/wp-json\/wp\/v2\/comments?post=12480"}],"version-history":[{"count":1,"href":"https:\/\/www.electoralcommission.ie\/ga\/wp-json\/wp\/v2\/pages\/12480\/revisions"}],"predecessor-version":[{"id":12481,"href":"https:\/\/www.electoralcommission.ie\/ga\/wp-json\/wp\/v2\/pages\/12480\/revisions\/12481"}],"wp:featuredmedia":[{"embeddable":true,"href":"https:\/\/www.electoralcommission.ie\/ga\/wp-json\/wp\/v2\/media\/12336"}],"wp:attachment":[{"href":"https:\/\/www.electoralcommission.ie\/ga\/wp-json\/wp\/v2\/media?parent=12480"}],"curies":[{"name":"wp","href":"https:\/\/api.w.org\/{rel}","templated":true}]}}