
{"id":13067,"date":"2025-03-21T16:19:59","date_gmt":"2025-03-21T16:19:59","guid":{"rendered":"https:\/\/www.electoralcommission.ie\/?page_id=13067"},"modified":"2025-03-25T15:29:43","modified_gmt":"2025-03-25T15:29:43","slug":"go-raibh-maith-agat-as-daighneacht-don-chomhairliuchan-poibli-ar-phostaeir","status":"publish","type":"page","link":"https:\/\/www.electoralcommission.ie\/ga\/go-raibh-maith-agat-as-daighneacht-don-chomhairliuchan-poibli-ar-phostaeir\/","title":{"rendered":"Go raibh maith agat as d\u2019aighneacht don chomhairli\u00fach\u00e1n poibl\u00ed ar ph\u00f3staeir."},"content":{"rendered":"\n<p>Go raibh maith agat as d\u2019aighneacht a chur faoin\u00e1r mbr\u00e1id chun bonn eolais a chur faoi thaighde ar \u00fas\u00e1id ph\u00f3staer in imeachta\u00ed toghch\u00e1in na h\u00c9ireann. Foilseoimid an nuacht is d\u00e9ana\u00ed faoi fhorbairt na taighde seo ar \u00e1r su\u00edomh gr\u00e9as\u00e1in.<\/p>\n\n\n\n<p><\/p>\n","protected":false},"excerpt":{"rendered":"<p>Go raibh maith agat as d\u2019aighneacht a chur faoin\u00e1r mbr\u00e1id chun bonn eolais a chur faoi thaighde ar \u00fas\u00e1id ph\u00f3staer in imeachta\u00ed toghch\u00e1in na h\u00c9ireann. Foilseoimid an nuacht is d\u00e9ana\u00ed faoi fhorbairt na taighde seo ar \u00e1r su\u00edomh gr\u00e9as\u00e1in.<\/p>\n","protected":false},"author":20,"featured_media":13052,"parent":0,"menu_order":0,"comment_status":"closed","ping_status":"closed","template":"","meta":{"_acf_changed":false,"_relevanssi_hide_post":"","_relevanssi_hide_content":"","_relevanssi_pin_for_all":"","_relevanssi_pin_keywords":"","_relevanssi_unpin_keywords":"","_relevanssi_related_keywords":"","_relevanssi_related_include_ids":"","_relevanssi_related_exclude_ids":"","_relevanssi_related_no_append":"","_relevanssi_related_not_related":"","_relevanssi_related_posts":"12555,9475,5671,10298,5031,10109","_relevanssi_noindex_reason":"","_uag_custom_page_level_css":"","footnotes":""},"class_list":["post-13067","page","type-page","status-publish","has-post-thumbnail","hentry"],"acf":[],"yoast_head":"<!-- This site is optimized with the Yoast SEO plugin v27.5 - https:\/\/yoast.com\/product\/yoast-seo-wordpress\/ -->\n<title>Go raibh maith agat as d\u2019aighneacht don chomhairli\u00fach\u00e1n poibl\u00ed ar ph\u00f3staeir. - Coimisi\u00fan Toghch\u00e1in<\/title>\n<meta name=\"robots\" content=\"index, follow, max-snippet:-1, max-image-preview:large, max-video-preview:-1\" \/>\n<link rel=\"canonical\" href=\"https:\/\/www.electoralcommission.ie\/ga\/go-raibh-maith-agat-as-daighneacht-don-chomhairliuchan-poibli-ar-phostaeir\/\" \/>\n<meta property=\"og:locale\" content=\"ga_IE\" \/>\n<meta property=\"og:type\" content=\"article\" \/>\n<meta property=\"og:title\" content=\"Go raibh maith agat as d\u2019aighneacht don chomhairli\u00fach\u00e1n poibl\u00ed ar ph\u00f3staeir. - Coimisi\u00fan Toghch\u00e1in\" \/>\n<meta property=\"og:description\" content=\"Go raibh maith agat as d\u2019aighneacht a chur faoin\u00e1r mbr\u00e1id chun bonn eolais a chur faoi thaighde ar \u00fas\u00e1id ph\u00f3staer in imeachta\u00ed toghch\u00e1in na h\u00c9ireann. Foilseoimid an nuacht is d\u00e9ana\u00ed faoi fhorbairt na taighde seo ar \u00e1r su\u00edomh gr\u00e9as\u00e1in.\" \/>\n<meta property=\"og:url\" content=\"https:\/\/www.electoralcommission.ie\/ga\/go-raibh-maith-agat-as-daighneacht-don-chomhairliuchan-poibli-ar-phostaeir\/\" \/>\n<meta property=\"og:site_name\" content=\"Coimisi\u00fan Toghch\u00e1in\" \/>\n<meta property=\"article:modified_time\" content=\"2025-03-25T15:29:43+00:00\" \/>\n<meta property=\"og:image\" content=\"https:\/\/cdn.electoralcommission.ie\/app\/uploads\/2025\/03\/21142625\/Landscape-Skies-Photo-Collage-YouTube-Banner-827-x-505-px.png\" \/>\n\t<meta property=\"og:image:width\" content=\"827\" \/>\n\t<meta property=\"og:image:height\" content=\"505\" \/>\n\t<meta property=\"og:image:type\" content=\"image\/png\" \/>\n<meta name=\"twitter:card\" content=\"summary_large_image\" \/>\n<meta name=\"twitter:label1\" content=\"Est. reading time\" \/>\n\t<meta name=\"twitter:data1\" content=\"1 minute\" \/>\n<script type=\"application\/ld+json\" class=\"yoast-schema-graph\">{\"@context\":\"https:\\\/\\\/schema.org\",\"@graph\":[{\"@type\":\"WebPage\",\"@id\":\"https:\\\/\\\/www.electoralcommission.ie\\\/ga\\\/go-raibh-maith-agat-as-daighneacht-don-chomhairliuchan-poibli-ar-phostaeir\\\/\",\"url\":\"https:\\\/\\\/www.electoralcommission.ie\\\/ga\\\/go-raibh-maith-agat-as-daighneacht-don-chomhairliuchan-poibli-ar-phostaeir\\\/\",\"name\":\"Go raibh maith agat as d\u2019aighneacht don chomhairli\u00fach\u00e1n poibl\u00ed ar ph\u00f3staeir. - Coimisi\u00fan Toghch\u00e1in\",\"isPartOf\":{\"@id\":\"https:\\\/\\\/www.electoralcommission.ie\\\/ga\\\/#website\"},\"primaryImageOfPage\":{\"@id\":\"https:\\\/\\\/www.electoralcommission.ie\\\/ga\\\/go-raibh-maith-agat-as-daighneacht-don-chomhairliuchan-poibli-ar-phostaeir\\\/#primaryimage\"},\"image\":{\"@id\":\"https:\\\/\\\/www.electoralcommission.ie\\\/ga\\\/go-raibh-maith-agat-as-daighneacht-don-chomhairliuchan-poibli-ar-phostaeir\\\/#primaryimage\"},\"thumbnailUrl\":\"https:\\\/\\\/www.electoralcommission.ie\\\/app\\\/uploads\\\/2025\\\/03\\\/Landscape-Skies-Photo-Collage-YouTube-Banner-827-x-505-px.png\",\"datePublished\":\"2025-03-21T16:19:59+00:00\",\"dateModified\":\"2025-03-25T15:29:43+00:00\",\"breadcrumb\":{\"@id\":\"https:\\\/\\\/www.electoralcommission.ie\\\/ga\\\/go-raibh-maith-agat-as-daighneacht-don-chomhairliuchan-poibli-ar-phostaeir\\\/#breadcrumb\"},\"inLanguage\":\"ga-IE\",\"potentialAction\":[{\"@type\":\"ReadAction\",\"target\":[\"https:\\\/\\\/www.electoralcommission.ie\\\/ga\\\/go-raibh-maith-agat-as-daighneacht-don-chomhairliuchan-poibli-ar-phostaeir\\\/\"]}]},{\"@type\":\"ImageObject\",\"inLanguage\":\"ga-IE\",\"@id\":\"https:\\\/\\\/www.electoralcommission.ie\\\/ga\\\/go-raibh-maith-agat-as-daighneacht-don-chomhairliuchan-poibli-ar-phostaeir\\\/#primaryimage\",\"url\":\"https:\\\/\\\/www.electoralcommission.ie\\\/app\\\/uploads\\\/2025\\\/03\\\/Landscape-Skies-Photo-Collage-YouTube-Banner-827-x-505-px.png\",\"contentUrl\":\"https:\\\/\\\/www.electoralcommission.ie\\\/app\\\/uploads\\\/2025\\\/03\\\/Landscape-Skies-Photo-Collage-YouTube-Banner-827-x-505-px.png\",\"width\":827,\"height\":505,\"caption\":\"A collage of election posters from different EU States.\"},{\"@type\":\"BreadcrumbList\",\"@id\":\"https:\\\/\\\/www.electoralcommission.ie\\\/ga\\\/go-raibh-maith-agat-as-daighneacht-don-chomhairliuchan-poibli-ar-phostaeir\\\/#breadcrumb\",\"itemListElement\":[{\"@type\":\"ListItem\",\"position\":1,\"name\":\"Baile\",\"item\":\"https:\\\/\\\/www.electoralcommission.ie\\\/ga\\\/\"},{\"@type\":\"ListItem\",\"position\":2,\"name\":\"Go raibh maith agat as d\u2019aighneacht don chomhairli\u00fach\u00e1n poibl\u00ed ar ph\u00f3staeir.\"}]},{\"@type\":\"WebSite\",\"@id\":\"https:\\\/\\\/www.electoralcommission.ie\\\/ga\\\/#website\",\"url\":\"https:\\\/\\\/www.electoralcommission.ie\\\/ga\\\/\",\"name\":\"Coimisi\u00fan Toghch\u00e1in\",\"description\":\"Ireland&#039;s Statutory, Independent Electoral Commission\",\"potentialAction\":[{\"@type\":\"SearchAction\",\"target\":{\"@type\":\"EntryPoint\",\"urlTemplate\":\"https:\\\/\\\/www.electoralcommission.ie\\\/ga\\\/?s={search_term_string}\"},\"query-input\":{\"@type\":\"PropertyValueSpecification\",\"valueRequired\":true,\"valueName\":\"search_term_string\"}}],\"inLanguage\":\"ga-IE\"}]}<\/script>\n<!-- \/ Yoast SEO plugin. -->","yoast_head_json":{"title":"Go raibh maith agat as d\u2019aighneacht don chomhairli\u00fach\u00e1n poibl\u00ed ar ph\u00f3staeir. - Coimisi\u00fan Toghch\u00e1in","robots":{"index":"index","follow":"follow","max-snippet":"max-snippet:-1","max-image-preview":"max-image-preview:large","max-video-preview":"max-video-preview:-1"},"canonical":"https:\/\/www.electoralcommission.ie\/ga\/go-raibh-maith-agat-as-daighneacht-don-chomhairliuchan-poibli-ar-phostaeir\/","og_locale":"ga_IE","og_type":"article","og_title":"Go raibh maith agat as d\u2019aighneacht don chomhairli\u00fach\u00e1n poibl\u00ed ar ph\u00f3staeir. - Coimisi\u00fan Toghch\u00e1in","og_description":"Go raibh maith agat as d\u2019aighneacht a chur faoin\u00e1r mbr\u00e1id chun bonn eolais a chur faoi thaighde ar \u00fas\u00e1id ph\u00f3staer in imeachta\u00ed toghch\u00e1in na h\u00c9ireann. Foilseoimid an nuacht is d\u00e9ana\u00ed faoi fhorbairt na taighde seo ar \u00e1r su\u00edomh gr\u00e9as\u00e1in.","og_url":"https:\/\/www.electoralcommission.ie\/ga\/go-raibh-maith-agat-as-daighneacht-don-chomhairliuchan-poibli-ar-phostaeir\/","og_site_name":"Coimisi\u00fan Toghch\u00e1in","article_modified_time":"2025-03-25T15:29:43+00:00","og_image":[{"width":827,"height":505,"url":"https:\/\/cdn.electoralcommission.ie\/app\/uploads\/2025\/03\/21142625\/Landscape-Skies-Photo-Collage-YouTube-Banner-827-x-505-px.png","type":"image\/png"}],"twitter_card":"summary_large_image","twitter_misc":{"Est. reading time":"1 minute"},"schema":{"@context":"https:\/\/schema.org","@graph":[{"@type":"WebPage","@id":"https:\/\/www.electoralcommission.ie\/ga\/go-raibh-maith-agat-as-daighneacht-don-chomhairliuchan-poibli-ar-phostaeir\/","url":"https:\/\/www.electoralcommission.ie\/ga\/go-raibh-maith-agat-as-daighneacht-don-chomhairliuchan-poibli-ar-phostaeir\/","name":"Go raibh maith agat as d\u2019aighneacht don chomhairli\u00fach\u00e1n poibl\u00ed ar ph\u00f3staeir. - Coimisi\u00fan Toghch\u00e1in","isPartOf":{"@id":"https:\/\/www.electoralcommission.ie\/ga\/#website"},"primaryImageOfPage":{"@id":"https:\/\/www.electoralcommission.ie\/ga\/go-raibh-maith-agat-as-daighneacht-don-chomhairliuchan-poibli-ar-phostaeir\/#primaryimage"},"image":{"@id":"https:\/\/www.electoralcommission.ie\/ga\/go-raibh-maith-agat-as-daighneacht-don-chomhairliuchan-poibli-ar-phostaeir\/#primaryimage"},"thumbnailUrl":"https:\/\/www.electoralcommission.ie\/app\/uploads\/2025\/03\/Landscape-Skies-Photo-Collage-YouTube-Banner-827-x-505-px.png","datePublished":"2025-03-21T16:19:59+00:00","dateModified":"2025-03-25T15:29:43+00:00","breadcrumb":{"@id":"https:\/\/www.electoralcommission.ie\/ga\/go-raibh-maith-agat-as-daighneacht-don-chomhairliuchan-poibli-ar-phostaeir\/#breadcrumb"},"inLanguage":"ga-IE","potentialAction":[{"@type":"ReadAction","target":["https:\/\/www.electoralcommission.ie\/ga\/go-raibh-maith-agat-as-daighneacht-don-chomhairliuchan-poibli-ar-phostaeir\/"]}]},{"@type":"ImageObject","inLanguage":"ga-IE","@id":"https:\/\/www.electoralcommission.ie\/ga\/go-raibh-maith-agat-as-daighneacht-don-chomhairliuchan-poibli-ar-phostaeir\/#primaryimage","url":"https:\/\/www.electoralcommission.ie\/app\/uploads\/2025\/03\/Landscape-Skies-Photo-Collage-YouTube-Banner-827-x-505-px.png","contentUrl":"https:\/\/www.electoralcommission.ie\/app\/uploads\/2025\/03\/Landscape-Skies-Photo-Collage-YouTube-Banner-827-x-505-px.png","width":827,"height":505,"caption":"A collage of election posters from different EU States."},{"@type":"BreadcrumbList","@id":"https:\/\/www.electoralcommission.ie\/ga\/go-raibh-maith-agat-as-daighneacht-don-chomhairliuchan-poibli-ar-phostaeir\/#breadcrumb","itemListElement":[{"@type":"ListItem","position":1,"name":"Baile","item":"https:\/\/www.electoralcommission.ie\/ga\/"},{"@type":"ListItem","position":2,"name":"Go raibh maith agat as d\u2019aighneacht don chomhairli\u00fach\u00e1n poibl\u00ed ar ph\u00f3staeir."}]},{"@type":"WebSite","@id":"https:\/\/www.electoralcommission.ie\/ga\/#website","url":"https:\/\/www.electoralcommission.ie\/ga\/","name":"Coimisi\u00fan Toghch\u00e1in","description":"Ireland&#039;s Statutory, Independent Electoral Commission","potentialAction":[{"@type":"SearchAction","target":{"@type":"EntryPoint","urlTemplate":"https:\/\/www.electoralcommission.ie\/ga\/?s={search_term_string}"},"query-input":{"@type":"PropertyValueSpecification","valueRequired":true,"valueName":"search_term_string"}}],"inLanguage":"ga-IE"}]}},"uagb_featured_image_src":{"full":["https:\/\/www.electoralcommission.ie\/app\/uploads\/2025\/03\/Landscape-Skies-Photo-Collage-YouTube-Banner-827-x-505-px.png",827,505,false],"thumbnail":["https:\/\/www.electoralcommission.ie\/app\/uploads\/2025\/03\/Landscape-Skies-Photo-Collage-YouTube-Banner-827-x-505-px-355x210.png",355,210,true],"medium":["https:\/\/www.electoralcommission.ie\/app\/uploads\/2025\/03\/Landscape-Skies-Photo-Collage-YouTube-Banner-827-x-505-px-300x183.png",300,183,true],"medium_large":["https:\/\/www.electoralcommission.ie\/app\/uploads\/2025\/03\/Landscape-Skies-Photo-Collage-YouTube-Banner-827-x-505-px-768x469.png",768,469,true],"large":["https:\/\/www.electoralcommission.ie\/app\/uploads\/2025\/03\/Landscape-Skies-Photo-Collage-YouTube-Banner-827-x-505-px.png",827,505,false],"1536x1536":["https:\/\/www.electoralcommission.ie\/app\/uploads\/2025\/03\/Landscape-Skies-Photo-Collage-YouTube-Banner-827-x-505-px.png",827,505,false],"2048x2048":["https:\/\/www.electoralcommission.ie\/app\/uploads\/2025\/03\/Landscape-Skies-Photo-Collage-YouTube-Banner-827-x-505-px.png",827,505,false],"gform-image-choice-sm":["https:\/\/www.electoralcommission.ie\/app\/uploads\/2025\/03\/Landscape-Skies-Photo-Collage-YouTube-Banner-827-x-505-px.png",300,183,false],"gform-image-choice-md":["https:\/\/www.electoralcommission.ie\/app\/uploads\/2025\/03\/Landscape-Skies-Photo-Collage-YouTube-Banner-827-x-505-px.png",400,244,false],"gform-image-choice-lg":["https:\/\/www.electoralcommission.ie\/app\/uploads\/2025\/03\/Landscape-Skies-Photo-Collage-YouTube-Banner-827-x-505-px.png",600,366,false]},"uagb_author_info":{"display_name":"Annmarie Power","author_link":"https:\/\/www.electoralcommission.ie\/ga\/author\/annmarie-power\/"},"uagb_comment_info":0,"uagb_excerpt":"Go raibh maith agat as d\u2019aighneacht a chur faoin\u00e1r mbr\u00e1id chun bonn eolais a chur faoi thaighde ar \u00fas\u00e1id ph\u00f3staer in imeachta\u00ed toghch\u00e1in na h\u00c9ireann. Foilseoimid an nuacht is d\u00e9ana\u00ed faoi fhorbairt na taighde seo ar \u00e1r su\u00edomh gr\u00e9as\u00e1in.","_links":{"self":[{"href":"https:\/\/www.electoralcommission.ie\/ga\/wp-json\/wp\/v2\/pages\/13067","targetHints":{"allow":["GET"]}}],"collection":[{"href":"https:\/\/www.electoralcommission.ie\/ga\/wp-json\/wp\/v2\/pages"}],"about":[{"href":"https:\/\/www.electoralcommission.ie\/ga\/wp-json\/wp\/v2\/types\/page"}],"author":[{"embeddable":true,"href":"https:\/\/www.electoralcommission.ie\/ga\/wp-json\/wp\/v2\/users\/20"}],"replies":[{"embeddable":true,"href":"https:\/\/www.electoralcommission.ie\/ga\/wp-json\/wp\/v2\/comments?post=13067"}],"version-history":[{"count":3,"href":"https:\/\/www.electoralcommission.ie\/ga\/wp-json\/wp\/v2\/pages\/13067\/revisions"}],"predecessor-version":[{"id":13102,"href":"https:\/\/www.electoralcommission.ie\/ga\/wp-json\/wp\/v2\/pages\/13067\/revisions\/13102"}],"wp:featuredmedia":[{"embeddable":true,"href":"https:\/\/www.electoralcommission.ie\/ga\/wp-json\/wp\/v2\/media\/13052"}],"wp:attachment":[{"href":"https:\/\/www.electoralcommission.ie\/ga\/wp-json\/wp\/v2\/media?parent=13067"}],"curies":[{"name":"wp","href":"https:\/\/api.w.org\/{rel}","templated":true}]}}