
{"id":14248,"date":"2025-08-12T16:58:55","date_gmt":"2025-08-12T15:58:55","guid":{"rendered":"https:\/\/www.electoralcommission.ie\/?page_id=14248"},"modified":"2025-10-13T17:03:30","modified_gmt":"2025-10-13T16:03:30","slug":"go-raibh-maith-agat-as-aighneacht-a-dheanamh-2","status":"publish","type":"page","link":"https:\/\/www.electoralcommission.ie\/ga\/go-raibh-maith-agat-as-aighneacht-a-dheanamh-2\/","title":{"rendered":"Go raibh maith agat as aighneacht a dh\u00e9anamh"},"content":{"rendered":"\n<p>Go raibh maith agat as d\u2019aighneacht a chur faoin\u00e1r mbr\u00e1id chun bonn eolais a chur faoi fhorbairt Strait\u00e9is Oideachais agus Rannph\u00e1irt\u00edocht an Phobail de chuid an Choimisi\u00fain. Foilseoimid an nuacht is deireana\u00ed faoi fhorbairt na strait\u00e9ise ar \u00e1r su\u00edomh gr\u00e9as\u00e1in.<\/p>\n\n<p><\/p>\n","protected":false},"excerpt":{"rendered":"<p>Go raibh maith agat as d\u2019aighneacht a chur faoin\u00e1r mbr\u00e1id chun bonn eolais a chur faoi fhorbairt Strait\u00e9is Oideachais agus Rannph\u00e1irt\u00edocht an Phobail de chuid an Choimisi\u00fain. Foilseoimid an nuacht is deireana\u00ed faoi fhorbairt na strait\u00e9ise ar \u00e1r su\u00edomh gr\u00e9as\u00e1in.<\/p>\n","protected":false},"author":20,"featured_media":9146,"parent":0,"menu_order":0,"comment_status":"closed","ping_status":"closed","template":"","meta":{"_acf_changed":false,"_relevanssi_hide_post":"","_relevanssi_hide_content":"","_relevanssi_pin_for_all":"","_relevanssi_pin_keywords":"","_relevanssi_unpin_keywords":"","_relevanssi_related_keywords":"","_relevanssi_related_include_ids":"","_relevanssi_related_exclude_ids":"","_relevanssi_related_no_append":"","_relevanssi_related_not_related":"","_relevanssi_related_posts":"12555,9475,5671,10298,5031,10109","_relevanssi_noindex_reason":"","_uag_custom_page_level_css":"","footnotes":""},"class_list":["post-14248","page","type-page","status-publish","has-post-thumbnail","hentry"],"acf":[],"yoast_head":"<!-- This site is optimized with the Yoast SEO plugin v27.5 - https:\/\/yoast.com\/product\/yoast-seo-wordpress\/ -->\n<title>Go raibh maith agat as aighneacht a dh\u00e9anamh - Coimisi\u00fan Toghch\u00e1in<\/title>\n<meta name=\"robots\" content=\"index, follow, max-snippet:-1, max-image-preview:large, max-video-preview:-1\" \/>\n<link rel=\"canonical\" href=\"https:\/\/www.electoralcommission.ie\/ga\/go-raibh-maith-agat-as-aighneacht-a-dheanamh-2\/\" \/>\n<meta property=\"og:locale\" content=\"ga_IE\" \/>\n<meta property=\"og:type\" content=\"article\" \/>\n<meta property=\"og:title\" content=\"Go raibh maith agat as aighneacht a dh\u00e9anamh - Coimisi\u00fan Toghch\u00e1in\" \/>\n<meta property=\"og:description\" content=\"Go raibh maith agat as d\u2019aighneacht a chur faoin\u00e1r mbr\u00e1id chun bonn eolais a chur faoi fhorbairt Strait\u00e9is Oideachais agus Rannph\u00e1irt\u00edocht an Phobail de chuid an Choimisi\u00fain. Foilseoimid an nuacht is deireana\u00ed faoi fhorbairt na strait\u00e9ise ar \u00e1r su\u00edomh gr\u00e9as\u00e1in.\" \/>\n<meta property=\"og:url\" content=\"https:\/\/www.electoralcommission.ie\/ga\/go-raibh-maith-agat-as-aighneacht-a-dheanamh-2\/\" \/>\n<meta property=\"og:site_name\" content=\"Coimisi\u00fan Toghch\u00e1in\" \/>\n<meta property=\"article:modified_time\" content=\"2025-10-13T16:03:30+00:00\" \/>\n<meta property=\"og:image\" content=\"https:\/\/cdn.electoralcommission.ie\/app\/uploads\/2024\/04\/29153238\/An-Coimisiu%CC%81n-Toghcha%CC%81in-328-scaled.jpg\" \/>\n\t<meta property=\"og:image:width\" content=\"2560\" \/>\n\t<meta property=\"og:image:height\" content=\"1707\" \/>\n\t<meta property=\"og:image:type\" content=\"image\/jpeg\" \/>\n<meta name=\"twitter:card\" content=\"summary_large_image\" \/>\n<meta name=\"twitter:label1\" content=\"Est. reading time\" \/>\n\t<meta name=\"twitter:data1\" content=\"1 minute\" \/>\n<script type=\"application\/ld+json\" class=\"yoast-schema-graph\">{\"@context\":\"https:\\\/\\\/schema.org\",\"@graph\":[{\"@type\":\"WebPage\",\"@id\":\"https:\\\/\\\/www.electoralcommission.ie\\\/ga\\\/go-raibh-maith-agat-as-aighneacht-a-dheanamh-2\\\/\",\"url\":\"https:\\\/\\\/www.electoralcommission.ie\\\/ga\\\/go-raibh-maith-agat-as-aighneacht-a-dheanamh-2\\\/\",\"name\":\"Go raibh maith agat as aighneacht a dh\u00e9anamh - Coimisi\u00fan Toghch\u00e1in\",\"isPartOf\":{\"@id\":\"https:\\\/\\\/www.electoralcommission.ie\\\/ga\\\/#website\"},\"primaryImageOfPage\":{\"@id\":\"https:\\\/\\\/www.electoralcommission.ie\\\/ga\\\/go-raibh-maith-agat-as-aighneacht-a-dheanamh-2\\\/#primaryimage\"},\"image\":{\"@id\":\"https:\\\/\\\/www.electoralcommission.ie\\\/ga\\\/go-raibh-maith-agat-as-aighneacht-a-dheanamh-2\\\/#primaryimage\"},\"thumbnailUrl\":\"https:\\\/\\\/www.electoralcommission.ie\\\/app\\\/uploads\\\/2024\\\/04\\\/An-Coimisiu\u0301n-Toghcha\u0301in-328-scaled-e1714565247585.jpg\",\"datePublished\":\"2025-08-12T15:58:55+00:00\",\"dateModified\":\"2025-10-13T16:03:30+00:00\",\"breadcrumb\":{\"@id\":\"https:\\\/\\\/www.electoralcommission.ie\\\/ga\\\/go-raibh-maith-agat-as-aighneacht-a-dheanamh-2\\\/#breadcrumb\"},\"inLanguage\":\"ga-IE\",\"potentialAction\":[{\"@type\":\"ReadAction\",\"target\":[\"https:\\\/\\\/www.electoralcommission.ie\\\/ga\\\/go-raibh-maith-agat-as-aighneacht-a-dheanamh-2\\\/\"]}]},{\"@type\":\"ImageObject\",\"inLanguage\":\"ga-IE\",\"@id\":\"https:\\\/\\\/www.electoralcommission.ie\\\/ga\\\/go-raibh-maith-agat-as-aighneacht-a-dheanamh-2\\\/#primaryimage\",\"url\":\"https:\\\/\\\/www.electoralcommission.ie\\\/app\\\/uploads\\\/2024\\\/04\\\/An-Coimisiu\u0301n-Toghcha\u0301in-328-scaled-e1714565247585.jpg\",\"contentUrl\":\"https:\\\/\\\/www.electoralcommission.ie\\\/app\\\/uploads\\\/2024\\\/04\\\/An-Coimisiu\u0301n-Toghcha\u0301in-328-scaled-e1714565247585.jpg\",\"width\":2560,\"height\":1707},{\"@type\":\"BreadcrumbList\",\"@id\":\"https:\\\/\\\/www.electoralcommission.ie\\\/ga\\\/go-raibh-maith-agat-as-aighneacht-a-dheanamh-2\\\/#breadcrumb\",\"itemListElement\":[{\"@type\":\"ListItem\",\"position\":1,\"name\":\"Baile\",\"item\":\"https:\\\/\\\/www.electoralcommission.ie\\\/ga\\\/\"},{\"@type\":\"ListItem\",\"position\":2,\"name\":\"Go raibh maith agat as aighneacht a dh\u00e9anamh\"}]},{\"@type\":\"WebSite\",\"@id\":\"https:\\\/\\\/www.electoralcommission.ie\\\/ga\\\/#website\",\"url\":\"https:\\\/\\\/www.electoralcommission.ie\\\/ga\\\/\",\"name\":\"Coimisi\u00fan Toghch\u00e1in\",\"description\":\"Ireland&#039;s Statutory, Independent Electoral Commission\",\"potentialAction\":[{\"@type\":\"SearchAction\",\"target\":{\"@type\":\"EntryPoint\",\"urlTemplate\":\"https:\\\/\\\/www.electoralcommission.ie\\\/ga\\\/?s={search_term_string}\"},\"query-input\":{\"@type\":\"PropertyValueSpecification\",\"valueRequired\":true,\"valueName\":\"search_term_string\"}}],\"inLanguage\":\"ga-IE\"}]}<\/script>\n<!-- \/ Yoast SEO plugin. -->","yoast_head_json":{"title":"Go raibh maith agat as aighneacht a dh\u00e9anamh - Coimisi\u00fan Toghch\u00e1in","robots":{"index":"index","follow":"follow","max-snippet":"max-snippet:-1","max-image-preview":"max-image-preview:large","max-video-preview":"max-video-preview:-1"},"canonical":"https:\/\/www.electoralcommission.ie\/ga\/go-raibh-maith-agat-as-aighneacht-a-dheanamh-2\/","og_locale":"ga_IE","og_type":"article","og_title":"Go raibh maith agat as aighneacht a dh\u00e9anamh - Coimisi\u00fan Toghch\u00e1in","og_description":"Go raibh maith agat as d\u2019aighneacht a chur faoin\u00e1r mbr\u00e1id chun bonn eolais a chur faoi fhorbairt Strait\u00e9is Oideachais agus Rannph\u00e1irt\u00edocht an Phobail de chuid an Choimisi\u00fain. Foilseoimid an nuacht is deireana\u00ed faoi fhorbairt na strait\u00e9ise ar \u00e1r su\u00edomh gr\u00e9as\u00e1in.","og_url":"https:\/\/www.electoralcommission.ie\/ga\/go-raibh-maith-agat-as-aighneacht-a-dheanamh-2\/","og_site_name":"Coimisi\u00fan Toghch\u00e1in","article_modified_time":"2025-10-13T16:03:30+00:00","og_image":[{"width":2560,"height":1707,"url":"https:\/\/cdn.electoralcommission.ie\/app\/uploads\/2024\/04\/29153238\/An-Coimisiu%CC%81n-Toghcha%CC%81in-328-scaled.jpg","type":"image\/jpeg"}],"twitter_card":"summary_large_image","twitter_misc":{"Est. reading time":"1 minute"},"schema":{"@context":"https:\/\/schema.org","@graph":[{"@type":"WebPage","@id":"https:\/\/www.electoralcommission.ie\/ga\/go-raibh-maith-agat-as-aighneacht-a-dheanamh-2\/","url":"https:\/\/www.electoralcommission.ie\/ga\/go-raibh-maith-agat-as-aighneacht-a-dheanamh-2\/","name":"Go raibh maith agat as aighneacht a dh\u00e9anamh - Coimisi\u00fan Toghch\u00e1in","isPartOf":{"@id":"https:\/\/www.electoralcommission.ie\/ga\/#website"},"primaryImageOfPage":{"@id":"https:\/\/www.electoralcommission.ie\/ga\/go-raibh-maith-agat-as-aighneacht-a-dheanamh-2\/#primaryimage"},"image":{"@id":"https:\/\/www.electoralcommission.ie\/ga\/go-raibh-maith-agat-as-aighneacht-a-dheanamh-2\/#primaryimage"},"thumbnailUrl":"https:\/\/www.electoralcommission.ie\/app\/uploads\/2024\/04\/An-Coimisiu\u0301n-Toghcha\u0301in-328-scaled-e1714565247585.jpg","datePublished":"2025-08-12T15:58:55+00:00","dateModified":"2025-10-13T16:03:30+00:00","breadcrumb":{"@id":"https:\/\/www.electoralcommission.ie\/ga\/go-raibh-maith-agat-as-aighneacht-a-dheanamh-2\/#breadcrumb"},"inLanguage":"ga-IE","potentialAction":[{"@type":"ReadAction","target":["https:\/\/www.electoralcommission.ie\/ga\/go-raibh-maith-agat-as-aighneacht-a-dheanamh-2\/"]}]},{"@type":"ImageObject","inLanguage":"ga-IE","@id":"https:\/\/www.electoralcommission.ie\/ga\/go-raibh-maith-agat-as-aighneacht-a-dheanamh-2\/#primaryimage","url":"https:\/\/www.electoralcommission.ie\/app\/uploads\/2024\/04\/An-Coimisiu\u0301n-Toghcha\u0301in-328-scaled-e1714565247585.jpg","contentUrl":"https:\/\/www.electoralcommission.ie\/app\/uploads\/2024\/04\/An-Coimisiu\u0301n-Toghcha\u0301in-328-scaled-e1714565247585.jpg","width":2560,"height":1707},{"@type":"BreadcrumbList","@id":"https:\/\/www.electoralcommission.ie\/ga\/go-raibh-maith-agat-as-aighneacht-a-dheanamh-2\/#breadcrumb","itemListElement":[{"@type":"ListItem","position":1,"name":"Baile","item":"https:\/\/www.electoralcommission.ie\/ga\/"},{"@type":"ListItem","position":2,"name":"Go raibh maith agat as aighneacht a dh\u00e9anamh"}]},{"@type":"WebSite","@id":"https:\/\/www.electoralcommission.ie\/ga\/#website","url":"https:\/\/www.electoralcommission.ie\/ga\/","name":"Coimisi\u00fan Toghch\u00e1in","description":"Ireland&#039;s Statutory, Independent Electoral Commission","potentialAction":[{"@type":"SearchAction","target":{"@type":"EntryPoint","urlTemplate":"https:\/\/www.electoralcommission.ie\/ga\/?s={search_term_string}"},"query-input":{"@type":"PropertyValueSpecification","valueRequired":true,"valueName":"search_term_string"}}],"inLanguage":"ga-IE"}]}},"uagb_featured_image_src":{"full":["https:\/\/www.electoralcommission.ie\/app\/uploads\/2024\/04\/An-Coimisiu\u0301n-Toghcha\u0301in-328-scaled-e1714565247585.jpg",2560,1707,false],"thumbnail":["https:\/\/www.electoralcommission.ie\/app\/uploads\/2024\/04\/An-Coimisiu\u0301n-Toghcha\u0301in-328-355x210.jpg",355,210,true],"medium":["https:\/\/www.electoralcommission.ie\/app\/uploads\/2024\/04\/An-Coimisiu\u0301n-Toghcha\u0301in-328-300x200.jpg",300,200,true],"medium_large":["https:\/\/www.electoralcommission.ie\/app\/uploads\/2024\/04\/An-Coimisiu\u0301n-Toghcha\u0301in-328-768x512.jpg",768,512,true],"large":["https:\/\/www.electoralcommission.ie\/app\/uploads\/2024\/04\/An-Coimisiu\u0301n-Toghcha\u0301in-328-1024x683.jpg",1024,683,true],"1536x1536":["https:\/\/www.electoralcommission.ie\/app\/uploads\/2024\/04\/An-Coimisiu\u0301n-Toghcha\u0301in-328-1536x1024.jpg",1536,1024,true],"2048x2048":["https:\/\/www.electoralcommission.ie\/app\/uploads\/2024\/04\/An-Coimisiu\u0301n-Toghcha\u0301in-328-2048x1365.jpg",2048,1365,true],"gform-image-choice-sm":["https:\/\/www.electoralcommission.ie\/app\/uploads\/2024\/04\/An-Coimisiu\u0301n-Toghcha\u0301in-328-scaled-e1714565247585.jpg",300,200,false],"gform-image-choice-md":["https:\/\/www.electoralcommission.ie\/app\/uploads\/2024\/04\/An-Coimisiu\u0301n-Toghcha\u0301in-328-scaled-e1714565247585.jpg",400,267,false],"gform-image-choice-lg":["https:\/\/www.electoralcommission.ie\/app\/uploads\/2024\/04\/An-Coimisiu\u0301n-Toghcha\u0301in-328-scaled-e1714565247585.jpg",600,400,false]},"uagb_author_info":{"display_name":"Annmarie Power","author_link":"https:\/\/www.electoralcommission.ie\/ga\/author\/annmarie-power\/"},"uagb_comment_info":0,"uagb_excerpt":"Go raibh maith agat as d\u2019aighneacht a chur faoin\u00e1r mbr\u00e1id chun bonn eolais a chur faoi fhorbairt Strait\u00e9is Oideachais agus Rannph\u00e1irt\u00edocht an Phobail de chuid an Choimisi\u00fain. Foilseoimid an nuacht is deireana\u00ed faoi fhorbairt na strait\u00e9ise ar \u00e1r su\u00edomh gr\u00e9as\u00e1in.","_links":{"self":[{"href":"https:\/\/www.electoralcommission.ie\/ga\/wp-json\/wp\/v2\/pages\/14248","targetHints":{"allow":["GET"]}}],"collection":[{"href":"https:\/\/www.electoralcommission.ie\/ga\/wp-json\/wp\/v2\/pages"}],"about":[{"href":"https:\/\/www.electoralcommission.ie\/ga\/wp-json\/wp\/v2\/types\/page"}],"author":[{"embeddable":true,"href":"https:\/\/www.electoralcommission.ie\/ga\/wp-json\/wp\/v2\/users\/20"}],"replies":[{"embeddable":true,"href":"https:\/\/www.electoralcommission.ie\/ga\/wp-json\/wp\/v2\/comments?post=14248"}],"version-history":[{"count":1,"href":"https:\/\/www.electoralcommission.ie\/ga\/wp-json\/wp\/v2\/pages\/14248\/revisions"}],"predecessor-version":[{"id":14249,"href":"https:\/\/www.electoralcommission.ie\/ga\/wp-json\/wp\/v2\/pages\/14248\/revisions\/14249"}],"wp:featuredmedia":[{"embeddable":true,"href":"https:\/\/www.electoralcommission.ie\/ga\/wp-json\/wp\/v2\/media\/9146"}],"wp:attachment":[{"href":"https:\/\/www.electoralcommission.ie\/ga\/wp-json\/wp\/v2\/media?parent=14248"}],"curies":[{"name":"wp","href":"https:\/\/api.w.org\/{rel}","templated":true}]}}