
{"id":208,"date":"2022-04-20T12:44:24","date_gmt":"2022-04-20T11:44:24","guid":{"rendered":"https:\/\/www.electoralcommission.ie\/comhaltai-an-choimisiuin\/"},"modified":"2026-03-13T09:12:30","modified_gmt":"2026-03-13T09:12:30","slug":"comhaltai-an-choimisiuin","status":"publish","type":"page","link":"https:\/\/www.electoralcommission.ie\/ga\/comhaltai-an-choimisiuin\/","title":{"rendered":"Comhalta\u00ed an Choimisi\u00fain"},"content":{"rendered":"\n<p>T\u00e1 an Coimisi\u00fan comhdh\u00e9anta de 7 gcomhalta. Is \u00ed an Breitheamh Marie Baker, a d&#8217;ainmnigh an Pr\u00edomh-Bhreitheamh, mar chathaoirleach. T\u00e1 ceathrar gn\u00e1thchomhalta\u00ed den Choimisi\u00fan ann a ceapadh tar \u00e9is com\u00f3rtais a re\u00e1cht\u00e1il an tSeirbh\u00eds um Cheapach\u00e1in Phoibl\u00ed. Is iad sin:<\/p>\n\n\n\n<ul class=\"wp-block-list\">\n<li>Alex Attwood<\/li>\n\n\n\n<li>John Curran<\/li>\n\n\n\n<li>Professor Caroline Fennell<\/li>\n\n\n\n<li>Maura Quinn<\/li>\n<\/ul>\n\n\n\n<p>T\u00e1 beirt chomhalta\u00ed de bhr\u00ed oifige ann:<\/p>\n\n\n\n<ul class=\"wp-block-list\">\n<li>Ger Deering, Ombudsman.<\/li>\n\n\n\n<li>Elaine Gunn<\/li>\n<\/ul>\n\n\n\n<h2 class=\"wp-block-heading\">Beathaisn\u00e9is\u00ed<\/h2>\n\n\n\n<div class=\"wp-block-group member is-layout-constrained wp-block-group-is-layout-constrained\">\n<h3 class=\"wp-block-heading\"><strong>An Breitheamh Marie Baker \u2013 Cathaoirleach An Choimisi\u00fain Toghch\u00e1in<\/strong><\/h3>\n\n\n\n<div class=\"wp-block-columns is-layout-flex wp-container-core-columns-is-layout-9d6595d7 wp-block-columns-is-layout-flex\">\n<div class=\"wp-block-column is-layout-flow wp-block-column-is-layout-flow\" style=\"flex-basis:250px\">\n<figure class=\"wp-block-image aligncenter size-large is-resized is-style-default\"><img loading=\"lazy\" decoding=\"async\" width=\"1024\" height=\"883\" src=\"https:\/\/www.electoralcommission.ie\/app\/uploads\/2023\/09\/Marie-Baker-1-1024x883.jpg\" alt=\"An Breitheamh Marie Baker\" class=\"wp-image-5697\" style=\"width:250px;height:undefinedpx\" srcset=\"https:\/\/www.electoralcommission.ie\/app\/uploads\/2023\/09\/Marie-Baker-1-1024x883.jpg 1024w, https:\/\/www.electoralcommission.ie\/app\/uploads\/2023\/09\/Marie-Baker-1-300x259.jpg 300w, https:\/\/www.electoralcommission.ie\/app\/uploads\/2023\/09\/Marie-Baker-1-768x662.jpg 768w, https:\/\/www.electoralcommission.ie\/app\/uploads\/2023\/09\/Marie-Baker-1-1536x1324.jpg 1536w, https:\/\/www.electoralcommission.ie\/app\/uploads\/2023\/09\/Marie-Baker-1-2048x1766.jpg 2048w\" sizes=\"auto, (max-width: 1024px) 100vw, 1024px\" \/><\/figure>\n<\/div>\n\n\n\n<div class=\"wp-block-column is-vertically-aligned-center is-layout-flow wp-block-column-is-layout-flow\">\n<p>Ba breitheamh de chuid na C\u00fairte Uachtara\u00ed \u00ed an Breitheamh Baker, a ceapadh in 2019, agus a chuaigh ar scor in Aibre\u00e1n 2024. &nbsp;D\u2019ainmnigh an Pr\u00edomh-Bhreitheamh \u00ed mar Chathaoirleach ar an gCoimisi\u00fan Toghch\u00e1in. Glaodh chun an Bharra \u00ed in 1984 agus chun Bharra na Sinsear in 2004.<\/p>\n\n\n\n<p>Chleacht an Breitheamh Baker i gcuarda Chorca\u00ed agus na Mumhan agus is idirghabh\u00e1la\u00ed creidi\u00fanaithe \u00ed. Bh\u00ed s\u00ed ina Coimisin\u00e9ir p\u00e1irt-aimseartha ar an gCoimisi\u00fan um Athch\u00f3iri\u00fa an Dl\u00ed roimhe seo agus bh\u00ed s\u00ed mar chomhalta den ghr\u00fapa staid\u00e9ir comhairleach ar chomhaontuithe r\u00e9amhph\u00f3sta. In 2014, ceapadh an Breitheamh Baker mar bhreitheamh Ard-Ch\u00fairte, agus bh\u00ed s\u00ed ina Breitheamh sa Ch\u00fairt Achomhairc \u00f3 Mheitheamh 2018.<\/p>\n<\/div>\n<\/div>\n<\/div>\n\n\n\n<div class=\"wp-block-group member is-layout-constrained wp-block-group-is-layout-constrained\">\n<h3 class=\"wp-block-heading\"><strong>Alex Attwood<\/strong><\/h3>\n\n\n\n<div class=\"wp-block-columns is-layout-flex wp-container-core-columns-is-layout-9d6595d7 wp-block-columns-is-layout-flex\">\n<div class=\"wp-block-column is-layout-flow wp-block-column-is-layout-flow\" style=\"flex-basis:250px\">\n<figure class=\"wp-block-image aligncenter size-large is-resized\"><img loading=\"lazy\" decoding=\"async\" width=\"1024\" height=\"683\" src=\"https:\/\/www.electoralcommission.ie\/app\/uploads\/2023\/09\/ELEC_T1_-184-1024x683.jpg\" alt=\"Alex Attwood\" class=\"wp-image-5681\" style=\"width:250px;height:undefinedpx\" srcset=\"https:\/\/www.electoralcommission.ie\/app\/uploads\/2023\/09\/ELEC_T1_-184-1024x683.jpg 1024w, https:\/\/www.electoralcommission.ie\/app\/uploads\/2023\/09\/ELEC_T1_-184-300x200.jpg 300w, https:\/\/www.electoralcommission.ie\/app\/uploads\/2023\/09\/ELEC_T1_-184-768x512.jpg 768w, https:\/\/www.electoralcommission.ie\/app\/uploads\/2023\/09\/ELEC_T1_-184-1536x1024.jpg 1536w, https:\/\/www.electoralcommission.ie\/app\/uploads\/2023\/09\/ELEC_T1_-184-2048x1365.jpg 2048w\" sizes=\"auto, (max-width: 1024px) 100vw, 1024px\" \/><\/figure>\n<\/div>\n\n\n\n<div class=\"wp-block-column is-vertically-aligned-center is-layout-flow wp-block-column-is-layout-flow\">\n<p>Idir 1985-2017 bh\u00ed Alex Attwood ina ionada\u00ed tofa do thoghlach Bh\u00e9al Feirste Thiar (ar dt\u00fas sa Chomhairle Cathrach agus ansin i dTion\u00f3l Thuaisceart \u00c9ireann) agus \u00e9 ina Aire Rialtais \u00f3 Bhealtaine 2010 go Meitheamh 2013. Bh\u00ed s\u00e9 p\u00e1irteach i gcaibidl\u00ed iomad\u00fala i ndiaidh Chomhaont\u00fa Aoine an Ch\u00e9asta 1998 \u00f3 cheisteanna p\u00f3il\u00edneachta, ceartais choiri\u00fail, ceart daonna agus oidhreachta go cl\u00e1ir rialtais agus athch\u00f3iri\u00fa institi\u00faid\u00ed st\u00e1it. Idir 2017 \u2013 2019 d&#8217;oibrigh s\u00e9 mar shaineola\u00ed rialachais agus sl\u00e1nd\u00e1la in \u00e1iteanna a raibh coimhlint n\u00f3 a bh\u00ed ag teacht amach as coimhlint lena n-\u00e1ir\u00edtear an \u00dacr\u00e1in agus an Iar\u00e1ic (Niniv\u00e9, Basra agus Anbar) le ceannair\u00ed polaiti\u00fala agus sibhialta i gceantair a saoradh \u00f3 Da\u2019esh ach go h\u00e1irithe.<\/p>\n\n\n\n<p>Is comhalta \u00e9 de Bhord Comhairleach Biasl\u00e1n, foras uile-\u00c9ireann tr\u00edd a dtugtar aghaidh ar riosca\u00ed bia, tearcrochtain bhia agus murtall agus de Choimisi\u00fan Toghch\u00e1in na RA at\u00e1 freagrach as toghch\u00e1in agus rial\u00fa p\u00e1irtithe polaiti\u00fala lena n-\u00e1ir\u00edtear s\u00ednti\u00fais. D\u00e9anann s\u00e9 taighde p\u00f3il\u00edneachta ar son comhalta de Bhord P\u00f3il\u00edneachta T\u00c9.<\/p>\n<\/div>\n<\/div>\n<\/div>\n\n\n\n<div class=\"wp-block-group member is-layout-constrained wp-block-group-is-layout-constrained\">\n<h3 class=\"wp-block-heading\"><strong>John Curran<\/strong><\/h3>\n\n\n\n<div class=\"wp-block-columns is-layout-flex wp-container-core-columns-is-layout-9d6595d7 wp-block-columns-is-layout-flex\">\n<div class=\"wp-block-column is-layout-flow wp-block-column-is-layout-flow\" style=\"flex-basis:250px\">\n<figure class=\"wp-block-image aligncenter size-large is-resized\"><img loading=\"lazy\" decoding=\"async\" width=\"1024\" height=\"683\" src=\"https:\/\/www.electoralcommission.ie\/app\/uploads\/2023\/09\/ELEC_T1_-65-1024x683.jpg\" alt=\"John Curran\" class=\"wp-image-5704\" style=\"width:250px;height:undefinedpx\" srcset=\"https:\/\/www.electoralcommission.ie\/app\/uploads\/2023\/09\/ELEC_T1_-65-1024x683.jpg 1024w, https:\/\/www.electoralcommission.ie\/app\/uploads\/2023\/09\/ELEC_T1_-65-300x200.jpg 300w, https:\/\/www.electoralcommission.ie\/app\/uploads\/2023\/09\/ELEC_T1_-65-768x512.jpg 768w, https:\/\/www.electoralcommission.ie\/app\/uploads\/2023\/09\/ELEC_T1_-65-1536x1024.jpg 1536w, https:\/\/www.electoralcommission.ie\/app\/uploads\/2023\/09\/ELEC_T1_-65-2048x1365.jpg 2048w\" sizes=\"auto, (max-width: 1024px) 100vw, 1024px\" \/><\/figure>\n<\/div>\n\n\n\n<div class=\"wp-block-column is-vertically-aligned-center is-layout-flow wp-block-column-is-layout-flow\">\n<p>I ndiaidh d\u00f3 C\u00e9im Thr\u00e1cht\u00e1la a bhaint amach \u00f3 COB\u00c1C bhunaigh agus re\u00e1cht\u00e1il John gn\u00f3 rath\u00fail closamhairc i mBaile \u00c1tha Cliath. T\u00e1 John ina Ionada\u00ed Poibl\u00ed tofa leis an gcuid is m\u00f3 de 20 bliain anuas. Toghadh \u00e9 do Chomhairle Contae \u00c1tha Cliath Theas in 1999 agus do Dh\u00e1il Eireann in 2002.<\/p>\n\n\n\n<p>Bh\u00ed John ar roinnt coist\u00ed Oireachtais lena n-\u00e1ir\u00edtear an Coiste um Chuntais Phoibl\u00ed, an Coiste um Oideachas agus bh\u00ed s\u00e9 mar chathaoirleach ar an gCoiste um Choimirce Sh\u00f3isialach agus ar an gCoiste um Thith\u00edocht agus Easpa D\u00eddine. Bh\u00ed John freisin ina Aire St\u00e1it ar a raibh freagracht as an Strait\u00e9is N\u00e1isi\u00fanta Druga\u00ed agus Gn\u00f3tha\u00ed Pobail aige agus bh\u00ed s\u00e9 ina Phr\u00edomh-Aoire Rialtais. T\u00e1 John mar Chathaoirleach ar Archways agus Leas-Chathaoirleach ar Ph\u00e1irt\u00edocht Chontae \u00c1tha Cliath Theas i l\u00e1thair na huaire.<\/p>\n<\/div>\n<\/div>\n<\/div>\n\n\n\n<div class=\"wp-block-group member is-layout-constrained wp-block-group-is-layout-constrained\">\n<h3 class=\"wp-block-heading\"><strong><strong>Ger Deering<\/strong><\/strong><\/h3>\n\n\n\n<div class=\"wp-block-columns is-layout-flex wp-container-core-columns-is-layout-9d6595d7 wp-block-columns-is-layout-flex\">\n<div class=\"wp-block-column is-layout-flow wp-block-column-is-layout-flow\" style=\"flex-basis:250px\">\n<figure class=\"wp-block-image aligncenter size-large is-resized\"><img loading=\"lazy\" decoding=\"async\" width=\"1024\" height=\"683\" src=\"https:\/\/www.electoralcommission.ie\/app\/uploads\/2023\/09\/ELEC_T1_-478-1024x683.jpg\" alt=\"Ger Deering\" class=\"wp-image-5687\" style=\"width:250px;height:undefinedpx\" srcset=\"https:\/\/www.electoralcommission.ie\/app\/uploads\/2023\/09\/ELEC_T1_-478-1024x683.jpg 1024w, https:\/\/www.electoralcommission.ie\/app\/uploads\/2023\/09\/ELEC_T1_-478-300x200.jpg 300w, https:\/\/www.electoralcommission.ie\/app\/uploads\/2023\/09\/ELEC_T1_-478-768x512.jpg 768w, https:\/\/www.electoralcommission.ie\/app\/uploads\/2023\/09\/ELEC_T1_-478-1536x1024.jpg 1536w, https:\/\/www.electoralcommission.ie\/app\/uploads\/2023\/09\/ELEC_T1_-478-2048x1365.jpg 2048w\" sizes=\"auto, (max-width: 1024px) 100vw, 1024px\" \/><\/figure>\n<\/div>\n\n\n\n<div class=\"wp-block-column is-vertically-aligned-center is-layout-flow wp-block-column-is-layout-flow\">\n<p>Cheap an tUachtar\u00e1n Michael D. Higgins Ger Deering mar Ombudsman agus Coimisin\u00e9ir Faisn\u00e9ise d\u2019\u00c9irinn in m\u00ed Ean\u00e1ir 2022. Ceapadh \u00e9 mar Choimisin\u00e9ir um Nochta\u00ed Cosanta in m\u00ed Ean\u00e1ir 2023. T\u00e1 s\u00e9 ina Choimisin\u00e9ir um Fhaisn\u00e9is Chomhshaoil, ina chomhalta den Choimisi\u00fan um Chaighde\u00e1in in Oifig\u00ed Poibl\u00ed agus ina chomhalta den Choimisi\u00fan um Cheapach\u00e1in Seirbh\u00edse Poibl\u00ed chomh maith.<\/p>\n\n\n\n<p>T\u00e1 roinnt foras poibl\u00ed bunaithe agus \u00e1 sti\u00faradh ag Ger agus t\u00e1 an-taith\u00ed aige ar chearta tomhalt\u00f3ir\u00ed agus fosta\u00edochta. Bh\u00ed poist aige roimhe seo mar Ombudsman Seirbh\u00eds\u00ed Airgeadais agus Pinsean, Sti\u00farth\u00f3ir ar an \u00dadar\u00e1s N\u00e1isi\u00fanta um Chearta Fosta\u00edochta (\u00daNCF), Sti\u00farth\u00f3ir ar an gCl\u00e1r Athch\u00f3irithe um Chaidreamh san \u00c1it Oibre agus Rial\u00e1la\u00ed Tacsaithe. T\u00e1 taith\u00ed fhairsing aige freisin ag obair ar fud an rialtais \u00e1iti\u00fail, na forbartha pobail, na st\u00e1tseirbh\u00edse agus na hearn\u00e1la pr\u00edobh\u00e1id\u00ed.<\/p>\n<\/div>\n<\/div>\n<\/div>\n\n\n\n<div class=\"wp-block-group member is-layout-constrained wp-block-group-is-layout-constrained\">\n<h3 class=\"wp-block-heading\"><strong>An tOllamh Caroline Fennell<\/strong><\/h3>\n\n\n\n<div class=\"wp-block-columns is-layout-flex wp-container-core-columns-is-layout-9d6595d7 wp-block-columns-is-layout-flex\">\n<div class=\"wp-block-column is-layout-flow wp-block-column-is-layout-flow\" style=\"flex-basis:250px\">\n<figure class=\"wp-block-image aligncenter size-large is-resized\"><img loading=\"lazy\" decoding=\"async\" width=\"1024\" height=\"683\" src=\"https:\/\/www.electoralcommission.ie\/app\/uploads\/2023\/09\/ELEC_T1_-500-1024x683.jpg\" alt=\"Caroline Fennell\" class=\"wp-image-5683\" style=\"width:250px;height:undefinedpx\" srcset=\"https:\/\/www.electoralcommission.ie\/app\/uploads\/2023\/09\/ELEC_T1_-500-1024x683.jpg 1024w, https:\/\/www.electoralcommission.ie\/app\/uploads\/2023\/09\/ELEC_T1_-500-300x200.jpg 300w, https:\/\/www.electoralcommission.ie\/app\/uploads\/2023\/09\/ELEC_T1_-500-768x512.jpg 768w, https:\/\/www.electoralcommission.ie\/app\/uploads\/2023\/09\/ELEC_T1_-500-1536x1024.jpg 1536w, https:\/\/www.electoralcommission.ie\/app\/uploads\/2023\/09\/ELEC_T1_-500-2048x1365.jpg 2048w\" sizes=\"auto, (max-width: 1024px) 100vw, 1024px\" \/><\/figure>\n<\/div>\n\n\n\n<div class=\"wp-block-column is-vertically-aligned-center is-layout-flow wp-block-column-is-layout-flow\">\n<p>T\u00e1 an tOllamh Caroline Fennell ina hOllamh Emerita Dl\u00ed i gCol\u00e1iste na hOllscoile, Corcaigh, agus ina Coimisin\u00e9ir ar Choimisi\u00fan na h\u00c9ireann um Chearta an Duine agus Comhionannas (C\u00c9CDC). Bh\u00ed an tOllamh Fennell ina Cathaoirleach ar an L\u00edonra Eorpach d\u2019Institi\u00faid\u00ed N\u00e1isi\u00fanta um Chearta an Duine (LEINCD) (2020-2022) agus t\u00e1 s\u00ed ina hIarchathaoirleach ar Chomhairle na h\u00c9ireann um Thaighde sna D\u00e1na agus sna hEola\u00edochta\u00ed S\u00f3isialta (C\u00c9TDES), agus ina comhalta den Chomhairle um Thaighde in \u00c9irinn. Ceapadh an tOllamh mar Chathaoirleach ar an gCoiste Frithchin\u00edochais Neamhsple\u00e1ch (2020-2022), a rinne Plean Gn\u00edomha\u00edochta N\u00e1isi\u00fanta i gcoinne an Chin\u00edochais a sheachaid.<\/p>\n\n\n\n<p>T\u00e1 an tOllamh Fennell ina habhc\u00f3ide c\u00e1ilithe, ina comhalta d&#8217;Acadamh R\u00edoga na h\u00c9ireann, agus bh\u00ed an iomad r\u00f3l bainist\u00edochta sinseara\u00ed aici laistigh den Ollscoil, lena n-\u00e1ir\u00edtear D\u00e9an, Ceann an Chol\u00e1iste, agus Leas-Uachtar\u00e1n Sinsearach um Ghn\u00f3tha\u00ed Acad\u00fala\/Leas-Uachtar\u00e1n. Is comhalta bunaidh \u00ed den L\u00e1r-Ionad um Cheartas Coiri\u00fail agus Cearta Daonna in COC, d\u00edr\u00edonn s\u00ed a cuid taighde ar strucht\u00fair chothroime sa cheartas coiri\u00fail, agus d&#8217;fhoilsigh s\u00ed an iomad leabhar agus ailt irisleabhair ar r\u00e9ims\u00ed dhl\u00ed na fianaise, inscne, ceartais choiri\u00fail agus sceimhlitheoireachta.<\/p>\n<\/div>\n<\/div>\n<\/div>\n\n\n\n<div class=\"wp-block-group member is-layout-constrained wp-block-group-is-layout-constrained\">\n<h3 class=\"wp-block-heading\"><strong>Elaine Gunn<\/strong><\/h3>\n\n\n\n<div class=\"wp-block-columns is-layout-flex wp-container-core-columns-is-layout-9d6595d7 wp-block-columns-is-layout-flex\">\n<div class=\"wp-block-column is-layout-flow wp-block-column-is-layout-flow\" style=\"flex-basis:250px\">\n<figure class=\"wp-block-image aligncenter size-large is-resized\"><img loading=\"lazy\" decoding=\"async\" width=\"1024\" height=\"683\" src=\"https:\/\/www.electoralcommission.ie\/app\/uploads\/2026\/02\/Elaine-Gunne-Commission-Member-1024x683.jpg\" alt=\"Image of Elaine Gunn, member of the Electoral Commission\" class=\"wp-image-15410\" style=\"width:250px;height:undefinedpx\" srcset=\"https:\/\/www.electoralcommission.ie\/app\/uploads\/2026\/02\/Elaine-Gunne-Commission-Member-1024x683.jpg 1024w, https:\/\/www.electoralcommission.ie\/app\/uploads\/2026\/02\/Elaine-Gunne-Commission-Member-300x200.jpg 300w, https:\/\/www.electoralcommission.ie\/app\/uploads\/2026\/02\/Elaine-Gunne-Commission-Member-768x512.jpg 768w, https:\/\/www.electoralcommission.ie\/app\/uploads\/2026\/02\/Elaine-Gunne-Commission-Member-1536x1024.jpg 1536w, https:\/\/www.electoralcommission.ie\/app\/uploads\/2026\/02\/Elaine-Gunne-Commission-Member-2048x1365.jpg 2048w\" sizes=\"auto, (max-width: 1024px) 100vw, 1024px\" \/><\/figure>\n<\/div>\n\n\n\n<div class=\"wp-block-column is-vertically-aligned-center is-layout-flow wp-block-column-is-layout-flow\">\n<p><\/p>\n<\/div>\n<\/div>\n<\/div>\n\n\n\n<div class=\"wp-block-group member is-layout-constrained wp-block-group-is-layout-constrained\">\n<h3 class=\"wp-block-heading\"><strong>Maura Quinn<\/strong><\/h3>\n\n\n\n<div class=\"wp-block-columns is-layout-flex wp-container-core-columns-is-layout-9d6595d7 wp-block-columns-is-layout-flex\">\n<div class=\"wp-block-column is-layout-flow wp-block-column-is-layout-flow\" style=\"flex-basis:250px\">\n<figure class=\"wp-block-image aligncenter size-large is-resized\"><img loading=\"lazy\" decoding=\"async\" width=\"1024\" height=\"683\" src=\"https:\/\/www.electoralcommission.ie\/app\/uploads\/2023\/09\/ELEC_T1_-418-1024x683.jpg\" alt=\"Maura Quinn\" class=\"wp-image-5691\" style=\"width:250px;height:undefinedpx\" srcset=\"https:\/\/www.electoralcommission.ie\/app\/uploads\/2023\/09\/ELEC_T1_-418-1024x683.jpg 1024w, https:\/\/www.electoralcommission.ie\/app\/uploads\/2023\/09\/ELEC_T1_-418-300x200.jpg 300w, https:\/\/www.electoralcommission.ie\/app\/uploads\/2023\/09\/ELEC_T1_-418-768x512.jpg 768w, https:\/\/www.electoralcommission.ie\/app\/uploads\/2023\/09\/ELEC_T1_-418-1536x1024.jpg 1536w, https:\/\/www.electoralcommission.ie\/app\/uploads\/2023\/09\/ELEC_T1_-418-2048x1365.jpg 2048w\" sizes=\"auto, (max-width: 1024px) 100vw, 1024px\" \/><\/figure>\n<\/div>\n\n\n\n<div class=\"wp-block-column is-vertically-aligned-center is-layout-flow wp-block-column-is-layout-flow\">\n<p>Pr\u00f3if\u00edl<\/p>\n\n\n\n<ul class=\"wp-block-list\">\n<li>Sti\u00farth\u00f3ir cairte creidi\u00fanaithe Institute of Directors, RA a bhfuil 25 bliain de thaith\u00ed leathan POF agus bhoird aici thar earn\u00e1lacha \u00e9ags\u00fala.<\/li>\n\n\n\n<li>Taith\u00ed Bhoird agus Coiste Boird <\/li>\n\n\n\n<li>Saineolas suntasach rial\u00e1la<\/li>\n\n\n\n<li>Smaointeoir strait\u00e9iseach, tionchaire \u00e9ifeachtach, cinnteoir, gn\u00edomha\u00ed athraithe agus neartaitheoir foirne.<\/li>\n\n\n\n<li>Iar-POF den Institute of Directors in Ireland (30\u00fa Meitheamh 2022<\/li>\n\n\n\n<li>100 Pr\u00edomhfheidhmeannach is Fearr in \u00c9irinn Business &amp; Finance bronnta air 2018, 2019, 2020 agus 2021<\/li>\n<\/ul>\n\n\n\n<p>Scileanna agus taith\u00ed cheannaireachta chruthaithe<\/p>\n\n\n\n<ul class=\"wp-block-list\">\n<li>R\u00f3l ceannaireachta aitheanta i rialachas corpar\u00e1ideach agus i ngn\u00f3tha\u00ed rial\u00e1la<\/li>\n\n\n\n<li>Strait\u00e9is Ghn\u00f3 agus Phlean\u00e1la<\/li>\n\n\n\n<li>T\u00f3g\u00e1il agus forbairt bhranda<\/li>\n\n\n\n<li>Bainist\u00edocht Riosca<\/li>\n\n\n\n<li>Scileanna cumars\u00e1ide agus tionchair s\u00e1rmhaithe agus tuiscint aici ar ionchais p\u00e1irtithe leasmhara agus an cumas d\u00e9ile\u00e1il leo agus aghaidh a thabhairt orthu.<\/li>\n<\/ul>\n<\/div>\n<\/div>\n<\/div>\n","protected":false},"excerpt":{"rendered":"<p>T\u00e1 an Coimisi\u00fan comhdh\u00e9anta de 7 gcomhalta. Is \u00ed an Breitheamh Marie Baker an cathaoirleach, a d&#8217;ainmnigh an Pr\u00edomh-Bhreitheamh. T\u00e1 ceathrar gn\u00e1thchomhalta\u00ed den Choimisi\u00fan ann a ceapadh&#8230;<\/p>\n","protected":false},"author":1,"featured_media":9471,"parent":0,"menu_order":0,"comment_status":"closed","ping_status":"closed","template":"","meta":{"_acf_changed":false,"_relevanssi_hide_post":"","_relevanssi_hide_content":"","_relevanssi_pin_for_all":"","_relevanssi_pin_keywords":"","_relevanssi_unpin_keywords":"","_relevanssi_related_keywords":"","_relevanssi_related_include_ids":"","_relevanssi_related_exclude_ids":"","_relevanssi_related_no_append":"","_relevanssi_related_not_related":"","_relevanssi_related_posts":"9475,10298,10848,11320,5671,7827","_relevanssi_noindex_reason":"","_uag_custom_page_level_css":"","footnotes":""},"class_list":["post-208","page","type-page","status-publish","has-post-thumbnail","hentry"],"acf":[],"yoast_head":"<!-- This site is optimized with the Yoast SEO plugin v27.5 - https:\/\/yoast.com\/product\/yoast-seo-wordpress\/ -->\n<title>Comhalta\u00ed an Choimisi\u00fain - Coimisi\u00fan Toghch\u00e1in<\/title>\n<meta name=\"robots\" content=\"index, follow, max-snippet:-1, max-image-preview:large, max-video-preview:-1\" \/>\n<link rel=\"canonical\" href=\"https:\/\/www.electoralcommission.ie\/ga\/comhaltai-an-choimisiuin\/\" \/>\n<meta property=\"og:locale\" content=\"ga_IE\" \/>\n<meta property=\"og:type\" content=\"article\" \/>\n<meta property=\"og:title\" content=\"Comhalta\u00ed an Choimisi\u00fain - Coimisi\u00fan Toghch\u00e1in\" \/>\n<meta property=\"og:description\" content=\"T\u00e1 an Coimisi\u00fan comhdh\u00e9anta de 7 gcomhalta. Is \u00ed an Breitheamh Marie Baker an cathaoirleach, a d&#039;ainmnigh an Pr\u00edomh-Bhreitheamh. T\u00e1 ceathrar gn\u00e1thchomhalta\u00ed den Choimisi\u00fan ann a ceapadh...\" \/>\n<meta property=\"og:url\" content=\"https:\/\/www.electoralcommission.ie\/ga\/comhaltai-an-choimisiuin\/\" \/>\n<meta property=\"og:site_name\" content=\"Coimisi\u00fan Toghch\u00e1in\" \/>\n<meta property=\"article:modified_time\" content=\"2026-03-13T09:12:30+00:00\" \/>\n<meta property=\"og:image\" content=\"https:\/\/www.electoralcommission.ie\/app\/uploads\/2024\/05\/An-Coimisiun-Toghchain-328-scaled.jpg\" \/>\n\t<meta property=\"og:image:width\" content=\"2560\" \/>\n\t<meta property=\"og:image:height\" content=\"1707\" \/>\n\t<meta property=\"og:image:type\" content=\"image\/jpeg\" \/>\n<meta name=\"twitter:card\" content=\"summary_large_image\" \/>\n<meta name=\"twitter:label1\" content=\"Est. reading time\" \/>\n\t<meta name=\"twitter:data1\" content=\"6 minutes\" \/>\n<script type=\"application\/ld+json\" class=\"yoast-schema-graph\">{\"@context\":\"https:\\\/\\\/schema.org\",\"@graph\":[{\"@type\":\"WebPage\",\"@id\":\"https:\\\/\\\/www.electoralcommission.ie\\\/ga\\\/comhaltai-an-choimisiuin\\\/\",\"url\":\"https:\\\/\\\/www.electoralcommission.ie\\\/ga\\\/comhaltai-an-choimisiuin\\\/\",\"name\":\"Comhalta\u00ed an Choimisi\u00fain - Coimisi\u00fan Toghch\u00e1in\",\"isPartOf\":{\"@id\":\"https:\\\/\\\/www.electoralcommission.ie\\\/ga\\\/#website\"},\"primaryImageOfPage\":{\"@id\":\"https:\\\/\\\/www.electoralcommission.ie\\\/ga\\\/comhaltai-an-choimisiuin\\\/#primaryimage\"},\"image\":{\"@id\":\"https:\\\/\\\/www.electoralcommission.ie\\\/ga\\\/comhaltai-an-choimisiuin\\\/#primaryimage\"},\"thumbnailUrl\":\"https:\\\/\\\/www.electoralcommission.ie\\\/app\\\/uploads\\\/2024\\\/05\\\/An-Coimisiun-Toghchain-328-scaled.jpg\",\"datePublished\":\"2022-04-20T11:44:24+00:00\",\"dateModified\":\"2026-03-13T09:12:30+00:00\",\"breadcrumb\":{\"@id\":\"https:\\\/\\\/www.electoralcommission.ie\\\/ga\\\/comhaltai-an-choimisiuin\\\/#breadcrumb\"},\"inLanguage\":\"ga-IE\",\"potentialAction\":[{\"@type\":\"ReadAction\",\"target\":[\"https:\\\/\\\/www.electoralcommission.ie\\\/ga\\\/comhaltai-an-choimisiuin\\\/\"]}]},{\"@type\":\"ImageObject\",\"inLanguage\":\"ga-IE\",\"@id\":\"https:\\\/\\\/www.electoralcommission.ie\\\/ga\\\/comhaltai-an-choimisiuin\\\/#primaryimage\",\"url\":\"https:\\\/\\\/www.electoralcommission.ie\\\/app\\\/uploads\\\/2024\\\/05\\\/An-Coimisiun-Toghchain-328-scaled.jpg\",\"contentUrl\":\"https:\\\/\\\/www.electoralcommission.ie\\\/app\\\/uploads\\\/2024\\\/05\\\/An-Coimisiun-Toghchain-328-scaled.jpg\",\"width\":2560,\"height\":1707,\"caption\":\"Polling Station sign\"},{\"@type\":\"BreadcrumbList\",\"@id\":\"https:\\\/\\\/www.electoralcommission.ie\\\/ga\\\/comhaltai-an-choimisiuin\\\/#breadcrumb\",\"itemListElement\":[{\"@type\":\"ListItem\",\"position\":1,\"name\":\"Baile\",\"item\":\"https:\\\/\\\/www.electoralcommission.ie\\\/ga\\\/\"},{\"@type\":\"ListItem\",\"position\":2,\"name\":\"Comhalta\u00ed an Choimisi\u00fain\"}]},{\"@type\":\"WebSite\",\"@id\":\"https:\\\/\\\/www.electoralcommission.ie\\\/ga\\\/#website\",\"url\":\"https:\\\/\\\/www.electoralcommission.ie\\\/ga\\\/\",\"name\":\"Coimisi\u00fan Toghch\u00e1in\",\"description\":\"Ireland&#039;s Statutory, Independent Electoral Commission\",\"potentialAction\":[{\"@type\":\"SearchAction\",\"target\":{\"@type\":\"EntryPoint\",\"urlTemplate\":\"https:\\\/\\\/www.electoralcommission.ie\\\/ga\\\/?s={search_term_string}\"},\"query-input\":{\"@type\":\"PropertyValueSpecification\",\"valueRequired\":true,\"valueName\":\"search_term_string\"}}],\"inLanguage\":\"ga-IE\"}]}<\/script>\n<!-- \/ Yoast SEO plugin. -->","yoast_head_json":{"title":"Comhalta\u00ed an Choimisi\u00fain - Coimisi\u00fan Toghch\u00e1in","robots":{"index":"index","follow":"follow","max-snippet":"max-snippet:-1","max-image-preview":"max-image-preview:large","max-video-preview":"max-video-preview:-1"},"canonical":"https:\/\/www.electoralcommission.ie\/ga\/comhaltai-an-choimisiuin\/","og_locale":"ga_IE","og_type":"article","og_title":"Comhalta\u00ed an Choimisi\u00fain - Coimisi\u00fan Toghch\u00e1in","og_description":"T\u00e1 an Coimisi\u00fan comhdh\u00e9anta de 7 gcomhalta. Is \u00ed an Breitheamh Marie Baker an cathaoirleach, a d'ainmnigh an Pr\u00edomh-Bhreitheamh. T\u00e1 ceathrar gn\u00e1thchomhalta\u00ed den Choimisi\u00fan ann a ceapadh...","og_url":"https:\/\/www.electoralcommission.ie\/ga\/comhaltai-an-choimisiuin\/","og_site_name":"Coimisi\u00fan Toghch\u00e1in","article_modified_time":"2026-03-13T09:12:30+00:00","og_image":[{"width":2560,"height":1707,"url":"https:\/\/www.electoralcommission.ie\/app\/uploads\/2024\/05\/An-Coimisiun-Toghchain-328-scaled.jpg","type":"image\/jpeg"}],"twitter_card":"summary_large_image","twitter_misc":{"Est. reading time":"6 minutes"},"schema":{"@context":"https:\/\/schema.org","@graph":[{"@type":"WebPage","@id":"https:\/\/www.electoralcommission.ie\/ga\/comhaltai-an-choimisiuin\/","url":"https:\/\/www.electoralcommission.ie\/ga\/comhaltai-an-choimisiuin\/","name":"Comhalta\u00ed an Choimisi\u00fain - Coimisi\u00fan Toghch\u00e1in","isPartOf":{"@id":"https:\/\/www.electoralcommission.ie\/ga\/#website"},"primaryImageOfPage":{"@id":"https:\/\/www.electoralcommission.ie\/ga\/comhaltai-an-choimisiuin\/#primaryimage"},"image":{"@id":"https:\/\/www.electoralcommission.ie\/ga\/comhaltai-an-choimisiuin\/#primaryimage"},"thumbnailUrl":"https:\/\/www.electoralcommission.ie\/app\/uploads\/2024\/05\/An-Coimisiun-Toghchain-328-scaled.jpg","datePublished":"2022-04-20T11:44:24+00:00","dateModified":"2026-03-13T09:12:30+00:00","breadcrumb":{"@id":"https:\/\/www.electoralcommission.ie\/ga\/comhaltai-an-choimisiuin\/#breadcrumb"},"inLanguage":"ga-IE","potentialAction":[{"@type":"ReadAction","target":["https:\/\/www.electoralcommission.ie\/ga\/comhaltai-an-choimisiuin\/"]}]},{"@type":"ImageObject","inLanguage":"ga-IE","@id":"https:\/\/www.electoralcommission.ie\/ga\/comhaltai-an-choimisiuin\/#primaryimage","url":"https:\/\/www.electoralcommission.ie\/app\/uploads\/2024\/05\/An-Coimisiun-Toghchain-328-scaled.jpg","contentUrl":"https:\/\/www.electoralcommission.ie\/app\/uploads\/2024\/05\/An-Coimisiun-Toghchain-328-scaled.jpg","width":2560,"height":1707,"caption":"Polling Station sign"},{"@type":"BreadcrumbList","@id":"https:\/\/www.electoralcommission.ie\/ga\/comhaltai-an-choimisiuin\/#breadcrumb","itemListElement":[{"@type":"ListItem","position":1,"name":"Baile","item":"https:\/\/www.electoralcommission.ie\/ga\/"},{"@type":"ListItem","position":2,"name":"Comhalta\u00ed an Choimisi\u00fain"}]},{"@type":"WebSite","@id":"https:\/\/www.electoralcommission.ie\/ga\/#website","url":"https:\/\/www.electoralcommission.ie\/ga\/","name":"Coimisi\u00fan Toghch\u00e1in","description":"Ireland&#039;s Statutory, Independent Electoral Commission","potentialAction":[{"@type":"SearchAction","target":{"@type":"EntryPoint","urlTemplate":"https:\/\/www.electoralcommission.ie\/ga\/?s={search_term_string}"},"query-input":{"@type":"PropertyValueSpecification","valueRequired":true,"valueName":"search_term_string"}}],"inLanguage":"ga-IE"}]}},"uagb_featured_image_src":{"full":["https:\/\/www.electoralcommission.ie\/app\/uploads\/2024\/05\/An-Coimisiun-Toghchain-328-scaled.jpg",2560,1707,false],"thumbnail":["https:\/\/www.electoralcommission.ie\/app\/uploads\/2024\/05\/An-Coimisiun-Toghchain-328-355x210.jpg",355,210,true],"medium":["https:\/\/www.electoralcommission.ie\/app\/uploads\/2024\/05\/An-Coimisiun-Toghchain-328-300x200.jpg",300,200,true],"medium_large":["https:\/\/www.electoralcommission.ie\/app\/uploads\/2024\/05\/An-Coimisiun-Toghchain-328-768x512.jpg",768,512,true],"large":["https:\/\/www.electoralcommission.ie\/app\/uploads\/2024\/05\/An-Coimisiun-Toghchain-328-1024x683.jpg",1024,683,true],"1536x1536":["https:\/\/www.electoralcommission.ie\/app\/uploads\/2024\/05\/An-Coimisiun-Toghchain-328-1536x1024.jpg",1536,1024,true],"2048x2048":["https:\/\/www.electoralcommission.ie\/app\/uploads\/2024\/05\/An-Coimisiun-Toghchain-328-2048x1365.jpg",2048,1365,true],"gform-image-choice-sm":["https:\/\/www.electoralcommission.ie\/app\/uploads\/2024\/05\/An-Coimisiun-Toghchain-328-scaled.jpg",300,200,false],"gform-image-choice-md":["https:\/\/www.electoralcommission.ie\/app\/uploads\/2024\/05\/An-Coimisiun-Toghchain-328-scaled.jpg",400,267,false],"gform-image-choice-lg":["https:\/\/www.electoralcommission.ie\/app\/uploads\/2024\/05\/An-Coimisiun-Toghchain-328-scaled.jpg",600,400,false]},"uagb_author_info":{"display_name":"Jose","author_link":"https:\/\/www.electoralcommission.ie\/ga\/author\/jose\/"},"uagb_comment_info":0,"uagb_excerpt":"T\u00e1 an Coimisi\u00fan comhdh\u00e9anta de 7 gcomhalta. Is \u00ed an Breitheamh Marie Baker an cathaoirleach, a d'ainmnigh an Pr\u00edomh-Bhreitheamh. T\u00e1 ceathrar gn\u00e1thchomhalta\u00ed den Choimisi\u00fan ann a ceapadh...","_links":{"self":[{"href":"https:\/\/www.electoralcommission.ie\/ga\/wp-json\/wp\/v2\/pages\/208","targetHints":{"allow":["GET"]}}],"collection":[{"href":"https:\/\/www.electoralcommission.ie\/ga\/wp-json\/wp\/v2\/pages"}],"about":[{"href":"https:\/\/www.electoralcommission.ie\/ga\/wp-json\/wp\/v2\/types\/page"}],"author":[{"embeddable":true,"href":"https:\/\/www.electoralcommission.ie\/ga\/wp-json\/wp\/v2\/users\/1"}],"replies":[{"embeddable":true,"href":"https:\/\/www.electoralcommission.ie\/ga\/wp-json\/wp\/v2\/comments?post=208"}],"version-history":[{"count":15,"href":"https:\/\/www.electoralcommission.ie\/ga\/wp-json\/wp\/v2\/pages\/208\/revisions"}],"predecessor-version":[{"id":15534,"href":"https:\/\/www.electoralcommission.ie\/ga\/wp-json\/wp\/v2\/pages\/208\/revisions\/15534"}],"wp:featuredmedia":[{"embeddable":true,"href":"https:\/\/www.electoralcommission.ie\/ga\/wp-json\/wp\/v2\/media\/9471"}],"wp:attachment":[{"href":"https:\/\/www.electoralcommission.ie\/ga\/wp-json\/wp\/v2\/media?parent=208"}],"curies":[{"name":"wp","href":"https:\/\/api.w.org\/{rel}","templated":true}]}}