
{"id":215,"date":"2022-12-21T12:19:40","date_gmt":"2022-12-21T12:19:40","guid":{"rendered":"https:\/\/www.electoralcommission.ie\/cad-a-dheanaimid\/oibriochtai-toghchain\/"},"modified":"2024-01-23T18:48:03","modified_gmt":"2024-01-23T18:48:03","slug":"oibriochtai-toghchain","status":"publish","type":"page","link":"https:\/\/www.electoralcommission.ie\/ga\/cad-a-dheanaimid\/oibriochtai-toghchain\/","title":{"rendered":"Oibr\u00edochta\u00ed Toghch\u00e1in"},"content":{"rendered":"\n<h2 class=\"wp-block-heading\">Feachtais Reifrinn<\/h2>\n\n<p>Is comhlacht neamhsple\u00e1ch \u00e9 an Coimisi\u00fan Toghch\u00e1in a mh\u00edneoidh \u00e1bhar na dtogra\u00ed reifrinn, a chuirfidh feasacht an phobail ar reifreann chun cinn, agus a spreagfaidh na toghth\u00f3ir\u00ed chun v\u00f3ta a chaitheamh.<\/p>\n\n<div class=\"wp-block-buttons is-layout-flex wp-block-buttons-is-layout-flex\">\n<div class=\"wp-block-button is-style-fill is-signup bg-color-blue color-white rounded py-2 px-3 mt-1\"><a class=\"wp-block-button__link wp-element-button\" href=\"https:\/\/www.electoralcommission.ie\/ga\/reifrinn\/\">Our Referendums Work <i class=\"fas fa-arrow-right\"><\/i><\/a><\/div>\n\n\n\n<div class=\"wp-block-button is-style-fill is-signup bg-color-blue color-white rounded py-2 px-3 mt-1\"><a class=\"wp-block-button__link wp-element-button\" href=\"https:\/\/www.electoralcommission.ie\/ga\/reifrinn\/previous-referenda\/\">Previous Referendums <i class=\"fas fa-arrow-right\"><\/i><\/a><\/div>\n<\/div>\n\n<h2 class=\"wp-block-heading\">Athbhreithnithe Toghlaigh agus Teorann Toghch\u00e1in <\/h2>\n\n<p>T\u00e1 an Coimisi\u00fan Toghch\u00e1in freagrach as athbhreithnithe a dh\u00e9anamh ar thoghlaigh uile na D\u00e1la agus Pharlaimint na hEorpa.<br\/>Agus na hathbhreithnithe sin \u00e1 nd\u00e9anamh, for\u00e1iltear leis an Acht um Athch\u00f3iri\u00fa Toghch\u00e1in, 2022, go dtabharfaidh an Coimisi\u00fan aird ar an m\u00e9id seo a leanas;<\/p>\n\n<ul class=\"wp-block-list\">\n<li>n\u00ed l\u00fa n\u00e1 171 n\u00e1 181 l\u00edon ioml\u00e1n chomhalta\u00ed na D\u00e1la, faoi r\u00e9ir Airteagal 16.2.2\u00b0 den Bhunreacht;<\/li>\n\n\n\n<li>toghfaidh gach d\u00e1ilcheantar 3, 4 n\u00f3 5 chomhalta;<\/li>\n\n\n\n<li>seachn\u00f3far s\u00e1r\u00fa teorainneacha contae a mh\u00e9id is f\u00e9idir.<\/li>\n\n\n\n<li>n\u00ed fhola\u00edonn an tagairt do theorainneacha contae tagairt do theorainn cathrach n\u00e1 d\u2019aon teorainn idir aon 2 chontae de chontaetha Dh\u00fan Laoghaire-R\u00e1th an D\u00fain, Fhine Gall agus Bhaile \u00c1tha Cliath Theas;<\/li>\n\n\n\n<li>beidh gach d\u00e1ilcheantar comhdh\u00e9anta de limist\u00e9ir thadhlacha;<\/li>\n\n\n\n<li>tabharfar aird ar ch\u00fains\u00ed geografacha lena n-\u00e1ir\u00edtear gn\u00e9ithe suntasacha fisiceacha agus m\u00e9id agus dl\u00fas an daonra i ngach toghlach<\/li>\n\n\n\n<li>f\u00e9achfaidh an Coimisi\u00fan le lean\u00fanachas a choime\u00e1d i nd\u00e1il le socr\u00fa toghlach.<\/li>\n<\/ul>\n\n<p>Cuirfidh an Coimisi\u00fan a thuarasc\u00e1il faoi bhr\u00e1id an Chomhchoiste Oireachtais agus leagfaidh s\u00e9 faoi bhr\u00e1id an Oireachtais \u00ed tr\u00e1th nach d\u00e9ana\u00ed n\u00e1 tr\u00ed mh\u00ed tar \u00e9is thoradh deiridh dhaon\u00e1ireamh an St\u00e1it.<\/p>\n\n<p>Beidh an Coimisi\u00fan freagrach freisin as athbhreithni\u00fa a dh\u00e9anamh ar theorainneacha na dtoghcheantar \u00e1iti\u00fail agus tuairisc a thabhairt don Aire Tith\u00edochta, Rialtais \u00c1iti\u00fail agus Oidhreachta maidir leis na teorainneacha sin.<\/p>\n\n<h2 class=\"wp-block-heading\">Cl\u00e1r\u00fa na bP\u00e1irtithe Polait\u00edochta<\/h2>\n\n<p>Is \u00e9 Cl\u00e1raitheoir na bP\u00e1irtithe Polait\u00edochta Pr\u00edomhfheidhmeannach an Choimisi\u00fain Toghch\u00e1in. N\u00ed m\u00f3r do gach p\u00e1irt\u00ed polaiti\u00fail a bheith ar Chl\u00e1r na bP\u00e1irtithe Polait\u00edochta. N\u00ed m\u00f3r do ph\u00e1irt\u00ed polait\u00edochta a bheith ar Chl\u00e1r na bP\u00e1irtithe Polait\u00edochta chun gach ceann n\u00f3 aon cheann de na toghch\u00e1in seo a leanas a chonsp\u00f3id:<\/p>\n\n<ul class=\"wp-block-list\">\n<li>Toghch\u00e1n D\u00e1la<\/li>\n\n\n\n<li>Toghch\u00e1n Eorpach<\/li>\n\n\n\n<li>Toghch\u00e1n \u00e1iti\u00fail<\/li>\n<\/ul>\n\n<div class=\"wp-block-buttons is-layout-flex wp-block-buttons-is-layout-flex\">\n<div class=\"wp-block-button is-style-fill is-signup bg-color-blue color-white rounded py-2 px-3 mt-1\"><a class=\"wp-block-button__link wp-element-button\" href=\"https:\/\/www.electoralcommission.ie\/app\/uploads\/2023\/12\/Register-of-Political-Parties-18December-2023-ACT-Short.docx\">Current Register of Political Parties (doc) <i class=\"fas fa-arrow-down\"><\/i><\/a><\/div>\n\n\n\n<div class=\"wp-block-button is-style-fill is-signup bg-color-blue color-white rounded py-2 px-3 mt-1\"><a class=\"wp-block-button__link wp-element-button\" href=\"https:\/\/www.electoralcommission.ie\/app\/uploads\/2023\/12\/Register-of-Political-Parties-18December-2023-ACT-Short.pdf\" target=\"_blank\" rel=\"noreferrer noopener\">Current Register of Political Parties (pdf) <i class=\"fas fa-arrow-down\"><\/i><\/a><\/div>\n<\/div>\n\n<p><\/p>\n\n<p>M\u00e1s mian leat fiosr\u00fa a dh\u00e9anamh faoi ph\u00e1irt\u00ed polait\u00edochta a chl\u00e1r\u00fa seol r\u00edomhphost chuig <a href=\"mailto:info@electoralcommission.ie\" target=\"_blank\" rel=\"noreferrer noopener\">info@electoralcommission.ie<\/a><\/p>\n\n<p>If you would like to learn more about registering a political party, please see the forms and guidance below:<\/p>\n\n<div class=\"wp-block-buttons is-layout-flex wp-block-buttons-is-layout-flex\">\n<div class=\"wp-block-button is-style-fill is-signup bg-color-blue color-white rounded py-2 px-3 mt-1\"><a class=\"wp-block-button__link wp-element-button\" href=\"https:\/\/www.electoralcommission.ie\/app\/uploads\/2023\/06\/INTRODUCTION-TO-REGISTERING-A-POLITICAL-PARTY-08062023-FINAL.pdf\">Intro to Registering a Party <i class=\"fas fa-arrow-down\"><\/i><\/a><\/div>\n\n\n\n<div class=\"wp-block-button is-style-fill is-signup bg-color-blue color-white rounded py-2 px-3 mt-1\"><a class=\"wp-block-button__link wp-element-button\" href=\"https:\/\/www.electoralcommission.ie\/app\/uploads\/2023\/06\/Application-Form-080623-FINAL.docx\">Registration Form <i class=\"fas fa-arrow-down\"><\/i><\/a><\/div>\n\n\n\n<div class=\"wp-block-button is-style-fill is-signup bg-color-blue color-white rounded py-2 px-3 mt-1\"><a class=\"wp-block-button__link wp-element-button\" href=\"https:\/\/www.electoralcommission.ie\/app\/uploads\/2023\/06\/LEGISLATIVE-EXTRACTS-ELECTORAL-REFORM-ACT-2022-080623-FINAL.pdf\">Legislative Extracts <i class=\"fas fa-arrow-down\"><\/i><\/a><\/div>\n<\/div>\n\n<h2 class=\"wp-block-heading\">Maoirseacht ar Chl\u00e1r na dToghth\u00f3ir\u00ed<\/h2>\n\n<p>T\u00e1 r\u00f3l maoirseachta ag an gCoimisi\u00fan Toghch\u00e1in maidir le Cl\u00e1r na dToghth\u00f3ir\u00ed.<\/p>\n\n<p>C\u00e9 go nd\u00e9anann \u00fadar\u00e1is \u00e1iti\u00fala Cl\u00e1ir Thoghth\u00f3ir\u00ed a bhainisti\u00fa agus a chothabh\u00e1il, f\u00e9adfaidh an Coimisi\u00fan Toghch\u00e1in taighde a choimisi\u00fan\u00fa n\u00f3 a dh\u00e9anamh i nd\u00e1il leis na nithe seo a leanas;<\/p>\n\n<ul class=\"wp-block-list\">\n<li>cruinneas agus ioml\u00e1ine na gcl\u00e1r toghth\u00f3ir\u00ed;<\/li>\n\n\n\n<li>cothabh\u00e1il na gcl\u00e1r toghth\u00f3ir\u00ed;<\/li>\n\n\n\n<li>na pr\u00f3isis a bhaineann le tioms\u00fa, cothabh\u00e1il agus feidhmi\u00fa na gcl\u00e1r toghth\u00f3ir\u00ed.<\/li>\n<\/ul>\n\n<p>Gach bliain, foilseoidh an Coimisi\u00fan tuarasc\u00e1il ina leagfar amach aon taighde a rinne s\u00e9 agus meas\u00fan\u00fa an Choimisi\u00fain ar st\u00e1das agus ar fheidhmi\u00fa an chl\u00e1ir toghth\u00f3ir\u00ed agus aon mholta\u00ed a mheasann an Coimisi\u00fan is g\u00e1 chun sl\u00e1ine an chl\u00e1ir toghth\u00f3ir\u00ed agus an phr\u00f3isis chl\u00e1r\u00fach\u00e1in a chothabh\u00e1il agus a fheabhs\u00fa.<\/p>\n\n<p>Chun tuilleadh eolais a fh\u00e1il ar chl\u00e1ir toghch\u00e1in f\u00e9ach ar an <a href=\"https:\/\/www.checktheregister.ie\" target=\"_blank\" rel=\"noreferrer noopener\">Su\u00edomh Gr\u00e9as\u00e1in Seice\u00e1il an Cl\u00e1r<\/a>.<\/p>\n","protected":false},"excerpt":{"rendered":"<p>Feachtais Reifrinn Is comhlacht neamhsple\u00e1ch \u00e9 an Coimisi\u00fan Toghch\u00e1in a mh\u00edneoidh \u00e1bhar na dtogra\u00ed reifrinn, a chuirfidh feasacht an phobail ar reifreann chun cinn, agus a spreagfaidh na toghth\u00f3ir\u00ed chun v\u00f3ta a chaitheamh. Athbhreithnithe Toghlaigh agus Teorann Toghch\u00e1in T\u00e1 an Coimisi\u00fan Toghch\u00e1in freagrach as athbhreithnithe a dh\u00e9anamh ar thoghlaigh uile na D\u00e1la agus Pharlaimint na &hellip; <a href=\"https:\/\/www.electoralcommission.ie\/ga\/cad-a-dheanaimid\/oibriochtai-toghchain\/\">Continued<\/a><\/p>\n","protected":false},"author":1,"featured_media":0,"parent":214,"menu_order":0,"comment_status":"closed","ping_status":"closed","template":"","meta":{"_acf_changed":false,"_relevanssi_hide_post":"","_relevanssi_hide_content":"","_relevanssi_pin_for_all":"","_relevanssi_pin_keywords":"","_relevanssi_unpin_keywords":"","_relevanssi_related_keywords":"","_relevanssi_related_include_ids":"","_relevanssi_related_exclude_ids":"","_relevanssi_related_no_append":"","_relevanssi_related_not_related":"","_relevanssi_related_posts":"","_relevanssi_noindex_reason":"","_uag_custom_page_level_css":"","footnotes":""},"class_list":["post-215","page","type-page","status-publish","hentry"],"acf":[],"yoast_head":"<!-- This site is optimized with the Yoast SEO plugin v27.5 - https:\/\/yoast.com\/product\/yoast-seo-wordpress\/ -->\n<title>Oibr\u00edochta\u00ed Toghch\u00e1in - Coimisi\u00fan Toghch\u00e1in<\/title>\n<meta name=\"robots\" content=\"index, follow, max-snippet:-1, max-image-preview:large, max-video-preview:-1\" \/>\n<link rel=\"canonical\" href=\"https:\/\/www.electoralcommission.ie\/ga\/cad-a-dheanaimid\/oibriochtai-toghchain\/\" \/>\n<meta property=\"og:locale\" content=\"ga_IE\" \/>\n<meta property=\"og:type\" content=\"article\" \/>\n<meta property=\"og:title\" content=\"Oibr\u00edochta\u00ed Toghch\u00e1in - Coimisi\u00fan Toghch\u00e1in\" \/>\n<meta property=\"og:description\" content=\"Feachtais Reifrinn Is comhlacht neamhsple\u00e1ch \u00e9 an Coimisi\u00fan Toghch\u00e1in a mh\u00edneoidh \u00e1bhar na dtogra\u00ed reifrinn, a chuirfidh feasacht an phobail ar reifreann chun cinn, agus a spreagfaidh na toghth\u00f3ir\u00ed chun v\u00f3ta a chaitheamh. Athbhreithnithe Toghlaigh agus Teorann Toghch\u00e1in T\u00e1 an Coimisi\u00fan Toghch\u00e1in freagrach as athbhreithnithe a dh\u00e9anamh ar thoghlaigh uile na D\u00e1la agus Pharlaimint na &hellip; Continued\" \/>\n<meta property=\"og:url\" content=\"https:\/\/www.electoralcommission.ie\/ga\/cad-a-dheanaimid\/oibriochtai-toghchain\/\" \/>\n<meta property=\"og:site_name\" content=\"Coimisi\u00fan Toghch\u00e1in\" \/>\n<meta property=\"article:modified_time\" content=\"2024-01-23T18:48:03+00:00\" \/>\n<meta name=\"twitter:card\" content=\"summary_large_image\" \/>\n<meta name=\"twitter:label1\" content=\"Est. reading time\" \/>\n\t<meta name=\"twitter:data1\" content=\"3 minutes\" \/>\n<script type=\"application\/ld+json\" class=\"yoast-schema-graph\">{\"@context\":\"https:\\\/\\\/schema.org\",\"@graph\":[{\"@type\":\"WebPage\",\"@id\":\"https:\\\/\\\/www.electoralcommission.ie\\\/ga\\\/cad-a-dheanaimid\\\/oibriochtai-toghchain\\\/\",\"url\":\"https:\\\/\\\/www.electoralcommission.ie\\\/ga\\\/cad-a-dheanaimid\\\/oibriochtai-toghchain\\\/\",\"name\":\"Oibr\u00edochta\u00ed Toghch\u00e1in - Coimisi\u00fan Toghch\u00e1in\",\"isPartOf\":{\"@id\":\"https:\\\/\\\/www.electoralcommission.ie\\\/ga\\\/#website\"},\"datePublished\":\"2022-12-21T12:19:40+00:00\",\"dateModified\":\"2024-01-23T18:48:03+00:00\",\"breadcrumb\":{\"@id\":\"https:\\\/\\\/www.electoralcommission.ie\\\/ga\\\/cad-a-dheanaimid\\\/oibriochtai-toghchain\\\/#breadcrumb\"},\"inLanguage\":\"ga-IE\",\"potentialAction\":[{\"@type\":\"ReadAction\",\"target\":[\"https:\\\/\\\/www.electoralcommission.ie\\\/ga\\\/cad-a-dheanaimid\\\/oibriochtai-toghchain\\\/\"]}]},{\"@type\":\"BreadcrumbList\",\"@id\":\"https:\\\/\\\/www.electoralcommission.ie\\\/ga\\\/cad-a-dheanaimid\\\/oibriochtai-toghchain\\\/#breadcrumb\",\"itemListElement\":[{\"@type\":\"ListItem\",\"position\":1,\"name\":\"Baile\",\"item\":\"https:\\\/\\\/www.electoralcommission.ie\\\/ga\\\/\"},{\"@type\":\"ListItem\",\"position\":2,\"name\":\"Cad a dh\u00e9anaimid\",\"item\":\"https:\\\/\\\/www.electoralcommission.ie\\\/ga\\\/cad-a-dheanaimid\\\/\"},{\"@type\":\"ListItem\",\"position\":3,\"name\":\"Oibr\u00edochta\u00ed Toghch\u00e1in\"}]},{\"@type\":\"WebSite\",\"@id\":\"https:\\\/\\\/www.electoralcommission.ie\\\/ga\\\/#website\",\"url\":\"https:\\\/\\\/www.electoralcommission.ie\\\/ga\\\/\",\"name\":\"Coimisi\u00fan Toghch\u00e1in\",\"description\":\"Ireland&#039;s Statutory, Independent Electoral Commission\",\"potentialAction\":[{\"@type\":\"SearchAction\",\"target\":{\"@type\":\"EntryPoint\",\"urlTemplate\":\"https:\\\/\\\/www.electoralcommission.ie\\\/ga\\\/?s={search_term_string}\"},\"query-input\":{\"@type\":\"PropertyValueSpecification\",\"valueRequired\":true,\"valueName\":\"search_term_string\"}}],\"inLanguage\":\"ga-IE\"}]}<\/script>\n<!-- \/ Yoast SEO plugin. -->","yoast_head_json":{"title":"Oibr\u00edochta\u00ed Toghch\u00e1in - Coimisi\u00fan Toghch\u00e1in","robots":{"index":"index","follow":"follow","max-snippet":"max-snippet:-1","max-image-preview":"max-image-preview:large","max-video-preview":"max-video-preview:-1"},"canonical":"https:\/\/www.electoralcommission.ie\/ga\/cad-a-dheanaimid\/oibriochtai-toghchain\/","og_locale":"ga_IE","og_type":"article","og_title":"Oibr\u00edochta\u00ed Toghch\u00e1in - Coimisi\u00fan Toghch\u00e1in","og_description":"Feachtais Reifrinn Is comhlacht neamhsple\u00e1ch \u00e9 an Coimisi\u00fan Toghch\u00e1in a mh\u00edneoidh \u00e1bhar na dtogra\u00ed reifrinn, a chuirfidh feasacht an phobail ar reifreann chun cinn, agus a spreagfaidh na toghth\u00f3ir\u00ed chun v\u00f3ta a chaitheamh. Athbhreithnithe Toghlaigh agus Teorann Toghch\u00e1in T\u00e1 an Coimisi\u00fan Toghch\u00e1in freagrach as athbhreithnithe a dh\u00e9anamh ar thoghlaigh uile na D\u00e1la agus Pharlaimint na &hellip; Continued","og_url":"https:\/\/www.electoralcommission.ie\/ga\/cad-a-dheanaimid\/oibriochtai-toghchain\/","og_site_name":"Coimisi\u00fan Toghch\u00e1in","article_modified_time":"2024-01-23T18:48:03+00:00","twitter_card":"summary_large_image","twitter_misc":{"Est. reading time":"3 minutes"},"schema":{"@context":"https:\/\/schema.org","@graph":[{"@type":"WebPage","@id":"https:\/\/www.electoralcommission.ie\/ga\/cad-a-dheanaimid\/oibriochtai-toghchain\/","url":"https:\/\/www.electoralcommission.ie\/ga\/cad-a-dheanaimid\/oibriochtai-toghchain\/","name":"Oibr\u00edochta\u00ed Toghch\u00e1in - Coimisi\u00fan Toghch\u00e1in","isPartOf":{"@id":"https:\/\/www.electoralcommission.ie\/ga\/#website"},"datePublished":"2022-12-21T12:19:40+00:00","dateModified":"2024-01-23T18:48:03+00:00","breadcrumb":{"@id":"https:\/\/www.electoralcommission.ie\/ga\/cad-a-dheanaimid\/oibriochtai-toghchain\/#breadcrumb"},"inLanguage":"ga-IE","potentialAction":[{"@type":"ReadAction","target":["https:\/\/www.electoralcommission.ie\/ga\/cad-a-dheanaimid\/oibriochtai-toghchain\/"]}]},{"@type":"BreadcrumbList","@id":"https:\/\/www.electoralcommission.ie\/ga\/cad-a-dheanaimid\/oibriochtai-toghchain\/#breadcrumb","itemListElement":[{"@type":"ListItem","position":1,"name":"Baile","item":"https:\/\/www.electoralcommission.ie\/ga\/"},{"@type":"ListItem","position":2,"name":"Cad a dh\u00e9anaimid","item":"https:\/\/www.electoralcommission.ie\/ga\/cad-a-dheanaimid\/"},{"@type":"ListItem","position":3,"name":"Oibr\u00edochta\u00ed Toghch\u00e1in"}]},{"@type":"WebSite","@id":"https:\/\/www.electoralcommission.ie\/ga\/#website","url":"https:\/\/www.electoralcommission.ie\/ga\/","name":"Coimisi\u00fan Toghch\u00e1in","description":"Ireland&#039;s Statutory, Independent Electoral Commission","potentialAction":[{"@type":"SearchAction","target":{"@type":"EntryPoint","urlTemplate":"https:\/\/www.electoralcommission.ie\/ga\/?s={search_term_string}"},"query-input":{"@type":"PropertyValueSpecification","valueRequired":true,"valueName":"search_term_string"}}],"inLanguage":"ga-IE"}]}},"uagb_featured_image_src":{"full":false,"thumbnail":false,"medium":false,"medium_large":false,"large":false,"1536x1536":false,"2048x2048":false,"gform-image-choice-sm":false,"gform-image-choice-md":false,"gform-image-choice-lg":false},"uagb_author_info":{"display_name":"Jose","author_link":"https:\/\/www.electoralcommission.ie\/ga\/author\/jose\/"},"uagb_comment_info":0,"uagb_excerpt":"Feachtais Reifrinn Is comhlacht neamhsple\u00e1ch \u00e9 an Coimisi\u00fan Toghch\u00e1in a mh\u00edneoidh \u00e1bhar na dtogra\u00ed reifrinn, a chuirfidh feasacht an phobail ar reifreann chun cinn, agus a spreagfaidh na toghth\u00f3ir\u00ed chun v\u00f3ta a chaitheamh. Athbhreithnithe Toghlaigh agus Teorann Toghch\u00e1in T\u00e1 an Coimisi\u00fan Toghch\u00e1in freagrach as athbhreithnithe a dh\u00e9anamh ar thoghlaigh uile na D\u00e1la agus Pharlaimint na&hellip;","_links":{"self":[{"href":"https:\/\/www.electoralcommission.ie\/ga\/wp-json\/wp\/v2\/pages\/215","targetHints":{"allow":["GET"]}}],"collection":[{"href":"https:\/\/www.electoralcommission.ie\/ga\/wp-json\/wp\/v2\/pages"}],"about":[{"href":"https:\/\/www.electoralcommission.ie\/ga\/wp-json\/wp\/v2\/types\/page"}],"author":[{"embeddable":true,"href":"https:\/\/www.electoralcommission.ie\/ga\/wp-json\/wp\/v2\/users\/1"}],"replies":[{"embeddable":true,"href":"https:\/\/www.electoralcommission.ie\/ga\/wp-json\/wp\/v2\/comments?post=215"}],"version-history":[{"count":8,"href":"https:\/\/www.electoralcommission.ie\/ga\/wp-json\/wp\/v2\/pages\/215\/revisions"}],"predecessor-version":[{"id":6883,"href":"https:\/\/www.electoralcommission.ie\/ga\/wp-json\/wp\/v2\/pages\/215\/revisions\/6883"}],"up":[{"embeddable":true,"href":"https:\/\/www.electoralcommission.ie\/ga\/wp-json\/wp\/v2\/pages\/214"}],"wp:attachment":[{"href":"https:\/\/www.electoralcommission.ie\/ga\/wp-json\/wp\/v2\/media?parent=215"}],"curies":[{"name":"wp","href":"https:\/\/api.w.org\/{rel}","templated":true}]}}