
{"id":228,"date":"2022-12-21T12:26:18","date_gmt":"2022-12-21T12:26:18","guid":{"rendered":"https:\/\/www.electoralcommission.ie\/cad-a-dheanaimid\/ionracas-na-dtoghthoiri\/"},"modified":"2026-03-23T10:18:04","modified_gmt":"2026-03-23T10:18:04","slug":"ionracas-na-dtoghthoiri","status":"publish","type":"page","link":"https:\/\/www.electoralcommission.ie\/ga\/ionracas-na-dtoghthoiri\/","title":{"rendered":"Sl\u00e1ine Toghch\u00e1in"},"content":{"rendered":"\n<h2 class=\"wp-block-heading\">Eolas Toghch\u00e1in ar L\u00edne a Rial\u00e1il<\/h2>\n\n\n\n<p>Chun cothroime agus sl\u00e1ine na dtoghch\u00e1n agus na reifreann a chosaint, d\u00e9anfaidh an Coimisi\u00fan Toghch\u00e1in an m\u00e9id seo a leanas:<\/p>\n\n\n\n<ul class=\"wp-block-list\">\n<li>scaipeadh na br\u00e9agaisn\u00e9ise agus na m\u00edfhaisn\u00e9ise a fhaire, a imscr\u00fad\u00fa agus a chomhrac;<\/li>\n\n\n\n<li>monat\u00f3ireacht, imscr\u00fad\u00fa, sainaithint agus comhrac a dh\u00e9anamh ar iompar ionramh\u00e1lach n\u00f3 br\u00e9agach;<\/li>\n\n\n\n<li>faireach\u00e1n, imscr\u00fad\u00fa agus sainaithint a dh\u00e9anamh ar threochta\u00ed maidir le br\u00e9agaisn\u00e9is, m\u00edfhaisn\u00e9is agus iompar ionramh\u00e1lach n\u00f3 br\u00e9agach.<\/li>\n<\/ul>\n\n\n\n<p>N\u00edl an chuid seo den Acht um Athch\u00f3iri\u00fa Toghch\u00e1in, 2022, (Cuid 5) tosaithe go f\u00f3ill.<\/p>\n\n\n\n<p>Ina theannta sin, cuirfidh an Coimisi\u00fan Toghch\u00e1in feasacht an phobail chun cinn maidir le m\u00edfhaisn\u00e9is, br\u00e9agaisn\u00e9is agus iompar ionramh\u00e1lach n\u00f3 br\u00e9agach agus bun\u00f3idh s\u00e9 cl\u00e1ir oideachais agus faisn\u00e9ise chun cabhr\u00fa le dul i ngleic leis an tsaincheist sin.<\/p>\n\n\n\n<h2 class=\"wp-block-heading\">Rial\u00e1il na f\u00f3gra\u00edochta polaiti\u00fala<\/h2>\n\n\n\n<p>Is \u00e9 an Coimisi\u00fan Toghch\u00e1in an t\u00dadar\u00e1s Inni\u00fail agus an Pointe Teagmh\u00e1la N\u00e1isi\u00fanta chun gn\u00e9ithe \u00e1irithe den Rialach\u00e1n maidir le Tr\u00e9dhearcacht agus Spriocdh\u00edri\u00fa na F\u00f3gra\u00edochta Polaiti\u00fala (TTPA) a chur i bhfeidhm in \u00c9irinn. D\u00e1 bhr\u00ed sin, t\u00e1 an Coimisi\u00fan freagrach as a chinnti\u00fa go gcomhl\u00edonann na daoine a bh\u00edonn ag gabh\u00e1il d\u2019fh\u00f3gra\u00edocht pholaiti\u00fail ar na beala\u00ed a luaitear th\u00edos a n-oibleag\u00e1id\u00ed faoi Rialach\u00e1n TTPA, agus is \u00e9 an Coimisi\u00fan an pointe teagmh\u00e1la in \u00c9irinn le haghaidh saincheisteanna trasdl\u00ednse agus iarratais faisn\u00e9ise lasmuigh d\u2019\u00c9irinn.<\/p>\n\n\n\n<h2 class=\"wp-block-heading\">Athbhreithni\u00fa ar an Imeacht Iarthoghch\u00e1in<\/h2>\n\n\n\n<p>F\u00e9adfaidh an Coimisi\u00fan, tar \u00e9is gach cin\u00e9al toghch\u00e1in \u2014 reifreann, Uachtar\u00e1n, D\u00e1il, Seanad, toghch\u00e1n Eorpach agus toghch\u00e1n \u00e1iti\u00fail \u2014 tuarasc\u00e1il a ullmh\u00fa agus a fhoilsi\u00fa maidir le riar na h\u00f3c\u00e1ide toghch\u00e1in.<\/p>\n\n\n\n<h2 class=\"wp-block-heading\">Comhairle<\/h2>\n\n\n\n<p>F\u00e9adfaidh an Coimisi\u00fan, agus d\u00e9anfaidh s\u00e9 nuair a iarrfaidh an tAire air \u00e9, comhairle a thabhairt don Rialtas n\u00f3 don Aire agus molta\u00ed a chur faoina bhr\u00e1id n\u00f3 faoina br\u00e1id, i nd\u00e1il le haon togra\u00ed le haghaidh athr\u00fa reachta\u00edochta, n\u00f3 le haon nithe beartais eile a bhaineann le beartas n\u00f3 n\u00f3sanna imeachta toghch\u00e1in.<\/p>\n","protected":false},"excerpt":{"rendered":"<p>Eolas Toghch\u00e1in ar L\u00edne a Rial\u00e1il Chun cothroime agus sl\u00e1ine na dtoghch\u00e1n agus na reifreann a chosaint, d\u00e9anfaidh an Coimisi\u00fan Toghch\u00e1in an m\u00e9id seo a leanas: N\u00edl an chuid seo den Acht um Athch\u00f3iri\u00fa Toghch\u00e1in, 2022, (Cuid 5) tosaithe go f\u00f3ill. Ina theannta sin, cuirfidh an Coimisi\u00fan Toghch\u00e1in feasacht an phobail chun cinn maidir le &hellip; <a href=\"https:\/\/www.electoralcommission.ie\/ga\/ionracas-na-dtoghthoiri\/\">Continued<\/a><\/p>\n","protected":false},"author":1,"featured_media":9103,"parent":0,"menu_order":0,"comment_status":"closed","ping_status":"closed","template":"","meta":{"_acf_changed":false,"_relevanssi_hide_post":"","_relevanssi_hide_content":"","_relevanssi_pin_for_all":"","_relevanssi_pin_keywords":"","_relevanssi_unpin_keywords":"","_relevanssi_related_keywords":"","_relevanssi_related_include_ids":"","_relevanssi_related_exclude_ids":"","_relevanssi_related_no_append":"","_relevanssi_related_not_related":"","_relevanssi_related_posts":"10298,10109,9475,10848,11320,12555","_relevanssi_noindex_reason":"","_uag_custom_page_level_css":"","footnotes":""},"class_list":["post-228","page","type-page","status-publish","has-post-thumbnail","hentry"],"acf":[],"yoast_head":"<!-- This site is optimized with the Yoast SEO plugin v27.5 - https:\/\/yoast.com\/product\/yoast-seo-wordpress\/ -->\n<title>Sl\u00e1ine Toghch\u00e1in - Coimisi\u00fan Toghch\u00e1in<\/title>\n<meta name=\"robots\" content=\"index, follow, max-snippet:-1, max-image-preview:large, max-video-preview:-1\" \/>\n<link rel=\"canonical\" href=\"https:\/\/www.electoralcommission.ie\/ga\/ionracas-na-dtoghthoiri\/\" \/>\n<meta property=\"og:locale\" content=\"ga_IE\" \/>\n<meta property=\"og:type\" content=\"article\" \/>\n<meta property=\"og:title\" content=\"Sl\u00e1ine Toghch\u00e1in - Coimisi\u00fan Toghch\u00e1in\" \/>\n<meta property=\"og:description\" content=\"Eolas Toghch\u00e1in ar L\u00edne a Rial\u00e1il Chun cothroime agus sl\u00e1ine na dtoghch\u00e1n agus na reifreann a chosaint, d\u00e9anfaidh an Coimisi\u00fan Toghch\u00e1in an m\u00e9id seo a leanas: N\u00edl an chuid seo den Acht um Athch\u00f3iri\u00fa Toghch\u00e1in, 2022, (Cuid 5) tosaithe go f\u00f3ill. Ina theannta sin, cuirfidh an Coimisi\u00fan Toghch\u00e1in feasacht an phobail chun cinn maidir le &hellip; Continued\" \/>\n<meta property=\"og:url\" content=\"https:\/\/www.electoralcommission.ie\/ga\/ionracas-na-dtoghthoiri\/\" \/>\n<meta property=\"og:site_name\" content=\"Coimisi\u00fan Toghch\u00e1in\" \/>\n<meta property=\"article:modified_time\" content=\"2026-03-23T10:18:04+00:00\" \/>\n<meta property=\"og:image\" content=\"https:\/\/www.electoralcommission.ie\/app\/uploads\/2024\/04\/An-Coimisiu\u0301n-Toghcha\u0301in-668-scaled.jpg\" \/>\n\t<meta property=\"og:image:width\" content=\"2560\" \/>\n\t<meta property=\"og:image:height\" content=\"1707\" \/>\n\t<meta property=\"og:image:type\" content=\"image\/jpeg\" \/>\n<meta name=\"twitter:card\" content=\"summary_large_image\" \/>\n<meta name=\"twitter:label1\" content=\"Est. reading time\" \/>\n\t<meta name=\"twitter:data1\" content=\"2 minutes\" \/>\n<script type=\"application\/ld+json\" class=\"yoast-schema-graph\">{\"@context\":\"https:\\\/\\\/schema.org\",\"@graph\":[{\"@type\":\"WebPage\",\"@id\":\"https:\\\/\\\/www.electoralcommission.ie\\\/ga\\\/ionracas-na-dtoghthoiri\\\/\",\"url\":\"https:\\\/\\\/www.electoralcommission.ie\\\/ga\\\/ionracas-na-dtoghthoiri\\\/\",\"name\":\"Sl\u00e1ine Toghch\u00e1in - Coimisi\u00fan Toghch\u00e1in\",\"isPartOf\":{\"@id\":\"https:\\\/\\\/www.electoralcommission.ie\\\/ga\\\/#website\"},\"primaryImageOfPage\":{\"@id\":\"https:\\\/\\\/www.electoralcommission.ie\\\/ga\\\/ionracas-na-dtoghthoiri\\\/#primaryimage\"},\"image\":{\"@id\":\"https:\\\/\\\/www.electoralcommission.ie\\\/ga\\\/ionracas-na-dtoghthoiri\\\/#primaryimage\"},\"thumbnailUrl\":\"https:\\\/\\\/www.electoralcommission.ie\\\/app\\\/uploads\\\/2024\\\/04\\\/An-Coimisiu\u0301n-Toghcha\u0301in-668-scaled.jpg\",\"datePublished\":\"2022-12-21T12:26:18+00:00\",\"dateModified\":\"2026-03-23T10:18:04+00:00\",\"breadcrumb\":{\"@id\":\"https:\\\/\\\/www.electoralcommission.ie\\\/ga\\\/ionracas-na-dtoghthoiri\\\/#breadcrumb\"},\"inLanguage\":\"ga-IE\",\"potentialAction\":[{\"@type\":\"ReadAction\",\"target\":[\"https:\\\/\\\/www.electoralcommission.ie\\\/ga\\\/ionracas-na-dtoghthoiri\\\/\"]}]},{\"@type\":\"ImageObject\",\"inLanguage\":\"ga-IE\",\"@id\":\"https:\\\/\\\/www.electoralcommission.ie\\\/ga\\\/ionracas-na-dtoghthoiri\\\/#primaryimage\",\"url\":\"https:\\\/\\\/www.electoralcommission.ie\\\/app\\\/uploads\\\/2024\\\/04\\\/An-Coimisiu\u0301n-Toghcha\u0301in-668-scaled.jpg\",\"contentUrl\":\"https:\\\/\\\/www.electoralcommission.ie\\\/app\\\/uploads\\\/2024\\\/04\\\/An-Coimisiu\u0301n-Toghcha\u0301in-668-scaled.jpg\",\"width\":2560,\"height\":1707,\"caption\":\"A voter casting their ballots in the Referendums vote on 8 March.\"},{\"@type\":\"BreadcrumbList\",\"@id\":\"https:\\\/\\\/www.electoralcommission.ie\\\/ga\\\/ionracas-na-dtoghthoiri\\\/#breadcrumb\",\"itemListElement\":[{\"@type\":\"ListItem\",\"position\":1,\"name\":\"Baile\",\"item\":\"https:\\\/\\\/www.electoralcommission.ie\\\/ga\\\/\"},{\"@type\":\"ListItem\",\"position\":2,\"name\":\"Sl\u00e1ine Toghch\u00e1in\"}]},{\"@type\":\"WebSite\",\"@id\":\"https:\\\/\\\/www.electoralcommission.ie\\\/ga\\\/#website\",\"url\":\"https:\\\/\\\/www.electoralcommission.ie\\\/ga\\\/\",\"name\":\"Coimisi\u00fan Toghch\u00e1in\",\"description\":\"Ireland&#039;s Statutory, Independent Electoral Commission\",\"potentialAction\":[{\"@type\":\"SearchAction\",\"target\":{\"@type\":\"EntryPoint\",\"urlTemplate\":\"https:\\\/\\\/www.electoralcommission.ie\\\/ga\\\/?s={search_term_string}\"},\"query-input\":{\"@type\":\"PropertyValueSpecification\",\"valueRequired\":true,\"valueName\":\"search_term_string\"}}],\"inLanguage\":\"ga-IE\"}]}<\/script>\n<!-- \/ Yoast SEO plugin. -->","yoast_head_json":{"title":"Sl\u00e1ine Toghch\u00e1in - Coimisi\u00fan Toghch\u00e1in","robots":{"index":"index","follow":"follow","max-snippet":"max-snippet:-1","max-image-preview":"max-image-preview:large","max-video-preview":"max-video-preview:-1"},"canonical":"https:\/\/www.electoralcommission.ie\/ga\/ionracas-na-dtoghthoiri\/","og_locale":"ga_IE","og_type":"article","og_title":"Sl\u00e1ine Toghch\u00e1in - Coimisi\u00fan Toghch\u00e1in","og_description":"Eolas Toghch\u00e1in ar L\u00edne a Rial\u00e1il Chun cothroime agus sl\u00e1ine na dtoghch\u00e1n agus na reifreann a chosaint, d\u00e9anfaidh an Coimisi\u00fan Toghch\u00e1in an m\u00e9id seo a leanas: N\u00edl an chuid seo den Acht um Athch\u00f3iri\u00fa Toghch\u00e1in, 2022, (Cuid 5) tosaithe go f\u00f3ill. Ina theannta sin, cuirfidh an Coimisi\u00fan Toghch\u00e1in feasacht an phobail chun cinn maidir le &hellip; Continued","og_url":"https:\/\/www.electoralcommission.ie\/ga\/ionracas-na-dtoghthoiri\/","og_site_name":"Coimisi\u00fan Toghch\u00e1in","article_modified_time":"2026-03-23T10:18:04+00:00","og_image":[{"width":2560,"height":1707,"url":"https:\/\/www.electoralcommission.ie\/app\/uploads\/2024\/04\/An-Coimisiu\u0301n-Toghcha\u0301in-668-scaled.jpg","type":"image\/jpeg"}],"twitter_card":"summary_large_image","twitter_misc":{"Est. reading time":"2 minutes"},"schema":{"@context":"https:\/\/schema.org","@graph":[{"@type":"WebPage","@id":"https:\/\/www.electoralcommission.ie\/ga\/ionracas-na-dtoghthoiri\/","url":"https:\/\/www.electoralcommission.ie\/ga\/ionracas-na-dtoghthoiri\/","name":"Sl\u00e1ine Toghch\u00e1in - Coimisi\u00fan Toghch\u00e1in","isPartOf":{"@id":"https:\/\/www.electoralcommission.ie\/ga\/#website"},"primaryImageOfPage":{"@id":"https:\/\/www.electoralcommission.ie\/ga\/ionracas-na-dtoghthoiri\/#primaryimage"},"image":{"@id":"https:\/\/www.electoralcommission.ie\/ga\/ionracas-na-dtoghthoiri\/#primaryimage"},"thumbnailUrl":"https:\/\/www.electoralcommission.ie\/app\/uploads\/2024\/04\/An-Coimisiu\u0301n-Toghcha\u0301in-668-scaled.jpg","datePublished":"2022-12-21T12:26:18+00:00","dateModified":"2026-03-23T10:18:04+00:00","breadcrumb":{"@id":"https:\/\/www.electoralcommission.ie\/ga\/ionracas-na-dtoghthoiri\/#breadcrumb"},"inLanguage":"ga-IE","potentialAction":[{"@type":"ReadAction","target":["https:\/\/www.electoralcommission.ie\/ga\/ionracas-na-dtoghthoiri\/"]}]},{"@type":"ImageObject","inLanguage":"ga-IE","@id":"https:\/\/www.electoralcommission.ie\/ga\/ionracas-na-dtoghthoiri\/#primaryimage","url":"https:\/\/www.electoralcommission.ie\/app\/uploads\/2024\/04\/An-Coimisiu\u0301n-Toghcha\u0301in-668-scaled.jpg","contentUrl":"https:\/\/www.electoralcommission.ie\/app\/uploads\/2024\/04\/An-Coimisiu\u0301n-Toghcha\u0301in-668-scaled.jpg","width":2560,"height":1707,"caption":"A voter casting their ballots in the Referendums vote on 8 March."},{"@type":"BreadcrumbList","@id":"https:\/\/www.electoralcommission.ie\/ga\/ionracas-na-dtoghthoiri\/#breadcrumb","itemListElement":[{"@type":"ListItem","position":1,"name":"Baile","item":"https:\/\/www.electoralcommission.ie\/ga\/"},{"@type":"ListItem","position":2,"name":"Sl\u00e1ine Toghch\u00e1in"}]},{"@type":"WebSite","@id":"https:\/\/www.electoralcommission.ie\/ga\/#website","url":"https:\/\/www.electoralcommission.ie\/ga\/","name":"Coimisi\u00fan Toghch\u00e1in","description":"Ireland&#039;s Statutory, Independent Electoral Commission","potentialAction":[{"@type":"SearchAction","target":{"@type":"EntryPoint","urlTemplate":"https:\/\/www.electoralcommission.ie\/ga\/?s={search_term_string}"},"query-input":{"@type":"PropertyValueSpecification","valueRequired":true,"valueName":"search_term_string"}}],"inLanguage":"ga-IE"}]}},"uagb_featured_image_src":{"full":["https:\/\/www.electoralcommission.ie\/app\/uploads\/2024\/04\/An-Coimisiu\u0301n-Toghcha\u0301in-668-scaled.jpg",2560,1707,false],"thumbnail":["https:\/\/www.electoralcommission.ie\/app\/uploads\/2024\/04\/An-Coimisiu\u0301n-Toghcha\u0301in-668-355x210.jpg",355,210,true],"medium":["https:\/\/www.electoralcommission.ie\/app\/uploads\/2024\/04\/An-Coimisiu\u0301n-Toghcha\u0301in-668-300x200.jpg",300,200,true],"medium_large":["https:\/\/www.electoralcommission.ie\/app\/uploads\/2024\/04\/An-Coimisiu\u0301n-Toghcha\u0301in-668-768x512.jpg",768,512,true],"large":["https:\/\/www.electoralcommission.ie\/app\/uploads\/2024\/04\/An-Coimisiu\u0301n-Toghcha\u0301in-668-1024x683.jpg",1024,683,true],"1536x1536":["https:\/\/www.electoralcommission.ie\/app\/uploads\/2024\/04\/An-Coimisiu\u0301n-Toghcha\u0301in-668-1536x1024.jpg",1536,1024,true],"2048x2048":["https:\/\/www.electoralcommission.ie\/app\/uploads\/2024\/04\/An-Coimisiu\u0301n-Toghcha\u0301in-668-2048x1365.jpg",2048,1365,true],"gform-image-choice-sm":["https:\/\/www.electoralcommission.ie\/app\/uploads\/2024\/04\/An-Coimisiu\u0301n-Toghcha\u0301in-668-scaled.jpg",300,200,false],"gform-image-choice-md":["https:\/\/www.electoralcommission.ie\/app\/uploads\/2024\/04\/An-Coimisiu\u0301n-Toghcha\u0301in-668-scaled.jpg",400,267,false],"gform-image-choice-lg":["https:\/\/www.electoralcommission.ie\/app\/uploads\/2024\/04\/An-Coimisiu\u0301n-Toghcha\u0301in-668-scaled.jpg",600,400,false]},"uagb_author_info":{"display_name":"Jose","author_link":"https:\/\/www.electoralcommission.ie\/ga\/author\/jose\/"},"uagb_comment_info":0,"uagb_excerpt":"Eolas Toghch\u00e1in ar L\u00edne a Rial\u00e1il Chun cothroime agus sl\u00e1ine na dtoghch\u00e1n agus na reifreann a chosaint, d\u00e9anfaidh an Coimisi\u00fan Toghch\u00e1in an m\u00e9id seo a leanas: N\u00edl an chuid seo den Acht um Athch\u00f3iri\u00fa Toghch\u00e1in, 2022, (Cuid 5) tosaithe go f\u00f3ill. Ina theannta sin, cuirfidh an Coimisi\u00fan Toghch\u00e1in feasacht an phobail chun cinn maidir le&hellip;","_links":{"self":[{"href":"https:\/\/www.electoralcommission.ie\/ga\/wp-json\/wp\/v2\/pages\/228","targetHints":{"allow":["GET"]}}],"collection":[{"href":"https:\/\/www.electoralcommission.ie\/ga\/wp-json\/wp\/v2\/pages"}],"about":[{"href":"https:\/\/www.electoralcommission.ie\/ga\/wp-json\/wp\/v2\/types\/page"}],"author":[{"embeddable":true,"href":"https:\/\/www.electoralcommission.ie\/ga\/wp-json\/wp\/v2\/users\/1"}],"replies":[{"embeddable":true,"href":"https:\/\/www.electoralcommission.ie\/ga\/wp-json\/wp\/v2\/comments?post=228"}],"version-history":[{"count":8,"href":"https:\/\/www.electoralcommission.ie\/ga\/wp-json\/wp\/v2\/pages\/228\/revisions"}],"predecessor-version":[{"id":15546,"href":"https:\/\/www.electoralcommission.ie\/ga\/wp-json\/wp\/v2\/pages\/228\/revisions\/15546"}],"wp:featuredmedia":[{"embeddable":true,"href":"https:\/\/www.electoralcommission.ie\/ga\/wp-json\/wp\/v2\/media\/9103"}],"wp:attachment":[{"href":"https:\/\/www.electoralcommission.ie\/ga\/wp-json\/wp\/v2\/media?parent=228"}],"curies":[{"name":"wp","href":"https:\/\/api.w.org\/{rel}","templated":true}]}}