
{"id":260,"date":"2022-04-01T11:24:28","date_gmt":"2022-04-01T10:24:28","guid":{"rendered":"https:\/\/www.electoralcommission.ie\/is-e-an-bille-um-athchoiriu-toghchain-2021-an-t-athchoiriu-is-tabhachtai-ar-choras-toghchain-na-heireann-leis-na-deaga-de-bhliantadeich-mbliana-anuas-airitear-ann-coimisiun-toghchain-reachtuil-neamh\/"},"modified":"2023-03-14T08:37:32","modified_gmt":"2023-03-14T08:37:32","slug":"is-e-an-bille-um-athchoiriu-toghchain-2021-an-t-athchoiriu-is-tabhachtai-ar-choras-toghchain-na-heireann-leis-na-deaga-de-bhliantadeich-mbliana-anuas-airitear-ann-coimisiun-toghchain-reachtuil-neamh","status":"publish","type":"page","link":"https:\/\/www.electoralcommission.ie\/ga\/is-e-an-bille-um-athchoiriu-toghchain-2021-an-t-athchoiriu-is-tabhachtai-ar-choras-toghchain-na-heireann-leis-na-deaga-de-bhliantadeich-mbliana-anuas-airitear-ann-coimisiun-toghchain-reachtuil-neamh\/","title":{"rendered":"Is \u00e9 bun\u00fa an Choimisi\u00fain Toghch\u00e1in, an Coimisi\u00fan Toghch\u00e1in, an t-athch\u00f3iri\u00fa is t\u00e1bhachta\u00ed ar an gc\u00f3ras toghch\u00e1in leis na d\u00e9aga de bhlianta anuas."},"content":{"rendered":"\n<p>Is comhlacht reacht\u00fail, neamhsple\u00e1ch \u00e9 an Coimisi\u00fan Toghch\u00e1in, a buna\u00edodh an 9 Feabhra 2023, at\u00e1 freagrach as raon leathan feidhmeanna toghch\u00e1in mar at\u00e1 leagtha amach san <em>Acht um Athch\u00f3iri\u00fa Toghch\u00e1n 2022<\/em>. T\u00e1 an Coimisi\u00fan ag cro\u00edl\u00e1r ch\u00f3ras toghch\u00e1in na h\u00c9ireann, agus raon feidhmeanna toghch\u00e1in \u00e1 gcur i bhfeidhm aige lena n-\u00e1ir\u00edtear:<\/p>\n\n\n\n<ul class=\"wp-block-list\">\n<li>freagracht as p\u00e1irtithe polaiti\u00fala a chl\u00e1r\u00fa, agus as Cl\u00e1r na bP\u00e1irtithe Polaiti\u00fala a ullmh\u00fa agus a choime\u00e1d.<\/li>\n\n\n\n<li>an chinnteoireacht, maoirseacht, r\u00fana\u00edocht agus seirbh\u00eds\u00ed taca\u00edochta a bhaineann le h\u00e1bhar mholta\u00ed an reifrinn a mh\u00edni\u00fa, tuiscint an phobail a chur chun cinn maidir leis an reifreann agus na toghth\u00f3ir\u00ed a spreagadh chun v\u00f3t\u00e1il i v\u00f3ta an reifrinn.<\/li>\n\n\n\n<li>athbhreithnithe a dh\u00e9anamh agus tuarasc\u00e1lacha a chur le ch\u00e9ile maidir leis na toghcheantair le haghaidh Teachta\u00ed D\u00e1la agus Feisir\u00ed Pharlaimint na hEorpa a thoghadh; agus<\/li>\n\n\n\n<li>tuarasc\u00e1lacha a chur faoi bhr\u00e1id an Aire maidir le teorainneacha toghcheantar \u00e1iti\u00fail.<\/li>\n<\/ul>\n\n\n\n<p>Cuirtear roinnt r\u00f3l toghch\u00e1in nua de ch\u00faram ar an gCoimisi\u00fan freisin, lena n-\u00e1ir\u00edtear:<\/p>\n\n\n\n<ul class=\"wp-block-list\">\n<li>cl\u00e1ir taighde a ullmh\u00fa agus taighde a dh\u00e9anamh ar bheartas agus ar n\u00f3s imeachta toghch\u00e1in, agus comhairle a thabhairt, de r\u00e9ir mar is g\u00e1, don Aire agus don Rialtas.<\/li>\n\n\n\n<li>tuiscint an phobail a chur chun cinn ar phr\u00f3isis thoghch\u00e1in agus dhaonlathacha an St\u00e1it, agus obair a dh\u00e9anamh chun a rannph\u00e1irteachas iontu a mh\u00e9ad\u00fa, tr\u00ed chl\u00e1ir oideachais agus faisn\u00e9ise;<\/li>\n\n\n\n<li>maoirseacht a dh\u00e9anamh ar an gCl\u00e1r Toghch\u00e1in nuach\u00f3irithe, molta\u00ed a dh\u00e9anamh agus caighde\u00e1in a leagan s\u00edos maidir lena choime\u00e1d agus lena nuashonr\u00fa;<\/li>\n\n\n\n<li>freagracht as f\u00f3gra\u00edocht pholaiti\u00fail ar l\u00edne a n-\u00edoctar as a rial\u00e1il, agus follasacht \u00e1 cinnti\u00fa maidir le f\u00f3gra\u00ed polaiti\u00fala ar l\u00edne a ceanna\u00edodh chun rith le linn tr\u00e9imhse thoghch\u00e1in n\u00f3 le linn feachtais reifrinn;<\/li>\n\n\n\n<li>freagracht as br\u00e9agfhaisn\u00e9is ar l\u00edne, m\u00edfhaisn\u00e9is ar l\u00edne agus iompra\u00edocht shleamhain n\u00f3 bhr\u00e9agach ar l\u00edne le linn tr\u00e9imhs\u00ed feachtais thoghch\u00e1in a imscr\u00fad\u00fa agus a mhonat\u00f3iri\u00fa, agus as feidhmeanna freisin chun iompra\u00edochta\u00ed sleamhna n\u00f3 br\u00e9agacha ar l\u00edne a chosc.<\/li>\n\n\n\n<li>tuarasc\u00e1lacha ex post a ullmh\u00fa maidir le himeachta\u00ed toghch\u00e1in a riar.<\/li>\n<\/ul>\n","protected":false},"excerpt":{"rendered":"<p>Is comhlacht reacht\u00fail, neamhsple\u00e1ch \u00e9 an Coimisi\u00fan Toghch\u00e1in, a buna\u00edodh an 9 Feabhra 2023, at\u00e1 freagrach as raon leathan feidhmeanna toghch\u00e1in mar at\u00e1 leagtha amach san Acht um Athch\u00f3iri\u00fa Toghch\u00e1n 2022. T\u00e1 an Coimisi\u00fan ag cro\u00edl\u00e1r ch\u00f3ras toghch\u00e1in na h\u00c9ireann, agus raon feidhmeanna toghch\u00e1in \u00e1 gcur i bhfeidhm aige lena n-\u00e1ir\u00edtear: Cuirtear roinnt r\u00f3l toghch\u00e1in &hellip; <a href=\"https:\/\/www.electoralcommission.ie\/ga\/is-e-an-bille-um-athchoiriu-toghchain-2021-an-t-athchoiriu-is-tabhachtai-ar-choras-toghchain-na-heireann-leis-na-deaga-de-bhliantadeich-mbliana-anuas-airitear-ann-coimisiun-toghchain-reachtuil-neamh\/\">Continued<\/a><\/p>\n","protected":false},"author":1,"featured_media":5583,"parent":0,"menu_order":0,"comment_status":"closed","ping_status":"closed","template":"","meta":{"_acf_changed":false,"_relevanssi_hide_post":"","_relevanssi_hide_content":"","_relevanssi_pin_for_all":"","_relevanssi_pin_keywords":"","_relevanssi_unpin_keywords":"","_relevanssi_related_keywords":"","_relevanssi_related_include_ids":"","_relevanssi_related_exclude_ids":"","_relevanssi_related_no_append":"","_relevanssi_related_not_related":"","_relevanssi_related_posts":"","_relevanssi_noindex_reason":"","_uag_custom_page_level_css":"","footnotes":""},"class_list":["post-260","page","type-page","status-publish","has-post-thumbnail","hentry"],"acf":[],"yoast_head":"<!-- This site is optimized with the Yoast SEO plugin v27.5 - https:\/\/yoast.com\/product\/yoast-seo-wordpress\/ -->\n<title>Is \u00e9 bun\u00fa an Choimisi\u00fain Toghch\u00e1in, an Coimisi\u00fan Toghch\u00e1in, an t-athch\u00f3iri\u00fa is t\u00e1bhachta\u00ed ar an gc\u00f3ras toghch\u00e1in leis na d\u00e9aga de bhlianta anuas. - Coimisi\u00fan Toghch\u00e1in<\/title>\n<meta name=\"robots\" content=\"index, follow, max-snippet:-1, max-image-preview:large, max-video-preview:-1\" \/>\n<link rel=\"canonical\" href=\"https:\/\/www.electoralcommission.ie\/ga\/is-e-an-bille-um-athchoiriu-toghchain-2021-an-t-athchoiriu-is-tabhachtai-ar-choras-toghchain-na-heireann-leis-na-deaga-de-bhliantadeich-mbliana-anuas-airitear-ann-coimisiun-toghchain-reachtuil-neamh\/\" \/>\n<meta property=\"og:locale\" content=\"ga_IE\" \/>\n<meta property=\"og:type\" content=\"article\" \/>\n<meta property=\"og:title\" content=\"Is \u00e9 bun\u00fa an Choimisi\u00fain Toghch\u00e1in, an Coimisi\u00fan Toghch\u00e1in, an t-athch\u00f3iri\u00fa is t\u00e1bhachta\u00ed ar an gc\u00f3ras toghch\u00e1in leis na d\u00e9aga de bhlianta anuas. - Coimisi\u00fan Toghch\u00e1in\" \/>\n<meta property=\"og:description\" content=\"Is comhlacht reacht\u00fail, neamhsple\u00e1ch \u00e9 an Coimisi\u00fan Toghch\u00e1in, a buna\u00edodh an 9 Feabhra 2023, at\u00e1 freagrach as raon leathan feidhmeanna toghch\u00e1in mar at\u00e1 leagtha amach san Acht um Athch\u00f3iri\u00fa Toghch\u00e1n 2022. T\u00e1 an Coimisi\u00fan ag cro\u00edl\u00e1r ch\u00f3ras toghch\u00e1in na h\u00c9ireann, agus raon feidhmeanna toghch\u00e1in \u00e1 gcur i bhfeidhm aige lena n-\u00e1ir\u00edtear: Cuirtear roinnt r\u00f3l toghch\u00e1in &hellip; Continued\" \/>\n<meta property=\"og:url\" content=\"https:\/\/www.electoralcommission.ie\/ga\/is-e-an-bille-um-athchoiriu-toghchain-2021-an-t-athchoiriu-is-tabhachtai-ar-choras-toghchain-na-heireann-leis-na-deaga-de-bhliantadeich-mbliana-anuas-airitear-ann-coimisiun-toghchain-reachtuil-neamh\/\" \/>\n<meta property=\"og:site_name\" content=\"Coimisi\u00fan Toghch\u00e1in\" \/>\n<meta property=\"article:modified_time\" content=\"2023-03-14T08:37:32+00:00\" \/>\n<meta name=\"twitter:card\" content=\"summary_large_image\" \/>\n<meta name=\"twitter:label1\" content=\"Est. reading time\" \/>\n\t<meta name=\"twitter:data1\" content=\"2 minutes\" \/>\n<script type=\"application\/ld+json\" class=\"yoast-schema-graph\">{\"@context\":\"https:\\\/\\\/schema.org\",\"@graph\":[{\"@type\":\"WebPage\",\"@id\":\"https:\\\/\\\/www.electoralcommission.ie\\\/ga\\\/is-e-an-bille-um-athchoiriu-toghchain-2021-an-t-athchoiriu-is-tabhachtai-ar-choras-toghchain-na-heireann-leis-na-deaga-de-bhliantadeich-mbliana-anuas-airitear-ann-coimisiun-toghchain-reachtuil-neamh\\\/\",\"url\":\"https:\\\/\\\/www.electoralcommission.ie\\\/ga\\\/is-e-an-bille-um-athchoiriu-toghchain-2021-an-t-athchoiriu-is-tabhachtai-ar-choras-toghchain-na-heireann-leis-na-deaga-de-bhliantadeich-mbliana-anuas-airitear-ann-coimisiun-toghchain-reachtuil-neamh\\\/\",\"name\":\"Is \u00e9 bun\u00fa an Choimisi\u00fain Toghch\u00e1in, an Coimisi\u00fan Toghch\u00e1in, an t-athch\u00f3iri\u00fa is t\u00e1bhachta\u00ed ar an gc\u00f3ras toghch\u00e1in leis na d\u00e9aga de bhlianta anuas. - Coimisi\u00fan Toghch\u00e1in\",\"isPartOf\":{\"@id\":\"https:\\\/\\\/www.electoralcommission.ie\\\/ga\\\/#website\"},\"primaryImageOfPage\":{\"@id\":\"https:\\\/\\\/www.electoralcommission.ie\\\/ga\\\/is-e-an-bille-um-athchoiriu-toghchain-2021-an-t-athchoiriu-is-tabhachtai-ar-choras-toghchain-na-heireann-leis-na-deaga-de-bhliantadeich-mbliana-anuas-airitear-ann-coimisiun-toghchain-reachtuil-neamh\\\/#primaryimage\"},\"image\":{\"@id\":\"https:\\\/\\\/www.electoralcommission.ie\\\/ga\\\/is-e-an-bille-um-athchoiriu-toghchain-2021-an-t-athchoiriu-is-tabhachtai-ar-choras-toghchain-na-heireann-leis-na-deaga-de-bhliantadeich-mbliana-anuas-airitear-ann-coimisiun-toghchain-reachtuil-neamh\\\/#primaryimage\"},\"thumbnailUrl\":\"https:\\\/\\\/www.electoralcommission.ie\\\/app\\\/uploads\\\/2023\\\/08\\\/ReviewReport.jpg\",\"datePublished\":\"2022-04-01T10:24:28+00:00\",\"dateModified\":\"2023-03-14T08:37:32+00:00\",\"breadcrumb\":{\"@id\":\"https:\\\/\\\/www.electoralcommission.ie\\\/ga\\\/is-e-an-bille-um-athchoiriu-toghchain-2021-an-t-athchoiriu-is-tabhachtai-ar-choras-toghchain-na-heireann-leis-na-deaga-de-bhliantadeich-mbliana-anuas-airitear-ann-coimisiun-toghchain-reachtuil-neamh\\\/#breadcrumb\"},\"inLanguage\":\"ga-IE\",\"potentialAction\":[{\"@type\":\"ReadAction\",\"target\":[\"https:\\\/\\\/www.electoralcommission.ie\\\/ga\\\/is-e-an-bille-um-athchoiriu-toghchain-2021-an-t-athchoiriu-is-tabhachtai-ar-choras-toghchain-na-heireann-leis-na-deaga-de-bhliantadeich-mbliana-anuas-airitear-ann-coimisiun-toghchain-reachtuil-neamh\\\/\"]}]},{\"@type\":\"ImageObject\",\"inLanguage\":\"ga-IE\",\"@id\":\"https:\\\/\\\/www.electoralcommission.ie\\\/ga\\\/is-e-an-bille-um-athchoiriu-toghchain-2021-an-t-athchoiriu-is-tabhachtai-ar-choras-toghchain-na-heireann-leis-na-deaga-de-bhliantadeich-mbliana-anuas-airitear-ann-coimisiun-toghchain-reachtuil-neamh\\\/#primaryimage\",\"url\":\"https:\\\/\\\/www.electoralcommission.ie\\\/app\\\/uploads\\\/2023\\\/08\\\/ReviewReport.jpg\",\"contentUrl\":\"https:\\\/\\\/www.electoralcommission.ie\\\/app\\\/uploads\\\/2023\\\/08\\\/ReviewReport.jpg\",\"width\":1100,\"height\":743,\"caption\":\"collage of voting day images\"},{\"@type\":\"BreadcrumbList\",\"@id\":\"https:\\\/\\\/www.electoralcommission.ie\\\/ga\\\/is-e-an-bille-um-athchoiriu-toghchain-2021-an-t-athchoiriu-is-tabhachtai-ar-choras-toghchain-na-heireann-leis-na-deaga-de-bhliantadeich-mbliana-anuas-airitear-ann-coimisiun-toghchain-reachtuil-neamh\\\/#breadcrumb\",\"itemListElement\":[{\"@type\":\"ListItem\",\"position\":1,\"name\":\"Baile\",\"item\":\"https:\\\/\\\/www.electoralcommission.ie\\\/ga\\\/\"},{\"@type\":\"ListItem\",\"position\":2,\"name\":\"Is \u00e9 bun\u00fa an Choimisi\u00fain Toghch\u00e1in, an Coimisi\u00fan Toghch\u00e1in, an t-athch\u00f3iri\u00fa is t\u00e1bhachta\u00ed ar an gc\u00f3ras toghch\u00e1in leis na d\u00e9aga de bhlianta anuas.\"}]},{\"@type\":\"WebSite\",\"@id\":\"https:\\\/\\\/www.electoralcommission.ie\\\/ga\\\/#website\",\"url\":\"https:\\\/\\\/www.electoralcommission.ie\\\/ga\\\/\",\"name\":\"Coimisi\u00fan Toghch\u00e1in\",\"description\":\"Ireland&#039;s Statutory, Independent Electoral Commission\",\"potentialAction\":[{\"@type\":\"SearchAction\",\"target\":{\"@type\":\"EntryPoint\",\"urlTemplate\":\"https:\\\/\\\/www.electoralcommission.ie\\\/ga\\\/?s={search_term_string}\"},\"query-input\":{\"@type\":\"PropertyValueSpecification\",\"valueRequired\":true,\"valueName\":\"search_term_string\"}}],\"inLanguage\":\"ga-IE\"}]}<\/script>\n<!-- \/ Yoast SEO plugin. -->","yoast_head_json":{"title":"Is \u00e9 bun\u00fa an Choimisi\u00fain Toghch\u00e1in, an Coimisi\u00fan Toghch\u00e1in, an t-athch\u00f3iri\u00fa is t\u00e1bhachta\u00ed ar an gc\u00f3ras toghch\u00e1in leis na d\u00e9aga de bhlianta anuas. - Coimisi\u00fan Toghch\u00e1in","robots":{"index":"index","follow":"follow","max-snippet":"max-snippet:-1","max-image-preview":"max-image-preview:large","max-video-preview":"max-video-preview:-1"},"canonical":"https:\/\/www.electoralcommission.ie\/ga\/is-e-an-bille-um-athchoiriu-toghchain-2021-an-t-athchoiriu-is-tabhachtai-ar-choras-toghchain-na-heireann-leis-na-deaga-de-bhliantadeich-mbliana-anuas-airitear-ann-coimisiun-toghchain-reachtuil-neamh\/","og_locale":"ga_IE","og_type":"article","og_title":"Is \u00e9 bun\u00fa an Choimisi\u00fain Toghch\u00e1in, an Coimisi\u00fan Toghch\u00e1in, an t-athch\u00f3iri\u00fa is t\u00e1bhachta\u00ed ar an gc\u00f3ras toghch\u00e1in leis na d\u00e9aga de bhlianta anuas. - Coimisi\u00fan Toghch\u00e1in","og_description":"Is comhlacht reacht\u00fail, neamhsple\u00e1ch \u00e9 an Coimisi\u00fan Toghch\u00e1in, a buna\u00edodh an 9 Feabhra 2023, at\u00e1 freagrach as raon leathan feidhmeanna toghch\u00e1in mar at\u00e1 leagtha amach san Acht um Athch\u00f3iri\u00fa Toghch\u00e1n 2022. T\u00e1 an Coimisi\u00fan ag cro\u00edl\u00e1r ch\u00f3ras toghch\u00e1in na h\u00c9ireann, agus raon feidhmeanna toghch\u00e1in \u00e1 gcur i bhfeidhm aige lena n-\u00e1ir\u00edtear: Cuirtear roinnt r\u00f3l toghch\u00e1in &hellip; Continued","og_url":"https:\/\/www.electoralcommission.ie\/ga\/is-e-an-bille-um-athchoiriu-toghchain-2021-an-t-athchoiriu-is-tabhachtai-ar-choras-toghchain-na-heireann-leis-na-deaga-de-bhliantadeich-mbliana-anuas-airitear-ann-coimisiun-toghchain-reachtuil-neamh\/","og_site_name":"Coimisi\u00fan Toghch\u00e1in","article_modified_time":"2023-03-14T08:37:32+00:00","twitter_card":"summary_large_image","twitter_misc":{"Est. reading time":"2 minutes"},"schema":{"@context":"https:\/\/schema.org","@graph":[{"@type":"WebPage","@id":"https:\/\/www.electoralcommission.ie\/ga\/is-e-an-bille-um-athchoiriu-toghchain-2021-an-t-athchoiriu-is-tabhachtai-ar-choras-toghchain-na-heireann-leis-na-deaga-de-bhliantadeich-mbliana-anuas-airitear-ann-coimisiun-toghchain-reachtuil-neamh\/","url":"https:\/\/www.electoralcommission.ie\/ga\/is-e-an-bille-um-athchoiriu-toghchain-2021-an-t-athchoiriu-is-tabhachtai-ar-choras-toghchain-na-heireann-leis-na-deaga-de-bhliantadeich-mbliana-anuas-airitear-ann-coimisiun-toghchain-reachtuil-neamh\/","name":"Is \u00e9 bun\u00fa an Choimisi\u00fain Toghch\u00e1in, an Coimisi\u00fan Toghch\u00e1in, an t-athch\u00f3iri\u00fa is t\u00e1bhachta\u00ed ar an gc\u00f3ras toghch\u00e1in leis na d\u00e9aga de bhlianta anuas. - Coimisi\u00fan Toghch\u00e1in","isPartOf":{"@id":"https:\/\/www.electoralcommission.ie\/ga\/#website"},"primaryImageOfPage":{"@id":"https:\/\/www.electoralcommission.ie\/ga\/is-e-an-bille-um-athchoiriu-toghchain-2021-an-t-athchoiriu-is-tabhachtai-ar-choras-toghchain-na-heireann-leis-na-deaga-de-bhliantadeich-mbliana-anuas-airitear-ann-coimisiun-toghchain-reachtuil-neamh\/#primaryimage"},"image":{"@id":"https:\/\/www.electoralcommission.ie\/ga\/is-e-an-bille-um-athchoiriu-toghchain-2021-an-t-athchoiriu-is-tabhachtai-ar-choras-toghchain-na-heireann-leis-na-deaga-de-bhliantadeich-mbliana-anuas-airitear-ann-coimisiun-toghchain-reachtuil-neamh\/#primaryimage"},"thumbnailUrl":"https:\/\/www.electoralcommission.ie\/app\/uploads\/2023\/08\/ReviewReport.jpg","datePublished":"2022-04-01T10:24:28+00:00","dateModified":"2023-03-14T08:37:32+00:00","breadcrumb":{"@id":"https:\/\/www.electoralcommission.ie\/ga\/is-e-an-bille-um-athchoiriu-toghchain-2021-an-t-athchoiriu-is-tabhachtai-ar-choras-toghchain-na-heireann-leis-na-deaga-de-bhliantadeich-mbliana-anuas-airitear-ann-coimisiun-toghchain-reachtuil-neamh\/#breadcrumb"},"inLanguage":"ga-IE","potentialAction":[{"@type":"ReadAction","target":["https:\/\/www.electoralcommission.ie\/ga\/is-e-an-bille-um-athchoiriu-toghchain-2021-an-t-athchoiriu-is-tabhachtai-ar-choras-toghchain-na-heireann-leis-na-deaga-de-bhliantadeich-mbliana-anuas-airitear-ann-coimisiun-toghchain-reachtuil-neamh\/"]}]},{"@type":"ImageObject","inLanguage":"ga-IE","@id":"https:\/\/www.electoralcommission.ie\/ga\/is-e-an-bille-um-athchoiriu-toghchain-2021-an-t-athchoiriu-is-tabhachtai-ar-choras-toghchain-na-heireann-leis-na-deaga-de-bhliantadeich-mbliana-anuas-airitear-ann-coimisiun-toghchain-reachtuil-neamh\/#primaryimage","url":"https:\/\/www.electoralcommission.ie\/app\/uploads\/2023\/08\/ReviewReport.jpg","contentUrl":"https:\/\/www.electoralcommission.ie\/app\/uploads\/2023\/08\/ReviewReport.jpg","width":1100,"height":743,"caption":"collage of voting day images"},{"@type":"BreadcrumbList","@id":"https:\/\/www.electoralcommission.ie\/ga\/is-e-an-bille-um-athchoiriu-toghchain-2021-an-t-athchoiriu-is-tabhachtai-ar-choras-toghchain-na-heireann-leis-na-deaga-de-bhliantadeich-mbliana-anuas-airitear-ann-coimisiun-toghchain-reachtuil-neamh\/#breadcrumb","itemListElement":[{"@type":"ListItem","position":1,"name":"Baile","item":"https:\/\/www.electoralcommission.ie\/ga\/"},{"@type":"ListItem","position":2,"name":"Is \u00e9 bun\u00fa an Choimisi\u00fain Toghch\u00e1in, an Coimisi\u00fan Toghch\u00e1in, an t-athch\u00f3iri\u00fa is t\u00e1bhachta\u00ed ar an gc\u00f3ras toghch\u00e1in leis na d\u00e9aga de bhlianta anuas."}]},{"@type":"WebSite","@id":"https:\/\/www.electoralcommission.ie\/ga\/#website","url":"https:\/\/www.electoralcommission.ie\/ga\/","name":"Coimisi\u00fan Toghch\u00e1in","description":"Ireland&#039;s Statutory, Independent Electoral Commission","potentialAction":[{"@type":"SearchAction","target":{"@type":"EntryPoint","urlTemplate":"https:\/\/www.electoralcommission.ie\/ga\/?s={search_term_string}"},"query-input":{"@type":"PropertyValueSpecification","valueRequired":true,"valueName":"search_term_string"}}],"inLanguage":"ga-IE"}]}},"uagb_featured_image_src":{"full":["https:\/\/www.electoralcommission.ie\/app\/uploads\/2023\/08\/ReviewReport.jpg",1100,743,false],"thumbnail":["https:\/\/www.electoralcommission.ie\/app\/uploads\/2023\/08\/ReviewReport-355x210.jpg",355,210,true],"medium":["https:\/\/www.electoralcommission.ie\/app\/uploads\/2023\/08\/ReviewReport-300x203.jpg",300,203,true],"medium_large":["https:\/\/www.electoralcommission.ie\/app\/uploads\/2023\/08\/ReviewReport-768x519.jpg",768,519,true],"large":["https:\/\/www.electoralcommission.ie\/app\/uploads\/2023\/08\/ReviewReport-1024x692.jpg",1024,692,true],"1536x1536":["https:\/\/www.electoralcommission.ie\/app\/uploads\/2023\/08\/ReviewReport.jpg",1100,743,false],"2048x2048":["https:\/\/www.electoralcommission.ie\/app\/uploads\/2023\/08\/ReviewReport.jpg",1100,743,false],"gform-image-choice-sm":["https:\/\/www.electoralcommission.ie\/app\/uploads\/2023\/08\/ReviewReport.jpg",300,203,false],"gform-image-choice-md":["https:\/\/www.electoralcommission.ie\/app\/uploads\/2023\/08\/ReviewReport.jpg",400,270,false],"gform-image-choice-lg":["https:\/\/www.electoralcommission.ie\/app\/uploads\/2023\/08\/ReviewReport.jpg",600,405,false]},"uagb_author_info":{"display_name":"Jose","author_link":"https:\/\/www.electoralcommission.ie\/ga\/author\/jose\/"},"uagb_comment_info":0,"uagb_excerpt":"Is comhlacht reacht\u00fail, neamhsple\u00e1ch \u00e9 an Coimisi\u00fan Toghch\u00e1in, a buna\u00edodh an 9 Feabhra 2023, at\u00e1 freagrach as raon leathan feidhmeanna toghch\u00e1in mar at\u00e1 leagtha amach san Acht um Athch\u00f3iri\u00fa Toghch\u00e1n 2022. T\u00e1 an Coimisi\u00fan ag cro\u00edl\u00e1r ch\u00f3ras toghch\u00e1in na h\u00c9ireann, agus raon feidhmeanna toghch\u00e1in \u00e1 gcur i bhfeidhm aige lena n-\u00e1ir\u00edtear: Cuirtear roinnt r\u00f3l toghch\u00e1in&hellip;","_links":{"self":[{"href":"https:\/\/www.electoralcommission.ie\/ga\/wp-json\/wp\/v2\/pages\/260","targetHints":{"allow":["GET"]}}],"collection":[{"href":"https:\/\/www.electoralcommission.ie\/ga\/wp-json\/wp\/v2\/pages"}],"about":[{"href":"https:\/\/www.electoralcommission.ie\/ga\/wp-json\/wp\/v2\/types\/page"}],"author":[{"embeddable":true,"href":"https:\/\/www.electoralcommission.ie\/ga\/wp-json\/wp\/v2\/users\/1"}],"replies":[{"embeddable":true,"href":"https:\/\/www.electoralcommission.ie\/ga\/wp-json\/wp\/v2\/comments?post=260"}],"version-history":[{"count":6,"href":"https:\/\/www.electoralcommission.ie\/ga\/wp-json\/wp\/v2\/pages\/260\/revisions"}],"predecessor-version":[{"id":674,"href":"https:\/\/www.electoralcommission.ie\/ga\/wp-json\/wp\/v2\/pages\/260\/revisions\/674"}],"wp:featuredmedia":[{"embeddable":true,"href":"https:\/\/www.electoralcommission.ie\/ga\/wp-json\/wp\/v2\/media\/5583"}],"wp:attachment":[{"href":"https:\/\/www.electoralcommission.ie\/ga\/wp-json\/wp\/v2\/media?parent=260"}],"curies":[{"name":"wp","href":"https:\/\/api.w.org\/{rel}","templated":true}]}}