
{"id":277,"date":"2022-04-01T11:36:17","date_gmt":"2022-04-01T10:36:17","guid":{"rendered":"https:\/\/www.electoralcommission.ie\/ar-bhfoireann\/"},"modified":"2023-01-31T13:57:15","modified_gmt":"2023-01-31T13:57:15","slug":"ar-bhfoireann","status":"publish","type":"page","link":"https:\/\/www.electoralcommission.ie\/ga\/ar-bhfoireann\/","title":{"rendered":"Buna\u00edodh an Coimisi\u00fan Toghch\u00e1in"},"content":{"rendered":"\n<p>Buna\u00edodh an Coimisi\u00fan Toghch\u00e1in faoin Acht um Athch\u00f3iri\u00fa Toghch\u00e1in, 2022. Tugadh an Bille os comhair Thithe an Oireachtais ar an 30 M\u00e1rta, 2022 agus tugadh isteach sa dl\u00ed \u00e9 ar an 25 I\u00fail, 2022. Aimsigh tuilleadh eolais ar shu\u00edomh <a href=\"https:\/\/www.oireachtas.ie\/en\/bills\/bill\/2022\/37\/?tab=debates\" target=\"_blank\" rel=\"noreferrer noopener\">idirl\u00edne an Oireachtais<\/a>.<\/p>\n","protected":false},"excerpt":{"rendered":"<p>Buna\u00edodh an Coimisi\u00fan Toghch\u00e1in faoin Acht um Athch\u00f3iri\u00fa Toghch\u00e1in, 2022. Tugadh an Bille os comhair Thithe an Oireachtais ar an 30 M\u00e1rta, 2022 agus tugadh isteach sa dl\u00ed \u00e9 ar an 25 I\u00fail, 2022. Aimsigh tuilleadh eolais ar shu\u00edomh idirl\u00edne an Oireachtais.<\/p>\n","protected":false},"author":1,"featured_media":458,"parent":0,"menu_order":0,"comment_status":"closed","ping_status":"closed","template":"","meta":{"_acf_changed":false,"_relevanssi_hide_post":"","_relevanssi_hide_content":"","_relevanssi_pin_for_all":"","_relevanssi_pin_keywords":"","_relevanssi_unpin_keywords":"","_relevanssi_related_keywords":"","_relevanssi_related_include_ids":"","_relevanssi_related_exclude_ids":"","_relevanssi_related_no_append":"","_relevanssi_related_not_related":"","_relevanssi_related_posts":"","_relevanssi_noindex_reason":"","_uag_custom_page_level_css":"","footnotes":""},"class_list":["post-277","page","type-page","status-publish","has-post-thumbnail","hentry"],"acf":[],"yoast_head":"<!-- This site is optimized with the Yoast SEO plugin v27.5 - https:\/\/yoast.com\/product\/yoast-seo-wordpress\/ -->\n<title>Buna\u00edodh an Coimisi\u00fan Toghch\u00e1in - Coimisi\u00fan Toghch\u00e1in<\/title>\n<meta name=\"robots\" content=\"index, follow, max-snippet:-1, max-image-preview:large, max-video-preview:-1\" \/>\n<link rel=\"canonical\" href=\"https:\/\/www.electoralcommission.ie\/ga\/ar-bhfoireann\/\" \/>\n<meta property=\"og:locale\" content=\"ga_IE\" \/>\n<meta property=\"og:type\" content=\"article\" \/>\n<meta property=\"og:title\" content=\"Buna\u00edodh an Coimisi\u00fan Toghch\u00e1in - Coimisi\u00fan Toghch\u00e1in\" \/>\n<meta property=\"og:description\" content=\"Buna\u00edodh an Coimisi\u00fan Toghch\u00e1in faoin Acht um Athch\u00f3iri\u00fa Toghch\u00e1in, 2022. Tugadh an Bille os comhair Thithe an Oireachtais ar an 30 M\u00e1rta, 2022 agus tugadh isteach sa dl\u00ed \u00e9 ar an 25 I\u00fail, 2022. Aimsigh tuilleadh eolais ar shu\u00edomh idirl\u00edne an Oireachtais.\" \/>\n<meta property=\"og:url\" content=\"https:\/\/www.electoralcommission.ie\/ga\/ar-bhfoireann\/\" \/>\n<meta property=\"og:site_name\" content=\"Coimisi\u00fan Toghch\u00e1in\" \/>\n<meta property=\"article:modified_time\" content=\"2023-01-31T13:57:15+00:00\" \/>\n<meta property=\"og:image\" content=\"https:\/\/www.electoralcommission.ie\/app\/uploads\/2023\/01\/DailChamber.png\" \/>\n\t<meta property=\"og:image:width\" content=\"654\" \/>\n\t<meta property=\"og:image:height\" content=\"384\" \/>\n\t<meta property=\"og:image:type\" content=\"image\/png\" \/>\n<meta name=\"twitter:card\" content=\"summary_large_image\" \/>\n<script type=\"application\/ld+json\" class=\"yoast-schema-graph\">{\"@context\":\"https:\\\/\\\/schema.org\",\"@graph\":[{\"@type\":\"WebPage\",\"@id\":\"https:\\\/\\\/www.electoralcommission.ie\\\/ga\\\/ar-bhfoireann\\\/\",\"url\":\"https:\\\/\\\/www.electoralcommission.ie\\\/ga\\\/ar-bhfoireann\\\/\",\"name\":\"Buna\u00edodh an Coimisi\u00fan Toghch\u00e1in - Coimisi\u00fan Toghch\u00e1in\",\"isPartOf\":{\"@id\":\"https:\\\/\\\/www.electoralcommission.ie\\\/ga\\\/#website\"},\"primaryImageOfPage\":{\"@id\":\"https:\\\/\\\/www.electoralcommission.ie\\\/ga\\\/ar-bhfoireann\\\/#primaryimage\"},\"image\":{\"@id\":\"https:\\\/\\\/www.electoralcommission.ie\\\/ga\\\/ar-bhfoireann\\\/#primaryimage\"},\"thumbnailUrl\":\"https:\\\/\\\/www.electoralcommission.ie\\\/app\\\/uploads\\\/2023\\\/01\\\/DailChamber.png\",\"datePublished\":\"2022-04-01T10:36:17+00:00\",\"dateModified\":\"2023-01-31T13:57:15+00:00\",\"breadcrumb\":{\"@id\":\"https:\\\/\\\/www.electoralcommission.ie\\\/ga\\\/ar-bhfoireann\\\/#breadcrumb\"},\"inLanguage\":\"ga-IE\",\"potentialAction\":[{\"@type\":\"ReadAction\",\"target\":[\"https:\\\/\\\/www.electoralcommission.ie\\\/ga\\\/ar-bhfoireann\\\/\"]}]},{\"@type\":\"ImageObject\",\"inLanguage\":\"ga-IE\",\"@id\":\"https:\\\/\\\/www.electoralcommission.ie\\\/ga\\\/ar-bhfoireann\\\/#primaryimage\",\"url\":\"https:\\\/\\\/www.electoralcommission.ie\\\/app\\\/uploads\\\/2023\\\/01\\\/DailChamber.png\",\"contentUrl\":\"https:\\\/\\\/www.electoralcommission.ie\\\/app\\\/uploads\\\/2023\\\/01\\\/DailChamber.png\",\"width\":654,\"height\":384,\"caption\":\"Dail Chamber\"},{\"@type\":\"BreadcrumbList\",\"@id\":\"https:\\\/\\\/www.electoralcommission.ie\\\/ga\\\/ar-bhfoireann\\\/#breadcrumb\",\"itemListElement\":[{\"@type\":\"ListItem\",\"position\":1,\"name\":\"Baile\",\"item\":\"https:\\\/\\\/www.electoralcommission.ie\\\/ga\\\/\"},{\"@type\":\"ListItem\",\"position\":2,\"name\":\"Buna\u00edodh an Coimisi\u00fan Toghch\u00e1in\"}]},{\"@type\":\"WebSite\",\"@id\":\"https:\\\/\\\/www.electoralcommission.ie\\\/ga\\\/#website\",\"url\":\"https:\\\/\\\/www.electoralcommission.ie\\\/ga\\\/\",\"name\":\"Coimisi\u00fan Toghch\u00e1in\",\"description\":\"Ireland&#039;s Statutory, Independent Electoral Commission\",\"potentialAction\":[{\"@type\":\"SearchAction\",\"target\":{\"@type\":\"EntryPoint\",\"urlTemplate\":\"https:\\\/\\\/www.electoralcommission.ie\\\/ga\\\/?s={search_term_string}\"},\"query-input\":{\"@type\":\"PropertyValueSpecification\",\"valueRequired\":true,\"valueName\":\"search_term_string\"}}],\"inLanguage\":\"ga-IE\"}]}<\/script>\n<!-- \/ Yoast SEO plugin. -->","yoast_head_json":{"title":"Buna\u00edodh an Coimisi\u00fan Toghch\u00e1in - Coimisi\u00fan Toghch\u00e1in","robots":{"index":"index","follow":"follow","max-snippet":"max-snippet:-1","max-image-preview":"max-image-preview:large","max-video-preview":"max-video-preview:-1"},"canonical":"https:\/\/www.electoralcommission.ie\/ga\/ar-bhfoireann\/","og_locale":"ga_IE","og_type":"article","og_title":"Buna\u00edodh an Coimisi\u00fan Toghch\u00e1in - Coimisi\u00fan Toghch\u00e1in","og_description":"Buna\u00edodh an Coimisi\u00fan Toghch\u00e1in faoin Acht um Athch\u00f3iri\u00fa Toghch\u00e1in, 2022. Tugadh an Bille os comhair Thithe an Oireachtais ar an 30 M\u00e1rta, 2022 agus tugadh isteach sa dl\u00ed \u00e9 ar an 25 I\u00fail, 2022. Aimsigh tuilleadh eolais ar shu\u00edomh idirl\u00edne an Oireachtais.","og_url":"https:\/\/www.electoralcommission.ie\/ga\/ar-bhfoireann\/","og_site_name":"Coimisi\u00fan Toghch\u00e1in","article_modified_time":"2023-01-31T13:57:15+00:00","og_image":[{"width":654,"height":384,"url":"https:\/\/www.electoralcommission.ie\/app\/uploads\/2023\/01\/DailChamber.png","type":"image\/png"}],"twitter_card":"summary_large_image","schema":{"@context":"https:\/\/schema.org","@graph":[{"@type":"WebPage","@id":"https:\/\/www.electoralcommission.ie\/ga\/ar-bhfoireann\/","url":"https:\/\/www.electoralcommission.ie\/ga\/ar-bhfoireann\/","name":"Buna\u00edodh an Coimisi\u00fan Toghch\u00e1in - Coimisi\u00fan Toghch\u00e1in","isPartOf":{"@id":"https:\/\/www.electoralcommission.ie\/ga\/#website"},"primaryImageOfPage":{"@id":"https:\/\/www.electoralcommission.ie\/ga\/ar-bhfoireann\/#primaryimage"},"image":{"@id":"https:\/\/www.electoralcommission.ie\/ga\/ar-bhfoireann\/#primaryimage"},"thumbnailUrl":"https:\/\/www.electoralcommission.ie\/app\/uploads\/2023\/01\/DailChamber.png","datePublished":"2022-04-01T10:36:17+00:00","dateModified":"2023-01-31T13:57:15+00:00","breadcrumb":{"@id":"https:\/\/www.electoralcommission.ie\/ga\/ar-bhfoireann\/#breadcrumb"},"inLanguage":"ga-IE","potentialAction":[{"@type":"ReadAction","target":["https:\/\/www.electoralcommission.ie\/ga\/ar-bhfoireann\/"]}]},{"@type":"ImageObject","inLanguage":"ga-IE","@id":"https:\/\/www.electoralcommission.ie\/ga\/ar-bhfoireann\/#primaryimage","url":"https:\/\/www.electoralcommission.ie\/app\/uploads\/2023\/01\/DailChamber.png","contentUrl":"https:\/\/www.electoralcommission.ie\/app\/uploads\/2023\/01\/DailChamber.png","width":654,"height":384,"caption":"Dail Chamber"},{"@type":"BreadcrumbList","@id":"https:\/\/www.electoralcommission.ie\/ga\/ar-bhfoireann\/#breadcrumb","itemListElement":[{"@type":"ListItem","position":1,"name":"Baile","item":"https:\/\/www.electoralcommission.ie\/ga\/"},{"@type":"ListItem","position":2,"name":"Buna\u00edodh an Coimisi\u00fan Toghch\u00e1in"}]},{"@type":"WebSite","@id":"https:\/\/www.electoralcommission.ie\/ga\/#website","url":"https:\/\/www.electoralcommission.ie\/ga\/","name":"Coimisi\u00fan Toghch\u00e1in","description":"Ireland&#039;s Statutory, Independent Electoral Commission","potentialAction":[{"@type":"SearchAction","target":{"@type":"EntryPoint","urlTemplate":"https:\/\/www.electoralcommission.ie\/ga\/?s={search_term_string}"},"query-input":{"@type":"PropertyValueSpecification","valueRequired":true,"valueName":"search_term_string"}}],"inLanguage":"ga-IE"}]}},"uagb_featured_image_src":{"full":["https:\/\/www.electoralcommission.ie\/app\/uploads\/2023\/01\/DailChamber.png",654,384,false],"thumbnail":["https:\/\/www.electoralcommission.ie\/app\/uploads\/2023\/01\/DailChamber-355x210.png",355,210,true],"medium":["https:\/\/www.electoralcommission.ie\/app\/uploads\/2023\/01\/DailChamber-300x176.png",300,176,true],"medium_large":["https:\/\/www.electoralcommission.ie\/app\/uploads\/2023\/01\/DailChamber.png",654,384,false],"large":["https:\/\/www.electoralcommission.ie\/app\/uploads\/2023\/01\/DailChamber.png",654,384,false],"1536x1536":["https:\/\/www.electoralcommission.ie\/app\/uploads\/2023\/01\/DailChamber.png",654,384,false],"2048x2048":["https:\/\/www.electoralcommission.ie\/app\/uploads\/2023\/01\/DailChamber.png",654,384,false],"gform-image-choice-sm":["https:\/\/www.electoralcommission.ie\/app\/uploads\/2023\/01\/DailChamber.png",300,176,false],"gform-image-choice-md":["https:\/\/www.electoralcommission.ie\/app\/uploads\/2023\/01\/DailChamber.png",400,235,false],"gform-image-choice-lg":["https:\/\/www.electoralcommission.ie\/app\/uploads\/2023\/01\/DailChamber.png",600,352,false]},"uagb_author_info":{"display_name":"Jose","author_link":"https:\/\/www.electoralcommission.ie\/ga\/author\/jose\/"},"uagb_comment_info":0,"uagb_excerpt":"Buna\u00edodh an Coimisi\u00fan Toghch\u00e1in faoin Acht um Athch\u00f3iri\u00fa Toghch\u00e1in, 2022. Tugadh an Bille os comhair Thithe an Oireachtais ar an 30 M\u00e1rta, 2022 agus tugadh isteach sa dl\u00ed \u00e9 ar an 25 I\u00fail, 2022. Aimsigh tuilleadh eolais ar shu\u00edomh idirl\u00edne an Oireachtais.","_links":{"self":[{"href":"https:\/\/www.electoralcommission.ie\/ga\/wp-json\/wp\/v2\/pages\/277","targetHints":{"allow":["GET"]}}],"collection":[{"href":"https:\/\/www.electoralcommission.ie\/ga\/wp-json\/wp\/v2\/pages"}],"about":[{"href":"https:\/\/www.electoralcommission.ie\/ga\/wp-json\/wp\/v2\/types\/page"}],"author":[{"embeddable":true,"href":"https:\/\/www.electoralcommission.ie\/ga\/wp-json\/wp\/v2\/users\/1"}],"replies":[{"embeddable":true,"href":"https:\/\/www.electoralcommission.ie\/ga\/wp-json\/wp\/v2\/comments?post=277"}],"version-history":[{"count":3,"href":"https:\/\/www.electoralcommission.ie\/ga\/wp-json\/wp\/v2\/pages\/277\/revisions"}],"predecessor-version":[{"id":485,"href":"https:\/\/www.electoralcommission.ie\/ga\/wp-json\/wp\/v2\/pages\/277\/revisions\/485"}],"wp:featuredmedia":[{"embeddable":true,"href":"https:\/\/www.electoralcommission.ie\/ga\/wp-json\/wp\/v2\/media\/458"}],"wp:attachment":[{"href":"https:\/\/www.electoralcommission.ie\/ga\/wp-json\/wp\/v2\/media?parent=277"}],"curies":[{"name":"wp","href":"https:\/\/api.w.org\/{rel}","templated":true}]}}