
{"id":309,"date":"2023-01-16T15:13:37","date_gmt":"2023-01-16T15:13:37","guid":{"rendered":"https:\/\/www.electoralcommission.ie\/cookies\/"},"modified":"2025-07-30T17:03:44","modified_gmt":"2025-07-30T16:03:44","slug":"cookies","status":"publish","type":"page","link":"https:\/\/www.electoralcommission.ie\/ga\/cookies\/","title":{"rendered":"Beartas Fian\u00e1in (AE)"},"content":{"rendered":"\n<p>Nuashonra\u00edodh an Beartas Fian\u00e1n seo go deireanach ar an 22 L\u00fanasa 2023, agus t\u00e1 s\u00e9 i bhfeidhm ar shaor\u00e1naigh agus c\u00f3naitheoir\u00ed buana dl\u00edthi\u00fala sa Limist\u00e9ar Eorpach Eacnama\u00edoch agus san Eilv\u00e9is.<\/p>\n\n\n\n<p><strong>1. An R\u00e9amhr\u00e1<\/strong><strong><\/strong><\/p>\n\n\n\n<p>Baintear \u00fas\u00e1id as fian\u00e1in agus as teicneola\u00edochta\u00ed bainteacha eile (de ghr\u00e1 na h\u00e9asca\u00edochta, tugtar \u201cfian\u00e1in\u201d ar na teicneola\u00edochta\u00ed ar fad) ar \u00e1r su\u00edomh gr\u00e9as\u00e1in, <a href=\"https:\/\/www.electoralcommission.ie\/ga\/\">https:\/\/www.electoralcommission.ie<\/a> (\u201can su\u00edomh gr\u00e9as\u00e1in\u201d anseo feasta). Su\u00edonn tr\u00ed\u00fa p\u00e1irtithe a fhosta\u00edmid fian\u00e1in air freisin. Tugaimid eolas sa ch\u00e1ip\u00e9is anseo th\u00edos faoi \u00fas\u00e1id na bhfian\u00e1n ar \u00e1r su\u00edomh gr\u00e9as\u00e1in.<\/p>\n\n\n\n<p><strong>2. C\u00e9ard is fian\u00e1in ann?<\/strong><strong><\/strong><\/p>\n\n\n\n<p>Is comhad beag simpl\u00ed \u00e9 fian\u00e1n a sheoltar i dteannta leathanaigh an tsu\u00edmh gr\u00e9as\u00e1in seo agus a st\u00f3r\u00e1lann do bhrabhs\u00e1la\u00ed ar thiom\u00e1nt\u00e1n crua do r\u00edomhaire n\u00f3 do ghl\u00e9is eile. F\u00e9adfar an fhaisn\u00e9is a st\u00f3r\u00e1iltear ann a sheoladh ar ais chuig \u00e1r bhfreastalaithe n\u00f3 chuig freastalaithe na dtr\u00ed\u00fa p\u00e1irtithe \u00e1bhartha i rith cuairt ina dhiaidh sin.<\/p>\n\n\n\n<p><strong>3. C\u00e9ard is scripteanna ann?<\/strong><strong><\/strong><\/p>\n\n\n\n<p>Is p\u00edosa de ch\u00f3d r\u00edomhchl\u00e1ir \u00ed script a \u00fas\u00e1idtear le go bhfeidhmeoidh \u00e1r su\u00edomh gr\u00e9as\u00e1in i gceart agus go hidirghn\u00edomhach. Ritear an c\u00f3d sin ar \u00e1r bhfreastala\u00ed n\u00f3 ar do ghl\u00e9as.<\/p>\n\n\n\n<p><strong>4. C\u00e9ard is speic\u00e9ir gr\u00e9as\u00e1in ann?<\/strong><strong><\/strong><\/p>\n\n\n\n<p>Is p\u00edosa beag, dofheicthe t\u00e9acs n\u00f3 \u00edomh\u00e1 ar shu\u00edomh gr\u00e9as\u00e1in \u00e9 speic\u00e9ir gr\u00e9as\u00e1in (n\u00f3 clib picteil\u00edn) a \u00fas\u00e1idtear chun monat\u00f3ireacht a dh\u00e9anamh ar thr\u00e1cht ar shu\u00edomh gr\u00e9as\u00e1in. Chun \u00e9 sin a dh\u00e9anamh, st\u00f3r\u00e1iltear sonra\u00ed \u00e9ags\u00fala f\u00fat le speic\u00e9ir\u00ed gr\u00e9as\u00e1in.<\/p>\n\n\n\n<p><strong>5.1 Fian\u00e1in theicni\u00fala n\u00f3 fheidhmi\u00fala<\/strong><strong><\/strong><\/p>\n\n\n\n<p>Cinnt\u00edonn fian\u00e1in \u00e1irithe go n-oibr\u00edonn codanna \u00e1irithe den su\u00edomh gr\u00e9as\u00e1in i gceart agus go bhfuil do shainroghanna mar \u00fas\u00e1ideoir f\u00f3s ar eolas. Tr\u00ed fhian\u00e1in fheidhmi\u00fala a shu\u00ed ar an su\u00edomh gr\u00e9as\u00e1in, d\u00e9anaimid n\u00edos \u00e9asca duitse \u00e9 cuairt a thabhairt ar an su\u00edomh. N\u00ed bh\u00edonn ort, mar sin, an fhaisn\u00e9is ch\u00e9anna a chur isteach ar\u00eds agus ar\u00eds eile nuair a thugann t\u00fa cuairt ar \u00e1r su\u00edomh gr\u00e9as\u00e1in agus fanann do chuid earra\u00ed i do chise\u00e1n siopad\u00f3ireachta, mar shampla, n\u00f3 go n-\u00edocann t\u00fa astu. F\u00e9adfaimid na fian\u00e1in sin a shu\u00ed gan toili\u00fa a fh\u00e1il uait.<\/p>\n\n\n\n<p><strong>5.2 Fian\u00e1in staitistice<\/strong><strong><\/strong><\/p>\n\n\n\n<p>Bainimid \u00fas\u00e1id as fian\u00e1in staitistice chun barr feabhais a chur ar eisp\u00e9ireas \u00e1r n-\u00fas\u00e1ideoir\u00ed ar an su\u00edomh gr\u00e9as\u00e1in. Faighimid l\u00e9argas ar \u00fas\u00e1id \u00e1r su\u00edmh gr\u00e9as\u00e1in \u00f3 na fian\u00e1in staitistice sin.&nbsp;Iarraimid cead uait chun fian\u00e1in staitistice a shu\u00ed.<\/p>\n\n\n\n<p><strong>5.3 Fian\u00e1in Marga\u00edochta\/Rianaithe<\/strong><strong><\/strong><\/p>\n\n\n\n<p>Is fian\u00e1in n\u00f3 aon chine\u00e1l eile st\u00f3r\u00e1la log\u00e1nta iad fian\u00e1in marga\u00edochta\/rianaithe a \u00fas\u00e1idtear chun pr\u00f3if\u00edl\u00ed \u00fas\u00e1ideora a chruth\u00fa chun f\u00f3gra\u00edocht a thaispe\u00e1int n\u00f3 an t-\u00fas\u00e1ideoir a rian\u00fa ar an su\u00edomh gr\u00e9as\u00e1in seo n\u00f3 ar ch\u00fapla su\u00edomh gr\u00e9as\u00e1in ar mhaithe le cusp\u00f3ir\u00ed marga\u00edochta cos\u00fala.<\/p>\n\n\n\n<p><strong>6. Comhthoil<\/strong><\/p>\n\n\n\n<p>Nuair a thugann t\u00fa cuairt ar \u00e1r su\u00edomh gr\u00e9as\u00e1in den ch\u00e9ad uair, taispe\u00e1nfaimid &#8216;m\u00edr-an\u00edos&#8217; le eolas faoi fian\u00e1in. Laistigh de n\u00f3im\u00e9ad tar \u00e9is duit clice\u00e1il ar &#8220;S\u00e1bh\u00e1il Roghanna&#8221;, tugann t\u00fa cead d\u00fainn \u00fas\u00e1id a bhaint as na catag\u00f3ir\u00ed fian\u00e1in agus breise\u00e1in roghnaigh t\u00fa sa &#8216;m\u00edr-an\u00edos&#8217; agus mar at\u00e1 m\u00edn\u00edthe sa pholasa\u00ed seo. Is f\u00e9idir leat \u00fas\u00e1id fian\u00e1n a dh\u00edchumas\u00fa tr\u00ed do bhrabhs\u00e1la\u00ed, ach tabhair faoi deara le do thoil go bhfuil seans nach noibreoidh \u00e1r su\u00edomh gr\u00e9as\u00e1n duit a thuilleadh.<\/p>\n\n\n\n<p><strong>6.1 Ag bainisti\u00fa do shocruithe toilithe<\/strong><\/p>\n\n\n\n<p>Fuaireamar comhartha pr\u00edobh\u00e1ideachta \u00f3 do bhrabhs\u00e1la\u00ed. Mar sin, t\u00e1 do shocruithe pr\u00edobh\u00e1ideachta socraithe ar an su\u00edomh gr\u00e9as\u00e1in seo mar riachtanach go hioml\u00e1n. M\u00e1s mian leat feidhmi\u00falacht ioml\u00e1n a bheith agat, smaoinigh le do thoil gan https:\/\/www.electoralcommission.ie\/wp a chur san \u00e1ireamh i do shocruithe pr\u00edobh\u00e1ideachta.<\/p>\n\n\n\n<p><strong>7. Fian\u00e1in a chumas\u00fa\/a dh\u00edchumas\u00fa agus a scriosadh<\/strong><\/p>\n\n\n\n<p>Is f\u00e9idir leat do bhrabhs\u00e1la\u00ed idirl\u00edn a \u00fas\u00e1id chun fian\u00e1in a scriosadh go huathoibr\u00edoch n\u00f3 de l\u00e1mh. Is f\u00e9idir leat a shonr\u00fa freisin nach su\u00edfear fian\u00e1in \u00e1irithe ann. Rogha eile is ea socruithe do bhrabhs\u00e1la\u00ed idirl\u00edn a athr\u00fa ionas go bhfaighidh t\u00fa teachtaireacht gach uair a shuitear fian\u00e1n ann. T\u00e1 tuilleadh eolais faoi na roghanna sin ar f\u00e1il sna treoracha sa rann\u00f3g Cabhrach ar do bhrabhs\u00e1la\u00ed.<\/p>\n\n\n\n<p>Tabhair faoi deara go bhf\u00e9adfadh nach n-oibreodh \u00e1r su\u00edomh gr\u00e9as\u00e1in i gceart m\u00e1 dh\u00edchumasa\u00edtear na fian\u00e1in ar fad. M\u00e1 scriosann t\u00fa na fian\u00e1in i do bhrabhs\u00e1la\u00ed, su\u00edfear ann ar\u00eds iad i ndiaidh toili\u00fa a fh\u00e1il uait nuair a thugann t\u00fa cuairt ar \u00e1r su\u00edomh gr\u00e9as\u00e1in ar\u00eds.<\/p>\n\n\n\n<p><strong>8. Do chearta i dtaobh sonra\u00ed pearsanta<\/strong><\/p>\n\n\n\n<p>T\u00e1 na cearta seo a leanas agat i dtaobh do shonra\u00ed pearsanta:<\/p>\n\n\n\n<ul class=\"wp-block-list\">\n<li>T\u00e1 s\u00e9 de cheart agat fios a bheith agat c\u00e9n f\u00e1th a dteasta\u00edonn do shonra\u00ed pearsanta, c\u00e9ard a tharl\u00f3idh d\u00f3ibh, agus c\u00e1 fhad a gcoime\u00e1dfar iad.<\/li>\n\n\n\n<li>Ceart rochtana: T\u00e1 s\u00e9 de cheart agat rochtain a fh\u00e1il ar do shonra\u00ed pearsanta at\u00e1 ar eolas againne.<\/li>\n\n\n\n<li>An ceart go nd\u00e9anfa\u00ed ceart\u00fach\u00e1in: t\u00e1 s\u00e9 de cheart agat cur le do shonra\u00ed pearsanta, iad a cheart\u00fa, go nd\u00e9anfa\u00ed iad a scriosadh n\u00f3 a bhloc\u00e1il, aon uair is mian leat.<\/li>\n\n\n\n<li>M\u00e1 thoil\u00edonn t\u00fa go nd\u00e9anfaimis pr\u00f3ise\u00e1il ar do shonra\u00ed, t\u00e1 s\u00e9 de cheart agat an toili\u00fa sin a tharraingt siar agus go nd\u00e9anfa\u00ed do shonra\u00ed pearsanta a scriosadh.<\/li>\n\n\n\n<li>An ceart go n-aistreofa\u00ed do chuid sonra\u00ed: t\u00e1 s\u00e9 de cheart agat do shonra\u00ed pearsanta ar fad a iarraidh ar an rialaitheoir agus go n-aistreofa\u00ed iad ar fad, ina n-ioml\u00e1ine, go rialaitheoir eile.<\/li>\n\n\n\n<li>An ceart chun ag\u00f3id a dh\u00e9anamh: f\u00e9adfaidh t\u00fa cur i gcoinne phr\u00f3ise\u00e1il do shonra\u00ed. Clo\u00edmid leis sin, mura bhfuil forais a bhfuil bonn cirt cu\u00ed leo ann le haghaidh pr\u00f3ise\u00e1la.<\/li>\n<\/ul>\n\n\n\n<p>Chun na cearta sin a \u00e9ileamh, t\u00e9igh i dteagmh\u00e1il linn. T\u00e1 na sonra\u00ed teagmh\u00e1la ag bun an Bheartais Fian\u00e1n seo. M\u00e1 t\u00e1 gear\u00e1n agat faoin gcaoi a bpl\u00e9imid le do shonra\u00ed, ba mhaith linn cloiste\u00e1il uait, ach t\u00e1 s\u00e9 de cheart agat gear\u00e1n a chur faoi bhr\u00e1id an \u00fadar\u00e1is maoirseachta freisin (an t\u00dadar\u00e1s Cosanta Sonra\u00ed).<\/p>\n\n\n\n<p><strong>9. Sonra\u00ed teagmh\u00e1la<\/strong><\/p>\n\n\n\n<p>M\u00e1 t\u00e1 ceisteanna agus\/n\u00f3 tuairim\u00ed agat faoin\u00e1r mBeartas Fian\u00e1n agus an r\u00e1iteas seo, t\u00e9igh i dteagmh\u00e1il leis na sonra\u00ed teagmh\u00e1la seo a leanas:<\/p>\n\n\n\n<p>An Coimisi\u00fan Toghch\u00e1in<br>Caisle\u00e1n Bhaile \u00c1tha Cliath<br>Baile \u00c1tha Cliath 2<br>\u00c9ire<br>Su\u00edomh gr\u00e9as\u00e1in:\u00a0<a href=\"https:\/\/www.electoralcommission.ie\/ga\/\">https:\/\/www.electoralcommission.ie<\/a><\/p>\n\n\n\n<p><br>R\u00edomhphost: dataprotection@electoralcommission.ie<br><br><\/p>\n\n\n\n<p><a id=\"_msocom_1\"><\/a><\/p>\n\n\n\n<p>Rinneadh an Beartas Fian\u00e1n seo a shioncron\u00fa le <a href=\"https:\/\/cookiedatabase.org\/\" target=\"_blank\" rel=\"noreferrer noopener\">cookiedatabase.org<\/a>&nbsp;ar an 28 Deireadh F\u00f3mhair 2024.<\/p>\n\n\n\n<hr class=\"wp-block-separator has-alpha-channel-opacity\"\/>\n\n\n\n<p><\/p>\n","protected":false},"excerpt":{"rendered":"<p>Nuashonra\u00edodh an Beartas Fian\u00e1n seo go deireanach ar an 22 L\u00fanasa 2023, agus t\u00e1 s\u00e9 i bhfeidhm ar shaor\u00e1naigh agus c\u00f3naitheoir\u00ed buana dl\u00edthi\u00fala sa Limist\u00e9ar Eorpach Eacnama\u00edoch agus san Eilv\u00e9is. 1. An R\u00e9amhr\u00e1 Baintear \u00fas\u00e1id as fian\u00e1in agus as teicneola\u00edochta\u00ed bainteacha eile (de ghr\u00e1 na h\u00e9asca\u00edochta, tugtar \u201cfian\u00e1in\u201d ar na teicneola\u00edochta\u00ed ar fad) ar \u00e1r &hellip; <a href=\"https:\/\/www.electoralcommission.ie\/ga\/cookies\/\">Continued<\/a><\/p>\n","protected":false},"author":24,"featured_media":0,"parent":0,"menu_order":0,"comment_status":"closed","ping_status":"closed","template":"","meta":{"_acf_changed":false,"_relevanssi_hide_post":"","_relevanssi_hide_content":"","_relevanssi_pin_for_all":"","_relevanssi_pin_keywords":"","_relevanssi_unpin_keywords":"","_relevanssi_related_keywords":"","_relevanssi_related_include_ids":"","_relevanssi_related_exclude_ids":"","_relevanssi_related_no_append":"","_relevanssi_related_not_related":"","_relevanssi_related_posts":"5671,5031,6474,11320,10848,10298","_relevanssi_noindex_reason":"","_uag_custom_page_level_css":"","footnotes":""},"class_list":["post-309","page","type-page","status-publish","hentry"],"acf":[],"yoast_head":"<!-- This site is optimized with the Yoast SEO plugin v27.5 - https:\/\/yoast.com\/product\/yoast-seo-wordpress\/ -->\n<title>Beartas Fian\u00e1in (AE) - Coimisi\u00fan Toghch\u00e1in<\/title>\n<meta name=\"robots\" content=\"index, follow, max-snippet:-1, max-image-preview:large, max-video-preview:-1\" \/>\n<link rel=\"canonical\" href=\"https:\/\/www.electoralcommission.ie\/ga\/cookies\/\" \/>\n<meta property=\"og:locale\" content=\"ga_IE\" \/>\n<meta property=\"og:type\" content=\"article\" \/>\n<meta property=\"og:title\" content=\"Beartas Fian\u00e1in (AE) - Coimisi\u00fan Toghch\u00e1in\" \/>\n<meta property=\"og:description\" content=\"Nuashonra\u00edodh an Beartas Fian\u00e1n seo go deireanach ar an 22 L\u00fanasa 2023, agus t\u00e1 s\u00e9 i bhfeidhm ar shaor\u00e1naigh agus c\u00f3naitheoir\u00ed buana dl\u00edthi\u00fala sa Limist\u00e9ar Eorpach Eacnama\u00edoch agus san Eilv\u00e9is. 1. An R\u00e9amhr\u00e1 Baintear \u00fas\u00e1id as fian\u00e1in agus as teicneola\u00edochta\u00ed bainteacha eile (de ghr\u00e1 na h\u00e9asca\u00edochta, tugtar \u201cfian\u00e1in\u201d ar na teicneola\u00edochta\u00ed ar fad) ar \u00e1r &hellip; Continued\" \/>\n<meta property=\"og:url\" content=\"https:\/\/www.electoralcommission.ie\/ga\/cookies\/\" \/>\n<meta property=\"og:site_name\" content=\"Coimisi\u00fan Toghch\u00e1in\" \/>\n<meta property=\"article:modified_time\" content=\"2025-07-30T16:03:44+00:00\" \/>\n<meta name=\"twitter:card\" content=\"summary_large_image\" \/>\n<meta name=\"twitter:label1\" content=\"Est. reading time\" \/>\n\t<meta name=\"twitter:data1\" content=\"5 minutes\" \/>\n<script type=\"application\/ld+json\" class=\"yoast-schema-graph\">{\"@context\":\"https:\\\/\\\/schema.org\",\"@graph\":[{\"@type\":\"WebPage\",\"@id\":\"https:\\\/\\\/www.electoralcommission.ie\\\/ga\\\/cookies\\\/\",\"url\":\"https:\\\/\\\/www.electoralcommission.ie\\\/ga\\\/cookies\\\/\",\"name\":\"Beartas Fian\u00e1in (AE) - Coimisi\u00fan Toghch\u00e1in\",\"isPartOf\":{\"@id\":\"https:\\\/\\\/www.electoralcommission.ie\\\/ga\\\/#website\"},\"datePublished\":\"2023-01-16T15:13:37+00:00\",\"dateModified\":\"2025-07-30T16:03:44+00:00\",\"breadcrumb\":{\"@id\":\"https:\\\/\\\/www.electoralcommission.ie\\\/ga\\\/cookies\\\/#breadcrumb\"},\"inLanguage\":\"ga-IE\",\"potentialAction\":[{\"@type\":\"ReadAction\",\"target\":[\"https:\\\/\\\/www.electoralcommission.ie\\\/ga\\\/cookies\\\/\"]}]},{\"@type\":\"BreadcrumbList\",\"@id\":\"https:\\\/\\\/www.electoralcommission.ie\\\/ga\\\/cookies\\\/#breadcrumb\",\"itemListElement\":[{\"@type\":\"ListItem\",\"position\":1,\"name\":\"Baile\",\"item\":\"https:\\\/\\\/www.electoralcommission.ie\\\/ga\\\/\"},{\"@type\":\"ListItem\",\"position\":2,\"name\":\"Beartas Fian\u00e1in (AE)\"}]},{\"@type\":\"WebSite\",\"@id\":\"https:\\\/\\\/www.electoralcommission.ie\\\/ga\\\/#website\",\"url\":\"https:\\\/\\\/www.electoralcommission.ie\\\/ga\\\/\",\"name\":\"Coimisi\u00fan Toghch\u00e1in\",\"description\":\"Ireland&#039;s Statutory, Independent Electoral Commission\",\"potentialAction\":[{\"@type\":\"SearchAction\",\"target\":{\"@type\":\"EntryPoint\",\"urlTemplate\":\"https:\\\/\\\/www.electoralcommission.ie\\\/ga\\\/?s={search_term_string}\"},\"query-input\":{\"@type\":\"PropertyValueSpecification\",\"valueRequired\":true,\"valueName\":\"search_term_string\"}}],\"inLanguage\":\"ga-IE\"}]}<\/script>\n<!-- \/ Yoast SEO plugin. -->","yoast_head_json":{"title":"Beartas Fian\u00e1in (AE) - Coimisi\u00fan Toghch\u00e1in","robots":{"index":"index","follow":"follow","max-snippet":"max-snippet:-1","max-image-preview":"max-image-preview:large","max-video-preview":"max-video-preview:-1"},"canonical":"https:\/\/www.electoralcommission.ie\/ga\/cookies\/","og_locale":"ga_IE","og_type":"article","og_title":"Beartas Fian\u00e1in (AE) - Coimisi\u00fan Toghch\u00e1in","og_description":"Nuashonra\u00edodh an Beartas Fian\u00e1n seo go deireanach ar an 22 L\u00fanasa 2023, agus t\u00e1 s\u00e9 i bhfeidhm ar shaor\u00e1naigh agus c\u00f3naitheoir\u00ed buana dl\u00edthi\u00fala sa Limist\u00e9ar Eorpach Eacnama\u00edoch agus san Eilv\u00e9is. 1. An R\u00e9amhr\u00e1 Baintear \u00fas\u00e1id as fian\u00e1in agus as teicneola\u00edochta\u00ed bainteacha eile (de ghr\u00e1 na h\u00e9asca\u00edochta, tugtar \u201cfian\u00e1in\u201d ar na teicneola\u00edochta\u00ed ar fad) ar \u00e1r &hellip; Continued","og_url":"https:\/\/www.electoralcommission.ie\/ga\/cookies\/","og_site_name":"Coimisi\u00fan Toghch\u00e1in","article_modified_time":"2025-07-30T16:03:44+00:00","twitter_card":"summary_large_image","twitter_misc":{"Est. reading time":"5 minutes"},"schema":{"@context":"https:\/\/schema.org","@graph":[{"@type":"WebPage","@id":"https:\/\/www.electoralcommission.ie\/ga\/cookies\/","url":"https:\/\/www.electoralcommission.ie\/ga\/cookies\/","name":"Beartas Fian\u00e1in (AE) - Coimisi\u00fan Toghch\u00e1in","isPartOf":{"@id":"https:\/\/www.electoralcommission.ie\/ga\/#website"},"datePublished":"2023-01-16T15:13:37+00:00","dateModified":"2025-07-30T16:03:44+00:00","breadcrumb":{"@id":"https:\/\/www.electoralcommission.ie\/ga\/cookies\/#breadcrumb"},"inLanguage":"ga-IE","potentialAction":[{"@type":"ReadAction","target":["https:\/\/www.electoralcommission.ie\/ga\/cookies\/"]}]},{"@type":"BreadcrumbList","@id":"https:\/\/www.electoralcommission.ie\/ga\/cookies\/#breadcrumb","itemListElement":[{"@type":"ListItem","position":1,"name":"Baile","item":"https:\/\/www.electoralcommission.ie\/ga\/"},{"@type":"ListItem","position":2,"name":"Beartas Fian\u00e1in (AE)"}]},{"@type":"WebSite","@id":"https:\/\/www.electoralcommission.ie\/ga\/#website","url":"https:\/\/www.electoralcommission.ie\/ga\/","name":"Coimisi\u00fan Toghch\u00e1in","description":"Ireland&#039;s Statutory, Independent Electoral Commission","potentialAction":[{"@type":"SearchAction","target":{"@type":"EntryPoint","urlTemplate":"https:\/\/www.electoralcommission.ie\/ga\/?s={search_term_string}"},"query-input":{"@type":"PropertyValueSpecification","valueRequired":true,"valueName":"search_term_string"}}],"inLanguage":"ga-IE"}]}},"uagb_featured_image_src":{"full":false,"thumbnail":false,"medium":false,"medium_large":false,"large":false,"1536x1536":false,"2048x2048":false,"gform-image-choice-sm":false,"gform-image-choice-md":false,"gform-image-choice-lg":false},"uagb_author_info":{"display_name":"Alice Kiernan","author_link":"https:\/\/www.electoralcommission.ie\/ga\/author\/alice-kiernan\/"},"uagb_comment_info":0,"uagb_excerpt":"Nuashonra\u00edodh an Beartas Fian\u00e1n seo go deireanach ar an 22 L\u00fanasa 2023, agus t\u00e1 s\u00e9 i bhfeidhm ar shaor\u00e1naigh agus c\u00f3naitheoir\u00ed buana dl\u00edthi\u00fala sa Limist\u00e9ar Eorpach Eacnama\u00edoch agus san Eilv\u00e9is. 1. An R\u00e9amhr\u00e1 Baintear \u00fas\u00e1id as fian\u00e1in agus as teicneola\u00edochta\u00ed bainteacha eile (de ghr\u00e1 na h\u00e9asca\u00edochta, tugtar \u201cfian\u00e1in\u201d ar na teicneola\u00edochta\u00ed ar fad) ar \u00e1r&hellip;","_links":{"self":[{"href":"https:\/\/www.electoralcommission.ie\/ga\/wp-json\/wp\/v2\/pages\/309","targetHints":{"allow":["GET"]}}],"collection":[{"href":"https:\/\/www.electoralcommission.ie\/ga\/wp-json\/wp\/v2\/pages"}],"about":[{"href":"https:\/\/www.electoralcommission.ie\/ga\/wp-json\/wp\/v2\/types\/page"}],"author":[{"embeddable":true,"href":"https:\/\/www.electoralcommission.ie\/ga\/wp-json\/wp\/v2\/users\/24"}],"replies":[{"embeddable":true,"href":"https:\/\/www.electoralcommission.ie\/ga\/wp-json\/wp\/v2\/comments?post=309"}],"version-history":[{"count":18,"href":"https:\/\/www.electoralcommission.ie\/ga\/wp-json\/wp\/v2\/pages\/309\/revisions"}],"predecessor-version":[{"id":14114,"href":"https:\/\/www.electoralcommission.ie\/ga\/wp-json\/wp\/v2\/pages\/309\/revisions\/14114"}],"wp:attachment":[{"href":"https:\/\/www.electoralcommission.ie\/ga\/wp-json\/wp\/v2\/media?parent=309"}],"curies":[{"name":"wp","href":"https:\/\/api.w.org\/{rel}","templated":true}]}}