
{"id":310,"date":"2023-01-16T14:59:54","date_gmt":"2023-01-16T14:59:54","guid":{"rendered":"https:\/\/www.electoralcommission.ie\/accessibility\/"},"modified":"2025-02-13T14:52:11","modified_gmt":"2025-02-13T14:52:11","slug":"accessibility","status":"publish","type":"page","link":"https:\/\/www.electoralcommission.ie\/ga\/accessibility\/","title":{"rendered":"R\u00e1iteas Inrochtaineachta"},"content":{"rendered":"\n<h3 class=\"wp-block-heading\">Su\u00edomh Gr\u00e9as\u00e1in | An Coimisi\u00fain Toghch\u00e1in<\/h3>\n\n\n\n<p>Buna\u00edodh An Coimisi\u00fan Toghch\u00e1in faoin Acht um Athch\u00f3iri\u00fa Toghch\u00e1in, 2022. T\u00e1 s\u00e9 neamhsple\u00e1ch ar an Rialtas agus ghlac s\u00e9 le feidhmeanna toghch\u00e1in reacht\u00fala a bh\u00ed i bhfeidhm cheana f\u00e9in, chomh maith le freagrachta\u00ed nua. \u00c1ir\u00edtear ina measc si\u00fad:<\/p>\n\n\n\n<ul class=\"wp-block-list\">\n<li>\u00e1bhar na dtogra\u00ed reifrinn a mh\u00edni\u00fa don phobal<\/li>\n\n\n\n<li>athbhreithni\u00fa a dh\u00e9anamh ar thoghlaigh thoghch\u00e1in na D\u00e1la agus na hEorpa<\/li>\n\n\n\n<li> athbhreithni\u00fa a dh\u00e9anamh ar theorainneacha na dtoghlimist\u00e9ar \u00e1iti\u00fail<\/li>\n\n\n\n<li>cl\u00e1r\u00fa na bp\u00e1irtithe polait\u00edochta<\/li>\n\n\n\n<li> tabhairt faoi thaighde ar bheartas toghch\u00e1in<\/li>\n\n\n\n<li>eolas a chur ar f\u00e1il faoi phr\u00f3isis toghch\u00e1in agus rannph\u00e1irteachas sna pr\u00f3isis toghch\u00e1in agus dhaonlathacha a spreagadh<\/li>\n\n\n\n<li>maoirseacht ar Chl\u00e1r na dToghth\u00f3ir\u00ed<\/li>\n\n\n\n<li>rial\u00e1il na f\u00f3gra\u00edochta polaiti\u00fala ar l\u00edne<\/li>\n\n\n\n<li> sl\u00e1ine toghch\u00e1in a chosaint ar mh\u00edfhaisn\u00e9is pholaiti\u00fail, br\u00e9agaisn\u00e9is n\u00f3 iompra\u00edocht ionramh\u00e1lach agus bhr\u00e9agach<\/li>\n\n\n\n<li>ini\u00fachta\u00ed ar imeachta\u00ed toghch\u00e1in<\/li>\n<\/ul>\n\n\n\n<p>M\u00edn\u00edtear sa r\u00e1iteas inrochtaineachta seo an chaoi a bhf\u00e9achfaidh an Coimisi\u00fan Toghch\u00e1in, mar an Sol\u00e1thra\u00ed Seirbh\u00edse, leis na ceanglais a comhl\u00edonadh mar a leagtar amach sna Treoirl\u00ednte maidir le hinrochtaineacht \u00e1bhair ar an nGr\u00e9as\u00e1n, Leagan 2.1, ag Leibh\u00e9al AA mar a shainmh\u00edn\u00edonn an Tionscnamh maidir le hInrochtaineacht Gr\u00e9as\u00e1in.<\/p>\n\n\n\n<h3 class=\"wp-block-heading\">\u00c1r dtiomantas do shu\u00edomh gr\u00e9as\u00e1in inrochtana a chothabh\u00e1il agus \u00e1r gcur chuige ina leith sin<\/h3>\n\n\n\n<p>T\u00e1 An Coimisi\u00fan Toghch\u00e1in tiomanta do:<\/p>\n\n\n\n<ul class=\"wp-block-list\">\n<li>Su\u00edomh gr\u00e9as\u00e1in inrochtana a chothabh\u00e1il de r\u00e9ir <a href=\"http:\/\/www.irishstatutebook.ie\/eli\/2020\/si\/358\/made\/en\/print\">Rialach\u00e1in an Aontais Eorpaigh (Inrochtaineacht Su\u00edomhanna Gr\u00e9as\u00e1in agus Feidhmchl\u00e1r M\u00f3ib\u00edleach de Chuid Comhlachta\u00ed san Earn\u00e1il Phoibl\u00ed)<\/a><\/li>\n\n\n\n<li>\u2022 A chinnti\u00fa go mbaineann an su\u00edomh gr\u00e9as\u00e1in seo amach comhr\u00e9ireacht \u201cLeibh\u00e9al AA\u201d leis na Treoirl\u00ednte maidir le hinrochtaineacht \u00e1bhair ar an nGr\u00e9as\u00e1n (WCAG) 2.1, chun clo\u00ed leis an gC\u00f3d Cleachtais ar Inrochtaineacht Seirbh\u00eds\u00ed Poibl\u00ed agus Faisn\u00e9ise a chuireann Comhlachta\u00ed Poibl\u00ed ar F\u00e1il \u00f3n \u00dadar\u00e1s N\u00e1isi\u00fanta M\u00edchumais. (Tugann an L\u00e1rionad S\u00e1rmhaitheasa i nDearadh Uil\u00edoch de chuid an \u00dadar\u00e1is N\u00e1isi\u00fanta M\u00edchumais eolas bun\u00fasach faoin mbeartas agus reachta\u00edocht at\u00e1 \u00e1bhartha don Dearadh Uil\u00edoch in \u00c9irinn.)<\/li>\n\n\n\n<li>\u2022 A chinnti\u00fa go mbaineann an fhaisn\u00e9is nua ar fad ar an su\u00edomh gr\u00e9as\u00e1in amach comhr\u00e9ireacht \u201cLeibh\u00e9al AA\u201d leis na Treoirl\u00ednte maidir le hinrochtaineacht \u00e1bhair ar an nGr\u00e9as\u00e1n (WCAG) 2.1.<\/li>\n\n\n\n<li>\u2022 Inrochtaineacht a chur san \u00e1ireamh nuair a fhaighimid c\u00f3rais tr\u00ed\u00fa p\u00e1irt\u00ed n\u00f3 uasghr\u00e1duithe ar ch\u00f3rais at\u00e1 againn cheana f\u00e9in.<\/li>\n<\/ul>\n\n\n\n<h3 class=\"wp-block-heading\">Mar a dt\u00e1st\u00e1laimid comhr\u00e9ireacht le treoirl\u00ednte inrochtaineachta oifigi\u00fala<\/h3>\n\n\n\n<p>Baineann An Coimisi\u00fan Toghch\u00e1in \u00fas\u00e1id as raon teicn\u00edc\u00ed chun cabhr\u00fa le rochtain a shol\u00e1thar do ch\u00e1ch. Ina measc t\u00e1:<\/p>\n\n\n\n<h4 class=\"wp-block-heading\">Scanadh Uathoibrithe<\/h4>\n\n\n\n<p>Tugann scanadh uathoibrithe l\u00e9argas tapa (ach n\u00ed ioml\u00e1n) ar fhadhbanna a d\u2019fh\u00e9adfadh a theacht chun cinn do dhaoine.r.<\/p>\n\n\n\n<h4 class=\"wp-block-heading\">Treoir<\/h4>\n\n\n\n<p>Tugtar treoir d\u2019eagarth\u00f3ir\u00ed inneachair ar n\u00f3s T\u00e9acs Malartach a \u00fas\u00e1id, a chinnti\u00fa go bhfuil Leibh\u00e9il Ceannteideal i gceart agus cleachtais eile.<\/p>\n\n\n\n<h4 class=\"wp-block-heading\">Athbhreithni\u00fa de L\u00e1imh<\/h4>\n\n\n\n<p>D\u00e9antar athbhreithni\u00fa de l\u00e1imh go rialta ar gach su\u00edomh agus athra\u00edtear an su\u00edomh chun cabhr\u00fa le hinrochtaineacht a fheabhs\u00fa.<\/p>\n\n\n\n<h3 class=\"wp-block-heading\">Comhr\u00e9ireacht an tsu\u00edmh gr\u00e9as\u00e1in seo le treoirl\u00ednte inrochtaineachta oifigi\u00fala<\/h3>\n\n\n\n<p>T\u00e1 comhr\u00e9ireacht ph\u00e1irteach ag an su\u00edomh gr\u00e9as\u00e1in faoi l\u00e1thair leis na Treoirl\u00ednte maidir le hinrochtaineacht \u00e1bhair ar an nGr\u00e9as\u00e1n (WCAG) 2.1. Rinneadh an t-ini\u00fachadh is deireana\u00ed ar inrochtaineacht ghr\u00e9as\u00e1in don su\u00edomh gr\u00e9as\u00e1in seo ar an 04\/01\/2023.<\/p>\n\n\n\n<h3 class=\"wp-block-heading\">R\u00e9ims\u00ed at\u00e1 le feabhs\u00fa agus aml\u00ednte<\/h3>\n\n\n\n<p>T\u00e1imid ar an eolas go bhfuil roinnt r\u00e9ims\u00ed ar an su\u00edomh gr\u00e9as\u00e1in a bhf\u00e9adfaimis a n-inrochtaineacht a fheabhs\u00fa. T\u00e1imid ag obair faoi l\u00e1thair ar an bhfeabhas sin a bhaint amach. T\u00e1 s\u00fail againn go mbainfidh an su\u00edomh gr\u00e9as\u00e1in seo amach comhr\u00e9ireacht \u201cLeibh\u00e9al AA\u201d leis na Treoirl\u00ednte maidir le hinrochtaineacht \u00e1bhair ar an nGr\u00e9as\u00e1n (WCAG) 2.1 faoi mh\u00ed na Nollag 2023.<\/p>\n\n\n\n<h4 class=\"wp-block-heading\">Fadhbanna Aitheanta<\/h4>\n\n\n\n<ul class=\"wp-block-list\">\n<li>\u2022 L\u00f3g\u00f3 an tsu\u00edmh. D\u2019fh\u00e9adfadh nach mbaineann l\u00f3g\u00f3 an Choimisi\u00fain Toghch\u00e1in c\u00f3imheas codarsnachta 4.5:1 n\u00f3 n\u00edos airde amach i roinnt c\u00fains\u00ed.<\/li>\n<\/ul>\n\n\n\n<h3 class=\"wp-block-heading\">An chaoi le haiseolas a chur faoi inrochtaineacht an tsu\u00edmh gr\u00e9as\u00e1in<\/h3>\n\n\n\n<p>F\u00e1ilt\u00edmid roimh aiseolas faoi inrochtaineacht an tsu\u00edmh gr\u00e9as\u00e1in seo. Chun aiseolas a chur faoin\u00e1r mbr\u00e1id, seol r\u00edomhphost chugainn ar&nbsp;<a href=\"mailto:info@electoralcommission.ie\">info@electoralcommission.ie<\/a>.<\/p>\n\n\n\n<h3 class=\"wp-block-heading\">Pr\u00edomhghn\u00e9ithe inrochtaineachta an tsu\u00edmh gr\u00e9as\u00e1in seo<\/h3>\n\n\n\n<p>\u00das\u00e1idtear l\u00edon m\u00f3r teicn\u00edc\u00ed chun go n-\u00e9ireoidh an su\u00edomh seo inrochtana do ch\u00e1ch. B\u00edonn an pr\u00f3iseas ar bun i gc\u00f3na\u00ed de r\u00e9ir mar a athra\u00edonn an t-inneachar agus strucht\u00far an tsu\u00edmh. \u00c1ir\u00edtear a leanas le cuid de na gn\u00e9ithe inrochtana ar an su\u00edomh seo (i measc gn\u00e9ithe eile):<\/p>\n\n\n\n<h4 class=\"wp-block-heading\">T\u00e9acs Malartach<\/h4>\n\n\n\n<p>Gabhann t\u00e9acs malartach oiri\u00fanach le gach \u00edomh\u00e1 nuair is cu\u00ed chun gn\u00e9 thuairisci\u00fail a thabhairt don \u00edomh\u00e1 sin.<\/p>\n\n\n\n<h4 class=\"wp-block-heading\">Ordlathas Iml\u00ednte Teideal<\/h4>\n\n\n\n<p>Cuirtear ciall loighci\u00fail i bhfeidhm ar cheannl\u00ednte nuair is f\u00e9idir, ag tos\u00fa le Teideal an Leathanaigh ag H1, H2 d\u2019fho-cheannteidil, H3 faoina mbun si\u00fad nuair is cu\u00ed.<\/p>\n\n\n\n<h4 class=\"wp-block-heading\">Naisc Thuairisci\u00fala<\/h4>\n\n\n\n<p>Sainmh\u00edn\u00edtear cusp\u00f3ir Nasc agus Cnaip\u00ed n\u00f3 t\u00e1 gn\u00e9ithe tuairisci\u00fala n\u00f3 lip\u00e9id ARIA leo nuair nach f\u00e9idir na gn\u00e9ithe sin a thabhairt.<\/p>\n\n\n\n<h4 class=\"wp-block-heading\">Codarsnacht<\/h4>\n\n\n\n<p>T\u00e1 \u00edosdifr\u00edochta\u00ed r\u00e9as\u00fanta i bhfeidhm i dtaobh na codarsnachta idir gn\u00e9ithe tulra agus gn\u00e9ithe c\u00falra.<\/p>\n\n\n\n<h4 class=\"wp-block-heading\">Nasclean\u00faint<\/h4>\n\n\n\n<p>T\u00e1 strucht\u00far loighci\u00fail i bhfeidhm ar an su\u00edomh gr\u00e9as\u00e1in chun a chinnti\u00fa gur f\u00e9idir an su\u00edomh a \u00fas\u00e1id gan luch\u00f3g.<\/p>\n\n\n\n<h4 class=\"wp-block-heading\">Sainchomhartha\u00ed ARIA<\/h4>\n\n\n\n<p>T\u00e1 \u00e9ags\u00falacht mh\u00f3r sainchomhartha\u00ed ARIA i bhfeidhm chun cabhr\u00fa leis an inrochtaineacht.<\/p>\n\n\n\n<p>N\u00edl an liosta seo uileghabh\u00e1lach.<\/p>\n","protected":false},"excerpt":{"rendered":"<p>Su\u00edomh Gr\u00e9as\u00e1in | An Coimisi\u00fain Toghch\u00e1in Buna\u00edodh An Coimisi\u00fan Toghch\u00e1in faoin Acht um Athch\u00f3iri\u00fa Toghch\u00e1in, 2022. T\u00e1 s\u00e9 neamhsple\u00e1ch ar an Rialtas agus ghlac s\u00e9 le feidhmeanna toghch\u00e1in reacht\u00fala a bh\u00ed i bhfeidhm cheana f\u00e9in, chomh maith le freagrachta\u00ed nua. \u00c1ir\u00edtear ina measc si\u00fad: M\u00edn\u00edtear sa r\u00e1iteas inrochtaineachta seo an chaoi a bhf\u00e9achfaidh an Coimisi\u00fan &hellip; <a href=\"https:\/\/www.electoralcommission.ie\/ga\/accessibility\/\">Continued<\/a><\/p>\n","protected":false},"author":24,"featured_media":0,"parent":0,"menu_order":0,"comment_status":"closed","ping_status":"closed","template":"","meta":{"_acf_changed":false,"_relevanssi_hide_post":"","_relevanssi_hide_content":"","_relevanssi_pin_for_all":"","_relevanssi_pin_keywords":"","_relevanssi_unpin_keywords":"","_relevanssi_related_keywords":"","_relevanssi_related_include_ids":"","_relevanssi_related_exclude_ids":"","_relevanssi_related_no_append":"","_relevanssi_related_not_related":"","_relevanssi_related_posts":"10980,5047,5035,5033,12087,5031","_relevanssi_noindex_reason":"","_uag_custom_page_level_css":"","footnotes":""},"class_list":["post-310","page","type-page","status-publish","hentry"],"acf":[],"yoast_head":"<!-- This site is optimized with the Yoast SEO plugin v27.4 - https:\/\/yoast.com\/product\/yoast-seo-wordpress\/ -->\n<title>R\u00e1iteas Inrochtaineachta - Coimisi\u00fan Toghch\u00e1in<\/title>\n<meta name=\"robots\" content=\"index, follow, max-snippet:-1, max-image-preview:large, max-video-preview:-1\" \/>\n<link rel=\"canonical\" href=\"https:\/\/www.electoralcommission.ie\/ga\/accessibility\/\" \/>\n<meta property=\"og:locale\" content=\"ga_IE\" \/>\n<meta property=\"og:type\" content=\"article\" \/>\n<meta property=\"og:title\" content=\"R\u00e1iteas Inrochtaineachta - Coimisi\u00fan Toghch\u00e1in\" \/>\n<meta property=\"og:description\" content=\"Su\u00edomh Gr\u00e9as\u00e1in | An Coimisi\u00fain Toghch\u00e1in Buna\u00edodh An Coimisi\u00fan Toghch\u00e1in faoin Acht um Athch\u00f3iri\u00fa Toghch\u00e1in, 2022. T\u00e1 s\u00e9 neamhsple\u00e1ch ar an Rialtas agus ghlac s\u00e9 le feidhmeanna toghch\u00e1in reacht\u00fala a bh\u00ed i bhfeidhm cheana f\u00e9in, chomh maith le freagrachta\u00ed nua. \u00c1ir\u00edtear ina measc si\u00fad: M\u00edn\u00edtear sa r\u00e1iteas inrochtaineachta seo an chaoi a bhf\u00e9achfaidh an Coimisi\u00fan &hellip; Continued\" \/>\n<meta property=\"og:url\" content=\"https:\/\/www.electoralcommission.ie\/ga\/accessibility\/\" \/>\n<meta property=\"og:site_name\" content=\"Coimisi\u00fan Toghch\u00e1in\" \/>\n<meta property=\"article:modified_time\" content=\"2025-02-13T14:52:11+00:00\" \/>\n<meta name=\"twitter:card\" content=\"summary_large_image\" \/>\n<meta name=\"twitter:label1\" content=\"Est. reading time\" \/>\n\t<meta name=\"twitter:data1\" content=\"4 minutes\" \/>\n<script type=\"application\/ld+json\" class=\"yoast-schema-graph\">{\"@context\":\"https:\\\/\\\/schema.org\",\"@graph\":[{\"@type\":\"WebPage\",\"@id\":\"https:\\\/\\\/www.electoralcommission.ie\\\/ga\\\/accessibility\\\/\",\"url\":\"https:\\\/\\\/www.electoralcommission.ie\\\/ga\\\/accessibility\\\/\",\"name\":\"R\u00e1iteas Inrochtaineachta - Coimisi\u00fan Toghch\u00e1in\",\"isPartOf\":{\"@id\":\"https:\\\/\\\/www.electoralcommission.ie\\\/ga\\\/#website\"},\"datePublished\":\"2023-01-16T14:59:54+00:00\",\"dateModified\":\"2025-02-13T14:52:11+00:00\",\"breadcrumb\":{\"@id\":\"https:\\\/\\\/www.electoralcommission.ie\\\/ga\\\/accessibility\\\/#breadcrumb\"},\"inLanguage\":\"ga-IE\",\"potentialAction\":[{\"@type\":\"ReadAction\",\"target\":[\"https:\\\/\\\/www.electoralcommission.ie\\\/ga\\\/accessibility\\\/\"]}]},{\"@type\":\"BreadcrumbList\",\"@id\":\"https:\\\/\\\/www.electoralcommission.ie\\\/ga\\\/accessibility\\\/#breadcrumb\",\"itemListElement\":[{\"@type\":\"ListItem\",\"position\":1,\"name\":\"Baile\",\"item\":\"https:\\\/\\\/www.electoralcommission.ie\\\/ga\\\/\"},{\"@type\":\"ListItem\",\"position\":2,\"name\":\"R\u00e1iteas Inrochtaineachta\"}]},{\"@type\":\"WebSite\",\"@id\":\"https:\\\/\\\/www.electoralcommission.ie\\\/ga\\\/#website\",\"url\":\"https:\\\/\\\/www.electoralcommission.ie\\\/ga\\\/\",\"name\":\"Coimisi\u00fan Toghch\u00e1in\",\"description\":\"Ireland&#039;s Statutory, Independent Electoral Commission\",\"potentialAction\":[{\"@type\":\"SearchAction\",\"target\":{\"@type\":\"EntryPoint\",\"urlTemplate\":\"https:\\\/\\\/www.electoralcommission.ie\\\/ga\\\/?s={search_term_string}\"},\"query-input\":{\"@type\":\"PropertyValueSpecification\",\"valueRequired\":true,\"valueName\":\"search_term_string\"}}],\"inLanguage\":\"ga-IE\"}]}<\/script>\n<!-- \/ Yoast SEO plugin. -->","yoast_head_json":{"title":"R\u00e1iteas Inrochtaineachta - Coimisi\u00fan Toghch\u00e1in","robots":{"index":"index","follow":"follow","max-snippet":"max-snippet:-1","max-image-preview":"max-image-preview:large","max-video-preview":"max-video-preview:-1"},"canonical":"https:\/\/www.electoralcommission.ie\/ga\/accessibility\/","og_locale":"ga_IE","og_type":"article","og_title":"R\u00e1iteas Inrochtaineachta - Coimisi\u00fan Toghch\u00e1in","og_description":"Su\u00edomh Gr\u00e9as\u00e1in | An Coimisi\u00fain Toghch\u00e1in Buna\u00edodh An Coimisi\u00fan Toghch\u00e1in faoin Acht um Athch\u00f3iri\u00fa Toghch\u00e1in, 2022. T\u00e1 s\u00e9 neamhsple\u00e1ch ar an Rialtas agus ghlac s\u00e9 le feidhmeanna toghch\u00e1in reacht\u00fala a bh\u00ed i bhfeidhm cheana f\u00e9in, chomh maith le freagrachta\u00ed nua. \u00c1ir\u00edtear ina measc si\u00fad: M\u00edn\u00edtear sa r\u00e1iteas inrochtaineachta seo an chaoi a bhf\u00e9achfaidh an Coimisi\u00fan &hellip; Continued","og_url":"https:\/\/www.electoralcommission.ie\/ga\/accessibility\/","og_site_name":"Coimisi\u00fan Toghch\u00e1in","article_modified_time":"2025-02-13T14:52:11+00:00","twitter_card":"summary_large_image","twitter_misc":{"Est. reading time":"4 minutes"},"schema":{"@context":"https:\/\/schema.org","@graph":[{"@type":"WebPage","@id":"https:\/\/www.electoralcommission.ie\/ga\/accessibility\/","url":"https:\/\/www.electoralcommission.ie\/ga\/accessibility\/","name":"R\u00e1iteas Inrochtaineachta - Coimisi\u00fan Toghch\u00e1in","isPartOf":{"@id":"https:\/\/www.electoralcommission.ie\/ga\/#website"},"datePublished":"2023-01-16T14:59:54+00:00","dateModified":"2025-02-13T14:52:11+00:00","breadcrumb":{"@id":"https:\/\/www.electoralcommission.ie\/ga\/accessibility\/#breadcrumb"},"inLanguage":"ga-IE","potentialAction":[{"@type":"ReadAction","target":["https:\/\/www.electoralcommission.ie\/ga\/accessibility\/"]}]},{"@type":"BreadcrumbList","@id":"https:\/\/www.electoralcommission.ie\/ga\/accessibility\/#breadcrumb","itemListElement":[{"@type":"ListItem","position":1,"name":"Baile","item":"https:\/\/www.electoralcommission.ie\/ga\/"},{"@type":"ListItem","position":2,"name":"R\u00e1iteas Inrochtaineachta"}]},{"@type":"WebSite","@id":"https:\/\/www.electoralcommission.ie\/ga\/#website","url":"https:\/\/www.electoralcommission.ie\/ga\/","name":"Coimisi\u00fan Toghch\u00e1in","description":"Ireland&#039;s Statutory, Independent Electoral Commission","potentialAction":[{"@type":"SearchAction","target":{"@type":"EntryPoint","urlTemplate":"https:\/\/www.electoralcommission.ie\/ga\/?s={search_term_string}"},"query-input":{"@type":"PropertyValueSpecification","valueRequired":true,"valueName":"search_term_string"}}],"inLanguage":"ga-IE"}]}},"uagb_featured_image_src":{"full":false,"thumbnail":false,"medium":false,"medium_large":false,"large":false,"1536x1536":false,"2048x2048":false,"gform-image-choice-sm":false,"gform-image-choice-md":false,"gform-image-choice-lg":false},"uagb_author_info":{"display_name":"Alice Kiernan","author_link":"https:\/\/www.electoralcommission.ie\/ga\/author\/alice-kiernan\/"},"uagb_comment_info":0,"uagb_excerpt":"Su\u00edomh Gr\u00e9as\u00e1in | An Coimisi\u00fain Toghch\u00e1in Buna\u00edodh An Coimisi\u00fan Toghch\u00e1in faoin Acht um Athch\u00f3iri\u00fa Toghch\u00e1in, 2022. T\u00e1 s\u00e9 neamhsple\u00e1ch ar an Rialtas agus ghlac s\u00e9 le feidhmeanna toghch\u00e1in reacht\u00fala a bh\u00ed i bhfeidhm cheana f\u00e9in, chomh maith le freagrachta\u00ed nua. \u00c1ir\u00edtear ina measc si\u00fad: M\u00edn\u00edtear sa r\u00e1iteas inrochtaineachta seo an chaoi a bhf\u00e9achfaidh an Coimisi\u00fan&hellip;","_links":{"self":[{"href":"https:\/\/www.electoralcommission.ie\/ga\/wp-json\/wp\/v2\/pages\/310","targetHints":{"allow":["GET"]}}],"collection":[{"href":"https:\/\/www.electoralcommission.ie\/ga\/wp-json\/wp\/v2\/pages"}],"about":[{"href":"https:\/\/www.electoralcommission.ie\/ga\/wp-json\/wp\/v2\/types\/page"}],"author":[{"embeddable":true,"href":"https:\/\/www.electoralcommission.ie\/ga\/wp-json\/wp\/v2\/users\/24"}],"replies":[{"embeddable":true,"href":"https:\/\/www.electoralcommission.ie\/ga\/wp-json\/wp\/v2\/comments?post=310"}],"version-history":[{"count":6,"href":"https:\/\/www.electoralcommission.ie\/ga\/wp-json\/wp\/v2\/pages\/310\/revisions"}],"predecessor-version":[{"id":12612,"href":"https:\/\/www.electoralcommission.ie\/ga\/wp-json\/wp\/v2\/pages\/310\/revisions\/12612"}],"wp:attachment":[{"href":"https:\/\/www.electoralcommission.ie\/ga\/wp-json\/wp\/v2\/media?parent=310"}],"curies":[{"name":"wp","href":"https:\/\/api.w.org\/{rel}","templated":true}]}}