
{"id":5049,"date":"2023-05-25T10:10:58","date_gmt":"2023-05-25T09:10:58","guid":{"rendered":"https:\/\/www.electoralcommission.ie\/previous-referenda\/"},"modified":"2024-05-13T13:51:49","modified_gmt":"2024-05-13T12:51:49","slug":"previous-referenda","status":"publish","type":"page","link":"https:\/\/www.electoralcommission.ie\/ga\/reifrinn-info\/previous-referenda\/","title":{"rendered":"Reifrinn na h\u00c9ireann roimhe seo"},"content":{"rendered":"\n<div class=\"wp-block-query py-4 is-layout-flow wp-block-query-is-layout-flow\"><ul class=\"columns-3 previous-referendums wp-block-post-template is-layout-grid wp-container-core-post-template-is-layout-2fc57c17 wp-block-post-template-is-layout-grid\"><li class=\"wp-block-post post-9578 post type-post status-publish format-standard has-post-thumbnail hentry category-reifreann\">\n\n<div class=\"wp-block-group p-0 h-100 is-layout-flow wp-block-group-is-layout-flow\" style=\"padding-top:30px;padding-right:30px;padding-bottom:30px;padding-left:30px\">\n<div class=\"wp-block-uagb-container h-100 previous-referendums-container uagb-block-0faf2704 alignfull uagb-is-root-container\">\n<div class=\"wp-block-uagb-container uagb-block-5b439e9a alignfull uagb-is-root-container\"><div class=\"wp-block-post-date\"><time datetime=\"2024-03-08T12:35:21+00:00\">8 M\u00e1rta 2024<\/time><\/div>\n\n<h2 class=\"wp-block-post-title\"><a href=\"https:\/\/www.electoralcommission.ie\/ga\/reifreann\/reifrinn-ar-an-teaghlach-agus-curam\/\" target=\"_self\" >Reifrinn ar an Teaghlach agus C\u00faram<\/a><\/h2><\/div>\n\n\n\n<div class=\"wp-block-uagb-container uagb-block-a4db515f alignfull uagb-is-root-container\"><div class=\"uagb-container-inner-blocks-wrap\"><a style=\"background-color:#334e84;\" class=\" is-style-fill is-signup bg-color-blue color-white rounded py-2 px-3 mt-1 wp-block-read-more has-text-color has-white-color has-background\" href=\"https:\/\/www.electoralcommission.ie\/ga\/reifreann\/reifrinn-ar-an-teaghlach-agus-curam\/\" target=\"_self\">L\u00e9igh tuilleadh<span class=\"screen-reader-text\">: Reifrinn ar an Teaghlach agus C\u00faram<\/span><\/a><\/div><\/div>\n<\/div>\n<\/div>\n\n<\/li><li class=\"wp-block-post post-5015 post type-post status-publish format-standard hentry category-reifreann\">\n\n<div class=\"wp-block-group p-0 h-100 is-layout-flow wp-block-group-is-layout-flow\" style=\"padding-top:30px;padding-right:30px;padding-bottom:30px;padding-left:30px\">\n<div class=\"wp-block-uagb-container h-100 previous-referendums-container uagb-block-0faf2704 alignfull uagb-is-root-container\">\n<div class=\"wp-block-uagb-container uagb-block-5b439e9a alignfull uagb-is-root-container\"><div class=\"wp-block-post-date\"><time datetime=\"2019-05-24T11:48:34+01:00\">24 Bealtaine 2019<\/time><\/div>\n\n<h2 class=\"wp-block-post-title\"><a href=\"https:\/\/www.electoralcommission.ie\/ga\/reifreann\/reifreann-maidir-le-colscaradh-a-rialail\/\" target=\"_self\" >Reifreann maidir le Colscaradh a Rial\u00e1il<\/a><\/h2><\/div>\n\n\n\n<div class=\"wp-block-uagb-container uagb-block-a4db515f alignfull uagb-is-root-container\"><div class=\"uagb-container-inner-blocks-wrap\"><a style=\"background-color:#334e84;\" class=\" is-style-fill is-signup bg-color-blue color-white rounded py-2 px-3 mt-1 wp-block-read-more has-text-color has-white-color has-background\" href=\"https:\/\/www.electoralcommission.ie\/ga\/reifreann\/reifreann-maidir-le-colscaradh-a-rialail\/\" target=\"_self\">L\u00e9igh tuilleadh<span class=\"screen-reader-text\">: Reifreann maidir le Colscaradh a Rial\u00e1il<\/span><\/a><\/div><\/div>\n<\/div>\n<\/div>\n\n<\/li><li class=\"wp-block-post post-5019 post type-post status-publish format-standard hentry category-reifreann\">\n\n<div class=\"wp-block-group p-0 h-100 is-layout-flow wp-block-group-is-layout-flow\" style=\"padding-top:30px;padding-right:30px;padding-bottom:30px;padding-left:30px\">\n<div class=\"wp-block-uagb-container h-100 previous-referendums-container uagb-block-0faf2704 alignfull uagb-is-root-container\">\n<div class=\"wp-block-uagb-container uagb-block-5b439e9a alignfull uagb-is-root-container\"><div class=\"wp-block-post-date\"><time datetime=\"2018-10-26T10:50:31+01:00\">26 Deireadh Fomhair 2018<\/time><\/div>\n\n<h2 class=\"wp-block-post-title\"><a href=\"https:\/\/www.electoralcommission.ie\/ga\/reifreann\/reifreann-maidir-le-diamhasla\/\" target=\"_self\" >Reifreann maidir le diamhasla<\/a><\/h2><\/div>\n\n\n\n<div class=\"wp-block-uagb-container uagb-block-a4db515f alignfull uagb-is-root-container\"><div class=\"uagb-container-inner-blocks-wrap\"><a style=\"background-color:#334e84;\" class=\" is-style-fill is-signup bg-color-blue color-white rounded py-2 px-3 mt-1 wp-block-read-more has-text-color has-white-color has-background\" href=\"https:\/\/www.electoralcommission.ie\/ga\/reifreann\/reifreann-maidir-le-diamhasla\/\" target=\"_self\">L\u00e9igh tuilleadh<span class=\"screen-reader-text\">: Reifreann maidir le diamhasla<\/span><\/a><\/div><\/div>\n<\/div>\n<\/div>\n\n<\/li><li class=\"wp-block-post post-5023 post type-post status-publish format-standard hentry category-reifreann\">\n\n<div class=\"wp-block-group p-0 h-100 is-layout-flow wp-block-group-is-layout-flow\" style=\"padding-top:30px;padding-right:30px;padding-bottom:30px;padding-left:30px\">\n<div class=\"wp-block-uagb-container h-100 previous-referendums-container uagb-block-0faf2704 alignfull uagb-is-root-container\">\n<div class=\"wp-block-uagb-container uagb-block-5b439e9a alignfull uagb-is-root-container\"><div class=\"wp-block-post-date\"><time datetime=\"2018-05-25T10:54:59+01:00\">25 Bealtaine 2018<\/time><\/div>\n\n<h2 class=\"wp-block-post-title\"><a href=\"https:\/\/www.electoralcommission.ie\/ga\/reifreann\/an-reifreann-maidir-le-foirceannadh-toirchis-a-rialail\/\" target=\"_self\" >An reifreann maidir le foirceannadh toirchis a rial\u00e1il<\/a><\/h2><\/div>\n\n\n\n<div class=\"wp-block-uagb-container uagb-block-a4db515f alignfull uagb-is-root-container\"><div class=\"uagb-container-inner-blocks-wrap\"><a style=\"background-color:#334e84;\" class=\" is-style-fill is-signup bg-color-blue color-white rounded py-2 px-3 mt-1 wp-block-read-more has-text-color has-white-color has-background\" href=\"https:\/\/www.electoralcommission.ie\/ga\/reifreann\/an-reifreann-maidir-le-foirceannadh-toirchis-a-rialail\/\" target=\"_self\">L\u00e9igh tuilleadh<span class=\"screen-reader-text\">: An reifreann maidir le foirceannadh toirchis a rial\u00e1il<\/span><\/a><\/div><\/div>\n<\/div>\n<\/div>\n\n<\/li><li class=\"wp-block-post post-5021 post type-post status-publish format-standard hentry category-reifreann\">\n\n<div class=\"wp-block-group p-0 h-100 is-layout-flow wp-block-group-is-layout-flow\" style=\"padding-top:30px;padding-right:30px;padding-bottom:30px;padding-left:30px\">\n<div class=\"wp-block-uagb-container h-100 previous-referendums-container uagb-block-0faf2704 alignfull uagb-is-root-container\">\n<div class=\"wp-block-uagb-container uagb-block-5b439e9a alignfull uagb-is-root-container\"><div class=\"wp-block-post-date\"><time datetime=\"2015-05-22T09:32:00+01:00\">22 Bealtaine 2015<\/time><\/div>\n\n<h2 class=\"wp-block-post-title\"><a href=\"https:\/\/www.electoralcommission.ie\/ga\/reifreann\/an-reifreann-ar-phosadh-agus-an-reifreann-ar-aois-iarrthoiri-uacharanachta\/\" target=\"_self\" >An Reifreann ar Ph\u00f3sadh agus An Reifreann ar Aois Iarrth\u00f3ir\u00ed Uachar\u00e1nachta<\/a><\/h2><\/div>\n\n\n\n<div class=\"wp-block-uagb-container uagb-block-a4db515f alignfull uagb-is-root-container\"><div class=\"uagb-container-inner-blocks-wrap\"><a style=\"background-color:#334e84;\" class=\" is-style-fill is-signup bg-color-blue color-white rounded py-2 px-3 mt-1 wp-block-read-more has-text-color has-white-color has-background\" href=\"https:\/\/www.electoralcommission.ie\/ga\/reifreann\/an-reifreann-ar-phosadh-agus-an-reifreann-ar-aois-iarrthoiri-uacharanachta\/\" target=\"_self\">L\u00e9igh tuilleadh<span class=\"screen-reader-text\">: An Reifreann ar Ph\u00f3sadh agus An Reifreann ar Aois Iarrth\u00f3ir\u00ed Uachar\u00e1nachta<\/span><\/a><\/div><\/div>\n<\/div>\n<\/div>\n\n<\/li><li class=\"wp-block-post post-5025 post type-post status-publish format-standard hentry category-reifreann\">\n\n<div class=\"wp-block-group p-0 h-100 is-layout-flow wp-block-group-is-layout-flow\" style=\"padding-top:30px;padding-right:30px;padding-bottom:30px;padding-left:30px\">\n<div class=\"wp-block-uagb-container h-100 previous-referendums-container uagb-block-0faf2704 alignfull uagb-is-root-container\">\n<div class=\"wp-block-uagb-container uagb-block-5b439e9a alignfull uagb-is-root-container\"><div class=\"wp-block-post-date\"><time datetime=\"2013-10-04T09:23:00+01:00\">4 Deireadh Fomhair 2013<\/time><\/div>\n\n<h2 class=\"wp-block-post-title\"><a href=\"https:\/\/www.electoralcommission.ie\/ga\/reifreann\/reifreann-ar-dheireadh-a-chur-le-seanad-eireann-agus-an-chuirt-achomh\/\" target=\"_self\" >Reifreann ar Dheireadh a chur le Seanad \u00c9ireann agus an Ch\u00fairt Achomh<\/a><\/h2><\/div>\n\n\n\n<div class=\"wp-block-uagb-container uagb-block-a4db515f alignfull uagb-is-root-container\"><div class=\"uagb-container-inner-blocks-wrap\"><a style=\"background-color:#334e84;\" class=\" is-style-fill is-signup bg-color-blue color-white rounded py-2 px-3 mt-1 wp-block-read-more has-text-color has-white-color has-background\" href=\"https:\/\/www.electoralcommission.ie\/ga\/reifreann\/reifreann-ar-dheireadh-a-chur-le-seanad-eireann-agus-an-chuirt-achomh\/\" target=\"_self\">L\u00e9igh tuilleadh<span class=\"screen-reader-text\">: Reifreann ar Dheireadh a chur le Seanad \u00c9ireann agus an Ch\u00fairt Achomh<\/span><\/a><\/div><\/div>\n<\/div>\n<\/div>\n\n<\/li><li class=\"wp-block-post post-5027 post type-post status-publish format-standard hentry category-reifreann\">\n\n<div class=\"wp-block-group p-0 h-100 is-layout-flow wp-block-group-is-layout-flow\" style=\"padding-top:30px;padding-right:30px;padding-bottom:30px;padding-left:30px\">\n<div class=\"wp-block-uagb-container h-100 previous-referendums-container uagb-block-0faf2704 alignfull uagb-is-root-container\">\n<div class=\"wp-block-uagb-container uagb-block-5b439e9a alignfull uagb-is-root-container\"><div class=\"wp-block-post-date\"><time datetime=\"2012-11-10T16:09:00+00:00\">10 na Samhna 2012<\/time><\/div>\n\n<h2 class=\"wp-block-post-title\"><a href=\"https:\/\/www.electoralcommission.ie\/ga\/reifreann\/an-reifreann-leanai\/\" target=\"_self\" >An Reifreann Leana\u00ed<\/a><\/h2><\/div>\n\n\n\n<div class=\"wp-block-uagb-container uagb-block-a4db515f alignfull uagb-is-root-container\"><div class=\"uagb-container-inner-blocks-wrap\"><a style=\"background-color:#334e84;\" class=\" is-style-fill is-signup bg-color-blue color-white rounded py-2 px-3 mt-1 wp-block-read-more has-text-color has-white-color has-background\" href=\"https:\/\/www.electoralcommission.ie\/ga\/reifreann\/an-reifreann-leanai\/\" target=\"_self\">L\u00e9igh tuilleadh<span class=\"screen-reader-text\">: An Reifreann Leana\u00ed<\/span><\/a><\/div><\/div>\n<\/div>\n<\/div>\n\n<\/li><li class=\"wp-block-post post-5029 post type-post status-publish format-standard hentry category-reifreann\">\n\n<div class=\"wp-block-group p-0 h-100 is-layout-flow wp-block-group-is-layout-flow\" style=\"padding-top:30px;padding-right:30px;padding-bottom:30px;padding-left:30px\">\n<div class=\"wp-block-uagb-container h-100 previous-referendums-container uagb-block-0faf2704 alignfull uagb-is-root-container\">\n<div class=\"wp-block-uagb-container uagb-block-5b439e9a alignfull uagb-is-root-container\"><div class=\"wp-block-post-date\"><time datetime=\"2012-05-31T08:50:06+01:00\">31 Bealtaine 2012<\/time><\/div>\n\n<h2 class=\"wp-block-post-title\"><a href=\"https:\/\/www.electoralcommission.ie\/ga\/reifreann\/conradh-um-chobhsaiocht-fhioscach\/\" target=\"_self\" >Conradh um Chobhsa\u00edocht Fhioscach<\/a><\/h2><\/div>\n\n\n\n<div class=\"wp-block-uagb-container uagb-block-a4db515f alignfull uagb-is-root-container\"><div class=\"uagb-container-inner-blocks-wrap\"><a style=\"background-color:#334e84;\" class=\" is-style-fill is-signup bg-color-blue color-white rounded py-2 px-3 mt-1 wp-block-read-more has-text-color has-white-color has-background\" href=\"https:\/\/www.electoralcommission.ie\/ga\/reifreann\/conradh-um-chobhsaiocht-fhioscach\/\" target=\"_self\">L\u00e9igh tuilleadh<span class=\"screen-reader-text\">: Conradh um Chobhsa\u00edocht Fhioscach<\/span><\/a><\/div><\/div>\n<\/div>\n<\/div>\n\n<\/li><li class=\"wp-block-post post-5031 post type-post status-publish format-standard hentry category-reifreann\">\n\n<div class=\"wp-block-group p-0 h-100 is-layout-flow wp-block-group-is-layout-flow\" style=\"padding-top:30px;padding-right:30px;padding-bottom:30px;padding-left:30px\">\n<div class=\"wp-block-uagb-container h-100 previous-referendums-container uagb-block-0faf2704 alignfull uagb-is-root-container\">\n<div class=\"wp-block-uagb-container uagb-block-5b439e9a alignfull uagb-is-root-container\"><div class=\"wp-block-post-date\"><time datetime=\"2011-10-27T15:38:00+01:00\">27 Deireadh Fomhair 2011<\/time><\/div>\n\n<h2 class=\"wp-block-post-title\"><a href=\"https:\/\/www.electoralcommission.ie\/ga\/reifreann\/tuarastal-breithiuna-agus-fiosruithe-thithe-an-oireachtais\/\" target=\"_self\" >Tuarastal Breithi\u00fana agus Fiosruithe Thithe an Oireachtais<\/a><\/h2><\/div>\n\n\n\n<div class=\"wp-block-uagb-container uagb-block-a4db515f alignfull uagb-is-root-container\"><div class=\"uagb-container-inner-blocks-wrap\"><a style=\"background-color:#334e84;\" class=\" is-style-fill is-signup bg-color-blue color-white rounded py-2 px-3 mt-1 wp-block-read-more has-text-color has-white-color has-background\" href=\"https:\/\/www.electoralcommission.ie\/ga\/reifreann\/tuarastal-breithiuna-agus-fiosruithe-thithe-an-oireachtais\/\" target=\"_self\">L\u00e9igh tuilleadh<span class=\"screen-reader-text\">: Tuarastal Breithi\u00fana agus Fiosruithe Thithe an Oireachtais<\/span><\/a><\/div><\/div>\n<\/div>\n<\/div>\n\n<\/li><\/ul>\n\n<nav class=\"myPagination wp-block-query-pagination is-layout-flex wp-block-query-pagination-is-layout-flex\" aria-label=\"Pagination\">\n\n\n<div class=\"wp-block-query-pagination-numbers\"><span aria-current=\"page\" class=\"page-numbers current\">1<\/span>\n<a class=\"page-numbers\" href=\"?query-14-page=2\">2<\/a><\/div>\n\n<a href=\"\/ga\/wp-json\/wp\/v2\/pages\/5049?query-14-page=2\" class=\"wp-block-query-pagination-next\">Next Page<\/a>\n<\/nav><\/div>\n","protected":false},"excerpt":{"rendered":"","protected":false},"author":1,"featured_media":9205,"parent":4631,"menu_order":0,"comment_status":"closed","ping_status":"closed","template":"","meta":{"_acf_changed":false,"_relevanssi_hide_post":"","_relevanssi_hide_content":"","_relevanssi_pin_for_all":"","_relevanssi_pin_keywords":"","_relevanssi_unpin_keywords":"","_relevanssi_related_keywords":"","_relevanssi_related_include_ids":"","_relevanssi_related_exclude_ids":"","_relevanssi_related_no_append":"","_relevanssi_related_not_related":"","_relevanssi_related_posts":"","_relevanssi_noindex_reason":"","_uag_custom_page_level_css":"","footnotes":""},"class_list":["post-5049","page","type-page","status-publish","has-post-thumbnail","hentry"],"acf":[],"yoast_head":"<!-- This site is optimized with the Yoast SEO plugin v27.4 - https:\/\/yoast.com\/product\/yoast-seo-wordpress\/ -->\n<title>Reifrinn na h\u00c9ireann roimhe seo - Coimisi\u00fan Toghch\u00e1in<\/title>\n<meta name=\"robots\" content=\"index, follow, max-snippet:-1, max-image-preview:large, max-video-preview:-1\" \/>\n<link rel=\"canonical\" href=\"https:\/\/www.electoralcommission.ie\/ga\/reifrinn-info\/previous-referenda\/\" \/>\n<link rel=\"next\" href=\"https:\/\/www.electoralcommission.ie\/ga\/reifrinn-info\/previous-referenda\/5049\/?query-14-page=2\" \/>\n<meta property=\"og:locale\" content=\"ga_IE\" \/>\n<meta property=\"og:type\" content=\"article\" \/>\n<meta property=\"og:title\" content=\"Reifrinn na h\u00c9ireann roimhe seo - Coimisi\u00fan Toghch\u00e1in\" \/>\n<meta property=\"og:url\" content=\"https:\/\/www.electoralcommission.ie\/ga\/reifrinn-info\/previous-referenda\/\" \/>\n<meta property=\"og:site_name\" content=\"Coimisi\u00fan Toghch\u00e1in\" \/>\n<meta property=\"article:modified_time\" content=\"2024-05-13T12:51:49+00:00\" \/>\n<meta property=\"og:image\" content=\"https:\/\/cdn.electoralcommission.ie\/app\/uploads\/2024\/05\/01124413\/An-Coimisiu%CC%81n-Toghcha%CC%81in-322-scaled.jpg\" \/>\n\t<meta property=\"og:image:width\" content=\"2560\" \/>\n\t<meta property=\"og:image:height\" content=\"1707\" \/>\n\t<meta property=\"og:image:type\" content=\"image\/jpeg\" \/>\n<meta name=\"twitter:card\" content=\"summary_large_image\" \/>\n<meta name=\"twitter:label1\" content=\"Est. reading time\" \/>\n\t<meta name=\"twitter:data1\" content=\"1 minute\" \/>\n<script type=\"application\/ld+json\" class=\"yoast-schema-graph\">{\"@context\":\"https:\\\/\\\/schema.org\",\"@graph\":[{\"@type\":\"WebPage\",\"@id\":\"https:\\\/\\\/www.electoralcommission.ie\\\/ga\\\/reifrinn-info\\\/previous-referenda\\\/\",\"url\":\"https:\\\/\\\/www.electoralcommission.ie\\\/ga\\\/reifrinn-info\\\/previous-referenda\\\/\",\"name\":\"Reifrinn na h\u00c9ireann roimhe seo - Coimisi\u00fan Toghch\u00e1in\",\"isPartOf\":{\"@id\":\"https:\\\/\\\/www.electoralcommission.ie\\\/ga\\\/#website\"},\"primaryImageOfPage\":{\"@id\":\"https:\\\/\\\/www.electoralcommission.ie\\\/ga\\\/reifrinn-info\\\/previous-referenda\\\/#primaryimage\"},\"image\":{\"@id\":\"https:\\\/\\\/www.electoralcommission.ie\\\/ga\\\/reifrinn-info\\\/previous-referenda\\\/#primaryimage\"},\"thumbnailUrl\":\"https:\\\/\\\/www.electoralcommission.ie\\\/app\\\/uploads\\\/2024\\\/05\\\/An-Coimisiu\u0301n-Toghcha\u0301in-322-scaled.jpg\",\"datePublished\":\"2023-05-25T09:10:58+00:00\",\"dateModified\":\"2024-05-13T12:51:49+00:00\",\"breadcrumb\":{\"@id\":\"https:\\\/\\\/www.electoralcommission.ie\\\/ga\\\/reifrinn-info\\\/previous-referenda\\\/#breadcrumb\"},\"inLanguage\":\"ga-IE\",\"potentialAction\":[{\"@type\":\"ReadAction\",\"target\":[\"https:\\\/\\\/www.electoralcommission.ie\\\/ga\\\/reifrinn-info\\\/previous-referenda\\\/\"]}]},{\"@type\":\"ImageObject\",\"inLanguage\":\"ga-IE\",\"@id\":\"https:\\\/\\\/www.electoralcommission.ie\\\/ga\\\/reifrinn-info\\\/previous-referenda\\\/#primaryimage\",\"url\":\"https:\\\/\\\/www.electoralcommission.ie\\\/app\\\/uploads\\\/2024\\\/05\\\/An-Coimisiu\u0301n-Toghcha\u0301in-322-scaled.jpg\",\"contentUrl\":\"https:\\\/\\\/www.electoralcommission.ie\\\/app\\\/uploads\\\/2024\\\/05\\\/An-Coimisiu\u0301n-Toghcha\u0301in-322-scaled.jpg\",\"width\":2560,\"height\":1707,\"caption\":\"A ballot paper being stamped\"},{\"@type\":\"BreadcrumbList\",\"@id\":\"https:\\\/\\\/www.electoralcommission.ie\\\/ga\\\/reifrinn-info\\\/previous-referenda\\\/#breadcrumb\",\"itemListElement\":[{\"@type\":\"ListItem\",\"position\":1,\"name\":\"Baile\",\"item\":\"https:\\\/\\\/www.electoralcommission.ie\\\/ga\\\/\"},{\"@type\":\"ListItem\",\"position\":2,\"name\":\"\u00c1r gCuid Oibre ar Reifrinn\",\"item\":\"https:\\\/\\\/www.electoralcommission.ie\\\/ga\\\/reifrinn-info\\\/\"},{\"@type\":\"ListItem\",\"position\":3,\"name\":\"Reifrinn na h\u00c9ireann roimhe seo\"}]},{\"@type\":\"WebSite\",\"@id\":\"https:\\\/\\\/www.electoralcommission.ie\\\/ga\\\/#website\",\"url\":\"https:\\\/\\\/www.electoralcommission.ie\\\/ga\\\/\",\"name\":\"Coimisi\u00fan Toghch\u00e1in\",\"description\":\"Ireland&#039;s Statutory, Independent Electoral Commission\",\"potentialAction\":[{\"@type\":\"SearchAction\",\"target\":{\"@type\":\"EntryPoint\",\"urlTemplate\":\"https:\\\/\\\/www.electoralcommission.ie\\\/ga\\\/?s={search_term_string}\"},\"query-input\":{\"@type\":\"PropertyValueSpecification\",\"valueRequired\":true,\"valueName\":\"search_term_string\"}}],\"inLanguage\":\"ga-IE\"}]}<\/script>\n<!-- \/ Yoast SEO plugin. -->","yoast_head_json":{"title":"Reifrinn na h\u00c9ireann roimhe seo - Coimisi\u00fan Toghch\u00e1in","robots":{"index":"index","follow":"follow","max-snippet":"max-snippet:-1","max-image-preview":"max-image-preview:large","max-video-preview":"max-video-preview:-1"},"canonical":"https:\/\/www.electoralcommission.ie\/ga\/reifrinn-info\/previous-referenda\/","next":"https:\/\/www.electoralcommission.ie\/ga\/reifrinn-info\/previous-referenda\/5049?query-14-page=2","og_locale":"ga_IE","og_type":"article","og_title":"Reifrinn na h\u00c9ireann roimhe seo - Coimisi\u00fan Toghch\u00e1in","og_url":"https:\/\/www.electoralcommission.ie\/ga\/reifrinn-info\/previous-referenda\/","og_site_name":"Coimisi\u00fan Toghch\u00e1in","article_modified_time":"2024-05-13T12:51:49+00:00","og_image":[{"width":2560,"height":1707,"url":"https:\/\/cdn.electoralcommission.ie\/app\/uploads\/2024\/05\/01124413\/An-Coimisiu%CC%81n-Toghcha%CC%81in-322-scaled.jpg","type":"image\/jpeg"}],"twitter_card":"summary_large_image","twitter_misc":{"Est. reading time":"1 minute"},"schema":{"@context":"https:\/\/schema.org","@graph":[{"@type":"WebPage","@id":"https:\/\/www.electoralcommission.ie\/ga\/reifrinn-info\/previous-referenda\/","url":"https:\/\/www.electoralcommission.ie\/ga\/reifrinn-info\/previous-referenda\/","name":"Reifrinn na h\u00c9ireann roimhe seo - Coimisi\u00fan Toghch\u00e1in","isPartOf":{"@id":"https:\/\/www.electoralcommission.ie\/ga\/#website"},"primaryImageOfPage":{"@id":"https:\/\/www.electoralcommission.ie\/ga\/reifrinn-info\/previous-referenda\/#primaryimage"},"image":{"@id":"https:\/\/www.electoralcommission.ie\/ga\/reifrinn-info\/previous-referenda\/#primaryimage"},"thumbnailUrl":"https:\/\/www.electoralcommission.ie\/app\/uploads\/2024\/05\/An-Coimisiu\u0301n-Toghcha\u0301in-322-scaled.jpg","datePublished":"2023-05-25T09:10:58+00:00","dateModified":"2024-05-13T12:51:49+00:00","breadcrumb":{"@id":"https:\/\/www.electoralcommission.ie\/ga\/reifrinn-info\/previous-referenda\/#breadcrumb"},"inLanguage":"ga-IE","potentialAction":[{"@type":"ReadAction","target":["https:\/\/www.electoralcommission.ie\/ga\/reifrinn-info\/previous-referenda\/"]}]},{"@type":"ImageObject","inLanguage":"ga-IE","@id":"https:\/\/www.electoralcommission.ie\/ga\/reifrinn-info\/previous-referenda\/#primaryimage","url":"https:\/\/www.electoralcommission.ie\/app\/uploads\/2024\/05\/An-Coimisiu\u0301n-Toghcha\u0301in-322-scaled.jpg","contentUrl":"https:\/\/www.electoralcommission.ie\/app\/uploads\/2024\/05\/An-Coimisiu\u0301n-Toghcha\u0301in-322-scaled.jpg","width":2560,"height":1707,"caption":"A ballot paper being stamped"},{"@type":"BreadcrumbList","@id":"https:\/\/www.electoralcommission.ie\/ga\/reifrinn-info\/previous-referenda\/#breadcrumb","itemListElement":[{"@type":"ListItem","position":1,"name":"Baile","item":"https:\/\/www.electoralcommission.ie\/ga\/"},{"@type":"ListItem","position":2,"name":"\u00c1r gCuid Oibre ar Reifrinn","item":"https:\/\/www.electoralcommission.ie\/ga\/reifrinn-info\/"},{"@type":"ListItem","position":3,"name":"Reifrinn na h\u00c9ireann roimhe seo"}]},{"@type":"WebSite","@id":"https:\/\/www.electoralcommission.ie\/ga\/#website","url":"https:\/\/www.electoralcommission.ie\/ga\/","name":"Coimisi\u00fan Toghch\u00e1in","description":"Ireland&#039;s Statutory, Independent Electoral Commission","potentialAction":[{"@type":"SearchAction","target":{"@type":"EntryPoint","urlTemplate":"https:\/\/www.electoralcommission.ie\/ga\/?s={search_term_string}"},"query-input":{"@type":"PropertyValueSpecification","valueRequired":true,"valueName":"search_term_string"}}],"inLanguage":"ga-IE"}]}},"uagb_featured_image_src":{"full":["https:\/\/www.electoralcommission.ie\/app\/uploads\/2024\/05\/An-Coimisiu\u0301n-Toghcha\u0301in-322-scaled.jpg",2560,1707,false],"thumbnail":["https:\/\/www.electoralcommission.ie\/app\/uploads\/2024\/05\/An-Coimisiu\u0301n-Toghcha\u0301in-322-355x210.jpg",355,210,true],"medium":["https:\/\/www.electoralcommission.ie\/app\/uploads\/2024\/05\/An-Coimisiu\u0301n-Toghcha\u0301in-322-300x200.jpg",300,200,true],"medium_large":["https:\/\/www.electoralcommission.ie\/app\/uploads\/2024\/05\/An-Coimisiu\u0301n-Toghcha\u0301in-322-768x512.jpg",768,512,true],"large":["https:\/\/www.electoralcommission.ie\/app\/uploads\/2024\/05\/An-Coimisiu\u0301n-Toghcha\u0301in-322-1024x683.jpg",1024,683,true],"1536x1536":["https:\/\/www.electoralcommission.ie\/app\/uploads\/2024\/05\/An-Coimisiu\u0301n-Toghcha\u0301in-322-1536x1024.jpg",1536,1024,true],"2048x2048":["https:\/\/www.electoralcommission.ie\/app\/uploads\/2024\/05\/An-Coimisiu\u0301n-Toghcha\u0301in-322-2048x1365.jpg",2048,1365,true],"gform-image-choice-sm":["https:\/\/www.electoralcommission.ie\/app\/uploads\/2024\/05\/An-Coimisiu\u0301n-Toghcha\u0301in-322-scaled.jpg",300,200,false],"gform-image-choice-md":["https:\/\/www.electoralcommission.ie\/app\/uploads\/2024\/05\/An-Coimisiu\u0301n-Toghcha\u0301in-322-scaled.jpg",400,267,false],"gform-image-choice-lg":["https:\/\/www.electoralcommission.ie\/app\/uploads\/2024\/05\/An-Coimisiu\u0301n-Toghcha\u0301in-322-scaled.jpg",600,400,false]},"uagb_author_info":{"display_name":"Jose","author_link":"https:\/\/www.electoralcommission.ie\/ga\/author\/jose\/"},"uagb_comment_info":0,"uagb_excerpt":null,"_links":{"self":[{"href":"https:\/\/www.electoralcommission.ie\/ga\/wp-json\/wp\/v2\/pages\/5049","targetHints":{"allow":["GET"]}}],"collection":[{"href":"https:\/\/www.electoralcommission.ie\/ga\/wp-json\/wp\/v2\/pages"}],"about":[{"href":"https:\/\/www.electoralcommission.ie\/ga\/wp-json\/wp\/v2\/types\/page"}],"author":[{"embeddable":true,"href":"https:\/\/www.electoralcommission.ie\/ga\/wp-json\/wp\/v2\/users\/1"}],"replies":[{"embeddable":true,"href":"https:\/\/www.electoralcommission.ie\/ga\/wp-json\/wp\/v2\/comments?post=5049"}],"version-history":[{"count":9,"href":"https:\/\/www.electoralcommission.ie\/ga\/wp-json\/wp\/v2\/pages\/5049\/revisions"}],"predecessor-version":[{"id":9722,"href":"https:\/\/www.electoralcommission.ie\/ga\/wp-json\/wp\/v2\/pages\/5049\/revisions\/9722"}],"up":[{"embeddable":true,"href":"https:\/\/www.electoralcommission.ie\/ga\/wp-json\/wp\/v2\/pages\/4631"}],"wp:featuredmedia":[{"embeddable":true,"href":"https:\/\/www.electoralcommission.ie\/ga\/wp-json\/wp\/v2\/media\/9205"}],"wp:attachment":[{"href":"https:\/\/www.electoralcommission.ie\/ga\/wp-json\/wp\/v2\/media?parent=5049"}],"curies":[{"name":"wp","href":"https:\/\/api.w.org\/{rel}","templated":true}]}}