
{"id":5401,"date":"2023-06-29T14:16:00","date_gmt":"2023-06-29T13:16:00","guid":{"rendered":"https:\/\/www.electoralcommission.ie\/foilseachain\/"},"modified":"2024-11-04T20:58:23","modified_gmt":"2024-11-04T20:58:23","slug":"foilseachain","status":"publish","type":"page","link":"https:\/\/www.electoralcommission.ie\/ga\/foilseachain\/","title":{"rendered":"Foilseach\u00e1in"},"content":{"rendered":"\n<div class=\"wp-block-uagb-container uagb-block-1ed2f749 alignfull uagb-is-root-container\">\n<div class=\"wp-block-uagb-container uagb-block-09dd1692\"><\/div>\n\n\n\n<div class=\"wp-block-uagb-container uagb-block-c193ff37\">\n<div class=\"wp-block-uagb-container negative-margin uagb-block-5f0440f1\">\n<div class=\"wp-block-buttons is-content-justification-center is-layout-flex wp-container-core-buttons-is-layout-16018d1d wp-block-buttons-is-layout-flex\">\n<div class=\"wp-block-button is-style-fill is-signup bg-color-yellow color-black rounded p-3 mt-1\"><a class=\"wp-block-button__link has-black-color has-text-color has-background wp-element-button\" href=\"\/ga\/foilseachain\/\" style=\"background-color:#f0c139\">Gach<\/a><\/div>\n\n\n\n<div class=\"wp-block-button is-style-fill is-signup bg-color-blue color-white rounded p-3 mt-1\"><a class=\"wp-block-button__link wp-element-button\" href=\"\/ga\/foilseachain\/tuarascalacha-athbhreithnithe-toghlaigh\/\">Athbhreithnithe Toghlaigh<\/a><\/div>\n\n\n\n<div class=\"wp-block-button is-style-fill is-signup bg-color-blue color-white rounded  p-3 mt-1\"><a class=\"wp-block-button__link wp-element-button\" href=\"\/ga\/foilseachain\/foilseachain-chorparaideacha\/\">Foilseach\u00e1in Chorpar\u00e1ideacha<\/a><\/div>\n\n\n\n<div class=\"wp-block-button is-style-fill is-signup bg-color-blue color-white rounded  p-3 mt-1\"><a class=\"wp-block-button__link wp-element-button\" href=\"\/ga\/foilseachain\/leabhrain-eolais-an-reifrinn\">Leabhr\u00e1in eolais an reifrinn<\/a><\/div>\n\n\n\n<div class=\"wp-block-button is-style-fill is-signup bg-color-blue color-white rounded p-3 mt-1\"><a class=\"wp-block-button__link wp-element-button\" href=\"\/ga\/foilseachain\/clar-na-bpairtithe-polaitiochta\/\">Cl\u00e1r na bP\u00e1irtithe Polait\u00edochta<\/a><\/div>\n\n\n\n<div class=\"wp-block-button is-style-fill is-signup bg-color-blue color-white rounded  p-3 mt-1\"><a class=\"wp-block-button__link wp-element-button\" href=\"\/ga\/foilseachain\/foilseachain-taighde\/\">Foilseach\u00e1in Taighde<\/a><\/div>\n\n\n\n<div class=\"wp-block-button is-style-fill is-signup bg-color-blue color-white rounded  p-3 mt-1\"><a class=\"wp-block-button__link wp-element-button\" href=\"\/ga\/foilseachain\/oideachas\/\">Oideachas<\/a><\/div>\n\n\n\n<div class=\"wp-block-button is-style-fill is-signup bg-color-blue color-white rounded  p-3 mt-1\"><a class=\"wp-block-button__link wp-element-button\" href=\"\/ga\/foilseachain\/athbhreithniu-i-ndiaidh-imeacht-toghchain\/\">Athbhreithni\u00fa I nDiaidh Imeacht Toghch\u00e1in<\/a><\/div>\n<\/div>\n<\/div>\n<\/div>\n<\/div>\n\n\n\n<div class=\"wp-block-uagb-container uagb-block-65c2bcde alignfull uagb-is-root-container\">\n<div class=\"wp-block-uagb-container uagb-block-7b5f4a0f\">\n<div class=\"wp-block-query is-layout-flow wp-block-query-is-layout-flow\"><ul class=\"columns-1 d-flex justify-content-center align-items-stretch flex-wrap wp-block-post-template is-layout-grid wp-container-core-post-template-is-layout-f9ac393c wp-block-post-template-is-layout-grid\"><li class=\"wp-block-post post-15704 post type-post status-publish format-standard has-post-thumbnail hentry category-athbhreithniu-i-ndiaidh-imeacht-toghchain category-foilseachain\">\n\n<div class=\"wp-block-uagb-container h-100 uagb-block-1f5980d7\">\n<div class=\"wp-block-uagb-container position-static uagb-block-9ee833ac\"><figure class=\"position-static wp-block-post-featured-image\"><img loading=\"lazy\" decoding=\"async\" width=\"340\" height=\"400\" src=\"https:\/\/www.electoralcommission.ie\/app\/uploads\/2026\/04\/340-400-Presidential-PEER.png\" class=\"attachment-post-thumbnail size-post-thumbnail wp-post-image\" alt=\"\" style=\"object-fit:cover;\" srcset=\"https:\/\/www.electoralcommission.ie\/app\/uploads\/2026\/04\/340-400-Presidential-PEER.png 340w, https:\/\/www.electoralcommission.ie\/app\/uploads\/2026\/04\/340-400-Presidential-PEER-255x300.png 255w\" sizes=\"auto, (max-width: 340px) 100vw, 340px\" \/><\/figure>\n\n<h2 class=\"wp-block-post-title\">Athbhreithni\u00fa I nDiaidh Imeach Toghch\u00e1in &#8211; Togch\u00e1n an Uachtar\u00e1in<\/h2>\n\n<div class=\"wp-block-post-date\"><time datetime=\"2026-04-23T15:36:45+01:00\">23 Aibre\u00e1n 2026<\/time><\/div><\/div>\n\n\n\n<div class=\"wp-block-uagb-container uagb-block-6c43b343\">\n<div class=\"wp-block-uagb-container is-dlbtn uagb-block-31ceb3c2\">\n<div class=\"wp-block-uagb-advanced-heading uagb-block-d051a7a7\"><p class=\"uagb-heading-text\">\u00cdosl\u00f3d\u00e1il<\/p><\/div>\n<\/div>\n<\/div>\n<\/div>\n\n<\/li><li class=\"wp-block-post post-15663 post type-post status-publish format-standard has-post-thumbnail hentry category-clar-na-bpairtithe-polaitiochta category-foilseachain\">\n\n<div class=\"wp-block-uagb-container h-100 uagb-block-1f5980d7\">\n<div class=\"wp-block-uagb-container position-static uagb-block-9ee833ac\"><figure class=\"position-static wp-block-post-featured-image\"><img loading=\"lazy\" decoding=\"async\" width=\"340\" height=\"400\" src=\"https:\/\/www.electoralcommission.ie\/app\/uploads\/2024\/07\/july-register-of-political-parties.png\" class=\"attachment-post-thumbnail size-post-thumbnail wp-post-image\" alt=\"Cover of Register of Political Parties\" style=\"object-fit:cover;\" srcset=\"https:\/\/www.electoralcommission.ie\/app\/uploads\/2024\/07\/july-register-of-political-parties.png 340w, https:\/\/www.electoralcommission.ie\/app\/uploads\/2024\/07\/july-register-of-political-parties-255x300.png 255w\" sizes=\"auto, (max-width: 340px) 100vw, 340px\" \/><\/figure>\n\n<h2 class=\"wp-block-post-title\">Cl\u00e1r na bP\u00e1irtithe Polait\u00edochta (PDF)<\/h2>\n\n<div class=\"wp-block-post-date\"><time datetime=\"2026-04-20T15:18:56+01:00\">20 Aibre\u00e1n 2026<\/time><\/div><\/div>\n\n\n\n<div class=\"wp-block-uagb-container uagb-block-6c43b343\">\n<div class=\"wp-block-uagb-container is-dlbtn uagb-block-31ceb3c2\">\n<div class=\"wp-block-uagb-advanced-heading uagb-block-d051a7a7\"><p class=\"uagb-heading-text\">\u00cdosl\u00f3d\u00e1il<\/p><\/div>\n<\/div>\n<\/div>\n<\/div>\n\n<\/li><li class=\"wp-block-post post-15660 post type-post status-publish format-standard has-post-thumbnail hentry category-clar-na-bpairtithe-polaitiochta category-foilseachain\">\n\n<div class=\"wp-block-uagb-container h-100 uagb-block-1f5980d7\">\n<div class=\"wp-block-uagb-container position-static uagb-block-9ee833ac\"><figure class=\"position-static wp-block-post-featured-image\"><img loading=\"lazy\" decoding=\"async\" width=\"340\" height=\"400\" src=\"https:\/\/www.electoralcommission.ie\/app\/uploads\/2024\/07\/july-register-of-political-parties.png\" class=\"attachment-post-thumbnail size-post-thumbnail wp-post-image\" alt=\"Cover of Register of Political Parties\" style=\"object-fit:cover;\" srcset=\"https:\/\/www.electoralcommission.ie\/app\/uploads\/2024\/07\/july-register-of-political-parties.png 340w, https:\/\/www.electoralcommission.ie\/app\/uploads\/2024\/07\/july-register-of-political-parties-255x300.png 255w\" sizes=\"auto, (max-width: 340px) 100vw, 340px\" \/><\/figure>\n\n<h2 class=\"wp-block-post-title\">Cl\u00e1r na bP\u00e1irtithe Polait\u00edochta (Word)<\/h2>\n\n<div class=\"wp-block-post-date\"><time datetime=\"2026-04-20T15:17:00+01:00\">20 Aibre\u00e1n 2026<\/time><\/div><\/div>\n\n\n\n<div class=\"wp-block-uagb-container uagb-block-6c43b343\">\n<div class=\"wp-block-uagb-container is-dlbtn uagb-block-31ceb3c2\">\n<div class=\"wp-block-uagb-advanced-heading uagb-block-d051a7a7\"><p class=\"uagb-heading-text\">\u00cdosl\u00f3d\u00e1il<\/p><\/div>\n<\/div>\n<\/div>\n<\/div>\n\n<\/li><li class=\"wp-block-post post-15645 post type-post status-publish format-standard has-post-thumbnail hentry category-clar-na-bpairtithe-polaitiochta category-foilseachain\">\n\n<div class=\"wp-block-uagb-container h-100 uagb-block-1f5980d7\">\n<div class=\"wp-block-uagb-container position-static uagb-block-9ee833ac\"><figure class=\"position-static wp-block-post-featured-image\"><img loading=\"lazy\" decoding=\"async\" width=\"340\" height=\"400\" src=\"https:\/\/www.electoralcommission.ie\/app\/uploads\/2024\/07\/july-register-of-political-parties.png\" class=\"attachment-post-thumbnail size-post-thumbnail wp-post-image\" alt=\"Cover of Register of Political Parties\" style=\"object-fit:cover;\" srcset=\"https:\/\/www.electoralcommission.ie\/app\/uploads\/2024\/07\/july-register-of-political-parties.png 340w, https:\/\/www.electoralcommission.ie\/app\/uploads\/2024\/07\/july-register-of-political-parties-255x300.png 255w\" sizes=\"auto, (max-width: 340px) 100vw, 340px\" \/><\/figure>\n\n<h2 class=\"wp-block-post-title\">Cl\u00e1r na bP\u00e1irithe Polait\u00edochta (word)<\/h2>\n\n<div class=\"wp-block-post-date\"><time datetime=\"2026-04-15T14:16:33+01:00\">15 Aibre\u00e1n 2026<\/time><\/div><\/div>\n\n\n\n<div class=\"wp-block-uagb-container uagb-block-6c43b343\">\n<div class=\"wp-block-uagb-container is-dlbtn uagb-block-31ceb3c2\">\n<div class=\"wp-block-uagb-advanced-heading uagb-block-d051a7a7\"><p class=\"uagb-heading-text\">\u00cdosl\u00f3d\u00e1il<\/p><\/div>\n<\/div>\n<\/div>\n<\/div>\n\n<\/li><li class=\"wp-block-post post-15643 post type-post status-publish format-standard has-post-thumbnail hentry category-clar-na-bpairtithe-polaitiochta category-foilseachain\">\n\n<div class=\"wp-block-uagb-container h-100 uagb-block-1f5980d7\">\n<div class=\"wp-block-uagb-container position-static uagb-block-9ee833ac\"><figure class=\"position-static wp-block-post-featured-image\"><img loading=\"lazy\" decoding=\"async\" width=\"340\" height=\"400\" src=\"https:\/\/www.electoralcommission.ie\/app\/uploads\/2024\/07\/july-register-of-political-parties.png\" class=\"attachment-post-thumbnail size-post-thumbnail wp-post-image\" alt=\"Cover of Register of Political Parties\" style=\"object-fit:cover;\" srcset=\"https:\/\/www.electoralcommission.ie\/app\/uploads\/2024\/07\/july-register-of-political-parties.png 340w, https:\/\/www.electoralcommission.ie\/app\/uploads\/2024\/07\/july-register-of-political-parties-255x300.png 255w\" sizes=\"auto, (max-width: 340px) 100vw, 340px\" \/><\/figure>\n\n<h2 class=\"wp-block-post-title\">Cl\u00e1r na bP\u00e1irithe Polait\u00edochta (pdf)<\/h2>\n\n<div class=\"wp-block-post-date\"><time datetime=\"2026-04-15T14:15:41+01:00\">15 Aibre\u00e1n 2026<\/time><\/div><\/div>\n\n\n\n<div class=\"wp-block-uagb-container uagb-block-6c43b343\">\n<div class=\"wp-block-uagb-container is-dlbtn uagb-block-31ceb3c2\">\n<div class=\"wp-block-uagb-advanced-heading uagb-block-d051a7a7\"><p class=\"uagb-heading-text\">\u00cdosl\u00f3d\u00e1il<\/p><\/div>\n<\/div>\n<\/div>\n<\/div>\n\n<\/li><li class=\"wp-block-post post-15452 post type-post status-publish format-standard has-post-thumbnail hentry category-clar-na-bpairtithe-polaitiochta category-foilseachain\">\n\n<div class=\"wp-block-uagb-container h-100 uagb-block-1f5980d7\">\n<div class=\"wp-block-uagb-container position-static uagb-block-9ee833ac\"><figure class=\"position-static wp-block-post-featured-image\"><img loading=\"lazy\" decoding=\"async\" width=\"340\" height=\"400\" src=\"https:\/\/www.electoralcommission.ie\/app\/uploads\/2024\/07\/july-register-of-political-parties.png\" class=\"attachment-post-thumbnail size-post-thumbnail wp-post-image\" alt=\"Cover of Register of Political Parties\" style=\"object-fit:cover;\" srcset=\"https:\/\/www.electoralcommission.ie\/app\/uploads\/2024\/07\/july-register-of-political-parties.png 340w, https:\/\/www.electoralcommission.ie\/app\/uploads\/2024\/07\/july-register-of-political-parties-255x300.png 255w\" sizes=\"auto, (max-width: 340px) 100vw, 340px\" \/><\/figure>\n\n<h2 class=\"wp-block-post-title\">Cl\u00e1r na bP\u00e1irtithe Polait\u00edochta (PDF)<\/h2>\n\n<div class=\"wp-block-post-date\"><time datetime=\"2026-02-25T13:59:39+00:00\">25 Feabhra 2026<\/time><\/div><\/div>\n\n\n\n<div class=\"wp-block-uagb-container uagb-block-6c43b343\">\n<div class=\"wp-block-uagb-container is-dlbtn uagb-block-31ceb3c2\">\n<div class=\"wp-block-uagb-advanced-heading uagb-block-d051a7a7\"><p class=\"uagb-heading-text\">\u00cdosl\u00f3d\u00e1il<\/p><\/div>\n<\/div>\n<\/div>\n<\/div>\n\n<\/li><li class=\"wp-block-post post-15449 post type-post status-publish format-standard has-post-thumbnail hentry category-clar-na-bpairtithe-polaitiochta category-foilseachain category-uncategorized-ga\">\n\n<div class=\"wp-block-uagb-container h-100 uagb-block-1f5980d7\">\n<div class=\"wp-block-uagb-container position-static uagb-block-9ee833ac\"><figure class=\"position-static wp-block-post-featured-image\"><img loading=\"lazy\" decoding=\"async\" width=\"340\" height=\"400\" src=\"https:\/\/www.electoralcommission.ie\/app\/uploads\/2024\/07\/july-register-of-political-parties.png\" class=\"attachment-post-thumbnail size-post-thumbnail wp-post-image\" alt=\"Cover of Register of Political Parties\" style=\"object-fit:cover;\" srcset=\"https:\/\/www.electoralcommission.ie\/app\/uploads\/2024\/07\/july-register-of-political-parties.png 340w, https:\/\/www.electoralcommission.ie\/app\/uploads\/2024\/07\/july-register-of-political-parties-255x300.png 255w\" sizes=\"auto, (max-width: 340px) 100vw, 340px\" \/><\/figure>\n\n<h2 class=\"wp-block-post-title\">Cl\u00e1r na bP\u00e1irtithe Polait\u00edochta (Word)<\/h2>\n\n<div class=\"wp-block-post-date\"><time datetime=\"2026-02-25T13:54:17+00:00\">25 Feabhra 2026<\/time><\/div><\/div>\n\n\n\n<div class=\"wp-block-uagb-container uagb-block-6c43b343\">\n<div class=\"wp-block-uagb-container is-dlbtn uagb-block-31ceb3c2\">\n<div class=\"wp-block-uagb-advanced-heading uagb-block-d051a7a7\"><p class=\"uagb-heading-text\">\u00cdosl\u00f3d\u00e1il<\/p><\/div>\n<\/div>\n<\/div>\n<\/div>\n\n<\/li><li class=\"wp-block-post post-14724 post type-post status-publish format-standard has-post-thumbnail hentry category-clar-na-bpairtithe-polaitiochta category-foilseachain category-uncategorized-ga\">\n\n<div class=\"wp-block-uagb-container h-100 uagb-block-1f5980d7\">\n<div class=\"wp-block-uagb-container position-static uagb-block-9ee833ac\"><figure class=\"position-static wp-block-post-featured-image\"><img loading=\"lazy\" decoding=\"async\" width=\"340\" height=\"400\" src=\"https:\/\/www.electoralcommission.ie\/app\/uploads\/2024\/07\/july-register-of-political-parties.png\" class=\"attachment-post-thumbnail size-post-thumbnail wp-post-image\" alt=\"Cover of Register of Political Parties\" style=\"object-fit:cover;\" srcset=\"https:\/\/www.electoralcommission.ie\/app\/uploads\/2024\/07\/july-register-of-political-parties.png 340w, https:\/\/www.electoralcommission.ie\/app\/uploads\/2024\/07\/july-register-of-political-parties-255x300.png 255w\" sizes=\"auto, (max-width: 340px) 100vw, 340px\" \/><\/figure>\n\n<h2 class=\"wp-block-post-title\">Cl\u00e1r na bP\u00e1irtithe Polait\u00edochta (Word)<\/h2>\n\n<div class=\"wp-block-post-date\"><time datetime=\"2025-12-08T12:32:30+00:00\">8 na Nollag 2025<\/time><\/div><\/div>\n\n\n\n<div class=\"wp-block-uagb-container uagb-block-6c43b343\">\n<div class=\"wp-block-uagb-container is-dlbtn uagb-block-31ceb3c2\">\n<div class=\"wp-block-uagb-advanced-heading uagb-block-d051a7a7\"><p class=\"uagb-heading-text\">\u00cdosl\u00f3d\u00e1il<\/p><\/div>\n<\/div>\n<\/div>\n<\/div>\n\n<\/li><li class=\"wp-block-post post-14721 post type-post status-publish format-standard has-post-thumbnail hentry category-clar-na-bpairtithe-polaitiochta category-foilseachain\">\n\n<div class=\"wp-block-uagb-container h-100 uagb-block-1f5980d7\">\n<div class=\"wp-block-uagb-container position-static uagb-block-9ee833ac\"><figure class=\"position-static wp-block-post-featured-image\"><img loading=\"lazy\" decoding=\"async\" width=\"340\" height=\"400\" src=\"https:\/\/www.electoralcommission.ie\/app\/uploads\/2024\/07\/july-register-of-political-parties.png\" class=\"attachment-post-thumbnail size-post-thumbnail wp-post-image\" alt=\"Cover of Register of Political Parties\" style=\"object-fit:cover;\" srcset=\"https:\/\/www.electoralcommission.ie\/app\/uploads\/2024\/07\/july-register-of-political-parties.png 340w, https:\/\/www.electoralcommission.ie\/app\/uploads\/2024\/07\/july-register-of-political-parties-255x300.png 255w\" sizes=\"auto, (max-width: 340px) 100vw, 340px\" \/><\/figure>\n\n<h2 class=\"wp-block-post-title\">Cl\u00e1r na bP\u00e1irtithe Polait\u00edochta (PDF)<\/h2>\n\n<div class=\"wp-block-post-date\"><time datetime=\"2025-12-08T12:20:29+00:00\">8 na Nollag 2025<\/time><\/div><\/div>\n\n\n\n<div class=\"wp-block-uagb-container uagb-block-6c43b343\">\n<div class=\"wp-block-uagb-container is-dlbtn uagb-block-31ceb3c2\">\n<div class=\"wp-block-uagb-advanced-heading uagb-block-d051a7a7\"><p class=\"uagb-heading-text\">\u00cdosl\u00f3d\u00e1il<\/p><\/div>\n<\/div>\n<\/div>\n<\/div>\n\n<\/li><li class=\"wp-block-post post-15100 post type-post status-publish format-standard has-post-thumbnail hentry category-foilseachain category-foilseachain-taighde\">\n\n<div class=\"wp-block-uagb-container h-100 uagb-block-1f5980d7\">\n<div class=\"wp-block-uagb-container position-static uagb-block-9ee833ac\"><figure class=\"position-static wp-block-post-featured-image\"><img loading=\"lazy\" decoding=\"async\" width=\"723\" height=\"850\" src=\"https:\/\/www.electoralcommission.ie\/app\/uploads\/2025\/11\/Recommendations-Paper-Cover-_-GA.png\" class=\"attachment-post-thumbnail size-post-thumbnail wp-post-image\" alt=\"\" style=\"object-fit:cover;\" srcset=\"https:\/\/www.electoralcommission.ie\/app\/uploads\/2025\/11\/Recommendations-Paper-Cover-_-GA.png 723w, https:\/\/www.electoralcommission.ie\/app\/uploads\/2025\/11\/Recommendations-Paper-Cover-_-GA-255x300.png 255w\" sizes=\"auto, (max-width: 723px) 100vw, 723px\" \/><\/figure>\n\n<h2 class=\"wp-block-post-title\">Seoltai Iarrthoiri ar an bPaipear Balloide<\/h2>\n\n<div class=\"wp-block-post-date\"><time datetime=\"2025-11-20T09:19:24+00:00\">20 na Samhna 2025<\/time><\/div><\/div>\n\n\n\n<div class=\"wp-block-uagb-container uagb-block-6c43b343\">\n<div class=\"wp-block-uagb-container is-dlbtn uagb-block-31ceb3c2\">\n<div class=\"wp-block-uagb-advanced-heading uagb-block-d051a7a7\"><p class=\"uagb-heading-text\">\u00cdosl\u00f3d\u00e1il<\/p><\/div>\n<\/div>\n<\/div>\n<\/div>\n\n<\/li><li class=\"wp-block-post post-14242 post type-post status-publish format-standard has-post-thumbnail hentry category-foilseachain category-oideachas category-uncategorized-ga\">\n\n<div class=\"wp-block-uagb-container h-100 uagb-block-1f5980d7\">\n<div class=\"wp-block-uagb-container position-static uagb-block-9ee833ac\"><figure class=\"position-static wp-block-post-featured-image\"><img loading=\"lazy\" decoding=\"async\" width=\"340\" height=\"400\" src=\"https:\/\/www.electoralcommission.ie\/app\/uploads\/2025\/08\/PostalENG.png\" class=\"attachment-post-thumbnail size-post-thumbnail wp-post-image\" alt=\"Poster with blue background with image of green post box. Text on poster says: Unable to make your polling station? You may be eligible for a postal vote! For more information visit www.electoralcommission.ie \/accessible-voting\/\" style=\"object-fit:cover;\" srcset=\"https:\/\/www.electoralcommission.ie\/app\/uploads\/2025\/08\/PostalENG.png 340w, https:\/\/www.electoralcommission.ie\/app\/uploads\/2025\/08\/PostalENG-255x300.png 255w\" sizes=\"auto, (max-width: 340px) 100vw, 340px\" \/><\/figure>\n\n<h2 class=\"wp-block-post-title\">V\u00f3ta a chaitheamh sa phost<\/h2>\n\n<div class=\"wp-block-post-date\"><time datetime=\"2025-08-12T15:33:48+01:00\">12 L\u00fanasa 2025<\/time><\/div><\/div>\n\n\n\n<div class=\"wp-block-uagb-container uagb-block-6c43b343\">\n<div class=\"wp-block-uagb-container is-dlbtn uagb-block-31ceb3c2\">\n<div class=\"wp-block-uagb-advanced-heading uagb-block-d051a7a7\"><p class=\"uagb-heading-text\">\u00cdosl\u00f3d\u00e1il<\/p><\/div>\n<\/div>\n<\/div>\n<\/div>\n\n<\/li><li class=\"wp-block-post post-14240 post type-post status-publish format-standard has-post-thumbnail hentry category-foilseachain category-oideachas category-uncategorized-ga\">\n\n<div class=\"wp-block-uagb-container h-100 uagb-block-1f5980d7\">\n<div class=\"wp-block-uagb-container position-static uagb-block-9ee833ac\"><figure class=\"position-static wp-block-post-featured-image\"><img loading=\"lazy\" decoding=\"async\" width=\"340\" height=\"400\" src=\"https:\/\/www.electoralcommission.ie\/app\/uploads\/2025\/08\/RegisterGA.png\" class=\"attachment-post-thumbnail size-post-thumbnail wp-post-image\" alt=\"\" style=\"object-fit:cover;\" srcset=\"https:\/\/www.electoralcommission.ie\/app\/uploads\/2025\/08\/RegisterGA.png 340w, https:\/\/www.electoralcommission.ie\/app\/uploads\/2025\/08\/RegisterGA-255x300.png 255w\" sizes=\"auto, (max-width: 340px) 100vw, 340px\" \/><\/figure>\n\n<h2 class=\"wp-block-post-title\">Cl\u00e1raighle V\u00f3t\u00e1il!<\/h2>\n\n<div class=\"wp-block-post-date\"><time datetime=\"2025-08-12T15:31:11+01:00\">12 L\u00fanasa 2025<\/time><\/div><\/div>\n\n\n\n<div class=\"wp-block-uagb-container uagb-block-6c43b343\">\n<div class=\"wp-block-uagb-container is-dlbtn uagb-block-31ceb3c2\">\n<div class=\"wp-block-uagb-advanced-heading uagb-block-d051a7a7\"><p class=\"uagb-heading-text\">\u00cdosl\u00f3d\u00e1il<\/p><\/div>\n<\/div>\n<\/div>\n<\/div>\n\n<\/li><li class=\"wp-block-post post-14188 post type-post status-publish format-standard has-post-thumbnail hentry category-foilseachain category-oideachas\">\n\n<div class=\"wp-block-uagb-container h-100 uagb-block-1f5980d7\">\n<div class=\"wp-block-uagb-container position-static uagb-block-9ee833ac\"><figure class=\"position-static wp-block-post-featured-image\"><img loading=\"lazy\" decoding=\"async\" width=\"589\" height=\"781\" src=\"https:\/\/www.electoralcommission.ie\/app\/uploads\/2025\/08\/ETR-GA-Cover.png\" class=\"attachment-post-thumbnail size-post-thumbnail wp-post-image\" alt=\"\" style=\"object-fit:cover;\" srcset=\"https:\/\/www.electoralcommission.ie\/app\/uploads\/2025\/08\/ETR-GA-Cover.png 589w, https:\/\/www.electoralcommission.ie\/app\/uploads\/2025\/08\/ETR-GA-Cover-226x300.png 226w\" sizes=\"auto, (max-width: 589px) 100vw, 589px\" \/><\/figure>\n\n<h2 class=\"wp-block-post-title\">Toghch\u00e1n anUachtar\u00e1in &#8211; Treoir \u00c9asca le L\u00e9amh<\/h2>\n\n<div class=\"wp-block-post-date\"><time datetime=\"2025-08-08T15:19:19+01:00\">8 L\u00fanasa 2025<\/time><\/div><\/div>\n\n\n\n<div class=\"wp-block-uagb-container uagb-block-6c43b343\">\n<div class=\"wp-block-uagb-container is-dlbtn uagb-block-31ceb3c2\">\n<div class=\"wp-block-uagb-advanced-heading uagb-block-d051a7a7\"><p class=\"uagb-heading-text\">\u00cdosl\u00f3d\u00e1il<\/p><\/div>\n<\/div>\n<\/div>\n<\/div>\n\n<\/li><li class=\"wp-block-post post-14137 post type-post status-publish format-standard has-post-thumbnail hentry category-foilseachain category-foilseachain-chorparaideacha\">\n\n<div class=\"wp-block-uagb-container h-100 uagb-block-1f5980d7\">\n<div class=\"wp-block-uagb-container position-static uagb-block-9ee833ac\"><figure class=\"position-static wp-block-post-featured-image\"><img loading=\"lazy\" decoding=\"async\" width=\"300\" height=\"400\" src=\"https:\/\/www.electoralcommission.ie\/app\/uploads\/2025\/07\/2024-annual-report-ga.jpg\" class=\"attachment-post-thumbnail size-post-thumbnail wp-post-image\" alt=\"\" style=\"object-fit:cover;\" srcset=\"https:\/\/www.electoralcommission.ie\/app\/uploads\/2025\/07\/2024-annual-report-ga.jpg 300w, https:\/\/www.electoralcommission.ie\/app\/uploads\/2025\/07\/2024-annual-report-ga-225x300.jpg 225w\" sizes=\"auto, (max-width: 300px) 100vw, 300px\" \/><\/figure>\n\n<h2 class=\"wp-block-post-title\">Tuarasc\u00e1il Bhliant\u00fail 2024<\/h2>\n\n<div class=\"wp-block-post-date\"><time datetime=\"2025-07-30T17:46:24+01:00\">30 I\u00fail 2025<\/time><\/div><\/div>\n\n\n\n<div class=\"wp-block-uagb-container uagb-block-6c43b343\">\n<div class=\"wp-block-uagb-container is-dlbtn uagb-block-31ceb3c2\">\n<div class=\"wp-block-uagb-advanced-heading uagb-block-d051a7a7\"><p class=\"uagb-heading-text\">\u00cdosl\u00f3d\u00e1il<\/p><\/div>\n<\/div>\n<\/div>\n<\/div>\n\n<\/li><li class=\"wp-block-post post-13870 post type-post status-publish format-standard has-post-thumbnail hentry category-athbhreithniu-i-ndiaidh-imeacht-toghchain category-foilseachain\">\n\n<div class=\"wp-block-uagb-container h-100 uagb-block-1f5980d7\">\n<div class=\"wp-block-uagb-container position-static uagb-block-9ee833ac\"><figure class=\"position-static wp-block-post-featured-image\"><img loading=\"lazy\" decoding=\"async\" width=\"340\" height=\"400\" src=\"https:\/\/www.electoralcommission.ie\/app\/uploads\/2025\/06\/SeanadPEERCover_GA.jpg\" class=\"attachment-post-thumbnail size-post-thumbnail wp-post-image\" alt=\"Irish cover for Post Electoral Event Review\" style=\"object-fit:cover;\" srcset=\"https:\/\/www.electoralcommission.ie\/app\/uploads\/2025\/06\/SeanadPEERCover_GA.jpg 340w, https:\/\/www.electoralcommission.ie\/app\/uploads\/2025\/06\/SeanadPEERCover_GA-255x300.jpg 255w\" sizes=\"auto, (max-width: 340px) 100vw, 340px\" \/><\/figure>\n\n<h2 class=\"wp-block-post-title\">Athbhreithni\u00fa I nDiaidh Imeacht Toghch\u00e1in &#8211; Olltoghch\u00e1n Sheanad \u00c9ireann<\/h2>\n\n<div class=\"wp-block-post-date\"><time datetime=\"2025-06-20T09:23:01+01:00\">20 Meitheamh 2025<\/time><\/div><\/div>\n\n\n\n<div class=\"wp-block-uagb-container uagb-block-6c43b343\">\n<div class=\"wp-block-uagb-container is-dlbtn uagb-block-31ceb3c2\">\n<div class=\"wp-block-uagb-advanced-heading uagb-block-d051a7a7\"><p class=\"uagb-heading-text\">\u00cdosl\u00f3d\u00e1il<\/p><\/div>\n<\/div>\n<\/div>\n<\/div>\n\n<\/li><\/ul>\n\n<nav class=\"myPagination py-5 mt-5 wp-block-query-pagination is-content-justification-center is-layout-flex wp-container-core-query-pagination-is-layout-16018d1d wp-block-query-pagination-is-layout-flex\" aria-label=\"Pagination\">\n\n\n<div class=\"d-inline wp-block-query-pagination-numbers\"><span aria-current=\"page\" class=\"page-numbers current\">1<\/span>\n<a class=\"page-numbers\" href=\"?query-0-page=2\">2<\/a>\n<a class=\"page-numbers\" href=\"?query-0-page=3\">3<\/a><\/div>\n\n<a href=\"\/ga\/wp-json\/wp\/v2\/pages\/5401?query-0-page=2\" class=\"wp-block-query-pagination-next\">Next Page<\/a>\n<\/nav><\/div>\n<\/div>\n<\/div>\n","protected":false},"excerpt":{"rendered":"","protected":false},"author":24,"featured_media":8878,"parent":0,"menu_order":0,"comment_status":"closed","ping_status":"closed","template":"","meta":{"_acf_changed":false,"_relevanssi_hide_post":"","_relevanssi_hide_content":"","_relevanssi_pin_for_all":"","_relevanssi_pin_keywords":"","_relevanssi_unpin_keywords":"","_relevanssi_related_keywords":"","_relevanssi_related_include_ids":"","_relevanssi_related_exclude_ids":"","_relevanssi_related_no_append":"","_relevanssi_related_not_related":"","_relevanssi_related_posts":"9785,5041,9787,9776,9578,5015","_relevanssi_noindex_reason":"","_uag_custom_page_level_css":"","footnotes":""},"class_list":["post-5401","page","type-page","status-publish","has-post-thumbnail","hentry"],"acf":[],"yoast_head":"<!-- This site is optimized with the Yoast SEO plugin v27.4 - https:\/\/yoast.com\/product\/yoast-seo-wordpress\/ -->\n<title>Foilseach\u00e1in - Coimisi\u00fan Toghch\u00e1in<\/title>\n<meta name=\"robots\" content=\"index, follow, max-snippet:-1, max-image-preview:large, max-video-preview:-1\" \/>\n<link rel=\"canonical\" href=\"https:\/\/www.electoralcommission.ie\/ga\/foilseachain\/\" \/>\n<link rel=\"next\" href=\"https:\/\/www.electoralcommission.ie\/ga\/foilseachain\/5401\/?query-0-page=2\" \/>\n<meta property=\"og:locale\" content=\"ga_IE\" \/>\n<meta property=\"og:type\" content=\"article\" \/>\n<meta property=\"og:title\" content=\"Foilseach\u00e1in - Coimisi\u00fan Toghch\u00e1in\" \/>\n<meta property=\"og:url\" content=\"https:\/\/www.electoralcommission.ie\/ga\/foilseachain\/\" \/>\n<meta property=\"og:site_name\" content=\"Coimisi\u00fan Toghch\u00e1in\" \/>\n<meta property=\"article:modified_time\" content=\"2024-11-04T20:58:23+00:00\" \/>\n<meta property=\"og:image\" content=\"https:\/\/www.electoralcommission.ie\/app\/uploads\/2024\/04\/WebsiteGraphic_5.jpg\" \/>\n\t<meta property=\"og:image:width\" content=\"1100\" \/>\n\t<meta property=\"og:image:height\" content=\"743\" \/>\n\t<meta property=\"og:image:type\" content=\"image\/jpeg\" \/>\n<meta name=\"twitter:card\" content=\"summary_large_image\" \/>\n<meta name=\"twitter:label1\" content=\"Est. reading time\" \/>\n\t<meta name=\"twitter:data1\" content=\"1 minute\" \/>\n<script type=\"application\/ld+json\" class=\"yoast-schema-graph\">{\"@context\":\"https:\\\/\\\/schema.org\",\"@graph\":[{\"@type\":\"WebPage\",\"@id\":\"https:\\\/\\\/www.electoralcommission.ie\\\/ga\\\/foilseachain\\\/\",\"url\":\"https:\\\/\\\/www.electoralcommission.ie\\\/ga\\\/foilseachain\\\/\",\"name\":\"Foilseach\u00e1in - Coimisi\u00fan Toghch\u00e1in\",\"isPartOf\":{\"@id\":\"https:\\\/\\\/www.electoralcommission.ie\\\/ga\\\/#website\"},\"primaryImageOfPage\":{\"@id\":\"https:\\\/\\\/www.electoralcommission.ie\\\/ga\\\/foilseachain\\\/#primaryimage\"},\"image\":{\"@id\":\"https:\\\/\\\/www.electoralcommission.ie\\\/ga\\\/foilseachain\\\/#primaryimage\"},\"thumbnailUrl\":\"https:\\\/\\\/www.electoralcommission.ie\\\/app\\\/uploads\\\/2024\\\/04\\\/WebsiteGraphic_5.jpg\",\"datePublished\":\"2023-06-29T13:16:00+00:00\",\"dateModified\":\"2024-11-04T20:58:23+00:00\",\"breadcrumb\":{\"@id\":\"https:\\\/\\\/www.electoralcommission.ie\\\/ga\\\/foilseachain\\\/#breadcrumb\"},\"inLanguage\":\"ga-IE\",\"potentialAction\":[{\"@type\":\"ReadAction\",\"target\":[\"https:\\\/\\\/www.electoralcommission.ie\\\/ga\\\/foilseachain\\\/\"]}]},{\"@type\":\"ImageObject\",\"inLanguage\":\"ga-IE\",\"@id\":\"https:\\\/\\\/www.electoralcommission.ie\\\/ga\\\/foilseachain\\\/#primaryimage\",\"url\":\"https:\\\/\\\/www.electoralcommission.ie\\\/app\\\/uploads\\\/2024\\\/04\\\/WebsiteGraphic_5.jpg\",\"contentUrl\":\"https:\\\/\\\/www.electoralcommission.ie\\\/app\\\/uploads\\\/2024\\\/04\\\/WebsiteGraphic_5.jpg\",\"width\":1100,\"height\":743},{\"@type\":\"BreadcrumbList\",\"@id\":\"https:\\\/\\\/www.electoralcommission.ie\\\/ga\\\/foilseachain\\\/#breadcrumb\",\"itemListElement\":[{\"@type\":\"ListItem\",\"position\":1,\"name\":\"Baile\",\"item\":\"https:\\\/\\\/www.electoralcommission.ie\\\/ga\\\/\"},{\"@type\":\"ListItem\",\"position\":2,\"name\":\"Foilseach\u00e1in\"}]},{\"@type\":\"WebSite\",\"@id\":\"https:\\\/\\\/www.electoralcommission.ie\\\/ga\\\/#website\",\"url\":\"https:\\\/\\\/www.electoralcommission.ie\\\/ga\\\/\",\"name\":\"Coimisi\u00fan Toghch\u00e1in\",\"description\":\"Ireland&#039;s Statutory, Independent Electoral Commission\",\"potentialAction\":[{\"@type\":\"SearchAction\",\"target\":{\"@type\":\"EntryPoint\",\"urlTemplate\":\"https:\\\/\\\/www.electoralcommission.ie\\\/ga\\\/?s={search_term_string}\"},\"query-input\":{\"@type\":\"PropertyValueSpecification\",\"valueRequired\":true,\"valueName\":\"search_term_string\"}}],\"inLanguage\":\"ga-IE\"}]}<\/script>\n<!-- \/ Yoast SEO plugin. -->","yoast_head_json":{"title":"Foilseach\u00e1in - Coimisi\u00fan Toghch\u00e1in","robots":{"index":"index","follow":"follow","max-snippet":"max-snippet:-1","max-image-preview":"max-image-preview:large","max-video-preview":"max-video-preview:-1"},"canonical":"https:\/\/www.electoralcommission.ie\/ga\/foilseachain\/","next":"https:\/\/www.electoralcommission.ie\/ga\/foilseachain\/5401?query-0-page=2","og_locale":"ga_IE","og_type":"article","og_title":"Foilseach\u00e1in - Coimisi\u00fan Toghch\u00e1in","og_url":"https:\/\/www.electoralcommission.ie\/ga\/foilseachain\/","og_site_name":"Coimisi\u00fan Toghch\u00e1in","article_modified_time":"2024-11-04T20:58:23+00:00","og_image":[{"width":1100,"height":743,"url":"https:\/\/www.electoralcommission.ie\/app\/uploads\/2024\/04\/WebsiteGraphic_5.jpg","type":"image\/jpeg"}],"twitter_card":"summary_large_image","twitter_misc":{"Est. reading time":"1 minute"},"schema":{"@context":"https:\/\/schema.org","@graph":[{"@type":"WebPage","@id":"https:\/\/www.electoralcommission.ie\/ga\/foilseachain\/","url":"https:\/\/www.electoralcommission.ie\/ga\/foilseachain\/","name":"Foilseach\u00e1in - Coimisi\u00fan Toghch\u00e1in","isPartOf":{"@id":"https:\/\/www.electoralcommission.ie\/ga\/#website"},"primaryImageOfPage":{"@id":"https:\/\/www.electoralcommission.ie\/ga\/foilseachain\/#primaryimage"},"image":{"@id":"https:\/\/www.electoralcommission.ie\/ga\/foilseachain\/#primaryimage"},"thumbnailUrl":"https:\/\/www.electoralcommission.ie\/app\/uploads\/2024\/04\/WebsiteGraphic_5.jpg","datePublished":"2023-06-29T13:16:00+00:00","dateModified":"2024-11-04T20:58:23+00:00","breadcrumb":{"@id":"https:\/\/www.electoralcommission.ie\/ga\/foilseachain\/#breadcrumb"},"inLanguage":"ga-IE","potentialAction":[{"@type":"ReadAction","target":["https:\/\/www.electoralcommission.ie\/ga\/foilseachain\/"]}]},{"@type":"ImageObject","inLanguage":"ga-IE","@id":"https:\/\/www.electoralcommission.ie\/ga\/foilseachain\/#primaryimage","url":"https:\/\/www.electoralcommission.ie\/app\/uploads\/2024\/04\/WebsiteGraphic_5.jpg","contentUrl":"https:\/\/www.electoralcommission.ie\/app\/uploads\/2024\/04\/WebsiteGraphic_5.jpg","width":1100,"height":743},{"@type":"BreadcrumbList","@id":"https:\/\/www.electoralcommission.ie\/ga\/foilseachain\/#breadcrumb","itemListElement":[{"@type":"ListItem","position":1,"name":"Baile","item":"https:\/\/www.electoralcommission.ie\/ga\/"},{"@type":"ListItem","position":2,"name":"Foilseach\u00e1in"}]},{"@type":"WebSite","@id":"https:\/\/www.electoralcommission.ie\/ga\/#website","url":"https:\/\/www.electoralcommission.ie\/ga\/","name":"Coimisi\u00fan Toghch\u00e1in","description":"Ireland&#039;s Statutory, Independent Electoral Commission","potentialAction":[{"@type":"SearchAction","target":{"@type":"EntryPoint","urlTemplate":"https:\/\/www.electoralcommission.ie\/ga\/?s={search_term_string}"},"query-input":{"@type":"PropertyValueSpecification","valueRequired":true,"valueName":"search_term_string"}}],"inLanguage":"ga-IE"}]}},"uagb_featured_image_src":{"full":["https:\/\/www.electoralcommission.ie\/app\/uploads\/2024\/04\/WebsiteGraphic_5.jpg",1100,743,false],"thumbnail":["https:\/\/www.electoralcommission.ie\/app\/uploads\/2024\/04\/WebsiteGraphic_5-355x210.jpg",355,210,true],"medium":["https:\/\/www.electoralcommission.ie\/app\/uploads\/2024\/04\/WebsiteGraphic_5-300x203.jpg",300,203,true],"medium_large":["https:\/\/www.electoralcommission.ie\/app\/uploads\/2024\/04\/WebsiteGraphic_5-768x519.jpg",768,519,true],"large":["https:\/\/www.electoralcommission.ie\/app\/uploads\/2024\/04\/WebsiteGraphic_5-1024x692.jpg",1024,692,true],"1536x1536":["https:\/\/www.electoralcommission.ie\/app\/uploads\/2024\/04\/WebsiteGraphic_5.jpg",1100,743,false],"2048x2048":["https:\/\/www.electoralcommission.ie\/app\/uploads\/2024\/04\/WebsiteGraphic_5.jpg",1100,743,false],"gform-image-choice-sm":["https:\/\/www.electoralcommission.ie\/app\/uploads\/2024\/04\/WebsiteGraphic_5.jpg",300,203,false],"gform-image-choice-md":["https:\/\/www.electoralcommission.ie\/app\/uploads\/2024\/04\/WebsiteGraphic_5.jpg",400,270,false],"gform-image-choice-lg":["https:\/\/www.electoralcommission.ie\/app\/uploads\/2024\/04\/WebsiteGraphic_5.jpg",600,405,false]},"uagb_author_info":{"display_name":"Alice Kiernan","author_link":"https:\/\/www.electoralcommission.ie\/ga\/author\/alice-kiernan\/"},"uagb_comment_info":0,"uagb_excerpt":null,"_links":{"self":[{"href":"https:\/\/www.electoralcommission.ie\/ga\/wp-json\/wp\/v2\/pages\/5401","targetHints":{"allow":["GET"]}}],"collection":[{"href":"https:\/\/www.electoralcommission.ie\/ga\/wp-json\/wp\/v2\/pages"}],"about":[{"href":"https:\/\/www.electoralcommission.ie\/ga\/wp-json\/wp\/v2\/types\/page"}],"author":[{"embeddable":true,"href":"https:\/\/www.electoralcommission.ie\/ga\/wp-json\/wp\/v2\/users\/24"}],"replies":[{"embeddable":true,"href":"https:\/\/www.electoralcommission.ie\/ga\/wp-json\/wp\/v2\/comments?post=5401"}],"version-history":[{"count":42,"href":"https:\/\/www.electoralcommission.ie\/ga\/wp-json\/wp\/v2\/pages\/5401\/revisions"}],"predecessor-version":[{"id":11631,"href":"https:\/\/www.electoralcommission.ie\/ga\/wp-json\/wp\/v2\/pages\/5401\/revisions\/11631"}],"wp:featuredmedia":[{"embeddable":true,"href":"https:\/\/www.electoralcommission.ie\/ga\/wp-json\/wp\/v2\/media\/8878"}],"wp:attachment":[{"href":"https:\/\/www.electoralcommission.ie\/ga\/wp-json\/wp\/v2\/media?parent=5401"}],"curies":[{"name":"wp","href":"https:\/\/api.w.org\/{rel}","templated":true}]}}