
{"id":6853,"date":"2024-01-19T14:31:51","date_gmt":"2024-01-19T14:31:51","guid":{"rendered":"https:\/\/www.electoralcommission.ie\/seiceail-an-clar\/"},"modified":"2024-02-21T11:05:49","modified_gmt":"2024-02-21T11:05:49","slug":"seiceail-an-clar","status":"publish","type":"page","link":"https:\/\/www.electoralcommission.ie\/ga\/seiceail-an-clar\/","title":{"rendered":"Seice\u00e1il an Cl\u00e1r"},"content":{"rendered":"\n<p>Tugtar deis duit leis an v\u00f3t\u00e1il bheith mar chuid den chinnteoireacht a bhaineann le do shaol agus le todhcha\u00ed \u00e1r dt\u00edre. Mura gcaitheann t\u00fa v\u00f3ta, d\u00e9anfaidh daoine eile na cinnt\u00ed duit.<\/p>\n\n<p>Le bheith \u00e1balta do thuairim a chur in i\u00fal maidir le saincheisteanna t\u00e1bhachtacha tr\u00ed v\u00f3t\u00e1il, caithfidh t\u00fa bheith ar Chl\u00e1r na dToghth\u00f3ir\u00ed.<\/p>\n\n<p>T\u00e1 s\u00e9 an-\u00e9asca cl\u00e1r\u00fa chun v\u00f3t\u00e1il n\u00f3 seice\u00e1il go bhfuil do chuid sonra\u00ed cruinn agus suas chun d\u00e1ta. Is f\u00e9idir leat \u00e9 sin a dh\u00e9anamh tr\u00ed chuairt a thabhairt ar: <a href=\"http:\/\/www.checktheregister.ie\">www.checktheregister.ie<\/a> <\/p>\n\n<div style=\"height:36px\" aria-hidden=\"true\" class=\"wp-block-spacer\"><\/div>\n\n<div class=\"wp-block-uagb-advanced-heading uagb-block-af213193\"><div class=\"uagb-separator\"><\/div><h2 class=\"uagb-heading-text\">Spriocdh\u00e1ta\u00ed maidir le cl\u00e1r\u00fa v\u00f3t\u00e1laithe<\/h2><\/div>\n\n<div style=\"height:9px\" aria-hidden=\"true\" class=\"wp-block-spacer\"><\/div>\n\n<p>T\u00e1 an spriocdh\u00e1ta chun cl\u00e1r\u00fa agus chun do chuid sonra\u00ed a thabhairt suas chun d\u00e1ta do <strong>v\u00f3t\u00e1il chaighde\u00e1nach<\/strong> do na reifrinn ar an 8 M\u00e1rta thart anois.<\/p>\n\n<p>T\u00e1 an spriocdh\u00e1ta le haghaidh socruithe <a href=\"https:\/\/www.electoralcommission.ie\/ga\/reifrinn\/ceisteanna-coitianta-ccanna\/#GetPostalVote\">poist<\/a> agus <a href=\"https:\/\/www.electoralcommission.ie\/ga\/reifrinn\/ceisteanna-coitianta-ccanna\/#GetSpecialVoter\">v\u00f3t\u00e1la speisialta<\/a> do na reifrinn ar an 8 M\u00e1rta thart anois<\/p>\n\n<p>Nuair a bheidh t\u00fa cl\u00e1raithe le v\u00f3t\u00e1il, agus m\u00e1 chomhl\u00edonann t\u00fa na crit\u00e9ir inch\u00e1ilitheachta chun v\u00f3t\u00e1il i reifreann, cuirfear c\u00e1rta v\u00f3t\u00e1la chuig do sheoladh roimh l\u00e1 na v\u00f3t\u00e1la.<\/p>\n\n<div style=\"height:35px\" aria-hidden=\"true\" class=\"wp-block-spacer\"><\/div>\n\n<div class=\"wp-block-uagb-advanced-heading uagb-block-88fb8b37\"><div class=\"uagb-separator\"><\/div><h2 class=\"uagb-heading-text\">Ullmhaigh chun v\u00f3ta a chaitheamh<\/h2><\/div>\n\n<div style=\"height:21px\" aria-hidden=\"true\" class=\"wp-block-spacer\"><\/div>\n\n<ul class=\"wp-block-list\">\n<li>B\u00ed cinnte go bhfuil t\u00fa cl\u00e1raithe ag do sheoladh reatha faoin <strong>20 Feabhra 2024<\/strong>. Seice\u00e1il go bhfuil do chuid eolais suas chun d\u00e1ta ag <a href=\"http:\/\/checktheregister.ie\">checktheregister.ie<\/a>.<\/li>\n\n\n\n<li>T\u00e1 an spriocdh\u00e1ta le haghaidh socruithe <a href=\"https:\/\/www.electoralcommission.ie\/ga\/reifrinn\/ceisteanna-coitianta-ccanna\/#getpostalvote\">poist<\/a> agus <a href=\"https:\/\/www.electoralcommission.ie\/ga\/reifrinn\/ceisteanna-coitianta-ccanna\/#GetSpecialVoter\">v\u00f3t\u00e1la speisialta<\/a> do na reifrinn ar an 8 M\u00e1rta thart anois.<strong><\/strong> <\/li>\n\n\n\n<li>B\u00ed ag faire amach do do ch\u00e1rta v\u00f3t\u00e1la chun do theach a shroicheadh sa phost..<\/li>\n\n\n\n<li>\u2022 Faigh tuilleadh eolais faoi na reifrinn at\u00e1 le teacht in\u00e1r roinn <a href=\"https:\/\/www.electoralcommission.ie\/ga\/reifrinn\/miniu-ar-reifrinn\/cad-e-a-n-iarrtar-cinneadh-a-dheanamh-ina-leith\/\">Cad a n-iarrtar ort v\u00f3t\u00e1il ina leith<\/a>.<\/li>\n\n\n\n<li>\u2022 D\u00e9an plean le haghaidh c\u00e1 huair a v\u00f3t\u00e1lfaidh t\u00fa ar an <strong>8 M\u00e1rta 2024<\/strong>. Tabhair cuairt ar \u00e1r roinn <a href=\"https:\/\/www.electoralcommission.ie\/ga\/reifrinn\/ca-hait-le-votail\/\">C\u00e1 h\u00e1it le V\u00f3t\u00e1il<\/a> chun tuilleadh eolais a fh\u00e1il. <\/li>\n\n\n\n<li>N\u00ed g\u00e1 do ch\u00e1rta v\u00f3t\u00e1la a bheith agat nuair a th\u00e9ann t\u00fa chun v\u00f3ta a chaitheamh. Ba ch\u00f3ir duit, \u00e1fach, cine\u00e1l bail\u00ed aitheantais phearsanta a thabhairt leat, amhail pas, cead\u00fanas tiom\u00e1na, c\u00e1rta seirbh\u00eds\u00ed poibl\u00ed, n\u00f3 c\u00e1rta aitheantais fosta\u00ed n\u00f3 mic l\u00e9inn ar a bhfuil grianghraf. Glactar le cine\u00e1lacha eile aitheantais freisin, amhail c\u00e1rta creidmheasa n\u00f3 teastas breithe, fad is at\u00e1 doicim\u00e9ad eile agat ar a dhearbha\u00edtear do sheoladh sa d\u00e1ilcheantar. B\u2019fh\u00e9idir nach n-iarrfar cruth\u00fanas aitheantais ort, ach m\u00e1 iarrfar ort \u00e9, n\u00ed m\u00f3r duit \u00e9 a thaispe\u00e1int. Faigh tuilleadh eolais agus f\u00e9ach an liosta foirmeacha bail\u00ed ID in\u00e1r roinn <a href=\"https:\/\/www.electoralcommission.ie\/ga\/reifrinn\/conas-vota-a-chaitheamh\/\">Conas V\u00f3ta a Chaitheamh.<\/a> <\/li>\n<\/ul>\n\n<div style=\"height:36px\" aria-hidden=\"true\" class=\"wp-block-spacer\"><\/div>\n\n<div class=\"wp-block-uagb-marketing-button uagb-marketing-btn__align-full uagb-marketing-btn__align-text-center uagb-marketing-btn__icon-after uagb-block-fa739c8b wp-block-button\"><a href=\"https:\/\/checktheregister.ie\/en-IE\/\" class=\"uagb-marketing-btn__link wp-block-button__link\" target=\"\" rel=\"noopener noreferrer\"><span class=\"uagb-marketing-btn__title\">Seice\u00e1il an Cl\u00e1r<\/span><svg xmlns=\"https:\/\/www.w3.org\/2000\/svg\" viewbox=\"0 0 512 512\"><path d=\"M384 320c-17.67 0-32 14.33-32 32v96H64V160h96c17.67 0 32-14.32 32-32s-14.33-32-32-32L64 96c-35.35 0-64 28.65-64 64V448c0 35.34 28.65 64 64 64h288c35.35 0 64-28.66 64-64v-96C416 334.3 401.7 320 384 320zM488 0H352c-12.94 0-24.62 7.797-29.56 19.75c-4.969 11.97-2.219 25.72 6.938 34.88L370.8 96L169.4 297.4c-12.5 12.5-12.5 32.75 0 45.25C175.6 348.9 183.8 352 192 352s16.38-3.125 22.62-9.375L416 141.3l41.38 41.38c9.156 9.141 22.88 11.84 34.88 6.938C504.2 184.6 512 172.9 512 160V24C512 10.74 501.3 0 488 0z\"><\/path><\/svg><p class=\"uagb-marketing-btn__prefix\"><\/p><\/a><\/div>\n\n<div style=\"height:77px\" aria-hidden=\"true\" class=\"wp-block-spacer\"><\/div>\n","protected":false},"excerpt":{"rendered":"<p>Tugtar deis duit leis an v\u00f3t\u00e1il bheith mar chuid den chinnteoireacht a bhaineann le do shaol agus le todhcha\u00ed \u00e1r dt\u00edre. Mura gcaitheann t\u00fa v\u00f3ta, d\u00e9anfaidh daoine eile na cinnt\u00ed duit. Le bheith \u00e1balta do thuairim a chur in i\u00fal maidir le saincheisteanna t\u00e1bhachtacha tr\u00ed v\u00f3t\u00e1il, caithfidh t\u00fa bheith ar Chl\u00e1r na dToghth\u00f3ir\u00ed. T\u00e1 s\u00e9 &hellip; <a href=\"https:\/\/www.electoralcommission.ie\/ga\/seiceail-an-clar\/\">Continued<\/a><\/p>\n","protected":false},"author":17,"featured_media":6767,"parent":0,"menu_order":0,"comment_status":"closed","ping_status":"closed","template":"views\/template-ec-referendum-single.blade.php","meta":{"_acf_changed":false,"_relevanssi_hide_post":"","_relevanssi_hide_content":"","_relevanssi_pin_for_all":"","_relevanssi_pin_keywords":"","_relevanssi_unpin_keywords":"","_relevanssi_related_keywords":"","_relevanssi_related_include_ids":"","_relevanssi_related_exclude_ids":"","_relevanssi_related_no_append":"","_relevanssi_related_not_related":"","_relevanssi_related_posts":"","_relevanssi_noindex_reason":"","_uag_custom_page_level_css":"","footnotes":""},"class_list":["post-6853","page","type-page","status-publish","has-post-thumbnail","hentry"],"acf":[],"yoast_head":"<!-- This site is optimized with the Yoast SEO plugin v27.5 - https:\/\/yoast.com\/product\/yoast-seo-wordpress\/ -->\n<title>Seice\u00e1il an Cl\u00e1r - Coimisi\u00fan Toghch\u00e1in<\/title>\n<meta name=\"robots\" content=\"index, follow, max-snippet:-1, max-image-preview:large, max-video-preview:-1\" \/>\n<link rel=\"canonical\" href=\"https:\/\/www.electoralcommission.ie\/ga\/seiceail-an-clar\/\" \/>\n<meta property=\"og:locale\" content=\"ga_IE\" \/>\n<meta property=\"og:type\" content=\"article\" \/>\n<meta property=\"og:title\" content=\"Seice\u00e1il an Cl\u00e1r - Coimisi\u00fan Toghch\u00e1in\" \/>\n<meta property=\"og:description\" content=\"Tugtar deis duit leis an v\u00f3t\u00e1il bheith mar chuid den chinnteoireacht a bhaineann le do shaol agus le todhcha\u00ed \u00e1r dt\u00edre. Mura gcaitheann t\u00fa v\u00f3ta, d\u00e9anfaidh daoine eile na cinnt\u00ed duit. Le bheith \u00e1balta do thuairim a chur in i\u00fal maidir le saincheisteanna t\u00e1bhachtacha tr\u00ed v\u00f3t\u00e1il, caithfidh t\u00fa bheith ar Chl\u00e1r na dToghth\u00f3ir\u00ed. T\u00e1 s\u00e9 &hellip; Continued\" \/>\n<meta property=\"og:url\" content=\"https:\/\/www.electoralcommission.ie\/ga\/seiceail-an-clar\/\" \/>\n<meta property=\"og:site_name\" content=\"Coimisi\u00fan Toghch\u00e1in\" \/>\n<meta property=\"article:modified_time\" content=\"2024-02-21T11:05:49+00:00\" \/>\n<meta property=\"og:image\" content=\"https:\/\/cdn.electoralcommission.ie\/app\/uploads\/2024\/01\/19161946\/polling-832-1-scaled-1.jpg\" \/>\n\t<meta property=\"og:image:width\" content=\"2560\" \/>\n\t<meta property=\"og:image:height\" content=\"1707\" \/>\n\t<meta property=\"og:image:type\" content=\"image\/jpeg\" \/>\n<meta name=\"twitter:card\" content=\"summary_large_image\" \/>\n<meta name=\"twitter:label1\" content=\"Est. reading time\" \/>\n\t<meta name=\"twitter:data1\" content=\"2 minutes\" \/>\n<script type=\"application\/ld+json\" class=\"yoast-schema-graph\">{\"@context\":\"https:\\\/\\\/schema.org\",\"@graph\":[{\"@type\":\"WebPage\",\"@id\":\"https:\\\/\\\/www.electoralcommission.ie\\\/ga\\\/seiceail-an-clar\\\/\",\"url\":\"https:\\\/\\\/www.electoralcommission.ie\\\/ga\\\/seiceail-an-clar\\\/\",\"name\":\"Seice\u00e1il an Cl\u00e1r - Coimisi\u00fan Toghch\u00e1in\",\"isPartOf\":{\"@id\":\"https:\\\/\\\/www.electoralcommission.ie\\\/ga\\\/#website\"},\"primaryImageOfPage\":{\"@id\":\"https:\\\/\\\/www.electoralcommission.ie\\\/ga\\\/seiceail-an-clar\\\/#primaryimage\"},\"image\":{\"@id\":\"https:\\\/\\\/www.electoralcommission.ie\\\/ga\\\/seiceail-an-clar\\\/#primaryimage\"},\"thumbnailUrl\":\"https:\\\/\\\/www.electoralcommission.ie\\\/app\\\/uploads\\\/2024\\\/01\\\/polling-832-1-scaled-1.jpg\",\"datePublished\":\"2024-01-19T14:31:51+00:00\",\"dateModified\":\"2024-02-21T11:05:49+00:00\",\"breadcrumb\":{\"@id\":\"https:\\\/\\\/www.electoralcommission.ie\\\/ga\\\/seiceail-an-clar\\\/#breadcrumb\"},\"inLanguage\":\"ga-IE\",\"potentialAction\":[{\"@type\":\"ReadAction\",\"target\":[\"https:\\\/\\\/www.electoralcommission.ie\\\/ga\\\/seiceail-an-clar\\\/\"]}]},{\"@type\":\"ImageObject\",\"inLanguage\":\"ga-IE\",\"@id\":\"https:\\\/\\\/www.electoralcommission.ie\\\/ga\\\/seiceail-an-clar\\\/#primaryimage\",\"url\":\"https:\\\/\\\/www.electoralcommission.ie\\\/app\\\/uploads\\\/2024\\\/01\\\/polling-832-1-scaled-1.jpg\",\"contentUrl\":\"https:\\\/\\\/www.electoralcommission.ie\\\/app\\\/uploads\\\/2024\\\/01\\\/polling-832-1-scaled-1.jpg\",\"width\":2560,\"height\":1707,\"caption\":\"08\\\/07\\\/2021 Covid-19 Pandemic (Coronavirus), Ireland. Day 470 since start of lockdown. Day 60 of eased restrictions. Pictured a polling station in Dublin . Photo: Sam Boal\\\/Rollingnews.ie\"},{\"@type\":\"BreadcrumbList\",\"@id\":\"https:\\\/\\\/www.electoralcommission.ie\\\/ga\\\/seiceail-an-clar\\\/#breadcrumb\",\"itemListElement\":[{\"@type\":\"ListItem\",\"position\":1,\"name\":\"Baile\",\"item\":\"https:\\\/\\\/www.electoralcommission.ie\\\/ga\\\/\"},{\"@type\":\"ListItem\",\"position\":2,\"name\":\"Seice\u00e1il an Cl\u00e1r\"}]},{\"@type\":\"WebSite\",\"@id\":\"https:\\\/\\\/www.electoralcommission.ie\\\/ga\\\/#website\",\"url\":\"https:\\\/\\\/www.electoralcommission.ie\\\/ga\\\/\",\"name\":\"Coimisi\u00fan Toghch\u00e1in\",\"description\":\"Ireland&#039;s Statutory, Independent Electoral Commission\",\"potentialAction\":[{\"@type\":\"SearchAction\",\"target\":{\"@type\":\"EntryPoint\",\"urlTemplate\":\"https:\\\/\\\/www.electoralcommission.ie\\\/ga\\\/?s={search_term_string}\"},\"query-input\":{\"@type\":\"PropertyValueSpecification\",\"valueRequired\":true,\"valueName\":\"search_term_string\"}}],\"inLanguage\":\"ga-IE\"}]}<\/script>\n<!-- \/ Yoast SEO plugin. -->","yoast_head_json":{"title":"Seice\u00e1il an Cl\u00e1r - Coimisi\u00fan Toghch\u00e1in","robots":{"index":"index","follow":"follow","max-snippet":"max-snippet:-1","max-image-preview":"max-image-preview:large","max-video-preview":"max-video-preview:-1"},"canonical":"https:\/\/www.electoralcommission.ie\/ga\/seiceail-an-clar\/","og_locale":"ga_IE","og_type":"article","og_title":"Seice\u00e1il an Cl\u00e1r - Coimisi\u00fan Toghch\u00e1in","og_description":"Tugtar deis duit leis an v\u00f3t\u00e1il bheith mar chuid den chinnteoireacht a bhaineann le do shaol agus le todhcha\u00ed \u00e1r dt\u00edre. Mura gcaitheann t\u00fa v\u00f3ta, d\u00e9anfaidh daoine eile na cinnt\u00ed duit. Le bheith \u00e1balta do thuairim a chur in i\u00fal maidir le saincheisteanna t\u00e1bhachtacha tr\u00ed v\u00f3t\u00e1il, caithfidh t\u00fa bheith ar Chl\u00e1r na dToghth\u00f3ir\u00ed. T\u00e1 s\u00e9 &hellip; Continued","og_url":"https:\/\/www.electoralcommission.ie\/ga\/seiceail-an-clar\/","og_site_name":"Coimisi\u00fan Toghch\u00e1in","article_modified_time":"2024-02-21T11:05:49+00:00","og_image":[{"width":2560,"height":1707,"url":"https:\/\/cdn.electoralcommission.ie\/app\/uploads\/2024\/01\/19161946\/polling-832-1-scaled-1.jpg","type":"image\/jpeg"}],"twitter_card":"summary_large_image","twitter_misc":{"Est. reading time":"2 minutes"},"schema":{"@context":"https:\/\/schema.org","@graph":[{"@type":"WebPage","@id":"https:\/\/www.electoralcommission.ie\/ga\/seiceail-an-clar\/","url":"https:\/\/www.electoralcommission.ie\/ga\/seiceail-an-clar\/","name":"Seice\u00e1il an Cl\u00e1r - Coimisi\u00fan Toghch\u00e1in","isPartOf":{"@id":"https:\/\/www.electoralcommission.ie\/ga\/#website"},"primaryImageOfPage":{"@id":"https:\/\/www.electoralcommission.ie\/ga\/seiceail-an-clar\/#primaryimage"},"image":{"@id":"https:\/\/www.electoralcommission.ie\/ga\/seiceail-an-clar\/#primaryimage"},"thumbnailUrl":"https:\/\/www.electoralcommission.ie\/app\/uploads\/2024\/01\/polling-832-1-scaled-1.jpg","datePublished":"2024-01-19T14:31:51+00:00","dateModified":"2024-02-21T11:05:49+00:00","breadcrumb":{"@id":"https:\/\/www.electoralcommission.ie\/ga\/seiceail-an-clar\/#breadcrumb"},"inLanguage":"ga-IE","potentialAction":[{"@type":"ReadAction","target":["https:\/\/www.electoralcommission.ie\/ga\/seiceail-an-clar\/"]}]},{"@type":"ImageObject","inLanguage":"ga-IE","@id":"https:\/\/www.electoralcommission.ie\/ga\/seiceail-an-clar\/#primaryimage","url":"https:\/\/www.electoralcommission.ie\/app\/uploads\/2024\/01\/polling-832-1-scaled-1.jpg","contentUrl":"https:\/\/www.electoralcommission.ie\/app\/uploads\/2024\/01\/polling-832-1-scaled-1.jpg","width":2560,"height":1707,"caption":"08\/07\/2021 Covid-19 Pandemic (Coronavirus), Ireland. Day 470 since start of lockdown. Day 60 of eased restrictions. Pictured a polling station in Dublin . Photo: Sam Boal\/Rollingnews.ie"},{"@type":"BreadcrumbList","@id":"https:\/\/www.electoralcommission.ie\/ga\/seiceail-an-clar\/#breadcrumb","itemListElement":[{"@type":"ListItem","position":1,"name":"Baile","item":"https:\/\/www.electoralcommission.ie\/ga\/"},{"@type":"ListItem","position":2,"name":"Seice\u00e1il an Cl\u00e1r"}]},{"@type":"WebSite","@id":"https:\/\/www.electoralcommission.ie\/ga\/#website","url":"https:\/\/www.electoralcommission.ie\/ga\/","name":"Coimisi\u00fan Toghch\u00e1in","description":"Ireland&#039;s Statutory, Independent Electoral Commission","potentialAction":[{"@type":"SearchAction","target":{"@type":"EntryPoint","urlTemplate":"https:\/\/www.electoralcommission.ie\/ga\/?s={search_term_string}"},"query-input":{"@type":"PropertyValueSpecification","valueRequired":true,"valueName":"search_term_string"}}],"inLanguage":"ga-IE"}]}},"uagb_featured_image_src":{"full":["https:\/\/www.electoralcommission.ie\/app\/uploads\/2024\/01\/polling-832-1-scaled-1.jpg",2560,1707,false],"thumbnail":["https:\/\/www.electoralcommission.ie\/app\/uploads\/2024\/01\/polling-832-1-scaled-1-355x210.jpg",355,210,true],"medium":["https:\/\/www.electoralcommission.ie\/app\/uploads\/2024\/01\/polling-832-1-scaled-1-300x200.jpg",300,200,true],"medium_large":["https:\/\/www.electoralcommission.ie\/app\/uploads\/2024\/01\/polling-832-1-scaled-1-768x512.jpg",768,512,true],"large":["https:\/\/www.electoralcommission.ie\/app\/uploads\/2024\/01\/polling-832-1-scaled-1-1024x683.jpg",1024,683,true],"1536x1536":["https:\/\/www.electoralcommission.ie\/app\/uploads\/2024\/01\/polling-832-1-scaled-1-1536x1024.jpg",1536,1024,true],"2048x2048":["https:\/\/www.electoralcommission.ie\/app\/uploads\/2024\/01\/polling-832-1-scaled-1-2048x1366.jpg",2048,1366,true],"gform-image-choice-sm":["https:\/\/www.electoralcommission.ie\/app\/uploads\/2024\/01\/polling-832-1-scaled-1.jpg",300,200,false],"gform-image-choice-md":["https:\/\/www.electoralcommission.ie\/app\/uploads\/2024\/01\/polling-832-1-scaled-1.jpg",400,267,false],"gform-image-choice-lg":["https:\/\/www.electoralcommission.ie\/app\/uploads\/2024\/01\/polling-832-1-scaled-1.jpg",600,400,false]},"uagb_author_info":{"display_name":"Felippe","author_link":"https:\/\/www.electoralcommission.ie\/ga\/author\/felippe\/"},"uagb_comment_info":0,"uagb_excerpt":"Tugtar deis duit leis an v\u00f3t\u00e1il bheith mar chuid den chinnteoireacht a bhaineann le do shaol agus le todhcha\u00ed \u00e1r dt\u00edre. Mura gcaitheann t\u00fa v\u00f3ta, d\u00e9anfaidh daoine eile na cinnt\u00ed duit. Le bheith \u00e1balta do thuairim a chur in i\u00fal maidir le saincheisteanna t\u00e1bhachtacha tr\u00ed v\u00f3t\u00e1il, caithfidh t\u00fa bheith ar Chl\u00e1r na dToghth\u00f3ir\u00ed. T\u00e1 s\u00e9&hellip;","_links":{"self":[{"href":"https:\/\/www.electoralcommission.ie\/ga\/wp-json\/wp\/v2\/pages\/6853","targetHints":{"allow":["GET"]}}],"collection":[{"href":"https:\/\/www.electoralcommission.ie\/ga\/wp-json\/wp\/v2\/pages"}],"about":[{"href":"https:\/\/www.electoralcommission.ie\/ga\/wp-json\/wp\/v2\/types\/page"}],"author":[{"embeddable":true,"href":"https:\/\/www.electoralcommission.ie\/ga\/wp-json\/wp\/v2\/users\/17"}],"replies":[{"embeddable":true,"href":"https:\/\/www.electoralcommission.ie\/ga\/wp-json\/wp\/v2\/comments?post=6853"}],"version-history":[{"count":35,"href":"https:\/\/www.electoralcommission.ie\/ga\/wp-json\/wp\/v2\/pages\/6853\/revisions"}],"predecessor-version":[{"id":7776,"href":"https:\/\/www.electoralcommission.ie\/ga\/wp-json\/wp\/v2\/pages\/6853\/revisions\/7776"}],"wp:featuredmedia":[{"embeddable":true,"href":"https:\/\/www.electoralcommission.ie\/ga\/wp-json\/wp\/v2\/media\/6767"}],"wp:attachment":[{"href":"https:\/\/www.electoralcommission.ie\/ga\/wp-json\/wp\/v2\/media?parent=6853"}],"curies":[{"name":"wp","href":"https:\/\/api.w.org\/{rel}","templated":true}]}}