
{"id":6855,"date":"2024-01-19T14:37:02","date_gmt":"2024-01-19T14:37:02","guid":{"rendered":"https:\/\/www.electoralcommission.ie\/3-cad-a-dheanann-reifrinn\/"},"modified":"2024-01-24T16:46:20","modified_gmt":"2024-01-24T16:46:20","slug":"3-cad-a-dheanann-reifrinn","status":"publish","type":"page","link":"https:\/\/www.electoralcommission.ie\/ga\/reifrinn-3\/miniu-ar-reifrinn\/3-cad-a-dheanann-reifrinn\/","title":{"rendered":"Cad a dh\u00e9anann Reifrinn?"},"content":{"rendered":"\n<p>In \u00c9irinn, t\u00e1 g\u00e1 le toili\u00fa na saor\u00e1nach \u00c9ireannach chun aon athruithe a dh\u00e9anamh ar \u00e1r <a href=\"https:\/\/www.irishstatutebook.ie\/eli\/cons\/en\/html\">mBunreacht<\/a>. Cialla\u00edonn s\u00e9 sin nach f\u00e9idir leasuithe a dh\u00e9anamh ar an mBunreacht ach amh\u00e1in tr\u00ed Reifreann Bunreachta a thion\u00f3l.<\/p>\n\n<p>You can read about the <a href=\"https:\/\/www.electoralcommission.ie\/ga\/reifrinn-roimhe-seo\/\">previous referendums<\/a> that have taken place in Ireland to date.<\/p>\n\n<p>Chun reifreann bunreachta a thion\u00f3l, n\u00ed m\u00f3r Bille a thabhairt isteach sa <a href=\"\/irelands-democracy\/#Dail\">D\u00e1il<\/a>ar dt\u00fas, ina leagtar amach focla\u00edocht an leasaithe at\u00e1 beartaithe. M\u00e1 ritheann an D\u00e1il agus an <a href=\"https:\/\/www.electoralcommission.ie\/ga\/daonlathas-na-heireann\/#Seanad\">Seanad<\/a> pass the Bill, an Bille, d\u00e9anfaidh an tAire Tith\u00edochta, Rialtais \u00c1iti\u00fail agus Oidhreachta ord\u00fa ina sonr\u00f3far l\u00e1 na v\u00f3t\u00e1la don reifreann.<\/p>\n\n<p>Is f\u00e9idir le gach saor\u00e1nach \u00c9ireannach at\u00e1 ar an gCl\u00e1r Toghth\u00f3ir\u00ed, ar Liosta na bPostv\u00f3t\u00e1laithe n\u00f3 ar an Liosta V\u00f3t\u00e1laithe Speisialta v\u00f3ta a chaitheamh i reifreann. <\/p>\n\n<p>Is f\u00e9idir leat tuilleadh faisn\u00e9ise a fh\u00e1il ar \u00e1r leathanach <a href=\"https:\/\/www.electoralcommission.ie\/ga\/cailitheacht-votalai\/\">Inch\u00e1ilitheacht V\u00f3t\u00e1laithe<\/a>.<\/p>\n\n<p>D\u00e9antar v\u00f3t\u00e1il in \u00c9irinn tr\u00ed bhall\u00f3id phr\u00edobh\u00e1ideach. D\u00e9anfar teideal an bhille at\u00e1 beartaithe a phriont\u00e1il ar an mball\u00f3id agus marc\u00e1lfaidh an v\u00f3t\u00e1la\u00ed \u201cT\u00e1\u201d n\u00f3 \u201cN\u00edl\u201d.<\/p>\n\n<p><a href=\"https:\/\/www.electoralcommission.ie\/ga\/roimh-la-na-votala\/#BallotPapers\">F\u00e9ach ar na p\u00e1ip\u00e9ir bhall\u00f3ide shamplacha do na reifrinn a thion\u00f3lfar D\u00e9 hAoine an 8 M\u00e1rta. <\/a><\/p>\n\n<p>Do dhaoine at\u00e1 dall n\u00f3 do dhaoine lagamhairc, t\u00e1 teimpl\u00e9ad p\u00e1ip\u00e9ir bhall\u00f3ide thadhlach ar f\u00e1il i ngach st\u00e1isi\u00fan v\u00f3t\u00e1la.<\/p>\n\n<p>M\u00e1 bh\u00edonn tromlach na v\u00f3ta\u00ed i bhfabhar an togra maidir leis an mBunreacht a leas\u00fa, agus mura gcuirtear achain\u00ed ina choinne faoi bhr\u00e1id na hArd-Ch\u00fairte laistigh de sheacht l\u00e1 i ndiaidh fhoilsithe achain\u00ed, s\u00edneoidh Uachtar\u00e1n na h\u00c9ireann an Bille agus leas\u00f3far an Bunreacht.<\/p>\n\n<p>M\u00e1 chaitear tromlach na v\u00f3ta\u00ed in \u00e9adan an togra maidir leis an mBunreacht a leas\u00fa, n\u00ed dh\u00e9anfar aon athr\u00fa agus fanann an Bunreacht mar a bh\u00ed roimh an reifreann.<\/p>\n","protected":false},"excerpt":{"rendered":"<p>In \u00c9irinn, t\u00e1 g\u00e1 le toili\u00fa na saor\u00e1nach \u00c9ireannach chun aon athruithe a dh\u00e9anamh ar \u00e1r mBunreacht. Cialla\u00edonn s\u00e9 sin nach f\u00e9idir leasuithe a dh\u00e9anamh ar an mBunreacht ach amh\u00e1in tr\u00ed Reifreann Bunreachta a thion\u00f3l. You can read about the previous referendums that have taken place in Ireland to date. Chun reifreann bunreachta a thion\u00f3l, &hellip; <a href=\"https:\/\/www.electoralcommission.ie\/ga\/reifrinn-3\/miniu-ar-reifrinn\/3-cad-a-dheanann-reifrinn\/\">Continued<\/a><\/p>\n","protected":false},"author":17,"featured_media":6755,"parent":6859,"menu_order":0,"comment_status":"closed","ping_status":"closed","template":"views\/template-ec-referendum-single.blade.php","meta":{"_acf_changed":false,"_relevanssi_hide_post":"","_relevanssi_hide_content":"","_relevanssi_pin_for_all":"","_relevanssi_pin_keywords":"","_relevanssi_unpin_keywords":"","_relevanssi_related_keywords":"","_relevanssi_related_include_ids":"","_relevanssi_related_exclude_ids":"","_relevanssi_related_no_append":"","_relevanssi_related_not_related":"","_relevanssi_related_posts":"","_relevanssi_noindex_reason":"","_uag_custom_page_level_css":"","footnotes":""},"class_list":["post-6855","page","type-page","status-publish","has-post-thumbnail","hentry"],"acf":[],"yoast_head":"<!-- This site is optimized with the Yoast SEO plugin v27.5 - https:\/\/yoast.com\/product\/yoast-seo-wordpress\/ -->\n<title>Cad a dh\u00e9anann Reifrinn? - Coimisi\u00fan Toghch\u00e1in<\/title>\n<meta name=\"robots\" content=\"index, follow, max-snippet:-1, max-image-preview:large, max-video-preview:-1\" \/>\n<link rel=\"canonical\" href=\"https:\/\/www.electoralcommission.ie\/ga\/reifrinn-3\/miniu-ar-reifrinn\/3-cad-a-dheanann-reifrinn\/\" \/>\n<meta property=\"og:locale\" content=\"ga_IE\" \/>\n<meta property=\"og:type\" content=\"article\" \/>\n<meta property=\"og:title\" content=\"Cad a dh\u00e9anann Reifrinn? - Coimisi\u00fan Toghch\u00e1in\" \/>\n<meta property=\"og:description\" content=\"In \u00c9irinn, t\u00e1 g\u00e1 le toili\u00fa na saor\u00e1nach \u00c9ireannach chun aon athruithe a dh\u00e9anamh ar \u00e1r mBunreacht. Cialla\u00edonn s\u00e9 sin nach f\u00e9idir leasuithe a dh\u00e9anamh ar an mBunreacht ach amh\u00e1in tr\u00ed Reifreann Bunreachta a thion\u00f3l. You can read about the previous referendums that have taken place in Ireland to date. Chun reifreann bunreachta a thion\u00f3l, &hellip; Continued\" \/>\n<meta property=\"og:url\" content=\"https:\/\/www.electoralcommission.ie\/ga\/reifrinn-3\/miniu-ar-reifrinn\/3-cad-a-dheanann-reifrinn\/\" \/>\n<meta property=\"og:site_name\" content=\"Coimisi\u00fan Toghch\u00e1in\" \/>\n<meta property=\"article:modified_time\" content=\"2024-01-24T16:46:20+00:00\" \/>\n<meta property=\"og:image\" content=\"https:\/\/cdn.electoralcommission.ie\/app\/uploads\/2024\/01\/19161604\/czM6Ly9tZWRpYS1wcml2YXRlLmNhbnZhLmNvbS9nTVU0WS9NQUZ2MGdnTVU0WS8xL3AuanBn-2.webp\" \/>\n\t<meta property=\"og:image:width\" content=\"799\" \/>\n\t<meta property=\"og:image:height\" content=\"533\" \/>\n\t<meta property=\"og:image:type\" content=\"image\/webp\" \/>\n<meta name=\"twitter:card\" content=\"summary_large_image\" \/>\n<meta name=\"twitter:label1\" content=\"Est. reading time\" \/>\n\t<meta name=\"twitter:data1\" content=\"2 minutes\" \/>\n<script type=\"application\/ld+json\" class=\"yoast-schema-graph\">{\"@context\":\"https:\\\/\\\/schema.org\",\"@graph\":[{\"@type\":\"WebPage\",\"@id\":\"https:\\\/\\\/www.electoralcommission.ie\\\/ga\\\/reifrinn-3\\\/miniu-ar-reifrinn\\\/3-cad-a-dheanann-reifrinn\\\/\",\"url\":\"https:\\\/\\\/www.electoralcommission.ie\\\/ga\\\/reifrinn-3\\\/miniu-ar-reifrinn\\\/3-cad-a-dheanann-reifrinn\\\/\",\"name\":\"Cad a dh\u00e9anann Reifrinn? - Coimisi\u00fan Toghch\u00e1in\",\"isPartOf\":{\"@id\":\"https:\\\/\\\/www.electoralcommission.ie\\\/ga\\\/#website\"},\"primaryImageOfPage\":{\"@id\":\"https:\\\/\\\/www.electoralcommission.ie\\\/ga\\\/reifrinn-3\\\/miniu-ar-reifrinn\\\/3-cad-a-dheanann-reifrinn\\\/#primaryimage\"},\"image\":{\"@id\":\"https:\\\/\\\/www.electoralcommission.ie\\\/ga\\\/reifrinn-3\\\/miniu-ar-reifrinn\\\/3-cad-a-dheanann-reifrinn\\\/#primaryimage\"},\"thumbnailUrl\":\"https:\\\/\\\/www.electoralcommission.ie\\\/app\\\/uploads\\\/2024\\\/01\\\/czM6Ly9tZWRpYS1wcml2YXRlLmNhbnZhLmNvbS9nTVU0WS9NQUZ2MGdnTVU0WS8xL3AuanBn-2.webp\",\"datePublished\":\"2024-01-19T14:37:02+00:00\",\"dateModified\":\"2024-01-24T16:46:20+00:00\",\"breadcrumb\":{\"@id\":\"https:\\\/\\\/www.electoralcommission.ie\\\/ga\\\/reifrinn-3\\\/miniu-ar-reifrinn\\\/3-cad-a-dheanann-reifrinn\\\/#breadcrumb\"},\"inLanguage\":\"ga-IE\",\"potentialAction\":[{\"@type\":\"ReadAction\",\"target\":[\"https:\\\/\\\/www.electoralcommission.ie\\\/ga\\\/reifrinn-3\\\/miniu-ar-reifrinn\\\/3-cad-a-dheanann-reifrinn\\\/\"]}]},{\"@type\":\"ImageObject\",\"inLanguage\":\"ga-IE\",\"@id\":\"https:\\\/\\\/www.electoralcommission.ie\\\/ga\\\/reifrinn-3\\\/miniu-ar-reifrinn\\\/3-cad-a-dheanann-reifrinn\\\/#primaryimage\",\"url\":\"https:\\\/\\\/www.electoralcommission.ie\\\/app\\\/uploads\\\/2024\\\/01\\\/czM6Ly9tZWRpYS1wcml2YXRlLmNhbnZhLmNvbS9nTVU0WS9NQUZ2MGdnTVU0WS8xL3AuanBn-2.webp\",\"contentUrl\":\"https:\\\/\\\/www.electoralcommission.ie\\\/app\\\/uploads\\\/2024\\\/01\\\/czM6Ly9tZWRpYS1wcml2YXRlLmNhbnZhLmNvbS9nTVU0WS9NQUZ2MGdnTVU0WS8xL3AuanBn-2.webp\",\"width\":799,\"height\":533,\"caption\":\"Decorative image of votes being counted\"},{\"@type\":\"BreadcrumbList\",\"@id\":\"https:\\\/\\\/www.electoralcommission.ie\\\/ga\\\/reifrinn-3\\\/miniu-ar-reifrinn\\\/3-cad-a-dheanann-reifrinn\\\/#breadcrumb\",\"itemListElement\":[{\"@type\":\"ListItem\",\"position\":1,\"name\":\"Baile\",\"item\":\"https:\\\/\\\/www.electoralcommission.ie\\\/ga\\\/\"},{\"@type\":\"ListItem\",\"position\":2,\"name\":\"Reifrinn\",\"item\":\"https:\\\/\\\/www.electoralcommission.ie\\\/ga\\\/?page_id=6979\"},{\"@type\":\"ListItem\",\"position\":3,\"name\":\"M\u00edni\u00fa ar Reifrinn\",\"item\":\"https:\\\/\\\/www.electoralcommission.ie\\\/ga\\\/reifrinn\\\/miniu-ar-reifrinn\\\/\"},{\"@type\":\"ListItem\",\"position\":4,\"name\":\"Cad a dh\u00e9anann Reifrinn?\"}]},{\"@type\":\"WebSite\",\"@id\":\"https:\\\/\\\/www.electoralcommission.ie\\\/ga\\\/#website\",\"url\":\"https:\\\/\\\/www.electoralcommission.ie\\\/ga\\\/\",\"name\":\"Coimisi\u00fan Toghch\u00e1in\",\"description\":\"Ireland&#039;s Statutory, Independent Electoral Commission\",\"potentialAction\":[{\"@type\":\"SearchAction\",\"target\":{\"@type\":\"EntryPoint\",\"urlTemplate\":\"https:\\\/\\\/www.electoralcommission.ie\\\/ga\\\/?s={search_term_string}\"},\"query-input\":{\"@type\":\"PropertyValueSpecification\",\"valueRequired\":true,\"valueName\":\"search_term_string\"}}],\"inLanguage\":\"ga-IE\"}]}<\/script>\n<!-- \/ Yoast SEO plugin. -->","yoast_head_json":{"title":"Cad a dh\u00e9anann Reifrinn? - Coimisi\u00fan Toghch\u00e1in","robots":{"index":"index","follow":"follow","max-snippet":"max-snippet:-1","max-image-preview":"max-image-preview:large","max-video-preview":"max-video-preview:-1"},"canonical":"https:\/\/www.electoralcommission.ie\/ga\/reifrinn-3\/miniu-ar-reifrinn\/3-cad-a-dheanann-reifrinn\/","og_locale":"ga_IE","og_type":"article","og_title":"Cad a dh\u00e9anann Reifrinn? - Coimisi\u00fan Toghch\u00e1in","og_description":"In \u00c9irinn, t\u00e1 g\u00e1 le toili\u00fa na saor\u00e1nach \u00c9ireannach chun aon athruithe a dh\u00e9anamh ar \u00e1r mBunreacht. Cialla\u00edonn s\u00e9 sin nach f\u00e9idir leasuithe a dh\u00e9anamh ar an mBunreacht ach amh\u00e1in tr\u00ed Reifreann Bunreachta a thion\u00f3l. You can read about the previous referendums that have taken place in Ireland to date. Chun reifreann bunreachta a thion\u00f3l, &hellip; Continued","og_url":"https:\/\/www.electoralcommission.ie\/ga\/reifrinn-3\/miniu-ar-reifrinn\/3-cad-a-dheanann-reifrinn\/","og_site_name":"Coimisi\u00fan Toghch\u00e1in","article_modified_time":"2024-01-24T16:46:20+00:00","og_image":[{"width":799,"height":533,"url":"https:\/\/cdn.electoralcommission.ie\/app\/uploads\/2024\/01\/19161604\/czM6Ly9tZWRpYS1wcml2YXRlLmNhbnZhLmNvbS9nTVU0WS9NQUZ2MGdnTVU0WS8xL3AuanBn-2.webp","type":"image\/webp"}],"twitter_card":"summary_large_image","twitter_misc":{"Est. reading time":"2 minutes"},"schema":{"@context":"https:\/\/schema.org","@graph":[{"@type":"WebPage","@id":"https:\/\/www.electoralcommission.ie\/ga\/reifrinn-3\/miniu-ar-reifrinn\/3-cad-a-dheanann-reifrinn\/","url":"https:\/\/www.electoralcommission.ie\/ga\/reifrinn-3\/miniu-ar-reifrinn\/3-cad-a-dheanann-reifrinn\/","name":"Cad a dh\u00e9anann Reifrinn? - Coimisi\u00fan Toghch\u00e1in","isPartOf":{"@id":"https:\/\/www.electoralcommission.ie\/ga\/#website"},"primaryImageOfPage":{"@id":"https:\/\/www.electoralcommission.ie\/ga\/reifrinn-3\/miniu-ar-reifrinn\/3-cad-a-dheanann-reifrinn\/#primaryimage"},"image":{"@id":"https:\/\/www.electoralcommission.ie\/ga\/reifrinn-3\/miniu-ar-reifrinn\/3-cad-a-dheanann-reifrinn\/#primaryimage"},"thumbnailUrl":"https:\/\/www.electoralcommission.ie\/app\/uploads\/2024\/01\/czM6Ly9tZWRpYS1wcml2YXRlLmNhbnZhLmNvbS9nTVU0WS9NQUZ2MGdnTVU0WS8xL3AuanBn-2.webp","datePublished":"2024-01-19T14:37:02+00:00","dateModified":"2024-01-24T16:46:20+00:00","breadcrumb":{"@id":"https:\/\/www.electoralcommission.ie\/ga\/reifrinn-3\/miniu-ar-reifrinn\/3-cad-a-dheanann-reifrinn\/#breadcrumb"},"inLanguage":"ga-IE","potentialAction":[{"@type":"ReadAction","target":["https:\/\/www.electoralcommission.ie\/ga\/reifrinn-3\/miniu-ar-reifrinn\/3-cad-a-dheanann-reifrinn\/"]}]},{"@type":"ImageObject","inLanguage":"ga-IE","@id":"https:\/\/www.electoralcommission.ie\/ga\/reifrinn-3\/miniu-ar-reifrinn\/3-cad-a-dheanann-reifrinn\/#primaryimage","url":"https:\/\/www.electoralcommission.ie\/app\/uploads\/2024\/01\/czM6Ly9tZWRpYS1wcml2YXRlLmNhbnZhLmNvbS9nTVU0WS9NQUZ2MGdnTVU0WS8xL3AuanBn-2.webp","contentUrl":"https:\/\/www.electoralcommission.ie\/app\/uploads\/2024\/01\/czM6Ly9tZWRpYS1wcml2YXRlLmNhbnZhLmNvbS9nTVU0WS9NQUZ2MGdnTVU0WS8xL3AuanBn-2.webp","width":799,"height":533,"caption":"Decorative image of votes being counted"},{"@type":"BreadcrumbList","@id":"https:\/\/www.electoralcommission.ie\/ga\/reifrinn-3\/miniu-ar-reifrinn\/3-cad-a-dheanann-reifrinn\/#breadcrumb","itemListElement":[{"@type":"ListItem","position":1,"name":"Baile","item":"https:\/\/www.electoralcommission.ie\/ga\/"},{"@type":"ListItem","position":2,"name":"Reifrinn","item":"https:\/\/www.electoralcommission.ie\/ga\/?page_id=6979"},{"@type":"ListItem","position":3,"name":"M\u00edni\u00fa ar Reifrinn","item":"https:\/\/www.electoralcommission.ie\/ga\/reifrinn\/miniu-ar-reifrinn\/"},{"@type":"ListItem","position":4,"name":"Cad a dh\u00e9anann Reifrinn?"}]},{"@type":"WebSite","@id":"https:\/\/www.electoralcommission.ie\/ga\/#website","url":"https:\/\/www.electoralcommission.ie\/ga\/","name":"Coimisi\u00fan Toghch\u00e1in","description":"Ireland&#039;s Statutory, Independent Electoral Commission","potentialAction":[{"@type":"SearchAction","target":{"@type":"EntryPoint","urlTemplate":"https:\/\/www.electoralcommission.ie\/ga\/?s={search_term_string}"},"query-input":{"@type":"PropertyValueSpecification","valueRequired":true,"valueName":"search_term_string"}}],"inLanguage":"ga-IE"}]}},"uagb_featured_image_src":{"full":["https:\/\/www.electoralcommission.ie\/app\/uploads\/2024\/01\/czM6Ly9tZWRpYS1wcml2YXRlLmNhbnZhLmNvbS9nTVU0WS9NQUZ2MGdnTVU0WS8xL3AuanBn-2.webp",799,533,false],"thumbnail":["https:\/\/www.electoralcommission.ie\/app\/uploads\/2024\/01\/czM6Ly9tZWRpYS1wcml2YXRlLmNhbnZhLmNvbS9nTVU0WS9NQUZ2MGdnTVU0WS8xL3AuanBn-2-355x210.webp",355,210,true],"medium":["https:\/\/www.electoralcommission.ie\/app\/uploads\/2024\/01\/czM6Ly9tZWRpYS1wcml2YXRlLmNhbnZhLmNvbS9nTVU0WS9NQUZ2MGdnTVU0WS8xL3AuanBn-2-300x200.webp",300,200,true],"medium_large":["https:\/\/www.electoralcommission.ie\/app\/uploads\/2024\/01\/czM6Ly9tZWRpYS1wcml2YXRlLmNhbnZhLmNvbS9nTVU0WS9NQUZ2MGdnTVU0WS8xL3AuanBn-2-768x512.webp",768,512,true],"large":["https:\/\/www.electoralcommission.ie\/app\/uploads\/2024\/01\/czM6Ly9tZWRpYS1wcml2YXRlLmNhbnZhLmNvbS9nTVU0WS9NQUZ2MGdnTVU0WS8xL3AuanBn-2.webp",799,533,false],"1536x1536":["https:\/\/www.electoralcommission.ie\/app\/uploads\/2024\/01\/czM6Ly9tZWRpYS1wcml2YXRlLmNhbnZhLmNvbS9nTVU0WS9NQUZ2MGdnTVU0WS8xL3AuanBn-2.webp",799,533,false],"2048x2048":["https:\/\/www.electoralcommission.ie\/app\/uploads\/2024\/01\/czM6Ly9tZWRpYS1wcml2YXRlLmNhbnZhLmNvbS9nTVU0WS9NQUZ2MGdnTVU0WS8xL3AuanBn-2.webp",799,533,false],"gform-image-choice-sm":["https:\/\/www.electoralcommission.ie\/app\/uploads\/2024\/01\/czM6Ly9tZWRpYS1wcml2YXRlLmNhbnZhLmNvbS9nTVU0WS9NQUZ2MGdnTVU0WS8xL3AuanBn-2.webp",300,200,false],"gform-image-choice-md":["https:\/\/www.electoralcommission.ie\/app\/uploads\/2024\/01\/czM6Ly9tZWRpYS1wcml2YXRlLmNhbnZhLmNvbS9nTVU0WS9NQUZ2MGdnTVU0WS8xL3AuanBn-2.webp",400,267,false],"gform-image-choice-lg":["https:\/\/www.electoralcommission.ie\/app\/uploads\/2024\/01\/czM6Ly9tZWRpYS1wcml2YXRlLmNhbnZhLmNvbS9nTVU0WS9NQUZ2MGdnTVU0WS8xL3AuanBn-2.webp",600,400,false]},"uagb_author_info":{"display_name":"Felippe","author_link":"https:\/\/www.electoralcommission.ie\/ga\/author\/felippe\/"},"uagb_comment_info":0,"uagb_excerpt":"In \u00c9irinn, t\u00e1 g\u00e1 le toili\u00fa na saor\u00e1nach \u00c9ireannach chun aon athruithe a dh\u00e9anamh ar \u00e1r mBunreacht. Cialla\u00edonn s\u00e9 sin nach f\u00e9idir leasuithe a dh\u00e9anamh ar an mBunreacht ach amh\u00e1in tr\u00ed Reifreann Bunreachta a thion\u00f3l. You can read about the previous referendums that have taken place in Ireland to date. Chun reifreann bunreachta a thion\u00f3l,&hellip;","_links":{"self":[{"href":"https:\/\/www.electoralcommission.ie\/ga\/wp-json\/wp\/v2\/pages\/6855","targetHints":{"allow":["GET"]}}],"collection":[{"href":"https:\/\/www.electoralcommission.ie\/ga\/wp-json\/wp\/v2\/pages"}],"about":[{"href":"https:\/\/www.electoralcommission.ie\/ga\/wp-json\/wp\/v2\/types\/page"}],"author":[{"embeddable":true,"href":"https:\/\/www.electoralcommission.ie\/ga\/wp-json\/wp\/v2\/users\/17"}],"replies":[{"embeddable":true,"href":"https:\/\/www.electoralcommission.ie\/ga\/wp-json\/wp\/v2\/comments?post=6855"}],"version-history":[{"count":7,"href":"https:\/\/www.electoralcommission.ie\/ga\/wp-json\/wp\/v2\/pages\/6855\/revisions"}],"predecessor-version":[{"id":6958,"href":"https:\/\/www.electoralcommission.ie\/ga\/wp-json\/wp\/v2\/pages\/6855\/revisions\/6958"}],"up":[{"embeddable":true,"href":"https:\/\/www.electoralcommission.ie\/ga\/wp-json\/wp\/v2\/pages\/6859"}],"wp:featuredmedia":[{"embeddable":true,"href":"https:\/\/www.electoralcommission.ie\/ga\/wp-json\/wp\/v2\/media\/6755"}],"wp:attachment":[{"href":"https:\/\/www.electoralcommission.ie\/ga\/wp-json\/wp\/v2\/media?parent=6855"}],"curies":[{"name":"wp","href":"https:\/\/api.w.org\/{rel}","templated":true}]}}