
{"id":6859,"date":"2024-01-19T14:36:41","date_gmt":"2024-01-19T14:36:41","guid":{"rendered":"https:\/\/www.electoralcommission.ie\/miniu-ar-reifrinn\/"},"modified":"2024-03-12T14:43:00","modified_gmt":"2024-03-12T14:43:00","slug":"miniu-ar-reifrinn","status":"publish","type":"page","link":"https:\/\/www.electoralcommission.ie\/ga\/reifrinn-3\/miniu-ar-reifrinn\/","title":{"rendered":"M\u00edni\u00fa ar Reifrinn"},"content":{"rendered":"\n<p>In \u00c9irinn, is f\u00e9idir dh\u00e1 chine\u00e1l reifreann a thion\u00f3l &#8211; reifreann bunreachta agus gn\u00e1threifreann.<\/p>\n\n\n\n<figure class=\"wp-block-embed is-type-video is-provider-vimeo wp-block-embed-vimeo wp-embed-aspect-16-9 wp-has-aspect-ratio\"><div class=\"wp-block-embed__wrapper\">\n<iframe loading=\"lazy\" title=\"What is a referendum? GA\" src=\"https:\/\/player.vimeo.com\/video\/914809035?dnt=1&amp;app_id=122963\" width=\"500\" height=\"281\" frameborder=\"0\" allow=\"autoplay; fullscreen; picture-in-picture; clipboard-write\"><\/iframe>\n<\/div><\/figure>\n\n\n\n<p><a href=\"https:\/\/www.electoralcommission.ie\/ga\/reifrinn\/bunreacht-na-heireann\/\">Is \u00e9 Bunreacht na h\u00c9ireann <\/a>an bundoicim\u00e9ad dl\u00edthi\u00fail lena leagtar amach conas is ceart \u00c9ire a rial\u00fa.<\/p>\n\n\n\n<p>N\u00ed f\u00e9 idir an Bunreacht a leas\u00fa ach amh\u00e1in m\u00e1 d\u2019fhormheas muintir na h\u00c9ireann an t-athr\u00fa a bhearta\u00edtear i reifreann bunreachta. Tugtar an seans leis sin do na daoine a chinneadh c\u00e9 acu an athr\u00f3far n\u00f3 nach n-athr\u00f3far focla\u00edocht an Bhunreachta.<\/p>\n\n\n\n<p><a href=\"\/ga\/reifrinn\/reifrinn-roimhe-seo\/\"> Is f\u00e9idir leat l\u00e9amh faoi na reifrinn a bh\u00ed in \u00c9irinn go dt\u00ed seo.<\/a><\/p>\n\n\n\n<p>Mar choimisi\u00fan toghch\u00e1in neamhsple\u00e1ch na h\u00c9ireann, t\u00e1 s\u00e9 de fhreagracht orainne faisn\u00e9is neamhchlaonta a ullmh\u00fa faoi thogra\u00ed an reifrinn agus an fhaisn\u00e9is sin a chur ar f\u00e1il don phobal.<\/p>\n\n\n\n<p>Ullmha\u00edmid r\u00e1itis ar na pr\u00edomhcheisteanna agus scaipimid na r\u00e1itis sin tr\u00ed leabhr\u00e1n eolais, an teilif\u00eds, an raidi\u00f3, na nuacht\u00e1in, na me\u00e1in sh\u00f3isialta agus cine\u00e1lacha eile me\u00e1n chun aird an phobail a tharraingt orthu. \u00c1ir\u00edtear len\u00e1r r\u00f3l a chinnti\u00fa go bhfuil na r\u00e1itis inrochtana do dhaoine faoi mh\u00edchumas.<\/p>\n","protected":false},"excerpt":{"rendered":"<p>In \u00c9irinn, is f\u00e9idir dh\u00e1 chine\u00e1l reifreann a thion\u00f3l &#8211; reifreann bunreachta agus gn\u00e1threifreann. Is \u00e9 Bunreacht na h\u00c9ireann an bundoicim\u00e9ad dl\u00edthi\u00fail lena leagtar amach conas is ceart \u00c9ire a rial\u00fa. N\u00ed f\u00e9 idir an Bunreacht a leas\u00fa ach amh\u00e1in m\u00e1 d\u2019fhormheas muintir na h\u00c9ireann an t-athr\u00fa a bhearta\u00edtear i reifreann bunreachta. Tugtar an seans &hellip; <a href=\"https:\/\/www.electoralcommission.ie\/ga\/reifrinn-3\/miniu-ar-reifrinn\/\">Continued<\/a><\/p>\n","protected":false},"author":17,"featured_media":6757,"parent":6979,"menu_order":0,"comment_status":"closed","ping_status":"closed","template":"views\/template-ec-referendum-single.blade.php","meta":{"_acf_changed":false,"_relevanssi_hide_post":"","_relevanssi_hide_content":"","_relevanssi_pin_for_all":"","_relevanssi_pin_keywords":"","_relevanssi_unpin_keywords":"","_relevanssi_related_keywords":"","_relevanssi_related_include_ids":"","_relevanssi_related_exclude_ids":"","_relevanssi_related_no_append":"","_relevanssi_related_not_related":"","_relevanssi_related_posts":"","_relevanssi_noindex_reason":"","_uag_custom_page_level_css":"","footnotes":""},"class_list":["post-6859","page","type-page","status-publish","has-post-thumbnail","hentry"],"acf":[],"yoast_head":"<!-- This site is optimized with the Yoast SEO plugin v27.5 - https:\/\/yoast.com\/product\/yoast-seo-wordpress\/ -->\n<title>M\u00edni\u00fa ar Reifrinn - Coimisi\u00fan Toghch\u00e1in<\/title>\n<meta name=\"robots\" content=\"index, follow, max-snippet:-1, max-image-preview:large, max-video-preview:-1\" \/>\n<link rel=\"canonical\" href=\"https:\/\/www.electoralcommission.ie\/ga\/reifrinn-3\/miniu-ar-reifrinn\/\" \/>\n<meta property=\"og:locale\" content=\"ga_IE\" \/>\n<meta property=\"og:type\" content=\"article\" \/>\n<meta property=\"og:title\" content=\"M\u00edni\u00fa ar Reifrinn - Coimisi\u00fan Toghch\u00e1in\" \/>\n<meta property=\"og:description\" content=\"In \u00c9irinn, is f\u00e9idir dh\u00e1 chine\u00e1l reifreann a thion\u00f3l &#8211; reifreann bunreachta agus gn\u00e1threifreann. Is \u00e9 Bunreacht na h\u00c9ireann an bundoicim\u00e9ad dl\u00edthi\u00fail lena leagtar amach conas is ceart \u00c9ire a rial\u00fa. N\u00ed f\u00e9 idir an Bunreacht a leas\u00fa ach amh\u00e1in m\u00e1 d\u2019fhormheas muintir na h\u00c9ireann an t-athr\u00fa a bhearta\u00edtear i reifreann bunreachta. Tugtar an seans &hellip; Continued\" \/>\n<meta property=\"og:url\" content=\"https:\/\/www.electoralcommission.ie\/ga\/reifrinn-3\/miniu-ar-reifrinn\/\" \/>\n<meta property=\"og:site_name\" content=\"Coimisi\u00fan Toghch\u00e1in\" \/>\n<meta property=\"article:modified_time\" content=\"2024-03-12T14:43:00+00:00\" \/>\n<meta property=\"og:image\" content=\"https:\/\/cdn.electoralcommission.ie\/app\/uploads\/2024\/01\/19161638\/GC31YT-scaled-1.jpg\" \/>\n\t<meta property=\"og:image:width\" content=\"2560\" \/>\n\t<meta property=\"og:image:height\" content=\"1677\" \/>\n\t<meta property=\"og:image:type\" content=\"image\/jpeg\" \/>\n<meta name=\"twitter:card\" content=\"summary_large_image\" \/>\n<meta name=\"twitter:label1\" content=\"Est. reading time\" \/>\n\t<meta name=\"twitter:data1\" content=\"1 minute\" \/>\n<script type=\"application\/ld+json\" class=\"yoast-schema-graph\">{\"@context\":\"https:\\\/\\\/schema.org\",\"@graph\":[{\"@type\":\"WebPage\",\"@id\":\"https:\\\/\\\/www.electoralcommission.ie\\\/ga\\\/reifrinn-3\\\/miniu-ar-reifrinn\\\/\",\"url\":\"https:\\\/\\\/www.electoralcommission.ie\\\/ga\\\/reifrinn-3\\\/miniu-ar-reifrinn\\\/\",\"name\":\"M\u00edni\u00fa ar Reifrinn - Coimisi\u00fan Toghch\u00e1in\",\"isPartOf\":{\"@id\":\"https:\\\/\\\/www.electoralcommission.ie\\\/ga\\\/#website\"},\"primaryImageOfPage\":{\"@id\":\"https:\\\/\\\/www.electoralcommission.ie\\\/ga\\\/reifrinn-3\\\/miniu-ar-reifrinn\\\/#primaryimage\"},\"image\":{\"@id\":\"https:\\\/\\\/www.electoralcommission.ie\\\/ga\\\/reifrinn-3\\\/miniu-ar-reifrinn\\\/#primaryimage\"},\"thumbnailUrl\":\"https:\\\/\\\/www.electoralcommission.ie\\\/app\\\/uploads\\\/2024\\\/01\\\/GC31YT-scaled-1.jpg\",\"datePublished\":\"2024-01-19T14:36:41+00:00\",\"dateModified\":\"2024-03-12T14:43:00+00:00\",\"breadcrumb\":{\"@id\":\"https:\\\/\\\/www.electoralcommission.ie\\\/ga\\\/reifrinn-3\\\/miniu-ar-reifrinn\\\/#breadcrumb\"},\"inLanguage\":\"ga-IE\",\"potentialAction\":[{\"@type\":\"ReadAction\",\"target\":[\"https:\\\/\\\/www.electoralcommission.ie\\\/ga\\\/reifrinn-3\\\/miniu-ar-reifrinn\\\/\"]}]},{\"@type\":\"ImageObject\",\"inLanguage\":\"ga-IE\",\"@id\":\"https:\\\/\\\/www.electoralcommission.ie\\\/ga\\\/reifrinn-3\\\/miniu-ar-reifrinn\\\/#primaryimage\",\"url\":\"https:\\\/\\\/www.electoralcommission.ie\\\/app\\\/uploads\\\/2024\\\/01\\\/GC31YT-scaled-1.jpg\",\"contentUrl\":\"https:\\\/\\\/www.electoralcommission.ie\\\/app\\\/uploads\\\/2024\\\/01\\\/GC31YT-scaled-1.jpg\",\"width\":2560,\"height\":1677,\"caption\":\"GC31YT Voters cast their ballots in the Lisbon Treaty referendum at Mucklagh National School in Co Offaly.\"},{\"@type\":\"BreadcrumbList\",\"@id\":\"https:\\\/\\\/www.electoralcommission.ie\\\/ga\\\/reifrinn-3\\\/miniu-ar-reifrinn\\\/#breadcrumb\",\"itemListElement\":[{\"@type\":\"ListItem\",\"position\":1,\"name\":\"Baile\",\"item\":\"https:\\\/\\\/www.electoralcommission.ie\\\/ga\\\/\"},{\"@type\":\"ListItem\",\"position\":2,\"name\":\"Reifrinn\",\"item\":\"https:\\\/\\\/www.electoralcommission.ie\\\/ga\\\/?page_id=6979\"},{\"@type\":\"ListItem\",\"position\":3,\"name\":\"M\u00edni\u00fa ar Reifrinn\"}]},{\"@type\":\"WebSite\",\"@id\":\"https:\\\/\\\/www.electoralcommission.ie\\\/ga\\\/#website\",\"url\":\"https:\\\/\\\/www.electoralcommission.ie\\\/ga\\\/\",\"name\":\"Coimisi\u00fan Toghch\u00e1in\",\"description\":\"Ireland&#039;s Statutory, Independent Electoral Commission\",\"potentialAction\":[{\"@type\":\"SearchAction\",\"target\":{\"@type\":\"EntryPoint\",\"urlTemplate\":\"https:\\\/\\\/www.electoralcommission.ie\\\/ga\\\/?s={search_term_string}\"},\"query-input\":{\"@type\":\"PropertyValueSpecification\",\"valueRequired\":true,\"valueName\":\"search_term_string\"}}],\"inLanguage\":\"ga-IE\"}]}<\/script>\n<!-- \/ Yoast SEO plugin. -->","yoast_head_json":{"title":"M\u00edni\u00fa ar Reifrinn - Coimisi\u00fan Toghch\u00e1in","robots":{"index":"index","follow":"follow","max-snippet":"max-snippet:-1","max-image-preview":"max-image-preview:large","max-video-preview":"max-video-preview:-1"},"canonical":"https:\/\/www.electoralcommission.ie\/ga\/reifrinn-3\/miniu-ar-reifrinn\/","og_locale":"ga_IE","og_type":"article","og_title":"M\u00edni\u00fa ar Reifrinn - Coimisi\u00fan Toghch\u00e1in","og_description":"In \u00c9irinn, is f\u00e9idir dh\u00e1 chine\u00e1l reifreann a thion\u00f3l &#8211; reifreann bunreachta agus gn\u00e1threifreann. Is \u00e9 Bunreacht na h\u00c9ireann an bundoicim\u00e9ad dl\u00edthi\u00fail lena leagtar amach conas is ceart \u00c9ire a rial\u00fa. N\u00ed f\u00e9 idir an Bunreacht a leas\u00fa ach amh\u00e1in m\u00e1 d\u2019fhormheas muintir na h\u00c9ireann an t-athr\u00fa a bhearta\u00edtear i reifreann bunreachta. Tugtar an seans &hellip; Continued","og_url":"https:\/\/www.electoralcommission.ie\/ga\/reifrinn-3\/miniu-ar-reifrinn\/","og_site_name":"Coimisi\u00fan Toghch\u00e1in","article_modified_time":"2024-03-12T14:43:00+00:00","og_image":[{"width":2560,"height":1677,"url":"https:\/\/cdn.electoralcommission.ie\/app\/uploads\/2024\/01\/19161638\/GC31YT-scaled-1.jpg","type":"image\/jpeg"}],"twitter_card":"summary_large_image","twitter_misc":{"Est. reading time":"1 minute"},"schema":{"@context":"https:\/\/schema.org","@graph":[{"@type":"WebPage","@id":"https:\/\/www.electoralcommission.ie\/ga\/reifrinn-3\/miniu-ar-reifrinn\/","url":"https:\/\/www.electoralcommission.ie\/ga\/reifrinn-3\/miniu-ar-reifrinn\/","name":"M\u00edni\u00fa ar Reifrinn - Coimisi\u00fan Toghch\u00e1in","isPartOf":{"@id":"https:\/\/www.electoralcommission.ie\/ga\/#website"},"primaryImageOfPage":{"@id":"https:\/\/www.electoralcommission.ie\/ga\/reifrinn-3\/miniu-ar-reifrinn\/#primaryimage"},"image":{"@id":"https:\/\/www.electoralcommission.ie\/ga\/reifrinn-3\/miniu-ar-reifrinn\/#primaryimage"},"thumbnailUrl":"https:\/\/www.electoralcommission.ie\/app\/uploads\/2024\/01\/GC31YT-scaled-1.jpg","datePublished":"2024-01-19T14:36:41+00:00","dateModified":"2024-03-12T14:43:00+00:00","breadcrumb":{"@id":"https:\/\/www.electoralcommission.ie\/ga\/reifrinn-3\/miniu-ar-reifrinn\/#breadcrumb"},"inLanguage":"ga-IE","potentialAction":[{"@type":"ReadAction","target":["https:\/\/www.electoralcommission.ie\/ga\/reifrinn-3\/miniu-ar-reifrinn\/"]}]},{"@type":"ImageObject","inLanguage":"ga-IE","@id":"https:\/\/www.electoralcommission.ie\/ga\/reifrinn-3\/miniu-ar-reifrinn\/#primaryimage","url":"https:\/\/www.electoralcommission.ie\/app\/uploads\/2024\/01\/GC31YT-scaled-1.jpg","contentUrl":"https:\/\/www.electoralcommission.ie\/app\/uploads\/2024\/01\/GC31YT-scaled-1.jpg","width":2560,"height":1677,"caption":"GC31YT Voters cast their ballots in the Lisbon Treaty referendum at Mucklagh National School in Co Offaly."},{"@type":"BreadcrumbList","@id":"https:\/\/www.electoralcommission.ie\/ga\/reifrinn-3\/miniu-ar-reifrinn\/#breadcrumb","itemListElement":[{"@type":"ListItem","position":1,"name":"Baile","item":"https:\/\/www.electoralcommission.ie\/ga\/"},{"@type":"ListItem","position":2,"name":"Reifrinn","item":"https:\/\/www.electoralcommission.ie\/ga\/?page_id=6979"},{"@type":"ListItem","position":3,"name":"M\u00edni\u00fa ar Reifrinn"}]},{"@type":"WebSite","@id":"https:\/\/www.electoralcommission.ie\/ga\/#website","url":"https:\/\/www.electoralcommission.ie\/ga\/","name":"Coimisi\u00fan Toghch\u00e1in","description":"Ireland&#039;s Statutory, Independent Electoral Commission","potentialAction":[{"@type":"SearchAction","target":{"@type":"EntryPoint","urlTemplate":"https:\/\/www.electoralcommission.ie\/ga\/?s={search_term_string}"},"query-input":{"@type":"PropertyValueSpecification","valueRequired":true,"valueName":"search_term_string"}}],"inLanguage":"ga-IE"}]}},"uagb_featured_image_src":{"full":["https:\/\/www.electoralcommission.ie\/app\/uploads\/2024\/01\/GC31YT-scaled-1.jpg",2560,1677,false],"thumbnail":["https:\/\/www.electoralcommission.ie\/app\/uploads\/2024\/01\/GC31YT-scaled-1-355x210.jpg",355,210,true],"medium":["https:\/\/www.electoralcommission.ie\/app\/uploads\/2024\/01\/GC31YT-scaled-1-300x197.jpg",300,197,true],"medium_large":["https:\/\/www.electoralcommission.ie\/app\/uploads\/2024\/01\/GC31YT-scaled-1-768x503.jpg",768,503,true],"large":["https:\/\/www.electoralcommission.ie\/app\/uploads\/2024\/01\/GC31YT-scaled-1-1024x671.jpg",1024,671,true],"1536x1536":["https:\/\/www.electoralcommission.ie\/app\/uploads\/2024\/01\/GC31YT-scaled-1-1536x1006.jpg",1536,1006,true],"2048x2048":["https:\/\/www.electoralcommission.ie\/app\/uploads\/2024\/01\/GC31YT-scaled-1-2048x1342.jpg",2048,1342,true],"gform-image-choice-sm":["https:\/\/www.electoralcommission.ie\/app\/uploads\/2024\/01\/GC31YT-scaled-1.jpg",300,197,false],"gform-image-choice-md":["https:\/\/www.electoralcommission.ie\/app\/uploads\/2024\/01\/GC31YT-scaled-1.jpg",400,262,false],"gform-image-choice-lg":["https:\/\/www.electoralcommission.ie\/app\/uploads\/2024\/01\/GC31YT-scaled-1.jpg",600,393,false]},"uagb_author_info":{"display_name":"Felippe","author_link":"https:\/\/www.electoralcommission.ie\/ga\/author\/felippe\/"},"uagb_comment_info":0,"uagb_excerpt":"In \u00c9irinn, is f\u00e9idir dh\u00e1 chine\u00e1l reifreann a thion\u00f3l &#8211; reifreann bunreachta agus gn\u00e1threifreann. Is \u00e9 Bunreacht na h\u00c9ireann an bundoicim\u00e9ad dl\u00edthi\u00fail lena leagtar amach conas is ceart \u00c9ire a rial\u00fa. N\u00ed f\u00e9 idir an Bunreacht a leas\u00fa ach amh\u00e1in m\u00e1 d\u2019fhormheas muintir na h\u00c9ireann an t-athr\u00fa a bhearta\u00edtear i reifreann bunreachta. Tugtar an seans&hellip;","_links":{"self":[{"href":"https:\/\/www.electoralcommission.ie\/ga\/wp-json\/wp\/v2\/pages\/6859","targetHints":{"allow":["GET"]}}],"collection":[{"href":"https:\/\/www.electoralcommission.ie\/ga\/wp-json\/wp\/v2\/pages"}],"about":[{"href":"https:\/\/www.electoralcommission.ie\/ga\/wp-json\/wp\/v2\/types\/page"}],"author":[{"embeddable":true,"href":"https:\/\/www.electoralcommission.ie\/ga\/wp-json\/wp\/v2\/users\/17"}],"replies":[{"embeddable":true,"href":"https:\/\/www.electoralcommission.ie\/ga\/wp-json\/wp\/v2\/comments?post=6859"}],"version-history":[{"count":13,"href":"https:\/\/www.electoralcommission.ie\/ga\/wp-json\/wp\/v2\/pages\/6859\/revisions"}],"predecessor-version":[{"id":8468,"href":"https:\/\/www.electoralcommission.ie\/ga\/wp-json\/wp\/v2\/pages\/6859\/revisions\/8468"}],"up":[{"embeddable":true,"href":"https:\/\/www.electoralcommission.ie\/ga\/wp-json\/wp\/v2\/pages\/6979"}],"wp:featuredmedia":[{"embeddable":true,"href":"https:\/\/www.electoralcommission.ie\/ga\/wp-json\/wp\/v2\/media\/6757"}],"wp:attachment":[{"href":"https:\/\/www.electoralcommission.ie\/ga\/wp-json\/wp\/v2\/media?parent=6859"}],"curies":[{"name":"wp","href":"https:\/\/api.w.org\/{rel}","templated":true}]}}