
{"id":6862,"date":"2024-01-19T14:37:58","date_gmt":"2024-01-19T14:37:58","guid":{"rendered":"https:\/\/www.electoralcommission.ie\/ca-hait-le-votail\/"},"modified":"2024-07-02T09:49:31","modified_gmt":"2024-07-02T08:49:31","slug":"ca-hait-le-votail","status":"publish","type":"page","link":"https:\/\/www.electoralcommission.ie\/ga\/ca-hait-le-votail\/","title":{"rendered":"C\u00e1 h\u00e1it le V\u00f3t\u00e1il"},"content":{"rendered":"\n<p>Nuair at\u00e1 t\u00fa cl\u00e1raithe le v\u00f3ta a chaitheamh, agus m\u00e1 chomhl\u00edonann t\u00fa <a href=\"\/ga\/cailitheacht-votalai\/\">na crit\u00e9ir inch\u00e1ilitheachta chun v\u00f3t\u00e1il<\/a> i dtoghch\u00e1in na h\u00c9ireann, seolfar c\u00e1rta faisn\u00e9ise v\u00f3ta\u00edochta chuig do sheoladh baile cl\u00e1raithe roimh l\u00e1 na v\u00f3t\u00e1la.<\/p>\n\n\n\n<p>Beidh an m\u00e9id seo a leanas ar an gc\u00e1rta faisn\u00e9ise v\u00f3ta\u00edochta: d\u2019uimhir thoghth\u00f3ra, ainm an st\u00e1isi\u00fain v\u00f3t\u00e1la ina gcaithfidh t\u00fa v\u00f3ta, r\u00e1iteas foirmi\u00fail ina m\u00edneofar c\u00e9n toghch\u00e1n n\u00f3 reifreann ina gcaithfidh t\u00fa v\u00f3ta; agus am oscailte agus am d\u00fanta do st\u00e1isi\u00fain v\u00f3t\u00e1la.&nbsp;<strong>N\u00ed f\u00e9idir leat v\u00f3ta a chaitheamh ach i do st\u00e1isi\u00fan v\u00f3t\u00e1la ainmnithe.<\/strong><\/p>\n\n\n\n<div style=\"height:23px\" aria-hidden=\"true\" class=\"wp-block-spacer\"><\/div>\n\n\n\n<div class=\"wp-block-uagb-image uagb-block-d645a9c0 wp-block-uagb-image--layout-default wp-block-uagb-image--effect-static wp-block-uagb-image--align-none\"><figure class=\"wp-block-uagb-image__figure\"><img decoding=\"async\" srcset=\"https:\/\/www.electoralcommission.ie\/app\/uploads\/2024\/05\/NEW-Sample-Polling-Information-Card-1024x436.png ,https:\/\/www.electoralcommission.ie\/app\/uploads\/2024\/05\/NEW-Sample-Polling-Information-Card.png 780w, https:\/\/www.electoralcommission.ie\/app\/uploads\/2024\/05\/NEW-Sample-Polling-Information-Card.png 360w\" sizes=\"auto, (max-width: 480px) 150px\" src=\"https:\/\/www.electoralcommission.ie\/app\/uploads\/2024\/05\/NEW-Sample-Polling-Information-Card-1024x436.png\" alt=\"\" class=\"uag-image-10112\" width=\"1024\" height=\"436\" title=\"NEW Sample Polling Information Card\" loading=\"lazy\" role=\"img\"\/><\/figure><\/div>\n\n\n\n<div style=\"height:23px\" aria-hidden=\"true\" class=\"wp-block-spacer\"><\/div>\n\n\n\n<p>Is minic a \u00fas\u00e1idtear scoileanna \u00e1iti\u00fala n\u00f3 foirgnimh pobail at\u00e1 gar do do sheoladh cl\u00e1raithe mar st\u00e1isi\u00fain v\u00f3t\u00e1la.<\/p>\n\n\n\n<p>Mura bhfaighidh t\u00fa c\u00e1rta faisn\u00e9ise v\u00f3ta\u00edochta, n\u00ed fh\u00e1gann sin nach f\u00e9idir leat v\u00f3ta a chaitheamh. F\u00e9adfaidh t\u00fa www.checktheregister.ie a \u00fas\u00e1id n\u00f3 is f\u00e9idir leat glaoch a chur ar d\u2019\u00fadar\u00e1s \u00e1iti\u00fail chun seice\u00e1il an bhfuil t\u00fa ar an gcl\u00e1r, agus c\u00e1 bhfuil do st\u00e1isi\u00fan v\u00f3t\u00e1la.<\/p>\n\n\n\n<div style=\"height:22px\" aria-hidden=\"true\" class=\"wp-block-spacer\"><\/div>\n\n\n\n<div style=\"height:19px\" aria-hidden=\"true\" class=\"wp-block-spacer\"><\/div>\n\n\n\n<div class=\"wp-block-uagb-advanced-heading uagb-block-be865fdb\"><h2 class=\"uagb-heading-text\"><strong>C\u00e9ard a theasta\u00edonn chun v\u00f3ta a chaitheamh?<\/strong><\/h2><div class=\"uagb-separator\"><\/div><\/div>\n\n\n\n<p>T\u00e1 s\u00e9 an-t\u00e1bhachtach go mbeadh a fhios agat nach f\u00e9idir leat v\u00f3ta a chaitheamh ach ag an st\u00e1isi\u00fan v\u00f3t\u00e1la a ainmn\u00edtear ar do ch\u00e1rta faisn\u00e9ise v\u00f3ta\u00edochta. N\u00ed g\u00e1 duit do ch\u00e1rta faisn\u00e9ise v\u00f3ta\u00edochta a thabhairt leat chun v\u00f3ta a chaitheamh, ach caithfidh t\u00fa cruth\u00fanas bail\u00ed aitheantais a thabhairt leat.<\/p>\n\n\n\n<p>Is f\u00e9idir leat d\u2019aitheantas a chruth\u00fa le ceann ar bith de na c\u00e1ip\u00e9is\u00ed aitheantais seo:<\/p>\n\n\n\n<ul class=\"wp-block-list\">\n<li>pas;<\/li>\n\n\n\n<li>cead\u00fanas tiom\u00e1na;<\/li>\n\n\n\n<li>c\u00e1rta aitheantais oibre ar a bhfuil grianghraf;<\/li>\n\n\n\n<li>c\u00e1rta aitheantais scol\u00e1ire a d\u2019eisigh institi\u00faid oideachais agus ar a bhfuil grianghraf;<\/li>\n\n\n\n<li>c\u00e1ip\u00e9is taistil ar a bhfuil ainm agus grianghraf;<\/li>\n\n\n\n<li>leabhar Bainc, Coigiltis N\u00f3 Comhair Creidmheasa ar a bhfuil do sheoladh sa toghcheantar;<\/li>\n\n\n\n<li>C\u00e1rta Seirbh\u00eds\u00ed Poibl\u00ed;<\/li>\n\n\n\n<li>Deimhni\u00fa C\u00f3naithe Sealadach;<\/li>\n\n\n\n<li>C\u00e1rta Bhi\u00far\u00f3 N\u00e1isi\u00fanta an Gharda S\u00edoch\u00e1na um Inimirce;<\/li>\n\n\n\n<li>Cead C\u00f3naithe \u00c9ireannach;<\/li>\n<\/ul>\n\n\n\n<p>n\u00f3 ceann d\u00edobh seo a leanas i dteannta c\u00e1ip\u00e9is eile ina l\u00e9ir\u00edtear seoladh an tsealbh\u00f3ra sa toghcheantar:<\/p>\n\n\n\n<ul class=\"wp-block-list\">\n<li>leabhar seiceanna;<\/li>\n\n\n\n<li>c\u00e1rta seiceanna;<\/li>\n\n\n\n<li>c\u00e1rta dochair;<\/li>\n\n\n\n<li>c\u00e1rta creidmheasa;<\/li>\n\n\n\n<li>deimhni\u00fa breithe;<\/li>\n\n\n\n<li>deimhni\u00fa p\u00f3sta<\/li>\n<\/ul>\n\n\n\n<p>Nuair at\u00e1 v\u00f3ta \u00e1 chaitheamh agat sna toghch\u00e1in seo, caithfidh t\u00fa a bheith aireach agus a chinnti\u00fa go l\u00edontar do bhall\u00f3id i gceart ionas go gcomhairfear do v\u00f3ta. T\u00e1 tuilleadh eolais ar \u00e1r leathanach faoi <a href=\"https:\/\/www.electoralcommission.ie\/ga\/conas-vota-a-chaitheamh\/\">v\u00f3ta a chaitheamh<\/a>.<\/p>\n\n\n\n<div style=\"height:22px\" aria-hidden=\"true\" class=\"wp-block-spacer\"><\/div>\n\n\n\n<div class=\"wp-block-uagb-advanced-heading uagb-block-c39ffaf9\"><h2 class=\"uagb-heading-text\"><strong>V\u00f3t\u00e1laithe faoi mh\u00edchumas<\/strong><\/h2><div class=\"uagb-separator\"><\/div><\/div>\n\n\n\n<p>T\u00e1 socruithe speisialta i bhfeidhm chun cabhr\u00fa le toghth\u00f3ir\u00ed a bhfuil tinneas n\u00f3 m\u00edchumas orthu ionas go mbeidh siad in ann leas a baint as a gcearta v\u00f3t\u00e1la.<\/p>\n\n\n\n<p>Is f\u00e9idir leat:<\/p>\n\n\n\n<p>\u2022 V\u00f3ta a chaitheamh ag st\u00e1isi\u00fan v\u00f3t\u00e1la eile mura bhfuil an st\u00e1isi\u00fan \u00e1iti\u00fail inrochtana<\/p>\n\n\n\n<p>\u2022 C\u00fanamh a fh\u00e1il v\u00f3ta a chaitheamh ag an st\u00e1isi\u00fan v\u00f3t\u00e1la \u00f3 chomp\u00e1nach n\u00f3 \u00f3n Oifigeach Ceannais le haghaidh daoine ar a bhfuil lag\u00fa radhairc, m\u00edchumas fisici\u00fail n\u00f3 ag a bhfuil deacracht litearthachta<\/p>\n\n\n\n<p>\u2022 V\u00f3ta a chaitheamh ar theimpl\u00e9ad p\u00e1ip\u00e9ir ball\u00f3ide m\u00e1 t\u00e1 lag\u00fa radhairc ort<\/p>\n\n\n\n<p>\u2022 V\u00f3ta a chaitheamh sa phost <\/p>\n\n\n\n<p>\u2022 V\u00f3ta a chaitheamh in ospid\u00e9al, i dteach altranais n\u00f3 i su\u00edomh d\u00e1 leith\u00e9id m\u00e1s ann a ch\u00f3na\u00edonn t\u00fa<\/p>\n\n\n\n<p><strong>T\u00e1 tuilleadh eolais faoi seo ar f\u00e1il ar \u00e1r leathanach faoi <\/strong><a href=\"https:\/\/www.electoralcommission.ie\/ga\/votail-inrochtana\/\"><strong>v\u00f3t\u00e1il inrochtana<\/strong><\/a><strong>.<\/strong><\/p>\n","protected":false},"excerpt":{"rendered":"<p>Nuair at\u00e1 t\u00fa cl\u00e1raithe le v\u00f3ta a chaitheamh, agus m\u00e1 chomhl\u00edonann t\u00fa na crit\u00e9ir inch\u00e1ilitheachta chun v\u00f3t\u00e1il i dtoghch\u00e1in na h\u00c9ireann, seolfar c\u00e1rta faisn\u00e9ise v\u00f3ta\u00edochta chuig do sheoladh baile cl\u00e1raithe roimh l\u00e1 na v\u00f3t\u00e1la. Beidh an m\u00e9id seo a leanas ar an gc\u00e1rta faisn\u00e9ise v\u00f3ta\u00edochta: d\u2019uimhir thoghth\u00f3ra, ainm an st\u00e1isi\u00fain v\u00f3t\u00e1la ina gcaithfidh t\u00fa v\u00f3ta, &hellip; <a href=\"https:\/\/www.electoralcommission.ie\/ga\/ca-hait-le-votail\/\">Continued<\/a><\/p>\n","protected":false},"author":17,"featured_media":9105,"parent":0,"menu_order":0,"comment_status":"closed","ping_status":"closed","template":"","meta":{"_acf_changed":false,"_relevanssi_hide_post":"","_relevanssi_hide_content":"","_relevanssi_pin_for_all":"","_relevanssi_pin_keywords":"","_relevanssi_unpin_keywords":"","_relevanssi_related_keywords":"","_relevanssi_related_include_ids":"","_relevanssi_related_exclude_ids":"","_relevanssi_related_no_append":"","_relevanssi_related_not_related":"","_relevanssi_related_posts":"","_relevanssi_noindex_reason":"","_uag_custom_page_level_css":"","footnotes":""},"class_list":["post-6862","page","type-page","status-publish","has-post-thumbnail","hentry"],"acf":[],"yoast_head":"<!-- This site is optimized with the Yoast SEO plugin v27.5 - https:\/\/yoast.com\/product\/yoast-seo-wordpress\/ -->\n<title>C\u00e1 h\u00e1it le V\u00f3t\u00e1il - Coimisi\u00fan Toghch\u00e1in<\/title>\n<meta name=\"robots\" content=\"index, follow, max-snippet:-1, max-image-preview:large, max-video-preview:-1\" \/>\n<link rel=\"canonical\" href=\"https:\/\/www.electoralcommission.ie\/ga\/ca-hait-le-votail\/\" \/>\n<meta property=\"og:locale\" content=\"ga_IE\" \/>\n<meta property=\"og:type\" content=\"article\" \/>\n<meta property=\"og:title\" content=\"C\u00e1 h\u00e1it le V\u00f3t\u00e1il - Coimisi\u00fan Toghch\u00e1in\" \/>\n<meta property=\"og:description\" content=\"Nuair at\u00e1 t\u00fa cl\u00e1raithe le v\u00f3ta a chaitheamh, agus m\u00e1 chomhl\u00edonann t\u00fa na crit\u00e9ir inch\u00e1ilitheachta chun v\u00f3t\u00e1il i dtoghch\u00e1in na h\u00c9ireann, seolfar c\u00e1rta faisn\u00e9ise v\u00f3ta\u00edochta chuig do sheoladh baile cl\u00e1raithe roimh l\u00e1 na v\u00f3t\u00e1la. Beidh an m\u00e9id seo a leanas ar an gc\u00e1rta faisn\u00e9ise v\u00f3ta\u00edochta: d\u2019uimhir thoghth\u00f3ra, ainm an st\u00e1isi\u00fain v\u00f3t\u00e1la ina gcaithfidh t\u00fa v\u00f3ta, &hellip; Continued\" \/>\n<meta property=\"og:url\" content=\"https:\/\/www.electoralcommission.ie\/ga\/ca-hait-le-votail\/\" \/>\n<meta property=\"og:site_name\" content=\"Coimisi\u00fan Toghch\u00e1in\" \/>\n<meta property=\"article:modified_time\" content=\"2024-07-02T08:49:31+00:00\" \/>\n<meta property=\"og:image\" content=\"https:\/\/cdn.electoralcommission.ie\/app\/uploads\/2024\/04\/26153248\/An-Coimisiu%CC%81n-Toghcha%CC%81in-566-scaled.jpg\" \/>\n\t<meta property=\"og:image:width\" content=\"2560\" \/>\n\t<meta property=\"og:image:height\" content=\"1707\" \/>\n\t<meta property=\"og:image:type\" content=\"image\/jpeg\" \/>\n<meta name=\"twitter:card\" content=\"summary_large_image\" \/>\n<meta name=\"twitter:label1\" content=\"Est. reading time\" \/>\n\t<meta name=\"twitter:data1\" content=\"3 minutes\" \/>\n<script type=\"application\/ld+json\" class=\"yoast-schema-graph\">{\"@context\":\"https:\\\/\\\/schema.org\",\"@graph\":[{\"@type\":\"WebPage\",\"@id\":\"https:\\\/\\\/www.electoralcommission.ie\\\/ga\\\/ca-hait-le-votail\\\/\",\"url\":\"https:\\\/\\\/www.electoralcommission.ie\\\/ga\\\/ca-hait-le-votail\\\/\",\"name\":\"C\u00e1 h\u00e1it le V\u00f3t\u00e1il - Coimisi\u00fan Toghch\u00e1in\",\"isPartOf\":{\"@id\":\"https:\\\/\\\/www.electoralcommission.ie\\\/ga\\\/#website\"},\"primaryImageOfPage\":{\"@id\":\"https:\\\/\\\/www.electoralcommission.ie\\\/ga\\\/ca-hait-le-votail\\\/#primaryimage\"},\"image\":{\"@id\":\"https:\\\/\\\/www.electoralcommission.ie\\\/ga\\\/ca-hait-le-votail\\\/#primaryimage\"},\"thumbnailUrl\":\"https:\\\/\\\/www.electoralcommission.ie\\\/app\\\/uploads\\\/2024\\\/04\\\/An-Coimisiu\u0301n-Toghcha\u0301in-566-scaled-e1714142417689.jpg\",\"datePublished\":\"2024-01-19T14:37:58+00:00\",\"dateModified\":\"2024-07-02T08:49:31+00:00\",\"breadcrumb\":{\"@id\":\"https:\\\/\\\/www.electoralcommission.ie\\\/ga\\\/ca-hait-le-votail\\\/#breadcrumb\"},\"inLanguage\":\"ga-IE\",\"potentialAction\":[{\"@type\":\"ReadAction\",\"target\":[\"https:\\\/\\\/www.electoralcommission.ie\\\/ga\\\/ca-hait-le-votail\\\/\"]}]},{\"@type\":\"ImageObject\",\"inLanguage\":\"ga-IE\",\"@id\":\"https:\\\/\\\/www.electoralcommission.ie\\\/ga\\\/ca-hait-le-votail\\\/#primaryimage\",\"url\":\"https:\\\/\\\/www.electoralcommission.ie\\\/app\\\/uploads\\\/2024\\\/04\\\/An-Coimisiu\u0301n-Toghcha\u0301in-566-scaled-e1714142417689.jpg\",\"contentUrl\":\"https:\\\/\\\/www.electoralcommission.ie\\\/app\\\/uploads\\\/2024\\\/04\\\/An-Coimisiu\u0301n-Toghcha\u0301in-566-scaled-e1714142417689.jpg\",\"width\":2560,\"height\":1707},{\"@type\":\"BreadcrumbList\",\"@id\":\"https:\\\/\\\/www.electoralcommission.ie\\\/ga\\\/ca-hait-le-votail\\\/#breadcrumb\",\"itemListElement\":[{\"@type\":\"ListItem\",\"position\":1,\"name\":\"Baile\",\"item\":\"https:\\\/\\\/www.electoralcommission.ie\\\/ga\\\/\"},{\"@type\":\"ListItem\",\"position\":2,\"name\":\"C\u00e1 h\u00e1it le V\u00f3t\u00e1il\"}]},{\"@type\":\"WebSite\",\"@id\":\"https:\\\/\\\/www.electoralcommission.ie\\\/ga\\\/#website\",\"url\":\"https:\\\/\\\/www.electoralcommission.ie\\\/ga\\\/\",\"name\":\"Coimisi\u00fan Toghch\u00e1in\",\"description\":\"Ireland&#039;s Statutory, Independent Electoral Commission\",\"potentialAction\":[{\"@type\":\"SearchAction\",\"target\":{\"@type\":\"EntryPoint\",\"urlTemplate\":\"https:\\\/\\\/www.electoralcommission.ie\\\/ga\\\/?s={search_term_string}\"},\"query-input\":{\"@type\":\"PropertyValueSpecification\",\"valueRequired\":true,\"valueName\":\"search_term_string\"}}],\"inLanguage\":\"ga-IE\"}]}<\/script>\n<!-- \/ Yoast SEO plugin. -->","yoast_head_json":{"title":"C\u00e1 h\u00e1it le V\u00f3t\u00e1il - Coimisi\u00fan Toghch\u00e1in","robots":{"index":"index","follow":"follow","max-snippet":"max-snippet:-1","max-image-preview":"max-image-preview:large","max-video-preview":"max-video-preview:-1"},"canonical":"https:\/\/www.electoralcommission.ie\/ga\/ca-hait-le-votail\/","og_locale":"ga_IE","og_type":"article","og_title":"C\u00e1 h\u00e1it le V\u00f3t\u00e1il - Coimisi\u00fan Toghch\u00e1in","og_description":"Nuair at\u00e1 t\u00fa cl\u00e1raithe le v\u00f3ta a chaitheamh, agus m\u00e1 chomhl\u00edonann t\u00fa na crit\u00e9ir inch\u00e1ilitheachta chun v\u00f3t\u00e1il i dtoghch\u00e1in na h\u00c9ireann, seolfar c\u00e1rta faisn\u00e9ise v\u00f3ta\u00edochta chuig do sheoladh baile cl\u00e1raithe roimh l\u00e1 na v\u00f3t\u00e1la. Beidh an m\u00e9id seo a leanas ar an gc\u00e1rta faisn\u00e9ise v\u00f3ta\u00edochta: d\u2019uimhir thoghth\u00f3ra, ainm an st\u00e1isi\u00fain v\u00f3t\u00e1la ina gcaithfidh t\u00fa v\u00f3ta, &hellip; Continued","og_url":"https:\/\/www.electoralcommission.ie\/ga\/ca-hait-le-votail\/","og_site_name":"Coimisi\u00fan Toghch\u00e1in","article_modified_time":"2024-07-02T08:49:31+00:00","og_image":[{"width":2560,"height":1707,"url":"https:\/\/cdn.electoralcommission.ie\/app\/uploads\/2024\/04\/26153248\/An-Coimisiu%CC%81n-Toghcha%CC%81in-566-scaled.jpg","type":"image\/jpeg"}],"twitter_card":"summary_large_image","twitter_misc":{"Est. reading time":"3 minutes"},"schema":{"@context":"https:\/\/schema.org","@graph":[{"@type":"WebPage","@id":"https:\/\/www.electoralcommission.ie\/ga\/ca-hait-le-votail\/","url":"https:\/\/www.electoralcommission.ie\/ga\/ca-hait-le-votail\/","name":"C\u00e1 h\u00e1it le V\u00f3t\u00e1il - Coimisi\u00fan Toghch\u00e1in","isPartOf":{"@id":"https:\/\/www.electoralcommission.ie\/ga\/#website"},"primaryImageOfPage":{"@id":"https:\/\/www.electoralcommission.ie\/ga\/ca-hait-le-votail\/#primaryimage"},"image":{"@id":"https:\/\/www.electoralcommission.ie\/ga\/ca-hait-le-votail\/#primaryimage"},"thumbnailUrl":"https:\/\/www.electoralcommission.ie\/app\/uploads\/2024\/04\/An-Coimisiu\u0301n-Toghcha\u0301in-566-scaled-e1714142417689.jpg","datePublished":"2024-01-19T14:37:58+00:00","dateModified":"2024-07-02T08:49:31+00:00","breadcrumb":{"@id":"https:\/\/www.electoralcommission.ie\/ga\/ca-hait-le-votail\/#breadcrumb"},"inLanguage":"ga-IE","potentialAction":[{"@type":"ReadAction","target":["https:\/\/www.electoralcommission.ie\/ga\/ca-hait-le-votail\/"]}]},{"@type":"ImageObject","inLanguage":"ga-IE","@id":"https:\/\/www.electoralcommission.ie\/ga\/ca-hait-le-votail\/#primaryimage","url":"https:\/\/www.electoralcommission.ie\/app\/uploads\/2024\/04\/An-Coimisiu\u0301n-Toghcha\u0301in-566-scaled-e1714142417689.jpg","contentUrl":"https:\/\/www.electoralcommission.ie\/app\/uploads\/2024\/04\/An-Coimisiu\u0301n-Toghcha\u0301in-566-scaled-e1714142417689.jpg","width":2560,"height":1707},{"@type":"BreadcrumbList","@id":"https:\/\/www.electoralcommission.ie\/ga\/ca-hait-le-votail\/#breadcrumb","itemListElement":[{"@type":"ListItem","position":1,"name":"Baile","item":"https:\/\/www.electoralcommission.ie\/ga\/"},{"@type":"ListItem","position":2,"name":"C\u00e1 h\u00e1it le V\u00f3t\u00e1il"}]},{"@type":"WebSite","@id":"https:\/\/www.electoralcommission.ie\/ga\/#website","url":"https:\/\/www.electoralcommission.ie\/ga\/","name":"Coimisi\u00fan Toghch\u00e1in","description":"Ireland&#039;s Statutory, Independent Electoral Commission","potentialAction":[{"@type":"SearchAction","target":{"@type":"EntryPoint","urlTemplate":"https:\/\/www.electoralcommission.ie\/ga\/?s={search_term_string}"},"query-input":{"@type":"PropertyValueSpecification","valueRequired":true,"valueName":"search_term_string"}}],"inLanguage":"ga-IE"}]}},"uagb_featured_image_src":{"full":["https:\/\/www.electoralcommission.ie\/app\/uploads\/2024\/04\/An-Coimisiu\u0301n-Toghcha\u0301in-566-scaled-e1714142417689.jpg",2560,1707,false],"thumbnail":["https:\/\/www.electoralcommission.ie\/app\/uploads\/2024\/04\/An-Coimisiu\u0301n-Toghcha\u0301in-566-355x210.jpg",355,210,true],"medium":["https:\/\/www.electoralcommission.ie\/app\/uploads\/2024\/04\/An-Coimisiu\u0301n-Toghcha\u0301in-566-300x200.jpg",300,200,true],"medium_large":["https:\/\/www.electoralcommission.ie\/app\/uploads\/2024\/04\/An-Coimisiu\u0301n-Toghcha\u0301in-566-768x512.jpg",768,512,true],"large":["https:\/\/www.electoralcommission.ie\/app\/uploads\/2024\/04\/An-Coimisiu\u0301n-Toghcha\u0301in-566-1024x683.jpg",1024,683,true],"1536x1536":["https:\/\/www.electoralcommission.ie\/app\/uploads\/2024\/04\/An-Coimisiu\u0301n-Toghcha\u0301in-566-1536x1024.jpg",1536,1024,true],"2048x2048":["https:\/\/www.electoralcommission.ie\/app\/uploads\/2024\/04\/An-Coimisiu\u0301n-Toghcha\u0301in-566-2048x1365.jpg",2048,1365,true],"gform-image-choice-sm":["https:\/\/www.electoralcommission.ie\/app\/uploads\/2024\/04\/An-Coimisiu\u0301n-Toghcha\u0301in-566-scaled-e1714142417689.jpg",300,200,false],"gform-image-choice-md":["https:\/\/www.electoralcommission.ie\/app\/uploads\/2024\/04\/An-Coimisiu\u0301n-Toghcha\u0301in-566-scaled-e1714142417689.jpg",400,267,false],"gform-image-choice-lg":["https:\/\/www.electoralcommission.ie\/app\/uploads\/2024\/04\/An-Coimisiu\u0301n-Toghcha\u0301in-566-scaled-e1714142417689.jpg",600,400,false]},"uagb_author_info":{"display_name":"Felippe","author_link":"https:\/\/www.electoralcommission.ie\/ga\/author\/felippe\/"},"uagb_comment_info":0,"uagb_excerpt":"Nuair at\u00e1 t\u00fa cl\u00e1raithe le v\u00f3ta a chaitheamh, agus m\u00e1 chomhl\u00edonann t\u00fa na crit\u00e9ir inch\u00e1ilitheachta chun v\u00f3t\u00e1il i dtoghch\u00e1in na h\u00c9ireann, seolfar c\u00e1rta faisn\u00e9ise v\u00f3ta\u00edochta chuig do sheoladh baile cl\u00e1raithe roimh l\u00e1 na v\u00f3t\u00e1la. Beidh an m\u00e9id seo a leanas ar an gc\u00e1rta faisn\u00e9ise v\u00f3ta\u00edochta: d\u2019uimhir thoghth\u00f3ra, ainm an st\u00e1isi\u00fain v\u00f3t\u00e1la ina gcaithfidh t\u00fa v\u00f3ta,&hellip;","_links":{"self":[{"href":"https:\/\/www.electoralcommission.ie\/ga\/wp-json\/wp\/v2\/pages\/6862","targetHints":{"allow":["GET"]}}],"collection":[{"href":"https:\/\/www.electoralcommission.ie\/ga\/wp-json\/wp\/v2\/pages"}],"about":[{"href":"https:\/\/www.electoralcommission.ie\/ga\/wp-json\/wp\/v2\/types\/page"}],"author":[{"embeddable":true,"href":"https:\/\/www.electoralcommission.ie\/ga\/wp-json\/wp\/v2\/users\/17"}],"replies":[{"embeddable":true,"href":"https:\/\/www.electoralcommission.ie\/ga\/wp-json\/wp\/v2\/comments?post=6862"}],"version-history":[{"count":10,"href":"https:\/\/www.electoralcommission.ie\/ga\/wp-json\/wp\/v2\/pages\/6862\/revisions"}],"predecessor-version":[{"id":10472,"href":"https:\/\/www.electoralcommission.ie\/ga\/wp-json\/wp\/v2\/pages\/6862\/revisions\/10472"}],"wp:featuredmedia":[{"embeddable":true,"href":"https:\/\/www.electoralcommission.ie\/ga\/wp-json\/wp\/v2\/media\/9105"}],"wp:attachment":[{"href":"https:\/\/www.electoralcommission.ie\/ga\/wp-json\/wp\/v2\/media?parent=6862"}],"curies":[{"name":"wp","href":"https:\/\/api.w.org\/{rel}","templated":true}]}}