
{"id":6868,"date":"2024-01-19T14:32:38","date_gmt":"2024-01-19T14:32:38","guid":{"rendered":"https:\/\/www.electoralcommission.ie\/ceisteanna-coitianta-ccanna\/"},"modified":"2026-04-01T15:57:43","modified_gmt":"2026-04-01T14:57:43","slug":"ceisteanna-coitianta-ccanna","status":"publish","type":"page","link":"https:\/\/www.electoralcommission.ie\/ga\/ceisteanna-coitianta-ccanna\/","title":{"rendered":"Ceisteanna Coitianta (CCanna)"},"content":{"rendered":"\n<div style=\"height:24px\" aria-hidden=\"true\" class=\"wp-block-spacer\"><\/div>\n\n\n\n<div id=\"general-queries\" class=\"wp-block-uagb-container uagb-block-e9af790a alignfull uagb-is-root-container\">\n<div class=\"wp-block-uagb-advanced-heading uagb-block-937df83a\"><h3 class=\"uagb-heading-text\">1. Eolas ginear\u00e1lta<\/h3><\/div>\n<\/div>\n\n\n<div class=\"wp-block-uagb-faq uagb-faq__outer-wrap uagb-block-e58c6648 uagb-faq-icon-row uagb-faq-layout-accordion uagb-faq-expand-first-true uagb-faq-inactive-other-true uagb-faq__wrap uagb-buttons-layout-wrap uagb-faq-equal-height     \" data-faqtoggle=\"true\" role=\"tablist\"><div class=\"wp-block-uagb-faq-child uagb-faq-child__outer-wrap uagb-faq-item uagb-block-d6608928 \" role=\"tab\" tabindex=\"0\"><div class=\"uagb-faq-questions-button uagb-faq-questions\">\t\t\t<span class=\"uagb-icon uagb-faq-icon-wrap\">\n\t\t\t\t\t\t\t\t<svg xmlns=\"https:\/\/www.w3.org\/2000\/svg\" viewBox= \"0 0 448 512\"><path d=\"M432 256c0 17.69-14.33 32.01-32 32.01H256v144c0 17.69-14.33 31.99-32 31.99s-32-14.3-32-31.99v-144H48c-17.67 0-32-14.32-32-32.01s14.33-31.99 32-31.99H192v-144c0-17.69 14.33-32.01 32-32.01s32 14.32 32 32.01v144h144C417.7 224 432 238.3 432 256z\"><\/path><\/svg>\n\t\t\t\t\t\t\t<\/span>\n\t\t\t\t\t\t<span class=\"uagb-icon-active uagb-faq-icon-wrap\">\n\t\t\t\t\t\t\t\t<svg xmlns=\"https:\/\/www.w3.org\/2000\/svg\" viewBox= \"0 0 448 512\"><path d=\"M400 288h-352c-17.69 0-32-14.32-32-32.01s14.31-31.99 32-31.99h352c17.69 0 32 14.3 32 31.99S417.7 288 400 288z\"><\/path><\/svg>\n\t\t\t\t\t\t\t<\/span>\n\t\t\t<h4 class=\"uagb-question\"><p class=\"uagb-question\"><strong>Cad a dh\u00e9anann An Coimisi\u00fan Toghch\u00e1in?<\/strong><\/p><\/h4><\/div><div class=\"uagb-faq-content\"><p>Is comhlacht reacht\u00fail neamhsple\u00e1ch \u00e9 an Coimisi\u00fan Toghch\u00e1in a buna\u00edodh an 9 Feabhra 2023 ag a bhfuil freagracht as raon leathan d\u2019fheidhmeanna toghch\u00e1in a leagtar amach san Acht um Athch\u00f3iri\u00fa Toghch\u00e1in, 2022 \u2013 tabhairt faoi athbhreithnithe agus tuarasc\u00e1lacha a chur i dtoll a ch\u00e9ile faoi thoghcheantair le haghaidh comhalta\u00ed a thoghadh don D\u00e1il agus comhalta\u00ed a thoghadh do Pharlaimint na hEorpa; agus<br>\u2013 na seirbh\u00eds\u00ed cinnteoireachta, maoirseachta, r\u00fana\u00edochta agus taca\u00edochta a bhaineann le h\u00e1bhar na dtogra\u00ed reifrinn a mh\u00edni\u00fa, cur chun cinn fheasacht an phobail ar reifrinn agus spreagadh na dtoghth\u00f3ir\u00ed chun v\u00f3ta a chaitheamh ar reifrinn;<br>\u2013 tabhairt faoi athbhreithnithe agus tuarasc\u00e1lacha a chur i dtoll a ch\u00e9ile faoi thoghcheantair le haghaidh comhalta\u00ed a thoghadh don D\u00e1il agus comhalta\u00ed a thoghadh do Pharlaimint na hEorpa;<br>\u2013 freagracht as p\u00e1irtithe polait\u00edochta a chl\u00e1r\u00fa; agus<br>\u2013 tuarasc\u00e1lacha a chur i dtoll a ch\u00e9ile don Aire maidir le teorainneacha toghch\u00e1in \u00e1iti\u00fail.<br>Cuirtear roinnt r\u00f3l toghch\u00e1in nua de ch\u00faram ar an gCoimisi\u00fan freisin, lena n-\u00e1ir\u00edtear:<br>\u2013 cl\u00e1ir taighde a ullmh\u00fa agus taighde a dh\u00e9anamh ar bheartas agus n\u00f3s imeachta toghch\u00e1in, agus comhairle a thabhairt, de r\u00e9ir mar is g\u00e1, don Aire agus don Rialtas;<br>\u2013 feasacht an phobail ar phr\u00f3isis toghch\u00e1in agus dhaonlathacha an St\u00e1it a chur chun cinn, agus oibri\u00fa chun rannph\u00e1irt\u00edocht an phobail iontu a mh\u00e9ad\u00fa, tr\u00ed chl\u00e1ir oideachais agus eolais;<br>\u2013 maoirseacht a dh\u00e9anamh ar Chl\u00e1r nuach\u00f3irithe na dToghth\u00f3ir\u00ed, molta\u00ed a dh\u00e9anamh agus caighde\u00e1in a leagan maidir le cothabh\u00e1il agus nuashonr\u00fa;<br>\u2013 f\u00f3gra\u00edocht pholaiti\u00fail ar l\u00edne a n-\u00edoctar as a rial\u00fa, ag cinnti\u00fa tr\u00e9dhearcachta maidir le f\u00f3gra\u00ed polaiti\u00fala ar l\u00edne i rith tr\u00e9imhse feachtais toghch\u00e1in n\u00f3 reifrinn (N\u00edor cuireadh t\u00fas leis an reachta\u00edocht go f\u00f3ill);<br>\u2013 freagracht as imscr\u00fad\u00fa agus monat\u00f3ireacht ar bhr\u00e9agaisn\u00e9is ar l\u00edne, m\u00edfhaisn\u00e9is ar l\u00edne agus iompra\u00edocht ionramh\u00e1lach n\u00f3 bhr\u00e9agach ar l\u00edne i rith tr\u00e9imhs\u00ed feachtais toghch\u00e1in, chomh maith le feidhmeanna chun iompra\u00edocht ionramh\u00e1lach n\u00f3 bhr\u00e9agach ar l\u00edne a sheachaint (N\u00edor cuireadh t\u00fas leis an reachta\u00edocht go f\u00f3ill);<br>\u2013 tuarasc\u00e1lacha ex post a ullmh\u00fa ar riar imeachta\u00ed toghch\u00e1in.<\/p><\/div><\/div><div class=\"wp-block-uagb-faq-child uagb-faq-child__outer-wrap uagb-faq-item uagb-block-0de509d9 \" role=\"tab\" tabindex=\"0\"><div class=\"uagb-faq-questions-button uagb-faq-questions\">\t\t\t<span class=\"uagb-icon uagb-faq-icon-wrap\">\n\t\t\t\t\t\t\t\t<svg xmlns=\"https:\/\/www.w3.org\/2000\/svg\" viewBox= \"0 0 448 512\"><path d=\"M432 256c0 17.69-14.33 32.01-32 32.01H256v144c0 17.69-14.33 31.99-32 31.99s-32-14.3-32-31.99v-144H48c-17.67 0-32-14.32-32-32.01s14.33-31.99 32-31.99H192v-144c0-17.69 14.33-32.01 32-32.01s32 14.32 32 32.01v144h144C417.7 224 432 238.3 432 256z\"><\/path><\/svg>\n\t\t\t\t\t\t\t<\/span>\n\t\t\t\t\t\t<span class=\"uagb-icon-active uagb-faq-icon-wrap\">\n\t\t\t\t\t\t\t\t<svg xmlns=\"https:\/\/www.w3.org\/2000\/svg\" viewBox= \"0 0 448 512\"><path d=\"M400 288h-352c-17.69 0-32-14.32-32-32.01s14.31-31.99 32-31.99h352c17.69 0 32 14.3 32 31.99S417.7 288 400 288z\"><\/path><\/svg>\n\t\t\t\t\t\t\t<\/span>\n\t\t\t<h4 class=\"uagb-question\"><p class=\"uagb-question\"><strong>C\u00e9 hiad comhalta\u00ed an Choimisi\u00fain Toghch\u00e1in?<\/strong><\/p><\/h4><\/div><div class=\"uagb-faq-content\"><p>T\u00e1 seachtar comhalta\u00ed ar Choimisi\u00fan Toghch\u00e1in neamhsple\u00e1ch na h\u00c9ireann. Is \u00ed Marie Baker, Breitheamh na C\u00fairte Uachtara\u00ed, an cathaoirleach, a d\u2019ainmnigh an Pr\u00edomh-Bhreitheamh.<br><br>T\u00e1 ceathrar gn\u00e1thchomhalta\u00ed den Choimisi\u00fan ann a ceapadh tar \u00e9is com\u00f3rtais a re\u00e1cht\u00e1il an tSeirbh\u00eds um Cheapach\u00e1in Phoibl\u00ed. Is iad sin:<br>Alex Atwood<br>John Curran<br>An tOllamh Caroline Fennell<br>Maura Quinn<br><br>T\u00e1 beirt chomhalta\u00ed de bhr\u00ed oifige ann:<br>Ger Deering, Ombudsman.<br>Peter Finnegan, Cl\u00e9ireach na D\u00e1la.<br><br>Faigheann siad taca\u00edocht ina gcuid oibre \u00f3 Fheidhmeannach at\u00e1 faoi sti\u00fair an Pr\u00edomhfheidhmeannaigh Art O\u2019Leary.<\/p><\/div><\/div><div class=\"wp-block-uagb-faq-child uagb-faq-child__outer-wrap uagb-faq-item uagb-block-828f86ea \" role=\"tab\" tabindex=\"0\"><div class=\"uagb-faq-questions-button uagb-faq-questions\">\t\t\t<span class=\"uagb-icon uagb-faq-icon-wrap\">\n\t\t\t\t\t\t\t\t<svg xmlns=\"https:\/\/www.w3.org\/2000\/svg\" viewBox= \"0 0 448 512\"><path d=\"M432 256c0 17.69-14.33 32.01-32 32.01H256v144c0 17.69-14.33 31.99-32 31.99s-32-14.3-32-31.99v-144H48c-17.67 0-32-14.32-32-32.01s14.33-31.99 32-31.99H192v-144c0-17.69 14.33-32.01 32-32.01s32 14.32 32 32.01v144h144C417.7 224 432 238.3 432 256z\"><\/path><\/svg>\n\t\t\t\t\t\t\t<\/span>\n\t\t\t\t\t\t<span class=\"uagb-icon-active uagb-faq-icon-wrap\">\n\t\t\t\t\t\t\t\t<svg xmlns=\"https:\/\/www.w3.org\/2000\/svg\" viewBox= \"0 0 448 512\"><path d=\"M400 288h-352c-17.69 0-32-14.32-32-32.01s14.31-31.99 32-31.99h352c17.69 0 32 14.3 32 31.99S417.7 288 400 288z\"><\/path><\/svg>\n\t\t\t\t\t\t\t<\/span>\n\t\t\t<h4 class=\"uagb-question\"><p class=\"uagb-question\"><strong>C\u00e9 a mhaoin\u00edonn an Coimisi\u00fan Toghch\u00e1in?<\/strong><\/p><\/h4><\/div><div class=\"uagb-faq-content\"><p>Comhlacht poibl\u00ed neamhsple\u00e1ch is ea an Coimisi\u00fan Toghch\u00e1in, agus mar sin n\u00edlimid faoi choimirce aon Roinn n\u00f3 Aire Rialtais. Faighimid maoini\u00fa poibl\u00ed tr\u00edn\u00e1r V\u00f3ta neamhsple\u00e1ch f\u00e9in (V\u00f3ta 23) agus t\u00e1imid freagrach go d\u00edreach don Oireachtas agus is \u00e9 \u00e1r Phr\u00edomhoifigeach Feidhmi\u00fach\u00e1in \u00e1r nOifigeach Cuntasa\u00edochta.<\/p><\/div><\/div><\/div>\n\n\n<div style=\"height:45px\" aria-hidden=\"true\" class=\"wp-block-spacer\"><\/div>\n\n\n\n<div id=\"presidential-election\" class=\"wp-block-uagb-container uagb-block-7f9bd1cc alignfull uagb-is-root-container\">\n<div class=\"wp-block-uagb-advanced-heading uagb-block-e9e086cd\"><h3 class=\"uagb-heading-text\">2. Eolas faoi Corrthoghch\u00e1n<\/h3><\/div>\n<\/div>\n\n\n<div class=\"wp-block-uagb-faq uagb-faq__outer-wrap uagb-block-9ff8bd42 uagb-faq-icon-row uagb-faq-layout-accordion uagb-faq-expand-first-true uagb-faq-inactive-other-true uagb-faq__wrap uagb-buttons-layout-wrap uagb-faq-equal-height     \" data-faqtoggle=\"true\" role=\"tablist\"><div class=\"wp-block-uagb-faq-child uagb-faq-child__outer-wrap uagb-faq-item uagb-block-78caf75a \" role=\"tab\" tabindex=\"0\"><div class=\"uagb-faq-questions-button uagb-faq-questions\">\t\t\t<span class=\"uagb-icon uagb-faq-icon-wrap\">\n\t\t\t\t\t\t\t\t<svg xmlns=\"https:\/\/www.w3.org\/2000\/svg\" viewBox= \"0 0 448 512\"><path d=\"M432 256c0 17.69-14.33 32.01-32 32.01H256v144c0 17.69-14.33 31.99-32 31.99s-32-14.3-32-31.99v-144H48c-17.67 0-32-14.32-32-32.01s14.33-31.99 32-31.99H192v-144c0-17.69 14.33-32.01 32-32.01s32 14.32 32 32.01v144h144C417.7 224 432 238.3 432 256z\"><\/path><\/svg>\n\t\t\t\t\t\t\t<\/span>\n\t\t\t\t\t\t<span class=\"uagb-icon-active uagb-faq-icon-wrap\">\n\t\t\t\t\t\t\t\t<svg xmlns=\"https:\/\/www.w3.org\/2000\/svg\" viewBox= \"0 0 448 512\"><path d=\"M400 288h-352c-17.69 0-32-14.32-32-32.01s14.31-31.99 32-31.99h352c17.69 0 32 14.3 32 31.99S417.7 288 400 288z\"><\/path><\/svg>\n\t\t\t\t\t\t\t<\/span>\n\t\t\t<h4 class=\"uagb-question\"><strong>C\u00e9n f\u00e1th a bhfuil corrthoghch\u00e1in ar si\u00fal anois?<\/strong><\/h4><\/div><div class=\"uagb-faq-content\"><p>T\u00e1 dh\u00e1 chorrthoghch\u00e1n le re\u00e1cht\u00e1il \u2013 ceann i Baile \u00c1tha Cliath L\u00e1ir agus ceann i nGaillimh Thiar \u2013 chun su\u00edoch\u00e1in D\u00e1la at\u00e1 folamh a l\u00edonadh.<br><br>T\u00e1 su\u00edoch\u00e1n folamh i nGaillimh Thiar de bharr gur toghadh Catherine Connolly mar Uachtar\u00e1n na h\u00c9ireann ar an 25 Deireadh F\u00f3mhair 2025. Ba Theachta D\u00e1la \u00ed don d\u00e1ilcheantar sin roimhe sin.<br>T\u00e1 su\u00edoch\u00e1n folamh i mBaile \u00c1tha Cliath L\u00e1ir de bharr gur \u00e9irigh Paschal Donohue as ar an 18 Deireadh F\u00f3mhair 2025. Ba Theachta D\u00e1la \u00e9 don d\u00e1ilcheantar sin roimhe sin.<br><br>Nuair a fhaigheann Teachta D\u00e1la b\u00e1s n\u00f3 nuair a \u00e9ir\u00edonn Teachta D\u00e1la as, ritheann an D\u00e1il r\u00fan ag ord\u00fa do <a href=\"https:\/\/www.electoralcommission.ie\/ga\/gluais-de-thearmai-toghchain\/\">cheann comhairimh<\/a> dh\u00e1ilcheantar an Teachta D\u00e1la toghch\u00e1n a re\u00e1cht\u00e1il chun an su\u00edoch\u00e1n folamh a l\u00edonadh. Eis\u00edonn an D\u00e1il eascaire (ord\u00fa dl\u00edthi\u00fail) don cheann comhairimh chun toghch\u00e1n a re\u00e1cht\u00e1il. Faoin dl\u00ed toghch\u00e1in, caithfear an t-eascaire a eisi\u00faint don cheann comhairimh laistigh de sh\u00e9 mh\u00ed de bh\u00e1s, \u00e9ir\u00ed as n\u00f3 scor an Teachta D\u00e1la..<\/p><\/div><\/div><div class=\"wp-block-uagb-faq-child uagb-faq-child__outer-wrap uagb-faq-item uagb-block-7f410581 \" role=\"tab\" tabindex=\"0\"><div class=\"uagb-faq-questions-button uagb-faq-questions\">\t\t\t<span class=\"uagb-icon uagb-faq-icon-wrap\">\n\t\t\t\t\t\t\t\t<svg xmlns=\"https:\/\/www.w3.org\/2000\/svg\" viewBox= \"0 0 448 512\"><path d=\"M432 256c0 17.69-14.33 32.01-32 32.01H256v144c0 17.69-14.33 31.99-32 31.99s-32-14.3-32-31.99v-144H48c-17.67 0-32-14.32-32-32.01s14.33-31.99 32-31.99H192v-144c0-17.69 14.33-32.01 32-32.01s32 14.32 32 32.01v144h144C417.7 224 432 238.3 432 256z\"><\/path><\/svg>\n\t\t\t\t\t\t\t<\/span>\n\t\t\t\t\t\t<span class=\"uagb-icon-active uagb-faq-icon-wrap\">\n\t\t\t\t\t\t\t\t<svg xmlns=\"https:\/\/www.w3.org\/2000\/svg\" viewBox= \"0 0 448 512\"><path d=\"M400 288h-352c-17.69 0-32-14.32-32-32.01s14.31-31.99 32-31.99h352c17.69 0 32 14.3 32 31.99S417.7 288 400 288z\"><\/path><\/svg>\n\t\t\t\t\t\t\t<\/span>\n\t\t\t<h4 class=\"uagb-question\"><strong>C\u00e9n chaoi a mbeidh a fhios agam c\u00e9n d\u00e1ilcheantar ina gc\u00f3na\u00edm?<\/strong><\/h4><\/div><div class=\"uagb-faq-content\"><p>Is f\u00e9idir leat do dh\u00e1ilcheantar a sheice\u00e1il le d\u2019\u00c9irch\u00f3d n\u00f3 do sheoladh ag an nasc seo a leanas \u2013 <a href=\"https:\/\/www.electoralcommission.ie\/ga\/cen-dailcheantar-ina-gconaim\/\">C\u00e9n D\u00e1ilcheantar ina gc\u00f3na\u00edm? &#8211; An Coimisi\u00fan Toghch\u00e1in<\/a>.<\/p><\/div><\/div><div class=\"wp-block-uagb-faq-child uagb-faq-child__outer-wrap uagb-faq-item uagb-block-edaca8e1 \" role=\"tab\" tabindex=\"0\"><div class=\"uagb-faq-questions-button uagb-faq-questions\">\t\t\t<span class=\"uagb-icon uagb-faq-icon-wrap\">\n\t\t\t\t\t\t\t\t<svg xmlns=\"https:\/\/www.w3.org\/2000\/svg\" viewBox= \"0 0 448 512\"><path d=\"M432 256c0 17.69-14.33 32.01-32 32.01H256v144c0 17.69-14.33 31.99-32 31.99s-32-14.3-32-31.99v-144H48c-17.67 0-32-14.32-32-32.01s14.33-31.99 32-31.99H192v-144c0-17.69 14.33-32.01 32-32.01s32 14.32 32 32.01v144h144C417.7 224 432 238.3 432 256z\"><\/path><\/svg>\n\t\t\t\t\t\t\t<\/span>\n\t\t\t\t\t\t<span class=\"uagb-icon-active uagb-faq-icon-wrap\">\n\t\t\t\t\t\t\t\t<svg xmlns=\"https:\/\/www.w3.org\/2000\/svg\" viewBox= \"0 0 448 512\"><path d=\"M400 288h-352c-17.69 0-32-14.32-32-32.01s14.31-31.99 32-31.99h352c17.69 0 32 14.3 32 31.99S417.7 288 400 288z\"><\/path><\/svg>\n\t\t\t\t\t\t\t<\/span>\n\t\t\t<h4 class=\"uagb-question\"><strong>An f\u00e9idir liom v\u00f3ta a chaitheamh sna corrthoghch\u00e1in?<\/strong><\/h4><\/div><div class=\"uagb-faq-content\"><p>Is f\u00e9idir leat v\u00f3ta a chaitheamh i gcorrthoghch\u00e1n m\u00e1 t\u00e1 t\u00fa:<br><br>-I do shaor\u00e1nach \u00c9ireannach n\u00f3 Briotanach<br>-Os cionn 18 mbliana d\u2019aois ar l\u00e1 na v\u00f3t\u00e1la-<br>-I do ghn\u00e1thch\u00f3na\u00ed i gceann den d\u00e1 dh\u00e1ilcheantar ina mbeidh corrthoghch\u00e1n ar si\u00fal \u2013 is f\u00e9idir leat do dh\u00e1ilcheantar a sheice\u00e1il anseo: <a href=\"https:\/\/www.electoralcommission.ie\/ga\/cen-dailcheantar-ina-gconaim\/\">C\u00e9n d\u00e1ilcheantar ina gc\u00f3na\u00edm? \u2013 An Coimisi\u00fan Toghch\u00e1in<\/a><br><br>Cl\u00e1raithe le v\u00f3ta a chaitheamh \u2013 f\u00e9adfaidh t\u00fa seice\u00e1il an bhfuil t\u00fa cl\u00e1raithe le v\u00f3ta a chaitheamh anseo: <a href=\"https:\/\/www.checktheregister.ie\/ga-IE\/\">Seice\u00e1il an Cl\u00e1r<\/a><ul><br><\/ul><\/p><\/div><\/div><div class=\"wp-block-uagb-faq-child uagb-faq-child__outer-wrap uagb-faq-item uagb-block-cb1f632b \" role=\"tab\" tabindex=\"0\"><div class=\"uagb-faq-questions-button uagb-faq-questions\">\t\t\t<span class=\"uagb-icon uagb-faq-icon-wrap\">\n\t\t\t\t\t\t\t\t<svg xmlns=\"https:\/\/www.w3.org\/2000\/svg\" viewBox= \"0 0 448 512\"><path d=\"M432 256c0 17.69-14.33 32.01-32 32.01H256v144c0 17.69-14.33 31.99-32 31.99s-32-14.3-32-31.99v-144H48c-17.67 0-32-14.32-32-32.01s14.33-31.99 32-31.99H192v-144c0-17.69 14.33-32.01 32-32.01s32 14.32 32 32.01v144h144C417.7 224 432 238.3 432 256z\"><\/path><\/svg>\n\t\t\t\t\t\t\t<\/span>\n\t\t\t\t\t\t<span class=\"uagb-icon-active uagb-faq-icon-wrap\">\n\t\t\t\t\t\t\t\t<svg xmlns=\"https:\/\/www.w3.org\/2000\/svg\" viewBox= \"0 0 448 512\"><path d=\"M400 288h-352c-17.69 0-32-14.32-32-32.01s14.31-31.99 32-31.99h352c17.69 0 32 14.3 32 31.99S417.7 288 400 288z\"><\/path><\/svg>\n\t\t\t\t\t\t\t<\/span>\n\t\t\t<h4 class=\"uagb-question\"><strong>C\u00e9 hiad na Teachta\u00ed D\u00e1la i nd\u00e1ilcheantar na Gaillimhe Thiar faoi l\u00e1thair?<\/strong><\/h4><\/div><div class=\"uagb-faq-content\"><p>T\u00e1 c\u00faig shu\u00edoch\u00e1n i nd\u00e1ilcheantar na Gaillimhe Thiar. \u00d3 toghadh an tUachtar\u00e1n Catherine Connolly, is iad seo a leanas an ceathrar Teachta\u00ed a dh\u00e9anann ionada\u00edocht ar dh\u00e1ilcheantar na Gaillimhe Thiar (in ord aib\u00edtre de r\u00e9ir sloinne):<br><br>John Connolly, Fianna F\u00e1il<br><br>Mair\u00e9ad Farrell, Sinn F\u00e9in<br><br>Noel Grealish, Neamhsple\u00e1ch<br><br>Hildegarde Naughton, Fine Gael<br><br>L\u00edonfaidh an corrthoghch\u00e1n i m\u00ed na Bealtaine an c\u00faigi\u00fa su\u00edoch\u00e1n folamh.<\/p><\/div><\/div><div class=\"wp-block-uagb-faq-child uagb-faq-child__outer-wrap uagb-faq-item uagb-block-7b551193 \" role=\"tab\" tabindex=\"0\"><div class=\"uagb-faq-questions-button uagb-faq-questions\">\t\t\t<span class=\"uagb-icon uagb-faq-icon-wrap\">\n\t\t\t\t\t\t\t\t<svg xmlns=\"https:\/\/www.w3.org\/2000\/svg\" viewBox= \"0 0 448 512\"><path d=\"M432 256c0 17.69-14.33 32.01-32 32.01H256v144c0 17.69-14.33 31.99-32 31.99s-32-14.3-32-31.99v-144H48c-17.67 0-32-14.32-32-32.01s14.33-31.99 32-31.99H192v-144c0-17.69 14.33-32.01 32-32.01s32 14.32 32 32.01v144h144C417.7 224 432 238.3 432 256z\"><\/path><\/svg>\n\t\t\t\t\t\t\t<\/span>\n\t\t\t\t\t\t<span class=\"uagb-icon-active uagb-faq-icon-wrap\">\n\t\t\t\t\t\t\t\t<svg xmlns=\"https:\/\/www.w3.org\/2000\/svg\" viewBox= \"0 0 448 512\"><path d=\"M400 288h-352c-17.69 0-32-14.32-32-32.01s14.31-31.99 32-31.99h352c17.69 0 32 14.3 32 31.99S417.7 288 400 288z\"><\/path><\/svg>\n\t\t\t\t\t\t\t<\/span>\n\t\t\t<h4 class=\"uagb-question\"><strong>C\u00e9 hiad na Teachta\u00ed D\u00e1la i nd\u00e1ilcheantar Bhaile \u00c1tha Cliath L\u00e1ir faoi l\u00e1thair?<\/strong><\/h4><\/div><div class=\"uagb-faq-content\"><p>T\u00e1 ceithre shu\u00edoch\u00e1n i nd\u00e1ilcheantar Bhaile \u00c1tha Cliath L\u00e1ir. \u00d3 d\u2019\u00e9irigh Paschal Donohue as, is iad seo a leanas an tri\u00far Teachta\u00ed a dh\u00e9anann ionada\u00edocht ar dh\u00e1ilcheantar Bhaile \u00c1tha Cliath L\u00e1ir (in ord aib\u00edtre de r\u00e9ir sloinne):<br>Gary Gannon, Daonlathaigh Sh\u00f3isialta<br><br>Mary-Lou McDonald, Sinn F\u00e9in<br><br>Marie Sherlock, P\u00e1irt\u00ed an Lucht Oibre<br><br>L\u00edonfaidh an corrthoghch\u00e1n i m\u00ed na Bealtaine an ceathr\u00fa su\u00edoch\u00e1n folamh.<\/p><\/div><\/div><div class=\"wp-block-uagb-faq-child uagb-faq-child__outer-wrap uagb-faq-item uagb-block-c773c861 \" role=\"tab\" tabindex=\"0\"><div class=\"uagb-faq-questions-button uagb-faq-questions\">\t\t\t<span class=\"uagb-icon uagb-faq-icon-wrap\">\n\t\t\t\t\t\t\t\t<svg xmlns=\"https:\/\/www.w3.org\/2000\/svg\" viewBox= \"0 0 448 512\"><path d=\"M432 256c0 17.69-14.33 32.01-32 32.01H256v144c0 17.69-14.33 31.99-32 31.99s-32-14.3-32-31.99v-144H48c-17.67 0-32-14.32-32-32.01s14.33-31.99 32-31.99H192v-144c0-17.69 14.33-32.01 32-32.01s32 14.32 32 32.01v144h144C417.7 224 432 238.3 432 256z\"><\/path><\/svg>\n\t\t\t\t\t\t\t<\/span>\n\t\t\t\t\t\t<span class=\"uagb-icon-active uagb-faq-icon-wrap\">\n\t\t\t\t\t\t\t\t<svg xmlns=\"https:\/\/www.w3.org\/2000\/svg\" viewBox= \"0 0 448 512\"><path d=\"M400 288h-352c-17.69 0-32-14.32-32-32.01s14.31-31.99 32-31.99h352c17.69 0 32 14.3 32 31.99S417.7 288 400 288z\"><\/path><\/svg>\n\t\t\t\t\t\t\t<\/span>\n\t\t\t<h4 class=\"uagb-question\"><strong>C\u00e9ard \u00e9 an spriocdh\u00e1ta chun cl\u00e1r\u00fa le v\u00f3t\u00e1il?<\/strong><\/h4><\/div><div class=\"uagb-faq-content\"><p>NuairFaoin dl\u00ed toghch\u00e1in, caithfidh d\u2019\u00fadar\u00e1s \u00e1iti\u00fail iarratais chun cl\u00e1r\u00fa le v\u00f3t\u00e1il n\u00f3 leis an gcl\u00e1r a leas\u00fa a fh\u00e1il 15 l\u00e1 roimh l\u00e1 na v\u00f3t\u00e1la (gan an Domhnach, Aoine an Ch\u00e9asta n\u00e1 laethanta saoire poibl\u00ed san \u00e1ireamh). Socr\u00f3far an d\u00e1ta sonrach d\u00f3 sin nuair a thairgtear an t-eascaire le haghaidh na gcorrthoghch\u00e1n, ach is f\u00e9idir leat cl\u00e1r\u00fa le v\u00f3t\u00e1il n\u00f3 do chuid sonra\u00ed a sheice\u00e1il am ar bith taobh amuigh de thr\u00e9imhse toghch\u00e1in.<br><br>Is \u00e9 an bealach is \u00e9asca agus is tapa le cl\u00e1r\u00fa n\u00e1 ar l\u00edne ar <a href=\"http:\/\/www.checktheregister.ie\">www.checktheregister.ie<\/a>.<br>Ach is f\u00e9idir leat cl\u00e1r\u00fa leis an bhfoirm ph\u00e1ip\u00e9ir ERF 1 freisin. T\u00e1 an fhoirm sin ar f\u00e1il ar <a href=\"http:\/\/www.checktheregister.ie\">www.checktheregister.ie<\/a>\u00a0n\u00f3 \u00f3 d\u2019\u00fadar\u00e1s \u00e1iti\u00fail.<br><br>Bainist\u00edonn gach \u00fadar\u00e1s \u00e1iti\u00fail cl\u00e1r\u00fa na v\u00f3t\u00e1laithe go d\u00edreach. N\u00ed bhainist\u00edonn an Coimisi\u00fan Toghch\u00e1in cl\u00e1r\u00fa v\u00f3t\u00e1laithe.<br><br>Bainist\u00edonn Comhairle Cathrach na Gaillimhe agus Comhairle Chontae na Gaillimhe cl\u00e1r na dtoghth\u00f3ir\u00ed le haghaidh dh\u00e1ilcheantar na Gaillimhe Thiar toisc go mbaineann an d\u00e1ilcheantar sin le ceantair an d\u00e1 \u00fadar\u00e1is \u00e1iti\u00fail.<br><br>Bainist\u00edonn Comhairle Cathrach Bhaile \u00c1tha Cliath cl\u00e1r na dtoghth\u00f3ir\u00ed le haghaidh Bhaile \u00c1tha Cliath L\u00e1ir.<br><br>T\u00e1 sonra\u00ed teagmh\u00e1la na n-\u00fadar\u00e1s \u00e1iti\u00fail ar f\u00e1il anseo [<a href=\"https:\/\/www.checktheregister.ie\/ga-IE\/contact\">F\u00e9ach ar an liosta de sheolta\u00ed poist gach \u00fadar\u00e1is \u00e1iti\u00fail]. <\/a>\u00a0<\/p><\/div><\/div><div class=\"wp-block-uagb-faq-child uagb-faq-child__outer-wrap uagb-faq-item uagb-block-5afe4abf \" role=\"tab\" tabindex=\"0\"><div class=\"uagb-faq-questions-button uagb-faq-questions\">\t\t\t<span class=\"uagb-icon uagb-faq-icon-wrap\">\n\t\t\t\t\t\t\t\t<svg xmlns=\"https:\/\/www.w3.org\/2000\/svg\" viewBox= \"0 0 448 512\"><path d=\"M432 256c0 17.69-14.33 32.01-32 32.01H256v144c0 17.69-14.33 31.99-32 31.99s-32-14.3-32-31.99v-144H48c-17.67 0-32-14.32-32-32.01s14.33-31.99 32-31.99H192v-144c0-17.69 14.33-32.01 32-32.01s32 14.32 32 32.01v144h144C417.7 224 432 238.3 432 256z\"><\/path><\/svg>\n\t\t\t\t\t\t\t<\/span>\n\t\t\t\t\t\t<span class=\"uagb-icon-active uagb-faq-icon-wrap\">\n\t\t\t\t\t\t\t\t<svg xmlns=\"https:\/\/www.w3.org\/2000\/svg\" viewBox= \"0 0 448 512\"><path d=\"M400 288h-352c-17.69 0-32-14.32-32-32.01s14.31-31.99 32-31.99h352c17.69 0 32 14.3 32 31.99S417.7 288 400 288z\"><\/path><\/svg>\n\t\t\t\t\t\t\t<\/span>\n\t\t\t<h4 class=\"uagb-question\"><strong><strong>C\u00e9ard \u00e9 an spriocdh\u00e1ta chun iarrth\u00f3ir\u00ed a ainmni\u00fa do chorrthoghch\u00e1n?<\/strong><\/strong><\/h4><\/div><div class=\"uagb-faq-content\"><p>I ndiaidh don D\u00e1il eascaire a eisi\u00faint ina n-orda\u00edtear do na Cinn Chomhairimh corrthoghch\u00e1in a re\u00e1cht\u00e1il, foilseoidh na Cinn Chomhairimh \u2018f\u00f3gra toghch\u00e1in\u2019 ar l\u00edne chun an pr\u00f3iseas agus an d\u00e1ta \u00e1bhartha chun iarrth\u00f3ir a ainmni\u00fa a mh\u00edni\u00fa don phobal. Foilseoidh na Cinn Chomhairimh na f\u00f3gra\u00ed sin ar a su\u00edomhanna gr\u00e9as\u00e1in \u2013 <a href=\"https:\/\/www.dublincityreturningofficer.com\/\">https:\/\/www.dublincityreturningofficer.com\/<\/a> agus <a href=\"https:\/\/galwayreturningofficer.com\/\">https:\/\/galwayreturningofficer.com\/<\/a> \u2013 agus sna me\u00e1in \u00e1iti\u00fala.<br><br>N\u00edl aon r\u00f3l d\u00edreach ag an gCoimisi\u00fan Toghch\u00e1in i dtoghch\u00e1in a eagr\u00fa n\u00e1 in ainmni\u00fach\u00e1in d\u2019iarrth\u00f3ir\u00ed toghch\u00e1in a fh\u00e1il n\u00e1 cinneadh a dh\u00e9anamh f\u00fathu. Is faoin gCeann Comhairimh i ngach d\u00e1ilcheantar na c\u00farsa\u00ed sin.<br><br>Is \u00e9 an d\u00e1ta deiridh chun duine a chur chun cinn mar iarrth\u00f3ir n\u00e1 12 me\u00e1n lae ar an seacht\u00fa l\u00e1 i ndiaidh na heascair\u00ed (na horduithe dl\u00edthi\u00fala) a eisi\u00faint do na cinn chomhairimh ag ord\u00fa d\u00f3ibh toghch\u00e1n a re\u00e1cht\u00e1il.<\/p><\/div><\/div><div class=\"wp-block-uagb-faq-child uagb-faq-child__outer-wrap uagb-faq-item uagb-block-4fcbd663 \" role=\"tab\" tabindex=\"0\"><div class=\"uagb-faq-questions-button uagb-faq-questions\">\t\t\t<span class=\"uagb-icon uagb-faq-icon-wrap\">\n\t\t\t\t\t\t\t\t<svg xmlns=\"https:\/\/www.w3.org\/2000\/svg\" viewBox= \"0 0 448 512\"><path d=\"M432 256c0 17.69-14.33 32.01-32 32.01H256v144c0 17.69-14.33 31.99-32 31.99s-32-14.3-32-31.99v-144H48c-17.67 0-32-14.32-32-32.01s14.33-31.99 32-31.99H192v-144c0-17.69 14.33-32.01 32-32.01s32 14.32 32 32.01v144h144C417.7 224 432 238.3 432 256z\"><\/path><\/svg>\n\t\t\t\t\t\t\t<\/span>\n\t\t\t\t\t\t<span class=\"uagb-icon-active uagb-faq-icon-wrap\">\n\t\t\t\t\t\t\t\t<svg xmlns=\"https:\/\/www.w3.org\/2000\/svg\" viewBox= \"0 0 448 512\"><path d=\"M400 288h-352c-17.69 0-32-14.32-32-32.01s14.31-31.99 32-31.99h352c17.69 0 32 14.3 32 31.99S417.7 288 400 288z\"><\/path><\/svg>\n\t\t\t\t\t\t\t<\/span>\n\t\t\t<h4 class=\"uagb-question\"><strong><strong>C\u00e9n chaoi ar f\u00e9idir liom seasamh sa chorrthoghch\u00e1n mar iarrth\u00f3ir?<\/strong><\/strong><\/h4><\/div><div class=\"uagb-faq-content\"><p><ul><br> \t<li>Chun seasamh mar iarrth\u00f3ir le haghaidh p\u00e1irt\u00ed polait\u00edochta, beidh ort dul tr\u00ed phr\u00f3iseas roghn\u00fach\u00e1in an ph\u00e1irt\u00ed. (F\u00e9ach ar an nasc go Cl\u00e1r na bP\u00e1irtithe Polait\u00edochta.)<\/li><br> \t<li>Chun rith mar iarrth\u00f3ir neamhsple\u00e1ch, f\u00e9adfaidh t\u00fa th\u00fa f\u00e9in a ainmni\u00fa n\u00f3 f\u00e9adfaidh toghth\u00f3ir D\u00e1la (duine at\u00e1 cl\u00e1raithe le v\u00f3t\u00e1il i dtoghch\u00e1in na D\u00e1la) don toghcheantar sin th\u00fa a ainmni\u00fa.<\/li><\/ul><br><ul>Caithfidh t\u00fa ceann d\u00edobh seo a thabhairt don cheann comhairimh freisin:\t<\/ul><br><ul><li>Deimhni\u00fa Cleamhnachta P\u00e1irt\u00ed, n\u00f3<\/li><br><li>Dearbhuithe reacht\u00fala a sh\u00ednigh 30 toghth\u00f3ir, n\u00f3\u00c9arlais \u20ac500<\/li><br><\/ul>Bainist\u00edonn an Ceann Comhairimh an pr\u00f3iseas don d\u00e1ilcheantar. T\u00e1 na foirmeacha a chaithfear a chomhl\u00e1n\u00fa ar f\u00e1il \u00f3n gCeann Comhairimh n\u00f3 \u00f3n \u00fadar\u00e1s \u00e1iti\u00fail \u00e1bhartha \u2013 t\u00e1 nasc chuig na sonra\u00ed teagmh\u00e1la ar f\u00e1il th\u00edos. Nuair a chuirtear foirm ainmni\u00fach\u00e1in isteach, cinneann an Ceann Comhairimh an bhfuil s\u00ed bail\u00ed n\u00f3 nach bhfuil laistigh d\u2019uair an chloig \u00f3n uair a fhaightear \u00ed.<br>\u00a0<br>Su\u00edomhanna gr\u00e9as\u00e1in na gCeann Comhairimh<br>Baile \u00c1tha Cliath L\u00e1ir: <a href=\"https:\/\/www.dublincityreturningofficer.com\/\">https:\/\/www.dublincityreturningofficer.com\/<\/a><br>Gaillimh Thiar: <a href=\"https:\/\/galwayreturningofficer.com\/\">https:\/\/galwayreturningofficer.com\/<\/a><br><br>Sonra\u00ed teagmh\u00e1la na n\u00dadar\u00e1s \u00c1iti\u00fail: <a href=\"https:\/\/www.checktheregister.ie\/ga-IE\/contact\">F\u00e9ach ar an liosta de sheolta\u00ed poist gach \u00fadar\u00e1is \u00e1iti\u00fail.<\/a><\/p><\/div><\/div><div class=\"wp-block-uagb-faq-child uagb-faq-child__outer-wrap uagb-faq-item uagb-block-95cf010b \" role=\"tab\" tabindex=\"0\"><div class=\"uagb-faq-questions-button uagb-faq-questions\">\t\t\t<span class=\"uagb-icon uagb-faq-icon-wrap\">\n\t\t\t\t\t\t\t\t<svg xmlns=\"https:\/\/www.w3.org\/2000\/svg\" viewBox= \"0 0 448 512\"><path d=\"M432 256c0 17.69-14.33 32.01-32 32.01H256v144c0 17.69-14.33 31.99-32 31.99s-32-14.3-32-31.99v-144H48c-17.67 0-32-14.32-32-32.01s14.33-31.99 32-31.99H192v-144c0-17.69 14.33-32.01 32-32.01s32 14.32 32 32.01v144h144C417.7 224 432 238.3 432 256z\"><\/path><\/svg>\n\t\t\t\t\t\t\t<\/span>\n\t\t\t\t\t\t<span class=\"uagb-icon-active uagb-faq-icon-wrap\">\n\t\t\t\t\t\t\t\t<svg xmlns=\"https:\/\/www.w3.org\/2000\/svg\" viewBox= \"0 0 448 512\"><path d=\"M400 288h-352c-17.69 0-32-14.32-32-32.01s14.31-31.99 32-31.99h352c17.69 0 32 14.3 32 31.99S417.7 288 400 288z\"><\/path><\/svg>\n\t\t\t\t\t\t\t<\/span>\n\t\t\t<h4 class=\"uagb-question\"><strong><strong>An f\u00e9idir le hiarrth\u00f3ir \u00e9ir\u00ed as an toghch\u00e1n?<\/strong><\/strong><\/h4><\/div><div class=\"uagb-faq-content\"><p>F\u00e9adfaidh iarrth\u00f3ir\u00ed a n-ainmni\u00fach\u00e1n a tharraingt siar go dt\u00ed 12 me\u00e1n lae ar an l\u00e1 i ndiaidh spriocdh\u00e1ta na n-ainmni\u00fach\u00e1n. M\u00e1 \u00e9ir\u00edonn iarrth\u00f3ir as i ndiaidh an d\u00e1ta sin, d\u2019fh\u00e9adfadh go mbeadh a n-ainm ar an bp\u00e1ip\u00e9ar ball\u00f3ide go f\u00f3ill toisc nach bhfuil aon s\u00e1sra reachtach ann chun ainm duine a bhaint den ph\u00e1ip\u00e9ar ball\u00f3ide chomh gar sin do l\u00e1 na v\u00f3t\u00e1la.<\/p><\/div><\/div><div class=\"wp-block-uagb-faq-child uagb-faq-child__outer-wrap uagb-faq-item uagb-block-40975136 \" role=\"tab\" tabindex=\"0\"><div class=\"uagb-faq-questions-button uagb-faq-questions\">\t\t\t<span class=\"uagb-icon uagb-faq-icon-wrap\">\n\t\t\t\t\t\t\t\t<svg xmlns=\"https:\/\/www.w3.org\/2000\/svg\" viewBox= \"0 0 448 512\"><path d=\"M432 256c0 17.69-14.33 32.01-32 32.01H256v144c0 17.69-14.33 31.99-32 31.99s-32-14.3-32-31.99v-144H48c-17.67 0-32-14.32-32-32.01s14.33-31.99 32-31.99H192v-144c0-17.69 14.33-32.01 32-32.01s32 14.32 32 32.01v144h144C417.7 224 432 238.3 432 256z\"><\/path><\/svg>\n\t\t\t\t\t\t\t<\/span>\n\t\t\t\t\t\t<span class=\"uagb-icon-active uagb-faq-icon-wrap\">\n\t\t\t\t\t\t\t\t<svg xmlns=\"https:\/\/www.w3.org\/2000\/svg\" viewBox= \"0 0 448 512\"><path d=\"M400 288h-352c-17.69 0-32-14.32-32-32.01s14.31-31.99 32-31.99h352c17.69 0 32 14.3 32 31.99S417.7 288 400 288z\"><\/path><\/svg>\n\t\t\t\t\t\t\t<\/span>\n\t\t\t<h4 class=\"uagb-question\"><p class=\"uagb-question\"><strong><strong>C\u00e9n chaoi a n-oibr\u00edonn an pr\u00f3iseas v\u00f3t\u00e1la i gcorrthoghch\u00e1n?<\/strong><\/strong><\/p><\/h4><\/div><div class=\"uagb-faq-content\"><p>B\u00edonn an pr\u00f3iseas v\u00f3t\u00e1la i gcorrthoghch\u00e1n mar an gc\u00e9anna leis an bpr\u00f3iseas in olltoghch\u00e1n. Beidh iarrth\u00f3ir\u00ed ar an bp\u00e1ip\u00e9ar ball\u00f3ide do gach d\u00e1ilcheantar. Nuair a mharc\u00e1lann t\u00fa do ph\u00e1ip\u00e9ar ball\u00f3ide, tosaigh le \u20181\u2019 don iarrth\u00f3ir is fearr leat, ansin \u20182\u2019 do do dhara rogha, agus mar sin de. F\u00e9adfaidh t\u00fa v\u00f3ta a chaitheamh le haghaidh a mh\u00e9ad n\u00f3 a laghad iarrth\u00f3ir\u00ed agus is mian leat. F\u00fat f\u00e9in at\u00e1 s\u00e9 go huile agus go hioml\u00e1n.<br>\u00a0<br>R\u00edomhtar an cu\u00f3ta ag comhaireamh an toghch\u00e1in. Is \u00e9 an cu\u00f3ta an l\u00edon v\u00f3ta\u00ed a theasta\u00edonn \u00f3 iarrth\u00f3ir le go dtoghfar iad. D\u00e9anfar comhaireamh na v\u00f3ta\u00ed de r\u00e9ir na rialacha le haghaidh chomhaireamh na v\u00f3ta\u00ed a leagtar amach san <a href=\"https:\/\/www.irishstatutebook.ie\/eli\/1992\/act\/23\/enacted\/en\/html\">Acht Toghch\u00e1in, 1992<\/a>.<br>\u00a0<br>Mar a tharla\u00edonn i gcomhaireamh toghch\u00e1in go hiond\u00fail, comhairfear na v\u00f3ta\u00ed pr\u00edomhrogha le haghaidh gach iarrth\u00f3ra. I ndiaidh an ch\u00e9ad chomhairimh sin, mura mbaineann aon iarrth\u00f3ir an cu\u00f3ta amach, cuirfear an t-iarrth\u00f3ir ag a bhfuil an l\u00edon v\u00f3ta\u00ed pr\u00edomhrogha is \u00edsle as an \u00e1ireamh, agus d\u00e1ilfear na v\u00f3ta\u00ed dara rogha ar na p\u00e1ip\u00e9ir bhall\u00f3ide sin i measc na n-iarrth\u00f3ir\u00ed at\u00e1 f\u00e1gtha.<br><br>Chun a chinnti\u00fa go gcomhairtear do v\u00f3ta, b\u00ed cinnte do roghanna a mharc\u00e1il chomh soil\u00e9ir agus is f\u00e9idir. Mura dteasta\u00edonn uait uimhir a chur le gach iarrth\u00f3ir ar an bp\u00e1ip\u00e9ar ball\u00f3ide, ba cheart an bosca in aice le hainm na n-iarrth\u00f3ir\u00ed nach bhfuil t\u00fa ag caitheamh v\u00f3ta ar a son a fh\u00e1g\u00e1il folamh.<br><br>Chun a chinnti\u00fa nach meastar go bhfuil do v\u00f3ta neamhbhail\u00ed, n\u00e1 cuir aon mharc eile ar an bp\u00e1ip\u00e9ar ball\u00f3ide.<\/p><\/div><\/div><div class=\"wp-block-uagb-faq-child uagb-faq-child__outer-wrap uagb-faq-item uagb-block-2fa4592f \" role=\"tab\" tabindex=\"0\"><div class=\"uagb-faq-questions-button uagb-faq-questions\">\t\t\t<span class=\"uagb-icon uagb-faq-icon-wrap\">\n\t\t\t\t\t\t\t\t<svg xmlns=\"https:\/\/www.w3.org\/2000\/svg\" viewBox= \"0 0 448 512\"><path d=\"M432 256c0 17.69-14.33 32.01-32 32.01H256v144c0 17.69-14.33 31.99-32 31.99s-32-14.3-32-31.99v-144H48c-17.67 0-32-14.32-32-32.01s14.33-31.99 32-31.99H192v-144c0-17.69 14.33-32.01 32-32.01s32 14.32 32 32.01v144h144C417.7 224 432 238.3 432 256z\"><\/path><\/svg>\n\t\t\t\t\t\t\t<\/span>\n\t\t\t\t\t\t<span class=\"uagb-icon-active uagb-faq-icon-wrap\">\n\t\t\t\t\t\t\t\t<svg xmlns=\"https:\/\/www.w3.org\/2000\/svg\" viewBox= \"0 0 448 512\"><path d=\"M400 288h-352c-17.69 0-32-14.32-32-32.01s14.31-31.99 32-31.99h352c17.69 0 32 14.3 32 31.99S417.7 288 400 288z\"><\/path><\/svg>\n\t\t\t\t\t\t\t<\/span>\n\t\t\t<h4 class=\"uagb-question\"><strong><strong>An bhfuil aon rialacha n\u00f3 crit\u00e9ir inch\u00e1ilitheachta ag baint le Teachta\u00ed D\u00e1la?<\/strong><\/strong><\/h4><\/div><div class=\"uagb-faq-content\"><p>Le bheith inch\u00e1ilithe chun seasamh i dtoghch\u00e1n le bheith i do Theachta D\u00e1la, n\u00ed m\u00f3r duit a bheith:<br>-I do shaor\u00e1nach \u00c9ireannach.<br>-21 bliain d\u2019aois ar a laghad.<br>-Cl\u00e1raithe le v\u00f3t\u00e1il (n\u00f3 i dteideal cl\u00e1r\u00fa le v\u00f3t\u00e1il).\u00a0<br>\u00a0<br>F\u00e9ach freisin ar <strong>C\u00e9 nach bhfuil inch\u00e1ilithe le bheith ina dTeachta D\u00e1la?<\/strong><br><br>\u00a0<\/p><\/div><\/div><div class=\"wp-block-uagb-faq-child uagb-faq-child__outer-wrap uagb-faq-item uagb-block-df0ad5ad \" role=\"tab\" tabindex=\"0\"><div class=\"uagb-faq-questions-button uagb-faq-questions\">\t\t\t<span class=\"uagb-icon uagb-faq-icon-wrap\">\n\t\t\t\t\t\t\t\t<svg xmlns=\"https:\/\/www.w3.org\/2000\/svg\" viewBox= \"0 0 448 512\"><path d=\"M432 256c0 17.69-14.33 32.01-32 32.01H256v144c0 17.69-14.33 31.99-32 31.99s-32-14.3-32-31.99v-144H48c-17.67 0-32-14.32-32-32.01s14.33-31.99 32-31.99H192v-144c0-17.69 14.33-32.01 32-32.01s32 14.32 32 32.01v144h144C417.7 224 432 238.3 432 256z\"><\/path><\/svg>\n\t\t\t\t\t\t\t<\/span>\n\t\t\t\t\t\t<span class=\"uagb-icon-active uagb-faq-icon-wrap\">\n\t\t\t\t\t\t\t\t<svg xmlns=\"https:\/\/www.w3.org\/2000\/svg\" viewBox= \"0 0 448 512\"><path d=\"M400 288h-352c-17.69 0-32-14.32-32-32.01s14.31-31.99 32-31.99h352c17.69 0 32 14.3 32 31.99S417.7 288 400 288z\"><\/path><\/svg>\n\t\t\t\t\t\t\t<\/span>\n\t\t\t<h4 class=\"uagb-question\"><strong><strong>C\u00e9 nach bhfuil inch\u00e1ilithe le bheith ina dTeachta D\u00e1la?<\/strong><\/strong><\/h4><\/div><div class=\"uagb-faq-content\"><p>T\u00e1 c\u00fapla c\u00fais a dh\u00edch\u00e1il\u00edonn duine \u00f3 bheith ina dTeachta D\u00e1la. Leagtar amach iad sin in Alt 41 den Acht Toghch\u00e1in, 1992 (<a href=\"https:\/\/www.irishstatutebook.ie\/eli\/1992\/act\/23\/enacted\/en\/html\">an tAcht Toghch\u00e1in, 1992<\/a>).<br>\u00a0<br>N\u00ed f\u00e9idir leat a bheith i do Theachta D\u00e1la:<br>-Mura saor\u00e1nach \u00c9ireannach th\u00fa<br>-Mura bhfuil 21 bliain d\u2019aois sl\u00e1naithe agat faoi l\u00e1 na v\u00f3t\u00e1la<br>-M\u00e1 t\u00e1 post faoi leith agat, ina measc: breitheamh, comhalta d\u2019\u00d3glaigh na h\u00c9ireann, comhalta den Gharda S\u00edoch\u00e1na, St\u00e1tseirbh\u00edseach, comhalta den Choimisi\u00fan Eorpach<br>-M\u00e1 t\u00e1 t\u00fa faoi phianbhreith phr\u00edos\u00fanachta ar feadh t\u00e9arma is faide n\u00e1 s\u00e9 mh\u00ed, a d\u2019fhorchuir C\u00fairt \u00c9ireannach<br><br>\u00a0<br><br>\u00a0<br><br>\u00a0<\/p><\/div><\/div><\/div>\n\n\n<div style=\"height:99px\" aria-hidden=\"true\" class=\"wp-block-spacer\"><\/div>\n\n\n\n<div id=\"register-of-electors-queries\" class=\"wp-block-uagb-container uagb-block-09c84f44 alignfull uagb-is-root-container\">\n<div class=\"wp-block-uagb-advanced-heading uagb-block-4e08dbd9\"><h3 class=\"uagb-heading-text\">3. Ceisteanna faoi Chl\u00e1r na dToghth\u00f3ir\u00ed<\/h3><\/div>\n<\/div>\n\n\n<div class=\"wp-block-uagb-faq uagb-faq__outer-wrap uagb-block-72fee511 uagb-faq-icon-row uagb-faq-layout-accordion uagb-faq-expand-first-true uagb-faq-inactive-other-true uagb-faq__wrap uagb-buttons-layout-wrap uagb-faq-equal-height     \" data-faqtoggle=\"true\" role=\"tablist\"><div class=\"wp-block-uagb-faq-child uagb-faq-child__outer-wrap uagb-faq-item uagb-block-00110fee \" role=\"tab\" tabindex=\"0\"><div class=\"uagb-faq-questions-button uagb-faq-questions\">\t\t\t<span class=\"uagb-icon uagb-faq-icon-wrap\">\n\t\t\t\t\t\t\t\t<svg xmlns=\"https:\/\/www.w3.org\/2000\/svg\" viewBox= \"0 0 448 512\"><path d=\"M432 256c0 17.69-14.33 32.01-32 32.01H256v144c0 17.69-14.33 31.99-32 31.99s-32-14.3-32-31.99v-144H48c-17.67 0-32-14.32-32-32.01s14.33-31.99 32-31.99H192v-144c0-17.69 14.33-32.01 32-32.01s32 14.32 32 32.01v144h144C417.7 224 432 238.3 432 256z\"><\/path><\/svg>\n\t\t\t\t\t\t\t<\/span>\n\t\t\t\t\t\t<span class=\"uagb-icon-active uagb-faq-icon-wrap\">\n\t\t\t\t\t\t\t\t<svg xmlns=\"https:\/\/www.w3.org\/2000\/svg\" viewBox= \"0 0 448 512\"><path d=\"M400 288h-352c-17.69 0-32-14.32-32-32.01s14.31-31.99 32-31.99h352c17.69 0 32 14.3 32 31.99S417.7 288 400 288z\"><\/path><\/svg>\n\t\t\t\t\t\t\t<\/span>\n\t\t\t<h4 class=\"uagb-question\"><strong>C\u00e9n chaoi a gcl\u00e1r\u00f3idh m\u00e9 le v\u00f3t\u00e1il?<\/strong><\/h4><\/div><div class=\"uagb-faq-content\"><p>Is \u00e9 an bealach is sciobtha le cl\u00e1r\u00fa le v\u00f3t\u00e1il n\u00e1 ar l\u00edne ar <a href=\"http:\/\/www.checktheregister.ie\">www.checktheregister.ie<\/a> n\u00f3 <a href=\"http:\/\/www.voter.ie\">www.voter.ie<\/a> (Baile \u00c1tha Cliath amh\u00e1in).<br><br>Mura bhfuil t\u00fa in ann cl\u00e1r\u00fa ar l\u00edne, n\u00f3 mura dteasta\u00edonn uait \u00e9 a dh\u00e9anamh ar l\u00edne, is f\u00e9idir cl\u00e1r\u00fa ach an <a href=\"https:\/\/www.checktheregister.ie\/ga-IE\/forms\">Fhoirm <strong>ERF1<\/strong><\/a> a chomhl\u00e1n\u00fa agus \u00ed a sheoladh chuig d\u2019\u00fadar\u00e1s \u00e1iti\u00fail \u00e1bhartha.<br><br><a href=\"https:\/\/www.checktheregister.ie\/ga-IE\/contact\">F\u00e9ach ar an liosta de sheolta\u00ed poist gach \u00fadar\u00e1is \u00e1iti\u00fail.<\/a><\/p><\/div><\/div><div class=\"wp-block-uagb-faq-child uagb-faq-child__outer-wrap uagb-faq-item uagb-block-947916f3 wp-block-uagb-faq-child uagb-faq-child__outer-wrap uagb-faq-item uagb-block-947916f3\" role=\"tab\" tabindex=\"0\"><div class=\"uagb-faq-questions-button uagb-faq-questions\">\t\t\t<span class=\"uagb-icon uagb-faq-icon-wrap\">\n\t\t\t\t\t\t\t\t<svg xmlns=\"https:\/\/www.w3.org\/2000\/svg\" viewBox= \"0 0 448 512\"><path d=\"M432 256c0 17.69-14.33 32.01-32 32.01H256v144c0 17.69-14.33 31.99-32 31.99s-32-14.3-32-31.99v-144H48c-17.67 0-32-14.32-32-32.01s14.33-31.99 32-31.99H192v-144c0-17.69 14.33-32.01 32-32.01s32 14.32 32 32.01v144h144C417.7 224 432 238.3 432 256z\"><\/path><\/svg>\n\t\t\t\t\t\t\t<\/span>\n\t\t\t\t\t\t<span class=\"uagb-icon-active uagb-faq-icon-wrap\">\n\t\t\t\t\t\t\t\t<svg xmlns=\"https:\/\/www.w3.org\/2000\/svg\" viewBox= \"0 0 448 512\"><path d=\"M400 288h-352c-17.69 0-32-14.32-32-32.01s14.31-31.99 32-31.99h352c17.69 0 32 14.3 32 31.99S417.7 288 400 288z\"><\/path><\/svg>\n\t\t\t\t\t\t\t<\/span>\n\t\t\t<h4 class=\"uagb-question\"><strong>An f\u00e9idir liom v\u00f3ta poist a fh\u00e1il?<\/strong><\/h4><\/div><div class=\"uagb-faq-content\"><p>Cuirtear postv\u00f3t\u00e1il ar f\u00e1il le haghaidh catag\u00f3ir\u00ed \u00e1irithe daoine.<br><br>\u00c1ir\u00edtear ina measc si\u00fad:<br>\u2013 Iad si\u00fad nach bhfuil in ann v\u00f3ta a chaitheamh i l\u00e1thair go pearsanta ag a st\u00e1isi\u00fan v\u00f3t\u00e1la \u00e1iti\u00fail mar gheall ar <strong>thinneas n\u00f3 m\u00edchumas<\/strong>;<br>\u2013 Toghth\u00f3ir\u00ed gur d\u00f3cha nach mbeid\u00eds in ann v\u00f3ta a chaitheamh i l\u00e1thair go pearsanta ar l\u00e1 na v\u00f3t\u00e1la mar gheall ar a n<strong>gairm<\/strong>, a seirbh\u00eds n\u00f3 a bhfosta\u00edocht;<br>\u2013 <strong>Mic l\u00e9inn l\u00e1naimseartha<\/strong> at\u00e1 cl\u00e1raithe sa bhaile ach at\u00e1 ina gc\u00f3na\u00ed in \u00e1it eile fad is at\u00e1 siad ag freastal ar institi\u00faid oideachais sa St\u00e1t;<br>\u2013 <strong>Toghth\u00f3ir\u00ed anaithnide<\/strong> n\u00f3 baill de theaghlach an duine a mbeadh a s\u00e1bh\u00e1ilteacht i mbaol d\u00e1 bhfoilseofa\u00ed a n-ainm agus a seoladh ar chl\u00e1r na dtoghth\u00f3ir\u00ed;<br><br>\u2013 <strong>Taidhleoir\u00ed<\/strong> \u00c9ireannacha at\u00e1 ag f\u00f3namh thar lear agus a gc\u00e9il\u00ed\/bp\u00e1irtithe;<br>\u2013 Comhalta\u00ed den <strong>Gharda S\u00edoch\u00e1na<\/strong>;<br>\u2013 Comhalta\u00ed d\u2019<strong>\u00d3glaigh na h\u00c9ireann<\/strong>;<br>\u2013 <strong>Pr\u00edos\u00fanaigh<\/strong>.<br><br>M\u00e1 chreideann t\u00fa go bhfuil t\u00fa i dteideal postv\u00f3t\u00e1la, is f\u00e9idir leat foirm PV2 n\u00f3 PV4 a chomhl\u00e1n\u00fa agus \u00ed a sheoladh chuig d\u2019\u00fadar\u00e1s \u00e1iti\u00fail \u00e1bhartha. <a href=\"https:\/\/www.checktheregister.ie\/ga-IE\/forms\">F\u00e9ach ar na foirmeacha PV2 agus PV4 agus \u00edosl\u00f3d\u00e1il iad anseo.<\/a><br><br>Is f\u00e9idir d\u2019fhoirm chomhl\u00e1naithe a sheoladh chuig d\u2019\u00dadar\u00e1s \u00c1iti\u00fail am ar bith, ach chun a bheith inch\u00e1ilithe le haghaidh v\u00f3ta speisialta i dtoghch\u00e1in \u00c9ireannacha, caithfidh d\u2019\u00dadar\u00e1s \u00c1iti\u00fail d\u2019fhoirm a fh\u00e1il faoin spriocdh\u00e1ta a fh\u00f3gr\u00f3far roimh thoghch\u00e1n.<br><br><a href=\"https:\/\/www.checktheregister.ie\/ga-IE\/contact\">F\u00e9ach ar shonra\u00ed teagmh\u00e1la agus seolta\u00ed poist na n-\u00fadar\u00e1s \u00e1iti\u00fail ar fad.<\/a><br><br>T\u00e1 tuilleadh eolais faoin bpostv\u00f3t\u00e1il ar \u00e1r leathanach faoi <a href=\"https:\/\/www.electoralcommission.ie\/ga\/votail-inrochtana\/\">v\u00f3t\u00e1il inrochtana<\/a>.<\/p><\/div><\/div><div class=\"wp-block-uagb-faq-child uagb-faq-child__outer-wrap uagb-faq-item uagb-block-f84f3cae wp-block-uagb-faq-child uagb-faq-child__outer-wrap uagb-faq-item uagb-block-f84f3cae\" role=\"tab\" tabindex=\"0\"><div class=\"uagb-faq-questions-button uagb-faq-questions\">\t\t\t<span class=\"uagb-icon uagb-faq-icon-wrap\">\n\t\t\t\t\t\t\t\t<svg xmlns=\"https:\/\/www.w3.org\/2000\/svg\" viewBox= \"0 0 448 512\"><path d=\"M432 256c0 17.69-14.33 32.01-32 32.01H256v144c0 17.69-14.33 31.99-32 31.99s-32-14.3-32-31.99v-144H48c-17.67 0-32-14.32-32-32.01s14.33-31.99 32-31.99H192v-144c0-17.69 14.33-32.01 32-32.01s32 14.32 32 32.01v144h144C417.7 224 432 238.3 432 256z\"><\/path><\/svg>\n\t\t\t\t\t\t\t<\/span>\n\t\t\t\t\t\t<span class=\"uagb-icon-active uagb-faq-icon-wrap\">\n\t\t\t\t\t\t\t\t<svg xmlns=\"https:\/\/www.w3.org\/2000\/svg\" viewBox= \"0 0 448 512\"><path d=\"M400 288h-352c-17.69 0-32-14.32-32-32.01s14.31-31.99 32-31.99h352c17.69 0 32 14.3 32 31.99S417.7 288 400 288z\"><\/path><\/svg>\n\t\t\t\t\t\t\t<\/span>\n\t\t\t<h4 class=\"uagb-question\"><strong>C\u00e9n chaoi a gcaithfidh m\u00e9 v\u00f3ta sa phost?<\/strong><\/h4><\/div><div class=\"uagb-faq-content\"><p>I ndiaidh duit <a href=\"https:\/\/www.electoralcommission.ie\/ga\/ceisteanna-coitianta-ccanna\/#GetPostalVote\">an fhoirm agus na c\u00e1ip\u00e9is\u00ed \u00e1bhartha a chur isteach<\/a>, gheobhaidh t\u00fa sraith c\u00e1ip\u00e9is\u00ed v\u00f3t\u00e1la ina mbeidh:<br><br>\u2013 p\u00e1ip\u00e9ir bhall\u00f3ide;<br>\u2013 admh\u00e1il le haghaidh na bp\u00e1ip\u00e9ar ball\u00f3ide;<br>\u2013 cl\u00fadach litreach ina mbeidh na p\u00e1ip\u00e9ir bhall\u00f3ide mharc\u00e1ilte le cur; agus<br>\u2013 cl\u00fadach litreach n\u00edos m\u00f3 chun na c\u00e1ip\u00e9is\u00ed v\u00f3t\u00e1la a sheoladh ar ais chuig an gCeann Comhairimh.<br><br><strong>Chun v\u00f3ta a chaitheamh:<\/strong><br>\u2013 Scr\u00edobhfaidh t\u00fa \u20181\u2019 sa bhosca in aice le hainm an ch\u00e9ad iarrth\u00f3ra is rogha leat, agus, m\u00e1s maith leat, \u20182\u2019 sa bhosca in aice le do dhara rogha, \u20183\u2019 sa bhosca in aice le do tr\u00ed\u00fa rogha, agus mar sin de. Ar <strong>gach p\u00e1ip\u00e9ar ball\u00f3ide<\/strong>, b\u00ed cinnte go dtosa\u00edonn t\u00fa le \u20181\u2019, ansin \u20182\u2019, ansin \u20183\u2019 agus mar sin de.<br>\u2013 Cuir do ph\u00e1ip\u00e9ir bhall\u00f3ide mharc\u00e1ilte isteach sa chl\u00fadach a bhfuil \u201cCl\u00fadach P\u00e1ip\u00e9ar Ball\u00f3ide\u201d marc\u00e1ilte air agus d\u00fan \u00e9;<br>\u2013 Cuir an cl\u00fadach sin mar aon leis an admh\u00e1il chomhl\u00e1naithe le haghaidh an ph\u00e1ip\u00e9ir ball\u00f3ide isteach sa chl\u00fadach m\u00f3r faoi sheoladh an Chinn Comhairimh, d\u00fan \u00e9 agus seol sa phost \u00e9 l\u00e1ithreach;<br>\u2013 Caithfear an p\u00e1ip\u00e9ar ball\u00f3ide a chur sa phost agus n\u00ed f\u00e9idir \u00e9 a sh\u00edneadh chuig an gCeann Comhairimh.<\/p><\/div><\/div><div class=\"wp-block-uagb-faq-child uagb-faq-child__outer-wrap uagb-faq-item uagb-block-30293df5 wp-block-uagb-faq-child uagb-faq-child__outer-wrap uagb-faq-item uagb-block-30293df5\" role=\"tab\" tabindex=\"0\"><div class=\"uagb-faq-questions-button uagb-faq-questions\">\t\t\t<span class=\"uagb-icon uagb-faq-icon-wrap\">\n\t\t\t\t\t\t\t\t<svg xmlns=\"https:\/\/www.w3.org\/2000\/svg\" viewBox= \"0 0 448 512\"><path d=\"M432 256c0 17.69-14.33 32.01-32 32.01H256v144c0 17.69-14.33 31.99-32 31.99s-32-14.3-32-31.99v-144H48c-17.67 0-32-14.32-32-32.01s14.33-31.99 32-31.99H192v-144c0-17.69 14.33-32.01 32-32.01s32 14.32 32 32.01v144h144C417.7 224 432 238.3 432 256z\"><\/path><\/svg>\n\t\t\t\t\t\t\t<\/span>\n\t\t\t\t\t\t<span class=\"uagb-icon-active uagb-faq-icon-wrap\">\n\t\t\t\t\t\t\t\t<svg xmlns=\"https:\/\/www.w3.org\/2000\/svg\" viewBox= \"0 0 448 512\"><path d=\"M400 288h-352c-17.69 0-32-14.32-32-32.01s14.31-31.99 32-31.99h352c17.69 0 32 14.3 32 31.99S417.7 288 400 288z\"><\/path><\/svg>\n\t\t\t\t\t\t\t<\/span>\n\t\t\t<h4 class=\"uagb-question\"><strong>C\u00e9n chaoi a nd\u00e9anfaidh m\u00e9 iarratas ar chl\u00e1r\u00fa mar V\u00f3t\u00e1la\u00ed Speisialta?<\/strong><\/h4><\/div><div class=\"uagb-faq-content\"><p>Aon duine a ch\u00f3na\u00edonn in ospid\u00e9al, teach altranais, saor\u00e1id mheabhairshl\u00e1inte n\u00f3 institi\u00faid d\u00e1 leith\u00e9id, ar a bhfuil m\u00edchumas n\u00f3 tinneas a chuireann cosc orthu dul chuig an st\u00e1isi\u00fan v\u00f3t\u00e1la, f\u00e9adfaidh siad v\u00f3ta a chaitheamh san ospid\u00e9al, teach altranais n\u00f3 saor\u00e1id d\u00e1 leith\u00e9id m\u00e1 dh\u00e9anann siad iarratas ar liosta na v\u00f3t\u00e1laithe speisialta a ullmha\u00edonn na h\u00fadar\u00e1is cl\u00e1r\u00fach\u00e1in (comhairl\u00ed cathrach agus contae) agus a nd\u00e9anann siad cothabh\u00e1il air mar chuid de chl\u00e1r na dtoghth\u00f3ir\u00ed.<br><br>I gc\u00e1s an ch\u00e9ad iarratais, agus aon uair a \u00e9il\u00edonn na h\u00fadar\u00e1is cl\u00e1r\u00fach\u00e1in \u00e9 i gc\u00e1s iarratais ina dhiaidh sin, caithfear teastas \u00f3 chleacht\u00f3ir leighis cl\u00e1raithe (ar n\u00f3s docht\u00fair teaghlaigh) a chur leis.<br><br>M\u00e1 theasta\u00edonn uait cl\u00e1r\u00fa mar v\u00f3t\u00e1la\u00ed speisialta, is f\u00e9idir \u00e9 sin a dh\u00e9anamh ach foirm SV1 a chomhl\u00e1n\u00fa, at\u00e1 ar f\u00e1il ar www.checktheregister.ie n\u00f3 \u00f3 d\u2019\u00dadar\u00e1s \u00c1iti\u00fail. F\u00e9ach ar liosta teagmh\u00e1la na n\u00dadar\u00e1s \u00c1iti\u00fail.<br><br>Is f\u00e9idir d\u2019fhoirm chomhl\u00e1naithe a sheoladh chuig d\u2019\u00dadar\u00e1s \u00c1iti\u00fail am ar bith, ach chun a bheith inch\u00e1ilithe le haghaidh v\u00f3ta speisialta i dtoghch\u00e1in \u00c9ireannacha, caithfidh d\u2019\u00dadar\u00e1s \u00c1iti\u00fail d\u2019fhoirm a fh\u00e1il faoin spriocdh\u00e1ta a fh\u00f3gr\u00f3far roimh thoghch\u00e1n.<\/p><\/div><\/div><div class=\"wp-block-uagb-faq-child uagb-faq-child__outer-wrap uagb-faq-item uagb-block-fad20c80 wp-block-uagb-faq-child uagb-faq-child__outer-wrap uagb-faq-item uagb-block-fad20c80\" role=\"tab\" tabindex=\"0\"><div class=\"uagb-faq-questions-button uagb-faq-questions\">\t\t\t<span class=\"uagb-icon uagb-faq-icon-wrap\">\n\t\t\t\t\t\t\t\t<svg xmlns=\"https:\/\/www.w3.org\/2000\/svg\" viewBox= \"0 0 448 512\"><path d=\"M432 256c0 17.69-14.33 32.01-32 32.01H256v144c0 17.69-14.33 31.99-32 31.99s-32-14.3-32-31.99v-144H48c-17.67 0-32-14.32-32-32.01s14.33-31.99 32-31.99H192v-144c0-17.69 14.33-32.01 32-32.01s32 14.32 32 32.01v144h144C417.7 224 432 238.3 432 256z\"><\/path><\/svg>\n\t\t\t\t\t\t\t<\/span>\n\t\t\t\t\t\t<span class=\"uagb-icon-active uagb-faq-icon-wrap\">\n\t\t\t\t\t\t\t\t<svg xmlns=\"https:\/\/www.w3.org\/2000\/svg\" viewBox= \"0 0 448 512\"><path d=\"M400 288h-352c-17.69 0-32-14.32-32-32.01s14.31-31.99 32-31.99h352c17.69 0 32 14.3 32 31.99S417.7 288 400 288z\"><\/path><\/svg>\n\t\t\t\t\t\t\t<\/span>\n\t\t\t<h4 class=\"uagb-question\"><strong>C\u00e9n chaoi a gcaithfidh m\u00e9 v\u00f3ta m\u00e1 bh\u00edm cl\u00e1raithe mar V\u00f3t\u00e1la\u00ed Speisialta?<\/strong><\/h4><\/div><div class=\"uagb-faq-content\"><p>Tr\u00e1th toghch\u00e1in n\u00f3 reifrinn, inseofar duit c\u00e9n l\u00e1 agus an t-am garbh (maidin\/tr\u00e1thn\u00f3na) a dtiocfaidh Oifigeach Ceannais chuig an ospid\u00e9al, teach altranais, saor\u00e1id mheabhairshl\u00e1inte n\u00f3 institi\u00faid d\u00e1 leith\u00e9id.<br><br>Beidh fianaise ar aitheantas agus bar\u00e1ntas ceapach\u00e1in ag an Oifigeach Ceannais speisialta a thabharfaidh siad duit lena scr\u00fad\u00fa nuair a thagann siad. Beidh Garda i dteannta an Oifigigh Ceannais speisialta freisin; is \u00e9 r\u00f3l an Gharda na p\u00e1ip\u00e9ir bhall\u00f3ide a choinne\u00e1il sl\u00e1n (mar a dh\u00e9antar i st\u00e1isi\u00fan v\u00f3t\u00e1la) agus gn\u00edomh\u00fa mar fhinn\u00e9 neamhsple\u00e1ch chun a chinnti\u00fa go dtugtar faoin ngn\u00e1s v\u00f3t\u00e1la go cu\u00ed.<br><br>N\u00ed f\u00e9idir le haon duine ach an tOifigeach Ceannais agus an Garda a bheith i l\u00e1thair nuair a chaitear an v\u00f3ta. Tabharfaidh an tOifigeach Ceannais dearbh\u00fa c\u00e9annachta duit a mbeidh siad ina bhfinn\u00e9 air.<br><br>Marc\u00e1lfaidh t\u00fa do p\u00e1ip\u00e9ar ball\u00f3ide faoi r\u00fan ansin, cuirfidh t\u00fa sa chl\u00fadach speisialta a thabharfar duit \u00e9, d\u00fanfaidh t\u00fa an cl\u00fadach agus tabharfaidh t\u00fa don Oifigeach Ceannais \u00e9.<br><br>M\u00e1 theasta\u00edonn c\u00fanamh le v\u00f3ta a chaitheamh, tabharfaidh an tOifigeach Ceannais speisialta c\u00fanamh duit mar a tharla\u00edonn i st\u00e1isi\u00fan v\u00f3t\u00e1la.<br><br>I gc\u00e1s eisceacht\u00fail nach bhfuil an t-ospid\u00e9al, an teach altranais, an tsaor\u00e1id mheabhairshl\u00e1inte n\u00f3 an institi\u00faid d\u00e1 leith\u00e9id ina gc\u00f3na\u00edonn an v\u00f3t\u00e1la\u00ed speisialta inrochtana don Oifigeach Ceannais speisialta, f\u00e9adfaidh an Ceann Comhairimh gn\u00e1sanna v\u00f3t\u00e1la speisialta a chur i bhfeidhm, ar n\u00f3s v\u00f3ta poist a eisi\u00faint do na v\u00f3t\u00e1laithe speisialta lena mbaineann.<\/p><\/div><\/div><div class=\"wp-block-uagb-faq-child uagb-faq-child__outer-wrap uagb-faq-item uagb-block-7bd381db wp-block-uagb-faq-child uagb-faq-child__outer-wrap uagb-faq-item uagb-block-7bd381db\" role=\"tab\" tabindex=\"0\"><div class=\"uagb-faq-questions-button uagb-faq-questions\">\t\t\t<span class=\"uagb-icon uagb-faq-icon-wrap\">\n\t\t\t\t\t\t\t\t<svg xmlns=\"https:\/\/www.w3.org\/2000\/svg\" viewBox= \"0 0 448 512\"><path d=\"M432 256c0 17.69-14.33 32.01-32 32.01H256v144c0 17.69-14.33 31.99-32 31.99s-32-14.3-32-31.99v-144H48c-17.67 0-32-14.32-32-32.01s14.33-31.99 32-31.99H192v-144c0-17.69 14.33-32.01 32-32.01s32 14.32 32 32.01v144h144C417.7 224 432 238.3 432 256z\"><\/path><\/svg>\n\t\t\t\t\t\t\t<\/span>\n\t\t\t\t\t\t<span class=\"uagb-icon-active uagb-faq-icon-wrap\">\n\t\t\t\t\t\t\t\t<svg xmlns=\"https:\/\/www.w3.org\/2000\/svg\" viewBox= \"0 0 448 512\"><path d=\"M400 288h-352c-17.69 0-32-14.32-32-32.01s14.31-31.99 32-31.99h352c17.69 0 32 14.3 32 31.99S417.7 288 400 288z\"><\/path><\/svg>\n\t\t\t\t\t\t\t<\/span>\n\t\t\t<h4 class=\"uagb-question\"><strong>How can I contact my local authority?<\/strong><\/h4><\/div><div class=\"uagb-faq-content\"><p><a href=\"https:\/\/www.electoralcommission.ie\/app\/uploads\/2024\/02\/UdarasAitiuil.docx\">F\u00e9ach ar liosta teagmh\u00e1la de na h\u00dadar\u00e1is \u00c1iti\u00fala.<\/a><\/p><\/div><\/div><div class=\"wp-block-uagb-faq-child uagb-faq-child__outer-wrap uagb-faq-item uagb-block-83acd2ba wp-block-uagb-faq-child uagb-faq-child__outer-wrap uagb-faq-item uagb-block-83acd2ba\" role=\"tab\" tabindex=\"0\"><div class=\"uagb-faq-questions-button uagb-faq-questions\">\t\t\t<span class=\"uagb-icon uagb-faq-icon-wrap\">\n\t\t\t\t\t\t\t\t<svg xmlns=\"https:\/\/www.w3.org\/2000\/svg\" viewBox= \"0 0 448 512\"><path d=\"M432 256c0 17.69-14.33 32.01-32 32.01H256v144c0 17.69-14.33 31.99-32 31.99s-32-14.3-32-31.99v-144H48c-17.67 0-32-14.32-32-32.01s14.33-31.99 32-31.99H192v-144c0-17.69 14.33-32.01 32-32.01s32 14.32 32 32.01v144h144C417.7 224 432 238.3 432 256z\"><\/path><\/svg>\n\t\t\t\t\t\t\t<\/span>\n\t\t\t\t\t\t<span class=\"uagb-icon-active uagb-faq-icon-wrap\">\n\t\t\t\t\t\t\t\t<svg xmlns=\"https:\/\/www.w3.org\/2000\/svg\" viewBox= \"0 0 448 512\"><path d=\"M400 288h-352c-17.69 0-32-14.32-32-32.01s14.31-31.99 32-31.99h352c17.69 0 32 14.3 32 31.99S417.7 288 400 288z\"><\/path><\/svg>\n\t\t\t\t\t\t\t<\/span>\n\t\t\t<h4 class=\"uagb-question\"><p class=\"uagb-question\">Fuair duine muinteartha liom b\u00e1s. C\u00e9n chaoi a mbainfidh m\u00e9 den chl\u00e1r iad?<\/p><\/h4><\/div><div class=\"uagb-faq-content\"><p>Chun duine muinteartha leat a bhaint de chl\u00e1r na dtoghth\u00f3ir\u00ed caithfidh t\u00fa <a href=\"https:\/\/www.checktheregister.ie\/ga-IE\/forms\">Foirm TPC1 &#8211; Iarratas \u00f3 thr\u00ed\u00fa p\u00e1irt\u00ed chun an cl\u00e1r a leas\u00fa<\/a> a chomhl\u00e1n\u00fa. Cuir an fhoirm chomhl\u00e1naithe chuig d\u2019\u00fadar\u00e1s \u00e1iti\u00fail ansin lena pr\u00f3ise\u00e1il. F\u00e9ach ar liosta teagmh\u00e1la na n-\u00fadar\u00e1s \u00e1iti\u00fail d\u00e1 sonra\u00ed teagmh\u00e1la agus seolta\u00ed poist.<br><br><a href=\"https:\/\/www.checktheregister.ie\/ga-IE\/contact\">F\u00e9ach ar an liosta de shonra\u00ed teagmh\u00e1la agus seolta\u00ed poist na n-\u00fadar\u00e1s \u00e1iti\u00fail ar fad.<\/a><\/p><\/div><\/div><div class=\"wp-block-uagb-faq-child uagb-faq-child__outer-wrap uagb-faq-item uagb-block-9c342c9d wp-block-uagb-faq-child uagb-faq-child__outer-wrap uagb-faq-item uagb-block-83acd2ba\" role=\"tab\" tabindex=\"0\"><div class=\"uagb-faq-questions-button uagb-faq-questions\">\t\t\t<span class=\"uagb-icon uagb-faq-icon-wrap\">\n\t\t\t\t\t\t\t\t<svg xmlns=\"https:\/\/www.w3.org\/2000\/svg\" viewBox= \"0 0 448 512\"><path d=\"M432 256c0 17.69-14.33 32.01-32 32.01H256v144c0 17.69-14.33 31.99-32 31.99s-32-14.3-32-31.99v-144H48c-17.67 0-32-14.32-32-32.01s14.33-31.99 32-31.99H192v-144c0-17.69 14.33-32.01 32-32.01s32 14.32 32 32.01v144h144C417.7 224 432 238.3 432 256z\"><\/path><\/svg>\n\t\t\t\t\t\t\t<\/span>\n\t\t\t\t\t\t<span class=\"uagb-icon-active uagb-faq-icon-wrap\">\n\t\t\t\t\t\t\t\t<svg xmlns=\"https:\/\/www.w3.org\/2000\/svg\" viewBox= \"0 0 448 512\"><path d=\"M400 288h-352c-17.69 0-32-14.32-32-32.01s14.31-31.99 32-31.99h352c17.69 0 32 14.3 32 31.99S417.7 288 400 288z\"><\/path><\/svg>\n\t\t\t\t\t\t\t<\/span>\n\t\t\t<h4 class=\"uagb-question\"><strong>N\u00ed f\u00e9idir liom cl\u00e1r\u00fa ar l\u00edne. C\u00e9 leis a rachaidh m\u00e9 i dteagmh\u00e1il anois?<\/strong><\/h4><\/div><div class=\"uagb-faq-content\"><p>Mura bhfuil t\u00fa in ann cl\u00e1r\u00fa ar l\u00edne, is f\u00e9idir cl\u00e1r\u00fa tr\u00ed dhul i dteagmh\u00e1il le d\u2019\u00fadar\u00e1s \u00e1iti\u00fail \u00e1bhartha.<br><br><a href=\"https:\/\/www.checktheregister.ie\/ga-IE\/contact\">F\u00e9ach ar an liosta de shonra\u00ed teagmh\u00e1la agus seolta\u00ed poist na n-\u00fadar\u00e1s \u00e1iti\u00fail ar fad.<\/a><\/p><\/div><\/div><\/div>\n\n\n<div style=\"height:100px\" aria-hidden=\"true\" class=\"wp-block-spacer\"><\/div>\n\n\n\n<div id=\"election-literature-queries\" class=\"wp-block-uagb-container uagb-block-01122f9e alignfull uagb-is-root-container\">\n<div class=\"wp-block-uagb-advanced-heading uagb-block-f8f3eef3\"><h3 class=\"uagb-heading-text\"><strong>4. Ceisteanna faoi Litr\u00edocht Toghch\u00e1in<\/strong><\/h3><\/div>\n<\/div>\n\n\n<div class=\"wp-block-uagb-faq uagb-faq__outer-wrap uagb-block-8cfb82c0 uagb-faq-icon-row uagb-faq-layout-accordion uagb-faq-expand-first-true uagb-faq-inactive-other-true uagb-faq__wrap uagb-buttons-layout-wrap uagb-faq-equal-height     \" data-faqtoggle=\"true\" role=\"tablist\"><div class=\"wp-block-uagb-faq-child uagb-faq-child__outer-wrap uagb-faq-item uagb-block-6c2c013c \" id=\"PollingCard\"role=\"tab\" tabindex=\"0\"><div class=\"uagb-faq-questions-button uagb-faq-questions\">\t\t\t<span class=\"uagb-icon uagb-faq-icon-wrap\">\n\t\t\t\t\t\t\t\t<svg xmlns=\"https:\/\/www.w3.org\/2000\/svg\" viewBox= \"0 0 448 512\"><path d=\"M432 256c0 17.69-14.33 32.01-32 32.01H256v144c0 17.69-14.33 31.99-32 31.99s-32-14.3-32-31.99v-144H48c-17.67 0-32-14.32-32-32.01s14.33-31.99 32-31.99H192v-144c0-17.69 14.33-32.01 32-32.01s32 14.32 32 32.01v144h144C417.7 224 432 238.3 432 256z\"><\/path><\/svg>\n\t\t\t\t\t\t\t<\/span>\n\t\t\t\t\t\t<span class=\"uagb-icon-active uagb-faq-icon-wrap\">\n\t\t\t\t\t\t\t\t<svg xmlns=\"https:\/\/www.w3.org\/2000\/svg\" viewBox= \"0 0 448 512\"><path d=\"M400 288h-352c-17.69 0-32-14.32-32-32.01s14.31-31.99 32-31.99h352c17.69 0 32 14.3 32 31.99S417.7 288 400 288z\"><\/path><\/svg>\n\t\t\t\t\t\t\t<\/span>\n\t\t\t<h4 class=\"uagb-question\"><h4 class=\"uagb-question\"><strong><h4 class=\"uagb-question\"><strong>N\u00edor th\u00e1inig mo Ch\u00e1rta Faisn\u00e9ise V\u00f3ta\u00edochta. An f\u00e9idir liom v\u00f3ta a chaitheamh f\u00f3s?<\/strong><\/h4><\/strong><\/h4><\/h4><\/div><div class=\"uagb-faq-content\"><p>Mura bhfuair t\u00fa do ch\u00e1rta faisn\u00e9ise v\u00f3ta\u00edochta, n\u00e1 b\u00edodh aon imn\u00ed ort faoi. <strong><u>N\u00ed g\u00e1<\/u><\/strong> duit do ch\u00e1rta faisn\u00e9ise v\u00f3ta\u00edochta a thabhairt leat chun v\u00f3ta a chaitheamh. Tabhair leat foirm bhail\u00ed de chruth\u00fanas aitheantais chuig do st\u00e1isi\u00fan v\u00f3t\u00e1la ainmnithe agus m\u00e1 t\u00e1 t\u00fa ar an gcl\u00e1r, beidh t\u00fa in ann v\u00f3ta a chaitheamh.<br><br>Ullmha\u00edonn agus eis\u00edonn gach \u00fadar\u00e1s \u00e1iti\u00fail \u00e1bhartha do Ch\u00e1rta Faisn\u00e9ise V\u00f3ta\u00edochta. Tosa\u00edonn an obair ar na C\u00e1rta\u00ed Faisn\u00e9ise V\u00f3ta\u00edochta a eisi\u00faint a luaithe is f\u00e9idir i ndiaidh don Aire Tith\u00edochta, Rialtais \u00c1iti\u00fail agus Oidhreachta an tOrd\u00fa maidir leis an L\u00e1 V\u00f3ta\u00edochta a dh\u00e9anamh.\u00a0 Seoltar na c\u00e1rta\u00ed i mbaisceanna tr\u00ed An Post de r\u00e9ir a ch\u00e9ile, go dt\u00ed tr\u00ed l\u00e1 roimh l\u00e1 na v\u00f3t\u00e1la.<br><br>M\u00e1 theasta\u00edonn uait su\u00edomh do st\u00e1isi\u00fain v\u00f3t\u00e1la a sheice\u00e1il, is f\u00e9idir sin a dh\u00e9anamh ar <a href=\"http:\/\/www.checktheregister.ie\">www.checktheregister.ie<\/a> n\u00f3 <a href=\"http:\/\/www.voter.ie\">www.voter.ie<\/a> (Baile \u00c1tha Cliath amh\u00e1in). Beidh l\u00e1thair do st\u00e1isi\u00fain v\u00f3t\u00e1la ar l\u00e1 na v\u00f3t\u00e1la ar na su\u00edomhanna sin agus na hamanna oscailte agus d\u00fanta.<br><br>&nbsp;<br><br>Mura bhfuil t\u00fa in ann teacht ar do shonra\u00ed nuashonraithe ar na su\u00edomhanna thuasluaite, t\u00e9igh i dteagmh\u00e1il le d\u2019\u00fadar\u00e1s \u00e1iti\u00fail a bheidh in ann cabhr\u00fa leat.<br><br><a href=\"https:\/\/www.checktheregister.ie\/ga-IE\/contact\">F\u00e9ach ar an liosta de shonra\u00ed teagmh\u00e1la agus seolta\u00ed poist na n-\u00fadar\u00e1s \u00e1iti\u00fail ar fad.<\/a><\/p><\/div><\/div><div class=\"wp-block-uagb-faq-child uagb-faq-child__outer-wrap uagb-faq-item uagb-block-9a37e092 \" role=\"tab\" tabindex=\"0\"><div class=\"uagb-faq-questions-button uagb-faq-questions\">\t\t\t<span class=\"uagb-icon uagb-faq-icon-wrap\">\n\t\t\t\t\t\t\t\t<svg xmlns=\"https:\/\/www.w3.org\/2000\/svg\" viewBox= \"0 0 448 512\"><path d=\"M432 256c0 17.69-14.33 32.01-32 32.01H256v144c0 17.69-14.33 31.99-32 31.99s-32-14.3-32-31.99v-144H48c-17.67 0-32-14.32-32-32.01s14.33-31.99 32-31.99H192v-144c0-17.69 14.33-32.01 32-32.01s32 14.32 32 32.01v144h144C417.7 224 432 238.3 432 256z\"><\/path><\/svg>\n\t\t\t\t\t\t\t<\/span>\n\t\t\t\t\t\t<span class=\"uagb-icon-active uagb-faq-icon-wrap\">\n\t\t\t\t\t\t\t\t<svg xmlns=\"https:\/\/www.w3.org\/2000\/svg\" viewBox= \"0 0 448 512\"><path d=\"M400 288h-352c-17.69 0-32-14.32-32-32.01s14.31-31.99 32-31.99h352c17.69 0 32 14.3 32 31.99S417.7 288 400 288z\"><\/path><\/svg>\n\t\t\t\t\t\t\t<\/span>\n\t\t\t<h4 class=\"uagb-question\"><strong>C\u00e9ard iad na rialacha faoi ph\u00f3staeir Toghch\u00e1in? C\u00e9n uair is f\u00e9idir iad a bhaint?<\/strong><\/h4><\/div><div class=\"uagb-faq-content\"><p>C\u00e9 nach bhfuil aon chumhachta\u00ed reacht\u00fala ag an gCoimisi\u00fan Toghch\u00e1in i dtaobh p\u00f3staer n\u00e1 \u00e1bhar toghch\u00e1in cl\u00f3ite, t\u00e1 rialacha i bhfeidhm faoi ph\u00f3staeir agus bileoga i rith feachtas toghch\u00e1in.<br><br>T\u00e1 an Roinn Tith\u00edochta, Rialtais \u00c1iti\u00fail agus Oidhreachta freagrach as na rialach\u00e1in ina ndeirtear:<br>\u2013 N\u00ed cheadmhach p\u00f3staeir toghch\u00e1in a bheith ar taispe\u00e1int laistigh de 50 m\u00e9adar de st\u00e1isi\u00fain v\u00f3t\u00e1la ar l\u00e1 na v\u00f3t\u00e1la;<br>\u2013 Caithfear ainm agus seoladh an chl\u00f3d\u00f3ra a chur ar na p\u00f3staeir;<br><br>Tagann ceisteanna eile a bhaineann le p\u00f3staeir faoi raon feidhme na nAchtanna um Thruailli\u00fa \u00f3 Bhruscar, a fhorfheidhm\u00edtear tr\u00ed na h\u00dadar\u00e1is \u00c1iti\u00fala.\u00a0T\u00e1 s\u00e9 de chumhacht ag \u00fadar\u00e1is \u00e1iti\u00fala p\u00f3staeir a bhaint anuas m\u00e1s \u00e9 leas an phobail d\u00e9anamh amhlaidh.<br>\u2013 N\u00ed f\u00e9idir p\u00f3staeir toghch\u00e1in a chur in airde go dt\u00ed go socra\u00edtear l\u00e1 na v\u00f3t\u00e1la le hord\u00fa Aireachta, agus ar feadh 30 l\u00e1 ar a mh\u00e9ad roimh l\u00e1 na v\u00f3t\u00e1la;<br>\u2013 Caithfear na p\u00f3staeir a bhaint anuas laistigh de sheacht l\u00e1 tar \u00e9is l\u00e1 na v\u00f3t\u00e1la;<br>\u2013 N\u00ed f\u00e9idir p\u00f3staeir a chrochadh ar chuaill\u00ed gan cead a fh\u00e1il \u00f3 \u00fain\u00e9ir an chuaille;<br>\u2013 N\u00edor cheart do ph\u00f3staeir cur isteach ar \u00fas\u00e1ideoir\u00ed an bh\u00f3thair ar bhealach ar bith;<br>\u2013 N\u00ed f\u00e9idir bileoga a fh\u00e1g\u00e1il faoi chuimilteoir\u00ed gaothsc\u00e1tha.<br><br>M\u00e1 chreideann t\u00fa go bhfuiltear tar \u00e9is cion a dh\u00e9anamh, is f\u00e9idir \u00e9 sin a thuairisci\u00fa don Gharda S\u00edoch\u00e1na.<br><br><a href=\"https:\/\/www.gov.ie\/ga\/foilsiuchan\/fdc47-udarais-aitiula\/?\">F\u00e9ach ar shonra\u00ed teagmh\u00e1la na n-\u00fadar\u00e1s \u00e1iti\u00fail ar fad.<\/a><\/p><\/div><\/div><div class=\"wp-block-uagb-faq-child uagb-faq-child__outer-wrap uagb-faq-item uagb-block-d80cad7f \" role=\"tab\" tabindex=\"0\"><div class=\"uagb-faq-questions-button uagb-faq-questions\">\t\t\t<span class=\"uagb-icon uagb-faq-icon-wrap\">\n\t\t\t\t\t\t\t\t<svg xmlns=\"https:\/\/www.w3.org\/2000\/svg\" viewBox= \"0 0 448 512\"><path d=\"M432 256c0 17.69-14.33 32.01-32 32.01H256v144c0 17.69-14.33 31.99-32 31.99s-32-14.3-32-31.99v-144H48c-17.67 0-32-14.32-32-32.01s14.33-31.99 32-31.99H192v-144c0-17.69 14.33-32.01 32-32.01s32 14.32 32 32.01v144h144C417.7 224 432 238.3 432 256z\"><\/path><\/svg>\n\t\t\t\t\t\t\t<\/span>\n\t\t\t\t\t\t<span class=\"uagb-icon-active uagb-faq-icon-wrap\">\n\t\t\t\t\t\t\t\t<svg xmlns=\"https:\/\/www.w3.org\/2000\/svg\" viewBox= \"0 0 448 512\"><path d=\"M400 288h-352c-17.69 0-32-14.32-32-32.01s14.31-31.99 32-31.99h352c17.69 0 32 14.3 32 31.99S417.7 288 400 288z\"><\/path><\/svg>\n\t\t\t\t\t\t\t<\/span>\n\t\t\t<h4 class=\"uagb-question\"><strong>Fuair m\u00e9 bileog \u00f3 iarrth\u00f3ir. An gceada\u00edtear a leith\u00e9id? C\u00e9n chaoi a bhfuair siad m\u2019fhaisn\u00e9is?<\/strong><\/h4><\/div><div class=\"uagb-faq-content\"><p>Faoi alt 57 den <a href=\"https:\/\/www.irishstatutebook.ie\/eli\/1992\/act\/23\/section\/57\/enacted\/en\/html#sec57\">Acht Toghch\u00e1in, 1992<\/a>, t\u00e1 gach iarrth\u00f3ir i dtoghch\u00e1n D\u00e1la i dteideal aon phost-teachtaireacht amh\u00e1in a chur saor \u00f3 th\u00e1ille phostais chuig gach duine ar Chl\u00e1r na dToghth\u00f3ir\u00ed don D\u00e1ilcheantar ina bhfuil siad ag seasamh. Tugtar Litir um Thoghch\u00e1in ar na bileoga sin. Faoin Acht um Rial\u00e1il Cumars\u00e1ide (Seirbh\u00eds\u00ed Poist), 2011, is \u00e9 An Post an sol\u00e1thra\u00ed seirbh\u00edse poist don Litir um Thoghch\u00e1in.<br><br>Cuirtear an postas ar f\u00e1il saor in aisce ach caithfidh na hiarrth\u00f3ir\u00ed \u00edoc as an dearadh agus priont\u00e1il.<br><br>Cuirfidh d\u2019\u00fadar\u00e1s \u00e1iti\u00fail c\u00f3ip den chl\u00e1r toghth\u00f3ir\u00ed cothrom le d\u00e1ta ar f\u00e1il do An Post. Eagra\u00edonn An Post an cl\u00e1r chun d\u2019ainm agus do sheoladh a bhaint, agus n\u00ed bh\u00edonn ach do sheoladh le feice\u00e1il. Cuireann An Post na sonra\u00ed poist sin ar f\u00e1il ansin do chl\u00f3d\u00f3ir\u00ed roghnaithe a chuireann an Litir um Thoghch\u00e1in i gcl\u00f3 agus a chuireann seolta\u00ed orthu thar ceann p\u00e1irtithe polait\u00edochta agus iarrth\u00f3ir\u00ed neamhsple\u00e1cha.<br><br><a href=\"https:\/\/www.anpost.com\/Privacy\/Data-Protection-European-Parliament-Election-Notic\">L\u00e9igh tuilleadh faoi r\u00f3l An Post i dtaobh Litir um Thoghch\u00e1in a chur i gcl\u00f3 agus a sheoladh<\/a>.<br><br>T\u00e1 gach iarrth\u00f3ir i dteideal faoin dl\u00ed na bileoga sin a chur.<\/p><\/div><\/div><\/div>\n\n\n<div style=\"height:100px\" aria-hidden=\"true\" class=\"wp-block-spacer\"><\/div>\n\n\n\n<div id=\"polling-count-centre-queries\" class=\"wp-block-uagb-container uagb-block-c1a7563e alignfull uagb-is-root-container\">\n<div class=\"wp-block-uagb-advanced-heading uagb-block-779e4b1d\"><h3 class=\"uagb-heading-text\"><strong>5. Ceisteanna faoin Ionad V\u00f3t\u00e1la\/Comhairimh<\/strong><\/h3><\/div>\n<\/div>\n\n\n<div class=\"wp-block-uagb-faq uagb-faq__outer-wrap uagb-block-31437280 uagb-faq-icon-row uagb-faq-layout-accordion uagb-faq-expand-first-true uagb-faq-inactive-other-true uagb-faq__wrap uagb-buttons-layout-wrap uagb-faq-equal-height     \" data-faqtoggle=\"true\" role=\"tablist\"><div class=\"wp-block-uagb-faq-child uagb-faq-child__outer-wrap uagb-faq-item uagb-block-de42f716 \" role=\"tab\" tabindex=\"0\"><div class=\"uagb-faq-questions-button uagb-faq-questions\">\t\t\t<span class=\"uagb-icon uagb-faq-icon-wrap\">\n\t\t\t\t\t\t\t\t<svg xmlns=\"https:\/\/www.w3.org\/2000\/svg\" viewBox= \"0 0 448 512\"><path d=\"M432 256c0 17.69-14.33 32.01-32 32.01H256v144c0 17.69-14.33 31.99-32 31.99s-32-14.3-32-31.99v-144H48c-17.67 0-32-14.32-32-32.01s14.33-31.99 32-31.99H192v-144c0-17.69 14.33-32.01 32-32.01s32 14.32 32 32.01v144h144C417.7 224 432 238.3 432 256z\"><\/path><\/svg>\n\t\t\t\t\t\t\t<\/span>\n\t\t\t\t\t\t<span class=\"uagb-icon-active uagb-faq-icon-wrap\">\n\t\t\t\t\t\t\t\t<svg xmlns=\"https:\/\/www.w3.org\/2000\/svg\" viewBox= \"0 0 448 512\"><path d=\"M400 288h-352c-17.69 0-32-14.32-32-32.01s14.31-31.99 32-31.99h352c17.69 0 32 14.3 32 31.99S417.7 288 400 288z\"><\/path><\/svg>\n\t\t\t\t\t\t\t<\/span>\n\t\t\t<h4 class=\"uagb-question\"><strong>C\u00e1 gcaithfidh m\u00e9 v\u00f3ta?<\/strong><\/h4><\/div><div class=\"uagb-faq-content\"><p>Beidh do st\u00e1isi\u00fan v\u00f3t\u00e1la ainmnithe ar do Ch\u00e1rta Faisn\u00e9ise V\u00f3ta\u00edochta. Ba cheart go seolfa\u00ed do Ch\u00e1rta Faisn\u00e9ise V\u00f3ta\u00edochta chugat sa phost roimh l\u00e1 na v\u00f3t\u00e1la. Seolfar \u00e9 chuig an seoladh a chl\u00e1raigh t\u00fa ar Cl\u00e1r na dToghth\u00f3ir\u00ed.<br><br>Mura bhfaighidh t\u00fa c\u00e1rta v\u00f3ta\u00edochta, is f\u00e9idir leat do st\u00e1isi\u00fan v\u00f3t\u00e1la ainmnithe a sheice\u00e1il ar <a href=\"http:\/\/www.checktheregister.ie\/\">checktheregister.ie<\/a> n\u00f3 tr\u00ed <a href=\"https:\/\/www.gov.ie\/ga\/eolas-eagraiochtai\/46ced-cinn-chomhairimh-na-heireann\/?\">shu\u00edomh gr\u00e9as\u00e1in an Chinn Comhairimh \u00e1bhartha le haghaidh do thoghlaigh a sheice\u00e1il.\u00a0<\/a>N\u00ed f\u00e9idir leat v\u00f3ta a chaitheamh ach i do st\u00e1isi\u00fan v\u00f3t\u00e1la ainmnithe.<br><h2>C\u00e9n chaoi a roghna\u00edtear na st\u00e1isi\u00fain v\u00f3t\u00e1la?<\/h2><br>Roghna\u00edonn na Cinn Chomhairimh \u00e1iti\u00fala na st\u00e1isi\u00fain v\u00f3t\u00e1la.<br><br>M\u00e1 t\u00e1 aon cheist agat faoi do st\u00e1isi\u00fan v\u00f3t\u00e1la, t\u00e9igh i dteagmh\u00e1il le d\u2019\u00fadar\u00e1s \u00e1iti\u00fail a bheidh in ann cabhr\u00fa leat.<br><br>T\u00e1 tuilleadh eolais faoin bpostv\u00f3t\u00e1il ar \u00e1r <a href=\"https:\/\/www.electoralcommission.ie\/ga\/votail-inrochtana\/\">leathanach faoi v\u00f3t\u00e1il inrochtana<\/a>.<\/p><\/div><\/div><div class=\"wp-block-uagb-faq-child uagb-faq-child__outer-wrap uagb-faq-item uagb-block-e711cce5 \" role=\"tab\" tabindex=\"0\"><div class=\"uagb-faq-questions-button uagb-faq-questions\">\t\t\t<span class=\"uagb-icon uagb-faq-icon-wrap\">\n\t\t\t\t\t\t\t\t<svg xmlns=\"https:\/\/www.w3.org\/2000\/svg\" viewBox= \"0 0 448 512\"><path d=\"M432 256c0 17.69-14.33 32.01-32 32.01H256v144c0 17.69-14.33 31.99-32 31.99s-32-14.3-32-31.99v-144H48c-17.67 0-32-14.32-32-32.01s14.33-31.99 32-31.99H192v-144c0-17.69 14.33-32.01 32-32.01s32 14.32 32 32.01v144h144C417.7 224 432 238.3 432 256z\"><\/path><\/svg>\n\t\t\t\t\t\t\t<\/span>\n\t\t\t\t\t\t<span class=\"uagb-icon-active uagb-faq-icon-wrap\">\n\t\t\t\t\t\t\t\t<svg xmlns=\"https:\/\/www.w3.org\/2000\/svg\" viewBox= \"0 0 448 512\"><path d=\"M400 288h-352c-17.69 0-32-14.32-32-32.01s14.31-31.99 32-31.99h352c17.69 0 32 14.3 32 31.99S417.7 288 400 288z\"><\/path><\/svg>\n\t\t\t\t\t\t\t<\/span>\n\t\t\t<h4 class=\"uagb-question\"><strong>C\u00e9 a bheith i l\u00e1thair ag mo st\u00e1isi\u00fan v\u00f3t\u00e1la?<\/strong><\/h4><\/div><div class=\"uagb-faq-content\"><p>Roghna\u00edonn na Cinn Chomhairimh \u00e1iti\u00fala na st\u00e1isi\u00fain v\u00f3t\u00e1la.<br><br>M\u00e1 t\u00e1 aon cheist agat faoi do st\u00e1isi\u00fan v\u00f3t\u00e1la, t\u00e9igh i dteagmh\u00e1il le d\u2019\u00fadar\u00e1s \u00e1iti\u00fail a bheidh in ann cabhr\u00fa leat.<br><br>T\u00e1 tuilleadh eolais faoin bpostv\u00f3t\u00e1il ar \u00e1r <a href=\"https:\/\/www.electoralcommission.ie\/ga\/votail-inrochtana\/\">leathanach faoi v\u00f3t\u00e1il inrochtana<\/a>.<\/p><\/div><\/div><div class=\"wp-block-uagb-faq-child uagb-faq-child__outer-wrap uagb-faq-item uagb-block-135947fd \" role=\"tab\" tabindex=\"0\"><div class=\"uagb-faq-questions-button uagb-faq-questions\">\t\t\t<span class=\"uagb-icon uagb-faq-icon-wrap\">\n\t\t\t\t\t\t\t\t<svg xmlns=\"https:\/\/www.w3.org\/2000\/svg\" viewBox= \"0 0 448 512\"><path d=\"M432 256c0 17.69-14.33 32.01-32 32.01H256v144c0 17.69-14.33 31.99-32 31.99s-32-14.3-32-31.99v-144H48c-17.67 0-32-14.32-32-32.01s14.33-31.99 32-31.99H192v-144c0-17.69 14.33-32.01 32-32.01s32 14.32 32 32.01v144h144C417.7 224 432 238.3 432 256z\"><\/path><\/svg>\n\t\t\t\t\t\t\t<\/span>\n\t\t\t\t\t\t<span class=\"uagb-icon-active uagb-faq-icon-wrap\">\n\t\t\t\t\t\t\t\t<svg xmlns=\"https:\/\/www.w3.org\/2000\/svg\" viewBox= \"0 0 448 512\"><path d=\"M400 288h-352c-17.69 0-32-14.32-32-32.01s14.31-31.99 32-31.99h352c17.69 0 32 14.3 32 31.99S417.7 288 400 288z\"><\/path><\/svg>\n\t\t\t\t\t\t\t<\/span>\n\t\t\t<h4 class=\"uagb-question\"><strong>C\u00e9 a bheith i l\u00e1thair ag mo st\u00e1isi\u00fan v\u00f3t\u00e1la?<\/strong><\/h4><\/div><div class=\"uagb-faq-content\"><p>I measc na ndaoine at\u00e1 ceadaithe a bheith i l\u00e1thair ag st\u00e1isi\u00fan v\u00f3t\u00e1la ar l\u00e1 na v\u00f3t\u00e1la t\u00e1:<br><br>\u2013 an Ceann Comhairimh \u00e1iti\u00fail, a n-ionadaithe n\u00f3 teachtair\u00ed arna gcur chucu n\u00f3 thar a gceann;<br><br>\u2013 an tOifigeach Ceannais agus Cl\u00e9ireach V\u00f3ta\u00edochta;<br><br>\u2013 an tOifigeach Ceannais Maoirseachta (m\u00e1 cheaptar ceann);<br><br>\u2013 aon chomhalta den D\u00e1il don D\u00e1ilcheantar agus aon chomhalta den Seanad;<br><br>\u2013 aon ghn\u00edomhaire pearsana\u00edochta a ceapadh le haghaidh do st\u00e1isi\u00fain, toghth\u00f3ir\u00ed at\u00e1 ansin chun v\u00f3ta a chaitheamh;<br><br>\u2013 duine at\u00e1 ag feidhmi\u00fa mar \u201cchomp\u00e1nach\u201d do thoghth\u00f3ir at\u00e1 faoi mh\u00edchumas fisici\u00fail, ar a bhfuil lag\u00fa radhairc n\u00f3 ag a bhfuil deacracht litearthachta;<br><br>\u2013 Garda\u00ed ar dualgas;<br><br>\u2013 aon duine ag a bhfuil \u00fadar\u00e1s \u00f3n gCeann Comhairimh \u00c1iti\u00fail a bheith i l\u00e1thair ag do st\u00e1isi\u00fan v\u00f3t\u00e1la.<\/p><\/div><\/div><div class=\"wp-block-uagb-faq-child uagb-faq-child__outer-wrap uagb-faq-item uagb-block-4316d769 \" role=\"tab\" tabindex=\"0\"><div class=\"uagb-faq-questions-button uagb-faq-questions\">\t\t\t<span class=\"uagb-icon uagb-faq-icon-wrap\">\n\t\t\t\t\t\t\t\t<svg xmlns=\"https:\/\/www.w3.org\/2000\/svg\" viewBox= \"0 0 448 512\"><path d=\"M432 256c0 17.69-14.33 32.01-32 32.01H256v144c0 17.69-14.33 31.99-32 31.99s-32-14.3-32-31.99v-144H48c-17.67 0-32-14.32-32-32.01s14.33-31.99 32-31.99H192v-144c0-17.69 14.33-32.01 32-32.01s32 14.32 32 32.01v144h144C417.7 224 432 238.3 432 256z\"><\/path><\/svg>\n\t\t\t\t\t\t\t<\/span>\n\t\t\t\t\t\t<span class=\"uagb-icon-active uagb-faq-icon-wrap\">\n\t\t\t\t\t\t\t\t<svg xmlns=\"https:\/\/www.w3.org\/2000\/svg\" viewBox= \"0 0 448 512\"><path d=\"M400 288h-352c-17.69 0-32-14.32-32-32.01s14.31-31.99 32-31.99h352c17.69 0 32 14.3 32 31.99S417.7 288 400 288z\"><\/path><\/svg>\n\t\t\t\t\t\t\t<\/span>\n\t\t\t<h4 class=\"uagb-question\"><strong>C\u00e9n chaoi a nd\u00e9anfaidh m\u00e9 iarratas ar oibri\u00fa ag st\u00e1isi\u00fan v\u00f3t\u00e1la n\u00f3 ionad comhairimh?<\/strong><\/h4><\/div><div class=\"uagb-faq-content\"><p>B\u00edonn an Ceann Comhairimh neamhsple\u00e1ch le haghaidh gach toghlimist\u00e9ir freagrach as foireann a fhost\u00fa le haghaidh imeachta\u00ed toghch\u00e1in. B\u00edonn Cinn Chomhairimh freagrach as toghch\u00e1in D\u00e1la, Pharlaimint na hEorpa agus an Uachtar\u00e1in a re\u00e1cht\u00e1il i dtoghlach. B\u00edonn siad freagrach freisin as reifrinn a re\u00e1cht\u00e1il.<br><br>Is iad na Cinn Chomhairimh an cl\u00e1raitheoir contae n\u00f3, i mBaile \u00c1tha Cliath agus Corcaigh, an sirriam cathrach n\u00f3 contae. Is f\u00e9idir dul i dteagmh\u00e1il leis an gCeann Comhairimh sa toghlach is gaire duit chun eolas a fh\u00e1il faoin gcaoi a bhf\u00e9adfaidh t\u00fa iarratas a dh\u00e9anamh ar oibri\u00fa sna toghch\u00e1in at\u00e1 ar na bac\u00e1in.<br><br>F\u00e9ach ar an liosta ioml\u00e1n de Chinn Chomhairimh agus a sonra\u00ed teagmh\u00e1la.<br><br>&nbsp;<\/p><\/div><\/div><div class=\"wp-block-uagb-faq-child uagb-faq-child__outer-wrap uagb-faq-item uagb-block-87d7a7f0 \" role=\"tab\" tabindex=\"0\"><div class=\"uagb-faq-questions-button uagb-faq-questions\">\t\t\t<span class=\"uagb-icon uagb-faq-icon-wrap\">\n\t\t\t\t\t\t\t\t<svg xmlns=\"https:\/\/www.w3.org\/2000\/svg\" viewBox= \"0 0 448 512\"><path d=\"M432 256c0 17.69-14.33 32.01-32 32.01H256v144c0 17.69-14.33 31.99-32 31.99s-32-14.3-32-31.99v-144H48c-17.67 0-32-14.32-32-32.01s14.33-31.99 32-31.99H192v-144c0-17.69 14.33-32.01 32-32.01s32 14.32 32 32.01v144h144C417.7 224 432 238.3 432 256z\"><\/path><\/svg>\n\t\t\t\t\t\t\t<\/span>\n\t\t\t\t\t\t<span class=\"uagb-icon-active uagb-faq-icon-wrap\">\n\t\t\t\t\t\t\t\t<svg xmlns=\"https:\/\/www.w3.org\/2000\/svg\" viewBox= \"0 0 448 512\"><path d=\"M400 288h-352c-17.69 0-32-14.32-32-32.01s14.31-31.99 32-31.99h352c17.69 0 32 14.3 32 31.99S417.7 288 400 288z\"><\/path><\/svg>\n\t\t\t\t\t\t\t<\/span>\n\t\t\t<h4 class=\"uagb-question\"><strong>N\u00edl m\u2019ionad v\u00f3t\u00e1la inrochtana. C\u00e9 leis a rachaidh m\u00e9 i dteagmh\u00e1il?<\/strong><\/h4><\/div><div class=\"uagb-faq-content\"><p>N\u00ed f\u00e9idir leat v\u00f3ta a chaitheamh ach i do st\u00e1isi\u00fan v\u00f3t\u00e1la sannta. Roghna\u00edonn an Ceann Comhairimh \u00e1iti\u00fail na st\u00e1isi\u00fain v\u00f3t\u00e1la agus sanntar iad bunaithe ar do shonra\u00ed ar Chl\u00e1r an dToghth\u00f3ir\u00ed. D\u2019fh\u00e9adf\u00e1 athr\u00fa ar st\u00e1isi\u00fan v\u00f3t\u00e1la a iarraidh i gc\u00fains\u00ed \u00e1irithe.<br><br>M\u00e1 bhaineann t\u00fa \u00fas\u00e1id as cathaoir rotha\u00ed agus\/n\u00f3 m\u00e1 bh\u00edonn deacrachta\u00ed agat dul isteach i do st\u00e1isi\u00fan v\u00f3t\u00e1la ainmnithe, f\u00e9adfaidh t\u00fa iarratas i scr\u00edbhinn a chur faoi bhr\u00e1id Cheann Comhairimh do thoghlaigh chun v\u00f3ta a chaitheamh i st\u00e1isi\u00fan v\u00f3t\u00e1la eile. Caithfear na hiarratais sin a fh\u00e1il seachtain ar a laghad roimh l\u00e1 na v\u00f3t\u00e1la.<br><br>M\u00e1s f\u00e9idir, ba cheart duit st\u00e1isi\u00fan v\u00f3t\u00e1la eile at\u00e1 inrochtana agus a d\u2019fheilfeadh duit a mholadh. Mura bhfuil cur amach agat ar na st\u00e1isi\u00fain v\u00f3t\u00e1la i do cheantar f\u00e9in, roghn\u00f3idh an Ceann Comhairimh st\u00e1isi\u00fan eile duit. M\u00e1 thugann t\u00fa m\u00edni\u00fa ar an gc\u00fais nach bhfuil do st\u00e1isi\u00fan reatha inrochtana duit, cabhr\u00f3idh s\u00e9 leis an gCeann Comhairimh ceann eile a roghn\u00fa duit.<br><br>Seolfaidh an Ceann Comhairimh \u00fadar\u00fa chun v\u00f3t\u00e1il ag st\u00e1isi\u00fan v\u00f3t\u00e1la eile chugat. Ba cheart duit an t-\u00fadar\u00fa sin (chomh maith leis an ngn\u00e1thfhianaise ar d\u2019aitheantas) a thaispe\u00e1int nuair a chaitheann t\u00fa v\u00f3ta. Nuair a athra\u00edtear go st\u00e1isi\u00fan v\u00f3t\u00e1la eile th\u00fa, n\u00ed f\u00e9idir leat v\u00f3ta a chaitheamh ag do st\u00e1isi\u00fan \u00e1iti\u00fail.<br><br>F\u00e9ach ar an liosta ioml\u00e1n de Chinn Chomhairimh agus a sonra\u00ed teagmh\u00e1la.<\/p><\/div><\/div><div class=\"wp-block-uagb-faq-child uagb-faq-child__outer-wrap uagb-faq-item uagb-block-66a4254c \" role=\"tab\" tabindex=\"0\"><div class=\"uagb-faq-questions-button uagb-faq-questions\">\t\t\t<span class=\"uagb-icon uagb-faq-icon-wrap\">\n\t\t\t\t\t\t\t\t<svg xmlns=\"https:\/\/www.w3.org\/2000\/svg\" viewBox= \"0 0 448 512\"><path d=\"M432 256c0 17.69-14.33 32.01-32 32.01H256v144c0 17.69-14.33 31.99-32 31.99s-32-14.3-32-31.99v-144H48c-17.67 0-32-14.32-32-32.01s14.33-31.99 32-31.99H192v-144c0-17.69 14.33-32.01 32-32.01s32 14.32 32 32.01v144h144C417.7 224 432 238.3 432 256z\"><\/path><\/svg>\n\t\t\t\t\t\t\t<\/span>\n\t\t\t\t\t\t<span class=\"uagb-icon-active uagb-faq-icon-wrap\">\n\t\t\t\t\t\t\t\t<svg xmlns=\"https:\/\/www.w3.org\/2000\/svg\" viewBox= \"0 0 448 512\"><path d=\"M400 288h-352c-17.69 0-32-14.32-32-32.01s14.31-31.99 32-31.99h352c17.69 0 32 14.3 32 31.99S417.7 288 400 288z\"><\/path><\/svg>\n\t\t\t\t\t\t\t<\/span>\n\t\t\t<h4 class=\"uagb-question\"><strong>Ba mhaith liom freastal ar ionad comhairimh. C\u00e9 leis a rachaidh m\u00e9 i dteagmh\u00e1il chun cead isteach a fh\u00e1il?<\/strong><\/h4><\/div><div class=\"uagb-faq-content\"><p>Bainist\u00edonn an Ceann Comhairimh do gach toghlach an cead isteach chuig ionaid comhairimh. M\u00e1 theasta\u00edonn uait freastal ar ionad comhairimh, t\u00e9igh i dteagmh\u00e1il le do Cheann Comhairimh \u00e1bhartha a bheidh in ann cabhr\u00fa leat.<br><br>F\u00e9ach ar an liosta ioml\u00e1n de Chinn Chomhairimh agus a sonra\u00ed teagmh\u00e1la.<\/p><\/div><\/div><div class=\"wp-block-uagb-faq-child uagb-faq-child__outer-wrap uagb-faq-item uagb-block-197e6924 \" role=\"tab\" tabindex=\"0\"><div class=\"uagb-faq-questions-button uagb-faq-questions\">\t\t\t<span class=\"uagb-icon uagb-faq-icon-wrap\">\n\t\t\t\t\t\t\t\t<svg xmlns=\"https:\/\/www.w3.org\/2000\/svg\" viewBox= \"0 0 448 512\"><path d=\"M432 256c0 17.69-14.33 32.01-32 32.01H256v144c0 17.69-14.33 31.99-32 31.99s-32-14.3-32-31.99v-144H48c-17.67 0-32-14.32-32-32.01s14.33-31.99 32-31.99H192v-144c0-17.69 14.33-32.01 32-32.01s32 14.32 32 32.01v144h144C417.7 224 432 238.3 432 256z\"><\/path><\/svg>\n\t\t\t\t\t\t\t<\/span>\n\t\t\t\t\t\t<span class=\"uagb-icon-active uagb-faq-icon-wrap\">\n\t\t\t\t\t\t\t\t<svg xmlns=\"https:\/\/www.w3.org\/2000\/svg\" viewBox= \"0 0 448 512\"><path d=\"M400 288h-352c-17.69 0-32-14.32-32-32.01s14.31-31.99 32-31.99h352c17.69 0 32 14.3 32 31.99S417.7 288 400 288z\"><\/path><\/svg>\n\t\t\t\t\t\t\t<\/span>\n\t\t\t<h4 class=\"uagb-question\"><strong>C\u00e9n f\u00e1th a gcuirtear pinn luaidhe ar f\u00e1il sna st\u00e1isi\u00fain v\u00f3t\u00e1la?<\/strong><\/h4><\/div><div class=\"uagb-faq-content\"><p>Cuirtear pinn luaidhe ar f\u00e1il ag gach st\u00e1isi\u00fan v\u00f3t\u00e1la, ach is f\u00e9idir leat do pheann n\u00f3 do pheann luaidhe f\u00e9in a thabhairt leat m\u00e1s maith leat.<br><br>Cuirtear pinn luaidhe ar f\u00e1il ag gach st\u00e1isi\u00fan v\u00f3t\u00e1la mar:<br><br>\u2013 maireann siad n\u00edos faide, agus n\u00edl d\u00fach iontu a thrioma\u00edonn idir na himeachta\u00ed toghch\u00e1in;<br><br>\u2013 n\u00ed f\u00e9idir le luaidhe marc a fh\u00e1g\u00e1il ar ph\u00e1ip\u00e9ir bhall\u00f3ide eile;<br><br>\u2013 n\u00ed smearfaidh an luaidhe \u00f3 pheann luaidhe n\u00e1 n\u00ed sileadh s\u00ed m\u00e1 \u00e9ir\u00edonn an p\u00e1ip\u00e9ar ball\u00f3ide fliuch;<br><br>\u2013 m\u00e1 smearann d\u00fach \u00f3 pheann p\u00e1ip\u00e9ar ball\u00f3ide eile, n\u00f3 m\u00e1 shileann s\u00e9 air, d\u2019fh\u00e9adfadh an p\u00e1ip\u00e9ar eile sin a bheith neamhbhail\u00ed.<br><br>Is caighde\u00e1n idirn\u00e1isi\u00fanta \u00e9 pinn luaidhe a \u00fas\u00e1id le v\u00f3ta a chaitheamh, n\u00ed n\u00f3s in \u00c9irinn amh\u00e1in. Baineann an R\u00edocht Aontaithe, an Astr\u00e1il, Ceanada agus go leor t\u00edortha eile \u00fas\u00e1id as pinn luaidhe chun v\u00f3ta a chaitheamh. Mar sin f\u00e9in, f\u00e9adfaidh t\u00fa do pheann f\u00e9in a thabhairt leat agus v\u00f3ta a chaitheamh leis sin.<\/p><\/div><\/div><\/div>\n\n\n<div style=\"height:55px\" aria-hidden=\"true\" class=\"wp-block-spacer\"><\/div>\n","protected":false},"excerpt":{"rendered":"<p>1. Eolas ginear\u00e1lta 2. Eolas faoi Corrthoghch\u00e1n 3. Ceisteanna faoi Chl\u00e1r na dToghth\u00f3ir\u00ed 4. Ceisteanna faoi Litr\u00edocht Toghch\u00e1in 5. Ceisteanna faoin Ionad V\u00f3t\u00e1la\/Comhairimh<\/p>\n","protected":false},"author":17,"featured_media":6765,"parent":0,"menu_order":0,"comment_status":"closed","ping_status":"closed","template":"","meta":{"_acf_changed":false,"_relevanssi_hide_post":"","_relevanssi_hide_content":"","_relevanssi_pin_for_all":"","_relevanssi_pin_keywords":"","_relevanssi_unpin_keywords":"","_relevanssi_related_keywords":"","_relevanssi_related_include_ids":"","_relevanssi_related_exclude_ids":"","_relevanssi_related_no_append":"","_relevanssi_related_not_related":"","_relevanssi_related_posts":"9578,9475,5015,10848,5039,10980","_relevanssi_noindex_reason":"","_uag_custom_page_level_css":"","footnotes":""},"class_list":["post-6868","page","type-page","status-publish","has-post-thumbnail","hentry"],"acf":[],"yoast_head":"<!-- This site is optimized with the Yoast SEO plugin v27.5 - https:\/\/yoast.com\/product\/yoast-seo-wordpress\/ -->\n<title>Ceisteanna Coitianta (CCanna) - Coimisi\u00fan Toghch\u00e1in<\/title>\n<meta name=\"robots\" content=\"index, follow, max-snippet:-1, max-image-preview:large, max-video-preview:-1\" \/>\n<link rel=\"canonical\" href=\"https:\/\/www.electoralcommission.ie\/ga\/ceisteanna-coitianta-ccanna\/\" \/>\n<meta property=\"og:locale\" content=\"ga_IE\" \/>\n<meta property=\"og:type\" content=\"article\" \/>\n<meta property=\"og:title\" content=\"Ceisteanna Coitianta (CCanna) - Coimisi\u00fan Toghch\u00e1in\" \/>\n<meta property=\"og:description\" content=\"1. Eolas ginear\u00e1lta 2. Eolas faoi Corrthoghch\u00e1n 3. Ceisteanna faoi Chl\u00e1r na dToghth\u00f3ir\u00ed 4. Ceisteanna faoi Litr\u00edocht Toghch\u00e1in 5. Ceisteanna faoin Ionad V\u00f3t\u00e1la\/Comhairimh\" \/>\n<meta property=\"og:url\" content=\"https:\/\/www.electoralcommission.ie\/ga\/ceisteanna-coitianta-ccanna\/\" \/>\n<meta property=\"og:site_name\" content=\"Coimisi\u00fan Toghch\u00e1in\" \/>\n<meta property=\"article:modified_time\" content=\"2026-04-01T14:57:43+00:00\" \/>\n<meta property=\"og:image\" content=\"https:\/\/www.electoralcommission.ie\/app\/uploads\/2024\/01\/polling-37-scaled-e1704390548518.jpg\" \/>\n\t<meta property=\"og:image:width\" content=\"2286\" \/>\n\t<meta property=\"og:image:height\" content=\"1301\" \/>\n\t<meta property=\"og:image:type\" content=\"image\/jpeg\" \/>\n<meta name=\"twitter:card\" content=\"summary_large_image\" \/>\n<meta name=\"twitter:label1\" content=\"Est. reading time\" \/>\n\t<meta name=\"twitter:data1\" content=\"1 minute\" \/>\n<script type=\"application\/ld+json\" class=\"yoast-schema-graph\">{\"@context\":\"https:\\\/\\\/schema.org\",\"@graph\":[{\"@type\":\"WebPage\",\"@id\":\"https:\\\/\\\/www.electoralcommission.ie\\\/ga\\\/ceisteanna-coitianta-ccanna\\\/\",\"url\":\"https:\\\/\\\/www.electoralcommission.ie\\\/ga\\\/ceisteanna-coitianta-ccanna\\\/\",\"name\":\"Ceisteanna Coitianta (CCanna) - Coimisi\u00fan Toghch\u00e1in\",\"isPartOf\":{\"@id\":\"https:\\\/\\\/www.electoralcommission.ie\\\/ga\\\/#website\"},\"primaryImageOfPage\":{\"@id\":\"https:\\\/\\\/www.electoralcommission.ie\\\/ga\\\/ceisteanna-coitianta-ccanna\\\/#primaryimage\"},\"image\":{\"@id\":\"https:\\\/\\\/www.electoralcommission.ie\\\/ga\\\/ceisteanna-coitianta-ccanna\\\/#primaryimage\"},\"thumbnailUrl\":\"https:\\\/\\\/www.electoralcommission.ie\\\/app\\\/uploads\\\/2024\\\/01\\\/polling-37-scaled-e1704390548518.jpg\",\"datePublished\":\"2024-01-19T14:32:38+00:00\",\"dateModified\":\"2026-04-01T14:57:43+00:00\",\"breadcrumb\":{\"@id\":\"https:\\\/\\\/www.electoralcommission.ie\\\/ga\\\/ceisteanna-coitianta-ccanna\\\/#breadcrumb\"},\"inLanguage\":\"ga-IE\",\"potentialAction\":[{\"@type\":\"ReadAction\",\"target\":[\"https:\\\/\\\/www.electoralcommission.ie\\\/ga\\\/ceisteanna-coitianta-ccanna\\\/\"]}]},{\"@type\":\"ImageObject\",\"inLanguage\":\"ga-IE\",\"@id\":\"https:\\\/\\\/www.electoralcommission.ie\\\/ga\\\/ceisteanna-coitianta-ccanna\\\/#primaryimage\",\"url\":\"https:\\\/\\\/www.electoralcommission.ie\\\/app\\\/uploads\\\/2024\\\/01\\\/polling-37-scaled-e1704390548518.jpg\",\"contentUrl\":\"https:\\\/\\\/www.electoralcommission.ie\\\/app\\\/uploads\\\/2024\\\/01\\\/polling-37-scaled-e1704390548518.jpg\",\"width\":2286,\"height\":1301,\"caption\":\"08\\\/07\\\/2021 Covid-19 Pandemic (Coronavirus), Ireland. Day 470 since start of lockdown. Day 60 of eased restrictions. Pictured polling station in Ranelagh, Dublin this morning. Photo: Sam Boal\\\/Rollingnews.ie\"},{\"@type\":\"BreadcrumbList\",\"@id\":\"https:\\\/\\\/www.electoralcommission.ie\\\/ga\\\/ceisteanna-coitianta-ccanna\\\/#breadcrumb\",\"itemListElement\":[{\"@type\":\"ListItem\",\"position\":1,\"name\":\"Baile\",\"item\":\"https:\\\/\\\/www.electoralcommission.ie\\\/ga\\\/\"},{\"@type\":\"ListItem\",\"position\":2,\"name\":\"Ceisteanna Coitianta (CCanna)\"}]},{\"@type\":\"WebSite\",\"@id\":\"https:\\\/\\\/www.electoralcommission.ie\\\/ga\\\/#website\",\"url\":\"https:\\\/\\\/www.electoralcommission.ie\\\/ga\\\/\",\"name\":\"Coimisi\u00fan Toghch\u00e1in\",\"description\":\"Ireland&#039;s Statutory, Independent Electoral Commission\",\"potentialAction\":[{\"@type\":\"SearchAction\",\"target\":{\"@type\":\"EntryPoint\",\"urlTemplate\":\"https:\\\/\\\/www.electoralcommission.ie\\\/ga\\\/?s={search_term_string}\"},\"query-input\":{\"@type\":\"PropertyValueSpecification\",\"valueRequired\":true,\"valueName\":\"search_term_string\"}}],\"inLanguage\":\"ga-IE\"}]}<\/script>\n<!-- \/ Yoast SEO plugin. -->","yoast_head_json":{"title":"Ceisteanna Coitianta (CCanna) - Coimisi\u00fan Toghch\u00e1in","robots":{"index":"index","follow":"follow","max-snippet":"max-snippet:-1","max-image-preview":"max-image-preview:large","max-video-preview":"max-video-preview:-1"},"canonical":"https:\/\/www.electoralcommission.ie\/ga\/ceisteanna-coitianta-ccanna\/","og_locale":"ga_IE","og_type":"article","og_title":"Ceisteanna Coitianta (CCanna) - Coimisi\u00fan Toghch\u00e1in","og_description":"1. Eolas ginear\u00e1lta 2. Eolas faoi Corrthoghch\u00e1n 3. Ceisteanna faoi Chl\u00e1r na dToghth\u00f3ir\u00ed 4. Ceisteanna faoi Litr\u00edocht Toghch\u00e1in 5. Ceisteanna faoin Ionad V\u00f3t\u00e1la\/Comhairimh","og_url":"https:\/\/www.electoralcommission.ie\/ga\/ceisteanna-coitianta-ccanna\/","og_site_name":"Coimisi\u00fan Toghch\u00e1in","article_modified_time":"2026-04-01T14:57:43+00:00","og_image":[{"width":2286,"height":1301,"url":"https:\/\/www.electoralcommission.ie\/app\/uploads\/2024\/01\/polling-37-scaled-e1704390548518.jpg","type":"image\/jpeg"}],"twitter_card":"summary_large_image","twitter_misc":{"Est. reading time":"1 minute"},"schema":{"@context":"https:\/\/schema.org","@graph":[{"@type":"WebPage","@id":"https:\/\/www.electoralcommission.ie\/ga\/ceisteanna-coitianta-ccanna\/","url":"https:\/\/www.electoralcommission.ie\/ga\/ceisteanna-coitianta-ccanna\/","name":"Ceisteanna Coitianta (CCanna) - Coimisi\u00fan Toghch\u00e1in","isPartOf":{"@id":"https:\/\/www.electoralcommission.ie\/ga\/#website"},"primaryImageOfPage":{"@id":"https:\/\/www.electoralcommission.ie\/ga\/ceisteanna-coitianta-ccanna\/#primaryimage"},"image":{"@id":"https:\/\/www.electoralcommission.ie\/ga\/ceisteanna-coitianta-ccanna\/#primaryimage"},"thumbnailUrl":"https:\/\/www.electoralcommission.ie\/app\/uploads\/2024\/01\/polling-37-scaled-e1704390548518.jpg","datePublished":"2024-01-19T14:32:38+00:00","dateModified":"2026-04-01T14:57:43+00:00","breadcrumb":{"@id":"https:\/\/www.electoralcommission.ie\/ga\/ceisteanna-coitianta-ccanna\/#breadcrumb"},"inLanguage":"ga-IE","potentialAction":[{"@type":"ReadAction","target":["https:\/\/www.electoralcommission.ie\/ga\/ceisteanna-coitianta-ccanna\/"]}]},{"@type":"ImageObject","inLanguage":"ga-IE","@id":"https:\/\/www.electoralcommission.ie\/ga\/ceisteanna-coitianta-ccanna\/#primaryimage","url":"https:\/\/www.electoralcommission.ie\/app\/uploads\/2024\/01\/polling-37-scaled-e1704390548518.jpg","contentUrl":"https:\/\/www.electoralcommission.ie\/app\/uploads\/2024\/01\/polling-37-scaled-e1704390548518.jpg","width":2286,"height":1301,"caption":"08\/07\/2021 Covid-19 Pandemic (Coronavirus), Ireland. Day 470 since start of lockdown. Day 60 of eased restrictions. Pictured polling station in Ranelagh, Dublin this morning. Photo: Sam Boal\/Rollingnews.ie"},{"@type":"BreadcrumbList","@id":"https:\/\/www.electoralcommission.ie\/ga\/ceisteanna-coitianta-ccanna\/#breadcrumb","itemListElement":[{"@type":"ListItem","position":1,"name":"Baile","item":"https:\/\/www.electoralcommission.ie\/ga\/"},{"@type":"ListItem","position":2,"name":"Ceisteanna Coitianta (CCanna)"}]},{"@type":"WebSite","@id":"https:\/\/www.electoralcommission.ie\/ga\/#website","url":"https:\/\/www.electoralcommission.ie\/ga\/","name":"Coimisi\u00fan Toghch\u00e1in","description":"Ireland&#039;s Statutory, Independent Electoral Commission","potentialAction":[{"@type":"SearchAction","target":{"@type":"EntryPoint","urlTemplate":"https:\/\/www.electoralcommission.ie\/ga\/?s={search_term_string}"},"query-input":{"@type":"PropertyValueSpecification","valueRequired":true,"valueName":"search_term_string"}}],"inLanguage":"ga-IE"}]}},"uagb_featured_image_src":{"full":["https:\/\/www.electoralcommission.ie\/app\/uploads\/2024\/01\/polling-37-scaled-e1704390548518.jpg",2286,1301,false],"thumbnail":["https:\/\/www.electoralcommission.ie\/app\/uploads\/2024\/01\/polling-37-scaled-e1704390548518-355x210.jpg",355,210,true],"medium":["https:\/\/www.electoralcommission.ie\/app\/uploads\/2024\/01\/polling-37-scaled-e1704390548518-300x171.jpg",300,171,true],"medium_large":["https:\/\/www.electoralcommission.ie\/app\/uploads\/2024\/01\/polling-37-scaled-e1704390548518-768x437.jpg",768,437,true],"large":["https:\/\/www.electoralcommission.ie\/app\/uploads\/2024\/01\/polling-37-scaled-e1704390548518-1024x583.jpg",1024,583,true],"1536x1536":["https:\/\/www.electoralcommission.ie\/app\/uploads\/2024\/01\/polling-37-scaled-e1704390548518-1536x874.jpg",1536,874,true],"2048x2048":["https:\/\/www.electoralcommission.ie\/app\/uploads\/2024\/01\/polling-37-scaled-e1704390548518-2048x1166.jpg",2048,1166,true],"gform-image-choice-sm":["https:\/\/www.electoralcommission.ie\/app\/uploads\/2024\/01\/polling-37-scaled-e1704390548518.jpg",300,171,false],"gform-image-choice-md":["https:\/\/www.electoralcommission.ie\/app\/uploads\/2024\/01\/polling-37-scaled-e1704390548518.jpg",400,228,false],"gform-image-choice-lg":["https:\/\/www.electoralcommission.ie\/app\/uploads\/2024\/01\/polling-37-scaled-e1704390548518.jpg",600,341,false]},"uagb_author_info":{"display_name":"Felippe","author_link":"https:\/\/www.electoralcommission.ie\/ga\/author\/felippe\/"},"uagb_comment_info":0,"uagb_excerpt":"1. Eolas ginear\u00e1lta 2. Eolas faoi Corrthoghch\u00e1n 3. Ceisteanna faoi Chl\u00e1r na dToghth\u00f3ir\u00ed 4. Ceisteanna faoi Litr\u00edocht Toghch\u00e1in 5. Ceisteanna faoin Ionad V\u00f3t\u00e1la\/Comhairimh","_links":{"self":[{"href":"https:\/\/www.electoralcommission.ie\/ga\/wp-json\/wp\/v2\/pages\/6868","targetHints":{"allow":["GET"]}}],"collection":[{"href":"https:\/\/www.electoralcommission.ie\/ga\/wp-json\/wp\/v2\/pages"}],"about":[{"href":"https:\/\/www.electoralcommission.ie\/ga\/wp-json\/wp\/v2\/types\/page"}],"author":[{"embeddable":true,"href":"https:\/\/www.electoralcommission.ie\/ga\/wp-json\/wp\/v2\/users\/17"}],"replies":[{"embeddable":true,"href":"https:\/\/www.electoralcommission.ie\/ga\/wp-json\/wp\/v2\/comments?post=6868"}],"version-history":[{"count":143,"href":"https:\/\/www.electoralcommission.ie\/ga\/wp-json\/wp\/v2\/pages\/6868\/revisions"}],"predecessor-version":[{"id":15591,"href":"https:\/\/www.electoralcommission.ie\/ga\/wp-json\/wp\/v2\/pages\/6868\/revisions\/15591"}],"wp:featuredmedia":[{"embeddable":true,"href":"https:\/\/www.electoralcommission.ie\/ga\/wp-json\/wp\/v2\/media\/6765"}],"wp:attachment":[{"href":"https:\/\/www.electoralcommission.ie\/ga\/wp-json\/wp\/v2\/media?parent=6868"}],"curies":[{"name":"wp","href":"https:\/\/api.w.org\/{rel}","templated":true}]}}