
{"id":6870,"date":"2024-01-19T14:38:54","date_gmt":"2024-01-19T14:38:54","guid":{"rendered":"https:\/\/www.electoralcommission.ie\/ta-fiuntas-ag-baint-le-do-vota\/"},"modified":"2024-10-23T12:29:01","modified_gmt":"2024-10-23T11:29:01","slug":"ta-fiuntas-ag-baint-le-do-vota","status":"publish","type":"page","link":"https:\/\/www.electoralcommission.ie\/ga\/ta-fiuntas-ag-baint-le-do-vota\/","title":{"rendered":"T\u00e1 Fi\u00fantas ag baint le do V\u00f3ta"},"content":{"rendered":"\n<p>T\u00e1 t\u00e1bhacht le gach v\u00f3ta i reifrinn agus toghch\u00e1in. <\/p>\n\n<p>Tugtar deis duit leis an v\u00f3t\u00e1il i reifrinn agus i dtoghch\u00e1in a bheith mar chuid den chinnteoireacht a bhaineann le do shaol agus le todhcha\u00ed \u00e1r dt\u00edre.<\/p>\n\n<p>Mura gcaitheann t\u00fa v\u00f3ta, d\u00e9anfaidh daoine eile an cinneadh duit.<\/p>\n\n<div style=\"height:39px\" aria-hidden=\"true\" class=\"wp-block-spacer\"><\/div>\n\n<div class=\"wp-block-uagb-advanced-heading uagb-block-008046e5\"><h2 class=\"uagb-heading-text\">Ag caitheamh v\u00f3ta<\/h2><div class=\"uagb-separator\"><\/div><\/div>\n\n<p>Nuair is v\u00f3t\u00e1la\u00ed th\u00fa, tugtar an cumhacht duit todhcha\u00ed \u00e1r dt\u00edre a mh\u00fanl\u00fa.<\/p>\n\n<p>Is f\u00e9idir v\u00f3ta a chaitheamh tr\u00ed chl\u00e1r\u00fa agus do chuid sonra\u00ed a sheice\u00e1il ar <a href=\"http:\/\/www.checktheregister.ie\">www.checktheregister.ie<\/a>. . Ansin, gheobhaidh t\u00fa c\u00e1rta v\u00f3t\u00e1la go huathoibr\u00edoch chuig do sheoladh baile at\u00e1 cl\u00e1raithe roimh an gc\u00e9ad imeacht toghch\u00e1in a bhfuil t\u00fa inch\u00e1ilithe v\u00f3ta a chaitheamh ann. Is f\u00e9idir do thuairim a chur chun tosaigh tr\u00ed v\u00f3ta a chaitheamh ar l\u00e1 na v\u00f3t\u00e1la.<\/p>\n\n<div style=\"height:39px\" aria-hidden=\"true\" class=\"wp-block-spacer\"><\/div>\n\n<div class=\"wp-block-uagb-advanced-heading uagb-block-f664cc20\"><h2 class=\"uagb-heading-text\">T\u00e1 an daonlathas ag brath ort!<\/h2><div class=\"uagb-separator\"><\/div><\/div>\n\n<p>Ach oiread le gach r\u00e9imse eile den saol, t\u00e1imid ag baint leas anois as na me\u00e1in sh\u00f3isialta, teachtaireachta\u00ed ar l\u00edne agus an t-idirl\u00edon chun c\u00farsa\u00ed reatha, ceisteanna polaiti\u00fala agus toghch\u00e1in a phl\u00e9. T\u00e1imid ag f\u00e1il go leor faisn\u00e9ise ar l\u00edne \u00f3 go leor \u00e1iteanna difri\u00fala.<\/p>\n\n<div style=\"height:39px\" aria-hidden=\"true\" class=\"wp-block-spacer\"><\/div>\n\n<div class=\"wp-block-uagb-advanced-heading uagb-block-dd6ddc59\"><h2 class=\"uagb-heading-text\">Is ionann gan v\u00f3ta a chaitheamh agus do ghuth a gh\u00e9illeadh<\/h2><div class=\"uagb-separator\"><\/div><\/div>\n\n<p>Cinntear na toghch\u00e1in ag na daoine a th\u00e9ann amach agus a chaitheann v\u00f3ta. Mura gcaitheann t\u00fa v\u00f3ta, d\u00e9anfaidh duine eile an cinneadh duit. Is \u00e9 do v\u00f3ta do ghuth, d\u00e9an cinnte go mbaineann t\u00fa \u00fas\u00e1id as.<\/p>\n\n<div style=\"height:39px\" aria-hidden=\"true\" class=\"wp-block-spacer\"><\/div>\n\n<div class=\"wp-block-uagb-advanced-heading uagb-block-d8585a48\"><h2 class=\"uagb-heading-text\">M\u00edfhaisn\u00e9is, br\u00e9agaisn\u00e9is agus domhainbhrionnuithe<\/h2><div class=\"uagb-separator\"><\/div><\/div>\n\n<p>Ach oiread le gach r\u00e9imse eile den saol, t\u00e1imid ag baint leas anois as na me\u00e1in sh\u00f3isialta, teachtaireachta\u00ed ar l\u00edne agus an t-idirl\u00edon chun c\u00farsa\u00ed reatha, ceisteanna polaiti\u00fala agus toghch\u00e1in a phl\u00e9. T\u00e1imid ag f\u00e1il go leor faisn\u00e9ise ar l\u00edne \u00f3 go leor \u00e1iteanna difri\u00fala.<\/p>\n\n<p>T\u00e1 an t-idirl\u00edon in ann a bheith an-chabhrach nuair at\u00e1 f\u00edric\u00ed agus faisn\u00e9is le f\u00e1il, agus chun dearctha\u00ed difri\u00fala a roinnt. Ach baintear \u00fas\u00e1id as uaireanta chun \u2018m\u00edfhaisn\u00e9is\u2019 agus \u2018br\u00e9agaisn\u00e9is\u2019 a scaipeadh. \u00das\u00e1idtear na focail sin chun cur s\u00edos a dh\u00e9anamh ar fhaisn\u00e9is nach bhfuil cruinn n\u00f3 nach bhfuil fianaise ann ina leith, faisn\u00e9is at\u00e1 m\u00edthreorach agus a chuirfeadh duine am\u00fa, n\u00f3 faisn\u00e9is at\u00e1 br\u00e9agach. Uaireanta, post\u00e1lann n\u00f3 scaipeann daoine an fhaisn\u00e9is tr\u00ed thimpiste mar go gcreideann siad go bhfuil s\u00ed f\u00edor agus n\u00ed bh\u00edonn s\u00e9 i gceist acu daoine a chur am\u00fa (sin m\u00edfhaisn\u00e9is).  Ach f\u00e9adfaidh daoine eile faisn\u00e9is bhr\u00e9agach a phost\u00e1il d\u2019aon turas chun an dallamull\u00f3g a chur ar dhaoine (sin br\u00e9agaisn\u00e9is).<\/p>\n\n<p>I gc\u00e1s toghch\u00e1n, sampla de bhr\u00e9agaisn\u00e9is a bheadh i nduine a phost\u00e1lfadh faisn\u00e9is mh\u00edchruinn d\u2019aon turas faoin \u00e1it agus am ar cheart v\u00f3ta a chaitheamh n\u00f3 faoin gcaoi le v\u00f3ta a chaitheamh chun mearbhall a chur ar v\u00f3t\u00e1laithe n\u00f3 cleas a imirt ar dhaoine ionas nach v\u00f3t\u00e1lfaidh siad. <\/p>\n\n<p>Foils\u00edtear f\u00edse\u00e1in n\u00f3 m\u00edreanna fuaime ar an idirl\u00edon uaireanta nach bhfuil f\u00edor n\u00f3 a athra\u00edodh n\u00f3 a cuireadh in eagar. D\u2019fh\u00e9adfaid\u00eds imeachta\u00ed a l\u00e9iri\u00fa n\u00e1r tharla n\u00f3 a tharla in \u00e1it n\u00f3 ag am difri\u00fail. N\u00f3 d\u2019fh\u00e9adfaid\u00eds daoine a thaispe\u00e1int ag r\u00e1 n\u00f3 ag d\u00e9anamh ruda\u00ed nach nd\u00fairt n\u00f3 nach ndearna siad.  Seans go bhfaca t\u00fa iad sin \u00e1 dtuairisci\u00fa mar \u2018dhomhainbhrionnuithe\u2019.<\/p>\n\n<p>N\u00ed fadhbanna nua iad sin. Ach t\u00e1 n\u00edos m\u00f3 airde le blianta beaga anuas ar an dochar a dh\u00e9anann siad mar gur f\u00e9idir faisn\u00e9is bhr\u00e9agach a scaipeadh i bhfad n\u00edos tapa agus n\u00edos forleithne ar l\u00edne. T\u00e1 s\u00e9 i bhfad n\u00edos saoire agus n\u00edos \u00e9asca freisin f\u00edse\u00e1in agus gearrth\u00f3ga fuaime a athr\u00fa agus a ch\u00fabl\u00e1il.<\/p>\n\n<div class=\"wp-block-uagb-advanced-heading uagb-block-d1027eaf\"><h3 class=\"uagb-heading-text\">C\u00e9n dochar a bhaineann leis seo ar fad?<\/h3><\/div>\n\n<div style=\"height:16px\" aria-hidden=\"true\" class=\"wp-block-spacer\"><\/div>\n\n<p>T\u00e1 faisn\u00e9is bhr\u00e9agach go dona do thoghch\u00e1in agus do dhaonlathas. Tharla s\u00e9 cheana n\u00e1r chaith daoine v\u00f3ta n\u00f3 gur mhill siad a v\u00f3ta mar gur chreid siad faisn\u00e9is nach raibh f\u00edor. D\u2019fh\u00e9adfa\u00ed an dallamull\u00f3g a chur ar dhaoine n\u00f3 iad a chur am\u00fa le faisn\u00e9is bhr\u00e9agach freisin, agus go gcaithfid\u00eds v\u00f3ta faoi leith mar gheall air. <\/p>\n\n<div class=\"wp-block-uagb-advanced-heading uagb-block-60d88543\"><h3 class=\"uagb-heading-text\">C\u00e9ard is f\u00e9idir leat a dh\u00e9anamh?<\/h3><\/div>\n\n<div style=\"height:16px\" aria-hidden=\"true\" class=\"wp-block-spacer\"><\/div>\n\n<p>B\u00edonn s\u00e9 deacair m\u00edfhaisn\u00e9is agus br\u00e9agaisn\u00e9is agus domhainbhrionnuithe a aithint uaireanta, go h\u00e1irithe nuair a chuirtear i l\u00e1thair go pointe\u00e1ilte iad agus go bhfuil cuma na f\u00edrinne orthu. Seolann cara n\u00f3 duine muinteartha iad go minic, n\u00f3 seoltar chuig gr\u00fapa \u00e1iti\u00fail iad ar na me\u00e1in sh\u00f3isialta n\u00f3 in uirlis teachtaireachta. Go minic, scaiptear br\u00e9agaisn\u00e9is chun freagairt l\u00e1idir a chruth\u00fa \u2013 ar n\u00f3s spleodar n\u00f3 fearg mh\u00f3r.<\/p>\n\n<p>D\u00e1 bhr\u00ed sin, nuair at\u00e1 t\u00fa ag l\u00e9amh \u00e1bhair, ag breathn\u00fa ar fh\u00edse\u00e1in n\u00f3 ar chl\u00e1ir, n\u00f3 ag \u00e9isteacht le podchraolta\u00ed ar l\u00edne n\u00f3 sna me\u00e1in, fiafraigh d\u00edot f\u00e9in i gc\u00f3na\u00ed:<\/p>\n\n<ul class=\"wp-block-list\">\n<li>C\u00e9n chaoi a mbeidh a fhios agam go bhfuil s\u00e9 seo f\u00edor?<\/li>\n\n\n\n<li>C\u00e9 at\u00e1 \u00e1 r\u00e1 seo liom?<\/li>\n\n\n\n<li>C\u00e9n f\u00e1th a bhfuil siad \u00e1 r\u00e1 seo liom?<\/li>\n\n\n\n<li>C\u00e9n chaoi a ndeimhneoidh m\u00e9 \u00e9 seo? \/C\u00e9n chaoi ar f\u00e9idir liom a sheice\u00e1il an bhfuil s\u00e9 cruinn?<\/li>\n\n\n\n<li>An gcaithfidh mise aon athmhachnamh a dh\u00e9anamh? \/ An gcaithfidh m\u00e9 tuilleadh machnaimh a dh\u00e9anamh air seo? <\/li>\n<\/ul>\n\n<div class=\"wp-block-uagb-advanced-heading uagb-block-57b361f3\"><h3 class=\"uagb-heading-text\">Caith le gach l\u00e1 mar L\u00e1 na nAmad\u00e1n<\/h3><\/div>\n\n<div style=\"height:16px\" aria-hidden=\"true\" class=\"wp-block-spacer\"><\/div>\n\n<figure class=\"wp-block-embed is-type-video is-provider-vimeo wp-block-embed-vimeo wp-embed-aspect-16-9 wp-has-aspect-ratio\">\r\n<div class=\"wp-block-embed__wrapper\">https:\/\/vimeo.com\/913726406?share=copy<\/div><\/figure>\n\n<div style=\"height:46px\" aria-hidden=\"true\" class=\"wp-block-spacer\"><\/div>\n\n<figure class=\"wp-block-embed is-type-video is-provider-vimeo wp-block-embed-vimeo wp-embed-aspect-16-9 wp-has-aspect-ratio\">\r\n<div class=\"wp-block-embed__wrapper\">https:\/\/vimeo.com\/914417151?share=copy#t=0<\/div><\/figure>\n\n<div style=\"height:46px\" aria-hidden=\"true\" class=\"wp-block-spacer\"><\/div>\n\n<figure class=\"wp-block-embed is-type-video is-provider-vimeo wp-block-embed-vimeo wp-embed-aspect-16-9 wp-has-aspect-ratio\">\r\n<div class=\"wp-block-embed__wrapper\">https:\/\/vimeo.com\/914390705?share=copy<\/div><\/figure>\n\n<div style=\"height:46px\" aria-hidden=\"true\" class=\"wp-block-spacer\"><\/div>\n\n<div style=\"height:46px\" aria-hidden=\"true\" class=\"wp-block-spacer\"><\/div>\n","protected":false},"excerpt":{"rendered":"<p>T\u00e1 t\u00e1bhacht le gach v\u00f3ta i reifrinn agus toghch\u00e1in. Tugtar deis duit leis an v\u00f3t\u00e1il i reifrinn agus i dtoghch\u00e1in a bheith mar chuid den chinnteoireacht a bhaineann le do shaol agus le todhcha\u00ed \u00e1r dt\u00edre. Mura gcaitheann t\u00fa v\u00f3ta, d\u00e9anfaidh daoine eile an cinneadh duit. Ag caitheamh v\u00f3ta Nuair is v\u00f3t\u00e1la\u00ed th\u00fa, tugtar an &hellip; <a href=\"https:\/\/www.electoralcommission.ie\/ga\/ta-fiuntas-ag-baint-le-do-vota\/\">Continued<\/a><\/p>\n","protected":false},"author":17,"featured_media":6772,"parent":0,"menu_order":0,"comment_status":"closed","ping_status":"closed","template":"","meta":{"_acf_changed":false,"_relevanssi_hide_post":"","_relevanssi_hide_content":"","_relevanssi_pin_for_all":"","_relevanssi_pin_keywords":"","_relevanssi_unpin_keywords":"","_relevanssi_related_keywords":"","_relevanssi_related_include_ids":"","_relevanssi_related_exclude_ids":"","_relevanssi_related_no_append":"","_relevanssi_related_not_related":"","_relevanssi_related_posts":"10298,10109,11320,9475,9578,10848","_relevanssi_noindex_reason":"","_uag_custom_page_level_css":"","footnotes":""},"class_list":["post-6870","page","type-page","status-publish","has-post-thumbnail","hentry"],"acf":[],"yoast_head":"<!-- This site is optimized with the Yoast SEO plugin v27.5 - https:\/\/yoast.com\/product\/yoast-seo-wordpress\/ -->\n<title>T\u00e1 Fi\u00fantas ag baint le do V\u00f3ta - Coimisi\u00fan Toghch\u00e1in<\/title>\n<meta name=\"robots\" content=\"index, follow, max-snippet:-1, max-image-preview:large, max-video-preview:-1\" \/>\n<link rel=\"canonical\" href=\"https:\/\/www.electoralcommission.ie\/ga\/ta-fiuntas-ag-baint-le-do-vota\/\" \/>\n<meta property=\"og:locale\" content=\"ga_IE\" \/>\n<meta property=\"og:type\" content=\"article\" \/>\n<meta property=\"og:title\" content=\"T\u00e1 Fi\u00fantas ag baint le do V\u00f3ta - Coimisi\u00fan Toghch\u00e1in\" \/>\n<meta property=\"og:description\" content=\"T\u00e1 t\u00e1bhacht le gach v\u00f3ta i reifrinn agus toghch\u00e1in. Tugtar deis duit leis an v\u00f3t\u00e1il i reifrinn agus i dtoghch\u00e1in a bheith mar chuid den chinnteoireacht a bhaineann le do shaol agus le todhcha\u00ed \u00e1r dt\u00edre. Mura gcaitheann t\u00fa v\u00f3ta, d\u00e9anfaidh daoine eile an cinneadh duit. Ag caitheamh v\u00f3ta Nuair is v\u00f3t\u00e1la\u00ed th\u00fa, tugtar an &hellip; Continued\" \/>\n<meta property=\"og:url\" content=\"https:\/\/www.electoralcommission.ie\/ga\/ta-fiuntas-ag-baint-le-do-vota\/\" \/>\n<meta property=\"og:site_name\" content=\"Coimisi\u00fan Toghch\u00e1in\" \/>\n<meta property=\"article:modified_time\" content=\"2024-10-23T11:29:01+00:00\" \/>\n<meta property=\"og:image\" content=\"https:\/\/cdn.electoralcommission.ie\/app\/uploads\/2024\/01\/19162420\/90381428-scaled-e1704389208377.jpg\" \/>\n\t<meta property=\"og:image:width\" content=\"1961\" \/>\n\t<meta property=\"og:image:height\" content=\"1565\" \/>\n\t<meta property=\"og:image:type\" content=\"image\/jpeg\" \/>\n<meta name=\"twitter:card\" content=\"summary_large_image\" \/>\n<meta name=\"twitter:label1\" content=\"Est. reading time\" \/>\n\t<meta name=\"twitter:data1\" content=\"4 minutes\" \/>\n<script type=\"application\/ld+json\" class=\"yoast-schema-graph\">{\"@context\":\"https:\\\/\\\/schema.org\",\"@graph\":[{\"@type\":\"WebPage\",\"@id\":\"https:\\\/\\\/www.electoralcommission.ie\\\/ga\\\/ta-fiuntas-ag-baint-le-do-vota\\\/\",\"url\":\"https:\\\/\\\/www.electoralcommission.ie\\\/ga\\\/ta-fiuntas-ag-baint-le-do-vota\\\/\",\"name\":\"T\u00e1 Fi\u00fantas ag baint le do V\u00f3ta - Coimisi\u00fan Toghch\u00e1in\",\"isPartOf\":{\"@id\":\"https:\\\/\\\/www.electoralcommission.ie\\\/ga\\\/#website\"},\"primaryImageOfPage\":{\"@id\":\"https:\\\/\\\/www.electoralcommission.ie\\\/ga\\\/ta-fiuntas-ag-baint-le-do-vota\\\/#primaryimage\"},\"image\":{\"@id\":\"https:\\\/\\\/www.electoralcommission.ie\\\/ga\\\/ta-fiuntas-ag-baint-le-do-vota\\\/#primaryimage\"},\"thumbnailUrl\":\"https:\\\/\\\/www.electoralcommission.ie\\\/app\\\/uploads\\\/2024\\\/01\\\/90381428-scaled-e1704389208377.jpg\",\"datePublished\":\"2024-01-19T14:38:54+00:00\",\"dateModified\":\"2024-10-23T11:29:01+00:00\",\"breadcrumb\":{\"@id\":\"https:\\\/\\\/www.electoralcommission.ie\\\/ga\\\/ta-fiuntas-ag-baint-le-do-vota\\\/#breadcrumb\"},\"inLanguage\":\"ga-IE\",\"potentialAction\":[{\"@type\":\"ReadAction\",\"target\":[\"https:\\\/\\\/www.electoralcommission.ie\\\/ga\\\/ta-fiuntas-ag-baint-le-do-vota\\\/\"]}]},{\"@type\":\"ImageObject\",\"inLanguage\":\"ga-IE\",\"@id\":\"https:\\\/\\\/www.electoralcommission.ie\\\/ga\\\/ta-fiuntas-ag-baint-le-do-vota\\\/#primaryimage\",\"url\":\"https:\\\/\\\/www.electoralcommission.ie\\\/app\\\/uploads\\\/2024\\\/01\\\/90381428-scaled-e1704389208377.jpg\",\"contentUrl\":\"https:\\\/\\\/www.electoralcommission.ie\\\/app\\\/uploads\\\/2024\\\/01\\\/90381428-scaled-e1704389208377.jpg\",\"width\":1961,\"height\":1565,\"caption\":\"22\\\/5\\\/2015 Voting in the Referendums on Marriage Equality and Age of Eligibility to the Office of President Bill begins today. Pictured are members of the public casting their vote into ballot boxes in the Marriage Equality and Age of Eligibility to the Office of President Referendum Bill at the St. Joseph's School, Navan Road, Cabra West Dublin polling station in Dublin. Photograph: Sasko Lazarov\\\/RollingNews.ie\"},{\"@type\":\"BreadcrumbList\",\"@id\":\"https:\\\/\\\/www.electoralcommission.ie\\\/ga\\\/ta-fiuntas-ag-baint-le-do-vota\\\/#breadcrumb\",\"itemListElement\":[{\"@type\":\"ListItem\",\"position\":1,\"name\":\"Baile\",\"item\":\"https:\\\/\\\/www.electoralcommission.ie\\\/ga\\\/\"},{\"@type\":\"ListItem\",\"position\":2,\"name\":\"T\u00e1 Fi\u00fantas ag baint le do V\u00f3ta\"}]},{\"@type\":\"WebSite\",\"@id\":\"https:\\\/\\\/www.electoralcommission.ie\\\/ga\\\/#website\",\"url\":\"https:\\\/\\\/www.electoralcommission.ie\\\/ga\\\/\",\"name\":\"Coimisi\u00fan Toghch\u00e1in\",\"description\":\"Ireland&#039;s Statutory, Independent Electoral Commission\",\"potentialAction\":[{\"@type\":\"SearchAction\",\"target\":{\"@type\":\"EntryPoint\",\"urlTemplate\":\"https:\\\/\\\/www.electoralcommission.ie\\\/ga\\\/?s={search_term_string}\"},\"query-input\":{\"@type\":\"PropertyValueSpecification\",\"valueRequired\":true,\"valueName\":\"search_term_string\"}}],\"inLanguage\":\"ga-IE\"}]}<\/script>\n<!-- \/ Yoast SEO plugin. -->","yoast_head_json":{"title":"T\u00e1 Fi\u00fantas ag baint le do V\u00f3ta - Coimisi\u00fan Toghch\u00e1in","robots":{"index":"index","follow":"follow","max-snippet":"max-snippet:-1","max-image-preview":"max-image-preview:large","max-video-preview":"max-video-preview:-1"},"canonical":"https:\/\/www.electoralcommission.ie\/ga\/ta-fiuntas-ag-baint-le-do-vota\/","og_locale":"ga_IE","og_type":"article","og_title":"T\u00e1 Fi\u00fantas ag baint le do V\u00f3ta - Coimisi\u00fan Toghch\u00e1in","og_description":"T\u00e1 t\u00e1bhacht le gach v\u00f3ta i reifrinn agus toghch\u00e1in. Tugtar deis duit leis an v\u00f3t\u00e1il i reifrinn agus i dtoghch\u00e1in a bheith mar chuid den chinnteoireacht a bhaineann le do shaol agus le todhcha\u00ed \u00e1r dt\u00edre. Mura gcaitheann t\u00fa v\u00f3ta, d\u00e9anfaidh daoine eile an cinneadh duit. Ag caitheamh v\u00f3ta Nuair is v\u00f3t\u00e1la\u00ed th\u00fa, tugtar an &hellip; Continued","og_url":"https:\/\/www.electoralcommission.ie\/ga\/ta-fiuntas-ag-baint-le-do-vota\/","og_site_name":"Coimisi\u00fan Toghch\u00e1in","article_modified_time":"2024-10-23T11:29:01+00:00","og_image":[{"width":1961,"height":1565,"url":"https:\/\/cdn.electoralcommission.ie\/app\/uploads\/2024\/01\/19162420\/90381428-scaled-e1704389208377.jpg","type":"image\/jpeg"}],"twitter_card":"summary_large_image","twitter_misc":{"Est. reading time":"4 minutes"},"schema":{"@context":"https:\/\/schema.org","@graph":[{"@type":"WebPage","@id":"https:\/\/www.electoralcommission.ie\/ga\/ta-fiuntas-ag-baint-le-do-vota\/","url":"https:\/\/www.electoralcommission.ie\/ga\/ta-fiuntas-ag-baint-le-do-vota\/","name":"T\u00e1 Fi\u00fantas ag baint le do V\u00f3ta - Coimisi\u00fan Toghch\u00e1in","isPartOf":{"@id":"https:\/\/www.electoralcommission.ie\/ga\/#website"},"primaryImageOfPage":{"@id":"https:\/\/www.electoralcommission.ie\/ga\/ta-fiuntas-ag-baint-le-do-vota\/#primaryimage"},"image":{"@id":"https:\/\/www.electoralcommission.ie\/ga\/ta-fiuntas-ag-baint-le-do-vota\/#primaryimage"},"thumbnailUrl":"https:\/\/www.electoralcommission.ie\/app\/uploads\/2024\/01\/90381428-scaled-e1704389208377.jpg","datePublished":"2024-01-19T14:38:54+00:00","dateModified":"2024-10-23T11:29:01+00:00","breadcrumb":{"@id":"https:\/\/www.electoralcommission.ie\/ga\/ta-fiuntas-ag-baint-le-do-vota\/#breadcrumb"},"inLanguage":"ga-IE","potentialAction":[{"@type":"ReadAction","target":["https:\/\/www.electoralcommission.ie\/ga\/ta-fiuntas-ag-baint-le-do-vota\/"]}]},{"@type":"ImageObject","inLanguage":"ga-IE","@id":"https:\/\/www.electoralcommission.ie\/ga\/ta-fiuntas-ag-baint-le-do-vota\/#primaryimage","url":"https:\/\/www.electoralcommission.ie\/app\/uploads\/2024\/01\/90381428-scaled-e1704389208377.jpg","contentUrl":"https:\/\/www.electoralcommission.ie\/app\/uploads\/2024\/01\/90381428-scaled-e1704389208377.jpg","width":1961,"height":1565,"caption":"22\/5\/2015 Voting in the Referendums on Marriage Equality and Age of Eligibility to the Office of President Bill begins today. Pictured are members of the public casting their vote into ballot boxes in the Marriage Equality and Age of Eligibility to the Office of President Referendum Bill at the St. Joseph's School, Navan Road, Cabra West Dublin polling station in Dublin. Photograph: Sasko Lazarov\/RollingNews.ie"},{"@type":"BreadcrumbList","@id":"https:\/\/www.electoralcommission.ie\/ga\/ta-fiuntas-ag-baint-le-do-vota\/#breadcrumb","itemListElement":[{"@type":"ListItem","position":1,"name":"Baile","item":"https:\/\/www.electoralcommission.ie\/ga\/"},{"@type":"ListItem","position":2,"name":"T\u00e1 Fi\u00fantas ag baint le do V\u00f3ta"}]},{"@type":"WebSite","@id":"https:\/\/www.electoralcommission.ie\/ga\/#website","url":"https:\/\/www.electoralcommission.ie\/ga\/","name":"Coimisi\u00fan Toghch\u00e1in","description":"Ireland&#039;s Statutory, Independent Electoral Commission","potentialAction":[{"@type":"SearchAction","target":{"@type":"EntryPoint","urlTemplate":"https:\/\/www.electoralcommission.ie\/ga\/?s={search_term_string}"},"query-input":{"@type":"PropertyValueSpecification","valueRequired":true,"valueName":"search_term_string"}}],"inLanguage":"ga-IE"}]}},"uagb_featured_image_src":{"full":["https:\/\/www.electoralcommission.ie\/app\/uploads\/2024\/01\/90381428-scaled-e1704389208377.jpg",1961,1565,false],"thumbnail":["https:\/\/www.electoralcommission.ie\/app\/uploads\/2024\/01\/90381428-scaled-e1704389208377-355x210.jpg",355,210,true],"medium":["https:\/\/www.electoralcommission.ie\/app\/uploads\/2024\/01\/90381428-scaled-e1704389208377-300x239.jpg",300,239,true],"medium_large":["https:\/\/www.electoralcommission.ie\/app\/uploads\/2024\/01\/90381428-scaled-e1704389208377-768x613.jpg",768,613,true],"large":["https:\/\/www.electoralcommission.ie\/app\/uploads\/2024\/01\/90381428-scaled-e1704389208377-1024x817.jpg",1024,817,true],"1536x1536":["https:\/\/www.electoralcommission.ie\/app\/uploads\/2024\/01\/90381428-scaled-e1704389208377-1536x1226.jpg",1536,1226,true],"2048x2048":["https:\/\/www.electoralcommission.ie\/app\/uploads\/2024\/01\/90381428-scaled-e1704389208377.jpg",1961,1565,false],"gform-image-choice-sm":["https:\/\/www.electoralcommission.ie\/app\/uploads\/2024\/01\/90381428-scaled-e1704389208377.jpg",300,239,false],"gform-image-choice-md":["https:\/\/www.electoralcommission.ie\/app\/uploads\/2024\/01\/90381428-scaled-e1704389208377.jpg",400,319,false],"gform-image-choice-lg":["https:\/\/www.electoralcommission.ie\/app\/uploads\/2024\/01\/90381428-scaled-e1704389208377.jpg",600,479,false]},"uagb_author_info":{"display_name":"Felippe","author_link":"https:\/\/www.electoralcommission.ie\/ga\/author\/felippe\/"},"uagb_comment_info":0,"uagb_excerpt":"T\u00e1 t\u00e1bhacht le gach v\u00f3ta i reifrinn agus toghch\u00e1in. Tugtar deis duit leis an v\u00f3t\u00e1il i reifrinn agus i dtoghch\u00e1in a bheith mar chuid den chinnteoireacht a bhaineann le do shaol agus le todhcha\u00ed \u00e1r dt\u00edre. Mura gcaitheann t\u00fa v\u00f3ta, d\u00e9anfaidh daoine eile an cinneadh duit. Ag caitheamh v\u00f3ta Nuair is v\u00f3t\u00e1la\u00ed th\u00fa, tugtar an&hellip;","_links":{"self":[{"href":"https:\/\/www.electoralcommission.ie\/ga\/wp-json\/wp\/v2\/pages\/6870","targetHints":{"allow":["GET"]}}],"collection":[{"href":"https:\/\/www.electoralcommission.ie\/ga\/wp-json\/wp\/v2\/pages"}],"about":[{"href":"https:\/\/www.electoralcommission.ie\/ga\/wp-json\/wp\/v2\/types\/page"}],"author":[{"embeddable":true,"href":"https:\/\/www.electoralcommission.ie\/ga\/wp-json\/wp\/v2\/users\/17"}],"replies":[{"embeddable":true,"href":"https:\/\/www.electoralcommission.ie\/ga\/wp-json\/wp\/v2\/comments?post=6870"}],"version-history":[{"count":4,"href":"https:\/\/www.electoralcommission.ie\/ga\/wp-json\/wp\/v2\/pages\/6870\/revisions"}],"predecessor-version":[{"id":11477,"href":"https:\/\/www.electoralcommission.ie\/ga\/wp-json\/wp\/v2\/pages\/6870\/revisions\/11477"}],"wp:featuredmedia":[{"embeddable":true,"href":"https:\/\/www.electoralcommission.ie\/ga\/wp-json\/wp\/v2\/media\/6772"}],"wp:attachment":[{"href":"https:\/\/www.electoralcommission.ie\/ga\/wp-json\/wp\/v2\/media?parent=6870"}],"curies":[{"name":"wp","href":"https:\/\/api.w.org\/{rel}","templated":true}]}}