
{"id":6872,"date":"2024-01-19T14:33:09","date_gmt":"2024-01-19T14:33:09","guid":{"rendered":"https:\/\/www.electoralcommission.ie\/daonlathas-na-heireann\/"},"modified":"2024-06-26T13:43:27","modified_gmt":"2024-06-26T12:43:27","slug":"daonlathas-na-heireann","status":"publish","type":"page","link":"https:\/\/www.electoralcommission.ie\/ga\/daonlathas-na-heireann\/","title":{"rendered":"Daonlathas na h\u00c9ireann"},"content":{"rendered":"\n<p>T\u00e1 cumhacht dhaonlathach in \u00c9irinn roinnte idir an reachtas (an tOireachtas), an feidhmeannas (an Rialtas) agus na breithi\u00fana. T\u00e1 r\u00f3l gach ceann de na gr\u00fapa\u00ed seo leagtha amach go soil\u00e9ir i <a href=\"\/ga\/bunreacht-na-heireann\/\">mBunreacht na h\u00c9ireann<\/a>.<\/p>\n\n\n\n<p>T\u00e1 cumhachta\u00ed \u00e1irithe ag gach ceann de na tr\u00ed bhrainse a ligeann d\u00f3ibh gach ceann de na gr\u00fapa\u00ed eile a choinne\u00e1il faoi smacht. Cialla\u00edonn s\u00e9 sin nach f\u00e9idir le haon ghr\u00fapa amh\u00e1in \u00e9ir\u00ed r\u00f3chumhachtach n\u00f3 smacht ioml\u00e1n a fh\u00e1il.<\/p>\n\n\n\n<ul class=\"wp-block-list\">\n<li>Is ionann <strong>Cumhacht Reachta\u00edochta<\/strong> agus an chumhacht chun dl\u00edthe a dh\u00e9anamh. Tugann Airteagail 15 \u2013 27 den Bhunreacht na cumhachta\u00ed sin don Oireachtas. T\u00e1 an tOireachtas comhdh\u00e9anta de Dh\u00e1il \u00c9ireann, de Sheanad \u00c9ireann agus den Uachtar\u00e1n.<\/li>\n\n\n\n<li>Is ionann <strong>Cumhacht Feidhmi\u00fach\u00e1in<\/strong> agus an chumhacht dl\u00edthe a chur i bhfeidhm \u2013 cialla\u00edonn s\u00e9 sin go bhfuil an chumhacht ann dl\u00edthe a chur i gcr\u00edch le c\u00fanamh \u00f3n nGarda S\u00edoch\u00e1na, \u00f3 \u00d3glaigh na h\u00c9ireann agus \u00f3n St\u00e1tseirbh\u00eds. Tugtar an chumhacht sin don Rialtas (Taoiseach, T\u00e1naiste agus Air\u00ed Rialtais) le hAirteagal 28.<\/li>\n\n\n\n<li>Is ionann <strong>cumhacht bhreithi\u00fanach<\/strong> agus an chumhacht an dl\u00ed a l\u00e9irmh\u00edni\u00fa agus a chur i bhfeidhm maidir le haighnis agus coinbhleachta\u00ed a tharla\u00edonn idir an St\u00e1t agus saor\u00e1naigh aonair, chomh maith le d\u00edosp\u00f3id\u00ed a tharla\u00edonn idir saor\u00e1naigh. <\/li>\n<\/ul>\n\n\n\n<div style=\"height:25px\" aria-hidden=\"true\" class=\"wp-block-spacer\"><\/div>\n\n\n\n<div class=\"wp-block-uagb-advanced-heading uagb-block-ed97b53a\" id=\"Oireachtas\"><h2 class=\"uagb-heading-text\">An tOireachtas<\/h2><div class=\"uagb-separator\"><\/div><\/div>\n\n\n\n<div style=\"height:12px\" aria-hidden=\"true\" class=\"wp-block-spacer\"><\/div>\n\n\n\n<p>Is ionann an tOireachtas agus brainse reacht\u00fail an st\u00e1it comhdh\u00e9anta de Dh\u00e1il \u00c9ireann agus Seanad \u00c9ireann. <\/p>\n\n\n\n<p>F\u00e9achann an tOireachtas ar an Rialtas agus coinn\u00edonn siad cuntasach iad as a chinnt\u00ed agus a ghn\u00edomhartha. D\u00e9anann s\u00e9 \u00e9 seo ar bheala\u00ed \u00e9ags\u00fala, lena n-\u00e1ir\u00edtear ceisteanna a chur ar an Taoiseach agus ar Air\u00ed an Rialtais. Is f\u00e9idir leis an Oireachtas freisin an Taoiseach\/Air\u00ed Rialtais a chur as oifig tr\u00ed thairiscint m\u00edmhuin\u00edne.  <\/p>\n\n\n\n<div style=\"height:25px\" aria-hidden=\"true\" class=\"wp-block-spacer\"><\/div>\n\n\n\n<div class=\"wp-block-uagb-advanced-heading uagb-block-9390d579\" id=\"Dail\"><h2 class=\"uagb-heading-text\">D\u00e1il \u00c9ireann<\/h2><div class=\"uagb-separator\"><\/div><\/div>\n\n\n\n<div style=\"height:12px\" aria-hidden=\"true\" class=\"wp-block-spacer\"><\/div>\n\n\n\n<p>Is \u00ed an D\u00e1il pr\u00edomhfhoras an Oireachtais agus t\u00e1 an chumhacht reachtach is m\u00f3 sa t\u00edr aici. Is \u00ed an phr\u00edomhfheidhm at\u00e1 aige reachta\u00edocht a dh\u00e9anamh, molann s\u00e9 Bill\u00ed (dl\u00edthe nua), d\u00edosp\u00f3ireachta\u00ed ar dhl\u00edthe nua, athruithe a dh\u00e9anamh ar dhl\u00edthe nua m\u00e1s g\u00e1 agus v\u00f3ta\u00ed chun na bill\u00ed sin a chur ina ndl\u00ed <\/p>\n\n\n\n<p>D\u00e9anann D\u00e1il \u00c9ireann monat\u00f3ireacht freisin ar obair an Rialtais, ag cinnti\u00fa go bhfuil s\u00e9 cuntasach do na daoine as a ghn\u00edomhartha. \u00d3 l\u00e1 go l\u00e1, d\u00e9anann an D\u00e1il d\u00edosp\u00f3ireacht ar cheisteanna at\u00e1 t\u00e1bhachtach don phobal agus ceada\u00edonn s\u00ed caiteachas poibl\u00ed. <\/p>\n\n\n\n<div style=\"height:25px\" aria-hidden=\"true\" class=\"wp-block-spacer\"><\/div>\n\n\n\n<div class=\"wp-block-uagb-advanced-heading uagb-block-f3d435e2\" id=\"Seanad\"><h2 class=\"uagb-heading-text\">Seanad \u00c9ireann<\/h2><div class=\"uagb-separator\"><\/div><\/div>\n\n\n\n<p>Is \u00e9 an Seanad an dara teach reachtach in \u00c9irinn. Is \u00ed pr\u00edomhfheidhm an dara teach a chinnti\u00fa go dtarla\u00edonn d\u00edosp\u00f3ireacht agus breithni\u00fa cu\u00ed sula rithfear aon dl\u00ed nua.<\/p>\n\n\n\n<p>D\u00e9anann an Seanad athbhreithni\u00fa ar Bhill\u00ed (dl\u00edthe) \u00f3n D\u00e1il agus molann s\u00e9 leasuithe (athruithe) m\u00e1s g\u00e1. Is f\u00e9idir leis an Seanad dl\u00edthe a mholadh freisin, ach n\u00ed f\u00e9idir leis aon dl\u00edthe a bhaineann le c\u00farsa\u00ed buis\u00e9id a mholadh <\/p>\n\n\n\n<p>T\u00e1 cuid de na cumhachta\u00ed c\u00e9anna aige agus at\u00e1 ag an D\u00e1il, ach ar bhealach teoranta. N\u00ed f\u00e9idir le Seanad\u00f3ir\u00ed ceisteanna a chur ar an Taoiseach n\u00e1 ar Air\u00ed Rialtais. <\/p>\n\n\n\n<div style=\"height:25px\" aria-hidden=\"true\" class=\"wp-block-spacer\"><\/div>\n\n\n\n<div class=\"wp-block-uagb-advanced-heading uagb-block-d2385732\" id=\"President\"><h2 class=\"uagb-heading-text\">An tUachtar\u00e1n<\/h2><div class=\"uagb-separator\"><\/div><\/div>\n\n\n\n<p>I mBunreacht na h\u00c9ireann, tugtar cumhachta\u00ed teoranta ach suntasacha don Uachtar\u00e1n. N\u00ed m\u00f3r gach reachta\u00edocht arna rith ag an D\u00e1il agus ag an Seanad a sh\u00edni\u00fa sula nd\u00e9anfar dl\u00ed di.<\/p>\n\n\n\n<ul class=\"wp-block-list\">\n<li>F\u00e9adfaidh an tUachtar\u00e1n, m\u00e1 bh\u00edonn imn\u00ed air\/uirthi go bhf\u00e9adfadh bille at\u00e1 le s\u00edni\u00fa ina dhl\u00ed a bheith ag teacht salach ar an mBunreacht, an bille a chur chuig an gC\u00fairt Uachtarach chun tuairim dhl\u00edthi\u00fail a fh\u00e1il<\/li>\n\n\n\n<li>Ceapann an tUachtar\u00e1n go foirmi\u00fail an Taoiseach agus comhalta\u00ed eile den Rialtas, lena n-\u00e1ir\u00edtear an tArd-Aighne<\/li>\n\n\n\n<li>Buna\u00edonn agus d\u00edscaoileann an tUachtar\u00e1n an D\u00e1il ar iarratas \u00f3n Taoiseach<\/li>\n\n\n\n<li>Is \u00e9 an tUachtar\u00e1n Ard-Cheannasa\u00ed \u00d3glaigh na h\u00c9ireann<\/li>\n<\/ul>\n\n\n\n<div style=\"height:25px\" aria-hidden=\"true\" class=\"wp-block-spacer\"><\/div>\n\n\n\n<div class=\"wp-block-uagb-advanced-heading uagb-block-26680b2b\" id=\"Executive\"><h2 class=\"uagb-heading-text\">An Feidhmeannas <\/h2><div class=\"uagb-separator\"><\/div><\/div>\n\n\n\n<p>T\u00e1 brainse feidhmi\u00fach\u00e1in an Rialtais freagrach as an dl\u00ed a fhorfheidhmi\u00fa agus as cl\u00e1ir agus beartais an rialtais tofa a chur i bhfeidhm. T\u00e1 an feidhmeannas comhdh\u00e9anta den Taoiseach agus an Chomh-Aireacht. B\u00edonn idir 7 agus 15 chomhalta sa Chomh-Aireacht.<\/p>\n\n\n\n<p>T\u00e1 an rialtas freagrach as cinnt\u00ed a dh\u00e9anamh agus as polasaithe agus dl\u00edthe a mholadh ar go leor saincheisteanna \u00e9ags\u00fala a chl\u00fada\u00edonn beagnach gach r\u00e9imse d\u00e1r saol (sl\u00e1inte, oideachas, leas srl).<\/p>\n\n\n\n<p>T\u00e1 an Rialtas freagrach as dl\u00ed agus ord a choinne\u00e1il. T\u00e1 siad freagrach freisin as a chinnti\u00fa go nd\u00e9antar freastal ar riachtanais, leasanna agus s\u00e1bh\u00e1ilteacht shaor\u00e1naigh na h\u00c9ireann.<\/p>\n\n\n\n<div style=\"height:25px\" aria-hidden=\"true\" class=\"wp-block-spacer\"><\/div>\n\n\n\n<div class=\"wp-block-uagb-advanced-heading uagb-block-a07473d3\" id=\"Judicary\"><h2 class=\"uagb-heading-text\">Na Breithi\u00fana\/ Na C\u00fairteanna<\/h2><div class=\"uagb-separator\"><\/div><\/div>\n\n\n\n<p>T\u00e1 an c\u00f3ras ceartais freagrach as an dl\u00ed agus \u00e1r gcearta dl\u00edthi\u00fala a l\u00e9irmh\u00edni\u00fa agus a chothabh\u00e1il.<\/p>\n\n\n\n<p>T\u00e1 ceithre leibh\u00e9al de phr\u00edomhch\u00fairteanna in \u00c9irinn \u2013 an Ch\u00fairt D\u00faiche, an Ch\u00fairt Chuarda, an Ard-Ch\u00fairt agus an Ch\u00fairt Uachtarach.<\/p>\n\n\n\n<p>Is \u00ed an Ch\u00fairt Uachtarach an ch\u00fairt achomhairc dheiridh agus t\u00e1 s\u00e9 de chumhacht aici cinneadh a dh\u00e9anamh an bhfuil bille a ritheann an tOireachtas ag teacht leis an mbunreacht, m\u00e1 iarrann an tUachtar\u00e1n air \u00e9 sin a dh\u00e9anamh. M\u00e1 riala\u00edonn an Ch\u00fairt Uachtarach bille at\u00e1 m\u00edbhunreacht\u00fail, n\u00ed achta\u00edtear an bille ina dhl\u00ed. Is cinneadh cr\u00edochnaitheach \u00e9 cinneadh na hArd-Ch\u00fairte  <\/p>\n\n\n\n<div style=\"height:25px\" aria-hidden=\"true\" class=\"wp-block-spacer\"><\/div>\n","protected":false},"excerpt":{"rendered":"<p>T\u00e1 cumhacht dhaonlathach in \u00c9irinn roinnte idir an reachtas (an tOireachtas), an feidhmeannas (an Rialtas) agus na breithi\u00fana. T\u00e1 r\u00f3l gach ceann de na gr\u00fapa\u00ed seo leagtha amach go soil\u00e9ir i mBunreacht na h\u00c9ireann. T\u00e1 cumhachta\u00ed \u00e1irithe ag gach ceann de na tr\u00ed bhrainse a ligeann d\u00f3ibh gach ceann de na gr\u00fapa\u00ed eile a choinne\u00e1il &hellip; <a href=\"https:\/\/www.electoralcommission.ie\/ga\/daonlathas-na-heireann\/\">Continued<\/a><\/p>\n","protected":false},"author":17,"featured_media":9101,"parent":0,"menu_order":0,"comment_status":"closed","ping_status":"closed","template":"","meta":{"_acf_changed":false,"_relevanssi_hide_post":"","_relevanssi_hide_content":"","_relevanssi_pin_for_all":"","_relevanssi_pin_keywords":"","_relevanssi_unpin_keywords":"","_relevanssi_related_keywords":"","_relevanssi_related_include_ids":"","_relevanssi_related_exclude_ids":"","_relevanssi_related_no_append":"","_relevanssi_related_not_related":"","_relevanssi_related_posts":"","_relevanssi_noindex_reason":"","_uag_custom_page_level_css":"","footnotes":""},"class_list":["post-6872","page","type-page","status-publish","has-post-thumbnail","hentry"],"acf":[],"yoast_head":"<!-- This site is optimized with the Yoast SEO plugin v27.4 - https:\/\/yoast.com\/product\/yoast-seo-wordpress\/ -->\n<title>Daonlathas na h\u00c9ireann - Coimisi\u00fan Toghch\u00e1in<\/title>\n<meta name=\"robots\" content=\"index, follow, max-snippet:-1, max-image-preview:large, max-video-preview:-1\" \/>\n<link rel=\"canonical\" href=\"https:\/\/www.electoralcommission.ie\/ga\/daonlathas-na-heireann\/\" \/>\n<meta property=\"og:locale\" content=\"ga_IE\" \/>\n<meta property=\"og:type\" content=\"article\" \/>\n<meta property=\"og:title\" content=\"Daonlathas na h\u00c9ireann - Coimisi\u00fan Toghch\u00e1in\" \/>\n<meta property=\"og:description\" content=\"T\u00e1 cumhacht dhaonlathach in \u00c9irinn roinnte idir an reachtas (an tOireachtas), an feidhmeannas (an Rialtas) agus na breithi\u00fana. T\u00e1 r\u00f3l gach ceann de na gr\u00fapa\u00ed seo leagtha amach go soil\u00e9ir i mBunreacht na h\u00c9ireann. T\u00e1 cumhachta\u00ed \u00e1irithe ag gach ceann de na tr\u00ed bhrainse a ligeann d\u00f3ibh gach ceann de na gr\u00fapa\u00ed eile a choinne\u00e1il &hellip; Continued\" \/>\n<meta property=\"og:url\" content=\"https:\/\/www.electoralcommission.ie\/ga\/daonlathas-na-heireann\/\" \/>\n<meta property=\"og:site_name\" content=\"Coimisi\u00fan Toghch\u00e1in\" \/>\n<meta property=\"article:modified_time\" content=\"2024-06-26T12:43:27+00:00\" \/>\n<meta property=\"og:image\" content=\"https:\/\/cdn.electoralcommission.ie\/app\/uploads\/2024\/04\/26153205\/An-Coimisiu%CC%81n-Toghcha%CC%81in-670-scaled.jpg\" \/>\n\t<meta property=\"og:image:width\" content=\"2560\" \/>\n\t<meta property=\"og:image:height\" content=\"1707\" \/>\n\t<meta property=\"og:image:type\" content=\"image\/jpeg\" \/>\n<meta name=\"twitter:card\" content=\"summary_large_image\" \/>\n<meta name=\"twitter:label1\" content=\"Est. reading time\" \/>\n\t<meta name=\"twitter:data1\" content=\"4 minutes\" \/>\n<script type=\"application\/ld+json\" class=\"yoast-schema-graph\">{\"@context\":\"https:\\\/\\\/schema.org\",\"@graph\":[{\"@type\":\"WebPage\",\"@id\":\"https:\\\/\\\/www.electoralcommission.ie\\\/ga\\\/daonlathas-na-heireann\\\/\",\"url\":\"https:\\\/\\\/www.electoralcommission.ie\\\/ga\\\/daonlathas-na-heireann\\\/\",\"name\":\"Daonlathas na h\u00c9ireann - Coimisi\u00fan Toghch\u00e1in\",\"isPartOf\":{\"@id\":\"https:\\\/\\\/www.electoralcommission.ie\\\/ga\\\/#website\"},\"primaryImageOfPage\":{\"@id\":\"https:\\\/\\\/www.electoralcommission.ie\\\/ga\\\/daonlathas-na-heireann\\\/#primaryimage\"},\"image\":{\"@id\":\"https:\\\/\\\/www.electoralcommission.ie\\\/ga\\\/daonlathas-na-heireann\\\/#primaryimage\"},\"thumbnailUrl\":\"https:\\\/\\\/www.electoralcommission.ie\\\/app\\\/uploads\\\/2024\\\/04\\\/An-Coimisiu\u0301n-Toghcha\u0301in-670-scaled.jpg\",\"datePublished\":\"2024-01-19T14:33:09+00:00\",\"dateModified\":\"2024-06-26T12:43:27+00:00\",\"breadcrumb\":{\"@id\":\"https:\\\/\\\/www.electoralcommission.ie\\\/ga\\\/daonlathas-na-heireann\\\/#breadcrumb\"},\"inLanguage\":\"ga-IE\",\"potentialAction\":[{\"@type\":\"ReadAction\",\"target\":[\"https:\\\/\\\/www.electoralcommission.ie\\\/ga\\\/daonlathas-na-heireann\\\/\"]}]},{\"@type\":\"ImageObject\",\"inLanguage\":\"ga-IE\",\"@id\":\"https:\\\/\\\/www.electoralcommission.ie\\\/ga\\\/daonlathas-na-heireann\\\/#primaryimage\",\"url\":\"https:\\\/\\\/www.electoralcommission.ie\\\/app\\\/uploads\\\/2024\\\/04\\\/An-Coimisiu\u0301n-Toghcha\u0301in-670-scaled.jpg\",\"contentUrl\":\"https:\\\/\\\/www.electoralcommission.ie\\\/app\\\/uploads\\\/2024\\\/04\\\/An-Coimisiu\u0301n-Toghcha\u0301in-670-scaled.jpg\",\"width\":2560,\"height\":1707,\"caption\":\"Image of woman putting ballot in ballot box.\"},{\"@type\":\"BreadcrumbList\",\"@id\":\"https:\\\/\\\/www.electoralcommission.ie\\\/ga\\\/daonlathas-na-heireann\\\/#breadcrumb\",\"itemListElement\":[{\"@type\":\"ListItem\",\"position\":1,\"name\":\"Baile\",\"item\":\"https:\\\/\\\/www.electoralcommission.ie\\\/ga\\\/\"},{\"@type\":\"ListItem\",\"position\":2,\"name\":\"Daonlathas na h\u00c9ireann\"}]},{\"@type\":\"WebSite\",\"@id\":\"https:\\\/\\\/www.electoralcommission.ie\\\/ga\\\/#website\",\"url\":\"https:\\\/\\\/www.electoralcommission.ie\\\/ga\\\/\",\"name\":\"Coimisi\u00fan Toghch\u00e1in\",\"description\":\"Ireland&#039;s Statutory, Independent Electoral Commission\",\"potentialAction\":[{\"@type\":\"SearchAction\",\"target\":{\"@type\":\"EntryPoint\",\"urlTemplate\":\"https:\\\/\\\/www.electoralcommission.ie\\\/ga\\\/?s={search_term_string}\"},\"query-input\":{\"@type\":\"PropertyValueSpecification\",\"valueRequired\":true,\"valueName\":\"search_term_string\"}}],\"inLanguage\":\"ga-IE\"}]}<\/script>\n<!-- \/ Yoast SEO plugin. -->","yoast_head_json":{"title":"Daonlathas na h\u00c9ireann - Coimisi\u00fan Toghch\u00e1in","robots":{"index":"index","follow":"follow","max-snippet":"max-snippet:-1","max-image-preview":"max-image-preview:large","max-video-preview":"max-video-preview:-1"},"canonical":"https:\/\/www.electoralcommission.ie\/ga\/daonlathas-na-heireann\/","og_locale":"ga_IE","og_type":"article","og_title":"Daonlathas na h\u00c9ireann - Coimisi\u00fan Toghch\u00e1in","og_description":"T\u00e1 cumhacht dhaonlathach in \u00c9irinn roinnte idir an reachtas (an tOireachtas), an feidhmeannas (an Rialtas) agus na breithi\u00fana. T\u00e1 r\u00f3l gach ceann de na gr\u00fapa\u00ed seo leagtha amach go soil\u00e9ir i mBunreacht na h\u00c9ireann. T\u00e1 cumhachta\u00ed \u00e1irithe ag gach ceann de na tr\u00ed bhrainse a ligeann d\u00f3ibh gach ceann de na gr\u00fapa\u00ed eile a choinne\u00e1il &hellip; Continued","og_url":"https:\/\/www.electoralcommission.ie\/ga\/daonlathas-na-heireann\/","og_site_name":"Coimisi\u00fan Toghch\u00e1in","article_modified_time":"2024-06-26T12:43:27+00:00","og_image":[{"width":2560,"height":1707,"url":"https:\/\/cdn.electoralcommission.ie\/app\/uploads\/2024\/04\/26153205\/An-Coimisiu%CC%81n-Toghcha%CC%81in-670-scaled.jpg","type":"image\/jpeg"}],"twitter_card":"summary_large_image","twitter_misc":{"Est. reading time":"4 minutes"},"schema":{"@context":"https:\/\/schema.org","@graph":[{"@type":"WebPage","@id":"https:\/\/www.electoralcommission.ie\/ga\/daonlathas-na-heireann\/","url":"https:\/\/www.electoralcommission.ie\/ga\/daonlathas-na-heireann\/","name":"Daonlathas na h\u00c9ireann - Coimisi\u00fan Toghch\u00e1in","isPartOf":{"@id":"https:\/\/www.electoralcommission.ie\/ga\/#website"},"primaryImageOfPage":{"@id":"https:\/\/www.electoralcommission.ie\/ga\/daonlathas-na-heireann\/#primaryimage"},"image":{"@id":"https:\/\/www.electoralcommission.ie\/ga\/daonlathas-na-heireann\/#primaryimage"},"thumbnailUrl":"https:\/\/www.electoralcommission.ie\/app\/uploads\/2024\/04\/An-Coimisiu\u0301n-Toghcha\u0301in-670-scaled.jpg","datePublished":"2024-01-19T14:33:09+00:00","dateModified":"2024-06-26T12:43:27+00:00","breadcrumb":{"@id":"https:\/\/www.electoralcommission.ie\/ga\/daonlathas-na-heireann\/#breadcrumb"},"inLanguage":"ga-IE","potentialAction":[{"@type":"ReadAction","target":["https:\/\/www.electoralcommission.ie\/ga\/daonlathas-na-heireann\/"]}]},{"@type":"ImageObject","inLanguage":"ga-IE","@id":"https:\/\/www.electoralcommission.ie\/ga\/daonlathas-na-heireann\/#primaryimage","url":"https:\/\/www.electoralcommission.ie\/app\/uploads\/2024\/04\/An-Coimisiu\u0301n-Toghcha\u0301in-670-scaled.jpg","contentUrl":"https:\/\/www.electoralcommission.ie\/app\/uploads\/2024\/04\/An-Coimisiu\u0301n-Toghcha\u0301in-670-scaled.jpg","width":2560,"height":1707,"caption":"Image of woman putting ballot in ballot box."},{"@type":"BreadcrumbList","@id":"https:\/\/www.electoralcommission.ie\/ga\/daonlathas-na-heireann\/#breadcrumb","itemListElement":[{"@type":"ListItem","position":1,"name":"Baile","item":"https:\/\/www.electoralcommission.ie\/ga\/"},{"@type":"ListItem","position":2,"name":"Daonlathas na h\u00c9ireann"}]},{"@type":"WebSite","@id":"https:\/\/www.electoralcommission.ie\/ga\/#website","url":"https:\/\/www.electoralcommission.ie\/ga\/","name":"Coimisi\u00fan Toghch\u00e1in","description":"Ireland&#039;s Statutory, Independent Electoral Commission","potentialAction":[{"@type":"SearchAction","target":{"@type":"EntryPoint","urlTemplate":"https:\/\/www.electoralcommission.ie\/ga\/?s={search_term_string}"},"query-input":{"@type":"PropertyValueSpecification","valueRequired":true,"valueName":"search_term_string"}}],"inLanguage":"ga-IE"}]}},"uagb_featured_image_src":{"full":["https:\/\/www.electoralcommission.ie\/app\/uploads\/2024\/04\/An-Coimisiu\u0301n-Toghcha\u0301in-670-scaled.jpg",2560,1707,false],"thumbnail":["https:\/\/www.electoralcommission.ie\/app\/uploads\/2024\/04\/An-Coimisiu\u0301n-Toghcha\u0301in-670-355x210.jpg",355,210,true],"medium":["https:\/\/www.electoralcommission.ie\/app\/uploads\/2024\/04\/An-Coimisiu\u0301n-Toghcha\u0301in-670-300x200.jpg",300,200,true],"medium_large":["https:\/\/www.electoralcommission.ie\/app\/uploads\/2024\/04\/An-Coimisiu\u0301n-Toghcha\u0301in-670-768x512.jpg",768,512,true],"large":["https:\/\/www.electoralcommission.ie\/app\/uploads\/2024\/04\/An-Coimisiu\u0301n-Toghcha\u0301in-670-1024x683.jpg",1024,683,true],"1536x1536":["https:\/\/www.electoralcommission.ie\/app\/uploads\/2024\/04\/An-Coimisiu\u0301n-Toghcha\u0301in-670-1536x1024.jpg",1536,1024,true],"2048x2048":["https:\/\/www.electoralcommission.ie\/app\/uploads\/2024\/04\/An-Coimisiu\u0301n-Toghcha\u0301in-670-2048x1365.jpg",2048,1365,true],"gform-image-choice-sm":["https:\/\/www.electoralcommission.ie\/app\/uploads\/2024\/04\/An-Coimisiu\u0301n-Toghcha\u0301in-670-scaled.jpg",300,200,false],"gform-image-choice-md":["https:\/\/www.electoralcommission.ie\/app\/uploads\/2024\/04\/An-Coimisiu\u0301n-Toghcha\u0301in-670-scaled.jpg",400,267,false],"gform-image-choice-lg":["https:\/\/www.electoralcommission.ie\/app\/uploads\/2024\/04\/An-Coimisiu\u0301n-Toghcha\u0301in-670-scaled.jpg",600,400,false]},"uagb_author_info":{"display_name":"Felippe","author_link":"https:\/\/www.electoralcommission.ie\/ga\/author\/felippe\/"},"uagb_comment_info":0,"uagb_excerpt":"T\u00e1 cumhacht dhaonlathach in \u00c9irinn roinnte idir an reachtas (an tOireachtas), an feidhmeannas (an Rialtas) agus na breithi\u00fana. T\u00e1 r\u00f3l gach ceann de na gr\u00fapa\u00ed seo leagtha amach go soil\u00e9ir i mBunreacht na h\u00c9ireann. T\u00e1 cumhachta\u00ed \u00e1irithe ag gach ceann de na tr\u00ed bhrainse a ligeann d\u00f3ibh gach ceann de na gr\u00fapa\u00ed eile a choinne\u00e1il&hellip;","_links":{"self":[{"href":"https:\/\/www.electoralcommission.ie\/ga\/wp-json\/wp\/v2\/pages\/6872","targetHints":{"allow":["GET"]}}],"collection":[{"href":"https:\/\/www.electoralcommission.ie\/ga\/wp-json\/wp\/v2\/pages"}],"about":[{"href":"https:\/\/www.electoralcommission.ie\/ga\/wp-json\/wp\/v2\/types\/page"}],"author":[{"embeddable":true,"href":"https:\/\/www.electoralcommission.ie\/ga\/wp-json\/wp\/v2\/users\/17"}],"replies":[{"embeddable":true,"href":"https:\/\/www.electoralcommission.ie\/ga\/wp-json\/wp\/v2\/comments?post=6872"}],"version-history":[{"count":4,"href":"https:\/\/www.electoralcommission.ie\/ga\/wp-json\/wp\/v2\/pages\/6872\/revisions"}],"predecessor-version":[{"id":10398,"href":"https:\/\/www.electoralcommission.ie\/ga\/wp-json\/wp\/v2\/pages\/6872\/revisions\/10398"}],"wp:featuredmedia":[{"embeddable":true,"href":"https:\/\/www.electoralcommission.ie\/ga\/wp-json\/wp\/v2\/media\/9101"}],"wp:attachment":[{"href":"https:\/\/www.electoralcommission.ie\/ga\/wp-json\/wp\/v2\/media?parent=6872"}],"curies":[{"name":"wp","href":"https:\/\/api.w.org\/{rel}","templated":true}]}}