
{"id":6878,"date":"2024-01-19T14:44:51","date_gmt":"2024-01-19T14:44:51","guid":{"rendered":"https:\/\/www.electoralcommission.ie\/15-maidir-le-coimisiun-toghchain-reachtuil-neamhspleach-na-heireann\/"},"modified":"2024-01-24T17:51:01","modified_gmt":"2024-01-24T17:51:01","slug":"15-maidir-le-coimisiun-toghchain-reachtuil-neamhspleach-na-heireann","status":"publish","type":"page","link":"https:\/\/www.electoralcommission.ie\/ga\/reifrinn-3\/15-maidir-le-coimisiun-toghchain-reachtuil-neamhspleach-na-heireann\/","title":{"rendered":"Maidir le Coimisi\u00fan Toghch\u00e1in Reacht\u00fail, Neamhsple\u00e1ch na h\u00c9ireann"},"content":{"rendered":"\n<p>Is \u00e9 an Coimisi\u00fan Toghch\u00e1in coimisi\u00fan toghch\u00e1in neamhsple\u00e1ch na h\u00c9ireann a buna\u00edodh ar an 9 Feabhra 2023.<\/p>\n\n<p>Mar choimisi\u00fan toghch\u00e1in neamhsple\u00e1ch na h\u00c9ireann, t\u00e1imid tar \u00e9is glacadh le hobair na gCoimisi\u00fan Reifrinn roimhe seo, agus mar sin t\u00e1 s\u00e9 de fhreagracht orainn faisn\u00e9is neamhchlaonta a ullmh\u00fa duit maidir leis na togra\u00ed reifrinn seo.<\/p>\n\n<p><a href=\"http:\/\/www.electoralcommission.ie\">Foghlaim n\u00edos m\u00f3 faoin gCoimisi\u00fan Toghch\u00e1in<\/a>,<a href=\"http:\/\/www.electoralcommission.ie\">agus faoin\u00e1r gcuid oibre ar \u00e1r su\u00edomh gr\u00e9as\u00e1in. <\/a> <\/p>\n\n<p><\/p>\n","protected":false},"excerpt":{"rendered":"<p>Is \u00e9 an Coimisi\u00fan Toghch\u00e1in coimisi\u00fan toghch\u00e1in neamhsple\u00e1ch na h\u00c9ireann a buna\u00edodh ar an 9 Feabhra 2023. Mar choimisi\u00fan toghch\u00e1in neamhsple\u00e1ch na h\u00c9ireann, t\u00e1imid tar \u00e9is glacadh le hobair na gCoimisi\u00fan Reifrinn roimhe seo, agus mar sin t\u00e1 s\u00e9 de fhreagracht orainn faisn\u00e9is neamhchlaonta a ullmh\u00fa duit maidir leis na togra\u00ed reifrinn seo. Foghlaim n\u00edos &hellip; <a href=\"https:\/\/www.electoralcommission.ie\/ga\/reifrinn-3\/15-maidir-le-coimisiun-toghchain-reachtuil-neamhspleach-na-heireann\/\">Continued<\/a><\/p>\n","protected":false},"author":1,"featured_media":6631,"parent":6979,"menu_order":0,"comment_status":"closed","ping_status":"closed","template":"views\/template-ec-referendum-single.blade.php","meta":{"_acf_changed":false,"_relevanssi_hide_post":"","_relevanssi_hide_content":"","_relevanssi_pin_for_all":"","_relevanssi_pin_keywords":"","_relevanssi_unpin_keywords":"","_relevanssi_related_keywords":"","_relevanssi_related_include_ids":"","_relevanssi_related_exclude_ids":"","_relevanssi_related_no_append":"","_relevanssi_related_not_related":"","_relevanssi_related_posts":"","_relevanssi_noindex_reason":"","_uag_custom_page_level_css":"","footnotes":""},"class_list":["post-6878","page","type-page","status-publish","has-post-thumbnail","hentry"],"acf":[],"yoast_head":"<!-- This site is optimized with the Yoast SEO plugin v27.5 - https:\/\/yoast.com\/product\/yoast-seo-wordpress\/ -->\n<title>Maidir le Coimisi\u00fan Toghch\u00e1in Reacht\u00fail, Neamhsple\u00e1ch na h\u00c9ireann - Coimisi\u00fan Toghch\u00e1in<\/title>\n<meta name=\"robots\" content=\"index, follow, max-snippet:-1, max-image-preview:large, max-video-preview:-1\" \/>\n<link rel=\"canonical\" href=\"https:\/\/www.electoralcommission.ie\/ga\/reifrinn-3\/15-maidir-le-coimisiun-toghchain-reachtuil-neamhspleach-na-heireann\/\" \/>\n<meta property=\"og:locale\" content=\"ga_IE\" \/>\n<meta property=\"og:type\" content=\"article\" \/>\n<meta property=\"og:title\" content=\"Maidir le Coimisi\u00fan Toghch\u00e1in Reacht\u00fail, Neamhsple\u00e1ch na h\u00c9ireann - Coimisi\u00fan Toghch\u00e1in\" \/>\n<meta property=\"og:description\" content=\"Is \u00e9 an Coimisi\u00fan Toghch\u00e1in coimisi\u00fan toghch\u00e1in neamhsple\u00e1ch na h\u00c9ireann a buna\u00edodh ar an 9 Feabhra 2023. Mar choimisi\u00fan toghch\u00e1in neamhsple\u00e1ch na h\u00c9ireann, t\u00e1imid tar \u00e9is glacadh le hobair na gCoimisi\u00fan Reifrinn roimhe seo, agus mar sin t\u00e1 s\u00e9 de fhreagracht orainn faisn\u00e9is neamhchlaonta a ullmh\u00fa duit maidir leis na togra\u00ed reifrinn seo. Foghlaim n\u00edos &hellip; Continued\" \/>\n<meta property=\"og:url\" content=\"https:\/\/www.electoralcommission.ie\/ga\/reifrinn-3\/15-maidir-le-coimisiun-toghchain-reachtuil-neamhspleach-na-heireann\/\" \/>\n<meta property=\"og:site_name\" content=\"Coimisi\u00fan Toghch\u00e1in\" \/>\n<meta property=\"article:modified_time\" content=\"2024-01-24T17:51:01+00:00\" \/>\n<meta property=\"og:image\" content=\"https:\/\/cdn.electoralcommission.ie\/app\/uploads\/2024\/01\/16161922\/czM6Ly9tZWRpYS1wcml2YXRlLmNhbnZhLmNvbS9nTVU0WS9NQUZ2MGdnTVU0WS8xL3AuanBn-1.webp\" \/>\n\t<meta property=\"og:image:width\" content=\"799\" \/>\n\t<meta property=\"og:image:height\" content=\"533\" \/>\n\t<meta property=\"og:image:type\" content=\"image\/webp\" \/>\n<meta name=\"twitter:card\" content=\"summary_large_image\" \/>\n<script type=\"application\/ld+json\" class=\"yoast-schema-graph\">{\"@context\":\"https:\\\/\\\/schema.org\",\"@graph\":[{\"@type\":\"WebPage\",\"@id\":\"https:\\\/\\\/www.electoralcommission.ie\\\/ga\\\/reifrinn-3\\\/15-maidir-le-coimisiun-toghchain-reachtuil-neamhspleach-na-heireann\\\/\",\"url\":\"https:\\\/\\\/www.electoralcommission.ie\\\/ga\\\/reifrinn-3\\\/15-maidir-le-coimisiun-toghchain-reachtuil-neamhspleach-na-heireann\\\/\",\"name\":\"Maidir le Coimisi\u00fan Toghch\u00e1in Reacht\u00fail, Neamhsple\u00e1ch na h\u00c9ireann - Coimisi\u00fan Toghch\u00e1in\",\"isPartOf\":{\"@id\":\"https:\\\/\\\/www.electoralcommission.ie\\\/ga\\\/#website\"},\"primaryImageOfPage\":{\"@id\":\"https:\\\/\\\/www.electoralcommission.ie\\\/ga\\\/reifrinn-3\\\/15-maidir-le-coimisiun-toghchain-reachtuil-neamhspleach-na-heireann\\\/#primaryimage\"},\"image\":{\"@id\":\"https:\\\/\\\/www.electoralcommission.ie\\\/ga\\\/reifrinn-3\\\/15-maidir-le-coimisiun-toghchain-reachtuil-neamhspleach-na-heireann\\\/#primaryimage\"},\"thumbnailUrl\":\"https:\\\/\\\/www.electoralcommission.ie\\\/app\\\/uploads\\\/2024\\\/01\\\/czM6Ly9tZWRpYS1wcml2YXRlLmNhbnZhLmNvbS9nTVU0WS9NQUZ2MGdnTVU0WS8xL3AuanBn-1.webp\",\"datePublished\":\"2024-01-19T14:44:51+00:00\",\"dateModified\":\"2024-01-24T17:51:01+00:00\",\"breadcrumb\":{\"@id\":\"https:\\\/\\\/www.electoralcommission.ie\\\/ga\\\/reifrinn-3\\\/15-maidir-le-coimisiun-toghchain-reachtuil-neamhspleach-na-heireann\\\/#breadcrumb\"},\"inLanguage\":\"ga-IE\",\"potentialAction\":[{\"@type\":\"ReadAction\",\"target\":[\"https:\\\/\\\/www.electoralcommission.ie\\\/ga\\\/reifrinn-3\\\/15-maidir-le-coimisiun-toghchain-reachtuil-neamhspleach-na-heireann\\\/\"]}]},{\"@type\":\"ImageObject\",\"inLanguage\":\"ga-IE\",\"@id\":\"https:\\\/\\\/www.electoralcommission.ie\\\/ga\\\/reifrinn-3\\\/15-maidir-le-coimisiun-toghchain-reachtuil-neamhspleach-na-heireann\\\/#primaryimage\",\"url\":\"https:\\\/\\\/www.electoralcommission.ie\\\/app\\\/uploads\\\/2024\\\/01\\\/czM6Ly9tZWRpYS1wcml2YXRlLmNhbnZhLmNvbS9nTVU0WS9NQUZ2MGdnTVU0WS8xL3AuanBn-1.webp\",\"contentUrl\":\"https:\\\/\\\/www.electoralcommission.ie\\\/app\\\/uploads\\\/2024\\\/01\\\/czM6Ly9tZWRpYS1wcml2YXRlLmNhbnZhLmNvbS9nTVU0WS9NQUZ2MGdnTVU0WS8xL3AuanBn-1.webp\",\"width\":799,\"height\":533,\"caption\":\"Decorative image of votes being counted\"},{\"@type\":\"BreadcrumbList\",\"@id\":\"https:\\\/\\\/www.electoralcommission.ie\\\/ga\\\/reifrinn-3\\\/15-maidir-le-coimisiun-toghchain-reachtuil-neamhspleach-na-heireann\\\/#breadcrumb\",\"itemListElement\":[{\"@type\":\"ListItem\",\"position\":1,\"name\":\"Baile\",\"item\":\"https:\\\/\\\/www.electoralcommission.ie\\\/ga\\\/\"},{\"@type\":\"ListItem\",\"position\":2,\"name\":\"Reifrinn\",\"item\":\"https:\\\/\\\/www.electoralcommission.ie\\\/ga\\\/?page_id=6979\"},{\"@type\":\"ListItem\",\"position\":3,\"name\":\"Maidir le Coimisi\u00fan Toghch\u00e1in Reacht\u00fail, Neamhsple\u00e1ch na h\u00c9ireann\"}]},{\"@type\":\"WebSite\",\"@id\":\"https:\\\/\\\/www.electoralcommission.ie\\\/ga\\\/#website\",\"url\":\"https:\\\/\\\/www.electoralcommission.ie\\\/ga\\\/\",\"name\":\"Coimisi\u00fan Toghch\u00e1in\",\"description\":\"Ireland&#039;s Statutory, Independent Electoral Commission\",\"potentialAction\":[{\"@type\":\"SearchAction\",\"target\":{\"@type\":\"EntryPoint\",\"urlTemplate\":\"https:\\\/\\\/www.electoralcommission.ie\\\/ga\\\/?s={search_term_string}\"},\"query-input\":{\"@type\":\"PropertyValueSpecification\",\"valueRequired\":true,\"valueName\":\"search_term_string\"}}],\"inLanguage\":\"ga-IE\"}]}<\/script>\n<!-- \/ Yoast SEO plugin. -->","yoast_head_json":{"title":"Maidir le Coimisi\u00fan Toghch\u00e1in Reacht\u00fail, Neamhsple\u00e1ch na h\u00c9ireann - Coimisi\u00fan Toghch\u00e1in","robots":{"index":"index","follow":"follow","max-snippet":"max-snippet:-1","max-image-preview":"max-image-preview:large","max-video-preview":"max-video-preview:-1"},"canonical":"https:\/\/www.electoralcommission.ie\/ga\/reifrinn-3\/15-maidir-le-coimisiun-toghchain-reachtuil-neamhspleach-na-heireann\/","og_locale":"ga_IE","og_type":"article","og_title":"Maidir le Coimisi\u00fan Toghch\u00e1in Reacht\u00fail, Neamhsple\u00e1ch na h\u00c9ireann - Coimisi\u00fan Toghch\u00e1in","og_description":"Is \u00e9 an Coimisi\u00fan Toghch\u00e1in coimisi\u00fan toghch\u00e1in neamhsple\u00e1ch na h\u00c9ireann a buna\u00edodh ar an 9 Feabhra 2023. Mar choimisi\u00fan toghch\u00e1in neamhsple\u00e1ch na h\u00c9ireann, t\u00e1imid tar \u00e9is glacadh le hobair na gCoimisi\u00fan Reifrinn roimhe seo, agus mar sin t\u00e1 s\u00e9 de fhreagracht orainn faisn\u00e9is neamhchlaonta a ullmh\u00fa duit maidir leis na togra\u00ed reifrinn seo. Foghlaim n\u00edos &hellip; Continued","og_url":"https:\/\/www.electoralcommission.ie\/ga\/reifrinn-3\/15-maidir-le-coimisiun-toghchain-reachtuil-neamhspleach-na-heireann\/","og_site_name":"Coimisi\u00fan Toghch\u00e1in","article_modified_time":"2024-01-24T17:51:01+00:00","og_image":[{"width":799,"height":533,"url":"https:\/\/cdn.electoralcommission.ie\/app\/uploads\/2024\/01\/16161922\/czM6Ly9tZWRpYS1wcml2YXRlLmNhbnZhLmNvbS9nTVU0WS9NQUZ2MGdnTVU0WS8xL3AuanBn-1.webp","type":"image\/webp"}],"twitter_card":"summary_large_image","schema":{"@context":"https:\/\/schema.org","@graph":[{"@type":"WebPage","@id":"https:\/\/www.electoralcommission.ie\/ga\/reifrinn-3\/15-maidir-le-coimisiun-toghchain-reachtuil-neamhspleach-na-heireann\/","url":"https:\/\/www.electoralcommission.ie\/ga\/reifrinn-3\/15-maidir-le-coimisiun-toghchain-reachtuil-neamhspleach-na-heireann\/","name":"Maidir le Coimisi\u00fan Toghch\u00e1in Reacht\u00fail, Neamhsple\u00e1ch na h\u00c9ireann - Coimisi\u00fan Toghch\u00e1in","isPartOf":{"@id":"https:\/\/www.electoralcommission.ie\/ga\/#website"},"primaryImageOfPage":{"@id":"https:\/\/www.electoralcommission.ie\/ga\/reifrinn-3\/15-maidir-le-coimisiun-toghchain-reachtuil-neamhspleach-na-heireann\/#primaryimage"},"image":{"@id":"https:\/\/www.electoralcommission.ie\/ga\/reifrinn-3\/15-maidir-le-coimisiun-toghchain-reachtuil-neamhspleach-na-heireann\/#primaryimage"},"thumbnailUrl":"https:\/\/www.electoralcommission.ie\/app\/uploads\/2024\/01\/czM6Ly9tZWRpYS1wcml2YXRlLmNhbnZhLmNvbS9nTVU0WS9NQUZ2MGdnTVU0WS8xL3AuanBn-1.webp","datePublished":"2024-01-19T14:44:51+00:00","dateModified":"2024-01-24T17:51:01+00:00","breadcrumb":{"@id":"https:\/\/www.electoralcommission.ie\/ga\/reifrinn-3\/15-maidir-le-coimisiun-toghchain-reachtuil-neamhspleach-na-heireann\/#breadcrumb"},"inLanguage":"ga-IE","potentialAction":[{"@type":"ReadAction","target":["https:\/\/www.electoralcommission.ie\/ga\/reifrinn-3\/15-maidir-le-coimisiun-toghchain-reachtuil-neamhspleach-na-heireann\/"]}]},{"@type":"ImageObject","inLanguage":"ga-IE","@id":"https:\/\/www.electoralcommission.ie\/ga\/reifrinn-3\/15-maidir-le-coimisiun-toghchain-reachtuil-neamhspleach-na-heireann\/#primaryimage","url":"https:\/\/www.electoralcommission.ie\/app\/uploads\/2024\/01\/czM6Ly9tZWRpYS1wcml2YXRlLmNhbnZhLmNvbS9nTVU0WS9NQUZ2MGdnTVU0WS8xL3AuanBn-1.webp","contentUrl":"https:\/\/www.electoralcommission.ie\/app\/uploads\/2024\/01\/czM6Ly9tZWRpYS1wcml2YXRlLmNhbnZhLmNvbS9nTVU0WS9NQUZ2MGdnTVU0WS8xL3AuanBn-1.webp","width":799,"height":533,"caption":"Decorative image of votes being counted"},{"@type":"BreadcrumbList","@id":"https:\/\/www.electoralcommission.ie\/ga\/reifrinn-3\/15-maidir-le-coimisiun-toghchain-reachtuil-neamhspleach-na-heireann\/#breadcrumb","itemListElement":[{"@type":"ListItem","position":1,"name":"Baile","item":"https:\/\/www.electoralcommission.ie\/ga\/"},{"@type":"ListItem","position":2,"name":"Reifrinn","item":"https:\/\/www.electoralcommission.ie\/ga\/?page_id=6979"},{"@type":"ListItem","position":3,"name":"Maidir le Coimisi\u00fan Toghch\u00e1in Reacht\u00fail, Neamhsple\u00e1ch na h\u00c9ireann"}]},{"@type":"WebSite","@id":"https:\/\/www.electoralcommission.ie\/ga\/#website","url":"https:\/\/www.electoralcommission.ie\/ga\/","name":"Coimisi\u00fan Toghch\u00e1in","description":"Ireland&#039;s Statutory, Independent Electoral Commission","potentialAction":[{"@type":"SearchAction","target":{"@type":"EntryPoint","urlTemplate":"https:\/\/www.electoralcommission.ie\/ga\/?s={search_term_string}"},"query-input":{"@type":"PropertyValueSpecification","valueRequired":true,"valueName":"search_term_string"}}],"inLanguage":"ga-IE"}]}},"uagb_featured_image_src":{"full":["https:\/\/www.electoralcommission.ie\/app\/uploads\/2024\/01\/czM6Ly9tZWRpYS1wcml2YXRlLmNhbnZhLmNvbS9nTVU0WS9NQUZ2MGdnTVU0WS8xL3AuanBn-1.webp",799,533,false],"thumbnail":["https:\/\/www.electoralcommission.ie\/app\/uploads\/2024\/01\/czM6Ly9tZWRpYS1wcml2YXRlLmNhbnZhLmNvbS9nTVU0WS9NQUZ2MGdnTVU0WS8xL3AuanBn-1-355x210.webp",355,210,true],"medium":["https:\/\/www.electoralcommission.ie\/app\/uploads\/2024\/01\/czM6Ly9tZWRpYS1wcml2YXRlLmNhbnZhLmNvbS9nTVU0WS9NQUZ2MGdnTVU0WS8xL3AuanBn-1-300x200.webp",300,200,true],"medium_large":["https:\/\/www.electoralcommission.ie\/app\/uploads\/2024\/01\/czM6Ly9tZWRpYS1wcml2YXRlLmNhbnZhLmNvbS9nTVU0WS9NQUZ2MGdnTVU0WS8xL3AuanBn-1-768x512.webp",768,512,true],"large":["https:\/\/www.electoralcommission.ie\/app\/uploads\/2024\/01\/czM6Ly9tZWRpYS1wcml2YXRlLmNhbnZhLmNvbS9nTVU0WS9NQUZ2MGdnTVU0WS8xL3AuanBn-1.webp",799,533,false],"1536x1536":["https:\/\/www.electoralcommission.ie\/app\/uploads\/2024\/01\/czM6Ly9tZWRpYS1wcml2YXRlLmNhbnZhLmNvbS9nTVU0WS9NQUZ2MGdnTVU0WS8xL3AuanBn-1.webp",799,533,false],"2048x2048":["https:\/\/www.electoralcommission.ie\/app\/uploads\/2024\/01\/czM6Ly9tZWRpYS1wcml2YXRlLmNhbnZhLmNvbS9nTVU0WS9NQUZ2MGdnTVU0WS8xL3AuanBn-1.webp",799,533,false],"gform-image-choice-sm":["https:\/\/www.electoralcommission.ie\/app\/uploads\/2024\/01\/czM6Ly9tZWRpYS1wcml2YXRlLmNhbnZhLmNvbS9nTVU0WS9NQUZ2MGdnTVU0WS8xL3AuanBn-1.webp",300,200,false],"gform-image-choice-md":["https:\/\/www.electoralcommission.ie\/app\/uploads\/2024\/01\/czM6Ly9tZWRpYS1wcml2YXRlLmNhbnZhLmNvbS9nTVU0WS9NQUZ2MGdnTVU0WS8xL3AuanBn-1.webp",400,267,false],"gform-image-choice-lg":["https:\/\/www.electoralcommission.ie\/app\/uploads\/2024\/01\/czM6Ly9tZWRpYS1wcml2YXRlLmNhbnZhLmNvbS9nTVU0WS9NQUZ2MGdnTVU0WS8xL3AuanBn-1.webp",600,400,false]},"uagb_author_info":{"display_name":"Jose","author_link":"https:\/\/www.electoralcommission.ie\/ga\/author\/jose\/"},"uagb_comment_info":0,"uagb_excerpt":"Is \u00e9 an Coimisi\u00fan Toghch\u00e1in coimisi\u00fan toghch\u00e1in neamhsple\u00e1ch na h\u00c9ireann a buna\u00edodh ar an 9 Feabhra 2023. Mar choimisi\u00fan toghch\u00e1in neamhsple\u00e1ch na h\u00c9ireann, t\u00e1imid tar \u00e9is glacadh le hobair na gCoimisi\u00fan Reifrinn roimhe seo, agus mar sin t\u00e1 s\u00e9 de fhreagracht orainn faisn\u00e9is neamhchlaonta a ullmh\u00fa duit maidir leis na togra\u00ed reifrinn seo. Foghlaim n\u00edos&hellip;","_links":{"self":[{"href":"https:\/\/www.electoralcommission.ie\/ga\/wp-json\/wp\/v2\/pages\/6878","targetHints":{"allow":["GET"]}}],"collection":[{"href":"https:\/\/www.electoralcommission.ie\/ga\/wp-json\/wp\/v2\/pages"}],"about":[{"href":"https:\/\/www.electoralcommission.ie\/ga\/wp-json\/wp\/v2\/types\/page"}],"author":[{"embeddable":true,"href":"https:\/\/www.electoralcommission.ie\/ga\/wp-json\/wp\/v2\/users\/1"}],"replies":[{"embeddable":true,"href":"https:\/\/www.electoralcommission.ie\/ga\/wp-json\/wp\/v2\/comments?post=6878"}],"version-history":[{"count":5,"href":"https:\/\/www.electoralcommission.ie\/ga\/wp-json\/wp\/v2\/pages\/6878\/revisions"}],"predecessor-version":[{"id":6986,"href":"https:\/\/www.electoralcommission.ie\/ga\/wp-json\/wp\/v2\/pages\/6878\/revisions\/6986"}],"up":[{"embeddable":true,"href":"https:\/\/www.electoralcommission.ie\/ga\/wp-json\/wp\/v2\/pages\/6979"}],"wp:featuredmedia":[{"embeddable":true,"href":"https:\/\/www.electoralcommission.ie\/ga\/wp-json\/wp\/v2\/media\/6631"}],"wp:attachment":[{"href":"https:\/\/www.electoralcommission.ie\/ga\/wp-json\/wp\/v2\/media?parent=6878"}],"curies":[{"name":"wp","href":"https:\/\/api.w.org\/{rel}","templated":true}]}}