
{"id":6961,"date":"2024-01-19T14:38:36","date_gmt":"2024-01-19T14:38:36","guid":{"rendered":"https:\/\/www.electoralcommission.ie\/miniu-ar-reifrinn\/leabhrain-eolais-an-reifrinn\/"},"modified":"2024-03-11T13:09:32","modified_gmt":"2024-03-11T13:09:32","slug":"leabhrain-eolais-an-reifrinn","status":"publish","type":"page","link":"https:\/\/www.electoralcommission.ie\/ga\/reifrinn-3\/miniu-ar-reifrinn\/leabhrain-eolais-an-reifrinn\/","title":{"rendered":"Leabhr\u00e1in eolais an reifrinn"},"content":{"rendered":"\n<p>T\u00e1 dh\u00e1 reifreann maidir leis an Teaghlach agus C\u00faram f\u00f3gartha ag an rialtas, at\u00e1 le tarl\u00fa D\u00e9 hAoine an 8 M\u00e1rta 2024, ina gcuirfear ceist ar mhuintir na h\u00c9ireann an mian leo glacadh leis na hathruithe at\u00e1 beartaithe ar Airteagal 41 den Bhunreacht n\u00f3 di\u00falt\u00fa d\u00f3ibh. <\/p>\n\n\n\n<p>Is f\u00e9idir leat teacht ar na leabhr\u00e1in faisn\u00e9ise reifrinn th\u00edos<\/p>\n\n\n\n<div style=\"height:54px\" aria-hidden=\"true\" class=\"wp-block-spacer\"><\/div>\n\n\n\n<div class=\"wp-block-uagb-advanced-heading uagb-block-9ffdc2e3\"><h2 class=\"uagb-heading-text\">Leabhr\u00e1in eolais an reifrinn<\/h2><div class=\"uagb-separator\"><\/div><\/div>\n\n\n\n<figure class=\"wp-block-image size-full\"><a href=\"https:\/\/www.electoralcommission.ie\/app\/uploads\/2024\/02\/100934_EC_Family-And-Care-Booklet_Irish_DIGITAL-FinalAccessible.pdf\"><img loading=\"lazy\" decoding=\"async\" width=\"989\" height=\"699\" src=\"https:\/\/www.electoralcommission.ie\/app\/uploads\/2024\/01\/RefifrinnArAnTeaghlachagusCuram_cover.png\" alt=\"Leabhr\u00e1in eolais an reifrinn\nM\u00c1RTA 8 D\u00c9 hAOINE \nReifrinn ar an Teaghlach agus C\u00faram \nDo threoir neamhsple\u00e1ch \nIs \u00e9 do v\u00f3ta do ghuth \nAimsigh ar l\u00edne sinn \nelectoralcommissionie\/ga\/reifrinn \n\" class=\"wp-image-7249\" srcset=\"https:\/\/www.electoralcommission.ie\/app\/uploads\/2024\/01\/RefifrinnArAnTeaghlachagusCuram_cover.png 989w, https:\/\/www.electoralcommission.ie\/app\/uploads\/2024\/01\/RefifrinnArAnTeaghlachagusCuram_cover-300x212.png 300w, https:\/\/www.electoralcommission.ie\/app\/uploads\/2024\/01\/RefifrinnArAnTeaghlachagusCuram_cover-768x543.png 768w\" sizes=\"auto, (max-width: 989px) 100vw, 989px\" \/><\/a><\/figure>\n\n\n\n<div style=\"height:100px\" aria-hidden=\"true\" class=\"wp-block-spacer\"><\/div>\n\n\n\n<div class=\"wp-block-uagb-advanced-heading uagb-block-51823eb1\"><h2 class=\"uagb-heading-text\">Leabhr\u00e1n Eolais Reifrinn at\u00e1 \u00c9asca le L\u00e9amh <\/h2><div class=\"uagb-separator\"><\/div><\/div>\n\n\n\n<div class=\"wp-block-uagb-container uagb-block-ca810228 alignfull uagb-is-root-container\"><div class=\"uagb-container-inner-blocks-wrap\">\n<div class=\"wp-block-uagb-container uagb-block-a1a1df1f\">\n<p class=\"has-text-align-center\"><a href=\"https:\/\/www.electoralcommission.ie\/app\/uploads\/2024\/02\/ETR_ReferendumSupportBooket_Digital_Word.docx\">Leabhr\u00e1n Eolais Reifrinn at\u00e1 \u00c9asca le L\u00e9amh (Word)<\/a><\/p>\n<\/div>\n\n\n\n<div class=\"wp-block-uagb-container uagb-block-15b66d86\">\n<p class=\"has-text-align-center\"><a href=\"https:\/\/www.electoralcommission.ie\/app\/uploads\/2024\/02\/ETR-ReferendumSupportBooklet_FamilyandCare_Digital.pdf\">Leabhr\u00e1n Eolais Reifrinn at\u00e1 \u00c9asca le L\u00e9amh (PDF)<\/a><\/p>\n<\/div>\n<\/div><\/div>\n\n\n\n<div class=\"wp-block-uagb-container uagb-block-27880a70 alignfull uagb-is-root-container\"><div class=\"uagb-container-inner-blocks-wrap\">\n<div class=\"wp-block-uagb-container uagb-block-b52ece86\">\n<figure class=\"wp-block-image size-large\"><a href=\"https:\/\/www.electoralcommission.ie\/app\/uploads\/2024\/03\/EascaleLeamh.docx\"><img loading=\"lazy\" decoding=\"async\" width=\"724\" height=\"1024\" src=\"https:\/\/www.electoralcommission.ie\/app\/uploads\/2024\/03\/ETR-Ccover-GA-724x1024.jpg\" alt=\"Leabhr\u00e1n Eolais Reifrinn at\u00e1 \u00c9asca le L\u00e9amh Word\" class=\"wp-image-8233\" srcset=\"https:\/\/www.electoralcommission.ie\/app\/uploads\/2024\/03\/ETR-Ccover-GA-724x1024.jpg 724w, https:\/\/www.electoralcommission.ie\/app\/uploads\/2024\/03\/ETR-Ccover-GA-212x300.jpg 212w, https:\/\/www.electoralcommission.ie\/app\/uploads\/2024\/03\/ETR-Ccover-GA-768x1086.jpg 768w, https:\/\/www.electoralcommission.ie\/app\/uploads\/2024\/03\/ETR-Ccover-GA-1086x1536.jpg 1086w, https:\/\/www.electoralcommission.ie\/app\/uploads\/2024\/03\/ETR-Ccover-GA-1448x2048.jpg 1448w, https:\/\/www.electoralcommission.ie\/app\/uploads\/2024\/03\/ETR-Ccover-GA.jpg 1654w\" sizes=\"auto, (max-width: 724px) 100vw, 724px\" \/><\/a><\/figure>\n<\/div>\n\n\n\n<div class=\"wp-block-uagb-container uagb-block-202ce6dc\">\n<figure class=\"wp-block-image size-large\"><a href=\"https:\/\/www.electoralcommission.ie\/app\/uploads\/2024\/03\/EascaleLeamh.pdf\"><img loading=\"lazy\" decoding=\"async\" width=\"724\" height=\"1024\" src=\"https:\/\/www.electoralcommission.ie\/app\/uploads\/2024\/03\/ETR-Ccover-GA-724x1024.jpg\" alt=\"Leabhr\u00e1n Eolais Reifrinn at\u00e1 \u00c9asca le L\u00e9amh PDF\" class=\"wp-image-8233\" srcset=\"https:\/\/www.electoralcommission.ie\/app\/uploads\/2024\/03\/ETR-Ccover-GA-724x1024.jpg 724w, https:\/\/www.electoralcommission.ie\/app\/uploads\/2024\/03\/ETR-Ccover-GA-212x300.jpg 212w, https:\/\/www.electoralcommission.ie\/app\/uploads\/2024\/03\/ETR-Ccover-GA-768x1086.jpg 768w, https:\/\/www.electoralcommission.ie\/app\/uploads\/2024\/03\/ETR-Ccover-GA-1086x1536.jpg 1086w, https:\/\/www.electoralcommission.ie\/app\/uploads\/2024\/03\/ETR-Ccover-GA-1448x2048.jpg 1448w, https:\/\/www.electoralcommission.ie\/app\/uploads\/2024\/03\/ETR-Ccover-GA.jpg 1654w\" sizes=\"auto, (max-width: 724px) 100vw, 724px\" \/><\/a><\/figure>\n<\/div>\n<\/div><\/div>\n\n\n\n<div style=\"height:100px\" aria-hidden=\"true\" class=\"wp-block-spacer\"><\/div>\n\n\n\n<div class=\"wp-block-uagb-advanced-heading uagb-block-3f72e537\"><h2 class=\"uagb-heading-text\"><strong>Leabhr\u00e1n eolais reifrinn i dTeanga Chomhartha\u00edochta na h\u00c9ireann<\/strong><\/h2><div class=\"uagb-separator\"><\/div><\/div>\n\n\n\n<figure class=\"wp-block-embed is-type-video is-provider-vimeo wp-block-embed-vimeo wp-embed-aspect-16-9 wp-has-aspect-ratio\"><div class=\"wp-block-embed__wrapper\">\n<iframe loading=\"lazy\" title=\"Referendums on Family and Care Information Booklet - ISL Version\" src=\"https:\/\/player.vimeo.com\/video\/908319504?dnt=1&amp;app_id=122963\" width=\"500\" height=\"281\" frameborder=\"0\" allow=\"autoplay; fullscreen; picture-in-picture; clipboard-write\"><\/iframe>\n<\/div><\/figure>\n\n\n\n<div style=\"height:100px\" aria-hidden=\"true\" class=\"wp-block-spacer\"><\/div>\n\n\n\n<div class=\"wp-block-uagb-advanced-heading uagb-block-b3616b41\"><h2 class=\"uagb-heading-text\"><strong><strong><strong>Leabhr\u00e1n eolais reifrinn \u2013 taifead fuaime<\/strong><\/strong><\/strong><\/h2><div class=\"uagb-separator\"><\/div><\/div>\n\n\n\n<figure class=\"wp-block-embed is-type-video is-provider-vimeo wp-block-embed-vimeo wp-embed-aspect-1-1 wp-has-aspect-ratio\"><div class=\"wp-block-embed__wrapper\">\n<iframe loading=\"lazy\" title=\"Referendums on Family and Care Information Booklet - Audio Version\" src=\"https:\/\/player.vimeo.com\/video\/912210092?dnt=1&amp;app_id=122963\" width=\"500\" height=\"500\" frameborder=\"0\" allow=\"autoplay; fullscreen; picture-in-picture; clipboard-write\"><\/iframe>\n<\/div><\/figure>\n\n\n\n<div style=\"height:100px\" aria-hidden=\"true\" class=\"wp-block-spacer\"><\/div>\n\n\n\n<div style=\"height:0px\" aria-hidden=\"true\" class=\"wp-block-spacer\"><\/div>\n\n\n\n<div class=\"wp-block-uagb-advanced-heading uagb-block-0af26fa5\"><h2 class=\"uagb-heading-text\">Leabhr\u00e1in eolais an reifrinn &#8211; form\u00e1id t\u00e9acs mh\u00f3ir<\/h2><div class=\"uagb-separator\"><\/div><\/div>\n\n\n\n<figure class=\"wp-block-image size-full is-resized\"><a href=\"https:\/\/www.electoralcommission.ie\/app\/uploads\/2024\/02\/LargePrint_ReferendumInformationBooklet_GA.pdf\"><img loading=\"lazy\" decoding=\"async\" width=\"989\" height=\"699\" src=\"https:\/\/www.electoralcommission.ie\/app\/uploads\/2024\/01\/RefifrinnArAnTeaghlachagusCuram_cover.png\" alt=\"Leabhr\u00e1in eolais an reifrinn\nM\u00c1RTA 8 D\u00c9 hAOINE \nReifrinn ar an Teaghlach agus C\u00faram \nDo threoir neamhsple\u00e1ch \nIs \u00e9 do v\u00f3ta do ghuth \nAimsigh ar l\u00edne sinn \nelectoralcommissionie\/ga\/reifrinn \n\" class=\"wp-image-7249\" style=\"width:1450px;height:auto\" srcset=\"https:\/\/www.electoralcommission.ie\/app\/uploads\/2024\/01\/RefifrinnArAnTeaghlachagusCuram_cover.png 989w, https:\/\/www.electoralcommission.ie\/app\/uploads\/2024\/01\/RefifrinnArAnTeaghlachagusCuram_cover-300x212.png 300w, https:\/\/www.electoralcommission.ie\/app\/uploads\/2024\/01\/RefifrinnArAnTeaghlachagusCuram_cover-768x543.png 768w\" sizes=\"auto, (max-width: 989px) 100vw, 989px\" \/><\/a><\/figure>\n\n\n\n<div style=\"height:100px\" aria-hidden=\"true\" class=\"wp-block-spacer\"><\/div>\n\n\n\n<hr class=\"wp-block-separator has-alpha-channel-opacity\"\/>\n","protected":false},"excerpt":{"rendered":"<p>T\u00e1 dh\u00e1 reifreann maidir leis an Teaghlach agus C\u00faram f\u00f3gartha ag an rialtas, at\u00e1 le tarl\u00fa D\u00e9 hAoine an 8 M\u00e1rta 2024, ina gcuirfear ceist ar mhuintir na h\u00c9ireann an mian leo glacadh leis na hathruithe at\u00e1 beartaithe ar Airteagal 41 den Bhunreacht n\u00f3 di\u00falt\u00fa d\u00f3ibh. Is f\u00e9idir leat teacht ar na leabhr\u00e1in faisn\u00e9ise reifrinn &hellip; <a href=\"https:\/\/www.electoralcommission.ie\/ga\/reifrinn-3\/miniu-ar-reifrinn\/leabhrain-eolais-an-reifrinn\/\">Continued<\/a><\/p>\n","protected":false},"author":17,"featured_media":6753,"parent":6859,"menu_order":0,"comment_status":"closed","ping_status":"closed","template":"views\/template-ec-referendum-single.blade.php","meta":{"_acf_changed":false,"_relevanssi_hide_post":"","_relevanssi_hide_content":"","_relevanssi_pin_for_all":"","_relevanssi_pin_keywords":"","_relevanssi_unpin_keywords":"","_relevanssi_related_keywords":"","_relevanssi_related_include_ids":"","_relevanssi_related_exclude_ids":"","_relevanssi_related_no_append":"","_relevanssi_related_not_related":"","_relevanssi_related_posts":"","_relevanssi_noindex_reason":"","_uag_custom_page_level_css":"","footnotes":""},"class_list":["post-6961","page","type-page","status-publish","has-post-thumbnail","hentry"],"acf":[],"yoast_head":"<!-- This site is optimized with the Yoast SEO plugin v27.5 - https:\/\/yoast.com\/product\/yoast-seo-wordpress\/ -->\n<title>Leabhr\u00e1in eolais an reifrinn - Coimisi\u00fan Toghch\u00e1in<\/title>\n<meta name=\"robots\" content=\"index, follow, max-snippet:-1, max-image-preview:large, max-video-preview:-1\" \/>\n<link rel=\"canonical\" href=\"https:\/\/www.electoralcommission.ie\/ga\/reifrinn-3\/miniu-ar-reifrinn\/leabhrain-eolais-an-reifrinn\/\" \/>\n<meta property=\"og:locale\" content=\"ga_IE\" \/>\n<meta property=\"og:type\" content=\"article\" \/>\n<meta property=\"og:title\" content=\"Leabhr\u00e1in eolais an reifrinn - Coimisi\u00fan Toghch\u00e1in\" \/>\n<meta property=\"og:description\" content=\"T\u00e1 dh\u00e1 reifreann maidir leis an Teaghlach agus C\u00faram f\u00f3gartha ag an rialtas, at\u00e1 le tarl\u00fa D\u00e9 hAoine an 8 M\u00e1rta 2024, ina gcuirfear ceist ar mhuintir na h\u00c9ireann an mian leo glacadh leis na hathruithe at\u00e1 beartaithe ar Airteagal 41 den Bhunreacht n\u00f3 di\u00falt\u00fa d\u00f3ibh. Is f\u00e9idir leat teacht ar na leabhr\u00e1in faisn\u00e9ise reifrinn &hellip; Continued\" \/>\n<meta property=\"og:url\" content=\"https:\/\/www.electoralcommission.ie\/ga\/reifrinn-3\/miniu-ar-reifrinn\/leabhrain-eolais-an-reifrinn\/\" \/>\n<meta property=\"og:site_name\" content=\"Coimisi\u00fan Toghch\u00e1in\" \/>\n<meta property=\"article:modified_time\" content=\"2024-03-11T13:09:32+00:00\" \/>\n<meta property=\"og:image\" content=\"https:\/\/cdn.electoralcommission.ie\/app\/uploads\/2024\/01\/19161537\/3638-Polling-Station-scaled-1.jpg\" \/>\n\t<meta property=\"og:image:width\" content=\"2560\" \/>\n\t<meta property=\"og:image:height\" content=\"1635\" \/>\n\t<meta property=\"og:image:type\" content=\"image\/jpeg\" \/>\n<meta name=\"twitter:card\" content=\"summary_large_image\" \/>\n<meta name=\"twitter:label1\" content=\"Est. reading time\" \/>\n\t<meta name=\"twitter:data1\" content=\"2 minutes\" \/>\n<script type=\"application\/ld+json\" class=\"yoast-schema-graph\">{\"@context\":\"https:\\\/\\\/schema.org\",\"@graph\":[{\"@type\":\"WebPage\",\"@id\":\"https:\\\/\\\/www.electoralcommission.ie\\\/ga\\\/reifrinn-3\\\/miniu-ar-reifrinn\\\/leabhrain-eolais-an-reifrinn\\\/\",\"url\":\"https:\\\/\\\/www.electoralcommission.ie\\\/ga\\\/reifrinn-3\\\/miniu-ar-reifrinn\\\/leabhrain-eolais-an-reifrinn\\\/\",\"name\":\"Leabhr\u00e1in eolais an reifrinn - Coimisi\u00fan Toghch\u00e1in\",\"isPartOf\":{\"@id\":\"https:\\\/\\\/www.electoralcommission.ie\\\/ga\\\/#website\"},\"primaryImageOfPage\":{\"@id\":\"https:\\\/\\\/www.electoralcommission.ie\\\/ga\\\/reifrinn-3\\\/miniu-ar-reifrinn\\\/leabhrain-eolais-an-reifrinn\\\/#primaryimage\"},\"image\":{\"@id\":\"https:\\\/\\\/www.electoralcommission.ie\\\/ga\\\/reifrinn-3\\\/miniu-ar-reifrinn\\\/leabhrain-eolais-an-reifrinn\\\/#primaryimage\"},\"thumbnailUrl\":\"https:\\\/\\\/www.electoralcommission.ie\\\/app\\\/uploads\\\/2024\\\/01\\\/3638-Polling-Station-scaled-1.jpg\",\"datePublished\":\"2024-01-19T14:38:36+00:00\",\"dateModified\":\"2024-03-11T13:09:32+00:00\",\"breadcrumb\":{\"@id\":\"https:\\\/\\\/www.electoralcommission.ie\\\/ga\\\/reifrinn-3\\\/miniu-ar-reifrinn\\\/leabhrain-eolais-an-reifrinn\\\/#breadcrumb\"},\"inLanguage\":\"ga-IE\",\"potentialAction\":[{\"@type\":\"ReadAction\",\"target\":[\"https:\\\/\\\/www.electoralcommission.ie\\\/ga\\\/reifrinn-3\\\/miniu-ar-reifrinn\\\/leabhrain-eolais-an-reifrinn\\\/\"]}]},{\"@type\":\"ImageObject\",\"inLanguage\":\"ga-IE\",\"@id\":\"https:\\\/\\\/www.electoralcommission.ie\\\/ga\\\/reifrinn-3\\\/miniu-ar-reifrinn\\\/leabhrain-eolais-an-reifrinn\\\/#primaryimage\",\"url\":\"https:\\\/\\\/www.electoralcommission.ie\\\/app\\\/uploads\\\/2024\\\/01\\\/3638-Polling-Station-scaled-1.jpg\",\"contentUrl\":\"https:\\\/\\\/www.electoralcommission.ie\\\/app\\\/uploads\\\/2024\\\/01\\\/3638-Polling-Station-scaled-1.jpg\",\"width\":2560,\"height\":1635,\"caption\":\"25\\\/5\\\/2018 Voting in the 8th Abortion Referndum.Pictured is a women arriving at the Polling Station in Ballsbridge college Dublin before going into vote on the morning of Eighth Amendment Referendum. Photo: Leah Farrell\\\/ RollingNews.ie\"},{\"@type\":\"BreadcrumbList\",\"@id\":\"https:\\\/\\\/www.electoralcommission.ie\\\/ga\\\/reifrinn-3\\\/miniu-ar-reifrinn\\\/leabhrain-eolais-an-reifrinn\\\/#breadcrumb\",\"itemListElement\":[{\"@type\":\"ListItem\",\"position\":1,\"name\":\"Baile\",\"item\":\"https:\\\/\\\/www.electoralcommission.ie\\\/ga\\\/\"},{\"@type\":\"ListItem\",\"position\":2,\"name\":\"Reifrinn\",\"item\":\"https:\\\/\\\/www.electoralcommission.ie\\\/ga\\\/?page_id=6979\"},{\"@type\":\"ListItem\",\"position\":3,\"name\":\"M\u00edni\u00fa ar Reifrinn\",\"item\":\"https:\\\/\\\/www.electoralcommission.ie\\\/ga\\\/reifrinn\\\/miniu-ar-reifrinn\\\/\"},{\"@type\":\"ListItem\",\"position\":4,\"name\":\"Leabhr\u00e1in eolais an reifrinn\"}]},{\"@type\":\"WebSite\",\"@id\":\"https:\\\/\\\/www.electoralcommission.ie\\\/ga\\\/#website\",\"url\":\"https:\\\/\\\/www.electoralcommission.ie\\\/ga\\\/\",\"name\":\"Coimisi\u00fan Toghch\u00e1in\",\"description\":\"Ireland&#039;s Statutory, Independent Electoral Commission\",\"potentialAction\":[{\"@type\":\"SearchAction\",\"target\":{\"@type\":\"EntryPoint\",\"urlTemplate\":\"https:\\\/\\\/www.electoralcommission.ie\\\/ga\\\/?s={search_term_string}\"},\"query-input\":{\"@type\":\"PropertyValueSpecification\",\"valueRequired\":true,\"valueName\":\"search_term_string\"}}],\"inLanguage\":\"ga-IE\"}]}<\/script>\n<!-- \/ Yoast SEO plugin. -->","yoast_head_json":{"title":"Leabhr\u00e1in eolais an reifrinn - Coimisi\u00fan Toghch\u00e1in","robots":{"index":"index","follow":"follow","max-snippet":"max-snippet:-1","max-image-preview":"max-image-preview:large","max-video-preview":"max-video-preview:-1"},"canonical":"https:\/\/www.electoralcommission.ie\/ga\/reifrinn-3\/miniu-ar-reifrinn\/leabhrain-eolais-an-reifrinn\/","og_locale":"ga_IE","og_type":"article","og_title":"Leabhr\u00e1in eolais an reifrinn - Coimisi\u00fan Toghch\u00e1in","og_description":"T\u00e1 dh\u00e1 reifreann maidir leis an Teaghlach agus C\u00faram f\u00f3gartha ag an rialtas, at\u00e1 le tarl\u00fa D\u00e9 hAoine an 8 M\u00e1rta 2024, ina gcuirfear ceist ar mhuintir na h\u00c9ireann an mian leo glacadh leis na hathruithe at\u00e1 beartaithe ar Airteagal 41 den Bhunreacht n\u00f3 di\u00falt\u00fa d\u00f3ibh. Is f\u00e9idir leat teacht ar na leabhr\u00e1in faisn\u00e9ise reifrinn &hellip; Continued","og_url":"https:\/\/www.electoralcommission.ie\/ga\/reifrinn-3\/miniu-ar-reifrinn\/leabhrain-eolais-an-reifrinn\/","og_site_name":"Coimisi\u00fan Toghch\u00e1in","article_modified_time":"2024-03-11T13:09:32+00:00","og_image":[{"width":2560,"height":1635,"url":"https:\/\/cdn.electoralcommission.ie\/app\/uploads\/2024\/01\/19161537\/3638-Polling-Station-scaled-1.jpg","type":"image\/jpeg"}],"twitter_card":"summary_large_image","twitter_misc":{"Est. reading time":"2 minutes"},"schema":{"@context":"https:\/\/schema.org","@graph":[{"@type":"WebPage","@id":"https:\/\/www.electoralcommission.ie\/ga\/reifrinn-3\/miniu-ar-reifrinn\/leabhrain-eolais-an-reifrinn\/","url":"https:\/\/www.electoralcommission.ie\/ga\/reifrinn-3\/miniu-ar-reifrinn\/leabhrain-eolais-an-reifrinn\/","name":"Leabhr\u00e1in eolais an reifrinn - Coimisi\u00fan Toghch\u00e1in","isPartOf":{"@id":"https:\/\/www.electoralcommission.ie\/ga\/#website"},"primaryImageOfPage":{"@id":"https:\/\/www.electoralcommission.ie\/ga\/reifrinn-3\/miniu-ar-reifrinn\/leabhrain-eolais-an-reifrinn\/#primaryimage"},"image":{"@id":"https:\/\/www.electoralcommission.ie\/ga\/reifrinn-3\/miniu-ar-reifrinn\/leabhrain-eolais-an-reifrinn\/#primaryimage"},"thumbnailUrl":"https:\/\/www.electoralcommission.ie\/app\/uploads\/2024\/01\/3638-Polling-Station-scaled-1.jpg","datePublished":"2024-01-19T14:38:36+00:00","dateModified":"2024-03-11T13:09:32+00:00","breadcrumb":{"@id":"https:\/\/www.electoralcommission.ie\/ga\/reifrinn-3\/miniu-ar-reifrinn\/leabhrain-eolais-an-reifrinn\/#breadcrumb"},"inLanguage":"ga-IE","potentialAction":[{"@type":"ReadAction","target":["https:\/\/www.electoralcommission.ie\/ga\/reifrinn-3\/miniu-ar-reifrinn\/leabhrain-eolais-an-reifrinn\/"]}]},{"@type":"ImageObject","inLanguage":"ga-IE","@id":"https:\/\/www.electoralcommission.ie\/ga\/reifrinn-3\/miniu-ar-reifrinn\/leabhrain-eolais-an-reifrinn\/#primaryimage","url":"https:\/\/www.electoralcommission.ie\/app\/uploads\/2024\/01\/3638-Polling-Station-scaled-1.jpg","contentUrl":"https:\/\/www.electoralcommission.ie\/app\/uploads\/2024\/01\/3638-Polling-Station-scaled-1.jpg","width":2560,"height":1635,"caption":"25\/5\/2018 Voting in the 8th Abortion Referndum.Pictured is a women arriving at the Polling Station in Ballsbridge college Dublin before going into vote on the morning of Eighth Amendment Referendum. Photo: Leah Farrell\/ RollingNews.ie"},{"@type":"BreadcrumbList","@id":"https:\/\/www.electoralcommission.ie\/ga\/reifrinn-3\/miniu-ar-reifrinn\/leabhrain-eolais-an-reifrinn\/#breadcrumb","itemListElement":[{"@type":"ListItem","position":1,"name":"Baile","item":"https:\/\/www.electoralcommission.ie\/ga\/"},{"@type":"ListItem","position":2,"name":"Reifrinn","item":"https:\/\/www.electoralcommission.ie\/ga\/?page_id=6979"},{"@type":"ListItem","position":3,"name":"M\u00edni\u00fa ar Reifrinn","item":"https:\/\/www.electoralcommission.ie\/ga\/reifrinn\/miniu-ar-reifrinn\/"},{"@type":"ListItem","position":4,"name":"Leabhr\u00e1in eolais an reifrinn"}]},{"@type":"WebSite","@id":"https:\/\/www.electoralcommission.ie\/ga\/#website","url":"https:\/\/www.electoralcommission.ie\/ga\/","name":"Coimisi\u00fan Toghch\u00e1in","description":"Ireland&#039;s Statutory, Independent Electoral Commission","potentialAction":[{"@type":"SearchAction","target":{"@type":"EntryPoint","urlTemplate":"https:\/\/www.electoralcommission.ie\/ga\/?s={search_term_string}"},"query-input":{"@type":"PropertyValueSpecification","valueRequired":true,"valueName":"search_term_string"}}],"inLanguage":"ga-IE"}]}},"uagb_featured_image_src":{"full":["https:\/\/www.electoralcommission.ie\/app\/uploads\/2024\/01\/3638-Polling-Station-scaled-1.jpg",2560,1635,false],"thumbnail":["https:\/\/www.electoralcommission.ie\/app\/uploads\/2024\/01\/3638-Polling-Station-scaled-1-355x210.jpg",355,210,true],"medium":["https:\/\/www.electoralcommission.ie\/app\/uploads\/2024\/01\/3638-Polling-Station-scaled-1-300x192.jpg",300,192,true],"medium_large":["https:\/\/www.electoralcommission.ie\/app\/uploads\/2024\/01\/3638-Polling-Station-scaled-1-768x491.jpg",768,491,true],"large":["https:\/\/www.electoralcommission.ie\/app\/uploads\/2024\/01\/3638-Polling-Station-scaled-1-1024x654.jpg",1024,654,true],"1536x1536":["https:\/\/www.electoralcommission.ie\/app\/uploads\/2024\/01\/3638-Polling-Station-scaled-1-1536x981.jpg",1536,981,true],"2048x2048":["https:\/\/www.electoralcommission.ie\/app\/uploads\/2024\/01\/3638-Polling-Station-scaled-1-2048x1308.jpg",2048,1308,true],"gform-image-choice-sm":["https:\/\/www.electoralcommission.ie\/app\/uploads\/2024\/01\/3638-Polling-Station-scaled-1.jpg",300,192,false],"gform-image-choice-md":["https:\/\/www.electoralcommission.ie\/app\/uploads\/2024\/01\/3638-Polling-Station-scaled-1.jpg",400,255,false],"gform-image-choice-lg":["https:\/\/www.electoralcommission.ie\/app\/uploads\/2024\/01\/3638-Polling-Station-scaled-1.jpg",600,383,false]},"uagb_author_info":{"display_name":"Felippe","author_link":"https:\/\/www.electoralcommission.ie\/ga\/author\/felippe\/"},"uagb_comment_info":0,"uagb_excerpt":"T\u00e1 dh\u00e1 reifreann maidir leis an Teaghlach agus C\u00faram f\u00f3gartha ag an rialtas, at\u00e1 le tarl\u00fa D\u00e9 hAoine an 8 M\u00e1rta 2024, ina gcuirfear ceist ar mhuintir na h\u00c9ireann an mian leo glacadh leis na hathruithe at\u00e1 beartaithe ar Airteagal 41 den Bhunreacht n\u00f3 di\u00falt\u00fa d\u00f3ibh. Is f\u00e9idir leat teacht ar na leabhr\u00e1in faisn\u00e9ise reifrinn&hellip;","_links":{"self":[{"href":"https:\/\/www.electoralcommission.ie\/ga\/wp-json\/wp\/v2\/pages\/6961","targetHints":{"allow":["GET"]}}],"collection":[{"href":"https:\/\/www.electoralcommission.ie\/ga\/wp-json\/wp\/v2\/pages"}],"about":[{"href":"https:\/\/www.electoralcommission.ie\/ga\/wp-json\/wp\/v2\/types\/page"}],"author":[{"embeddable":true,"href":"https:\/\/www.electoralcommission.ie\/ga\/wp-json\/wp\/v2\/users\/17"}],"replies":[{"embeddable":true,"href":"https:\/\/www.electoralcommission.ie\/ga\/wp-json\/wp\/v2\/comments?post=6961"}],"version-history":[{"count":21,"href":"https:\/\/www.electoralcommission.ie\/ga\/wp-json\/wp\/v2\/pages\/6961\/revisions"}],"predecessor-version":[{"id":8459,"href":"https:\/\/www.electoralcommission.ie\/ga\/wp-json\/wp\/v2\/pages\/6961\/revisions\/8459"}],"up":[{"embeddable":true,"href":"https:\/\/www.electoralcommission.ie\/ga\/wp-json\/wp\/v2\/pages\/6859"}],"wp:featuredmedia":[{"embeddable":true,"href":"https:\/\/www.electoralcommission.ie\/ga\/wp-json\/wp\/v2\/media\/6753"}],"wp:attachment":[{"href":"https:\/\/www.electoralcommission.ie\/ga\/wp-json\/wp\/v2\/media?parent=6961"}],"curies":[{"name":"wp","href":"https:\/\/api.w.org\/{rel}","templated":true}]}}