
{"id":7383,"date":"2024-02-01T15:53:06","date_gmt":"2024-02-01T15:53:06","guid":{"rendered":"https:\/\/www.electoralcommission.ie\/?page_id=7383"},"modified":"2024-02-21T12:04:29","modified_gmt":"2024-02-21T12:04:29","slug":"comhlachtai-ceadaithe-i-reifreann","status":"publish","type":"page","link":"https:\/\/www.electoralcommission.ie\/ga\/reifrinn-3\/comhlachtai-ceadaithe-i-reifreann\/","title":{"rendered":"Comhlachta\u00ed ceadaithe i reifreann"},"content":{"rendered":"\n<p>I reifrinn, is f\u00e9idir le heagra\u00edocht ar bith, idir phoibl\u00ed agus phr\u00edobh\u00e1ideach, agus le p\u00e1irt\u00ed polaiti\u00fail cl\u00e1raithe ar bith iarratas a chur faoi bhr\u00e1id an Choimisi\u00fain Toghch\u00e1in, coimisi\u00fan toghch\u00e1in neamhsple\u00e1ch na h\u00c9ireann, le bheith ina Comhlacht Ceadaithe fad a bh\u00edonn an feachtas reifrinn ar si\u00fal.<\/p>\n\n<p><br\/>Is f\u00e9idir le comhlachta\u00ed ceadaithe gn\u00edomhair\u00ed a cheapadh chun an m\u00e9id seo a leanas a dh\u00e9anamh:<\/p>\n\n<ul class=\"wp-block-list\">\n<li>Bheith i l\u00e1thair nuair a dh\u00e9antar p\u00e1ip\u00e9ir bhall\u00f3ide a eisi\u00faint chuig postv\u00f3t\u00e1laithe, nuair a oscla\u00edtear p\u00e1ip\u00e9ir bhall\u00f3ide postv\u00f3t\u00e1laithe, agus nuair a dh\u00e9antar v\u00f3ta\u00ed a chomhaireamh.<\/li>\n\n\n\n<li>Freastal ar gach st\u00e1isi\u00fan v\u00f3t\u00e1la (duine amh\u00e1in in aghaidh an st\u00e1isi\u00fain v\u00f3t\u00e1la) chun cuidi\u00fa le hoifigigh an toghch\u00e1in an cion toghch\u00e1in de phearsana\u00edocht a bhrath.<\/li>\n<\/ul>\n\n<p>T\u00e1 an spriocdh\u00e1ta le hiarratas a dh\u00e9anamh le bheith mar Chomhlachta\u00ed Ceadaithe sealadach do na reifrinn ar an 8 M\u00e1rta thart anois.<\/p>\n\n<div style=\"height:41px\" aria-hidden=\"true\" class=\"wp-block-spacer\"><\/div>\n","protected":false},"excerpt":{"rendered":"<p>I reifrinn, is f\u00e9idir le heagra\u00edocht ar bith, idir phoibl\u00ed agus phr\u00edobh\u00e1ideach, agus le p\u00e1irt\u00ed polaiti\u00fail cl\u00e1raithe ar bith iarratas a chur faoi bhr\u00e1id an Choimisi\u00fain Toghch\u00e1in, coimisi\u00fan toghch\u00e1in neamhsple\u00e1ch na h\u00c9ireann, le bheith ina Comhlacht Ceadaithe fad a bh\u00edonn an feachtas reifrinn ar si\u00fal. Is f\u00e9idir le comhlachta\u00ed ceadaithe gn\u00edomhair\u00ed a cheapadh chun an &hellip; <a href=\"https:\/\/www.electoralcommission.ie\/ga\/reifrinn-3\/comhlachtai-ceadaithe-i-reifreann\/\">Continued<\/a><\/p>\n","protected":false},"author":20,"featured_media":6755,"parent":6979,"menu_order":0,"comment_status":"closed","ping_status":"closed","template":"views\/template-ec-referendum-single.blade.php","meta":{"_acf_changed":false,"_relevanssi_hide_post":"","_relevanssi_hide_content":"","_relevanssi_pin_for_all":"","_relevanssi_pin_keywords":"","_relevanssi_unpin_keywords":"","_relevanssi_related_keywords":"","_relevanssi_related_include_ids":"","_relevanssi_related_exclude_ids":"","_relevanssi_related_no_append":"","_relevanssi_related_not_related":"","_relevanssi_related_posts":"","_relevanssi_noindex_reason":"","_uag_custom_page_level_css":"","footnotes":""},"class_list":["post-7383","page","type-page","status-publish","has-post-thumbnail","hentry"],"acf":[],"yoast_head":"<!-- This site is optimized with the Yoast SEO plugin v27.5 - https:\/\/yoast.com\/product\/yoast-seo-wordpress\/ -->\n<title>Comhlachta\u00ed ceadaithe i reifreann - Coimisi\u00fan Toghch\u00e1in<\/title>\n<meta name=\"robots\" content=\"index, follow, max-snippet:-1, max-image-preview:large, max-video-preview:-1\" \/>\n<link rel=\"canonical\" href=\"https:\/\/www.electoralcommission.ie\/ga\/reifrinn-3\/comhlachtai-ceadaithe-i-reifreann\/\" \/>\n<meta property=\"og:locale\" content=\"ga_IE\" \/>\n<meta property=\"og:type\" content=\"article\" \/>\n<meta property=\"og:title\" content=\"Comhlachta\u00ed ceadaithe i reifreann - Coimisi\u00fan Toghch\u00e1in\" \/>\n<meta property=\"og:description\" content=\"I reifrinn, is f\u00e9idir le heagra\u00edocht ar bith, idir phoibl\u00ed agus phr\u00edobh\u00e1ideach, agus le p\u00e1irt\u00ed polaiti\u00fail cl\u00e1raithe ar bith iarratas a chur faoi bhr\u00e1id an Choimisi\u00fain Toghch\u00e1in, coimisi\u00fan toghch\u00e1in neamhsple\u00e1ch na h\u00c9ireann, le bheith ina Comhlacht Ceadaithe fad a bh\u00edonn an feachtas reifrinn ar si\u00fal. Is f\u00e9idir le comhlachta\u00ed ceadaithe gn\u00edomhair\u00ed a cheapadh chun an &hellip; Continued\" \/>\n<meta property=\"og:url\" content=\"https:\/\/www.electoralcommission.ie\/ga\/reifrinn-3\/comhlachtai-ceadaithe-i-reifreann\/\" \/>\n<meta property=\"og:site_name\" content=\"Coimisi\u00fan Toghch\u00e1in\" \/>\n<meta property=\"article:modified_time\" content=\"2024-02-21T12:04:29+00:00\" \/>\n<meta property=\"og:image\" content=\"https:\/\/cdn.electoralcommission.ie\/app\/uploads\/2024\/01\/19161604\/czM6Ly9tZWRpYS1wcml2YXRlLmNhbnZhLmNvbS9nTVU0WS9NQUZ2MGdnTVU0WS8xL3AuanBn-2.webp\" \/>\n\t<meta property=\"og:image:width\" content=\"799\" \/>\n\t<meta property=\"og:image:height\" content=\"533\" \/>\n\t<meta property=\"og:image:type\" content=\"image\/webp\" \/>\n<meta name=\"twitter:card\" content=\"summary_large_image\" \/>\n<meta name=\"twitter:label1\" content=\"Est. reading time\" \/>\n\t<meta name=\"twitter:data1\" content=\"2 minutes\" \/>\n<script type=\"application\/ld+json\" class=\"yoast-schema-graph\">{\"@context\":\"https:\\\/\\\/schema.org\",\"@graph\":[{\"@type\":\"WebPage\",\"@id\":\"https:\\\/\\\/www.electoralcommission.ie\\\/ga\\\/reifrinn-3\\\/comhlachtai-ceadaithe-i-reifreann\\\/\",\"url\":\"https:\\\/\\\/www.electoralcommission.ie\\\/ga\\\/reifrinn-3\\\/comhlachtai-ceadaithe-i-reifreann\\\/\",\"name\":\"Comhlachta\u00ed ceadaithe i reifreann - Coimisi\u00fan Toghch\u00e1in\",\"isPartOf\":{\"@id\":\"https:\\\/\\\/www.electoralcommission.ie\\\/ga\\\/#website\"},\"primaryImageOfPage\":{\"@id\":\"https:\\\/\\\/www.electoralcommission.ie\\\/ga\\\/reifrinn-3\\\/comhlachtai-ceadaithe-i-reifreann\\\/#primaryimage\"},\"image\":{\"@id\":\"https:\\\/\\\/www.electoralcommission.ie\\\/ga\\\/reifrinn-3\\\/comhlachtai-ceadaithe-i-reifreann\\\/#primaryimage\"},\"thumbnailUrl\":\"https:\\\/\\\/www.electoralcommission.ie\\\/app\\\/uploads\\\/2024\\\/01\\\/czM6Ly9tZWRpYS1wcml2YXRlLmNhbnZhLmNvbS9nTVU0WS9NQUZ2MGdnTVU0WS8xL3AuanBn-2.webp\",\"datePublished\":\"2024-02-01T15:53:06+00:00\",\"dateModified\":\"2024-02-21T12:04:29+00:00\",\"breadcrumb\":{\"@id\":\"https:\\\/\\\/www.electoralcommission.ie\\\/ga\\\/reifrinn-3\\\/comhlachtai-ceadaithe-i-reifreann\\\/#breadcrumb\"},\"inLanguage\":\"ga-IE\",\"potentialAction\":[{\"@type\":\"ReadAction\",\"target\":[\"https:\\\/\\\/www.electoralcommission.ie\\\/ga\\\/reifrinn-3\\\/comhlachtai-ceadaithe-i-reifreann\\\/\"]}]},{\"@type\":\"ImageObject\",\"inLanguage\":\"ga-IE\",\"@id\":\"https:\\\/\\\/www.electoralcommission.ie\\\/ga\\\/reifrinn-3\\\/comhlachtai-ceadaithe-i-reifreann\\\/#primaryimage\",\"url\":\"https:\\\/\\\/www.electoralcommission.ie\\\/app\\\/uploads\\\/2024\\\/01\\\/czM6Ly9tZWRpYS1wcml2YXRlLmNhbnZhLmNvbS9nTVU0WS9NQUZ2MGdnTVU0WS8xL3AuanBn-2.webp\",\"contentUrl\":\"https:\\\/\\\/www.electoralcommission.ie\\\/app\\\/uploads\\\/2024\\\/01\\\/czM6Ly9tZWRpYS1wcml2YXRlLmNhbnZhLmNvbS9nTVU0WS9NQUZ2MGdnTVU0WS8xL3AuanBn-2.webp\",\"width\":799,\"height\":533,\"caption\":\"Decorative image of votes being counted\"},{\"@type\":\"BreadcrumbList\",\"@id\":\"https:\\\/\\\/www.electoralcommission.ie\\\/ga\\\/reifrinn-3\\\/comhlachtai-ceadaithe-i-reifreann\\\/#breadcrumb\",\"itemListElement\":[{\"@type\":\"ListItem\",\"position\":1,\"name\":\"Baile\",\"item\":\"https:\\\/\\\/www.electoralcommission.ie\\\/ga\\\/\"},{\"@type\":\"ListItem\",\"position\":2,\"name\":\"Reifrinn\",\"item\":\"https:\\\/\\\/www.electoralcommission.ie\\\/ga\\\/?page_id=6979\"},{\"@type\":\"ListItem\",\"position\":3,\"name\":\"Comhlachta\u00ed ceadaithe i reifreann\"}]},{\"@type\":\"WebSite\",\"@id\":\"https:\\\/\\\/www.electoralcommission.ie\\\/ga\\\/#website\",\"url\":\"https:\\\/\\\/www.electoralcommission.ie\\\/ga\\\/\",\"name\":\"Coimisi\u00fan Toghch\u00e1in\",\"description\":\"Ireland&#039;s Statutory, Independent Electoral Commission\",\"potentialAction\":[{\"@type\":\"SearchAction\",\"target\":{\"@type\":\"EntryPoint\",\"urlTemplate\":\"https:\\\/\\\/www.electoralcommission.ie\\\/ga\\\/?s={search_term_string}\"},\"query-input\":{\"@type\":\"PropertyValueSpecification\",\"valueRequired\":true,\"valueName\":\"search_term_string\"}}],\"inLanguage\":\"ga-IE\"}]}<\/script>\n<!-- \/ Yoast SEO plugin. -->","yoast_head_json":{"title":"Comhlachta\u00ed ceadaithe i reifreann - Coimisi\u00fan Toghch\u00e1in","robots":{"index":"index","follow":"follow","max-snippet":"max-snippet:-1","max-image-preview":"max-image-preview:large","max-video-preview":"max-video-preview:-1"},"canonical":"https:\/\/www.electoralcommission.ie\/ga\/reifrinn-3\/comhlachtai-ceadaithe-i-reifreann\/","og_locale":"ga_IE","og_type":"article","og_title":"Comhlachta\u00ed ceadaithe i reifreann - Coimisi\u00fan Toghch\u00e1in","og_description":"I reifrinn, is f\u00e9idir le heagra\u00edocht ar bith, idir phoibl\u00ed agus phr\u00edobh\u00e1ideach, agus le p\u00e1irt\u00ed polaiti\u00fail cl\u00e1raithe ar bith iarratas a chur faoi bhr\u00e1id an Choimisi\u00fain Toghch\u00e1in, coimisi\u00fan toghch\u00e1in neamhsple\u00e1ch na h\u00c9ireann, le bheith ina Comhlacht Ceadaithe fad a bh\u00edonn an feachtas reifrinn ar si\u00fal. Is f\u00e9idir le comhlachta\u00ed ceadaithe gn\u00edomhair\u00ed a cheapadh chun an &hellip; Continued","og_url":"https:\/\/www.electoralcommission.ie\/ga\/reifrinn-3\/comhlachtai-ceadaithe-i-reifreann\/","og_site_name":"Coimisi\u00fan Toghch\u00e1in","article_modified_time":"2024-02-21T12:04:29+00:00","og_image":[{"width":799,"height":533,"url":"https:\/\/cdn.electoralcommission.ie\/app\/uploads\/2024\/01\/19161604\/czM6Ly9tZWRpYS1wcml2YXRlLmNhbnZhLmNvbS9nTVU0WS9NQUZ2MGdnTVU0WS8xL3AuanBn-2.webp","type":"image\/webp"}],"twitter_card":"summary_large_image","twitter_misc":{"Est. reading time":"2 minutes"},"schema":{"@context":"https:\/\/schema.org","@graph":[{"@type":"WebPage","@id":"https:\/\/www.electoralcommission.ie\/ga\/reifrinn-3\/comhlachtai-ceadaithe-i-reifreann\/","url":"https:\/\/www.electoralcommission.ie\/ga\/reifrinn-3\/comhlachtai-ceadaithe-i-reifreann\/","name":"Comhlachta\u00ed ceadaithe i reifreann - Coimisi\u00fan Toghch\u00e1in","isPartOf":{"@id":"https:\/\/www.electoralcommission.ie\/ga\/#website"},"primaryImageOfPage":{"@id":"https:\/\/www.electoralcommission.ie\/ga\/reifrinn-3\/comhlachtai-ceadaithe-i-reifreann\/#primaryimage"},"image":{"@id":"https:\/\/www.electoralcommission.ie\/ga\/reifrinn-3\/comhlachtai-ceadaithe-i-reifreann\/#primaryimage"},"thumbnailUrl":"https:\/\/www.electoralcommission.ie\/app\/uploads\/2024\/01\/czM6Ly9tZWRpYS1wcml2YXRlLmNhbnZhLmNvbS9nTVU0WS9NQUZ2MGdnTVU0WS8xL3AuanBn-2.webp","datePublished":"2024-02-01T15:53:06+00:00","dateModified":"2024-02-21T12:04:29+00:00","breadcrumb":{"@id":"https:\/\/www.electoralcommission.ie\/ga\/reifrinn-3\/comhlachtai-ceadaithe-i-reifreann\/#breadcrumb"},"inLanguage":"ga-IE","potentialAction":[{"@type":"ReadAction","target":["https:\/\/www.electoralcommission.ie\/ga\/reifrinn-3\/comhlachtai-ceadaithe-i-reifreann\/"]}]},{"@type":"ImageObject","inLanguage":"ga-IE","@id":"https:\/\/www.electoralcommission.ie\/ga\/reifrinn-3\/comhlachtai-ceadaithe-i-reifreann\/#primaryimage","url":"https:\/\/www.electoralcommission.ie\/app\/uploads\/2024\/01\/czM6Ly9tZWRpYS1wcml2YXRlLmNhbnZhLmNvbS9nTVU0WS9NQUZ2MGdnTVU0WS8xL3AuanBn-2.webp","contentUrl":"https:\/\/www.electoralcommission.ie\/app\/uploads\/2024\/01\/czM6Ly9tZWRpYS1wcml2YXRlLmNhbnZhLmNvbS9nTVU0WS9NQUZ2MGdnTVU0WS8xL3AuanBn-2.webp","width":799,"height":533,"caption":"Decorative image of votes being counted"},{"@type":"BreadcrumbList","@id":"https:\/\/www.electoralcommission.ie\/ga\/reifrinn-3\/comhlachtai-ceadaithe-i-reifreann\/#breadcrumb","itemListElement":[{"@type":"ListItem","position":1,"name":"Baile","item":"https:\/\/www.electoralcommission.ie\/ga\/"},{"@type":"ListItem","position":2,"name":"Reifrinn","item":"https:\/\/www.electoralcommission.ie\/ga\/?page_id=6979"},{"@type":"ListItem","position":3,"name":"Comhlachta\u00ed ceadaithe i reifreann"}]},{"@type":"WebSite","@id":"https:\/\/www.electoralcommission.ie\/ga\/#website","url":"https:\/\/www.electoralcommission.ie\/ga\/","name":"Coimisi\u00fan Toghch\u00e1in","description":"Ireland&#039;s Statutory, Independent Electoral Commission","potentialAction":[{"@type":"SearchAction","target":{"@type":"EntryPoint","urlTemplate":"https:\/\/www.electoralcommission.ie\/ga\/?s={search_term_string}"},"query-input":{"@type":"PropertyValueSpecification","valueRequired":true,"valueName":"search_term_string"}}],"inLanguage":"ga-IE"}]}},"uagb_featured_image_src":{"full":["https:\/\/www.electoralcommission.ie\/app\/uploads\/2024\/01\/czM6Ly9tZWRpYS1wcml2YXRlLmNhbnZhLmNvbS9nTVU0WS9NQUZ2MGdnTVU0WS8xL3AuanBn-2.webp",799,533,false],"thumbnail":["https:\/\/www.electoralcommission.ie\/app\/uploads\/2024\/01\/czM6Ly9tZWRpYS1wcml2YXRlLmNhbnZhLmNvbS9nTVU0WS9NQUZ2MGdnTVU0WS8xL3AuanBn-2-355x210.webp",355,210,true],"medium":["https:\/\/www.electoralcommission.ie\/app\/uploads\/2024\/01\/czM6Ly9tZWRpYS1wcml2YXRlLmNhbnZhLmNvbS9nTVU0WS9NQUZ2MGdnTVU0WS8xL3AuanBn-2-300x200.webp",300,200,true],"medium_large":["https:\/\/www.electoralcommission.ie\/app\/uploads\/2024\/01\/czM6Ly9tZWRpYS1wcml2YXRlLmNhbnZhLmNvbS9nTVU0WS9NQUZ2MGdnTVU0WS8xL3AuanBn-2-768x512.webp",768,512,true],"large":["https:\/\/www.electoralcommission.ie\/app\/uploads\/2024\/01\/czM6Ly9tZWRpYS1wcml2YXRlLmNhbnZhLmNvbS9nTVU0WS9NQUZ2MGdnTVU0WS8xL3AuanBn-2.webp",799,533,false],"1536x1536":["https:\/\/www.electoralcommission.ie\/app\/uploads\/2024\/01\/czM6Ly9tZWRpYS1wcml2YXRlLmNhbnZhLmNvbS9nTVU0WS9NQUZ2MGdnTVU0WS8xL3AuanBn-2.webp",799,533,false],"2048x2048":["https:\/\/www.electoralcommission.ie\/app\/uploads\/2024\/01\/czM6Ly9tZWRpYS1wcml2YXRlLmNhbnZhLmNvbS9nTVU0WS9NQUZ2MGdnTVU0WS8xL3AuanBn-2.webp",799,533,false],"gform-image-choice-sm":["https:\/\/www.electoralcommission.ie\/app\/uploads\/2024\/01\/czM6Ly9tZWRpYS1wcml2YXRlLmNhbnZhLmNvbS9nTVU0WS9NQUZ2MGdnTVU0WS8xL3AuanBn-2.webp",300,200,false],"gform-image-choice-md":["https:\/\/www.electoralcommission.ie\/app\/uploads\/2024\/01\/czM6Ly9tZWRpYS1wcml2YXRlLmNhbnZhLmNvbS9nTVU0WS9NQUZ2MGdnTVU0WS8xL3AuanBn-2.webp",400,267,false],"gform-image-choice-lg":["https:\/\/www.electoralcommission.ie\/app\/uploads\/2024\/01\/czM6Ly9tZWRpYS1wcml2YXRlLmNhbnZhLmNvbS9nTVU0WS9NQUZ2MGdnTVU0WS8xL3AuanBn-2.webp",600,400,false]},"uagb_author_info":{"display_name":"Annmarie Power","author_link":"https:\/\/www.electoralcommission.ie\/ga\/author\/annmarie-power\/"},"uagb_comment_info":0,"uagb_excerpt":"I reifrinn, is f\u00e9idir le heagra\u00edocht ar bith, idir phoibl\u00ed agus phr\u00edobh\u00e1ideach, agus le p\u00e1irt\u00ed polaiti\u00fail cl\u00e1raithe ar bith iarratas a chur faoi bhr\u00e1id an Choimisi\u00fain Toghch\u00e1in, coimisi\u00fan toghch\u00e1in neamhsple\u00e1ch na h\u00c9ireann, le bheith ina Comhlacht Ceadaithe fad a bh\u00edonn an feachtas reifrinn ar si\u00fal. Is f\u00e9idir le comhlachta\u00ed ceadaithe gn\u00edomhair\u00ed a cheapadh chun an&hellip;","_links":{"self":[{"href":"https:\/\/www.electoralcommission.ie\/ga\/wp-json\/wp\/v2\/pages\/7383","targetHints":{"allow":["GET"]}}],"collection":[{"href":"https:\/\/www.electoralcommission.ie\/ga\/wp-json\/wp\/v2\/pages"}],"about":[{"href":"https:\/\/www.electoralcommission.ie\/ga\/wp-json\/wp\/v2\/types\/page"}],"author":[{"embeddable":true,"href":"https:\/\/www.electoralcommission.ie\/ga\/wp-json\/wp\/v2\/users\/20"}],"replies":[{"embeddable":true,"href":"https:\/\/www.electoralcommission.ie\/ga\/wp-json\/wp\/v2\/comments?post=7383"}],"version-history":[{"count":6,"href":"https:\/\/www.electoralcommission.ie\/ga\/wp-json\/wp\/v2\/pages\/7383\/revisions"}],"predecessor-version":[{"id":7782,"href":"https:\/\/www.electoralcommission.ie\/ga\/wp-json\/wp\/v2\/pages\/7383\/revisions\/7782"}],"up":[{"embeddable":true,"href":"https:\/\/www.electoralcommission.ie\/ga\/wp-json\/wp\/v2\/pages\/6979"}],"wp:featuredmedia":[{"embeddable":true,"href":"https:\/\/www.electoralcommission.ie\/ga\/wp-json\/wp\/v2\/media\/6755"}],"wp:attachment":[{"href":"https:\/\/www.electoralcommission.ie\/ga\/wp-json\/wp\/v2\/media?parent=7383"}],"curies":[{"name":"wp","href":"https:\/\/api.w.org\/{rel}","templated":true}]}}