
{"id":7475,"date":"2024-01-19T14:34:22","date_gmt":"2024-01-19T14:34:22","guid":{"rendered":"https:\/\/www.electoralcommission.ie\/reifrinn\/mol-foghlama\/"},"modified":"2024-02-08T13:12:04","modified_gmt":"2024-02-08T13:12:04","slug":"mol-foghlama","status":"publish","type":"page","link":"https:\/\/www.electoralcommission.ie\/ga\/reifrinn-3\/mol-foghlama\/","title":{"rendered":"Mol foghlama"},"content":{"rendered":"\n<p>Mar chuid d\u00e1r n-obair, faoin <a href=\"https:\/\/www.irishstatutebook.ie\/eli\/2022\/act\/30\/section\/67\/enacted\/en\/html#sec67\">Acht um Athch\u00f3iri\u00fa Toghch\u00e1in 2022<\/a>, cuirimid cl\u00e1ir oideachas\u00fala agus faisn\u00e9ise ar f\u00e1il chun feasacht an phobail ar phr\u00f3isis toghch\u00e1in agus dhaonlathacha an St\u00e1it a chur chun cinn, mar aon lena rannph\u00e1irt\u00edocht iontu, agus spreagaimid an pobal chun v\u00f3t\u00e1il in imeachta\u00ed toghch\u00e1in.<\/p>\n\n\n\n<p>T\u00e1 neart eolais sna leathanaigh at\u00e1 nasctha th\u00edos faoi ch\u00f3ras daonlathach na h\u00c9ireann agus faoi imeachta\u00ed toghch\u00e1in. <\/p>\n\n\n\n<p><\/p>\n\n\n\n<div class=\"wp-block-media-text is-stacked-on-mobile has-background\" style=\"background-color:#00929f\"><figure class=\"wp-block-media-text__media\"><img decoding=\"async\" src=\"https:\/\/ec2023.fusio.dev\/app\/uploads\/2024\/01\/GC31YT-1024x671.jpg\" alt=\"\" class=\"wp-image-757 size-full\"\/><\/figure><div class=\"wp-block-media-text__content\">\n<div class=\"wp-block-uagb-container uagb-block-850569cf alignfull uagb-is-root-container\">\n<div class=\"wp-block-uagb-buttons uagb-buttons__outer-wrap uagb-btn__default-btn uagb-btn-tablet__default-btn uagb-btn-mobile__default-btn uagb-block-c347d5f8\"><div class=\"uagb-buttons__wrap uagb-buttons-layout-wrap\">\n<div class=\"wp-block-uagb-buttons-child uagb-buttons__outer-wrap uagb-block-1b27079a wp-block-button\"><div class=\"uagb-button__wrapper\"><a class=\"uagb-buttons-repeater wp-block-button__link\" href=\"\/ga\/reifrinn\/ta-fiuntas-ag-baint-le-do-vota\/\" onclick=\"return true;\" rel=\"follow noopener\" target=\"_self\"><div class=\"uagb-button__link\">T\u00e1 Fi\u00fantas ag baint le do V\u00f3ta <\/div><\/a><\/div><\/div>\n<\/div><\/div>\n<\/div>\n<\/div><\/div>\n\n\n\n<div class=\"wp-block-media-text has-media-on-the-right is-stacked-on-mobile has-background\" style=\"background-color:#ec6739\"><div class=\"wp-block-media-text__content\">\n<div class=\"wp-block-uagb-container uagb-block-5f73705d alignfull uagb-is-root-container\">\n<div class=\"wp-block-uagb-buttons uagb-buttons__outer-wrap uagb-btn__default-btn uagb-btn-tablet__default-btn uagb-btn-mobile__default-btn uagb-block-2740e65d\"><div class=\"uagb-buttons__wrap uagb-buttons-layout-wrap\">\n<div class=\"wp-block-uagb-buttons-child uagb-buttons__outer-wrap uagb-block-32ec08e2 wp-block-button\"><div class=\"uagb-button__wrapper\"><a class=\"uagb-buttons-repeater wp-block-button__link\" href=\"\/ga\/reifrinn\/daonlathas-na-heireann\/\" onclick=\"return true;\" rel=\"follow noopener\" target=\"_self\"><div class=\"uagb-button__link\">Daonlathas na h\u00c9ireann <\/div><\/a><\/div><\/div>\n<\/div><\/div>\n<\/div>\n<\/div><figure class=\"wp-block-media-text__media\"><img decoding=\"async\" src=\"https:\/\/ec2023.fusio.dev\/app\/uploads\/2024\/01\/90409994-1024x651.jpg\" alt=\"\" class=\"wp-image-747 size-full\"\/><\/figure><\/div>\n\n\n\n<div class=\"wp-block-media-text is-stacked-on-mobile has-background\" style=\"background-color:#00a8db\"><figure class=\"wp-block-media-text__media\"><img decoding=\"async\" src=\"https:\/\/ec2023.fusio.dev\/app\/uploads\/2023\/11\/czM6Ly9tZWRpYS1wcml2YXRlLmNhbnZhLmNvbS9sU3hVUS9NQUZ2MGFsU3hVUS8xL3AuanBn-1024x751.webp\" alt=\"\" class=\"wp-image-62 size-full\"\/><\/figure><div class=\"wp-block-media-text__content\">\n<div class=\"wp-block-uagb-container uagb-block-192abfbe alignfull uagb-is-root-container\">\n<div class=\"wp-block-uagb-buttons uagb-buttons__outer-wrap uagb-btn__default-btn uagb-btn-tablet__default-btn uagb-btn-mobile__default-btn uagb-block-8fd6177f\"><div class=\"uagb-buttons__wrap uagb-buttons-layout-wrap\">\n<div class=\"wp-block-uagb-buttons-child uagb-buttons__outer-wrap uagb-block-9eeaf661 wp-block-button\"><div class=\"uagb-button__wrapper\"><a class=\"uagb-buttons-repeater wp-block-button__link\" href=\"\/ga\/reifrinn\/bunreacht-na-heireann\/\" onclick=\"return true;\" rel=\"follow noopener\" target=\"_self\"><div class=\"uagb-button__link\">Bunreacht na h\u00c9ireann <\/div><\/a><\/div><\/div>\n<\/div><\/div>\n<\/div>\n<\/div><\/div>\n\n\n\n<div class=\"wp-block-media-text has-media-on-the-right is-stacked-on-mobile has-background\" style=\"background-color:#e7ac00\"><div class=\"wp-block-media-text__content\">\n<div class=\"wp-block-uagb-container uagb-block-83276577 alignfull uagb-is-root-container\"><div class=\"uagb-container-inner-blocks-wrap\">\n<div class=\"wp-block-uagb-buttons uagb-buttons__outer-wrap uagb-btn__default-btn uagb-btn-tablet__default-btn uagb-btn-mobile__default-btn uagb-block-ded74a89\"><div class=\"uagb-buttons__wrap uagb-buttons-layout-wrap\">\n<div class=\"wp-block-uagb-buttons-child uagb-buttons__outer-wrap uagb-block-40af53e5 wp-block-button\"><div class=\"uagb-button__wrapper\"><a class=\"uagb-buttons-repeater wp-block-button__link\" href=\"\/ga\/reifrinn\/reifrinn-roimhe-seo\/\" onclick=\"return true;\" rel=\"follow noopener\" target=\"_self\"><div class=\"uagb-button__link\">Reifrinn Roimhe Seo<\/div><\/a><\/div><\/div>\n<\/div><\/div>\n<\/div><\/div>\n<\/div><figure class=\"wp-block-media-text__media\"><img decoding=\"async\" src=\"https:\/\/ec2023.fusio.dev\/app\/uploads\/2023\/12\/001-Abortion-Referendum-count-1024x779.jpg\" alt=\"\" class=\"wp-image-510 size-full\"\/><\/figure><\/div>\n\n\n\n<div class=\"wp-block-media-text is-stacked-on-mobile has-background\" style=\"background-color:#93c255\"><figure class=\"wp-block-media-text__media\"><img decoding=\"async\" src=\"https:\/\/ec2023.fusio.dev\/app\/uploads\/2024\/01\/Voting-892-1024x681.jpg\" alt=\"\" class=\"wp-image-911 size-full\"\/><\/figure><div class=\"wp-block-media-text__content\">\n<div class=\"wp-block-uagb-container uagb-block-cf591ecc alignfull uagb-is-root-container\">\n<div class=\"wp-block-uagb-buttons uagb-buttons__outer-wrap uagb-btn__default-btn uagb-btn-tablet__default-btn uagb-btn-mobile__default-btn uagb-block-4c85a022\"><div class=\"uagb-buttons__wrap uagb-buttons-layout-wrap\">\n<div class=\"wp-block-uagb-buttons-child uagb-buttons__outer-wrap uagb-block-0e742745 wp-block-button\"><div class=\"uagb-button__wrapper\"><a class=\"uagb-buttons-repeater wp-block-button__link\" href=\"\/ga\/reifrinn\/miniu-ar-reifrinn\/\" onclick=\"return true;\" rel=\"follow noopener\" target=\"_self\"><div class=\"uagb-button__link\">M\u00edni\u00fa ar Reifrinn<\/div><\/a><\/div><\/div>\n<\/div><\/div>\n<\/div>\n<\/div><\/div>\n","protected":false},"excerpt":{"rendered":"<p>Mar chuid d\u00e1r n-obair, faoin Acht um Athch\u00f3iri\u00fa Toghch\u00e1in 2022, cuirimid cl\u00e1ir oideachas\u00fala agus faisn\u00e9ise ar f\u00e1il chun feasacht an phobail ar phr\u00f3isis toghch\u00e1in agus dhaonlathacha an St\u00e1it a chur chun cinn, mar aon lena rannph\u00e1irt\u00edocht iontu, agus spreagaimid an pobal chun v\u00f3t\u00e1il in imeachta\u00ed toghch\u00e1in. T\u00e1 neart eolais sna leathanaigh at\u00e1 nasctha th\u00edos faoi &hellip; <a href=\"https:\/\/www.electoralcommission.ie\/ga\/reifrinn-3\/mol-foghlama\/\">Continued<\/a><\/p>\n","protected":false},"author":17,"featured_media":6751,"parent":6979,"menu_order":0,"comment_status":"closed","ping_status":"closed","template":"views\/template-ec-referendum-single.blade.php","meta":{"_acf_changed":false,"_relevanssi_hide_post":"","_relevanssi_hide_content":"","_relevanssi_pin_for_all":"","_relevanssi_pin_keywords":"","_relevanssi_unpin_keywords":"","_relevanssi_related_keywords":"","_relevanssi_related_include_ids":"","_relevanssi_related_exclude_ids":"","_relevanssi_related_no_append":"","_relevanssi_related_not_related":"","_relevanssi_related_posts":"","_relevanssi_noindex_reason":"","_uag_custom_page_level_css":"","footnotes":""},"class_list":["post-7475","page","type-page","status-publish","has-post-thumbnail","hentry"],"acf":[],"yoast_head":"<!-- This site is optimized with the Yoast SEO plugin v27.5 - https:\/\/yoast.com\/product\/yoast-seo-wordpress\/ -->\n<title>Mol foghlama - Coimisi\u00fan Toghch\u00e1in<\/title>\n<meta name=\"robots\" content=\"index, follow, max-snippet:-1, max-image-preview:large, max-video-preview:-1\" \/>\n<link rel=\"canonical\" href=\"https:\/\/www.electoralcommission.ie\/ga\/reifrinn-3\/mol-foghlama\/\" \/>\n<meta property=\"og:locale\" content=\"ga_IE\" \/>\n<meta property=\"og:type\" content=\"article\" \/>\n<meta property=\"og:title\" content=\"Mol foghlama - Coimisi\u00fan Toghch\u00e1in\" \/>\n<meta property=\"og:description\" content=\"Mar chuid d\u00e1r n-obair, faoin Acht um Athch\u00f3iri\u00fa Toghch\u00e1in 2022, cuirimid cl\u00e1ir oideachas\u00fala agus faisn\u00e9ise ar f\u00e1il chun feasacht an phobail ar phr\u00f3isis toghch\u00e1in agus dhaonlathacha an St\u00e1it a chur chun cinn, mar aon lena rannph\u00e1irt\u00edocht iontu, agus spreagaimid an pobal chun v\u00f3t\u00e1il in imeachta\u00ed toghch\u00e1in. T\u00e1 neart eolais sna leathanaigh at\u00e1 nasctha th\u00edos faoi &hellip; Continued\" \/>\n<meta property=\"og:url\" content=\"https:\/\/www.electoralcommission.ie\/ga\/reifrinn-3\/mol-foghlama\/\" \/>\n<meta property=\"og:site_name\" content=\"Coimisi\u00fan Toghch\u00e1in\" \/>\n<meta property=\"article:modified_time\" content=\"2024-02-08T13:12:04+00:00\" \/>\n<meta property=\"og:image\" content=\"https:\/\/cdn.electoralcommission.ie\/app\/uploads\/2024\/01\/19161511\/0706-Polling-stations-scaled-e1704390666328.jpg\" \/>\n\t<meta property=\"og:image:width\" content=\"2560\" \/>\n\t<meta property=\"og:image:height\" content=\"1395\" \/>\n\t<meta property=\"og:image:type\" content=\"image\/jpeg\" \/>\n<meta name=\"twitter:card\" content=\"summary_large_image\" \/>\n<meta name=\"twitter:label1\" content=\"Est. reading time\" \/>\n\t<meta name=\"twitter:data1\" content=\"2 minutes\" \/>\n<script type=\"application\/ld+json\" class=\"yoast-schema-graph\">{\"@context\":\"https:\\\/\\\/schema.org\",\"@graph\":[{\"@type\":\"WebPage\",\"@id\":\"https:\\\/\\\/www.electoralcommission.ie\\\/ga\\\/reifrinn-3\\\/mol-foghlama\\\/\",\"url\":\"https:\\\/\\\/www.electoralcommission.ie\\\/ga\\\/reifrinn-3\\\/mol-foghlama\\\/\",\"name\":\"Mol foghlama - Coimisi\u00fan Toghch\u00e1in\",\"isPartOf\":{\"@id\":\"https:\\\/\\\/www.electoralcommission.ie\\\/ga\\\/#website\"},\"primaryImageOfPage\":{\"@id\":\"https:\\\/\\\/www.electoralcommission.ie\\\/ga\\\/reifrinn-3\\\/mol-foghlama\\\/#primaryimage\"},\"image\":{\"@id\":\"https:\\\/\\\/www.electoralcommission.ie\\\/ga\\\/reifrinn-3\\\/mol-foghlama\\\/#primaryimage\"},\"thumbnailUrl\":\"https:\\\/\\\/www.electoralcommission.ie\\\/app\\\/uploads\\\/2024\\\/01\\\/0706-Polling-stations-scaled-e1707309963820.jpg\",\"datePublished\":\"2024-01-19T14:34:22+00:00\",\"dateModified\":\"2024-02-08T13:12:04+00:00\",\"breadcrumb\":{\"@id\":\"https:\\\/\\\/www.electoralcommission.ie\\\/ga\\\/reifrinn-3\\\/mol-foghlama\\\/#breadcrumb\"},\"inLanguage\":\"ga-IE\",\"potentialAction\":[{\"@type\":\"ReadAction\",\"target\":[\"https:\\\/\\\/www.electoralcommission.ie\\\/ga\\\/reifrinn-3\\\/mol-foghlama\\\/\"]}]},{\"@type\":\"ImageObject\",\"inLanguage\":\"ga-IE\",\"@id\":\"https:\\\/\\\/www.electoralcommission.ie\\\/ga\\\/reifrinn-3\\\/mol-foghlama\\\/#primaryimage\",\"url\":\"https:\\\/\\\/www.electoralcommission.ie\\\/app\\\/uploads\\\/2024\\\/01\\\/0706-Polling-stations-scaled-e1707309963820.jpg\",\"contentUrl\":\"https:\\\/\\\/www.electoralcommission.ie\\\/app\\\/uploads\\\/2024\\\/01\\\/0706-Polling-stations-scaled-e1707309963820.jpg\",\"width\":2560,\"height\":1395,\"caption\":\"8\\\/2\\\/2020 General Election. Sibheal O Shea aged 5 passes by people at the polling booths at the polling station at St. Joseph's School for Deaf Boys, Navan Road, Cabra Dublin. Photo: RollingNews.ie\"},{\"@type\":\"BreadcrumbList\",\"@id\":\"https:\\\/\\\/www.electoralcommission.ie\\\/ga\\\/reifrinn-3\\\/mol-foghlama\\\/#breadcrumb\",\"itemListElement\":[{\"@type\":\"ListItem\",\"position\":1,\"name\":\"Baile\",\"item\":\"https:\\\/\\\/www.electoralcommission.ie\\\/ga\\\/\"},{\"@type\":\"ListItem\",\"position\":2,\"name\":\"Reifrinn\",\"item\":\"https:\\\/\\\/www.electoralcommission.ie\\\/ga\\\/?page_id=6979\"},{\"@type\":\"ListItem\",\"position\":3,\"name\":\"Mol foghlama\"}]},{\"@type\":\"WebSite\",\"@id\":\"https:\\\/\\\/www.electoralcommission.ie\\\/ga\\\/#website\",\"url\":\"https:\\\/\\\/www.electoralcommission.ie\\\/ga\\\/\",\"name\":\"Coimisi\u00fan Toghch\u00e1in\",\"description\":\"Ireland&#039;s Statutory, Independent Electoral Commission\",\"potentialAction\":[{\"@type\":\"SearchAction\",\"target\":{\"@type\":\"EntryPoint\",\"urlTemplate\":\"https:\\\/\\\/www.electoralcommission.ie\\\/ga\\\/?s={search_term_string}\"},\"query-input\":{\"@type\":\"PropertyValueSpecification\",\"valueRequired\":true,\"valueName\":\"search_term_string\"}}],\"inLanguage\":\"ga-IE\"}]}<\/script>\n<!-- \/ Yoast SEO plugin. -->","yoast_head_json":{"title":"Mol foghlama - Coimisi\u00fan Toghch\u00e1in","robots":{"index":"index","follow":"follow","max-snippet":"max-snippet:-1","max-image-preview":"max-image-preview:large","max-video-preview":"max-video-preview:-1"},"canonical":"https:\/\/www.electoralcommission.ie\/ga\/reifrinn-3\/mol-foghlama\/","og_locale":"ga_IE","og_type":"article","og_title":"Mol foghlama - Coimisi\u00fan Toghch\u00e1in","og_description":"Mar chuid d\u00e1r n-obair, faoin Acht um Athch\u00f3iri\u00fa Toghch\u00e1in 2022, cuirimid cl\u00e1ir oideachas\u00fala agus faisn\u00e9ise ar f\u00e1il chun feasacht an phobail ar phr\u00f3isis toghch\u00e1in agus dhaonlathacha an St\u00e1it a chur chun cinn, mar aon lena rannph\u00e1irt\u00edocht iontu, agus spreagaimid an pobal chun v\u00f3t\u00e1il in imeachta\u00ed toghch\u00e1in. T\u00e1 neart eolais sna leathanaigh at\u00e1 nasctha th\u00edos faoi &hellip; Continued","og_url":"https:\/\/www.electoralcommission.ie\/ga\/reifrinn-3\/mol-foghlama\/","og_site_name":"Coimisi\u00fan Toghch\u00e1in","article_modified_time":"2024-02-08T13:12:04+00:00","og_image":[{"width":2560,"height":1395,"url":"https:\/\/cdn.electoralcommission.ie\/app\/uploads\/2024\/01\/19161511\/0706-Polling-stations-scaled-e1704390666328.jpg","type":"image\/jpeg"}],"twitter_card":"summary_large_image","twitter_misc":{"Est. reading time":"2 minutes"},"schema":{"@context":"https:\/\/schema.org","@graph":[{"@type":"WebPage","@id":"https:\/\/www.electoralcommission.ie\/ga\/reifrinn-3\/mol-foghlama\/","url":"https:\/\/www.electoralcommission.ie\/ga\/reifrinn-3\/mol-foghlama\/","name":"Mol foghlama - Coimisi\u00fan Toghch\u00e1in","isPartOf":{"@id":"https:\/\/www.electoralcommission.ie\/ga\/#website"},"primaryImageOfPage":{"@id":"https:\/\/www.electoralcommission.ie\/ga\/reifrinn-3\/mol-foghlama\/#primaryimage"},"image":{"@id":"https:\/\/www.electoralcommission.ie\/ga\/reifrinn-3\/mol-foghlama\/#primaryimage"},"thumbnailUrl":"https:\/\/www.electoralcommission.ie\/app\/uploads\/2024\/01\/0706-Polling-stations-scaled-e1707309963820.jpg","datePublished":"2024-01-19T14:34:22+00:00","dateModified":"2024-02-08T13:12:04+00:00","breadcrumb":{"@id":"https:\/\/www.electoralcommission.ie\/ga\/reifrinn-3\/mol-foghlama\/#breadcrumb"},"inLanguage":"ga-IE","potentialAction":[{"@type":"ReadAction","target":["https:\/\/www.electoralcommission.ie\/ga\/reifrinn-3\/mol-foghlama\/"]}]},{"@type":"ImageObject","inLanguage":"ga-IE","@id":"https:\/\/www.electoralcommission.ie\/ga\/reifrinn-3\/mol-foghlama\/#primaryimage","url":"https:\/\/www.electoralcommission.ie\/app\/uploads\/2024\/01\/0706-Polling-stations-scaled-e1707309963820.jpg","contentUrl":"https:\/\/www.electoralcommission.ie\/app\/uploads\/2024\/01\/0706-Polling-stations-scaled-e1707309963820.jpg","width":2560,"height":1395,"caption":"8\/2\/2020 General Election. Sibheal O Shea aged 5 passes by people at the polling booths at the polling station at St. Joseph's School for Deaf Boys, Navan Road, Cabra Dublin. Photo: RollingNews.ie"},{"@type":"BreadcrumbList","@id":"https:\/\/www.electoralcommission.ie\/ga\/reifrinn-3\/mol-foghlama\/#breadcrumb","itemListElement":[{"@type":"ListItem","position":1,"name":"Baile","item":"https:\/\/www.electoralcommission.ie\/ga\/"},{"@type":"ListItem","position":2,"name":"Reifrinn","item":"https:\/\/www.electoralcommission.ie\/ga\/?page_id=6979"},{"@type":"ListItem","position":3,"name":"Mol foghlama"}]},{"@type":"WebSite","@id":"https:\/\/www.electoralcommission.ie\/ga\/#website","url":"https:\/\/www.electoralcommission.ie\/ga\/","name":"Coimisi\u00fan Toghch\u00e1in","description":"Ireland&#039;s Statutory, Independent Electoral Commission","potentialAction":[{"@type":"SearchAction","target":{"@type":"EntryPoint","urlTemplate":"https:\/\/www.electoralcommission.ie\/ga\/?s={search_term_string}"},"query-input":{"@type":"PropertyValueSpecification","valueRequired":true,"valueName":"search_term_string"}}],"inLanguage":"ga-IE"}]}},"uagb_featured_image_src":{"full":["https:\/\/www.electoralcommission.ie\/app\/uploads\/2024\/01\/0706-Polling-stations-scaled-e1707309963820.jpg",2560,1395,false],"thumbnail":["https:\/\/www.electoralcommission.ie\/app\/uploads\/2024\/01\/0706-Polling-stations-scaled-e1704390666328-355x210.jpg",355,210,true],"medium":["https:\/\/www.electoralcommission.ie\/app\/uploads\/2024\/01\/0706-Polling-stations-scaled-e1704390666328-300x163.jpg",300,163,true],"medium_large":["https:\/\/www.electoralcommission.ie\/app\/uploads\/2024\/01\/0706-Polling-stations-scaled-e1704390666328-768x419.jpg",768,419,true],"large":["https:\/\/www.electoralcommission.ie\/app\/uploads\/2024\/01\/0706-Polling-stations-scaled-e1704390666328-1024x558.jpg",1024,558,true],"1536x1536":["https:\/\/www.electoralcommission.ie\/app\/uploads\/2024\/01\/0706-Polling-stations-scaled-e1704390666328-1536x837.jpg",1536,837,true],"2048x2048":["https:\/\/www.electoralcommission.ie\/app\/uploads\/2024\/01\/0706-Polling-stations-scaled-e1704390666328-2048x1116.jpg",2048,1116,true],"gform-image-choice-sm":["https:\/\/www.electoralcommission.ie\/app\/uploads\/2024\/01\/0706-Polling-stations-scaled-e1707309963820.jpg",300,163,false],"gform-image-choice-md":["https:\/\/www.electoralcommission.ie\/app\/uploads\/2024\/01\/0706-Polling-stations-scaled-e1707309963820.jpg",400,218,false],"gform-image-choice-lg":["https:\/\/www.electoralcommission.ie\/app\/uploads\/2024\/01\/0706-Polling-stations-scaled-e1707309963820.jpg",600,327,false]},"uagb_author_info":{"display_name":"Felippe","author_link":"https:\/\/www.electoralcommission.ie\/ga\/author\/felippe\/"},"uagb_comment_info":0,"uagb_excerpt":"Mar chuid d\u00e1r n-obair, faoin Acht um Athch\u00f3iri\u00fa Toghch\u00e1in 2022, cuirimid cl\u00e1ir oideachas\u00fala agus faisn\u00e9ise ar f\u00e1il chun feasacht an phobail ar phr\u00f3isis toghch\u00e1in agus dhaonlathacha an St\u00e1it a chur chun cinn, mar aon lena rannph\u00e1irt\u00edocht iontu, agus spreagaimid an pobal chun v\u00f3t\u00e1il in imeachta\u00ed toghch\u00e1in. T\u00e1 neart eolais sna leathanaigh at\u00e1 nasctha th\u00edos faoi&hellip;","_links":{"self":[{"href":"https:\/\/www.electoralcommission.ie\/ga\/wp-json\/wp\/v2\/pages\/7475","targetHints":{"allow":["GET"]}}],"collection":[{"href":"https:\/\/www.electoralcommission.ie\/ga\/wp-json\/wp\/v2\/pages"}],"about":[{"href":"https:\/\/www.electoralcommission.ie\/ga\/wp-json\/wp\/v2\/types\/page"}],"author":[{"embeddable":true,"href":"https:\/\/www.electoralcommission.ie\/ga\/wp-json\/wp\/v2\/users\/17"}],"replies":[{"embeddable":true,"href":"https:\/\/www.electoralcommission.ie\/ga\/wp-json\/wp\/v2\/comments?post=7475"}],"version-history":[{"count":7,"href":"https:\/\/www.electoralcommission.ie\/ga\/wp-json\/wp\/v2\/pages\/7475\/revisions"}],"predecessor-version":[{"id":7484,"href":"https:\/\/www.electoralcommission.ie\/ga\/wp-json\/wp\/v2\/pages\/7475\/revisions\/7484"}],"up":[{"embeddable":true,"href":"https:\/\/www.electoralcommission.ie\/ga\/wp-json\/wp\/v2\/pages\/6979"}],"wp:featuredmedia":[{"embeddable":true,"href":"https:\/\/www.electoralcommission.ie\/ga\/wp-json\/wp\/v2\/media\/6751"}],"wp:attachment":[{"href":"https:\/\/www.electoralcommission.ie\/ga\/wp-json\/wp\/v2\/media?parent=7475"}],"curies":[{"name":"wp","href":"https:\/\/api.w.org\/{rel}","templated":true}]}}