
{"id":8533,"date":"2023-05-17T11:20:08","date_gmt":"2023-05-17T10:20:08","guid":{"rendered":"https:\/\/www.electoralcommission.ie\/ar-rialachas\/foi-publication-scheme\/"},"modified":"2025-10-14T15:14:01","modified_gmt":"2025-10-14T14:14:01","slug":"an-sceim-foilsitheoireachta-um-shaorail-faisneise","status":"publish","type":"page","link":"https:\/\/www.electoralcommission.ie\/ga\/ar-rialachas\/an-sceim-foilsitheoireachta-um-shaorail-faisneise\/","title":{"rendered":"An Sc\u00e9im Foilsitheoireachta um Shaor\u00e1il Faisn\u00e9ise"},"content":{"rendered":"\n<p>Ullmha\u00edtear Sc\u00e9im Foilsitheoireachta an Choimisi\u00fain Toghch\u00e1in faoi alt 8 den Acht um Shaor\u00e1il Faisn\u00e9ise, 2014, ina gceangla\u00edtear ar chomhlachta\u00ed saor\u00e1la faisn\u00e9ise a oiread faisn\u00e9ise agus is f\u00e9idir a ullmh\u00fa agus a fhoilsi\u00fa ar bhealach oscailte agus inrochtana mar ghn\u00e1thn\u00f3s taobh amuigh de shaor\u00e1il faisn\u00e9ise, ag f\u00e9achaint do phrionsabail na hoscailteachta, na tr\u00e9dhearcachta agus na cuntasachta. Cuireann an Sc\u00e9im Foilsitheoireachta um Shaor\u00e1il Faisn\u00e9ise de cheangal ar chomhlachta\u00ed saor\u00e1la faisn\u00e9ise faisn\u00e9is a chur ar f\u00e1il mar chuid d\u00e1 ngn\u00e1thghn\u00edomha\u00edochta\u00ed gn\u00f3 de r\u00e9ir na sc\u00e9ime seo.<\/p>\n\n\n\n<p>For\u00e1iltear san Acht um Shaor\u00e1il Faisn\u00e9ise, 2014 go bhfuil na cearta dl\u00edthi\u00fala seo a leanas ag gach duine \u00f3n d\u00e1ta \u00e9ifeachta:<\/p>\n\n\n\n<ul class=\"wp-block-list\">\n<li>an ceart chun rochtain a fh\u00e1il ar thaifid oifigi\u00fala at\u00e1 i seilbh Ranna Rialtais n\u00f3 comhlachta\u00ed poibl\u00ed eile a shainmh\u00edn\u00edtear san acht;<\/li>\n\n\n\n<li>an ceart chun faisn\u00e9is phearsanta a bhaineann leo at\u00e1 \u00e1 gcoinne\u00e1il a cheart\u00fa n\u00f3 a thabhairt cothrom le d\u00e1ta nuair a bh\u00edonn an t-eolas sin neamhioml\u00e1n, m\u00edcheart n\u00f3 m\u00edthreorach;<\/li>\n\n\n\n<li>an ceart c\u00faiseanna a bheith tugtha d\u00f3ibh faoi chinnt\u00ed a dh\u00e9anann comhlachta\u00ed poibl\u00ed a th\u00e9ann i bhfeidhm orthu.<\/li>\n<\/ul>\n\n\n\n<p><strong><strong>C\u00e9n chaoi a nd\u00e9anfaidh m\u00e9 iarraidh um Shaor\u00e1il Faisn\u00e9ise?<\/strong><\/strong><\/p>\n\n\n\n<p>Scr\u00edobh chugainn ag r\u00e1 go bhfuil t\u00fa ag d\u00e9anamh iarraidh faoin Acht um Shaor\u00e1il Faisn\u00e9ise, 2014.<\/p>\n\n\n\n<ul class=\"wp-block-list\">\n<li>Sa phost \u2013 seol d\u2019iarraidh chuig: An tOifigeach um Shaor\u00e1il Faisn\u00e9ise, An Coimisi\u00fan Toghch\u00e1in, Caisle\u00e1n Bhaile \u00c1tha Cliath, Baile \u00c1tha Cliath 2<\/li>\n\n\n\n<li>Ar r\u00edomhphost \u2013 seol d\u2019iarraidh chuig: <a href=\"mailto:foi@electoralcommission.ie\">foi@electoralcommission.ie<\/a><\/li>\n<\/ul>\n\n\n\n<p><strong>C\u00e9n chaoi a gcabhr\u00f3idh t\u00fa linn d\u00e9ile\u00e1il le d\u2019iarraidh?<\/strong><\/p>\n\n\n\n<p>Ba cheart duit a oiread faisn\u00e9ise agus is f\u00e9idir a bhaineann le d\u2019iarraidh a thabhairt. T\u00e1 tuilleadh sonra\u00ed faoi iarraidh um Shaor\u00e1il Faisn\u00e9ise a dh\u00e9anamh ar f\u00e1il <a href=\"https:\/\/www.gov.ie\/ga\/eolas-eagraiochtai\/saorail-faisneise-dtcagsm\/?#how-to-make-an-foi-request\">anseo<\/a>. Tabhair faoi deara go bhf\u00e9adfadh an oifig seo dul i dteagmh\u00e1il leat chun d\u2019iarraidh a shoil\u00e9iri\u00fa.<\/p>\n\n\n\n<p><strong><strong>An gcaithfidh m\u00e9 t\u00e1ille a \u00edoc?<\/strong><\/strong><\/p>\n\n\n\n<p>Gearrtar t\u00e1ill\u00ed as an am a chaitear ag cuardach agus ag aisghabh\u00e1il taifead a scaoiltear chugat agus as c\u00f3ipe\u00e1il na dtaifead sin.&nbsp;Leagtar amach in <a href=\"https:\/\/www.irishstatutebook.ie\/eli\/2014\/act\/30\/section\/27\/enacted\/en\/html\">alt 27 den Acht<\/a> na gn\u00e9ithe cuardaigh agus aisghabh\u00e1la ar f\u00e9idir t\u00e1ille a ghearradh orthu.<\/p>\n\n\n\n<ol start=\"1\" style=\"list-style-type:lower-alpha\" class=\"wp-block-list\">\n<li>A chinneadh an sealbha\u00edonn s\u00e9 an fhaisn\u00e9is arna hiarraidh,<\/li>\n\n\n\n<li>An fhaisn\u00e9is n\u00f3 na doicim\u00e9id ina bhfuil an fhaisn\u00e9is a aimsi\u00fa,<\/li>\n\n\n\n<li>An fhaisn\u00e9is n\u00f3 na doicim\u00e9id sin a aisghabh\u00e1il,<\/li>\n\n\n\n<li>An fhaisn\u00e9is a bhaint amach as na comhaid, as na doicim\u00e9id n\u00f3 as na foins\u00ed faisn\u00e9ise leictreonacha n\u00f3 eile ina bhfuil an fhaisn\u00e9is agus \u00e1bhar eile nach bhfuil iomchu\u00ed maidir leis an iarraidh, agus<\/li>\n\n\n\n<li>Sceideal ina sonra\u00edtear na taifid at\u00e1 le breithni\u00fa lena scaoileadh a ullmh\u00fa.<\/li>\n<\/ol>\n\n\n\n<p>N\u00ed ghearrtar aon t\u00e1ille as iarraidh thosaigh um Shaor\u00e1il Faisn\u00e9ise a dh\u00e9anamh. Gearrtar \u20ac30 (n\u00f3 \u20ac10 i gc\u00e1s sealbh\u00f3ir\u00ed c\u00e1rta leighis) as athbhreithni\u00fa inmhe\u00e1nach. M\u00e1 bh\u00edonn t\u00e1ille le h\u00edoc, is f\u00e9idir \u00edoc le seic, le dr\u00e9acht bainc n\u00f3 le hord\u00fa poist. N\u00ed ghearrtar aon t\u00e1ille as iarraidh a dh\u00e9anamh ar rochtain ar do thaifid phearsanta.<\/p>\n\n\n\n<p>D\u2019fh\u00e9adfa\u00ed t\u00e1ill\u00ed \u20ac20 in aghaidh na huaire a ghearradh as an am a chaitear ag aimsi\u00fa agus ag aisghabh\u00e1il taifead. D\u2019fh\u00e9adfa\u00ed t\u00e1ille a ghearradh ort freisin as aon chostais ch\u00f3ipe\u00e1la a bhaineann leis an \u00e1bhar a iarradh a chur ar f\u00e1il duit.<\/p>\n\n\n\n<p>Ach:<\/p>\n\n\n\n<ul class=\"wp-block-list\">\n<li>m\u00e1 bh\u00edonn costas \u20ac100 n\u00f3 n\u00edos l\u00fa ar an gcuardach, aisghabh\u00e1il agus c\u00f3ipe\u00e1il, n\u00ed ghearrfar aon t\u00e1ille;<\/li>\n\n\n\n<li>m\u00e1 bh\u00edonn n\u00edos m\u00f3 n\u00e1 \u20ac100 ar an t\u00e1ille, beidh t\u00e1ill\u00ed ioml\u00e1na i gceist suas le \u20ac500;<\/li>\n\n\n\n<li>m\u00e1 mheastar go mbeidh costas n\u00edos m\u00f3 n\u00e1 \u20ac700 ar an gcuardach, aisghabh\u00e1il agus c\u00f3ipe\u00e1il, f\u00e9adfaidh an oifig seo a dhi\u00falt\u00fa d\u2019iarraidh a phr\u00f3ise\u00e1il mura mbeachta\u00edonn t\u00fa d\u2019iarraidh chun na t\u00e1ill\u00ed cuardaigh, aisghabh\u00e1la agus c\u00f3ipe\u00e1la a thabhairt faoi bhun na teorann sin;<\/li>\n\n\n\n<li>M\u00e1 mheastar go mbeidh n\u00edos m\u00f3 n\u00e1 \u20ac100 ar an t\u00e1ille, iarrfar \u00e9arlais 20% ar a laghad;<\/li>\n\n\n\n<li>Gearrtar \u20ac0.04 in aghaidh na bileoige i gc\u00e1s f\u00f3tach\u00f3ipe\u00e1la.<\/li>\n<\/ul>\n\n\n\n<p><strong><strong>C\u00e9ard is f\u00e9idir liom a dh\u00e9anamh mura bhfuilim s\u00e1sta le cinneadh \u2013 an f\u00e9idir liom achomharc a dh\u00e9anamh?<\/strong><\/strong><\/p>\n\n\n\n<p>Mura bhfuil t\u00fa s\u00e1sta leis an gcinneadh a rinneadh, f\u00e9adfaidh t\u00fa athbhreithni\u00fa inmhe\u00e1nach ar an gcinneadh a iarraidh; athbhreithni\u00fa ioml\u00e1n agus nua ar d\u2019iarraidh \u00e9 sin a dh\u00e9anfaidh duine n\u00edos sinseara\u00ed. Mura bhfuil t\u00fa s\u00e1sta ina dhiaidh sin, is f\u00e9idir achomharc a chur faoi bhr\u00e1id Oifig an <a href=\"https:\/\/www.oic.ie\/ga\/eagraiocht\/1883c-oifig-an-choimisineara-faisneise\/?\">Choimisin\u00e9ara Faisn\u00e9ise<\/a>.<\/p>\n\n\n\n<p><strong><strong>C\u00e1 fhad a th\u00f3gfaidh s\u00e9?<\/strong><\/strong><\/p>\n\n\n\n<p>Nuair a fhaighimid iarraidh um Shaor\u00e1il Faisn\u00e9ise, b\u00edonn suas le ceithre seachtaine againn le cinneadh a dh\u00e9anamh. Eiseofar \u00e1r gcinneadh duit i scr\u00edbhinn, agus sonr\u00f3far ann an bhfuil d\u2019iarraidh le deon\u00fa ina ioml\u00e1ine n\u00f3 i bp\u00e1irt n\u00f3 le di\u00falt\u00fa. Tabharfar an ch\u00fais\/na c\u00faiseanna len\u00e1r gcinneadh freisin.<\/p>\n\n\n\n<p><strong><strong>Cuntas um Nochtadh Saor\u00e1la Faisn\u00e9ise<\/strong><\/strong><\/p>\n\n\n\n<p>T\u00e1 eolas le f\u00e1il anseo ar iarratais neamhphearsanta faoin Acht um Shaor\u00e1il Faisn\u00e9ise 2014.<\/p>\n\n\n\n<p>D\u00e9antar an liosta th\u00edos a nuashonr\u00fa ar bhonn r\u00e1ithi\u00fail.<\/p>\n\n\n\n<ul class=\"wp-block-list\">\n<li><a href=\"https:\/\/www.electoralcommission.ie\/app\/uploads\/2025\/07\/Ceathru-1-2-2025-Loga-nochta-um-Shaorail-Faisneise-.docx\">2025 &#8211; Ean\u00e1ir-Meitheamh (Word)<\/a><\/li>\n\n\n\n<li><a href=\"https:\/\/www.electoralcommission.ie\/app\/uploads\/2025\/07\/Ceathru-1-2-2025-Loga-nochta-um-Shaorail-Faisneise-.pdf\">2025 &#8211; Ean\u00e1ir-Meitheamh (PDF) <\/a><\/li>\n\n\n\n<li><a href=\"https:\/\/www.electoralcommission.ie\/app\/uploads\/2025\/07\/FOI-Disclosure-2024.docx\">2024 (Word)<\/a><\/li>\n\n\n\n<li><a href=\"https:\/\/www.electoralcommission.ie\/app\/uploads\/2025\/07\/FOI-Disclosure-2024.pdf\">2024 (PDF)<\/a><\/li>\n\n\n\n<li><a href=\"https:\/\/www.electoralcommission.ie\/app\/uploads\/2024\/05\/Loga-nochta-um-Shaorail-Faisneise-2023.docx\">2023 (Word)<\/a><\/li>\n\n\n\n<li><a href=\"https:\/\/www.electoralcommission.ie\/app\/uploads\/2024\/05\/Loga-nochta-um-Shaorail-Faisneise-2023.pdf\">2023 (PDF)<\/a> <\/li>\n<\/ul>\n\n\n\n<p>M\u00e1 t\u00e1 tuilleadh eolais uait faoi iarrata\u00ed um Shaor\u00e1il Faisn\u00e9ise, seol r\u00edomhphost chuig <a href=\"mailto:foi@electoralcommission.ie\">foi@electoralcommission.ie<\/a>&nbsp;n\u00f3 seol d\u2019fhiosr\u00fach\u00e1n chuig: An tOifigeach um Shaor\u00e1il Faisn\u00e9ise, An Coimisi\u00fan Toghch\u00e1in, Caisle\u00e1n Bhaile \u00c1tha Cliath, Baile \u00c1tha Cliath 2.<\/p>\n\n\n\n<p><strong><u><strong>FAOIN GCOIMISI\u00daN<\/strong><\/u><\/strong><\/p>\n\n\n\n<p>Is comhlacht reacht\u00fail neamhsple\u00e1ch \u00e9 an Coimisi\u00fan Toghch\u00e1in a buna\u00edodh an 9 Feabhra 2023 ag a bhfuil freagracht as raon leathan d\u2019fheidhmeanna toghch\u00e1in a leagtar amach san <em>Acht um Athch\u00f3iri\u00fa Toghch\u00e1in, 2022<\/em>.<\/p>\n\n\n\n<p>Leagtar amach tuilleadh sonra\u00ed faoi fheidhmeanna an Choimisi\u00fan <a href=\"https:\/\/www.electoralcommission.ie\/ga\/cad-a-dheanaimid\/oibriochtai-toghchain\/\">anseo<\/a> agus faoi alt 30 den Acht um Athch\u00f3iri\u00fa Toghch\u00e1in, 2022.<\/p>\n\n\n\n<p><strong><u><strong>FAISN\u00c9IS AIRGEADAIS<\/strong><\/u><\/strong><\/p>\n\n\n\n<p>Maoin\u00edtear an Coimisi\u00fan Toghch\u00e1in tr\u00ed V\u00f3ta Oireachtais, a fhoils\u00edtear sna Meastach\u00e1in Rialtais Bhliant\u00fala, agus is \u00e9 Pr\u00edomhoifigeach Feidhmi\u00fach\u00e1in an Choimisi\u00fain an tOifigeach Cuntasa\u00edochta d\u00e1 V\u00f3ta. Buna\u00edodh V\u00f3ta 23 ar an 1 M\u00e1rta 2023, agus ceangla\u00edtear ar an Oifigeach Cuntasa\u00edochta an Cuntas Leithreasa a ullmh\u00fa gach bliain do V\u00f3ta an Choimisi\u00fain, agus \u00e9 a chur faoi bhr\u00e1id an Ard-Reachtaire Cuntas agus Ciste. D\u2019fh\u00e9adfa\u00ed iarraidh ar an Oifigeach Cuntasa\u00edochta teacht os comhair an Choiste Oireachtais um Chuntais Phoibl\u00ed ansin chun fianaise a thabhairt faoin gCuntas.<\/p>\n\n\n\n<p><a href=\"https:\/\/www.electoralcommission.ie\/ga\/?page_id=13343\">Prompt Payment Scheme<\/a><\/p>\n\n\n\n<p><a href=\"https:\/\/www.electoralcommission.ie\/ga\/?page_id=14824\">Schedule of Payments in excess of \u20ac20,000<\/a><\/p>\n\n\n\n<p><a href=\"https:\/\/www.electoralcommission.ie\/ga\/ar-rialachas\/purchase-orders\/\">Purchase Orders in excess of \u20ac20,000<\/a><\/p>\n\n\n\n<p><strong><u><strong>FAISN\u00c9IS SOL\u00c1THAIR<\/strong><\/u><\/strong><\/p>\n\n\n\n<p>Cuireann an Coimisi\u00fan Toghch\u00e1in dea-chleachtas agus seasmhacht i bhfeidhmi\u00fa rialacha sol\u00e1thair phoibl\u00ed chun cinn i nd\u00e1il leis na hearra\u00ed agus seirbh\u00eds\u00ed a cheanna\u00edonn s\u00e9.<\/p>\n\n\n\n<p>N\u00ed m\u00f3r tabhairt faoin sol\u00e1thar ar fad laistigh den Choimisi\u00fan de r\u00e9ir na reachta\u00edochta sol\u00e1thair \u00e1bhartha ar fad at\u00e1 ar f\u00e1il <a href=\"https:\/\/www.etenders.gov.ie\/epps\/home.do\">anseo<\/a>.<\/p>\n\n\n\n<p>Nuair is f\u00e9idir, \u00fas\u00e1ideann an Coimisi\u00fan creata\u00ed sol\u00e1thair phoibl\u00ed a chuireann an Oifig um Shol\u00e1thar Rialtais ar f\u00e1il ar <a href=\"https:\/\/www.gov.ie\/ga\/oifig-um-shol%C3%A1thar-rialtais\/?referrer=https:\/\/ogp.gov.ie\/\">ogp.gov.ie<\/a>.<\/p>\n\n\n\n<p><strong><u><strong>TUARASC\u00c1LACHA BLIANT\u00daLA<\/strong><\/u><\/strong><\/p>\n\n\n\n<p>Buna\u00edodh an Coimisi\u00fan Toghch\u00e1in ar an 9 Feabhra 2023 faoin Acht um Athch\u00f3iri\u00fa Toghch\u00e1in, 2022. Deirtear in alt 28 den Acht um Athch\u00f3iri\u00fa Toghch\u00e1in, 2022:<\/p>\n\n\n\n<p>Deirtear in alt 27 den Acht um Athch\u00f3iri\u00fa Toghch\u00e1in, 2022:<\/p>\n\n\n\n<p><strong><em>27.<\/em><\/strong><em>&nbsp;(1) A luaithe is f\u00e9idir tar \u00e9is dheireadh gach bliana airgeadais, ach tr\u00e1th nach d\u00e9ana\u00ed n\u00e1 6 mh\u00ed ina dhiaidh sin, cuirfidh an Coimisi\u00fan faoi deara tuarasc\u00e1il ar chomhl\u00edonadh a fheidhmeanna le linn na bliana sin a leagan faoi bhr\u00e1id gach T\u00ed den Oireachtas.<\/em><\/p>\n\n\n\n<p>T\u00e1 Tuarasc\u00e1lacha Bliant\u00fala ar f\u00e1il <a href=\"https:\/\/www.electoralcommission.ie\/ga\/foilseachain\/\">anseo<\/a>.<\/p>\n\n\n\n<p><strong><u><strong>R\u00c1ITIS STRAIT\u00c9ISE<\/strong><\/u><\/strong><\/p>\n\n\n\n<p>Buna\u00edodh an Coimisi\u00fan Toghch\u00e1in ar an 9 Feabhra 2023 faoin Acht um Athch\u00f3iri\u00fa Toghch\u00e1in, 2022. Deirtear in alt 28 den Acht um Athch\u00f3iri\u00fa Toghch\u00e1in, 2022:<\/p>\n\n\n\n<p><strong><em>28.<\/em><\/strong>&nbsp;(1) Faoi r\u00e9ir <em>fho-alt (2)<\/em>, d\u00e9anfaidh an Coimisi\u00fan, gach 3 bliana, r\u00e1iteas strait\u00e9ise a bheidh d\u00edrithe ar na ch\u00e9ad 3 bliana eile a ullmh\u00fa agus a chur faoi bhr\u00e1id an Chomhchoiste Oireachtais.<\/p>\n\n\n\n<p>T\u00e1 an ch\u00e9ad R\u00e1iteas Strait\u00e9ise \u00f3n gCoimisi\u00fan Toghch\u00e1in ar f\u00e1il <a href=\"https:\/\/www.electoralcommission.ie\/app\/uploads\/2024\/08\/Strategy-Statement-2024-2026_Irish.pdf\">anseo<\/a>.<\/p>\n\n\n\n<p><\/p>\n\n\n\n<p><strong>STUCHT\u00daR EAGRA\u00cdOCHT\u00daIL <\/strong><\/p>\n\n\n\n<p>T\u00e1 an Coimisi\u00fan comhdh\u00e9anta de 7 gcomhalta. Is \u00ed an Breitheamh Marie Baker an cathaoirleach, a d&#8217;ainmnigh an Pr\u00edomh-Bhreitheamh.<\/p>\n\n\n\n<p>T\u00e1 ceathrar gn\u00e1thchomhalta\u00ed den Choimisi\u00fan ann a ceapadh tar \u00e9is com\u00f3rtais a re\u00e1cht\u00e1il an tSeirbh\u00eds um Cheapach\u00e1in Phoibl\u00ed. Is iad sin:<\/p>\n\n\n\n<ul class=\"wp-block-list\">\n<li>Alex Attwood<\/li>\n\n\n\n<li>John Curran<\/li>\n\n\n\n<li>An tOllamh Caroline Fennell<\/li>\n\n\n\n<li>Maura Quinn<\/li>\n<\/ul>\n\n\n\n<p>T\u00e1 beirt chomhalta\u00ed de bhr\u00ed oifige ann:<\/p>\n\n\n\n<ul class=\"wp-block-list\">\n<li>Ger Deering, Ombudsman<\/li>\n\n\n\n<li>Peter Finnegan, Cl\u00e9ireach na D\u00e1lal.<\/li>\n<\/ul>\n\n\n\n<p><strong>FOIREANN BAINIST\u00cdOCHTA:<\/strong><\/p>\n\n\n\n<p>Is iad seo a leanas foireann bainist\u00edochta an Choimisi\u00fain Toghch\u00e1in:<\/p>\n\n\n\n<p><strong>Ceapadh Art O\u2019 Leary mar Phr\u00edomhfheidhmeannach tr\u00ed cinneadh Rialtais ar 30\u00fa Bealtaine 2023.<\/strong> Is iar Ard-R\u00fana\u00ed \u00e9 don Uachtar\u00e1n, R\u00fana\u00ed ar roinnt Comhthion\u00f3l Saor\u00e1nach agus d\u2019oibrigh s\u00e9 i dTithe an Oireachtais le fiche bliain.<\/p>\n\n\n\n<p>Is cuntas\u00f3ir c\u00e1ilithe (ACMA) \u00ed an Ceannasa\u00ed Rialachais Chorpar\u00e1idigh <strong>Karen Kehily<\/strong>, agus taith\u00ed aici ar an earn\u00e1il phoibl\u00ed agus ar an earn\u00e1il phr\u00edobh\u00e1ideach araon \u00f3n am at\u00e1 caite aici i mbun roinnt post i r\u00e9ims\u00ed na seirbh\u00eds\u00ed corpar\u00e1ideacha, an rialachais agus na bainist\u00edochta airgeadais.<\/p>\n\n\n\n<p>D&#8217;oibrigh<strong> Dr Mary-Clare O\u2019Sullivan<\/strong>, Ceannasa\u00ed Shl\u00e1ine na dToghch\u00e1n agus Taighde, ar anail\u00eds agus forbairt bheartais thar raon r\u00e9ims\u00ed i Roinn an Taoisigh agus bh\u00ed s\u00ed ina R\u00fana\u00ed don Tion\u00f3l Saor\u00e1nach um Chomhionannas Inscne.<\/p>\n\n\n\n<p>T\u00e1 taith\u00ed na mblianta ag&nbsp;<strong>Kieran Lenihan<\/strong>, an Ceannasa\u00ed Oibr\u00edochta\u00ed Toghch\u00e1in agus Oideachas, i r\u00f3il oibr\u00edochta agus oideachais san earn\u00e1il phoibl\u00ed, phr\u00edobh\u00e1ideach agus dheonach. Ina r\u00f3l is deireana\u00ed, d\u2019oibrigh s\u00e9 i dTithe an Oireachtais ar feadh os cionn deich mbliana.<\/p>\n\n\n\n<p>D\u2019oibrigh<strong>&nbsp;Sean Garvey<\/strong>, an Ceannasa\u00ed Maoirsithe agus Forfheidhmithe, i r\u00f3il \u00e9ags\u00fala sa st\u00e1tseirbh\u00eds, ina measc mar R\u00fana\u00ed an Choimisi\u00fain Reifrinn, R\u00fana\u00ed an Choimisi\u00fain um Cheapach\u00e1in Seirbh\u00edse Poibl\u00ed, Ceannasa\u00ed Feidhme Oifig an Choimisin\u00e9ara um Nochtadh Cosanta agus mar Imscr\u00fadaitheoir Sinsearach in Oifig an Ombudsman.<\/p>\n\n\n\n<p>D\u2019oibrigh&nbsp;<strong>Diane Duggan<\/strong>, Ceannaire Dl\u00ed, mar abhc\u00f3ide cleachtach sa Dl\u00ed Poibl\u00ed agus b\u00e9im ar leith aici ar an Dl\u00ed Bunreacht\u00fail, Cearta Daonna, Dl\u00ed Leana\u00ed agus rochtain ar shaincheisteanna ceartais, agus rinne s\u00ed ionada\u00edocht ar an St\u00e1t agus ar dhaoine aonair araon. D\u2019fh\u00f3in s\u00ed mar Chathaoirleach ar Bhins\u00ed Meabhair-Shl\u00e1inte, chomhordaigh s\u00ed sc\u00e9im&nbsp;<em>pro bono<\/em>&nbsp;Bharra na h\u00c9ireann agus mar aon lena c\u00e1il\u00edochta\u00ed dl\u00ed t\u00e1 c\u00e9im aici sa ts\u00edceola\u00edocht agus M\u00e1istreacht sa Nu\u00e1la\u00edocht Sh\u00f3isialta. &nbsp;<\/p>\n\n\n\n<p><strong>MIONTUAIRISC\u00cd AGUS CL\u00c1IR OIBRE AN CHOIMISI\u00daN <\/strong><\/p>\n\n\n\n<p>Tagann \u00e1r gCoimisi\u00fan le ch\u00e9ile go rialta chun obair an Choimisi\u00fain Toghch\u00e1in a sti\u00faradh.<\/p>\n\n\n\n<p>Foils\u00edtear Miontuairisc\u00ed agus Cl\u00e1ir Oibre chruinnithe an Choimisi\u00fain mar chuid den sc\u00e9im foilsitheoireachta seo agus is f\u00e9idir f\u00e9achaint orthu <a href=\"https:\/\/www.electoralcommission.ie\/ga\/ar-rialachas\/commission-minutes-and-agenda\/\">anseo<\/a>.<\/p>\n\n\n\n<p><strong><u><strong>GAIRMEACHA<\/strong><\/u><\/strong><\/p>\n\n\n\n<p>D\u00e9antar earca\u00edocht tr\u00edd an tSeirbh\u00eds um Cheapach\u00e1in Phoibl\u00ed. T\u00e1 eolas faoina bpr\u00f3isis ar f\u00e1il ar an su\u00edomh gr\u00e9as\u00e1in <a href=\"http:\/\/www.publicjobs.ie\/\">www.publicjobs.ie<\/a>. Post\u00e1iltear fol\u00fantais, de r\u00e9ir mar a thagann siad chun cinn, ar shu\u00edomh gr\u00e9as\u00e1in na Seirbh\u00edse agus post\u00e1lfar ar \u00e1r su\u00edomh gr\u00e9as\u00e1in f\u00e9in iad freisin.<\/p>\n\n\n\n<p><strong><span style=\"text-decoration: underline;\">C<strong>\u00d3D CLEACHTAIS<\/strong><\/span><\/strong><\/p>\n\n\n\n<p>Is st\u00e1tseirbh\u00edsigh i St\u00e1tseirbh\u00eds an St\u00e1it iad \u00e1r mbaill foirne agus t\u00e1 siad faoi cheangal ag <a href=\"https:\/\/sipo.ie\/pdf\/?file=https:\/\/assets.sipo.ie\/media\/283824\/ea1f3f6b-348b-4036-a6c8-4de3888cafa0.pdf#page=null\">C\u00f3d Caighde\u00e1n agus Iompra\u00edochta na St\u00e1tseirbh\u00edse<\/a> d\u00e1 r\u00e9ir sin.<\/p>\n\n\n\n<p><\/p>\n","protected":false},"excerpt":{"rendered":"<p>Le hAlt 8 den Acht um Shaor\u00e1il Faisn\u00e9ise, 2014 ceangla\u00edtear ar an gCoimisi\u00fan Toghch\u00e1in a oiread faisn\u00e9ise agus is f\u00e9idir a ullmh\u00fa agus a fhoilsi\u00fa ar bhealach oscailte agus inrochtana mar ghn\u00e1thn\u00f3s taobh amuigh de shaor\u00e1il faisn\u00e9ise, ag f\u00e9achaint do phrionsabail na hoscailteachta, na tr\u00e9dhearcachta agus na cuntasachta.<\/p>\n","protected":false},"author":1,"featured_media":0,"parent":8469,"menu_order":0,"comment_status":"closed","ping_status":"closed","template":"","meta":{"_acf_changed":false,"_relevanssi_hide_post":"","_relevanssi_hide_content":"","_relevanssi_pin_for_all":"","_relevanssi_pin_keywords":"","_relevanssi_unpin_keywords":"","_relevanssi_related_keywords":"","_relevanssi_related_include_ids":"","_relevanssi_related_exclude_ids":"","_relevanssi_related_no_append":"","_relevanssi_related_not_related":"","_relevanssi_related_posts":"6474,9475,5671,10848,7827,9479","_relevanssi_noindex_reason":"","_uag_custom_page_level_css":"","footnotes":""},"class_list":["post-8533","page","type-page","status-publish","hentry"],"acf":[],"yoast_head":"<!-- This site is optimized with the Yoast SEO plugin v27.5 - https:\/\/yoast.com\/product\/yoast-seo-wordpress\/ -->\n<title>An Sc\u00e9im Foilsitheoireachta um Shaor\u00e1il Faisn\u00e9ise - Coimisi\u00fan Toghch\u00e1in<\/title>\n<meta name=\"robots\" content=\"index, follow, max-snippet:-1, max-image-preview:large, max-video-preview:-1\" \/>\n<link rel=\"canonical\" href=\"https:\/\/www.electoralcommission.ie\/ga\/ar-rialachas\/an-sceim-foilsitheoireachta-um-shaorail-faisneise\/\" \/>\n<meta property=\"og:locale\" content=\"ga_IE\" \/>\n<meta property=\"og:type\" content=\"article\" \/>\n<meta property=\"og:title\" content=\"An Sc\u00e9im Foilsitheoireachta um Shaor\u00e1il Faisn\u00e9ise - Coimisi\u00fan Toghch\u00e1in\" \/>\n<meta property=\"og:description\" content=\"Le hAlt 8 den Acht um Shaor\u00e1il Faisn\u00e9ise, 2014 ceangla\u00edtear ar an gCoimisi\u00fan Toghch\u00e1in a oiread faisn\u00e9ise agus is f\u00e9idir a ullmh\u00fa agus a fhoilsi\u00fa ar bhealach oscailte agus inrochtana mar ghn\u00e1thn\u00f3s taobh amuigh de shaor\u00e1il faisn\u00e9ise, ag f\u00e9achaint do phrionsabail na hoscailteachta, na tr\u00e9dhearcachta agus na cuntasachta.\" \/>\n<meta property=\"og:url\" content=\"https:\/\/www.electoralcommission.ie\/ga\/ar-rialachas\/an-sceim-foilsitheoireachta-um-shaorail-faisneise\/\" \/>\n<meta property=\"og:site_name\" content=\"Coimisi\u00fan Toghch\u00e1in\" \/>\n<meta property=\"article:modified_time\" content=\"2025-10-14T14:14:01+00:00\" \/>\n<meta name=\"twitter:card\" content=\"summary_large_image\" \/>\n<meta name=\"twitter:label1\" content=\"Est. reading time\" \/>\n\t<meta name=\"twitter:data1\" content=\"8 minutes\" \/>\n<script type=\"application\/ld+json\" class=\"yoast-schema-graph\">{\"@context\":\"https:\\\/\\\/schema.org\",\"@graph\":[{\"@type\":\"WebPage\",\"@id\":\"https:\\\/\\\/www.electoralcommission.ie\\\/ga\\\/ar-rialachas\\\/an-sceim-foilsitheoireachta-um-shaorail-faisneise\\\/\",\"url\":\"https:\\\/\\\/www.electoralcommission.ie\\\/ga\\\/ar-rialachas\\\/an-sceim-foilsitheoireachta-um-shaorail-faisneise\\\/\",\"name\":\"An Sc\u00e9im Foilsitheoireachta um Shaor\u00e1il Faisn\u00e9ise - Coimisi\u00fan Toghch\u00e1in\",\"isPartOf\":{\"@id\":\"https:\\\/\\\/www.electoralcommission.ie\\\/ga\\\/#website\"},\"datePublished\":\"2023-05-17T10:20:08+00:00\",\"dateModified\":\"2025-10-14T14:14:01+00:00\",\"breadcrumb\":{\"@id\":\"https:\\\/\\\/www.electoralcommission.ie\\\/ga\\\/ar-rialachas\\\/an-sceim-foilsitheoireachta-um-shaorail-faisneise\\\/#breadcrumb\"},\"inLanguage\":\"ga-IE\",\"potentialAction\":[{\"@type\":\"ReadAction\",\"target\":[\"https:\\\/\\\/www.electoralcommission.ie\\\/ga\\\/ar-rialachas\\\/an-sceim-foilsitheoireachta-um-shaorail-faisneise\\\/\"]}]},{\"@type\":\"BreadcrumbList\",\"@id\":\"https:\\\/\\\/www.electoralcommission.ie\\\/ga\\\/ar-rialachas\\\/an-sceim-foilsitheoireachta-um-shaorail-faisneise\\\/#breadcrumb\",\"itemListElement\":[{\"@type\":\"ListItem\",\"position\":1,\"name\":\"Baile\",\"item\":\"https:\\\/\\\/www.electoralcommission.ie\\\/ga\\\/\"},{\"@type\":\"ListItem\",\"position\":2,\"name\":\"\u00c1r Rialachas\",\"item\":\"https:\\\/\\\/www.electoralcommission.ie\\\/ga\\\/ar-rialachas\\\/\"},{\"@type\":\"ListItem\",\"position\":3,\"name\":\"An Sc\u00e9im Foilsitheoireachta um Shaor\u00e1il Faisn\u00e9ise\"}]},{\"@type\":\"WebSite\",\"@id\":\"https:\\\/\\\/www.electoralcommission.ie\\\/ga\\\/#website\",\"url\":\"https:\\\/\\\/www.electoralcommission.ie\\\/ga\\\/\",\"name\":\"Coimisi\u00fan Toghch\u00e1in\",\"description\":\"Ireland&#039;s Statutory, Independent Electoral Commission\",\"potentialAction\":[{\"@type\":\"SearchAction\",\"target\":{\"@type\":\"EntryPoint\",\"urlTemplate\":\"https:\\\/\\\/www.electoralcommission.ie\\\/ga\\\/?s={search_term_string}\"},\"query-input\":{\"@type\":\"PropertyValueSpecification\",\"valueRequired\":true,\"valueName\":\"search_term_string\"}}],\"inLanguage\":\"ga-IE\"}]}<\/script>\n<!-- \/ Yoast SEO plugin. -->","yoast_head_json":{"title":"An Sc\u00e9im Foilsitheoireachta um Shaor\u00e1il Faisn\u00e9ise - Coimisi\u00fan Toghch\u00e1in","robots":{"index":"index","follow":"follow","max-snippet":"max-snippet:-1","max-image-preview":"max-image-preview:large","max-video-preview":"max-video-preview:-1"},"canonical":"https:\/\/www.electoralcommission.ie\/ga\/ar-rialachas\/an-sceim-foilsitheoireachta-um-shaorail-faisneise\/","og_locale":"ga_IE","og_type":"article","og_title":"An Sc\u00e9im Foilsitheoireachta um Shaor\u00e1il Faisn\u00e9ise - Coimisi\u00fan Toghch\u00e1in","og_description":"Le hAlt 8 den Acht um Shaor\u00e1il Faisn\u00e9ise, 2014 ceangla\u00edtear ar an gCoimisi\u00fan Toghch\u00e1in a oiread faisn\u00e9ise agus is f\u00e9idir a ullmh\u00fa agus a fhoilsi\u00fa ar bhealach oscailte agus inrochtana mar ghn\u00e1thn\u00f3s taobh amuigh de shaor\u00e1il faisn\u00e9ise, ag f\u00e9achaint do phrionsabail na hoscailteachta, na tr\u00e9dhearcachta agus na cuntasachta.","og_url":"https:\/\/www.electoralcommission.ie\/ga\/ar-rialachas\/an-sceim-foilsitheoireachta-um-shaorail-faisneise\/","og_site_name":"Coimisi\u00fan Toghch\u00e1in","article_modified_time":"2025-10-14T14:14:01+00:00","twitter_card":"summary_large_image","twitter_misc":{"Est. reading time":"8 minutes"},"schema":{"@context":"https:\/\/schema.org","@graph":[{"@type":"WebPage","@id":"https:\/\/www.electoralcommission.ie\/ga\/ar-rialachas\/an-sceim-foilsitheoireachta-um-shaorail-faisneise\/","url":"https:\/\/www.electoralcommission.ie\/ga\/ar-rialachas\/an-sceim-foilsitheoireachta-um-shaorail-faisneise\/","name":"An Sc\u00e9im Foilsitheoireachta um Shaor\u00e1il Faisn\u00e9ise - Coimisi\u00fan Toghch\u00e1in","isPartOf":{"@id":"https:\/\/www.electoralcommission.ie\/ga\/#website"},"datePublished":"2023-05-17T10:20:08+00:00","dateModified":"2025-10-14T14:14:01+00:00","breadcrumb":{"@id":"https:\/\/www.electoralcommission.ie\/ga\/ar-rialachas\/an-sceim-foilsitheoireachta-um-shaorail-faisneise\/#breadcrumb"},"inLanguage":"ga-IE","potentialAction":[{"@type":"ReadAction","target":["https:\/\/www.electoralcommission.ie\/ga\/ar-rialachas\/an-sceim-foilsitheoireachta-um-shaorail-faisneise\/"]}]},{"@type":"BreadcrumbList","@id":"https:\/\/www.electoralcommission.ie\/ga\/ar-rialachas\/an-sceim-foilsitheoireachta-um-shaorail-faisneise\/#breadcrumb","itemListElement":[{"@type":"ListItem","position":1,"name":"Baile","item":"https:\/\/www.electoralcommission.ie\/ga\/"},{"@type":"ListItem","position":2,"name":"\u00c1r Rialachas","item":"https:\/\/www.electoralcommission.ie\/ga\/ar-rialachas\/"},{"@type":"ListItem","position":3,"name":"An Sc\u00e9im Foilsitheoireachta um Shaor\u00e1il Faisn\u00e9ise"}]},{"@type":"WebSite","@id":"https:\/\/www.electoralcommission.ie\/ga\/#website","url":"https:\/\/www.electoralcommission.ie\/ga\/","name":"Coimisi\u00fan Toghch\u00e1in","description":"Ireland&#039;s Statutory, Independent Electoral Commission","potentialAction":[{"@type":"SearchAction","target":{"@type":"EntryPoint","urlTemplate":"https:\/\/www.electoralcommission.ie\/ga\/?s={search_term_string}"},"query-input":{"@type":"PropertyValueSpecification","valueRequired":true,"valueName":"search_term_string"}}],"inLanguage":"ga-IE"}]}},"uagb_featured_image_src":{"full":false,"thumbnail":false,"medium":false,"medium_large":false,"large":false,"1536x1536":false,"2048x2048":false,"gform-image-choice-sm":false,"gform-image-choice-md":false,"gform-image-choice-lg":false},"uagb_author_info":{"display_name":"Jose","author_link":"https:\/\/www.electoralcommission.ie\/ga\/author\/jose\/"},"uagb_comment_info":0,"uagb_excerpt":"Le hAlt 8 den Acht um Shaor\u00e1il Faisn\u00e9ise, 2014 ceangla\u00edtear ar an gCoimisi\u00fan Toghch\u00e1in a oiread faisn\u00e9ise agus is f\u00e9idir a ullmh\u00fa agus a fhoilsi\u00fa ar bhealach oscailte agus inrochtana mar ghn\u00e1thn\u00f3s taobh amuigh de shaor\u00e1il faisn\u00e9ise, ag f\u00e9achaint do phrionsabail na hoscailteachta, na tr\u00e9dhearcachta agus na cuntasachta.","_links":{"self":[{"href":"https:\/\/www.electoralcommission.ie\/ga\/wp-json\/wp\/v2\/pages\/8533","targetHints":{"allow":["GET"]}}],"collection":[{"href":"https:\/\/www.electoralcommission.ie\/ga\/wp-json\/wp\/v2\/pages"}],"about":[{"href":"https:\/\/www.electoralcommission.ie\/ga\/wp-json\/wp\/v2\/types\/page"}],"author":[{"embeddable":true,"href":"https:\/\/www.electoralcommission.ie\/ga\/wp-json\/wp\/v2\/users\/1"}],"replies":[{"embeddable":true,"href":"https:\/\/www.electoralcommission.ie\/ga\/wp-json\/wp\/v2\/comments?post=8533"}],"version-history":[{"count":17,"href":"https:\/\/www.electoralcommission.ie\/ga\/wp-json\/wp\/v2\/pages\/8533\/revisions"}],"predecessor-version":[{"id":14839,"href":"https:\/\/www.electoralcommission.ie\/ga\/wp-json\/wp\/v2\/pages\/8533\/revisions\/14839"}],"up":[{"embeddable":true,"href":"https:\/\/www.electoralcommission.ie\/ga\/wp-json\/wp\/v2\/pages\/8469"}],"wp:attachment":[{"href":"https:\/\/www.electoralcommission.ie\/ga\/wp-json\/wp\/v2\/media?parent=8533"}],"curies":[{"name":"wp","href":"https:\/\/api.w.org\/{rel}","templated":true}]}}