
{"id":8912,"date":"2024-04-08T17:07:39","date_gmt":"2024-04-08T16:07:39","guid":{"rendered":"https:\/\/www.electoralcommission.ie\/?page_id=8912"},"modified":"2026-04-15T13:56:25","modified_gmt":"2026-04-15T12:56:25","slug":"claru-na-bpairtithe-polaitiochta","status":"publish","type":"page","link":"https:\/\/www.electoralcommission.ie\/ga\/claru-na-bpairtithe-polaitiochta\/","title":{"rendered":"Cl\u00e1r\u00fa na bP\u00e1irtithe Polait\u00edochta"},"content":{"rendered":"\n<p>Is \u00e9 Cl\u00e1raitheoir na bP\u00e1irtithe Polait\u00edochta Pr\u00edomhfheidhmeannach an Choimisi\u00fain Toghch\u00e1in. N\u00ed m\u00f3r do gach p\u00e1irt\u00ed polaiti\u00fail a bheith ar Chl\u00e1r na bP\u00e1irtithe Polait\u00edochta. N\u00ed m\u00f3r do ph\u00e1irt\u00ed polait\u00edochta a bheith ar Chl\u00e1r na bP\u00e1irtithe Polait\u00edochta chun gach ceann n\u00f3 aon cheann de na toghch\u00e1in seo a leanas a chonsp\u00f3id:<\/p>\n\n\n\n<ul class=\"wp-block-list\">\n<li>Toghch\u00e1n D\u00e1la<\/li>\n\n\n\n<li>Toghch\u00e1n Eorpach<\/li>\n\n\n\n<li>Toghch\u00e1n \u00e1iti\u00fail<\/li>\n<\/ul>\n\n\n\n<p>M\u00e1s mian leat fiosr\u00fa a dh\u00e9anamh faoi ph\u00e1irt\u00ed polait\u00edochta a chl\u00e1r\u00fa seol r\u00edomhphost chuig <a href=\"mailto:info@electoralcommission.ie\" target=\"_blank\" rel=\"noreferrer noopener\">info@electoralcommission.ie<\/a><\/p>\n\n\n\n<p><strong>T\u00e1 tr\u00e9imhs\u00ed sonracha ann chun p\u00e1irt\u00ed a chl\u00e1r\u00fa n\u00f3 an Cl\u00e1r a leas\u00fa (f\u00e9ach th\u00edos)<\/strong><\/p>\n\n\n\n<div style=\"height:33px\" aria-hidden=\"true\" class=\"wp-block-spacer\"><\/div>\n\n\n\n<div class=\"wp-block-uagb-container uagb-block-6dc2c394 alignfull uagb-is-root-container\"><div class=\"uagb-container-inner-blocks-wrap\">\n<div class=\"wp-block-uagb-container uagb-block-15f45e28\">\n<div class=\"wp-block-uagb-marketing-button uagb-marketing-btn__align-center uagb-marketing-btn__align-text-center uagb-marketing-btn__icon-after uagb-block-66affafc wp-block-button\"><a href=\"https:\/\/www.electoralcommission.ie\/app\/uploads\/2026\/04\/Clar-na-bPairtithe-Polaitiochta-20-Aibrean-2026-ACT.docx\" class=\"uagb-marketing-btn__link wp-block-button__link\" target=\"\" rel=\"noopener noreferrer\"><span class=\"uagb-marketing-btn__title\">Cl\u00e1r na bP\u00e1irtithe Polait\u00edochta<\/span><svg xmlns=\"https:\/\/www.w3.org\/2000\/svg\" viewBox=\"0 0 512 512\"><path d=\"M480 352h-133.5l-45.25 45.25C289.2 409.3 273.1 416 256 416s-33.16-6.656-45.25-18.75L165.5 352H32c-17.67 0-32 14.33-32 32v96c0 17.67 14.33 32 32 32h448c17.67 0 32-14.33 32-32v-96C512 366.3 497.7 352 480 352zM432 456c-13.2 0-24-10.8-24-24c0-13.2 10.8-24 24-24s24 10.8 24 24C456 445.2 445.2 456 432 456zM233.4 374.6C239.6 380.9 247.8 384 256 384s16.38-3.125 22.62-9.375l128-128c12.49-12.5 12.49-32.75 0-45.25c-12.5-12.5-32.76-12.5-45.25 0L288 274.8V32c0-17.67-14.33-32-32-32C238.3 0 224 14.33 224 32v242.8L150.6 201.4c-12.49-12.5-32.75-12.5-45.25 0c-12.49 12.5-12.49 32.75 0 45.25L233.4 374.6z\"><\/path><\/svg><p class=\"uagb-marketing-btn__prefix\">(Doc)<\/p><\/a><\/div>\n<\/div>\n\n\n\n<div class=\"wp-block-uagb-container uagb-block-6521836a\">\n<div class=\"wp-block-uagb-marketing-button uagb-marketing-btn__align-center uagb-marketing-btn__align-text-center uagb-marketing-btn__icon-after uagb-block-10a5e500 wp-block-button\"><a href=\"https:\/\/www.electoralcommission.ie\/app\/uploads\/2026\/04\/Clar-na-bPairtithe-Polaitiochta-20-Aibrean-2026-ACT.pdf\" class=\"uagb-marketing-btn__link wp-block-button__link\" target=\"\" rel=\"noopener noreferrer\"><span class=\"uagb-marketing-btn__title\">Cl\u00e1r na bP\u00e1irtithe Polait\u00edochta<\/span><svg xmlns=\"https:\/\/www.w3.org\/2000\/svg\" viewBox=\"0 0 512 512\"><path d=\"M480 352h-133.5l-45.25 45.25C289.2 409.3 273.1 416 256 416s-33.16-6.656-45.25-18.75L165.5 352H32c-17.67 0-32 14.33-32 32v96c0 17.67 14.33 32 32 32h448c17.67 0 32-14.33 32-32v-96C512 366.3 497.7 352 480 352zM432 456c-13.2 0-24-10.8-24-24c0-13.2 10.8-24 24-24s24 10.8 24 24C456 445.2 445.2 456 432 456zM233.4 374.6C239.6 380.9 247.8 384 256 384s16.38-3.125 22.62-9.375l128-128c12.49-12.5 12.49-32.75 0-45.25c-12.5-12.5-32.76-12.5-45.25 0L288 274.8V32c0-17.67-14.33-32-32-32C238.3 0 224 14.33 224 32v242.8L150.6 201.4c-12.49-12.5-32.75-12.5-45.25 0c-12.49 12.5-12.49 32.75 0 45.25L233.4 374.6z\"><\/path><\/svg><p class=\"uagb-marketing-btn__prefix\">(PDF)<\/p><\/a><\/div>\n<\/div>\n<\/div><\/div>\n\n\n\n<div style=\"height:33px\" aria-hidden=\"true\" class=\"wp-block-spacer\"><\/div>\n\n\n\n<p>M\u00e1 t\u00e1 tuilleadh eolais uait faoi ph\u00e1irt\u00ed polait\u00edochta a chl\u00e1r\u00fa, l\u00e9igh na foirmeacha agus an treoir anseo th\u00edos: <\/p>\n\n\n\n<div class=\"wp-block-uagb-container uagb-block-2acb6fee alignfull uagb-is-root-container\"><div class=\"uagb-container-inner-blocks-wrap\">\n<div class=\"wp-block-uagb-container uagb-block-456067ef\">\n<div class=\"wp-block-uagb-marketing-button uagb-marketing-btn__align-center uagb-marketing-btn__align-text-center uagb-marketing-btn__icon-after uagb-block-768a6f47 wp-block-button\"><a href=\"https:\/\/www.electoralcommission.ie\/app\/uploads\/2025\/08\/Reamhra-Pairti-Polaitiochta-a-chlaru-1.docx\" class=\"uagb-marketing-btn__link wp-block-button__link\" target=\"\" rel=\"noopener noreferrer\"><span class=\"uagb-marketing-btn__title\">R\u00e9amhr\u00e1 maidir le P\u00e1irt\u00ed Polait\u00edochta a chl\u00e1r\u00fa <\/span><svg xmlns=\"https:\/\/www.w3.org\/2000\/svg\" viewBox=\"0 0 512 512\"><path d=\"M480 352h-133.5l-45.25 45.25C289.2 409.3 273.1 416 256 416s-33.16-6.656-45.25-18.75L165.5 352H32c-17.67 0-32 14.33-32 32v96c0 17.67 14.33 32 32 32h448c17.67 0 32-14.33 32-32v-96C512 366.3 497.7 352 480 352zM432 456c-13.2 0-24-10.8-24-24c0-13.2 10.8-24 24-24s24 10.8 24 24C456 445.2 445.2 456 432 456zM233.4 374.6C239.6 380.9 247.8 384 256 384s16.38-3.125 22.62-9.375l128-128c12.49-12.5 12.49-32.75 0-45.25c-12.5-12.5-32.76-12.5-45.25 0L288 274.8V32c0-17.67-14.33-32-32-32C238.3 0 224 14.33 224 32v242.8L150.6 201.4c-12.49-12.5-32.75-12.5-45.25 0c-12.49 12.5-12.49 32.75 0 45.25L233.4 374.6z\"><\/path><\/svg><p class=\"uagb-marketing-btn__prefix\"><\/p><\/a><\/div>\n<\/div>\n\n\n\n<div class=\"wp-block-uagb-container uagb-block-3b37c66d\">\n<div class=\"wp-block-uagb-marketing-button uagb-marketing-btn__align-center uagb-marketing-btn__align-text-center uagb-marketing-btn__icon-after uagb-block-3a801aa2 wp-block-button\"><a href=\"https:\/\/www.electoralcommission.ie\/app\/uploads\/2025\/08\/Reamhra-Pairti-Polaitiochta-a-chlaru-tagged.pdf\" class=\"uagb-marketing-btn__link wp-block-button__link\" target=\"\" rel=\"noopener noreferrer\"><span class=\"uagb-marketing-btn__title\">R\u00e9amhr\u00e1 maidir le P\u00e1irt\u00ed Polait\u00edochta a chl\u00e1r\u00fa  <\/span><svg xmlns=\"https:\/\/www.w3.org\/2000\/svg\" viewBox=\"0 0 512 512\"><path d=\"M480 352h-133.5l-45.25 45.25C289.2 409.3 273.1 416 256 416s-33.16-6.656-45.25-18.75L165.5 352H32c-17.67 0-32 14.33-32 32v96c0 17.67 14.33 32 32 32h448c17.67 0 32-14.33 32-32v-96C512 366.3 497.7 352 480 352zM432 456c-13.2 0-24-10.8-24-24c0-13.2 10.8-24 24-24s24 10.8 24 24C456 445.2 445.2 456 432 456zM233.4 374.6C239.6 380.9 247.8 384 256 384s16.38-3.125 22.62-9.375l128-128c12.49-12.5 12.49-32.75 0-45.25c-12.5-12.5-32.76-12.5-45.25 0L288 274.8V32c0-17.67-14.33-32-32-32C238.3 0 224 14.33 224 32v242.8L150.6 201.4c-12.49-12.5-32.75-12.5-45.25 0c-12.49 12.5-12.49 32.75 0 45.25L233.4 374.6z\"><\/path><\/svg><p class=\"uagb-marketing-btn__prefix\"><\/p><\/a><\/div>\n<\/div>\n<\/div><\/div>\n\n\n\n<div class=\"wp-block-uagb-container uagb-block-aaaea82b alignfull uagb-is-root-container\"><div class=\"uagb-container-inner-blocks-wrap\">\n<div class=\"wp-block-uagb-container uagb-block-39eeb21f\">\n<div class=\"wp-block-uagb-marketing-button uagb-marketing-btn__align-center uagb-marketing-btn__align-text-center uagb-marketing-btn__icon-after uagb-block-a912434f wp-block-button\"><a href=\"https:\/\/www.electoralcommission.ie\/app\/uploads\/2025\/08\/Clar-na-bPairtithe-Polaitiochta-An-tAcht-um-Athchoiriu-Toghchain-2022.docx\" class=\"uagb-marketing-btn__link wp-block-button__link\" target=\"\" rel=\"noopener noreferrer\"><span class=\"uagb-marketing-btn__title\">Cl\u00e1r na bP\u00e1irtithe Polait\u00edochta, \u2013 An tAcht um Athch\u00f3iri\u00fa Toghch\u00e1in, 2022 <\/span><svg xmlns=\"https:\/\/www.w3.org\/2000\/svg\" viewBox=\"0 0 512 512\"><path d=\"M480 352h-133.5l-45.25 45.25C289.2 409.3 273.1 416 256 416s-33.16-6.656-45.25-18.75L165.5 352H32c-17.67 0-32 14.33-32 32v96c0 17.67 14.33 32 32 32h448c17.67 0 32-14.33 32-32v-96C512 366.3 497.7 352 480 352zM432 456c-13.2 0-24-10.8-24-24c0-13.2 10.8-24 24-24s24 10.8 24 24C456 445.2 445.2 456 432 456zM233.4 374.6C239.6 380.9 247.8 384 256 384s16.38-3.125 22.62-9.375l128-128c12.49-12.5 12.49-32.75 0-45.25c-12.5-12.5-32.76-12.5-45.25 0L288 274.8V32c0-17.67-14.33-32-32-32C238.3 0 224 14.33 224 32v242.8L150.6 201.4c-12.49-12.5-32.75-12.5-45.25 0c-12.49 12.5-12.49 32.75 0 45.25L233.4 374.6z\"><\/path><\/svg><p class=\"uagb-marketing-btn__prefix\">(Doc)<\/p><\/a><\/div>\n<\/div>\n\n\n\n<div class=\"wp-block-uagb-container uagb-block-7f743fe9\">\n<div class=\"wp-block-uagb-marketing-button uagb-marketing-btn__align-center uagb-marketing-btn__align-text-center uagb-marketing-btn__icon-after uagb-block-2902207e wp-block-button\"><a href=\"https:\/\/www.electoralcommission.ie\/app\/uploads\/2025\/08\/Foirm-Iarratas-Clar-na-bPairtithe-Polaitiochta_tagged.pdf\" class=\"uagb-marketing-btn__link wp-block-button__link\" target=\"\" rel=\"noopener noreferrer\"><span class=\"uagb-marketing-btn__title\">Cl\u00e1r na bP\u00e1irtithe Polait\u00edochta, \u2013 An tAcht um Athch\u00f3iri\u00fa Toghch\u00e1in, 2022 <\/span><svg xmlns=\"https:\/\/www.w3.org\/2000\/svg\" viewBox=\"0 0 512 512\"><path d=\"M480 352h-133.5l-45.25 45.25C289.2 409.3 273.1 416 256 416s-33.16-6.656-45.25-18.75L165.5 352H32c-17.67 0-32 14.33-32 32v96c0 17.67 14.33 32 32 32h448c17.67 0 32-14.33 32-32v-96C512 366.3 497.7 352 480 352zM432 456c-13.2 0-24-10.8-24-24c0-13.2 10.8-24 24-24s24 10.8 24 24C456 445.2 445.2 456 432 456zM233.4 374.6C239.6 380.9 247.8 384 256 384s16.38-3.125 22.62-9.375l128-128c12.49-12.5 12.49-32.75 0-45.25c-12.5-12.5-32.76-12.5-45.25 0L288 274.8V32c0-17.67-14.33-32-32-32C238.3 0 224 14.33 224 32v242.8L150.6 201.4c-12.49-12.5-32.75-12.5-45.25 0c-12.49 12.5-12.49 32.75 0 45.25L233.4 374.6z\"><\/path><\/svg><p class=\"uagb-marketing-btn__prefix\">(PDF)<\/p><\/a><\/div>\n<\/div>\n<\/div><\/div>\n\n\n\n<div class=\"wp-block-uagb-container uagb-block-cfab843f alignfull uagb-is-root-container\"><div class=\"uagb-container-inner-blocks-wrap\">\n<div class=\"wp-block-uagb-container uagb-block-15f358a5\">\n<div class=\"wp-block-uagb-marketing-button uagb-marketing-btn__align-center uagb-marketing-btn__align-text-center uagb-marketing-btn__icon-after uagb-block-4956ca1e wp-block-button\"><a href=\"https:\/\/www.electoralcommission.ie\/app\/uploads\/2025\/08\/Foirm-Iarratas-Clar-na-bPairtithe-Polaitiochta-1.docx\" class=\"uagb-marketing-btn__link wp-block-button__link\" target=\"\" rel=\"noopener noreferrer\"><span class=\"uagb-marketing-btn__title\">Foirm Iarratais<br>Cl\u00e1r na bP\u00e1irtithe Polait\u00edochta <\/span><svg xmlns=\"https:\/\/www.w3.org\/2000\/svg\" viewBox=\"0 0 512 512\"><path d=\"M480 352h-133.5l-45.25 45.25C289.2 409.3 273.1 416 256 416s-33.16-6.656-45.25-18.75L165.5 352H32c-17.67 0-32 14.33-32 32v96c0 17.67 14.33 32 32 32h448c17.67 0 32-14.33 32-32v-96C512 366.3 497.7 352 480 352zM432 456c-13.2 0-24-10.8-24-24c0-13.2 10.8-24 24-24s24 10.8 24 24C456 445.2 445.2 456 432 456zM233.4 374.6C239.6 380.9 247.8 384 256 384s16.38-3.125 22.62-9.375l128-128c12.49-12.5 12.49-32.75 0-45.25c-12.5-12.5-32.76-12.5-45.25 0L288 274.8V32c0-17.67-14.33-32-32-32C238.3 0 224 14.33 224 32v242.8L150.6 201.4c-12.49-12.5-32.75-12.5-45.25 0c-12.49 12.5-12.49 32.75 0 45.25L233.4 374.6z\"><\/path><\/svg><p class=\"uagb-marketing-btn__prefix\">(Doc)<\/p><\/a><\/div>\n<\/div>\n\n\n\n<div class=\"wp-block-uagb-container uagb-block-466b270a\">\n<div class=\"wp-block-uagb-marketing-button uagb-marketing-btn__align-center uagb-marketing-btn__align-text-center uagb-marketing-btn__icon-after uagb-block-8f9f46dc wp-block-button\"><a href=\"https:\/\/www.electoralcommission.ie\/app\/uploads\/2025\/08\/Foirm-Iarratas-Clar-na-bPairtithe-Polaitiochta_tagged.pdf\" class=\"uagb-marketing-btn__link wp-block-button__link\" target=\"\" rel=\"noopener noreferrer\"><span class=\"uagb-marketing-btn__title\">Foirm Iarratais<br>Cl\u00e1r na bP\u00e1irtithe Polait\u00edochta <\/span><svg xmlns=\"https:\/\/www.w3.org\/2000\/svg\" viewBox=\"0 0 512 512\"><path d=\"M480 352h-133.5l-45.25 45.25C289.2 409.3 273.1 416 256 416s-33.16-6.656-45.25-18.75L165.5 352H32c-17.67 0-32 14.33-32 32v96c0 17.67 14.33 32 32 32h448c17.67 0 32-14.33 32-32v-96C512 366.3 497.7 352 480 352zM432 456c-13.2 0-24-10.8-24-24c0-13.2 10.8-24 24-24s24 10.8 24 24C456 445.2 445.2 456 432 456zM233.4 374.6C239.6 380.9 247.8 384 256 384s16.38-3.125 22.62-9.375l128-128c12.49-12.5 12.49-32.75 0-45.25c-12.5-12.5-32.76-12.5-45.25 0L288 274.8V32c0-17.67-14.33-32-32-32C238.3 0 224 14.33 224 32v242.8L150.6 201.4c-12.49-12.5-32.75-12.5-45.25 0c-12.49 12.5-12.49 32.75 0 45.25L233.4 374.6z\"><\/path><\/svg><p class=\"uagb-marketing-btn__prefix\">(PDF)<\/p><\/a><\/div>\n<\/div>\n<\/div><\/div>\n\n\n\n<div style=\"height:17px\" aria-hidden=\"true\" class=\"wp-block-spacer\"><\/div>\n\n\n\n<div style=\"height:33px\" aria-hidden=\"true\" class=\"wp-block-spacer\"><\/div>\n\n\n\n<div class=\"wp-block-uagb-advanced-heading uagb-block-81d0bf8a\"><h2 class=\"uagb-heading-text\"><strong>C\u00e9n f\u00e1th a bhfuil an Cl\u00e1r t\u00e1bhachtach?<\/strong><\/h2><div class=\"uagb-separator\"><\/div><\/div>\n\n\n\n<p>T\u00e1 an Cl\u00e1r t\u00e1bhachtach toisc, mar chuid d\u2019fheidhm p\u00e1irt\u00ed polait\u00edochta chl\u00e1raithe, at\u00e1 ar liosta an Chl\u00e1ir, go l\u00e9ir\u00edonn s\u00e9 ar bhonn foirmi\u00fail ar na p\u00e1ip\u00e9ir bhall\u00f3ide an bhfuil duine ag seasamh mar iarrth\u00f3ir do ph\u00e1irt\u00ed polait\u00edochta cl\u00e1raithe n\u00f3 nach bhfuil. \n\n<\/p>\n\n\n\n<p>Chomh maith leis sin, mura bhfuil P\u00e1irt\u00ed ar an gCl\u00e1r, n\u00ed f\u00e9idir suaitheantas an ph\u00e1irt\u00ed a chur ar an bp\u00e1ip\u00e9ar ball\u00f3ide.  <\/p>\n\n\n\n<div style=\"height:33px\" aria-hidden=\"true\" class=\"wp-block-spacer\"><\/div>\n\n\n\n<div class=\"wp-block-uagb-advanced-heading uagb-block-797526c7\"><h2 class=\"uagb-heading-text\"><strong>Sceidil Toghch\u00e1in<\/strong><\/h2><div class=\"uagb-separator\"><\/div><\/div>\n\n\n\n<p>M\u00e1 dh\u00e9anann an Cl\u00e1raitheoir cinneadh faoi chl\u00e1r\u00fa, leas\u00fa n\u00f3 ceal\u00fa\n\n<\/p>\n\n\n\n<ul class=\"wp-block-list\">\n<li>tar \u00e9is dh\u00e1ta eisi\u00fana na heascaire n\u00f3 na n-eascair\u00ed le haghaidh toghch\u00e1n D\u00e1la, n\u00f3<\/li>\n\n\n\n<li>tar \u00e9is dh\u00e1ta an ordaithe \u00e1bhartha \u00f3n Aire le haghaidh toghch\u00e1n \u00c1iti\u00fail, thoghch\u00e1n Mh\u00e9ara Luimnigh n\u00f3 toghch\u00e1n Eorpach,\nn\u00ed bheidh \u00e9ifeacht ag an gcinneadh don toghch\u00e1n faoi leith a gaireadh. <\/li>\n<\/ul>\n\n\n\n<p><strong>n\u00ed bheidh<\/strong> \u00e9ifeacht ag an gcinneadh don toghch\u00e1n faoi leith a gaireadh.<\/p>\n\n\n\n<p>Faoi Alt 51(5) den Acht um Athch\u00f3iri\u00fa Toghch\u00e1in, 2022, arna leas\u00fa, is \u00e9 Cl\u00e1r na bP\u00e1irtithe Polait\u00edochta at\u00e1 i bhfeidhm le haghaidh toghch\u00e1n an leagan den Chl\u00e1r a bh\u00ed i bhfeidhm ar an d\u00e1ta a ndearna an tAire Tith\u00edochta, Rialtais \u00c1iti\u00fail agus Oidhreachta na hOrduithe maidir leis an L\u00e1 V\u00f3ta\u00edochta a shocraigh d\u00e1ta agus amanna an toghch\u00e1in. Nuair a sh\u00edn\u00edtear orduithe maidir leis an l\u00e1 v\u00f3ta\u00edochta, fanann an Cl\u00e1r foilsithe mar at\u00e1 gan aon athr\u00fa go dt\u00ed tar \u00e9is an toghch\u00e1in. <\/p>\n\n\n\n<p>Aon chinneadh a dh\u00e9anfadh an Cl\u00e1raitheoir chun an Cl\u00e1r a athr\u00fa i ndiaidh orduithe maidir le l\u00e1 v\u00f3ta\u00edochta a sh\u00edni\u00fa, n\u00ed bheidh feidhm aige go dt\u00ed tar \u00e9is an toghch\u00e1in. Is cuma m\u00e1 t\u00e1 iarratas chun p\u00e1irt\u00ed nua a chl\u00e1r\u00fa n\u00f3 sonra\u00ed at\u00e1 ar an gcl\u00e1r cheana f\u00e9in a athr\u00fa comhl\u00e1naithe ina ioml\u00e1ine n\u00f3 nach bhfuil, n\u00ed nuashonr\u00f3far an Cl\u00e1r go dt\u00ed tar \u00e9is an toghch\u00e1in. \n\n<\/p>\n\n\n\n<p>Mura gcuireann p\u00e1irtithe oifig an Chl\u00e1raitheora ar an eolas faoi athruithe ar feadh tamaill, d\u2019fh\u00e9adfadh go mbeadh tionchar ag srianta ama toghch\u00e1in ar an gcaoi a l\u00e9ireofar iarrth\u00f3ir\u00ed p\u00e1irt\u00ed ar na p\u00e1ip\u00e9ir bhall\u00f3ide.  <\/p>\n\n\n\n<p>Iarrtar ar ph\u00e1irtithe aon athruithe ar shonra\u00ed an Chl\u00e1ir a chur in i\u00fal d\u2019oifig an Chl\u00e1raitheora a luaithe a athra\u00edonn siad. Is f\u00e9idir an fhoirm iarratais chomhl\u00e1naithe a sheoladh ar r\u00edomhphost chuig <a href=\"mailto:registrar@electoralcommission.ie\">registrar@electoralcommission.ie<\/a> n\u00f3 a chur sa phost chuig oifig an Choimisi\u00fain, agus \u2018Pr\u00edobh\u00e1ideach agus Faoi R\u00fan\u2019 ar an gcl\u00fadach, chuig: Cl\u00e1raitheoir na bP\u00e1irtithe Polait\u00edochta, an Coimisi\u00fan Toghch\u00e1in, Bloc M, Caisle\u00e1n Bhaile \u00c1tha Cliath, Baile \u00c1tha Cliath 2, D02 X8X8.<\/p>\n\n\n\n<div style=\"height:33px\" aria-hidden=\"true\" class=\"wp-block-spacer\"><\/div>\n\n\n\n<div class=\"wp-block-uagb-advanced-heading uagb-block-c8060829\"><h2 class=\"uagb-heading-text\"><strong>An f\u00e9idir le hiarrth\u00f3ir\u00ed toghch\u00e1in aonair cl\u00e1r\u00fa leis an gCoimisi\u00fan?<\/strong><\/h2><div class=\"uagb-separator\"><\/div><\/div>\n\n\n\n<p>N\u00ed f\u00e9idir. N\u00ed bh\u00edonn ar Chl\u00e1r na bP\u00e1irtithe Polait\u00edochta ach liosta de ph\u00e1irtithe polait\u00edochta, n\u00ed iarrth\u00f3ir\u00ed toghch\u00e1in aonair (b\u00edd\u00eds ina n-iarrth\u00f3ir\u00ed p\u00e1irt\u00ed n\u00f3 ina n-iarrth\u00f3ir\u00ed Gan Ph\u00e1irt\u00ed).  <\/p>\n\n\n\n<p>Mura bhfuil p\u00e1irt\u00ed polait\u00edochta ar an gCl\u00e1r, caithfidh iarrth\u00f3ir a bheith ar an bp\u00e1ip\u00e9ar ball\u00f3ide mar iarrth\u00f3ir \u2018Gan Ph\u00e1irt\u00ed\u2019. M\u00e1s iarrth\u00f3ir\u00ed \u2018Gan Ph\u00e1irt\u00ed\u2019 at\u00e1 i gceist, caithfidh siad iad f\u00e9in a ainmni\u00fa le haghaidh toghch\u00e1in D\u00e1la, toghch\u00e1in do Pharlaimint na hEorpa, toghch\u00e1in \u00e1iti\u00fala n\u00f3 thoghch\u00e1in Mh\u00e9ara Luimnigh. D\u00e1 r\u00e9ir sin, caithfear (i) \u00e9arlais airgeadais a l\u00f3iste\u00e1il n\u00f3 (ii) l\u00edon toghth\u00f3ir\u00ed chun tac\u00fa lena n-iarrth\u00f3ireacht a eagr\u00fa (toghth\u00f3ir\u00ed at\u00e1 cl\u00e1raithe le v\u00f3ta a chaitheamh agus a ch\u00f3na\u00edonn sa cheantar ina bhfuil an t-iarrth\u00f3ir ag seasamh i dtoghch\u00e1n).<\/p>\n","protected":false},"excerpt":{"rendered":"<p>Is \u00e9 Cl\u00e1raitheoir na bP\u00e1irtithe Polait\u00edochta Pr\u00edomhfheidhmeannach an Choimisi\u00fain Toghch\u00e1in. N\u00ed m\u00f3r do gach p\u00e1irt\u00ed polaiti\u00fail a bheith ar Chl\u00e1r na bP\u00e1irtithe Polait\u00edochta. N\u00ed m\u00f3r do ph\u00e1irt\u00ed polait\u00edochta a bheith ar Chl\u00e1r na bP\u00e1irtithe Polait\u00edochta chun gach ceann n\u00f3 aon cheann de na toghch\u00e1in seo a leanas a chonsp\u00f3id: M\u00e1s mian leat fiosr\u00fa a dh\u00e9anamh &hellip; <a href=\"https:\/\/www.electoralcommission.ie\/ga\/claru-na-bpairtithe-polaitiochta\/\">Continued<\/a><\/p>\n","protected":false},"author":20,"featured_media":8876,"parent":0,"menu_order":0,"comment_status":"closed","ping_status":"closed","template":"","meta":{"_acf_changed":false,"_relevanssi_hide_post":"","_relevanssi_hide_content":"","_relevanssi_pin_for_all":"","_relevanssi_pin_keywords":"","_relevanssi_unpin_keywords":"","_relevanssi_related_keywords":"","_relevanssi_related_include_ids":"","_relevanssi_related_exclude_ids":"","_relevanssi_related_no_append":"","_relevanssi_related_not_related":"","_relevanssi_related_posts":"11320,7827,9479,9475,11791,11793","_relevanssi_noindex_reason":"","_uag_custom_page_level_css":"","footnotes":""},"class_list":["post-8912","page","type-page","status-publish","has-post-thumbnail","hentry"],"acf":[],"yoast_head":"<!-- This site is optimized with the Yoast SEO plugin v27.4 - https:\/\/yoast.com\/product\/yoast-seo-wordpress\/ -->\n<title>Cl\u00e1r\u00fa na bP\u00e1irtithe Polait\u00edochta - Coimisi\u00fan Toghch\u00e1in<\/title>\n<meta name=\"robots\" content=\"index, follow, max-snippet:-1, max-image-preview:large, max-video-preview:-1\" \/>\n<link rel=\"canonical\" href=\"https:\/\/www.electoralcommission.ie\/ga\/claru-na-bpairtithe-polaitiochta\/\" \/>\n<meta property=\"og:locale\" content=\"ga_IE\" \/>\n<meta property=\"og:type\" content=\"article\" \/>\n<meta property=\"og:title\" content=\"Cl\u00e1r\u00fa na bP\u00e1irtithe Polait\u00edochta - Coimisi\u00fan Toghch\u00e1in\" \/>\n<meta property=\"og:description\" content=\"Is \u00e9 Cl\u00e1raitheoir na bP\u00e1irtithe Polait\u00edochta Pr\u00edomhfheidhmeannach an Choimisi\u00fain Toghch\u00e1in. N\u00ed m\u00f3r do gach p\u00e1irt\u00ed polaiti\u00fail a bheith ar Chl\u00e1r na bP\u00e1irtithe Polait\u00edochta. N\u00ed m\u00f3r do ph\u00e1irt\u00ed polait\u00edochta a bheith ar Chl\u00e1r na bP\u00e1irtithe Polait\u00edochta chun gach ceann n\u00f3 aon cheann de na toghch\u00e1in seo a leanas a chonsp\u00f3id: M\u00e1s mian leat fiosr\u00fa a dh\u00e9anamh &hellip; Continued\" \/>\n<meta property=\"og:url\" content=\"https:\/\/www.electoralcommission.ie\/ga\/claru-na-bpairtithe-polaitiochta\/\" \/>\n<meta property=\"og:site_name\" content=\"Coimisi\u00fan Toghch\u00e1in\" \/>\n<meta property=\"article:modified_time\" content=\"2026-04-15T12:56:25+00:00\" \/>\n<meta property=\"og:image\" content=\"https:\/\/www.electoralcommission.ie\/app\/uploads\/2024\/04\/czM6Ly9tZWRpYS1wcml2YXRlLmNhbnZhLmNvbS9sU3hVUS9NQUZ2MGFsU3hVUS8xL3AuanBn-1024x751-1.webp\" \/>\n\t<meta property=\"og:image:width\" content=\"1024\" \/>\n\t<meta property=\"og:image:height\" content=\"751\" \/>\n\t<meta property=\"og:image:type\" content=\"image\/webp\" \/>\n<meta name=\"twitter:card\" content=\"summary_large_image\" \/>\n<meta name=\"twitter:label1\" content=\"Est. reading time\" \/>\n\t<meta name=\"twitter:data1\" content=\"4 minutes\" \/>\n<script type=\"application\/ld+json\" class=\"yoast-schema-graph\">{\"@context\":\"https:\\\/\\\/schema.org\",\"@graph\":[{\"@type\":\"WebPage\",\"@id\":\"https:\\\/\\\/www.electoralcommission.ie\\\/ga\\\/claru-na-bpairtithe-polaitiochta\\\/\",\"url\":\"https:\\\/\\\/www.electoralcommission.ie\\\/ga\\\/claru-na-bpairtithe-polaitiochta\\\/\",\"name\":\"Cl\u00e1r\u00fa na bP\u00e1irtithe Polait\u00edochta - Coimisi\u00fan Toghch\u00e1in\",\"isPartOf\":{\"@id\":\"https:\\\/\\\/www.electoralcommission.ie\\\/ga\\\/#website\"},\"primaryImageOfPage\":{\"@id\":\"https:\\\/\\\/www.electoralcommission.ie\\\/ga\\\/claru-na-bpairtithe-polaitiochta\\\/#primaryimage\"},\"image\":{\"@id\":\"https:\\\/\\\/www.electoralcommission.ie\\\/ga\\\/claru-na-bpairtithe-polaitiochta\\\/#primaryimage\"},\"thumbnailUrl\":\"https:\\\/\\\/www.electoralcommission.ie\\\/app\\\/uploads\\\/2024\\\/04\\\/czM6Ly9tZWRpYS1wcml2YXRlLmNhbnZhLmNvbS9sU3hVUS9NQUZ2MGFsU3hVUS8xL3AuanBn-1024x751-1.webp\",\"datePublished\":\"2024-04-08T16:07:39+00:00\",\"dateModified\":\"2026-04-15T12:56:25+00:00\",\"breadcrumb\":{\"@id\":\"https:\\\/\\\/www.electoralcommission.ie\\\/ga\\\/claru-na-bpairtithe-polaitiochta\\\/#breadcrumb\"},\"inLanguage\":\"ga-IE\",\"potentialAction\":[{\"@type\":\"ReadAction\",\"target\":[\"https:\\\/\\\/www.electoralcommission.ie\\\/ga\\\/claru-na-bpairtithe-polaitiochta\\\/\"]}]},{\"@type\":\"ImageObject\",\"inLanguage\":\"ga-IE\",\"@id\":\"https:\\\/\\\/www.electoralcommission.ie\\\/ga\\\/claru-na-bpairtithe-polaitiochta\\\/#primaryimage\",\"url\":\"https:\\\/\\\/www.electoralcommission.ie\\\/app\\\/uploads\\\/2024\\\/04\\\/czM6Ly9tZWRpYS1wcml2YXRlLmNhbnZhLmNvbS9sU3hVUS9NQUZ2MGFsU3hVUS8xL3AuanBn-1024x751-1.webp\",\"contentUrl\":\"https:\\\/\\\/www.electoralcommission.ie\\\/app\\\/uploads\\\/2024\\\/04\\\/czM6Ly9tZWRpYS1wcml2YXRlLmNhbnZhLmNvbS9sU3hVUS9NQUZ2MGFsU3hVUS8xL3AuanBn-1024x751-1.webp\",\"width\":1024,\"height\":751},{\"@type\":\"BreadcrumbList\",\"@id\":\"https:\\\/\\\/www.electoralcommission.ie\\\/ga\\\/claru-na-bpairtithe-polaitiochta\\\/#breadcrumb\",\"itemListElement\":[{\"@type\":\"ListItem\",\"position\":1,\"name\":\"Baile\",\"item\":\"https:\\\/\\\/www.electoralcommission.ie\\\/ga\\\/\"},{\"@type\":\"ListItem\",\"position\":2,\"name\":\"Cl\u00e1r\u00fa na bP\u00e1irtithe Polait\u00edochta\"}]},{\"@type\":\"WebSite\",\"@id\":\"https:\\\/\\\/www.electoralcommission.ie\\\/ga\\\/#website\",\"url\":\"https:\\\/\\\/www.electoralcommission.ie\\\/ga\\\/\",\"name\":\"Coimisi\u00fan Toghch\u00e1in\",\"description\":\"Ireland&#039;s Statutory, Independent Electoral Commission\",\"potentialAction\":[{\"@type\":\"SearchAction\",\"target\":{\"@type\":\"EntryPoint\",\"urlTemplate\":\"https:\\\/\\\/www.electoralcommission.ie\\\/ga\\\/?s={search_term_string}\"},\"query-input\":{\"@type\":\"PropertyValueSpecification\",\"valueRequired\":true,\"valueName\":\"search_term_string\"}}],\"inLanguage\":\"ga-IE\"}]}<\/script>\n<!-- \/ Yoast SEO plugin. -->","yoast_head_json":{"title":"Cl\u00e1r\u00fa na bP\u00e1irtithe Polait\u00edochta - Coimisi\u00fan Toghch\u00e1in","robots":{"index":"index","follow":"follow","max-snippet":"max-snippet:-1","max-image-preview":"max-image-preview:large","max-video-preview":"max-video-preview:-1"},"canonical":"https:\/\/www.electoralcommission.ie\/ga\/claru-na-bpairtithe-polaitiochta\/","og_locale":"ga_IE","og_type":"article","og_title":"Cl\u00e1r\u00fa na bP\u00e1irtithe Polait\u00edochta - Coimisi\u00fan Toghch\u00e1in","og_description":"Is \u00e9 Cl\u00e1raitheoir na bP\u00e1irtithe Polait\u00edochta Pr\u00edomhfheidhmeannach an Choimisi\u00fain Toghch\u00e1in. N\u00ed m\u00f3r do gach p\u00e1irt\u00ed polaiti\u00fail a bheith ar Chl\u00e1r na bP\u00e1irtithe Polait\u00edochta. N\u00ed m\u00f3r do ph\u00e1irt\u00ed polait\u00edochta a bheith ar Chl\u00e1r na bP\u00e1irtithe Polait\u00edochta chun gach ceann n\u00f3 aon cheann de na toghch\u00e1in seo a leanas a chonsp\u00f3id: M\u00e1s mian leat fiosr\u00fa a dh\u00e9anamh &hellip; Continued","og_url":"https:\/\/www.electoralcommission.ie\/ga\/claru-na-bpairtithe-polaitiochta\/","og_site_name":"Coimisi\u00fan Toghch\u00e1in","article_modified_time":"2026-04-15T12:56:25+00:00","og_image":[{"width":1024,"height":751,"url":"https:\/\/www.electoralcommission.ie\/app\/uploads\/2024\/04\/czM6Ly9tZWRpYS1wcml2YXRlLmNhbnZhLmNvbS9sU3hVUS9NQUZ2MGFsU3hVUS8xL3AuanBn-1024x751-1.webp","type":"image\/webp"}],"twitter_card":"summary_large_image","twitter_misc":{"Est. reading time":"4 minutes"},"schema":{"@context":"https:\/\/schema.org","@graph":[{"@type":"WebPage","@id":"https:\/\/www.electoralcommission.ie\/ga\/claru-na-bpairtithe-polaitiochta\/","url":"https:\/\/www.electoralcommission.ie\/ga\/claru-na-bpairtithe-polaitiochta\/","name":"Cl\u00e1r\u00fa na bP\u00e1irtithe Polait\u00edochta - Coimisi\u00fan Toghch\u00e1in","isPartOf":{"@id":"https:\/\/www.electoralcommission.ie\/ga\/#website"},"primaryImageOfPage":{"@id":"https:\/\/www.electoralcommission.ie\/ga\/claru-na-bpairtithe-polaitiochta\/#primaryimage"},"image":{"@id":"https:\/\/www.electoralcommission.ie\/ga\/claru-na-bpairtithe-polaitiochta\/#primaryimage"},"thumbnailUrl":"https:\/\/www.electoralcommission.ie\/app\/uploads\/2024\/04\/czM6Ly9tZWRpYS1wcml2YXRlLmNhbnZhLmNvbS9sU3hVUS9NQUZ2MGFsU3hVUS8xL3AuanBn-1024x751-1.webp","datePublished":"2024-04-08T16:07:39+00:00","dateModified":"2026-04-15T12:56:25+00:00","breadcrumb":{"@id":"https:\/\/www.electoralcommission.ie\/ga\/claru-na-bpairtithe-polaitiochta\/#breadcrumb"},"inLanguage":"ga-IE","potentialAction":[{"@type":"ReadAction","target":["https:\/\/www.electoralcommission.ie\/ga\/claru-na-bpairtithe-polaitiochta\/"]}]},{"@type":"ImageObject","inLanguage":"ga-IE","@id":"https:\/\/www.electoralcommission.ie\/ga\/claru-na-bpairtithe-polaitiochta\/#primaryimage","url":"https:\/\/www.electoralcommission.ie\/app\/uploads\/2024\/04\/czM6Ly9tZWRpYS1wcml2YXRlLmNhbnZhLmNvbS9sU3hVUS9NQUZ2MGFsU3hVUS8xL3AuanBn-1024x751-1.webp","contentUrl":"https:\/\/www.electoralcommission.ie\/app\/uploads\/2024\/04\/czM6Ly9tZWRpYS1wcml2YXRlLmNhbnZhLmNvbS9sU3hVUS9NQUZ2MGFsU3hVUS8xL3AuanBn-1024x751-1.webp","width":1024,"height":751},{"@type":"BreadcrumbList","@id":"https:\/\/www.electoralcommission.ie\/ga\/claru-na-bpairtithe-polaitiochta\/#breadcrumb","itemListElement":[{"@type":"ListItem","position":1,"name":"Baile","item":"https:\/\/www.electoralcommission.ie\/ga\/"},{"@type":"ListItem","position":2,"name":"Cl\u00e1r\u00fa na bP\u00e1irtithe Polait\u00edochta"}]},{"@type":"WebSite","@id":"https:\/\/www.electoralcommission.ie\/ga\/#website","url":"https:\/\/www.electoralcommission.ie\/ga\/","name":"Coimisi\u00fan Toghch\u00e1in","description":"Ireland&#039;s Statutory, Independent Electoral Commission","potentialAction":[{"@type":"SearchAction","target":{"@type":"EntryPoint","urlTemplate":"https:\/\/www.electoralcommission.ie\/ga\/?s={search_term_string}"},"query-input":{"@type":"PropertyValueSpecification","valueRequired":true,"valueName":"search_term_string"}}],"inLanguage":"ga-IE"}]}},"uagb_featured_image_src":{"full":["https:\/\/www.electoralcommission.ie\/app\/uploads\/2024\/04\/czM6Ly9tZWRpYS1wcml2YXRlLmNhbnZhLmNvbS9sU3hVUS9NQUZ2MGFsU3hVUS8xL3AuanBn-1024x751-1.webp",1024,751,false],"thumbnail":["https:\/\/www.electoralcommission.ie\/app\/uploads\/2024\/04\/czM6Ly9tZWRpYS1wcml2YXRlLmNhbnZhLmNvbS9sU3hVUS9NQUZ2MGFsU3hVUS8xL3AuanBn-1024x751-1-355x210.webp",355,210,true],"medium":["https:\/\/www.electoralcommission.ie\/app\/uploads\/2024\/04\/czM6Ly9tZWRpYS1wcml2YXRlLmNhbnZhLmNvbS9sU3hVUS9NQUZ2MGFsU3hVUS8xL3AuanBn-1024x751-1-300x220.webp",300,220,true],"medium_large":["https:\/\/www.electoralcommission.ie\/app\/uploads\/2024\/04\/czM6Ly9tZWRpYS1wcml2YXRlLmNhbnZhLmNvbS9sU3hVUS9NQUZ2MGFsU3hVUS8xL3AuanBn-1024x751-1-768x563.webp",768,563,true],"large":["https:\/\/www.electoralcommission.ie\/app\/uploads\/2024\/04\/czM6Ly9tZWRpYS1wcml2YXRlLmNhbnZhLmNvbS9sU3hVUS9NQUZ2MGFsU3hVUS8xL3AuanBn-1024x751-1.webp",1024,751,false],"1536x1536":["https:\/\/www.electoralcommission.ie\/app\/uploads\/2024\/04\/czM6Ly9tZWRpYS1wcml2YXRlLmNhbnZhLmNvbS9sU3hVUS9NQUZ2MGFsU3hVUS8xL3AuanBn-1024x751-1.webp",1024,751,false],"2048x2048":["https:\/\/www.electoralcommission.ie\/app\/uploads\/2024\/04\/czM6Ly9tZWRpYS1wcml2YXRlLmNhbnZhLmNvbS9sU3hVUS9NQUZ2MGFsU3hVUS8xL3AuanBn-1024x751-1.webp",1024,751,false],"gform-image-choice-sm":["https:\/\/www.electoralcommission.ie\/app\/uploads\/2024\/04\/czM6Ly9tZWRpYS1wcml2YXRlLmNhbnZhLmNvbS9sU3hVUS9NQUZ2MGFsU3hVUS8xL3AuanBn-1024x751-1.webp",300,220,false],"gform-image-choice-md":["https:\/\/www.electoralcommission.ie\/app\/uploads\/2024\/04\/czM6Ly9tZWRpYS1wcml2YXRlLmNhbnZhLmNvbS9sU3hVUS9NQUZ2MGFsU3hVUS8xL3AuanBn-1024x751-1.webp",400,293,false],"gform-image-choice-lg":["https:\/\/www.electoralcommission.ie\/app\/uploads\/2024\/04\/czM6Ly9tZWRpYS1wcml2YXRlLmNhbnZhLmNvbS9sU3hVUS9NQUZ2MGFsU3hVUS8xL3AuanBn-1024x751-1.webp",600,440,false]},"uagb_author_info":{"display_name":"Annmarie Power","author_link":"https:\/\/www.electoralcommission.ie\/ga\/author\/annmarie-power\/"},"uagb_comment_info":0,"uagb_excerpt":"Is \u00e9 Cl\u00e1raitheoir na bP\u00e1irtithe Polait\u00edochta Pr\u00edomhfheidhmeannach an Choimisi\u00fain Toghch\u00e1in. N\u00ed m\u00f3r do gach p\u00e1irt\u00ed polaiti\u00fail a bheith ar Chl\u00e1r na bP\u00e1irtithe Polait\u00edochta. N\u00ed m\u00f3r do ph\u00e1irt\u00ed polait\u00edochta a bheith ar Chl\u00e1r na bP\u00e1irtithe Polait\u00edochta chun gach ceann n\u00f3 aon cheann de na toghch\u00e1in seo a leanas a chonsp\u00f3id: M\u00e1s mian leat fiosr\u00fa a dh\u00e9anamh&hellip;","_links":{"self":[{"href":"https:\/\/www.electoralcommission.ie\/ga\/wp-json\/wp\/v2\/pages\/8912","targetHints":{"allow":["GET"]}}],"collection":[{"href":"https:\/\/www.electoralcommission.ie\/ga\/wp-json\/wp\/v2\/pages"}],"about":[{"href":"https:\/\/www.electoralcommission.ie\/ga\/wp-json\/wp\/v2\/types\/page"}],"author":[{"embeddable":true,"href":"https:\/\/www.electoralcommission.ie\/ga\/wp-json\/wp\/v2\/users\/20"}],"replies":[{"embeddable":true,"href":"https:\/\/www.electoralcommission.ie\/ga\/wp-json\/wp\/v2\/comments?post=8912"}],"version-history":[{"count":28,"href":"https:\/\/www.electoralcommission.ie\/ga\/wp-json\/wp\/v2\/pages\/8912\/revisions"}],"predecessor-version":[{"id":15637,"href":"https:\/\/www.electoralcommission.ie\/ga\/wp-json\/wp\/v2\/pages\/8912\/revisions\/15637"}],"wp:featuredmedia":[{"embeddable":true,"href":"https:\/\/www.electoralcommission.ie\/ga\/wp-json\/wp\/v2\/media\/8876"}],"wp:attachment":[{"href":"https:\/\/www.electoralcommission.ie\/ga\/wp-json\/wp\/v2\/media?parent=8912"}],"curies":[{"name":"wp","href":"https:\/\/api.w.org\/{rel}","templated":true}]}}