
{"id":8989,"date":"2024-04-24T14:07:10","date_gmt":"2024-04-24T13:07:10","guid":{"rendered":"https:\/\/www.electoralcommission.ie\/?page_id=8989"},"modified":"2024-11-05T17:23:25","modified_gmt":"2024-11-05T17:23:25","slug":"mol-foghlama","status":"publish","type":"page","link":"https:\/\/www.electoralcommission.ie\/ga\/mol-foghlama\/","title":{"rendered":"Mol foghlama"},"content":{"rendered":"\n<p>Mar chuid d\u00e1r n-obair, faoin <a href=\"https:\/\/www.irishstatutebook.ie\/eli\/2022\/act\/30\/section\/67\/enacted\/en\/html#sec67\">Acht um Athch\u00f3iri\u00fa Toghch\u00e1in 2022<\/a>, cuirimid cl\u00e1ir oideachas\u00fala agus faisn\u00e9ise ar f\u00e1il chun feasacht an phobail ar phr\u00f3isis toghch\u00e1in agus dhaonlathacha an St\u00e1it a chur chun cinn, mar aon lena rannph\u00e1irt\u00edocht iontu, agus spreagaimid an pobal chun v\u00f3t\u00e1il in imeachta\u00ed toghch\u00e1in.<\/p>\n\n<p>T\u00e1 neart eolais sna leathanaigh at\u00e1 nasctha th\u00edos faoi ch\u00f3ras daonlathach na h\u00c9ireann agus faoi imeachta\u00ed toghch\u00e1in. <\/p>\n\n<div class=\"wp-block-media-text is-stacked-on-mobile has-background\" style=\"background-color:#00929f\"><figure class=\"wp-block-media-text__media\"><img decoding=\"async\" src=\"https:\/\/www.electoralcommission.ie\/app\/uploads\/2024\/04\/An-Coimisiu\u0301n-Toghcha\u0301in-289-1024x683.jpg\" alt=\"People completing their ballot paper at a polling station.\" class=\"wp-image-9108 size-full\"\/><\/figure><div class=\"wp-block-media-text__content\">\n<div class=\"wp-block-uagb-container uagb-block-850569cf alignfull uagb-is-root-container\">\n<div class=\"wp-block-uagb-buttons uagb-buttons__outer-wrap uagb-btn__default-btn uagb-btn-tablet__default-btn uagb-btn-mobile__default-btn uagb-block-c347d5f8\"><div class=\"uagb-buttons__wrap uagb-buttons-layout-wrap \">\n<div class=\"wp-block-uagb-buttons-child uagb-buttons__outer-wrap uagb-block-1b27079a wp-block-button\"><div class=\"uagb-button__wrapper\"><a class=\"uagb-buttons-repeater wp-block-button__link\" aria-label=\"\" href=\"https:\/\/www.electoralcommission.ie\/ga\/coras-votala-na-heireann\/\" rel=\"follow noopener\" target=\"_self\" role=\"button\"><div class=\"uagb-button__link\">C\u00f3ras v\u00f3t\u00e1la na h\u00c9ireann<\/div><span class=\"uagb-button__icon uagb-button__icon-position-after\"><svg xmlns=\"https:\/\/www.w3.org\/2000\/svg\" viewbox=\"0 0 448 512\" aria-hidden=\"true\" focussable=\"false\"><path d=\"M438.6 278.6l-160 160C272.4 444.9 264.2 448 256 448s-16.38-3.125-22.62-9.375c-12.5-12.5-12.5-32.75 0-45.25L338.8 288H32C14.33 288 .0016 273.7 .0016 256S14.33 224 32 224h306.8l-105.4-105.4c-12.5-12.5-12.5-32.75 0-45.25s32.75-12.5 45.25 0l160 160C451.1 245.9 451.1 266.1 438.6 278.6z\"><\/path><\/svg><\/span><\/a><\/div><\/div>\n<\/div><\/div>\n<\/div>\n<\/div><\/div>\n\n<div class=\"wp-block-media-text has-media-on-the-right is-stacked-on-mobile has-background\" style=\"background-color:#ec6739\"><div class=\"wp-block-media-text__content\">\n<div class=\"wp-block-uagb-container uagb-block-5f73705d alignfull uagb-is-root-container\">\n<div class=\"wp-block-uagb-buttons uagb-buttons__outer-wrap uagb-btn__default-btn uagb-btn-tablet__default-btn uagb-btn-mobile__default-btn uagb-block-2740e65d\"><div class=\"uagb-buttons__wrap uagb-buttons-layout-wrap \">\n<div class=\"wp-block-uagb-buttons-child uagb-buttons__outer-wrap uagb-block-32ec08e2 wp-block-button\"><div class=\"uagb-button__wrapper\"><a class=\"uagb-buttons-repeater wp-block-button__link\" aria-label=\"\" href=\"https:\/\/www.electoralcommission.ie\/ga\/daonlathas-na-heireann\/\" rel=\"follow noopener\" target=\"_self\" role=\"button\"><div class=\"uagb-button__link\">Daonlathas na h\u00c9ireann <\/div><span class=\"uagb-button__icon uagb-button__icon-position-after\"><svg xmlns=\"https:\/\/www.w3.org\/2000\/svg\" viewbox=\"0 0 448 512\" aria-hidden=\"true\" focussable=\"false\"><path d=\"M438.6 278.6l-160 160C272.4 444.9 264.2 448 256 448s-16.38-3.125-22.62-9.375c-12.5-12.5-12.5-32.75 0-45.25L338.8 288H32C14.33 288 .0016 273.7 .0016 256S14.33 224 32 224h306.8l-105.4-105.4c-12.5-12.5-12.5-32.75 0-45.25s32.75-12.5 45.25 0l160 160C451.1 245.9 451.1 266.1 438.6 278.6z\"><\/path><\/svg><\/span><\/a><\/div><\/div>\n<\/div><\/div>\n<\/div>\n<\/div><figure class=\"wp-block-media-text__media\"><img loading=\"lazy\" decoding=\"async\" width=\"1024\" height=\"683\" src=\"https:\/\/www.electoralcommission.ie\/app\/uploads\/2024\/04\/An-Coimisiu\u0301n-Toghcha\u0301in-267-1024x683.jpg\" alt=\"Image of electoral signage \" class=\"wp-image-9110 size-full\" srcset=\"https:\/\/www.electoralcommission.ie\/app\/uploads\/2024\/04\/An-Coimisiu\u0301n-Toghcha\u0301in-267-1024x683.jpg 1024w, https:\/\/www.electoralcommission.ie\/app\/uploads\/2024\/04\/An-Coimisiu\u0301n-Toghcha\u0301in-267-300x200.jpg 300w, https:\/\/www.electoralcommission.ie\/app\/uploads\/2024\/04\/An-Coimisiu\u0301n-Toghcha\u0301in-267-768x512.jpg 768w, https:\/\/www.electoralcommission.ie\/app\/uploads\/2024\/04\/An-Coimisiu\u0301n-Toghcha\u0301in-267-1536x1024.jpg 1536w, https:\/\/www.electoralcommission.ie\/app\/uploads\/2024\/04\/An-Coimisiu\u0301n-Toghcha\u0301in-267-2048x1365.jpg 2048w\" sizes=\"auto, (max-width: 1024px) 100vw, 1024px\" \/><\/figure><\/div>\n\n<div class=\"wp-block-media-text is-stacked-on-mobile has-background\" style=\"background-color:#00a8db\"><figure class=\"wp-block-media-text__media\"><img loading=\"lazy\" decoding=\"async\" width=\"1024\" height=\"683\" src=\"https:\/\/www.electoralcommission.ie\/app\/uploads\/2024\/04\/An-Coimisiu\u0301n-Toghcha\u0301in-670-1024x683.jpg\" alt=\"Image of voter casting vote\" class=\"wp-image-9100 size-full\" srcset=\"https:\/\/www.electoralcommission.ie\/app\/uploads\/2024\/04\/An-Coimisiu\u0301n-Toghcha\u0301in-670-1024x683.jpg 1024w, https:\/\/www.electoralcommission.ie\/app\/uploads\/2024\/04\/An-Coimisiu\u0301n-Toghcha\u0301in-670-300x200.jpg 300w, https:\/\/www.electoralcommission.ie\/app\/uploads\/2024\/04\/An-Coimisiu\u0301n-Toghcha\u0301in-670-768x512.jpg 768w, https:\/\/www.electoralcommission.ie\/app\/uploads\/2024\/04\/An-Coimisiu\u0301n-Toghcha\u0301in-670-1536x1024.jpg 1536w, https:\/\/www.electoralcommission.ie\/app\/uploads\/2024\/04\/An-Coimisiu\u0301n-Toghcha\u0301in-670-2048x1365.jpg 2048w\" sizes=\"auto, (max-width: 1024px) 100vw, 1024px\" \/><\/figure><div class=\"wp-block-media-text__content\">\n<div class=\"wp-block-uagb-container uagb-block-192abfbe alignfull uagb-is-root-container\">\n<div class=\"wp-block-uagb-buttons uagb-buttons__outer-wrap uagb-btn__default-btn uagb-btn-tablet__default-btn uagb-btn-mobile__default-btn uagb-block-8fd6177f\"><div class=\"uagb-buttons__wrap uagb-buttons-layout-wrap \">\n<div class=\"wp-block-uagb-buttons-child uagb-buttons__outer-wrap uagb-block-9eeaf661 wp-block-button\"><div class=\"uagb-button__wrapper\"><a class=\"uagb-buttons-repeater wp-block-button__link\" aria-label=\"\" href=\"https:\/\/www.electoralcommission.ie\/ga\/bunreacht-na-heireann\/\" rel=\"follow noopener\" target=\"_self\" role=\"button\"><div class=\"uagb-button__link\">Bunreacht na h\u00c9ireann <\/div><span class=\"uagb-button__icon uagb-button__icon-position-after\"><svg xmlns=\"https:\/\/www.w3.org\/2000\/svg\" viewbox=\"0 0 448 512\" aria-hidden=\"true\" focussable=\"false\"><path d=\"M438.6 278.6l-160 160C272.4 444.9 264.2 448 256 448s-16.38-3.125-22.62-9.375c-12.5-12.5-12.5-32.75 0-45.25L338.8 288H32C14.33 288 .0016 273.7 .0016 256S14.33 224 32 224h306.8l-105.4-105.4c-12.5-12.5-12.5-32.75 0-45.25s32.75-12.5 45.25 0l160 160C451.1 245.9 451.1 266.1 438.6 278.6z\"><\/path><\/svg><\/span><\/a><\/div><\/div>\n<\/div><\/div>\n<\/div>\n<\/div><\/div>\n\n<div class=\"wp-block-media-text has-media-on-the-right is-stacked-on-mobile has-background\" style=\"background-color:#e7ac00\"><div class=\"wp-block-media-text__content\">\n<div class=\"wp-block-uagb-container uagb-block-82d63ff4 alignfull uagb-is-root-container\">\n<div class=\"wp-block-uagb-buttons uagb-buttons__outer-wrap uagb-btn__default-btn uagb-btn-tablet__default-btn uagb-btn-mobile__default-btn uagb-block-9579abc9\"><div class=\"uagb-buttons__wrap uagb-buttons-layout-wrap \">\n<div class=\"wp-block-uagb-buttons-child uagb-buttons__outer-wrap uagb-block-e8b556bb wp-block-button\"><div class=\"uagb-button__wrapper\"><a class=\"uagb-buttons-repeater wp-block-button__link\" aria-label=\"\" href=\"https:\/\/www.electoralcommission.ie\/ga\/ta-fiuntas-ag-baint-le-do-vota\/\" rel=\"follow noopener\" target=\"_self\" role=\"button\"><div class=\"uagb-button__link\">T\u00e1 Fi\u00fantas ag baint le do V\u00f3ta<\/div><span class=\"uagb-button__icon uagb-button__icon-position-after\"><svg xmlns=\"https:\/\/www.w3.org\/2000\/svg\" viewbox=\"0 0 448 512\" aria-hidden=\"true\" focussable=\"false\"><path d=\"M438.6 278.6l-160 160C272.4 444.9 264.2 448 256 448s-16.38-3.125-22.62-9.375c-12.5-12.5-12.5-32.75 0-45.25L338.8 288H32C14.33 288 .0016 273.7 .0016 256S14.33 224 32 224h306.8l-105.4-105.4c-12.5-12.5-12.5-32.75 0-45.25s32.75-12.5 45.25 0l160 160C451.1 245.9 451.1 266.1 438.6 278.6z\"><\/path><\/svg><\/span><\/a><\/div><\/div>\n<\/div><\/div>\n<\/div>\n<\/div><figure class=\"wp-block-media-text__media\"><img decoding=\"async\" src=\"https:\/\/www.electoralcommission.ie\/app\/uploads\/2024\/04\/An-Coimisiu\u0301n-Toghcha\u0301in-510-1024x683.jpg\" alt=\"Image of voters marking their ballot\" class=\"wp-image-9106 size-full\"\/><\/figure><\/div>\n\n<div class=\"wp-block-media-text is-stacked-on-mobile has-background\" style=\"background-color:#93c255\"><figure class=\"wp-block-media-text__media\"><img loading=\"lazy\" decoding=\"async\" width=\"600\" height=\"400\" src=\"https:\/\/www.electoralcommission.ie\/app\/uploads\/2024\/04\/voting-876-scaled-e1686136967732.jpg\" alt=\"Image of electoral signage \" class=\"wp-image-8881 size-full\" srcset=\"https:\/\/www.electoralcommission.ie\/app\/uploads\/2024\/04\/voting-876-scaled-e1686136967732.jpg 600w, https:\/\/www.electoralcommission.ie\/app\/uploads\/2024\/04\/voting-876-scaled-e1686136967732-300x200.jpg 300w\" sizes=\"auto, (max-width: 600px) 100vw, 600px\" \/><\/figure><div class=\"wp-block-media-text__content\">\n<div class=\"wp-block-uagb-container uagb-block-63c9db68 alignfull uagb-is-root-container\">\n<div class=\"wp-block-uagb-buttons uagb-buttons__outer-wrap uagb-btn__default-btn uagb-btn-tablet__default-btn uagb-btn-mobile__default-btn uagb-block-c1bce9b3\"><div class=\"uagb-buttons__wrap uagb-buttons-layout-wrap \">\n<div class=\"wp-block-uagb-buttons-child uagb-buttons__outer-wrap uagb-block-692d42b5 wp-block-button\"><div class=\"uagb-button__wrapper\"><a class=\"uagb-buttons-repeater wp-block-button__link\" aria-label=\"\" href=\"https:\/\/www.electoralcommission.ie\/ga\/gluais-de-thearmai-toghchain\/\" rel=\"follow noopener\" target=\"_self\" role=\"button\"><div class=\"uagb-button__link\">Gluais de th\u00e9arma\u00ed toghch\u00e1in<\/div><span class=\"uagb-button__icon uagb-button__icon-position-after\"><svg xmlns=\"https:\/\/www.w3.org\/2000\/svg\" viewbox=\"0 0 448 512\" aria-hidden=\"true\" focussable=\"false\"><path d=\"M438.6 278.6l-160 160C272.4 444.9 264.2 448 256 448s-16.38-3.125-22.62-9.375c-12.5-12.5-12.5-32.75 0-45.25L338.8 288H32C14.33 288 .0016 273.7 .0016 256S14.33 224 32 224h306.8l-105.4-105.4c-12.5-12.5-12.5-32.75 0-45.25s32.75-12.5 45.25 0l160 160C451.1 245.9 451.1 266.1 438.6 278.6z\"><\/path><\/svg><\/span><\/a><\/div><\/div>\n<\/div><\/div>\n<\/div>\n<\/div><\/div>\n\n<div class=\"wp-block-media-text has-media-on-the-right is-stacked-on-mobile has-background\" style=\"background-color:#004f9e\"><div class=\"wp-block-media-text__content\">\n<div class=\"wp-block-uagb-container uagb-block-a5eeeaa4 alignfull uagb-is-root-container\">\n<div class=\"wp-block-uagb-buttons uagb-buttons__outer-wrap uagb-btn__default-btn uagb-btn-tablet__default-btn uagb-btn-mobile__default-btn uagb-block-dedb94e2\"><div class=\"uagb-buttons__wrap uagb-buttons-layout-wrap \">\n<div class=\"wp-block-uagb-buttons-child uagb-buttons__outer-wrap uagb-block-dea3b49c wp-block-button\"><div class=\"uagb-button__wrapper\"><a class=\"uagb-buttons-repeater wp-block-button__link\" aria-label=\"\" href=\"https:\/\/www.electoralcommission.ie\/ga\/ce-a-bhionn-i-mbun-na-gcuraimi-eagsula-sa-staisiun-votala\/\" rel=\"follow noopener\" target=\"_self\" role=\"button\"><div class=\"uagb-button__link\">C\u00e9 a bh\u00edonn i mbun na gc\u00faraim\u00ed \u00e9ags\u00fala sa st\u00e1isi\u00fan v\u00f3t\u00e1la?<\/div><span class=\"uagb-button__icon uagb-button__icon-position-after\"><svg xmlns=\"https:\/\/www.w3.org\/2000\/svg\" viewbox=\"0 0 448 512\" aria-hidden=\"true\" focussable=\"false\"><path d=\"M438.6 278.6l-160 160C272.4 444.9 264.2 448 256 448s-16.38-3.125-22.62-9.375c-12.5-12.5-12.5-32.75 0-45.25L338.8 288H32C14.33 288 .0016 273.7 .0016 256S14.33 224 32 224h306.8l-105.4-105.4c-12.5-12.5-12.5-32.75 0-45.25s32.75-12.5 45.25 0l160 160C451.1 245.9 451.1 266.1 438.6 278.6z\"><\/path><\/svg><\/span><\/a><\/div><\/div>\n<\/div><\/div>\n<\/div>\n<\/div><figure class=\"wp-block-media-text__media\"><img loading=\"lazy\" decoding=\"async\" width=\"1024\" height=\"682\" src=\"https:\/\/www.electoralcommission.ie\/app\/uploads\/2024\/09\/Polling-Station-1024x682.jpg\" alt=\"Image of polling staff giving ballot paper to voter\" class=\"wp-image-11211 size-full\" srcset=\"https:\/\/www.electoralcommission.ie\/app\/uploads\/2024\/09\/Polling-Station-1024x682.jpg 1024w, https:\/\/www.electoralcommission.ie\/app\/uploads\/2024\/09\/Polling-Station-300x200.jpg 300w, https:\/\/www.electoralcommission.ie\/app\/uploads\/2024\/09\/Polling-Station-768x511.jpg 768w, https:\/\/www.electoralcommission.ie\/app\/uploads\/2024\/09\/Polling-Station.jpg 1199w\" sizes=\"auto, (max-width: 1024px) 100vw, 1024px\" \/><\/figure><\/div>\n","protected":false},"excerpt":{"rendered":"<p>Mar chuid d\u00e1r n-obair, faoin Acht um Athch\u00f3iri\u00fa Toghch\u00e1in 2022, cuirimid cl\u00e1ir oideachas\u00fala agus faisn\u00e9ise ar f\u00e1il chun feasacht an phobail ar phr\u00f3isis toghch\u00e1in agus dhaonlathacha an St\u00e1it a chur chun cinn, mar aon lena rannph\u00e1irt\u00edocht iontu, agus spreagaimid an pobal chun v\u00f3t\u00e1il in imeachta\u00ed toghch\u00e1in. T\u00e1 neart eolais sna leathanaigh at\u00e1 nasctha th\u00edos faoi &hellip; <a href=\"https:\/\/www.electoralcommission.ie\/ga\/mol-foghlama\/\">Continued<\/a><\/p>\n","protected":false},"author":20,"featured_media":9107,"parent":0,"menu_order":0,"comment_status":"closed","ping_status":"closed","template":"","meta":{"_acf_changed":false,"_relevanssi_hide_post":"","_relevanssi_hide_content":"","_relevanssi_pin_for_all":"","_relevanssi_pin_keywords":"","_relevanssi_unpin_keywords":"","_relevanssi_related_keywords":"","_relevanssi_related_include_ids":"","_relevanssi_related_exclude_ids":"","_relevanssi_related_no_append":"","_relevanssi_related_not_related":"","_relevanssi_related_posts":"5671,9578,10848,6474,11320,5025","_relevanssi_noindex_reason":"","_uag_custom_page_level_css":"","footnotes":""},"class_list":["post-8989","page","type-page","status-publish","has-post-thumbnail","hentry"],"acf":[],"yoast_head":"<!-- This site is optimized with the Yoast SEO plugin v27.5 - https:\/\/yoast.com\/product\/yoast-seo-wordpress\/ -->\n<title>Mol foghlama - Coimisi\u00fan Toghch\u00e1in<\/title>\n<meta name=\"robots\" content=\"index, follow, max-snippet:-1, max-image-preview:large, max-video-preview:-1\" \/>\n<link rel=\"canonical\" href=\"https:\/\/www.electoralcommission.ie\/ga\/mol-foghlama\/\" \/>\n<meta property=\"og:locale\" content=\"ga_IE\" \/>\n<meta property=\"og:type\" content=\"article\" \/>\n<meta property=\"og:title\" content=\"Mol foghlama - Coimisi\u00fan Toghch\u00e1in\" \/>\n<meta property=\"og:description\" content=\"Mar chuid d\u00e1r n-obair, faoin Acht um Athch\u00f3iri\u00fa Toghch\u00e1in 2022, cuirimid cl\u00e1ir oideachas\u00fala agus faisn\u00e9ise ar f\u00e1il chun feasacht an phobail ar phr\u00f3isis toghch\u00e1in agus dhaonlathacha an St\u00e1it a chur chun cinn, mar aon lena rannph\u00e1irt\u00edocht iontu, agus spreagaimid an pobal chun v\u00f3t\u00e1il in imeachta\u00ed toghch\u00e1in. T\u00e1 neart eolais sna leathanaigh at\u00e1 nasctha th\u00edos faoi &hellip; Continued\" \/>\n<meta property=\"og:url\" content=\"https:\/\/www.electoralcommission.ie\/ga\/mol-foghlama\/\" \/>\n<meta property=\"og:site_name\" content=\"Coimisi\u00fan Toghch\u00e1in\" \/>\n<meta property=\"article:modified_time\" content=\"2024-11-05T17:23:25+00:00\" \/>\n<meta property=\"og:image\" content=\"https:\/\/cdn.electoralcommission.ie\/app\/uploads\/2024\/04\/26153307\/An-Coimisiu%CC%81n-Toghcha%CC%81in-510-scaled.jpg\" \/>\n\t<meta property=\"og:image:width\" content=\"2560\" \/>\n\t<meta property=\"og:image:height\" content=\"1707\" \/>\n\t<meta property=\"og:image:type\" content=\"image\/jpeg\" \/>\n<meta name=\"twitter:card\" content=\"summary_large_image\" \/>\n<meta name=\"twitter:label1\" content=\"Est. reading time\" \/>\n\t<meta name=\"twitter:data1\" content=\"2 minutes\" \/>\n<script type=\"application\/ld+json\" class=\"yoast-schema-graph\">{\"@context\":\"https:\\\/\\\/schema.org\",\"@graph\":[{\"@type\":\"WebPage\",\"@id\":\"https:\\\/\\\/www.electoralcommission.ie\\\/ga\\\/mol-foghlama\\\/\",\"url\":\"https:\\\/\\\/www.electoralcommission.ie\\\/ga\\\/mol-foghlama\\\/\",\"name\":\"Mol foghlama - Coimisi\u00fan Toghch\u00e1in\",\"isPartOf\":{\"@id\":\"https:\\\/\\\/www.electoralcommission.ie\\\/ga\\\/#website\"},\"primaryImageOfPage\":{\"@id\":\"https:\\\/\\\/www.electoralcommission.ie\\\/ga\\\/mol-foghlama\\\/#primaryimage\"},\"image\":{\"@id\":\"https:\\\/\\\/www.electoralcommission.ie\\\/ga\\\/mol-foghlama\\\/#primaryimage\"},\"thumbnailUrl\":\"https:\\\/\\\/www.electoralcommission.ie\\\/app\\\/uploads\\\/2024\\\/04\\\/An-Coimisiu\u0301n-Toghcha\u0301in-510-scaled-e1714400831769.jpg\",\"datePublished\":\"2024-04-24T13:07:10+00:00\",\"dateModified\":\"2024-11-05T17:23:25+00:00\",\"breadcrumb\":{\"@id\":\"https:\\\/\\\/www.electoralcommission.ie\\\/ga\\\/mol-foghlama\\\/#breadcrumb\"},\"inLanguage\":\"ga-IE\",\"potentialAction\":[{\"@type\":\"ReadAction\",\"target\":[\"https:\\\/\\\/www.electoralcommission.ie\\\/ga\\\/mol-foghlama\\\/\"]}]},{\"@type\":\"ImageObject\",\"inLanguage\":\"ga-IE\",\"@id\":\"https:\\\/\\\/www.electoralcommission.ie\\\/ga\\\/mol-foghlama\\\/#primaryimage\",\"url\":\"https:\\\/\\\/www.electoralcommission.ie\\\/app\\\/uploads\\\/2024\\\/04\\\/An-Coimisiu\u0301n-Toghcha\u0301in-510-scaled-e1714400831769.jpg\",\"contentUrl\":\"https:\\\/\\\/www.electoralcommission.ie\\\/app\\\/uploads\\\/2024\\\/04\\\/An-Coimisiu\u0301n-Toghcha\u0301in-510-scaled-e1714400831769.jpg\",\"width\":2560,\"height\":1707},{\"@type\":\"BreadcrumbList\",\"@id\":\"https:\\\/\\\/www.electoralcommission.ie\\\/ga\\\/mol-foghlama\\\/#breadcrumb\",\"itemListElement\":[{\"@type\":\"ListItem\",\"position\":1,\"name\":\"Baile\",\"item\":\"https:\\\/\\\/www.electoralcommission.ie\\\/ga\\\/\"},{\"@type\":\"ListItem\",\"position\":2,\"name\":\"Mol foghlama\"}]},{\"@type\":\"WebSite\",\"@id\":\"https:\\\/\\\/www.electoralcommission.ie\\\/ga\\\/#website\",\"url\":\"https:\\\/\\\/www.electoralcommission.ie\\\/ga\\\/\",\"name\":\"Coimisi\u00fan Toghch\u00e1in\",\"description\":\"Ireland&#039;s Statutory, Independent Electoral Commission\",\"potentialAction\":[{\"@type\":\"SearchAction\",\"target\":{\"@type\":\"EntryPoint\",\"urlTemplate\":\"https:\\\/\\\/www.electoralcommission.ie\\\/ga\\\/?s={search_term_string}\"},\"query-input\":{\"@type\":\"PropertyValueSpecification\",\"valueRequired\":true,\"valueName\":\"search_term_string\"}}],\"inLanguage\":\"ga-IE\"}]}<\/script>\n<!-- \/ Yoast SEO plugin. -->","yoast_head_json":{"title":"Mol foghlama - Coimisi\u00fan Toghch\u00e1in","robots":{"index":"index","follow":"follow","max-snippet":"max-snippet:-1","max-image-preview":"max-image-preview:large","max-video-preview":"max-video-preview:-1"},"canonical":"https:\/\/www.electoralcommission.ie\/ga\/mol-foghlama\/","og_locale":"ga_IE","og_type":"article","og_title":"Mol foghlama - Coimisi\u00fan Toghch\u00e1in","og_description":"Mar chuid d\u00e1r n-obair, faoin Acht um Athch\u00f3iri\u00fa Toghch\u00e1in 2022, cuirimid cl\u00e1ir oideachas\u00fala agus faisn\u00e9ise ar f\u00e1il chun feasacht an phobail ar phr\u00f3isis toghch\u00e1in agus dhaonlathacha an St\u00e1it a chur chun cinn, mar aon lena rannph\u00e1irt\u00edocht iontu, agus spreagaimid an pobal chun v\u00f3t\u00e1il in imeachta\u00ed toghch\u00e1in. T\u00e1 neart eolais sna leathanaigh at\u00e1 nasctha th\u00edos faoi &hellip; Continued","og_url":"https:\/\/www.electoralcommission.ie\/ga\/mol-foghlama\/","og_site_name":"Coimisi\u00fan Toghch\u00e1in","article_modified_time":"2024-11-05T17:23:25+00:00","og_image":[{"width":2560,"height":1707,"url":"https:\/\/cdn.electoralcommission.ie\/app\/uploads\/2024\/04\/26153307\/An-Coimisiu%CC%81n-Toghcha%CC%81in-510-scaled.jpg","type":"image\/jpeg"}],"twitter_card":"summary_large_image","twitter_misc":{"Est. reading time":"2 minutes"},"schema":{"@context":"https:\/\/schema.org","@graph":[{"@type":"WebPage","@id":"https:\/\/www.electoralcommission.ie\/ga\/mol-foghlama\/","url":"https:\/\/www.electoralcommission.ie\/ga\/mol-foghlama\/","name":"Mol foghlama - Coimisi\u00fan Toghch\u00e1in","isPartOf":{"@id":"https:\/\/www.electoralcommission.ie\/ga\/#website"},"primaryImageOfPage":{"@id":"https:\/\/www.electoralcommission.ie\/ga\/mol-foghlama\/#primaryimage"},"image":{"@id":"https:\/\/www.electoralcommission.ie\/ga\/mol-foghlama\/#primaryimage"},"thumbnailUrl":"https:\/\/www.electoralcommission.ie\/app\/uploads\/2024\/04\/An-Coimisiu\u0301n-Toghcha\u0301in-510-scaled-e1714400831769.jpg","datePublished":"2024-04-24T13:07:10+00:00","dateModified":"2024-11-05T17:23:25+00:00","breadcrumb":{"@id":"https:\/\/www.electoralcommission.ie\/ga\/mol-foghlama\/#breadcrumb"},"inLanguage":"ga-IE","potentialAction":[{"@type":"ReadAction","target":["https:\/\/www.electoralcommission.ie\/ga\/mol-foghlama\/"]}]},{"@type":"ImageObject","inLanguage":"ga-IE","@id":"https:\/\/www.electoralcommission.ie\/ga\/mol-foghlama\/#primaryimage","url":"https:\/\/www.electoralcommission.ie\/app\/uploads\/2024\/04\/An-Coimisiu\u0301n-Toghcha\u0301in-510-scaled-e1714400831769.jpg","contentUrl":"https:\/\/www.electoralcommission.ie\/app\/uploads\/2024\/04\/An-Coimisiu\u0301n-Toghcha\u0301in-510-scaled-e1714400831769.jpg","width":2560,"height":1707},{"@type":"BreadcrumbList","@id":"https:\/\/www.electoralcommission.ie\/ga\/mol-foghlama\/#breadcrumb","itemListElement":[{"@type":"ListItem","position":1,"name":"Baile","item":"https:\/\/www.electoralcommission.ie\/ga\/"},{"@type":"ListItem","position":2,"name":"Mol foghlama"}]},{"@type":"WebSite","@id":"https:\/\/www.electoralcommission.ie\/ga\/#website","url":"https:\/\/www.electoralcommission.ie\/ga\/","name":"Coimisi\u00fan Toghch\u00e1in","description":"Ireland&#039;s Statutory, Independent Electoral Commission","potentialAction":[{"@type":"SearchAction","target":{"@type":"EntryPoint","urlTemplate":"https:\/\/www.electoralcommission.ie\/ga\/?s={search_term_string}"},"query-input":{"@type":"PropertyValueSpecification","valueRequired":true,"valueName":"search_term_string"}}],"inLanguage":"ga-IE"}]}},"uagb_featured_image_src":{"full":["https:\/\/www.electoralcommission.ie\/app\/uploads\/2024\/04\/An-Coimisiu\u0301n-Toghcha\u0301in-510-scaled-e1714400831769.jpg",2560,1707,false],"thumbnail":["https:\/\/www.electoralcommission.ie\/app\/uploads\/2024\/04\/An-Coimisiu\u0301n-Toghcha\u0301in-510-355x210.jpg",355,210,true],"medium":["https:\/\/www.electoralcommission.ie\/app\/uploads\/2024\/04\/An-Coimisiu\u0301n-Toghcha\u0301in-510-300x200.jpg",300,200,true],"medium_large":["https:\/\/www.electoralcommission.ie\/app\/uploads\/2024\/04\/An-Coimisiu\u0301n-Toghcha\u0301in-510-768x512.jpg",768,512,true],"large":["https:\/\/www.electoralcommission.ie\/app\/uploads\/2024\/04\/An-Coimisiu\u0301n-Toghcha\u0301in-510-1024x683.jpg",1024,683,true],"1536x1536":["https:\/\/www.electoralcommission.ie\/app\/uploads\/2024\/04\/An-Coimisiu\u0301n-Toghcha\u0301in-510-1536x1024.jpg",1536,1024,true],"2048x2048":["https:\/\/www.electoralcommission.ie\/app\/uploads\/2024\/04\/An-Coimisiu\u0301n-Toghcha\u0301in-510-2048x1365.jpg",2048,1365,true],"gform-image-choice-sm":["https:\/\/www.electoralcommission.ie\/app\/uploads\/2024\/04\/An-Coimisiu\u0301n-Toghcha\u0301in-510-scaled-e1714400831769.jpg",300,200,false],"gform-image-choice-md":["https:\/\/www.electoralcommission.ie\/app\/uploads\/2024\/04\/An-Coimisiu\u0301n-Toghcha\u0301in-510-scaled-e1714400831769.jpg",400,267,false],"gform-image-choice-lg":["https:\/\/www.electoralcommission.ie\/app\/uploads\/2024\/04\/An-Coimisiu\u0301n-Toghcha\u0301in-510-scaled-e1714400831769.jpg",600,400,false]},"uagb_author_info":{"display_name":"Annmarie Power","author_link":"https:\/\/www.electoralcommission.ie\/ga\/author\/annmarie-power\/"},"uagb_comment_info":0,"uagb_excerpt":"Mar chuid d\u00e1r n-obair, faoin Acht um Athch\u00f3iri\u00fa Toghch\u00e1in 2022, cuirimid cl\u00e1ir oideachas\u00fala agus faisn\u00e9ise ar f\u00e1il chun feasacht an phobail ar phr\u00f3isis toghch\u00e1in agus dhaonlathacha an St\u00e1it a chur chun cinn, mar aon lena rannph\u00e1irt\u00edocht iontu, agus spreagaimid an pobal chun v\u00f3t\u00e1il in imeachta\u00ed toghch\u00e1in. T\u00e1 neart eolais sna leathanaigh at\u00e1 nasctha th\u00edos faoi&hellip;","_links":{"self":[{"href":"https:\/\/www.electoralcommission.ie\/ga\/wp-json\/wp\/v2\/pages\/8989","targetHints":{"allow":["GET"]}}],"collection":[{"href":"https:\/\/www.electoralcommission.ie\/ga\/wp-json\/wp\/v2\/pages"}],"about":[{"href":"https:\/\/www.electoralcommission.ie\/ga\/wp-json\/wp\/v2\/types\/page"}],"author":[{"embeddable":true,"href":"https:\/\/www.electoralcommission.ie\/ga\/wp-json\/wp\/v2\/users\/20"}],"replies":[{"embeddable":true,"href":"https:\/\/www.electoralcommission.ie\/ga\/wp-json\/wp\/v2\/comments?post=8989"}],"version-history":[{"count":21,"href":"https:\/\/www.electoralcommission.ie\/ga\/wp-json\/wp\/v2\/pages\/8989\/revisions"}],"predecessor-version":[{"id":11676,"href":"https:\/\/www.electoralcommission.ie\/ga\/wp-json\/wp\/v2\/pages\/8989\/revisions\/11676"}],"wp:featuredmedia":[{"embeddable":true,"href":"https:\/\/www.electoralcommission.ie\/ga\/wp-json\/wp\/v2\/media\/9107"}],"wp:attachment":[{"href":"https:\/\/www.electoralcommission.ie\/ga\/wp-json\/wp\/v2\/media?parent=8989"}],"curies":[{"name":"wp","href":"https:\/\/api.w.org\/{rel}","templated":true}]}}