
{"id":9321,"date":"2024-04-05T12:25:46","date_gmt":"2024-04-05T11:25:46","guid":{"rendered":"https:\/\/www.electoralcommission.ie\/toghchain-do-pharlaimint-na-heorpa\/"},"modified":"2025-08-15T15:37:52","modified_gmt":"2025-08-15T14:37:52","slug":"toghchain-do-pharlaimint-na-heorpa","status":"publish","type":"page","link":"https:\/\/www.electoralcommission.ie\/ga\/toghchain-do-pharlaimint-na-heorpa\/","title":{"rendered":"Toghch\u00e1in do Pharlaimint na hEorpa"},"content":{"rendered":"\n<p>B\u00edonn toghch\u00e1in do Pharlaimint na hEorpa ar si\u00fal in \u00c9irinn gach c\u00faig bliana. Bh\u00ed na toghch\u00e1in Eorpacha is deireana\u00ed ar si\u00fal in \u00c9irinn D\u00e9 hAoine, 7 Meitheamh 2024.<\/p>\n\n\n\n<p>Sna toghch\u00e1in sin, roghn\u00f3idh saor\u00e1naigh an Aontais Eorpaigh a bhfuil c\u00f3na\u00ed orthu in \u00c9irinn Feisir\u00ed de Pharlaimint na hEorpa a dh\u00e9anfaidh ionada\u00edocht ar a leasanna i bParlaimint na hEorpa.<\/p>\n\n\n\n<p> I dteannta na n-ionadaithe rialtais \u00f3 27 Ballst\u00e1t an Aontais Eorpaigh (AE), m\u00fanla\u00edonn agus cinneann na Feisir\u00ed dl\u00edthe nua a th\u00e9ann i bhfeidhm ar dhaoine ar fud an Aontais.<\/p>\n\n\n\n<p>Toghtar Feisir\u00ed de Pharlaimint na hEorpa de r\u00e9ir na gc\u00f3ras toghch\u00e1in n\u00e1isi\u00fanta. In \u00c9irinn, \u00fas\u00e1idimid ionada\u00edocht chionmhar le haonv\u00f3ta inaistrithe, PR-STV (nasc chuig an leathanach \u00c1r gc\u00f3ras v\u00f3t\u00e1la). Toghfaidh lucht v\u00f3t\u00e1la na h\u00c9ireann 14 Fheisire de Pharlaimint na hEorpa in 2024, duine breise le hais thoghch\u00e1in 2019. Toghfar 720 Feisire san ioml\u00e1n i m\u00ed an Mheithimh 2024.<\/p>\n\n\n\n<p>Rinne an Coimisi\u00fan Toghch\u00e1in <strong>athbhreithni\u00fa<\/strong> ar na toghlaigh le haghaidh thoghch\u00e1in Pharlaimint na hEorpa i m\u00ed na Samhna 2023. Mar thoradh air sin, sannadh Feisire amh\u00e1in breise do Thoghlach athbhreithnithe an L\u00e1ir T\u00edre \u2013 an Iarthuaiscirt.<\/p>\n\n\n\n<p>Roinntear \u00c9ire ina tr\u00ed thoghlach le haghaidh thoghch\u00e1in na hEorpa:<\/p>\n\n\n\n<ul class=\"wp-block-list\">\n<li>Baile \u00c1tha Cliath \u2013 toghtar ceathrar (4) Feisir\u00ed<\/li>\n\n\n\n<li>An Deisceart \u2013 toghtar c\u00faigear (5) Feisir\u00ed<\/li>\n\n\n\n<li>An L\u00e1r T\u00edre \u2013 an tIarthuaisceart \u2013 toghtar c\u00faigear (5) Feisir\u00ed<\/li>\n<\/ul>\n\n\n\n<p>Tugtar <em>Ceann Comhairimh<\/em> ar an t\u00e9 a bh\u00edonn freagrach as an toghch\u00e1n a sti\u00faradh ar l\u00e1 na v\u00f3t\u00e1la i ngach toghlach.<\/p>\n\n\n\n<p>Re\u00e1cht\u00e1lfar na ch\u00e9ad toghch\u00e1in Eorpacha eile in 2029.<\/p>\n\n\n\n<div style=\"height:31px\" aria-hidden=\"true\" class=\"wp-block-spacer\"><\/div>\n\n\n\n<div class=\"wp-block-uagb-advanced-heading uagb-block-314f8e57\"><h2 class=\"uagb-heading-text\"><strong>Ullmh\u00fa chun v\u00f3ta a chaitheamh i dtoghch\u00e1n Eorpach<\/strong><\/h2><div class=\"uagb-separator\"><\/div><\/div>\n\n\n\n<p>F\u00e9adfaidh saor\u00e1naigh \u00c9ireannacha a ch\u00f3na\u00edonn i mBallst\u00e1t AE eile v\u00f3ta a chaitheamh sa t\u00edr sin.<\/p>\n\n\n\n<p>F\u00e9adfaidh t\u00fa v\u00f3ta a chaitheamh sa toghch\u00e1n Eorpach in \u00c9irinn. Chun \u00e9 sin a dh\u00e9anamh, n\u00ed m\u00f3r do d\u2019ainm a bheith ar&nbsp;<a href=\"http:\/\/www.checktheregister.ie\/\">chl\u00e1r na dtoghth\u00f3ir\u00ed<\/a>. M\u00e1s saor\u00e1nach an AE th\u00fa, ach n\u00edl t\u00fa cl\u00e1raithe chun v\u00f3ta a chaitheamh ag toghch\u00e1n na hEorpa roimhe seo in \u00c9irinn, n\u00ed m\u00f3r duit iarratas a chur isteach ar chl\u00e1r\u00fa agus foirm dhearbh\u00fach\u00e1in reacht\u00fail, EP1 (ar f\u00e1il \u00f3 d\u2019\u00fadar\u00e1s \u00e1iti\u00fail) a chur i gcr\u00edch.<\/p>\n\n\n\n<p>Sna toghch\u00e1in Eorpacha, n\u00ed fh\u00e9adfaidh t\u00fa v\u00f3ta a chaitheamh i n\u00edos m\u00f3 n\u00e1 toghlach n\u00e1 t\u00edr amh\u00e1in.<\/p>\n\n\n\n<ul class=\"wp-block-list\">\n<li>T\u00e1 an spriocdh\u00e1ta le cl\u00e1r\u00fa agus le do chuid sonra\u00ed a uasd\u00e1t\u00fa le v\u00f3t\u00e1il i bpearsan sna toghch\u00e1in ar an 7 Meitheamh thart anois (20 Bealtaine).<\/li>\n<\/ul>\n\n\n\n<ul class=\"wp-block-list\">\n<li>T\u00e1 an spriocdh\u00e1ta i gcomhair socruithe v\u00f3ta\u00ed poist agus speisialta do na toghch\u00e1in ar an 7 Meitheamh thart anois (11 Bealtaine).<\/li>\n<\/ul>\n\n\n\n<p>L\u00e9igh tuilleadh faoi na crit\u00e9ir inch\u00e1ilitheachta le haghaidh <strong><a href=\"https:\/\/www.electoralcommission.ie\/ga\/ceisteanna-coitianta-ccanna\/#GetPostalVote\">postv\u00f3t\u00e1la<\/a><\/strong> agus v\u00f3t\u00e1il <strong><a href=\"https:\/\/www.electoralcommission.ie\/ga\/ceisteanna-coitianta-ccanna\/#GetSpecialVoter\">speisialta<\/a><\/strong>.<\/p>\n\n\n\n<div style=\"height:42px\" aria-hidden=\"true\" class=\"wp-block-spacer\"><\/div>\n\n\n\n<div class=\"wp-block-uagb-advanced-heading uagb-block-7b4f4c43\"><h2 class=\"uagb-heading-text\"><strong>V\u00f3ta a chaitheamh sna toghch\u00e1in Eorpacha<\/strong><\/h2><div class=\"uagb-separator\"><\/div><\/div>\n\n\n\n<p>Nuair a shroichfidh t\u00fa do st\u00e1isi\u00fan v\u00f3t\u00e1la, iarrfar d\u2019ainm agus do sheoladh ort. D\u2019fh\u00e9adfa\u00ed foirm bhail\u00ed de chruth\u00fanas aitheantais a iarraidh ort freisin.<\/p>\n\n\n\n<p>Beidh liosta ainmneacha, in ord aib\u00edtre, ar an bp\u00e1ip\u00e9ar ball\u00f3ide, chomh maith le suaitheantas na bp\u00e1irtithe agus \u00edomh\u00e1 de gach iarrth\u00f3ir. Beidh bosca in aice le hainm gach iarrth\u00f3ra, ar thaobh na l\u00e1imhe deise. Marc\u00e1lfaidh t\u00fa do rogha v\u00f3ta do gach iarrth\u00f3ir sa bhosca sin.<\/p>\n\n\n\n<p>Scr\u00edobhfaidh t\u00fa \u20181\u2019 sa bhosca in aice le hainm an ch\u00e9ad iarrth\u00f3ra is rogha leat, agus, m\u00e1s maith leat, \u20182\u2019 sa bhosca in aice le do dhara rogha, \u20183\u2019 sa bhosca in aice le do tr\u00ed\u00fa rogha, agus mar sin de.<\/p>\n\n\n\n<ul class=\"wp-block-list\">\n<li>Nuair a scr\u00edobhann t\u00fa \u20181\u2019 in aice le hiarrth\u00f3ir, is ionann sin agus a r\u00e1 \u2018Is mian liom v\u00f3ta a chaitheamh don iarrth\u00f3ir seo.\u2019<\/li>\n<\/ul>\n\n\n\n<ul class=\"wp-block-list\">\n<li>Nuair a scr\u00edobhann t\u00fa \u20182\u2019 in aice le hiarrth\u00f3ir, is ionann sin agus a r\u00e1 \u2018Mura dteasta\u00edonn mo v\u00f3ta \u00f3n gc\u00e9ad iarrth\u00f3ir is rogha liom mar gur toghadh iad n\u00f3 go ndearnadh iad a eisiamh \u00f3n gcomhaireamh, is mian liom mo v\u00f3ta a thabhairt don dara hiarrth\u00f3ir seo.\u2019<\/li>\n<\/ul>\n\n\n\n<ul class=\"wp-block-list\">\n<li>Nuair a scr\u00edobhann t\u00fa \u20183\u2019 in aice le hiarrth\u00f3ir, is ionann sin agus a r\u00e1 \u2018Mura dteasta\u00edonn mo v\u00f3ta \u00f3n gc\u00e9ad iarrth\u00f3ir n\u00e1 \u00f3n dara hiarrth\u00f3ir is rogha liom, is mian liom mo v\u00f3ta a thabhairt don tr\u00ed\u00fa hiarrth\u00f3ir seo.\u2019<\/li>\n<\/ul>\n\n\n\n<p>Tugann an c\u00f3ras v\u00f3t\u00e1la seo raon leathan roghanna duit. F\u00e9adfaidh t\u00fa go leor iarrth\u00f3ir\u00ed difri\u00fala a roghn\u00fa, agus iad a mharc\u00e1il in ord tosa\u00edochta. F\u00e9adfaidh t\u00fa do rogha a l\u00e9iri\u00fa le haghaidh a mh\u00e9ad n\u00f3 a laghad iarrth\u00f3ir\u00ed agus is mian leat. Is f\u00fatsa at\u00e1 s\u00e9.<\/p>\n\n\n\n<p>Ar gach p\u00e1ip\u00e9ar ball\u00f3ide, b\u00ed cinnte go dtosa\u00edonn t\u00fa le \u20181\u2019, ansin \u20182\u2019, ansin \u20183\u2019 agus mar sin de.\n\nChun a chinnti\u00fa go gcomhairtear do v\u00f3ta, b\u00ed cinnte do roghanna a mharc\u00e1il chomh soil\u00e9ir agus is f\u00e9idir. Mura dteasta\u00edonn uait uimhir a chur le gach iarrth\u00f3ir ar an bp\u00e1ip\u00e9ar ball\u00f3ide, caithfear an bosca in aice le hainm na n-iarrth\u00f3ir\u00ed nach bhfuil t\u00fa ag caitheamh v\u00f3ta ar a son a fh\u00e1g\u00e1il folamh. N\u00e1 cuir aon mharc eile ar an bp\u00e1ip\u00e9ar ball\u00f3ide. M\u00e1 chuireann, d\u2019fh\u00e9adfa\u00ed a mheas go bhfuil do v\u00f3ta neamhbhail\u00ed\/millte agus nach gcomhairf\u00ed \u00e9. T\u00e1 tuilleadh eolais faoi v\u00f3ta\u00ed neamhbhail\u00ed agus na c\u00faiseanna a bhf\u00e9adfa\u00ed v\u00f3ta\/p\u00e1ip\u00e9ar ball\u00f3ide a chaitheamh amach ar \u00e1r leathanach faoi V\u00f3ta\u00ed Neamhbhail\u00ed.<\/p>\n\n\n\n<p>M\u00e1 t\u00e1 lag\u00fa radhairc ort, beidh&nbsp;<a href=\"https:\/\/www.electoralcommission.ie\/ga\/votail-inrochtana\/#BallotPaperTemplate\">Teimpl\u00e9ad P\u00e1ip\u00e9ir Ball\u00f3ide<\/a>&nbsp;ar f\u00e1il i ngach st\u00e1isi\u00fan v\u00f3t\u00e1la agus is f\u00e9idir leat \u00e9 sin a \u00fas\u00e1id chun do v\u00f3ta a chaitheamh.<\/p>\n\n\n\n<p>M\u00e1 t\u00e1 lag\u00fa radhairc ort, beidh Teimpl\u00e9ad P\u00e1ip\u00e9ir Ball\u00f3ide ar f\u00e1il i ngach st\u00e1isi\u00fan v\u00f3t\u00e1la agus is f\u00e9idir leat \u00e9 sin a \u00fas\u00e1id chun do v\u00f3ta a chaitheamh.<\/p>\n\n\n\n<div style=\"height:42px\" aria-hidden=\"true\" class=\"wp-block-spacer\"><\/div>\n\n\n\n<div class=\"wp-block-uagb-advanced-heading uagb-block-e07af625\"><h2 class=\"uagb-heading-text\"><strong>Eolas ilteangach faoi v\u00f3t\u00e1il<\/strong><\/h2><div class=\"uagb-separator\"><\/div><\/div>\n\n\n\n<p>F\u00e9ach ar <a href=\"https:\/\/www.electoralcommission.ie\/multilingual-voting-information\/\"><strong>eolas ilteangach<\/strong><\/a> faoi v\u00f3ta a chaitheamh i dtoghch\u00e1in in \u00c9irinn.<\/p>\n\n\n\n<div style=\"height:42px\" aria-hidden=\"true\" class=\"wp-block-spacer\"><\/div>\n\n\n\n<div class=\"wp-block-uagb-advanced-heading uagb-block-dc2faead\"><h2 class=\"uagb-heading-text\">P\u00e1ip\u00e9ir Bhall\u00f3ide Shamplacha do na Toghch\u00e1in Eorpacha<\/h2><div class=\"uagb-separator\"><\/div><\/div>\n\n\n\n<p>Gheobhaidh na v\u00f3t\u00e1laithe p\u00e1ip\u00e9ar ball\u00f3ide amh\u00e1in le haghaidh Pharlaimint na hEorpa. Braithfidh an p\u00e1ip\u00e9ar a gheobhaidh t\u00fa ar an toghlach ina bhfuil c\u00f3na\u00ed ort.<\/p>\n\n\n\n<p>Is iad na tr\u00ed thoghlach:<\/p>\n\n\n\n<ul class=\"wp-block-list\">\n<li>An L\u00e1r T\u00edre \u2013 an tIarthuaisceart<\/li>\n\n\n\n<li>An Deisceart, agus <\/li>\n\n\n\n<li>Baile \u00c1tha Cliath<\/li>\n<\/ul>\n\n\n\n<p>T\u00e1 c\u00faig shu\u00edoch\u00e1n i dtoghlach an L\u00e1ir T\u00edre \u2013 an Iarthuaiscirt; toghtar c\u00faigear Feisir\u00ed de Pharlaimint do hEorpa a dh\u00e9anann ionada\u00edocht ar chontaetha an Chabh\u00e1in, Chill Dara, Dh\u00fan na nGall, na Gaillimhe, na hIarmh\u00ed, Laoise, Liatroma, an Longfoirt, L\u00fa, Mhaigh Eo, na M\u00ed, Mhuineach\u00e1in, Ros Com\u00e1in, Shligigh agus U\u00edbh Fhail\u00ed. M\u00e1 t\u00e1 t\u00fa inch\u00e1ilithe agus ar Chl\u00e1r na dToghth\u00f3ir\u00ed, gheobhaidh t\u00fa p\u00e1ip\u00e9ar ball\u00f3ide le haghaidh thoghlach an L\u00e1ir T\u00edre \u2013 an Iarthuaiscirt le haghaidh thoghch\u00e1in Pharlaimint na hEorpa, chomh maith le p\u00e1ip\u00e9ar ball\u00f3ide chun v\u00f3ta a chaitheamh sna toghch\u00e1in \u00e1iti\u00fala. <\/p>\n\n\n\n<p>T\u00e1 c\u00faig shu\u00edoch\u00e1n i dtoghlach an Deiscirt; toghtar c\u00faigear Feisir\u00ed de Pharlaimint do hEorpa a dh\u00e9anann ionada\u00edocht ar contaetha Cheatharlach, Chiarra\u00ed, Chill Chainnigh, Chill Mhant\u00e1in, an Chl\u00e1ir, Chorca\u00ed, Loch Garman, Luimnigh, Phort L\u00e1irge agus Thiobraid \u00c1rann. D\u00e1 bhr\u00ed sin, m\u00e1 t\u00e1 t\u00fa inch\u00e1ilithe chun v\u00f3ta a chaitheamh agus ar Chl\u00e1r na dToghth\u00f3ir\u00ed, gheobhaidh t\u00fa p\u00e1ip\u00e9ar ball\u00f3ide le haghaidh thoghlach an Deiscirt le haghaidh thoghch\u00e1in Pharlaimint na hEorpa, chomh maith le p\u00e1ip\u00e9ar ball\u00f3ide le haghaidh do toghlimist\u00e9ir \u00e1iti\u00fail chun v\u00f3ta a chaitheamh sna toghch\u00e1in \u00e1iti\u00fala. M\u00e1 v\u00f3t\u00e1lann t\u00fa i Luimneach, gheobhaidh t\u00fa an tr\u00ed\u00fa p\u00e1ip\u00e9ar ball\u00f3ide le haghaidh m\u00e9ara d\u00edrthofa.<\/p>\n\n\n\n<p>T\u00e1 ceithre shu\u00edoch\u00e1n i dtoghlach Bhaile \u00c1tha Cliath; toghfar ceathrar iarrth\u00f3ir\u00ed chun ionada\u00edocht a dh\u00e9anamh ar an toghlach seo. M\u00e1 t\u00e1 t\u00fa inch\u00e1ilithe agus ar Chl\u00e1r na dToghth\u00f3ir\u00ed i mBaile \u00c1tha Cliath, gheobhaidh t\u00fa p\u00e1ip\u00e9ar ball\u00f3ide le haghaidh thoghlach Bhaile \u00c1tha Cliath le haghaidh thoghch\u00e1in Pharlaimint na hEorpa, chomh maith le p\u00e1ip\u00e9ar ball\u00f3ide chun v\u00f3ta a chaitheamh sna toghch\u00e1in \u00e1iti\u00fala. <\/p>\n\n\n\n<p>T\u00e1 eolas faoin gcaoi le do ph\u00e1ip\u00e9ar ball\u00f3ide a l\u00edonadh isteach i gceart ar \u00e1r leathanach \u2018<a href=\"https:\/\/www.electoralcommission.ie\/ga\/ca-hait-le-votail\/\">C\u00e9n chaoi a gcaitear v\u00f3ta<\/a>?\u2019.<\/p>\n\n\n\n<p>T\u00e1 tuilleadh eolais faoi theorainneacha Pharlaimint na hEorpa ar \u00e1r leathanach faoi <a href=\"https:\/\/www.electoralcommission.ie\/ga\/molann-athbhreithniu-ar-dhailcheantair-agus-toghlaigh-do-pharlaimint-na-heorpa\/\">Athbhreithnithe ar Thoghcheantair agus Teorainneacha Toghch\u00e1in<\/a>.<\/p>\n\n\n\n<div class=\"wp-block-uagb-advanced-heading uagb-block-1f208593\"><h2 class=\"uagb-heading-text\">P\u00e1ip\u00e9ir Bhall\u00f3ide Shamplacha do na Toghch\u00e1in Eorpacha<\/h2><div class=\"uagb-separator\"><\/div><\/div>\n\n\n<div class=\"wp-block-uagb-faq uagb-faq__outer-wrap uagb-block-72fee511 uagb-faq-icon-row uagb-faq-layout-accordion uagb-faq-expand-first-true uagb-faq-inactive-other-true uagb-faq__wrap uagb-buttons-layout-wrap uagb-faq-equal-height     \" data-faqtoggle=\"true\" role=\"tablist\"><div class=\"wp-block-uagb-faq-child uagb-faq-child__outer-wrap uagb-faq-item uagb-block-00110fee \" role=\"tab\" tabindex=\"0\"><div class=\"uagb-faq-questions-button uagb-faq-questions\">\t\t\t<span class=\"uagb-icon uagb-faq-icon-wrap\">\n\t\t\t\t\t\t\t\t<svg xmlns=\"https:\/\/www.w3.org\/2000\/svg\" viewBox= \"0 0 448 512\"><path d=\"M432 256c0 17.69-14.33 32.01-32 32.01H256v144c0 17.69-14.33 31.99-32 31.99s-32-14.3-32-31.99v-144H48c-17.67 0-32-14.32-32-32.01s14.33-31.99 32-31.99H192v-144c0-17.69 14.33-32.01 32-32.01s32 14.32 32 32.01v144h144C417.7 224 432 238.3 432 256z\"><\/path><\/svg>\n\t\t\t\t\t\t\t<\/span>\n\t\t\t\t\t\t<span class=\"uagb-icon-active uagb-faq-icon-wrap\">\n\t\t\t\t\t\t\t\t<svg xmlns=\"https:\/\/www.w3.org\/2000\/svg\" viewBox= \"0 0 448 512\"><path d=\"M400 288h-352c-17.69 0-32-14.32-32-32.01s14.31-31.99 32-31.99h352c17.69 0 32 14.3 32 31.99S417.7 288 400 288z\"><\/path><\/svg>\n\t\t\t\t\t\t\t<\/span>\n\t\t\t<h4 class=\"uagb-question\"><strong><strong><strong><strong>C\u00e9ard iad na toghch\u00e1in do Pharlaimint na hEorpa?<\/strong><\/strong><\/strong><\/strong><\/h4><\/div><div class=\"uagb-faq-content\"><p>D\u00e9anann Parlaimint na hEorpa ionada\u00edocht ar leasanna an 448 milli\u00fan saor\u00e1nach san Aontas Eorpach. T\u00e1 cumhachta\u00ed reachtacha, buis\u00e9adacha agus maoirseachta aici, chomh maith le r\u00f3l t\u00e1bhachtach i m\u00fanl\u00fa reachta\u00edocht an Aontais, bhuis\u00e9ad bliant\u00fail an Aontais, agus i maoirsi\u00fa obair institi\u00faid\u00ed an Aontais, an Coimisi\u00fan Eorpach ina measc. D\u00e9anann saor\u00e1naigh an Aontais Feisir\u00ed de Pharlaimint na hEorpa a thoghadh go d\u00edreach gach c\u00faig bliana. Sanntar su\u00edoch\u00e1in ar bhonn daonra gach Ballst\u00e1it de chuid an Aontais Eorpaigh. N\u00ed bheidh n\u00edos l\u00fa n\u00e1 seisear Feisir\u00ed n\u00e1 n\u00edos m\u00f3 n\u00e1 96 Feisire ag aon t\u00edr amh\u00e1in, agus n\u00ed sh\u00e1r\u00f3idh an t-ioml\u00e1n 750 (m\u00f3ide an tUachtar\u00e1n). Sna toghch\u00e1in Eorpacha is deireana\u00ed a bh\u00ed ar si\u00fal D\u00e9 hAoine, 7 Meitheamh 2024, toghadh 14 Fheisire de Pharlaimint na hEorpa in \u00c9irinn. The Members of the European Parliament are directly elected by EU citizens every 5 years. Seats are allocated on the basis of population of each Member State of the European Union. No country can have fewer than 6 or more than 96 MEPs and the total number cannot exceed 750 (plus the President). In the most recent European elections held on Friday 7 June 2024, Ireland elected 14 MEPs.<\/p><\/div><\/div><div class=\"wp-block-uagb-faq-child uagb-faq-child__outer-wrap uagb-faq-item uagb-block-947916f3 wp-block-uagb-faq-child uagb-faq-child__outer-wrap uagb-faq-item uagb-block-947916f3\" role=\"tab\" tabindex=\"0\"><div class=\"uagb-faq-questions-button uagb-faq-questions\">\t\t\t<span class=\"uagb-icon uagb-faq-icon-wrap\">\n\t\t\t\t\t\t\t\t<svg xmlns=\"https:\/\/www.w3.org\/2000\/svg\" viewBox= \"0 0 448 512\"><path d=\"M432 256c0 17.69-14.33 32.01-32 32.01H256v144c0 17.69-14.33 31.99-32 31.99s-32-14.3-32-31.99v-144H48c-17.67 0-32-14.32-32-32.01s14.33-31.99 32-31.99H192v-144c0-17.69 14.33-32.01 32-32.01s32 14.32 32 32.01v144h144C417.7 224 432 238.3 432 256z\"><\/path><\/svg>\n\t\t\t\t\t\t\t<\/span>\n\t\t\t\t\t\t<span class=\"uagb-icon-active uagb-faq-icon-wrap\">\n\t\t\t\t\t\t\t\t<svg xmlns=\"https:\/\/www.w3.org\/2000\/svg\" viewBox= \"0 0 448 512\"><path d=\"M400 288h-352c-17.69 0-32-14.32-32-32.01s14.31-31.99 32-31.99h352c17.69 0 32 14.3 32 31.99S417.7 288 400 288z\"><\/path><\/svg>\n\t\t\t\t\t\t\t<\/span>\n\t\t\t<h4 class=\"uagb-question\"><strong><strong><strong><strong><strong>C\u00e9 at\u00e1 in ann v\u00f3ta a chaitheamh sna toghch\u00e1in do Pharlaimint na hEorpa?<\/strong><\/strong><\/strong><\/strong><\/strong><\/h4><\/div><div class=\"uagb-faq-content\"><p>T\u00e1 t\u00fa inch\u00e1ilithe v\u00f3t\u00e1il sna toghch\u00e1in Eorpacha in \u00c9irinn m\u00e1 t\u00e1 t\u00fa: \u2013 18 mbliana d\u2019aois n\u00f3 n\u00edos sine \u2013 cl\u00e1raithe le v\u00f3ta a chaitheamh \u2013 i do shaor\u00e1nach \u00c9ireannach n\u00f3 AE a bhfuil gn\u00e1thch\u00f3na\u00ed ort in \u00c9irinn F\u00e9adfaidh saor\u00e1naigh \u00c9ireannacha a ch\u00f3na\u00edonn i mBallst\u00e1it AE eile v\u00f3ta a chaitheamh sa t\u00edr ina bhfuil c\u00f3na\u00ed orthu. M\u00e1s saor\u00e1nach an AE th\u00fa, ach n\u00edl t\u00fa cl\u00e1raithe chun v\u00f3ta a chaitheamh ag toghch\u00e1n na hEorpa roimhe seo in \u00c9irinn, n\u00ed m\u00f3r duit iarratas a chur isteach ar chl\u00e1r\u00fa agus foirm dhearbh\u00fach\u00e1in reacht\u00fail, EP1 (ar f\u00e1il \u00f3 d\u2019\u00fadar\u00e1s \u00e1iti\u00fail) a chur i gcr\u00edch. Seolfar na dearbh\u00fach\u00e1in reacht\u00fala chuig do Bhallst\u00e1t baile lena chinnti\u00fa nach bhfuil dh\u00e1 v\u00f3ta \u00e1 gcaitheamh ag daoine<\/p><\/div><\/div><div class=\"wp-block-uagb-faq-child uagb-faq-child__outer-wrap uagb-faq-item uagb-block-f84f3cae wp-block-uagb-faq-child uagb-faq-child__outer-wrap uagb-faq-item uagb-block-f84f3cae\" role=\"tab\" tabindex=\"0\"><div class=\"uagb-faq-questions-button uagb-faq-questions\">\t\t\t<span class=\"uagb-icon uagb-faq-icon-wrap\">\n\t\t\t\t\t\t\t\t<svg xmlns=\"https:\/\/www.w3.org\/2000\/svg\" viewBox= \"0 0 448 512\"><path d=\"M432 256c0 17.69-14.33 32.01-32 32.01H256v144c0 17.69-14.33 31.99-32 31.99s-32-14.3-32-31.99v-144H48c-17.67 0-32-14.32-32-32.01s14.33-31.99 32-31.99H192v-144c0-17.69 14.33-32.01 32-32.01s32 14.32 32 32.01v144h144C417.7 224 432 238.3 432 256z\"><\/path><\/svg>\n\t\t\t\t\t\t\t<\/span>\n\t\t\t\t\t\t<span class=\"uagb-icon-active uagb-faq-icon-wrap\">\n\t\t\t\t\t\t\t\t<svg xmlns=\"https:\/\/www.w3.org\/2000\/svg\" viewBox= \"0 0 448 512\"><path d=\"M400 288h-352c-17.69 0-32-14.32-32-32.01s14.31-31.99 32-31.99h352c17.69 0 32 14.3 32 31.99S417.7 288 400 288z\"><\/path><\/svg>\n\t\t\t\t\t\t\t<\/span>\n\t\t\t<h4 class=\"uagb-question\"><strong><strong><strong><strong><strong><strong><strong><strong><strong>C\u00e9ard iad toghlaigh Pharlaimint na hEorpa in \u00c9irinn?<\/strong><\/strong><\/strong><\/strong><\/strong><\/strong><\/strong><\/strong><\/strong><\/h4><\/div><div class=\"uagb-faq-content\"><p>T\u00e1 tr\u00ed thoghlach in \u00c9irinn do Pharlaimint na hEorpa: \u2013<strong>1. Baile \u00c1tha Cliath \/ Ceathrar (4)<\/strong>\u00a0Feisir\u00ed: ina bhfuil contaetha Dh\u00fan Laoghaire-R\u00e1th an D\u00fain, Fhine Gall agus \u00c1tha Cliath Theas; agus cathair Bhaile \u00c1tha Cliath; \u2013\u00a0<strong>2. An L\u00e1r T\u00edre \u2013 an tIarthuaisceart \/ C\u00faigear (5)<\/strong>\u00a0Feisir\u00ed: ina bhfuil contaetha an Chabh\u00e1in, Chill Dara, Dh\u00fan na nGall, na Gaillimhe, na hIarmh\u00ed, Laoise, Liatroma, an Longfoirt, L\u00fa, Mhaigh Eo, na M\u00ed, Mhuineach\u00e1in, Ros Com\u00e1in, Shligigh agus U\u00edbh Fhail\u00ed, agus cathair na Gaillimhe \u2013\u00a0<strong>An Deisceart \/ C\u00faigear (5) Feisir\u00ed:<\/strong>\u00a0ina bhfuil contaetha Cheatharlach, Chiarra\u00ed, Chill Chainnigh, Chill Mhant\u00e1in, an Chl\u00e1ir, Chorca\u00ed, Loch Garman agus Thiobraid \u00c1rann; agus cathair Chorca\u00ed, agus cathair agus contae Luimnigh, agus cathair agus contae Phort L\u00e1irge Caitheann gach toghth\u00f3ir v\u00f3ta sa toghlach ina bhfuil siad cl\u00e1raithe. Is f\u00e9idir leat cl\u00e1r\u00fa le v\u00f3t\u00e1il n\u00f3 seice\u00e1il an bhfuil do shonra\u00ed ar chl\u00e1r na dtoghth\u00f3ir\u00ed ceart anseo: www.checktheregister.ie<\/p><\/div><\/div><\/div>\n\n\n<p><\/p>\n\n\n\n<p><\/p>\n","protected":false},"excerpt":{"rendered":"<p>B\u00edonn toghch\u00e1in do Pharlaimint na hEorpa ar si\u00fal in \u00c9irinn gach c\u00faig bliana. Bh\u00ed na toghch\u00e1in Eorpacha is deireana\u00ed ar si\u00fal in \u00c9irinn D\u00e9 hAoine, 7 Meitheamh 2024. Sna toghch\u00e1in sin, roghn\u00f3idh saor\u00e1naigh an Aontais Eorpaigh a bhfuil c\u00f3na\u00ed orthu in \u00c9irinn Feisir\u00ed de Pharlaimint na hEorpa a dh\u00e9anfaidh ionada\u00edocht ar a leasanna i bParlaimint &hellip; <a href=\"https:\/\/www.electoralcommission.ie\/ga\/toghchain-do-pharlaimint-na-heorpa\/\">Continued<\/a><\/p>\n","protected":false},"author":17,"featured_media":9163,"parent":0,"menu_order":0,"comment_status":"closed","ping_status":"closed","template":"","meta":{"_acf_changed":false,"_relevanssi_hide_post":"","_relevanssi_hide_content":"","_relevanssi_pin_for_all":"","_relevanssi_pin_keywords":"","_relevanssi_unpin_keywords":"","_relevanssi_related_keywords":"","_relevanssi_related_include_ids":"","_relevanssi_related_exclude_ids":"","_relevanssi_related_no_append":"","_relevanssi_related_not_related":"","_relevanssi_related_posts":"10109,9475,10298,5671,10848,11320","_relevanssi_noindex_reason":"","_uag_custom_page_level_css":"","footnotes":""},"class_list":["post-9321","page","type-page","status-publish","has-post-thumbnail","hentry"],"acf":[],"yoast_head":"<!-- This site is optimized with the Yoast SEO plugin v27.4 - https:\/\/yoast.com\/product\/yoast-seo-wordpress\/ -->\n<title>Toghch\u00e1in do Pharlaimint na hEorpa - Coimisi\u00fan Toghch\u00e1in<\/title>\n<meta name=\"robots\" content=\"index, follow, max-snippet:-1, max-image-preview:large, max-video-preview:-1\" \/>\n<link rel=\"canonical\" href=\"https:\/\/www.electoralcommission.ie\/ga\/toghchain-do-pharlaimint-na-heorpa\/\" \/>\n<meta property=\"og:locale\" content=\"ga_IE\" \/>\n<meta property=\"og:type\" content=\"article\" \/>\n<meta property=\"og:title\" content=\"Toghch\u00e1in do Pharlaimint na hEorpa - Coimisi\u00fan Toghch\u00e1in\" \/>\n<meta property=\"og:description\" content=\"B\u00edonn toghch\u00e1in do Pharlaimint na hEorpa ar si\u00fal in \u00c9irinn gach c\u00faig bliana. Bh\u00ed na toghch\u00e1in Eorpacha is deireana\u00ed ar si\u00fal in \u00c9irinn D\u00e9 hAoine, 7 Meitheamh 2024. Sna toghch\u00e1in sin, roghn\u00f3idh saor\u00e1naigh an Aontais Eorpaigh a bhfuil c\u00f3na\u00ed orthu in \u00c9irinn Feisir\u00ed de Pharlaimint na hEorpa a dh\u00e9anfaidh ionada\u00edocht ar a leasanna i bParlaimint &hellip; Continued\" \/>\n<meta property=\"og:url\" content=\"https:\/\/www.electoralcommission.ie\/ga\/toghchain-do-pharlaimint-na-heorpa\/\" \/>\n<meta property=\"og:site_name\" content=\"Coimisi\u00fan Toghch\u00e1in\" \/>\n<meta property=\"article:modified_time\" content=\"2025-08-15T14:37:52+00:00\" \/>\n<meta property=\"og:image\" content=\"https:\/\/cdn.electoralcommission.ie\/app\/uploads\/2024\/04\/29154409\/European-Parliament-scaled.jpg\" \/>\n\t<meta property=\"og:image:width\" content=\"2560\" \/>\n\t<meta property=\"og:image:height\" content=\"1704\" \/>\n\t<meta property=\"og:image:type\" content=\"image\/jpeg\" \/>\n<meta name=\"twitter:card\" content=\"summary_large_image\" \/>\n<meta name=\"twitter:label1\" content=\"Est. reading time\" \/>\n\t<meta name=\"twitter:data1\" content=\"6 minutes\" \/>\n<script type=\"application\/ld+json\" class=\"yoast-schema-graph\">{\"@context\":\"https:\\\/\\\/schema.org\",\"@graph\":[{\"@type\":\"WebPage\",\"@id\":\"https:\\\/\\\/www.electoralcommission.ie\\\/ga\\\/toghchain-do-pharlaimint-na-heorpa\\\/\",\"url\":\"https:\\\/\\\/www.electoralcommission.ie\\\/ga\\\/toghchain-do-pharlaimint-na-heorpa\\\/\",\"name\":\"Toghch\u00e1in do Pharlaimint na hEorpa - Coimisi\u00fan Toghch\u00e1in\",\"isPartOf\":{\"@id\":\"https:\\\/\\\/www.electoralcommission.ie\\\/ga\\\/#website\"},\"primaryImageOfPage\":{\"@id\":\"https:\\\/\\\/www.electoralcommission.ie\\\/ga\\\/toghchain-do-pharlaimint-na-heorpa\\\/#primaryimage\"},\"image\":{\"@id\":\"https:\\\/\\\/www.electoralcommission.ie\\\/ga\\\/toghchain-do-pharlaimint-na-heorpa\\\/#primaryimage\"},\"thumbnailUrl\":\"https:\\\/\\\/www.electoralcommission.ie\\\/app\\\/uploads\\\/2024\\\/04\\\/European-Parliament-scaled-e1714401972908.jpg\",\"datePublished\":\"2024-04-05T11:25:46+00:00\",\"dateModified\":\"2025-08-15T14:37:52+00:00\",\"breadcrumb\":{\"@id\":\"https:\\\/\\\/www.electoralcommission.ie\\\/ga\\\/toghchain-do-pharlaimint-na-heorpa\\\/#breadcrumb\"},\"inLanguage\":\"ga-IE\",\"potentialAction\":[{\"@type\":\"ReadAction\",\"target\":[\"https:\\\/\\\/www.electoralcommission.ie\\\/ga\\\/toghchain-do-pharlaimint-na-heorpa\\\/\"]}]},{\"@type\":\"ImageObject\",\"inLanguage\":\"ga-IE\",\"@id\":\"https:\\\/\\\/www.electoralcommission.ie\\\/ga\\\/toghchain-do-pharlaimint-na-heorpa\\\/#primaryimage\",\"url\":\"https:\\\/\\\/www.electoralcommission.ie\\\/app\\\/uploads\\\/2024\\\/04\\\/European-Parliament-scaled-e1714401972908.jpg\",\"contentUrl\":\"https:\\\/\\\/www.electoralcommission.ie\\\/app\\\/uploads\\\/2024\\\/04\\\/European-Parliament-scaled-e1714401972908.jpg\",\"width\":2560,\"height\":1704,\"caption\":\"Antonio TAJANI, EP President meets with Leo VARADKAR, Prime Minister of Ireland\"},{\"@type\":\"BreadcrumbList\",\"@id\":\"https:\\\/\\\/www.electoralcommission.ie\\\/ga\\\/toghchain-do-pharlaimint-na-heorpa\\\/#breadcrumb\",\"itemListElement\":[{\"@type\":\"ListItem\",\"position\":1,\"name\":\"Baile\",\"item\":\"https:\\\/\\\/www.electoralcommission.ie\\\/ga\\\/\"},{\"@type\":\"ListItem\",\"position\":2,\"name\":\"Toghch\u00e1in do Pharlaimint na hEorpa\"}]},{\"@type\":\"WebSite\",\"@id\":\"https:\\\/\\\/www.electoralcommission.ie\\\/ga\\\/#website\",\"url\":\"https:\\\/\\\/www.electoralcommission.ie\\\/ga\\\/\",\"name\":\"Coimisi\u00fan Toghch\u00e1in\",\"description\":\"Ireland&#039;s Statutory, Independent Electoral Commission\",\"potentialAction\":[{\"@type\":\"SearchAction\",\"target\":{\"@type\":\"EntryPoint\",\"urlTemplate\":\"https:\\\/\\\/www.electoralcommission.ie\\\/ga\\\/?s={search_term_string}\"},\"query-input\":{\"@type\":\"PropertyValueSpecification\",\"valueRequired\":true,\"valueName\":\"search_term_string\"}}],\"inLanguage\":\"ga-IE\"}]}<\/script>\n<!-- \/ Yoast SEO plugin. -->","yoast_head_json":{"title":"Toghch\u00e1in do Pharlaimint na hEorpa - Coimisi\u00fan Toghch\u00e1in","robots":{"index":"index","follow":"follow","max-snippet":"max-snippet:-1","max-image-preview":"max-image-preview:large","max-video-preview":"max-video-preview:-1"},"canonical":"https:\/\/www.electoralcommission.ie\/ga\/toghchain-do-pharlaimint-na-heorpa\/","og_locale":"ga_IE","og_type":"article","og_title":"Toghch\u00e1in do Pharlaimint na hEorpa - Coimisi\u00fan Toghch\u00e1in","og_description":"B\u00edonn toghch\u00e1in do Pharlaimint na hEorpa ar si\u00fal in \u00c9irinn gach c\u00faig bliana. Bh\u00ed na toghch\u00e1in Eorpacha is deireana\u00ed ar si\u00fal in \u00c9irinn D\u00e9 hAoine, 7 Meitheamh 2024. Sna toghch\u00e1in sin, roghn\u00f3idh saor\u00e1naigh an Aontais Eorpaigh a bhfuil c\u00f3na\u00ed orthu in \u00c9irinn Feisir\u00ed de Pharlaimint na hEorpa a dh\u00e9anfaidh ionada\u00edocht ar a leasanna i bParlaimint &hellip; Continued","og_url":"https:\/\/www.electoralcommission.ie\/ga\/toghchain-do-pharlaimint-na-heorpa\/","og_site_name":"Coimisi\u00fan Toghch\u00e1in","article_modified_time":"2025-08-15T14:37:52+00:00","og_image":[{"width":2560,"height":1704,"url":"https:\/\/cdn.electoralcommission.ie\/app\/uploads\/2024\/04\/29154409\/European-Parliament-scaled.jpg","type":"image\/jpeg"}],"twitter_card":"summary_large_image","twitter_misc":{"Est. reading time":"6 minutes"},"schema":{"@context":"https:\/\/schema.org","@graph":[{"@type":"WebPage","@id":"https:\/\/www.electoralcommission.ie\/ga\/toghchain-do-pharlaimint-na-heorpa\/","url":"https:\/\/www.electoralcommission.ie\/ga\/toghchain-do-pharlaimint-na-heorpa\/","name":"Toghch\u00e1in do Pharlaimint na hEorpa - Coimisi\u00fan Toghch\u00e1in","isPartOf":{"@id":"https:\/\/www.electoralcommission.ie\/ga\/#website"},"primaryImageOfPage":{"@id":"https:\/\/www.electoralcommission.ie\/ga\/toghchain-do-pharlaimint-na-heorpa\/#primaryimage"},"image":{"@id":"https:\/\/www.electoralcommission.ie\/ga\/toghchain-do-pharlaimint-na-heorpa\/#primaryimage"},"thumbnailUrl":"https:\/\/www.electoralcommission.ie\/app\/uploads\/2024\/04\/European-Parliament-scaled-e1714401972908.jpg","datePublished":"2024-04-05T11:25:46+00:00","dateModified":"2025-08-15T14:37:52+00:00","breadcrumb":{"@id":"https:\/\/www.electoralcommission.ie\/ga\/toghchain-do-pharlaimint-na-heorpa\/#breadcrumb"},"inLanguage":"ga-IE","potentialAction":[{"@type":"ReadAction","target":["https:\/\/www.electoralcommission.ie\/ga\/toghchain-do-pharlaimint-na-heorpa\/"]}]},{"@type":"ImageObject","inLanguage":"ga-IE","@id":"https:\/\/www.electoralcommission.ie\/ga\/toghchain-do-pharlaimint-na-heorpa\/#primaryimage","url":"https:\/\/www.electoralcommission.ie\/app\/uploads\/2024\/04\/European-Parliament-scaled-e1714401972908.jpg","contentUrl":"https:\/\/www.electoralcommission.ie\/app\/uploads\/2024\/04\/European-Parliament-scaled-e1714401972908.jpg","width":2560,"height":1704,"caption":"Antonio TAJANI, EP President meets with Leo VARADKAR, Prime Minister of Ireland"},{"@type":"BreadcrumbList","@id":"https:\/\/www.electoralcommission.ie\/ga\/toghchain-do-pharlaimint-na-heorpa\/#breadcrumb","itemListElement":[{"@type":"ListItem","position":1,"name":"Baile","item":"https:\/\/www.electoralcommission.ie\/ga\/"},{"@type":"ListItem","position":2,"name":"Toghch\u00e1in do Pharlaimint na hEorpa"}]},{"@type":"WebSite","@id":"https:\/\/www.electoralcommission.ie\/ga\/#website","url":"https:\/\/www.electoralcommission.ie\/ga\/","name":"Coimisi\u00fan Toghch\u00e1in","description":"Ireland&#039;s Statutory, Independent Electoral Commission","potentialAction":[{"@type":"SearchAction","target":{"@type":"EntryPoint","urlTemplate":"https:\/\/www.electoralcommission.ie\/ga\/?s={search_term_string}"},"query-input":{"@type":"PropertyValueSpecification","valueRequired":true,"valueName":"search_term_string"}}],"inLanguage":"ga-IE"}]}},"uagb_featured_image_src":{"full":["https:\/\/www.electoralcommission.ie\/app\/uploads\/2024\/04\/European-Parliament-scaled-e1714401972908.jpg",2560,1704,false],"thumbnail":["https:\/\/www.electoralcommission.ie\/app\/uploads\/2024\/04\/European-Parliament-355x210.jpg",355,210,true],"medium":["https:\/\/www.electoralcommission.ie\/app\/uploads\/2024\/04\/European-Parliament-300x200.jpg",300,200,true],"medium_large":["https:\/\/www.electoralcommission.ie\/app\/uploads\/2024\/04\/European-Parliament-768x511.jpg",768,511,true],"large":["https:\/\/www.electoralcommission.ie\/app\/uploads\/2024\/04\/European-Parliament-1024x682.jpg",1024,682,true],"1536x1536":["https:\/\/www.electoralcommission.ie\/app\/uploads\/2024\/04\/European-Parliament-1536x1022.jpg",1536,1022,true],"2048x2048":["https:\/\/www.electoralcommission.ie\/app\/uploads\/2024\/04\/European-Parliament-2048x1363.jpg",2048,1363,true],"gform-image-choice-sm":["https:\/\/www.electoralcommission.ie\/app\/uploads\/2024\/04\/European-Parliament-scaled-e1714401972908.jpg",300,200,false],"gform-image-choice-md":["https:\/\/www.electoralcommission.ie\/app\/uploads\/2024\/04\/European-Parliament-scaled-e1714401972908.jpg",400,266,false],"gform-image-choice-lg":["https:\/\/www.electoralcommission.ie\/app\/uploads\/2024\/04\/European-Parliament-scaled-e1714401972908.jpg",600,399,false]},"uagb_author_info":{"display_name":"Felippe","author_link":"https:\/\/www.electoralcommission.ie\/ga\/author\/felippe\/"},"uagb_comment_info":0,"uagb_excerpt":"B\u00edonn toghch\u00e1in do Pharlaimint na hEorpa ar si\u00fal in \u00c9irinn gach c\u00faig bliana. Bh\u00ed na toghch\u00e1in Eorpacha is deireana\u00ed ar si\u00fal in \u00c9irinn D\u00e9 hAoine, 7 Meitheamh 2024. Sna toghch\u00e1in sin, roghn\u00f3idh saor\u00e1naigh an Aontais Eorpaigh a bhfuil c\u00f3na\u00ed orthu in \u00c9irinn Feisir\u00ed de Pharlaimint na hEorpa a dh\u00e9anfaidh ionada\u00edocht ar a leasanna i bParlaimint&hellip;","_links":{"self":[{"href":"https:\/\/www.electoralcommission.ie\/ga\/wp-json\/wp\/v2\/pages\/9321","targetHints":{"allow":["GET"]}}],"collection":[{"href":"https:\/\/www.electoralcommission.ie\/ga\/wp-json\/wp\/v2\/pages"}],"about":[{"href":"https:\/\/www.electoralcommission.ie\/ga\/wp-json\/wp\/v2\/types\/page"}],"author":[{"embeddable":true,"href":"https:\/\/www.electoralcommission.ie\/ga\/wp-json\/wp\/v2\/users\/17"}],"replies":[{"embeddable":true,"href":"https:\/\/www.electoralcommission.ie\/ga\/wp-json\/wp\/v2\/comments?post=9321"}],"version-history":[{"count":21,"href":"https:\/\/www.electoralcommission.ie\/ga\/wp-json\/wp\/v2\/pages\/9321\/revisions"}],"predecessor-version":[{"id":14318,"href":"https:\/\/www.electoralcommission.ie\/ga\/wp-json\/wp\/v2\/pages\/9321\/revisions\/14318"}],"wp:featuredmedia":[{"embeddable":true,"href":"https:\/\/www.electoralcommission.ie\/ga\/wp-json\/wp\/v2\/media\/9163"}],"wp:attachment":[{"href":"https:\/\/www.electoralcommission.ie\/ga\/wp-json\/wp\/v2\/media?parent=9321"}],"curies":[{"name":"wp","href":"https:\/\/api.w.org\/{rel}","templated":true}]}}