
{"id":9483,"date":"2024-04-09T10:52:32","date_gmt":"2024-04-09T09:52:32","guid":{"rendered":"https:\/\/www.electoralcommission.ie\/fuinn\/"},"modified":"2024-07-01T12:55:02","modified_gmt":"2024-07-01T11:55:02","slug":"fuinn","status":"publish","type":"page","link":"https:\/\/www.electoralcommission.ie\/ga\/fuinn\/","title":{"rendered":"F\u00fainn"},"content":{"rendered":"\n<p><strong>An Coimisi\u00fan Toghch\u00e1in<\/strong><\/p>\n\n\n\n<p>Is comhlacht reacht\u00fail neamhsple\u00e1ch \u00e9 an Coimisi\u00fan Toghch\u00e1in a buna\u00edodh an 9 Feabhra 2023 ag a bhfuil freagracht as raon leathan d\u2019fheidhmeanna toghch\u00e1in a leagtar amach san <em>Acht um Athch\u00f3iri\u00fa Toghch\u00e1in, 2022<\/em>. \u2022 tabhairt faoi athbhreithnithe agus tuarasc\u00e1lacha a chur i dtoll a ch\u00e9ile faoi thoghcheantair le haghaidh comhalta\u00ed a thoghadh don D\u00e1il agus comhalta\u00ed a thoghadh do Pharlaimint na hEorpa; agus<\/p>\n\n\n\n<ul class=\"wp-block-list\">\n<li>an chinnteoireacht, maoirseacht, r\u00fana\u00edocht agus seirbh\u00eds\u00ed taca\u00edochta a bhaineann le h\u00e1bhar mholta\u00ed an reifrinn a mh\u00edni\u00fa, tuiscint an phobail a chur chun cinn maidir leis an reifreann agus na toghth\u00f3ir\u00ed a spreagadh chun v\u00f3t\u00e1il i v\u00f3ta an reifrinn<\/li>\n\n\n\n<li>athbhreithnithe a dh\u00e9anamh agus tuarasc\u00e1lacha a thabhairt i nd\u00e1il leis na d\u00e1ilcheantair is na toghcheantair, chun Teachta\u00ed D\u00e1la a thoghadh chun na D\u00e1la agus i nd\u00e1il le toghadh feisir\u00ed do Pharlaimint na hEorpa.<\/li>\n\n\n\n<li>freagrach as cl\u00e1r\u00fa p\u00e1irtithe polait\u00edochta.<\/li>\n\n\n\n<li>tuarasc\u00e1lacha a chur faoi bhr\u00e1id an Aire maidir le teorainneacha toghcheantar \u00e1iti\u00fail. <\/li>\n<\/ul>\n\n\n\n<p>Cuirtear roinnt r\u00f3l toghch\u00e1in nua de ch\u00faram ar an gCoimisi\u00fan freisin, lena n-\u00e1ir\u00edtear:<\/p>\n\n\n\n<ul class=\"wp-block-list\">\n<li>cl\u00e1ir taighde a ullmh\u00fa agus taighde a dh\u00e9anamh ar bheartas agus n\u00f3s imeachta toghch\u00e1in, agus comhairle a thabhairt, de r\u00e9ir mar is g\u00e1, don Aire agus don Rialtas.<\/li>\n\n\n\n<li>feasacht an phobail ar phr\u00f3isis toghch\u00e1in agus dhaonlathacha an St\u00e1it a chur chun cinn, agus oibri\u00fa chun rannph\u00e1irt\u00edocht an phobail iontu a mh\u00e9ad\u00fa, tr\u00ed chl\u00e1ir oideachais agus eolais;<\/li>\n\n\n\n<li>maoirseacht a dh\u00e9anamh ar an gCl\u00e1r Toghth\u00f3ir\u00ed nua-aimseartha, molta\u00ed a dh\u00e9anamh agus caighde\u00e1in a leagan maidir le cothabh\u00e1il agus nuashonr\u00fa;<\/li>\n\n\n\n<li>f\u00f3gra\u00edocht pholaiti\u00fail ar l\u00edne a n-\u00edoctar as a rial\u00fa, ag cinnti\u00fa tr\u00e9dhearcachta maidir le f\u00f3gra\u00ed polaiti\u00fala ar l\u00edne i rith tr\u00e9imhse feachtais toghch\u00e1in n\u00f3 reifrinn;<\/li>\n\n\n\n<li>freagracht as imscr\u00fad\u00fa agus monat\u00f3ireacht ar bhr\u00e9agaisn\u00e9is ar l\u00edne, m\u00edfhaisn\u00e9is ar l\u00edne agus iompra\u00edocht ionramh\u00e1lach n\u00f3 bhr\u00e9agach ar l\u00edne i rith tr\u00e9imhs\u00ed feachtais toghch\u00e1in, chomh maith le feidhmeanna chun iompra\u00edocht ionramh\u00e1lach n\u00f3 bhr\u00e9agach ar l\u00edne a sheachaint; (N\u00edor cuireadh t\u00fas leis an reachta\u00edocht go f\u00f3ill)<\/li>\n\n\n\n<li>tuarasc\u00e1lacha ex post a ullmh\u00fa ar riar imeachta\u00ed toghch\u00e1in.<\/li>\n<\/ul>\n\n\n\n<figure class=\"wp-block-embed is-type-video is-provider-vimeo wp-block-embed-vimeo wp-embed-aspect-16-9 wp-has-aspect-ratio\"><div class=\"wp-block-embed__wrapper\">\n<iframe loading=\"lazy\" title=\"What is An Coimisi\u00fan Toghch\u00e1in?\" src=\"https:\/\/player.vimeo.com\/video\/973029909?dnt=1&amp;app_id=122963\" width=\"500\" height=\"281\" frameborder=\"0\" allow=\"autoplay; fullscreen; picture-in-picture; clipboard-write\"><\/iframe>\n<\/div><\/figure>\n","protected":false},"excerpt":{"rendered":"<p>An Coimisi\u00fan Toghch\u00e1in Is comhlacht reacht\u00fail neamhsple\u00e1ch \u00e9 an Coimisi\u00fan Toghch\u00e1in a buna\u00edodh an 9 Feabhra 2023 ag a bhfuil freagracht as raon leathan d\u2019fheidhmeanna toghch\u00e1in a leagtar amach san Acht um Athch\u00f3iri\u00fa Toghch\u00e1in, 2022. \u2022 tabhairt faoi athbhreithnithe agus tuarasc\u00e1lacha a chur i dtoll a ch\u00e9ile faoi thoghcheantair le haghaidh comhalta\u00ed a thoghadh don &hellip; <a href=\"https:\/\/www.electoralcommission.ie\/ga\/fuinn\/\">Continued<\/a><\/p>\n","protected":false},"author":17,"featured_media":9146,"parent":0,"menu_order":0,"comment_status":"closed","ping_status":"closed","template":"","meta":{"_acf_changed":false,"_relevanssi_hide_post":"","_relevanssi_hide_content":"","_relevanssi_pin_for_all":"","_relevanssi_pin_keywords":"","_relevanssi_unpin_keywords":"","_relevanssi_related_keywords":"","_relevanssi_related_include_ids":"","_relevanssi_related_exclude_ids":"","_relevanssi_related_no_append":"","_relevanssi_related_not_related":"","_relevanssi_related_posts":"","_relevanssi_noindex_reason":"","_uag_custom_page_level_css":"","footnotes":""},"class_list":["post-9483","page","type-page","status-publish","has-post-thumbnail","hentry"],"acf":[],"yoast_head":"<!-- This site is optimized with the Yoast SEO plugin v27.5 - https:\/\/yoast.com\/product\/yoast-seo-wordpress\/ -->\n<title>F\u00fainn - Coimisi\u00fan Toghch\u00e1in<\/title>\n<meta name=\"robots\" content=\"index, follow, max-snippet:-1, max-image-preview:large, max-video-preview:-1\" \/>\n<link rel=\"canonical\" href=\"https:\/\/www.electoralcommission.ie\/ga\/fuinn\/\" \/>\n<meta property=\"og:locale\" content=\"ga_IE\" \/>\n<meta property=\"og:type\" content=\"article\" \/>\n<meta property=\"og:title\" content=\"F\u00fainn - Coimisi\u00fan Toghch\u00e1in\" \/>\n<meta property=\"og:description\" content=\"An Coimisi\u00fan Toghch\u00e1in Is comhlacht reacht\u00fail neamhsple\u00e1ch \u00e9 an Coimisi\u00fan Toghch\u00e1in a buna\u00edodh an 9 Feabhra 2023 ag a bhfuil freagracht as raon leathan d\u2019fheidhmeanna toghch\u00e1in a leagtar amach san Acht um Athch\u00f3iri\u00fa Toghch\u00e1in, 2022. \u2022 tabhairt faoi athbhreithnithe agus tuarasc\u00e1lacha a chur i dtoll a ch\u00e9ile faoi thoghcheantair le haghaidh comhalta\u00ed a thoghadh don &hellip; Continued\" \/>\n<meta property=\"og:url\" content=\"https:\/\/www.electoralcommission.ie\/ga\/fuinn\/\" \/>\n<meta property=\"og:site_name\" content=\"Coimisi\u00fan Toghch\u00e1in\" \/>\n<meta property=\"article:modified_time\" content=\"2024-07-01T11:55:02+00:00\" \/>\n<meta property=\"og:image\" content=\"https:\/\/cdn.electoralcommission.ie\/app\/uploads\/2024\/04\/29153238\/An-Coimisiu%CC%81n-Toghcha%CC%81in-328-scaled.jpg\" \/>\n\t<meta property=\"og:image:width\" content=\"2560\" \/>\n\t<meta property=\"og:image:height\" content=\"1707\" \/>\n\t<meta property=\"og:image:type\" content=\"image\/jpeg\" \/>\n<meta name=\"twitter:card\" content=\"summary_large_image\" \/>\n<meta name=\"twitter:label1\" content=\"Est. reading time\" \/>\n\t<meta name=\"twitter:data1\" content=\"2 minutes\" \/>\n<script type=\"application\/ld+json\" class=\"yoast-schema-graph\">{\"@context\":\"https:\\\/\\\/schema.org\",\"@graph\":[{\"@type\":\"WebPage\",\"@id\":\"https:\\\/\\\/www.electoralcommission.ie\\\/ga\\\/fuinn\\\/\",\"url\":\"https:\\\/\\\/www.electoralcommission.ie\\\/ga\\\/fuinn\\\/\",\"name\":\"F\u00fainn - Coimisi\u00fan Toghch\u00e1in\",\"isPartOf\":{\"@id\":\"https:\\\/\\\/www.electoralcommission.ie\\\/ga\\\/#website\"},\"primaryImageOfPage\":{\"@id\":\"https:\\\/\\\/www.electoralcommission.ie\\\/ga\\\/fuinn\\\/#primaryimage\"},\"image\":{\"@id\":\"https:\\\/\\\/www.electoralcommission.ie\\\/ga\\\/fuinn\\\/#primaryimage\"},\"thumbnailUrl\":\"https:\\\/\\\/www.electoralcommission.ie\\\/app\\\/uploads\\\/2024\\\/04\\\/An-Coimisiu\u0301n-Toghcha\u0301in-328-scaled-e1714565247585.jpg\",\"datePublished\":\"2024-04-09T09:52:32+00:00\",\"dateModified\":\"2024-07-01T11:55:02+00:00\",\"breadcrumb\":{\"@id\":\"https:\\\/\\\/www.electoralcommission.ie\\\/ga\\\/fuinn\\\/#breadcrumb\"},\"inLanguage\":\"ga-IE\",\"potentialAction\":[{\"@type\":\"ReadAction\",\"target\":[\"https:\\\/\\\/www.electoralcommission.ie\\\/ga\\\/fuinn\\\/\"]}]},{\"@type\":\"ImageObject\",\"inLanguage\":\"ga-IE\",\"@id\":\"https:\\\/\\\/www.electoralcommission.ie\\\/ga\\\/fuinn\\\/#primaryimage\",\"url\":\"https:\\\/\\\/www.electoralcommission.ie\\\/app\\\/uploads\\\/2024\\\/04\\\/An-Coimisiu\u0301n-Toghcha\u0301in-328-scaled-e1714565247585.jpg\",\"contentUrl\":\"https:\\\/\\\/www.electoralcommission.ie\\\/app\\\/uploads\\\/2024\\\/04\\\/An-Coimisiu\u0301n-Toghcha\u0301in-328-scaled-e1714565247585.jpg\",\"width\":2560,\"height\":1707},{\"@type\":\"BreadcrumbList\",\"@id\":\"https:\\\/\\\/www.electoralcommission.ie\\\/ga\\\/fuinn\\\/#breadcrumb\",\"itemListElement\":[{\"@type\":\"ListItem\",\"position\":1,\"name\":\"Baile\",\"item\":\"https:\\\/\\\/www.electoralcommission.ie\\\/ga\\\/\"},{\"@type\":\"ListItem\",\"position\":2,\"name\":\"F\u00fainn\"}]},{\"@type\":\"WebSite\",\"@id\":\"https:\\\/\\\/www.electoralcommission.ie\\\/ga\\\/#website\",\"url\":\"https:\\\/\\\/www.electoralcommission.ie\\\/ga\\\/\",\"name\":\"Coimisi\u00fan Toghch\u00e1in\",\"description\":\"Ireland&#039;s Statutory, Independent Electoral Commission\",\"potentialAction\":[{\"@type\":\"SearchAction\",\"target\":{\"@type\":\"EntryPoint\",\"urlTemplate\":\"https:\\\/\\\/www.electoralcommission.ie\\\/ga\\\/?s={search_term_string}\"},\"query-input\":{\"@type\":\"PropertyValueSpecification\",\"valueRequired\":true,\"valueName\":\"search_term_string\"}}],\"inLanguage\":\"ga-IE\"}]}<\/script>\n<!-- \/ Yoast SEO plugin. -->","yoast_head_json":{"title":"F\u00fainn - Coimisi\u00fan Toghch\u00e1in","robots":{"index":"index","follow":"follow","max-snippet":"max-snippet:-1","max-image-preview":"max-image-preview:large","max-video-preview":"max-video-preview:-1"},"canonical":"https:\/\/www.electoralcommission.ie\/ga\/fuinn\/","og_locale":"ga_IE","og_type":"article","og_title":"F\u00fainn - Coimisi\u00fan Toghch\u00e1in","og_description":"An Coimisi\u00fan Toghch\u00e1in Is comhlacht reacht\u00fail neamhsple\u00e1ch \u00e9 an Coimisi\u00fan Toghch\u00e1in a buna\u00edodh an 9 Feabhra 2023 ag a bhfuil freagracht as raon leathan d\u2019fheidhmeanna toghch\u00e1in a leagtar amach san Acht um Athch\u00f3iri\u00fa Toghch\u00e1in, 2022. \u2022 tabhairt faoi athbhreithnithe agus tuarasc\u00e1lacha a chur i dtoll a ch\u00e9ile faoi thoghcheantair le haghaidh comhalta\u00ed a thoghadh don &hellip; Continued","og_url":"https:\/\/www.electoralcommission.ie\/ga\/fuinn\/","og_site_name":"Coimisi\u00fan Toghch\u00e1in","article_modified_time":"2024-07-01T11:55:02+00:00","og_image":[{"width":2560,"height":1707,"url":"https:\/\/cdn.electoralcommission.ie\/app\/uploads\/2024\/04\/29153238\/An-Coimisiu%CC%81n-Toghcha%CC%81in-328-scaled.jpg","type":"image\/jpeg"}],"twitter_card":"summary_large_image","twitter_misc":{"Est. reading time":"2 minutes"},"schema":{"@context":"https:\/\/schema.org","@graph":[{"@type":"WebPage","@id":"https:\/\/www.electoralcommission.ie\/ga\/fuinn\/","url":"https:\/\/www.electoralcommission.ie\/ga\/fuinn\/","name":"F\u00fainn - Coimisi\u00fan Toghch\u00e1in","isPartOf":{"@id":"https:\/\/www.electoralcommission.ie\/ga\/#website"},"primaryImageOfPage":{"@id":"https:\/\/www.electoralcommission.ie\/ga\/fuinn\/#primaryimage"},"image":{"@id":"https:\/\/www.electoralcommission.ie\/ga\/fuinn\/#primaryimage"},"thumbnailUrl":"https:\/\/www.electoralcommission.ie\/app\/uploads\/2024\/04\/An-Coimisiu\u0301n-Toghcha\u0301in-328-scaled-e1714565247585.jpg","datePublished":"2024-04-09T09:52:32+00:00","dateModified":"2024-07-01T11:55:02+00:00","breadcrumb":{"@id":"https:\/\/www.electoralcommission.ie\/ga\/fuinn\/#breadcrumb"},"inLanguage":"ga-IE","potentialAction":[{"@type":"ReadAction","target":["https:\/\/www.electoralcommission.ie\/ga\/fuinn\/"]}]},{"@type":"ImageObject","inLanguage":"ga-IE","@id":"https:\/\/www.electoralcommission.ie\/ga\/fuinn\/#primaryimage","url":"https:\/\/www.electoralcommission.ie\/app\/uploads\/2024\/04\/An-Coimisiu\u0301n-Toghcha\u0301in-328-scaled-e1714565247585.jpg","contentUrl":"https:\/\/www.electoralcommission.ie\/app\/uploads\/2024\/04\/An-Coimisiu\u0301n-Toghcha\u0301in-328-scaled-e1714565247585.jpg","width":2560,"height":1707},{"@type":"BreadcrumbList","@id":"https:\/\/www.electoralcommission.ie\/ga\/fuinn\/#breadcrumb","itemListElement":[{"@type":"ListItem","position":1,"name":"Baile","item":"https:\/\/www.electoralcommission.ie\/ga\/"},{"@type":"ListItem","position":2,"name":"F\u00fainn"}]},{"@type":"WebSite","@id":"https:\/\/www.electoralcommission.ie\/ga\/#website","url":"https:\/\/www.electoralcommission.ie\/ga\/","name":"Coimisi\u00fan Toghch\u00e1in","description":"Ireland&#039;s Statutory, Independent Electoral Commission","potentialAction":[{"@type":"SearchAction","target":{"@type":"EntryPoint","urlTemplate":"https:\/\/www.electoralcommission.ie\/ga\/?s={search_term_string}"},"query-input":{"@type":"PropertyValueSpecification","valueRequired":true,"valueName":"search_term_string"}}],"inLanguage":"ga-IE"}]}},"uagb_featured_image_src":{"full":["https:\/\/www.electoralcommission.ie\/app\/uploads\/2024\/04\/An-Coimisiu\u0301n-Toghcha\u0301in-328-scaled-e1714565247585.jpg",2560,1707,false],"thumbnail":["https:\/\/www.electoralcommission.ie\/app\/uploads\/2024\/04\/An-Coimisiu\u0301n-Toghcha\u0301in-328-355x210.jpg",355,210,true],"medium":["https:\/\/www.electoralcommission.ie\/app\/uploads\/2024\/04\/An-Coimisiu\u0301n-Toghcha\u0301in-328-300x200.jpg",300,200,true],"medium_large":["https:\/\/www.electoralcommission.ie\/app\/uploads\/2024\/04\/An-Coimisiu\u0301n-Toghcha\u0301in-328-768x512.jpg",768,512,true],"large":["https:\/\/www.electoralcommission.ie\/app\/uploads\/2024\/04\/An-Coimisiu\u0301n-Toghcha\u0301in-328-1024x683.jpg",1024,683,true],"1536x1536":["https:\/\/www.electoralcommission.ie\/app\/uploads\/2024\/04\/An-Coimisiu\u0301n-Toghcha\u0301in-328-1536x1024.jpg",1536,1024,true],"2048x2048":["https:\/\/www.electoralcommission.ie\/app\/uploads\/2024\/04\/An-Coimisiu\u0301n-Toghcha\u0301in-328-2048x1365.jpg",2048,1365,true],"gform-image-choice-sm":["https:\/\/www.electoralcommission.ie\/app\/uploads\/2024\/04\/An-Coimisiu\u0301n-Toghcha\u0301in-328-scaled-e1714565247585.jpg",300,200,false],"gform-image-choice-md":["https:\/\/www.electoralcommission.ie\/app\/uploads\/2024\/04\/An-Coimisiu\u0301n-Toghcha\u0301in-328-scaled-e1714565247585.jpg",400,267,false],"gform-image-choice-lg":["https:\/\/www.electoralcommission.ie\/app\/uploads\/2024\/04\/An-Coimisiu\u0301n-Toghcha\u0301in-328-scaled-e1714565247585.jpg",600,400,false]},"uagb_author_info":{"display_name":"Felippe","author_link":"https:\/\/www.electoralcommission.ie\/ga\/author\/felippe\/"},"uagb_comment_info":0,"uagb_excerpt":"An Coimisi\u00fan Toghch\u00e1in Is comhlacht reacht\u00fail neamhsple\u00e1ch \u00e9 an Coimisi\u00fan Toghch\u00e1in a buna\u00edodh an 9 Feabhra 2023 ag a bhfuil freagracht as raon leathan d\u2019fheidhmeanna toghch\u00e1in a leagtar amach san Acht um Athch\u00f3iri\u00fa Toghch\u00e1in, 2022. \u2022 tabhairt faoi athbhreithnithe agus tuarasc\u00e1lacha a chur i dtoll a ch\u00e9ile faoi thoghcheantair le haghaidh comhalta\u00ed a thoghadh don&hellip;","_links":{"self":[{"href":"https:\/\/www.electoralcommission.ie\/ga\/wp-json\/wp\/v2\/pages\/9483","targetHints":{"allow":["GET"]}}],"collection":[{"href":"https:\/\/www.electoralcommission.ie\/ga\/wp-json\/wp\/v2\/pages"}],"about":[{"href":"https:\/\/www.electoralcommission.ie\/ga\/wp-json\/wp\/v2\/types\/page"}],"author":[{"embeddable":true,"href":"https:\/\/www.electoralcommission.ie\/ga\/wp-json\/wp\/v2\/users\/17"}],"replies":[{"embeddable":true,"href":"https:\/\/www.electoralcommission.ie\/ga\/wp-json\/wp\/v2\/comments?post=9483"}],"version-history":[{"count":3,"href":"https:\/\/www.electoralcommission.ie\/ga\/wp-json\/wp\/v2\/pages\/9483\/revisions"}],"predecessor-version":[{"id":10457,"href":"https:\/\/www.electoralcommission.ie\/ga\/wp-json\/wp\/v2\/pages\/9483\/revisions\/10457"}],"wp:featuredmedia":[{"embeddable":true,"href":"https:\/\/www.electoralcommission.ie\/ga\/wp-json\/wp\/v2\/media\/9146"}],"wp:attachment":[{"href":"https:\/\/www.electoralcommission.ie\/ga\/wp-json\/wp\/v2\/media?parent=9483"}],"curies":[{"name":"wp","href":"https:\/\/api.w.org\/{rel}","templated":true}]}}