
{"id":9632,"date":"2024-04-05T13:36:28","date_gmt":"2024-04-05T12:36:28","guid":{"rendered":"https:\/\/www.electoralcommission.ie\/deiseanna-2\/"},"modified":"2025-12-18T16:10:47","modified_gmt":"2025-12-18T16:10:47","slug":"deiseanna-2","status":"publish","type":"page","link":"https:\/\/www.electoralcommission.ie\/ga\/deiseanna-2\/","title":{"rendered":"Deiseanna"},"content":{"rendered":"\n<p>Coim\u00e9ad s\u00fail ar an leathanach seo d\u2019fhol\u00fantais agus deiseanna leis an gCoimisi\u00fan Toghch\u00e1in, coimisi\u00fan neamhsple\u00e1ch toghch\u00e1in na h\u00c9ireann<a><\/a><\/p>\n\n\n\n<p>T\u00e1 an Coimisi\u00fan Toghch\u00e1in ag lorg duine tiomanta ag a bhfuil na c\u00e1il\u00edochta\u00ed cu\u00ed chun glacadh le r\u00f3l Rialt\u00f3ra ag Leibh\u00e9al Pr\u00edomhoifigigh Ch\u00fanta. Is r\u00f3l freagrach \u00e9 an post a bhfuil s\u00e1samh le baint as i dtimpeallacht sp\u00e9isi\u00fail agus ghn\u00f3thach ina bpl\u00e9itear le p\u00e1irtithe leasmhara \u00e9ags\u00fala a bh\u00edonn p\u00e1irteach i bhf\u00f3gra\u00edocht pholaiti\u00fail.&nbsp;<\/p>\n\n\n\n<p>T\u00e1 tuilleadh sonra\u00ed le f\u00e1il ar <a href=\"https:\/\/www.electoralcommission.ie\/ga\/deiseanna-2\/\">https:\/\/www.electoralcommission.ie\/ga\/deiseanna-2\/<\/a><\/p>\n\n\n\n<p>Is \u00e9 an 22 Ean\u00e1ir 2026 ag 5:30 i.n. an d\u00e1ta deiridh.<\/p>\n\n\n\n<div class=\"wp-block-file\"><a id=\"wp-block-file--media-2f309357-7d58-481c-9acd-18011b70650f\" href=\"https:\/\/www.electoralcommission.ie\/app\/uploads\/2025\/12\/GA-Information-Booklet.docx\">GA Information Booklet<\/a><a href=\"https:\/\/www.electoralcommission.ie\/app\/uploads\/2025\/12\/GA-Information-Booklet.docx\" class=\"wp-block-file__button wp-element-button\" download aria-describedby=\"wp-block-file--media-2f309357-7d58-481c-9acd-18011b70650f\">Download<\/a><\/div>\n\n\n\n<div class=\"wp-block-file\"><a id=\"wp-block-file--media-f827f92f-925b-497a-b032-cfc6e2a86372\" href=\"https:\/\/www.electoralcommission.ie\/app\/uploads\/2025\/12\/GA-Application-Form.docx\">GA Application Form<\/a><a href=\"https:\/\/www.electoralcommission.ie\/app\/uploads\/2025\/12\/GA-Application-Form.docx\" class=\"wp-block-file__button wp-element-button\" download aria-describedby=\"wp-block-file--media-f827f92f-925b-497a-b032-cfc6e2a86372\">Download<\/a><\/div>\n","protected":false},"excerpt":{"rendered":"<p>Coim\u00e9ad s\u00fail ar an leathanach seo d\u2019fhol\u00fantais agus deiseanna leis an gCoimisi\u00fan Toghch\u00e1in, coimisi\u00fan neamhsple\u00e1ch toghch\u00e1in na h\u00c9ireann T\u00e1 an Coimisi\u00fan Toghch\u00e1in ag lorg duine tiomanta ag a bhfuil na c\u00e1il\u00edochta\u00ed cu\u00ed chun glacadh le r\u00f3l Rialt\u00f3ra ag Leibh\u00e9al Pr\u00edomhoifigigh Ch\u00fanta. Is r\u00f3l freagrach \u00e9 an post a bhfuil s\u00e1samh le baint as i dtimpeallacht &hellip; <a href=\"https:\/\/www.electoralcommission.ie\/ga\/deiseanna-2\/\">Continued<\/a><\/p>\n","protected":false},"author":17,"featured_media":9150,"parent":0,"menu_order":0,"comment_status":"closed","ping_status":"closed","template":"","meta":{"_acf_changed":false,"_relevanssi_hide_post":"","_relevanssi_hide_content":"","_relevanssi_pin_for_all":"","_relevanssi_pin_keywords":"","_relevanssi_unpin_keywords":"","_relevanssi_related_keywords":"","_relevanssi_related_include_ids":"","_relevanssi_related_exclude_ids":"","_relevanssi_related_no_append":"","_relevanssi_related_not_related":"","_relevanssi_related_posts":"5671,6474,9788,9781,5041,5039","_relevanssi_noindex_reason":"","_uag_custom_page_level_css":"","footnotes":""},"class_list":["post-9632","page","type-page","status-publish","has-post-thumbnail","hentry"],"acf":[],"yoast_head":"<!-- This site is optimized with the Yoast SEO plugin v27.4 - https:\/\/yoast.com\/product\/yoast-seo-wordpress\/ -->\n<title>Deiseanna - Coimisi\u00fan Toghch\u00e1in<\/title>\n<meta name=\"robots\" content=\"index, follow, max-snippet:-1, max-image-preview:large, max-video-preview:-1\" \/>\n<link rel=\"canonical\" href=\"https:\/\/www.electoralcommission.ie\/ga\/deiseanna-2\/\" \/>\n<meta property=\"og:locale\" content=\"ga_IE\" \/>\n<meta property=\"og:type\" content=\"article\" \/>\n<meta property=\"og:title\" content=\"Deiseanna - Coimisi\u00fan Toghch\u00e1in\" \/>\n<meta property=\"og:description\" content=\"Coim\u00e9ad s\u00fail ar an leathanach seo d\u2019fhol\u00fantais agus deiseanna leis an gCoimisi\u00fan Toghch\u00e1in, coimisi\u00fan neamhsple\u00e1ch toghch\u00e1in na h\u00c9ireann T\u00e1 an Coimisi\u00fan Toghch\u00e1in ag lorg duine tiomanta ag a bhfuil na c\u00e1il\u00edochta\u00ed cu\u00ed chun glacadh le r\u00f3l Rialt\u00f3ra ag Leibh\u00e9al Pr\u00edomhoifigigh Ch\u00fanta. Is r\u00f3l freagrach \u00e9 an post a bhfuil s\u00e1samh le baint as i dtimpeallacht &hellip; Continued\" \/>\n<meta property=\"og:url\" content=\"https:\/\/www.electoralcommission.ie\/ga\/deiseanna-2\/\" \/>\n<meta property=\"og:site_name\" content=\"Coimisi\u00fan Toghch\u00e1in\" \/>\n<meta property=\"article:modified_time\" content=\"2025-12-18T16:10:47+00:00\" \/>\n<meta property=\"og:image\" content=\"https:\/\/www.electoralcommission.ie\/app\/uploads\/2024\/04\/An-Coimisiu\u0301n-Toghcha\u0301in-211-scaled-e1714565483611.jpg\" \/>\n\t<meta property=\"og:image:width\" content=\"2560\" \/>\n\t<meta property=\"og:image:height\" content=\"1707\" \/>\n\t<meta property=\"og:image:type\" content=\"image\/jpeg\" \/>\n<meta name=\"twitter:card\" content=\"summary_large_image\" \/>\n<meta name=\"twitter:label1\" content=\"Est. reading time\" \/>\n\t<meta name=\"twitter:data1\" content=\"1 minute\" \/>\n<script type=\"application\/ld+json\" class=\"yoast-schema-graph\">{\"@context\":\"https:\\\/\\\/schema.org\",\"@graph\":[{\"@type\":\"WebPage\",\"@id\":\"https:\\\/\\\/www.electoralcommission.ie\\\/ga\\\/deiseanna-2\\\/\",\"url\":\"https:\\\/\\\/www.electoralcommission.ie\\\/ga\\\/deiseanna-2\\\/\",\"name\":\"Deiseanna - Coimisi\u00fan Toghch\u00e1in\",\"isPartOf\":{\"@id\":\"https:\\\/\\\/www.electoralcommission.ie\\\/ga\\\/#website\"},\"primaryImageOfPage\":{\"@id\":\"https:\\\/\\\/www.electoralcommission.ie\\\/ga\\\/deiseanna-2\\\/#primaryimage\"},\"image\":{\"@id\":\"https:\\\/\\\/www.electoralcommission.ie\\\/ga\\\/deiseanna-2\\\/#primaryimage\"},\"thumbnailUrl\":\"https:\\\/\\\/www.electoralcommission.ie\\\/app\\\/uploads\\\/2024\\\/04\\\/An-Coimisiu\u0301n-Toghcha\u0301in-211-scaled-e1714565483611.jpg\",\"datePublished\":\"2024-04-05T12:36:28+00:00\",\"dateModified\":\"2025-12-18T16:10:47+00:00\",\"breadcrumb\":{\"@id\":\"https:\\\/\\\/www.electoralcommission.ie\\\/ga\\\/deiseanna-2\\\/#breadcrumb\"},\"inLanguage\":\"ga-IE\",\"potentialAction\":[{\"@type\":\"ReadAction\",\"target\":[\"https:\\\/\\\/www.electoralcommission.ie\\\/ga\\\/deiseanna-2\\\/\"]}]},{\"@type\":\"ImageObject\",\"inLanguage\":\"ga-IE\",\"@id\":\"https:\\\/\\\/www.electoralcommission.ie\\\/ga\\\/deiseanna-2\\\/#primaryimage\",\"url\":\"https:\\\/\\\/www.electoralcommission.ie\\\/app\\\/uploads\\\/2024\\\/04\\\/An-Coimisiu\u0301n-Toghcha\u0301in-211-scaled-e1714565483611.jpg\",\"contentUrl\":\"https:\\\/\\\/www.electoralcommission.ie\\\/app\\\/uploads\\\/2024\\\/04\\\/An-Coimisiu\u0301n-Toghcha\u0301in-211-scaled-e1714565483611.jpg\",\"width\":2560,\"height\":1707},{\"@type\":\"BreadcrumbList\",\"@id\":\"https:\\\/\\\/www.electoralcommission.ie\\\/ga\\\/deiseanna-2\\\/#breadcrumb\",\"itemListElement\":[{\"@type\":\"ListItem\",\"position\":1,\"name\":\"Baile\",\"item\":\"https:\\\/\\\/www.electoralcommission.ie\\\/ga\\\/\"},{\"@type\":\"ListItem\",\"position\":2,\"name\":\"Deiseanna\"}]},{\"@type\":\"WebSite\",\"@id\":\"https:\\\/\\\/www.electoralcommission.ie\\\/ga\\\/#website\",\"url\":\"https:\\\/\\\/www.electoralcommission.ie\\\/ga\\\/\",\"name\":\"Coimisi\u00fan Toghch\u00e1in\",\"description\":\"Ireland&#039;s Statutory, Independent Electoral Commission\",\"potentialAction\":[{\"@type\":\"SearchAction\",\"target\":{\"@type\":\"EntryPoint\",\"urlTemplate\":\"https:\\\/\\\/www.electoralcommission.ie\\\/ga\\\/?s={search_term_string}\"},\"query-input\":{\"@type\":\"PropertyValueSpecification\",\"valueRequired\":true,\"valueName\":\"search_term_string\"}}],\"inLanguage\":\"ga-IE\"}]}<\/script>\n<!-- \/ Yoast SEO plugin. -->","yoast_head_json":{"title":"Deiseanna - Coimisi\u00fan Toghch\u00e1in","robots":{"index":"index","follow":"follow","max-snippet":"max-snippet:-1","max-image-preview":"max-image-preview:large","max-video-preview":"max-video-preview:-1"},"canonical":"https:\/\/www.electoralcommission.ie\/ga\/deiseanna-2\/","og_locale":"ga_IE","og_type":"article","og_title":"Deiseanna - Coimisi\u00fan Toghch\u00e1in","og_description":"Coim\u00e9ad s\u00fail ar an leathanach seo d\u2019fhol\u00fantais agus deiseanna leis an gCoimisi\u00fan Toghch\u00e1in, coimisi\u00fan neamhsple\u00e1ch toghch\u00e1in na h\u00c9ireann T\u00e1 an Coimisi\u00fan Toghch\u00e1in ag lorg duine tiomanta ag a bhfuil na c\u00e1il\u00edochta\u00ed cu\u00ed chun glacadh le r\u00f3l Rialt\u00f3ra ag Leibh\u00e9al Pr\u00edomhoifigigh Ch\u00fanta. Is r\u00f3l freagrach \u00e9 an post a bhfuil s\u00e1samh le baint as i dtimpeallacht &hellip; Continued","og_url":"https:\/\/www.electoralcommission.ie\/ga\/deiseanna-2\/","og_site_name":"Coimisi\u00fan Toghch\u00e1in","article_modified_time":"2025-12-18T16:10:47+00:00","og_image":[{"width":2560,"height":1707,"url":"https:\/\/www.electoralcommission.ie\/app\/uploads\/2024\/04\/An-Coimisiu\u0301n-Toghcha\u0301in-211-scaled-e1714565483611.jpg","type":"image\/jpeg"}],"twitter_card":"summary_large_image","twitter_misc":{"Est. reading time":"1 minute"},"schema":{"@context":"https:\/\/schema.org","@graph":[{"@type":"WebPage","@id":"https:\/\/www.electoralcommission.ie\/ga\/deiseanna-2\/","url":"https:\/\/www.electoralcommission.ie\/ga\/deiseanna-2\/","name":"Deiseanna - Coimisi\u00fan Toghch\u00e1in","isPartOf":{"@id":"https:\/\/www.electoralcommission.ie\/ga\/#website"},"primaryImageOfPage":{"@id":"https:\/\/www.electoralcommission.ie\/ga\/deiseanna-2\/#primaryimage"},"image":{"@id":"https:\/\/www.electoralcommission.ie\/ga\/deiseanna-2\/#primaryimage"},"thumbnailUrl":"https:\/\/www.electoralcommission.ie\/app\/uploads\/2024\/04\/An-Coimisiu\u0301n-Toghcha\u0301in-211-scaled-e1714565483611.jpg","datePublished":"2024-04-05T12:36:28+00:00","dateModified":"2025-12-18T16:10:47+00:00","breadcrumb":{"@id":"https:\/\/www.electoralcommission.ie\/ga\/deiseanna-2\/#breadcrumb"},"inLanguage":"ga-IE","potentialAction":[{"@type":"ReadAction","target":["https:\/\/www.electoralcommission.ie\/ga\/deiseanna-2\/"]}]},{"@type":"ImageObject","inLanguage":"ga-IE","@id":"https:\/\/www.electoralcommission.ie\/ga\/deiseanna-2\/#primaryimage","url":"https:\/\/www.electoralcommission.ie\/app\/uploads\/2024\/04\/An-Coimisiu\u0301n-Toghcha\u0301in-211-scaled-e1714565483611.jpg","contentUrl":"https:\/\/www.electoralcommission.ie\/app\/uploads\/2024\/04\/An-Coimisiu\u0301n-Toghcha\u0301in-211-scaled-e1714565483611.jpg","width":2560,"height":1707},{"@type":"BreadcrumbList","@id":"https:\/\/www.electoralcommission.ie\/ga\/deiseanna-2\/#breadcrumb","itemListElement":[{"@type":"ListItem","position":1,"name":"Baile","item":"https:\/\/www.electoralcommission.ie\/ga\/"},{"@type":"ListItem","position":2,"name":"Deiseanna"}]},{"@type":"WebSite","@id":"https:\/\/www.electoralcommission.ie\/ga\/#website","url":"https:\/\/www.electoralcommission.ie\/ga\/","name":"Coimisi\u00fan Toghch\u00e1in","description":"Ireland&#039;s Statutory, Independent Electoral Commission","potentialAction":[{"@type":"SearchAction","target":{"@type":"EntryPoint","urlTemplate":"https:\/\/www.electoralcommission.ie\/ga\/?s={search_term_string}"},"query-input":{"@type":"PropertyValueSpecification","valueRequired":true,"valueName":"search_term_string"}}],"inLanguage":"ga-IE"}]}},"uagb_featured_image_src":{"full":["https:\/\/www.electoralcommission.ie\/app\/uploads\/2024\/04\/An-Coimisiu\u0301n-Toghcha\u0301in-211-scaled-e1714565483611.jpg",2560,1707,false],"thumbnail":["https:\/\/www.electoralcommission.ie\/app\/uploads\/2024\/04\/An-Coimisiu\u0301n-Toghcha\u0301in-211-355x210.jpg",355,210,true],"medium":["https:\/\/www.electoralcommission.ie\/app\/uploads\/2024\/04\/An-Coimisiu\u0301n-Toghcha\u0301in-211-300x200.jpg",300,200,true],"medium_large":["https:\/\/www.electoralcommission.ie\/app\/uploads\/2024\/04\/An-Coimisiu\u0301n-Toghcha\u0301in-211-768x512.jpg",768,512,true],"large":["https:\/\/www.electoralcommission.ie\/app\/uploads\/2024\/04\/An-Coimisiu\u0301n-Toghcha\u0301in-211-1024x683.jpg",1024,683,true],"1536x1536":["https:\/\/www.electoralcommission.ie\/app\/uploads\/2024\/04\/An-Coimisiu\u0301n-Toghcha\u0301in-211-1536x1024.jpg",1536,1024,true],"2048x2048":["https:\/\/www.electoralcommission.ie\/app\/uploads\/2024\/04\/An-Coimisiu\u0301n-Toghcha\u0301in-211-2048x1365.jpg",2048,1365,true],"gform-image-choice-sm":["https:\/\/www.electoralcommission.ie\/app\/uploads\/2024\/04\/An-Coimisiu\u0301n-Toghcha\u0301in-211-scaled-e1714565483611.jpg",300,200,false],"gform-image-choice-md":["https:\/\/www.electoralcommission.ie\/app\/uploads\/2024\/04\/An-Coimisiu\u0301n-Toghcha\u0301in-211-scaled-e1714565483611.jpg",400,267,false],"gform-image-choice-lg":["https:\/\/www.electoralcommission.ie\/app\/uploads\/2024\/04\/An-Coimisiu\u0301n-Toghcha\u0301in-211-scaled-e1714565483611.jpg",600,400,false]},"uagb_author_info":{"display_name":"Felippe","author_link":"https:\/\/www.electoralcommission.ie\/ga\/author\/felippe\/"},"uagb_comment_info":0,"uagb_excerpt":"Coim\u00e9ad s\u00fail ar an leathanach seo d\u2019fhol\u00fantais agus deiseanna leis an gCoimisi\u00fan Toghch\u00e1in, coimisi\u00fan neamhsple\u00e1ch toghch\u00e1in na h\u00c9ireann T\u00e1 an Coimisi\u00fan Toghch\u00e1in ag lorg duine tiomanta ag a bhfuil na c\u00e1il\u00edochta\u00ed cu\u00ed chun glacadh le r\u00f3l Rialt\u00f3ra ag Leibh\u00e9al Pr\u00edomhoifigigh Ch\u00fanta. Is r\u00f3l freagrach \u00e9 an post a bhfuil s\u00e1samh le baint as i dtimpeallacht&hellip;","_links":{"self":[{"href":"https:\/\/www.electoralcommission.ie\/ga\/wp-json\/wp\/v2\/pages\/9632","targetHints":{"allow":["GET"]}}],"collection":[{"href":"https:\/\/www.electoralcommission.ie\/ga\/wp-json\/wp\/v2\/pages"}],"about":[{"href":"https:\/\/www.electoralcommission.ie\/ga\/wp-json\/wp\/v2\/types\/page"}],"author":[{"embeddable":true,"href":"https:\/\/www.electoralcommission.ie\/ga\/wp-json\/wp\/v2\/users\/17"}],"replies":[{"embeddable":true,"href":"https:\/\/www.electoralcommission.ie\/ga\/wp-json\/wp\/v2\/comments?post=9632"}],"version-history":[{"count":25,"href":"https:\/\/www.electoralcommission.ie\/ga\/wp-json\/wp\/v2\/pages\/9632\/revisions"}],"predecessor-version":[{"id":15247,"href":"https:\/\/www.electoralcommission.ie\/ga\/wp-json\/wp\/v2\/pages\/9632\/revisions\/15247"}],"wp:featuredmedia":[{"embeddable":true,"href":"https:\/\/www.electoralcommission.ie\/ga\/wp-json\/wp\/v2\/media\/9150"}],"wp:attachment":[{"href":"https:\/\/www.electoralcommission.ie\/ga\/wp-json\/wp\/v2\/media?parent=9632"}],"curies":[{"name":"wp","href":"https:\/\/api.w.org\/{rel}","templated":true}]}}