
{"id":9965,"date":"2024-05-22T10:52:35","date_gmt":"2024-05-22T09:52:35","guid":{"rendered":"https:\/\/www.electoralcommission.ie\/?page_id=9965"},"modified":"2025-11-24T13:27:43","modified_gmt":"2025-11-24T13:27:43","slug":"coras-votala-na-heireann","status":"publish","type":"page","link":"https:\/\/www.electoralcommission.ie\/ga\/coras-votala-na-heireann\/","title":{"rendered":"C\u00f3ras v\u00f3t\u00e1la na h\u00c9ireann"},"content":{"rendered":"\n<p>Baineann \u00c9ire leas as ionada\u00edocht chionmhar (PR) chun v\u00f3ta a chaitheamh i dtoghch\u00e1in, mar a mb\u00edonn aonv\u00f3ta inaistrithe (STV) ag gach v\u00f3t\u00e1la\u00ed.<\/p>\n\n\n\n<figure class=\"wp-block-embed is-type-video is-provider-vimeo wp-block-embed-vimeo wp-embed-aspect-16-9 wp-has-aspect-ratio\"><div class=\"wp-block-embed__wrapper\">\n<iframe loading=\"lazy\" title=\"An chaoi a dToghtar an tUachtar\u00e1n?\" src=\"https:\/\/player.vimeo.com\/video\/1127218751?dnt=1&amp;app_id=122963\" width=\"500\" height=\"281\" frameborder=\"0\" allow=\"autoplay; fullscreen; picture-in-picture; clipboard-write; encrypted-media; web-share\" referrerpolicy=\"strict-origin-when-cross-origin\"><\/iframe>\n<\/div><\/figure>\n\n\n\n<p>Baintear leas as Ionada\u00edocht Chionmhar \u2013 Aonv\u00f3ta Inaistrithe (PR-STV) chun v\u00f3ta a chaitheamh in:<\/p>\n\n\n\n<ul class=\"wp-block-list\">\n<li>Olltoghch\u00e1in;<\/li>\n\n\n\n<li>Toghch\u00e1in \u00e1iti\u00fala;<\/li>\n\n\n\n<li>Toghch\u00e1in Eorpacha;<\/li>\n\n\n\n<li>Toghch\u00e1in an Uachtar\u00e1in; agus<\/li>\n\n\n\n<li>Toghch\u00e1in mh\u00e9arachta.<\/li>\n<\/ul>\n\n\n\n<p>Is c\u00f3ras bunaithe ar iarrth\u00f3ir\u00ed \u00e9 PR-STV. Cialla\u00edonn s\u00e9 sin gur f\u00e9idir le v\u00f3t\u00e1laithe v\u00f3ta a chaitheamh d\u00e1 mh\u00e9ad n\u00f3 d\u00e1 laghad iarrth\u00f3ir\u00ed in ord a dtosa\u00edochta agus is mian leo.<\/p>\n\n\n\n<p>Is \u00e9 v\u00f3ta c\u00e9ad-rogha an v\u00f3t\u00e1la\u00ed \u2013 an t-iarrth\u00f3ir a fhaigheann v\u00f3ta uimhir 1 \u2013 an ceann is t\u00e1bhachta\u00ed agus comhairtear i gc\u00f3na\u00ed \u00e9. D\u2019fh\u00e9adfa\u00ed an dara rogha (agus roghanna eile ina dhiaidh sin) a chomhaireamh m\u00e1 chuirtear an t-iarrth\u00f3ir is fearr leo as an ioma\u00edocht ag deireadh babhta comhairimh, n\u00f3 m\u00e1 thoghtar iad le farasbarr. Tugtar aistrithe orthu sin. T\u00e1 tuilleadh eolais ar na leathanaigh <strong><a href=\"https:\/\/www.electoralcommission.ie\/ga\/conas-vota-a-chaitheamh\/\">C\u00e9n chaoi a gcaitear v\u00f3ta?<\/a><\/strong> agus <strong><a href=\"\/ga\/?page_id=9965#votecount\">An Chaoi a gComhairtear do V\u00f3ta<\/a><\/strong>.<\/p>\n\n\n\n<p>I gc\u00e1s reifreann, ina mb\u00edonn ar dhaoine v\u00f3ta a chaitheamh faoi athruithe ar Bhunreacht na h\u00c9ireann, caitear v\u00f3ta \u2018T\u00c1\u2019 n\u00f3 \u2018N\u00cdL\u2019.<\/p>\n\n\n\n<p>Na pr\u00edomhghn\u00e9ithe de ch\u00f3ras toghch\u00e1in na h\u00c9ireann:<\/p>\n\n\n\n<ul class=\"wp-block-list\">\n<li>Toghtar n\u00edos m\u00f3 n\u00e1 iarrth\u00f3ir amh\u00e1in chun ionada\u00edocht a dh\u00e9anamh ar gach toghcheantar;<\/li>\n\n\n\n<li>Is f\u00e9idir le v\u00f3t\u00e1la\u00ed a mh\u00e9ad (n\u00f3 a laghad) iarrth\u00f3ir\u00ed a roghn\u00fa in ord a dtosa\u00edochta agus is mian leo;<\/li>\n\n\n\n<li>Comhairtear an ch\u00e9ad rogha a dh\u00e9anann v\u00f3t\u00e1la\u00ed i gc\u00f3na\u00ed. Comhairtear an dara rogha agus na roghanna ina dhiaidh sin go minic, agus d\u2019fh\u00e9adfaid\u00eds tortha\u00ed toghch\u00e1in a chinneadh.<\/li>\n<\/ul>\n\n\n\n<div style=\"height:22px\" aria-hidden=\"true\" class=\"wp-block-spacer\"><\/div>\n\n\n\n<div class=\"wp-block-uagb-advanced-heading uagb-block-5aa91baf\"><h2 class=\"uagb-heading-text\"><strong>Toghcheantair<\/strong><\/h2><div class=\"uagb-separator\"><\/div><\/div>\n\n\n\n<p>I gc\u00e1s thoghch\u00e1in na D\u00e1la agus na dtoghch\u00e1n Eorpach agus \u00e1iti\u00fail, toghann an lucht v\u00f3t\u00e1la n\u00edos m\u00f3 n\u00e1 iarrth\u00f3ir amh\u00e1in.<\/p>\n\n\n\n<p>I dtoghcheantair don D\u00e1il agus do Pharlaimint na hEorpa, ar a dtugtar D\u00e1ilcheantair agus Toghlaigh, b\u00edonn 3, 4 n\u00f3 5 shu\u00edoch\u00e1n (ionadaithe tofa) sa cheantar, ag brath ar mh\u00e9id an daonra.<\/p>\n\n\n\n<p>I dtoghch\u00e1in \u00e1iti\u00fala, tugtar Toghlimist\u00e9ir \u00c1iti\u00fala ar na toghcheantair. B\u00edonn 3, 4, 5, 6 n\u00f3 7 su\u00edoch\u00e1n iontu si\u00fad. D\u00e1 bhr\u00ed sin, beidh c\u00fapla ionada\u00ed tofa difri\u00fail ag gach v\u00f3t\u00e1la\u00ed.<\/p>\n\n\n\n<p>I gc\u00e1s thoghch\u00e1in an Uachtar\u00e1in agus toghch\u00e1in mh\u00e9arachta, n\u00ed thoghtar ach iarrth\u00f3ir amh\u00e1in.<\/p>\n\n\n\n<div style=\"height:22px\" aria-hidden=\"true\" class=\"wp-block-spacer\"><\/div>\n\n\n\n<div class=\"wp-block-uagb-advanced-heading uagb-block-72786b13\" id=\"votecount\"><h2 class=\"uagb-heading-text\"><strong><strong>An chaoi a gcomhairtear do v\u00f3ta<\/strong><\/strong><\/h2><div class=\"uagb-separator\"><\/div><\/div>\n\n\n\n<p>Nuair a bh\u00edonn an v\u00f3t\u00e1il thart, tugtar na bosca\u00ed ball\u00f3ide ar fad go dt\u00ed su\u00edomh l\u00e1rnach comhairimh le haghaidh gach toghcheantair. Tosa\u00edonn an comhaireamh ag a 9.00 r.n. an l\u00e1 i ndiaidh l\u00e1 na v\u00f3t\u00e1la sna toghch\u00e1in \u00e1iti\u00fala. I gc\u00e1s na dtoghch\u00e1n Eorpacha, tosa\u00edonn an comhaireamh nuair a bh\u00edonn gach Ballst\u00e1it AE cr\u00edochnaithe leis an v\u00f3t\u00e1il. Comhairtear na v\u00f3ta\u00ed ar an mbealach c\u00e9anna sna toghch\u00e1in PR-STV ar fad.<\/p>\n\n\n\n<div class=\"wp-block-uagb-advanced-heading uagb-block-dacab9f3\"><h3 class=\"uagb-heading-text\"><strong>Oscailt na mbosca\u00ed ball\u00f3ide<\/strong><\/h3><\/div>\n\n\n\n<div style=\"height:11px\" aria-hidden=\"true\" class=\"wp-block-spacer\"><\/div>\n\n\n\n<p>I ndiaidh na bosca\u00ed ball\u00f3ide ar fad a oscailt, tosa\u00edonn pr\u00f3iseas r\u00e9itigh ina seice\u00e1iltear l\u00edon na mball\u00f3id\u00ed a eis\u00edodh san ionad v\u00f3t\u00e1la le hais l\u00edon na mball\u00f3id\u00ed sna bosca\u00ed ball\u00f3ide. Seice\u00e1iltear gach p\u00e1ip\u00e9ar ball\u00f3ide lena chinnti\u00fa gur l\u00edonadh isteach i gceart \u00e9 agus leagtar aon v\u00f3ta a d\u2019fh\u00e9adfadh a bheith millte ar leataobh. Comhairtear l\u00edon na bp\u00e1ip\u00e9ar ball\u00f3ide chun an v\u00f3t\u00e1il ioml\u00e1n, is \u00e9 sin l\u00edon ioml\u00e1n na v\u00f3ta\u00ed, a chinneadh.<\/p>\n\n\n\n<div class=\"wp-block-uagb-advanced-heading uagb-block-77bbd8c8\"><h3 class=\"uagb-heading-text\"><strong>An ch\u00e9ad chomhaireamh agus r\u00edomh an chu\u00f3ta<\/strong><\/h3><\/div>\n\n\n\n<div style=\"height:11px\" aria-hidden=\"true\" class=\"wp-block-spacer\"><\/div>\n\n\n\n<p>S\u00f3rt\u00e1iltear na p\u00e1ip\u00e9ir bhall\u00f3ide de r\u00e9ir na gc\u00e9ad roghanna le haghaidh gach iarrth\u00f3ra, agus ansin comhairtear na ch\u00e9ad roghanna. Cinntear an v\u00f3t\u00e1il ioml\u00e1n bhail\u00ed i ndiaidh na v\u00f3ta\u00ed millte ar fad a mheas. D\u2019fh\u00e9adfa\u00ed a mheas go bhfuil p\u00e1ip\u00e9ar ball\u00f3ide millte mar gheall ar scr\u00edbhneoireacht ar an bp\u00e1ip\u00e9ar ball\u00f3ide; murar marc\u00e1ladh aon ch\u00e9ad rogha d\u2019iarrth\u00f3ir go soil\u00e9ir; n\u00f3 murar stamp\u00e1il an tOifigeach Ceannais n\u00f3 Cl\u00e9ireach V\u00f3ta\u00edochta an p\u00e1ip\u00e9ar ball\u00f3ide.<\/p>\n\n\n\n<p>R\u00edomhtar an cu\u00f3ta ansin bunaithe ar an v\u00f3t\u00e1il ioml\u00e1n bhail\u00ed. Is \u00e9 an cu\u00f3ta an l\u00edon v\u00f3ta\u00ed a chinnt\u00edonn go dtoghtar iarrth\u00f3ir, m\u00e1 fhaigheann siad an l\u00edon sin v\u00f3ta\u00ed. D\u2019fh\u00e9adfa\u00ed iarrth\u00f3ir a thoghadh fi\u00fa gan an cu\u00f3ta a shroicheadh, ach n\u00ed tharla\u00edonn s\u00e9 sin go dt\u00ed go n-eisiatar na hiarrth\u00f3ir\u00ed eile ar fad.<\/p>\n\n\n\n<p>Is foirmle \u00e9 an cu\u00f3ta a r\u00edomhtar ar bhonn an l\u00edon v\u00f3ta\u00ed is \u00edsle is f\u00e9idir a l\u00edonadh ag l\u00edon na n-iarrth\u00f3ir\u00ed at\u00e1 le toghadh. Sa sampla thuasluaite a bhaineann le toghcheantar ina bhfuil ceithre shu\u00edoch\u00e1n, n\u00ed f\u00e9idir ach le ceathrar iarrth\u00f3ir\u00ed an cu\u00f3ta 12,001 v\u00f3ta an duine a shroicheadh, toisc nach bhf\u00e1gfa\u00ed ach 11,996 v\u00f3ta.<\/p>\n\n\n\n<div class=\"wp-block-uagb-container uagb-block-9dc9d893 alignfull uagb-is-root-container\"><div class=\"uagb-container-inner-blocks-wrap\">\n<figure class=\"wp-block-image size-large is-resized\"><img loading=\"lazy\" decoding=\"async\" width=\"1024\" height=\"559\" src=\"https:\/\/www.electoralcommission.ie\/app\/uploads\/2024\/05\/Quota_example-1024x559.png\" alt=\"\" class=\"wp-image-10121\" style=\"width:583px;height:auto\" srcset=\"https:\/\/www.electoralcommission.ie\/app\/uploads\/2024\/05\/Quota_example-1024x559.png 1024w, https:\/\/www.electoralcommission.ie\/app\/uploads\/2024\/05\/Quota_example-300x164.png 300w, https:\/\/www.electoralcommission.ie\/app\/uploads\/2024\/05\/Quota_example-768x419.png 768w, https:\/\/www.electoralcommission.ie\/app\/uploads\/2024\/05\/Quota_example-1536x838.png 1536w, https:\/\/www.electoralcommission.ie\/app\/uploads\/2024\/05\/Quota_example.png 1980w\" sizes=\"auto, (max-width: 1024px) 100vw, 1024px\" \/><\/figure>\n<\/div><\/div>\n\n\n\n<div style=\"height:22px\" aria-hidden=\"true\" class=\"wp-block-spacer\"><\/div>\n\n\n\n<div style=\"height:22px\" aria-hidden=\"true\" class=\"wp-block-spacer\"><\/div>\n\n\n\n<div style=\"height:22px\" aria-hidden=\"true\" class=\"wp-block-spacer\"><\/div>\n\n\n\n<div style=\"height:22px\" aria-hidden=\"true\" class=\"wp-block-spacer\"><\/div>\n\n\n\n<div class=\"wp-block-uagb-advanced-heading uagb-block-6ff6bc18\"><h3 class=\"uagb-heading-text\"><strong>D\u00e1ileadh farasbairr<\/strong><\/h3><\/div>\n\n\n\n<div style=\"height:11px\" aria-hidden=\"true\" class=\"wp-block-spacer\"><\/div>\n\n\n\n<p>Is \u00e9 an farasbarr an l\u00edon v\u00f3ta\u00ed at\u00e1 ag iarrth\u00f3ir\u00ed os cionn an chu\u00f3ta. Aon iarrth\u00f3ir a shroicheann n\u00f3 a sh\u00e1ra\u00edonn an cu\u00f3ta ar an gc\u00e9ad chomhaireamh, meastar iad a bheith tofa. Is \u00e9 an ch\u00e9ad chomhaireamh an t-aon uair a chomhairtear v\u00f3ta\u00ed dara rogha uile iarrth\u00f3ra go hiond\u00fail. Roinntear an farasbarr sin idir na hiarrth\u00f3ir\u00ed at\u00e1 f\u00e1gtha. Tar \u00e9is gach comhairimh ina dhiaidh sin, is iad na p\u00e1ip\u00e9ir bhall\u00f3ide (farasbairr) at\u00e1 f\u00e1gtha, i ndiaidh d\u2019iarrth\u00f3ir an cu\u00f3ta a shroicheadh, a athdh\u00e1iltear (a aistr\u00edtear) chuig na hiarrth\u00f3ir\u00ed at\u00e1 f\u00e1gtha, agus iad sin amh\u00e1in.<\/p>\n\n\n\n<p>N\u00ed dh\u00e1iltear farasbarr seachas m\u00e1s f\u00e9idir leis sprioc amh\u00e1in acu seo a leanas a bhaint amach:<\/p>\n\n\n\n<ul class=\"wp-block-list\">\n<li>An ch\u00e9ad iarrth\u00f3ir eile is airde at\u00e1 ag dul ar aghaidh a thoghadh;<\/li>\n<\/ul>\n\n\n\n<ul class=\"wp-block-list\">\n<li>An t-iarrth\u00f3ir is \u00edsle at\u00e1 ag dul ar aghaidh a thabhairt ar aon leibh\u00e9al n\u00f3 os cionn an dara hiarrth\u00f3ir is \u00edsle at\u00e1 ag dul ar aghaidh;<\/li>\n<\/ul>\n\n\n\n<ul class=\"wp-block-list\">\n<li>An t-iarrth\u00f3ir is \u00edsle at\u00e1 ag dul ar aghaidh a ch\u00e1ili\u00fa le go n-ais\u00edocfa\u00ed a gcostais n\u00f3 a n-\u00e9arlais toghch\u00e1in leo (m\u00e1s \u00e1bhartha).<\/li>\n<\/ul>\n\n\n\n<p>Cinntear an bhfuil farasbarr le d\u00e1ileadh tar \u00e9is gach comhairimh bunaithe ar an bhfarasbarr at\u00e1 ar f\u00e1il.<\/p>\n\n\n\n<div class=\"wp-block-uagb-advanced-heading uagb-block-23db8aba\"><h3 class=\"uagb-heading-text\"><strong><strong>An t-iarrth\u00f3ir n\u00f3 na hiarrth\u00f3ir\u00ed is \u00edsle a eisiamh<\/strong><\/strong><\/h3><\/div>\n\n\n\n<div style=\"height:11px\" aria-hidden=\"true\" class=\"wp-block-spacer\"><\/div>\n\n\n\n<p>Mura bhfuil aon fharasbarr ar f\u00e1il, n\u00f3 mura gceada\u00edtear d\u00e1ileadh an fharasbairr, eisiatar an t-iarrth\u00f3ir n\u00f3 na hiarrth\u00f3ir\u00ed is \u00edsle agus d\u00e1iltear a v\u00f3ta\u00ed ar na hiarrth\u00f3ir\u00ed at\u00e1 f\u00e1gtha.<\/p>\n\n\n\n<p>D\u00e9antar beirt iarrth\u00f3ir\u00ed n\u00f3 n\u00edos m\u00f3 a eisiamh in \u00e9ind\u00ed nuair is l\u00e9ir nach f\u00e9idir le heisiamh iarrth\u00f3ra amh\u00e1in n\u00f3 n\u00edos m\u00f3 tionchar \u00e1bhartha a imirt ar thoradh an toghch\u00e1in n\u00e1 \u00e9arlais iarrth\u00f3ra at\u00e1 f\u00e1gtha a sh\u00e1bh\u00e1il.<\/p>\n\n\n\n<div class=\"wp-block-uagb-advanced-heading uagb-block-6ce9c13a\"><h3 class=\"uagb-heading-text\"><strong><strong><strong>Aistrithe<\/strong><\/strong><\/strong><\/h3><\/div>\n\n\n\n<div style=\"height:11px\" aria-hidden=\"true\" class=\"wp-block-spacer\"><\/div>\n\n\n\n<p>Sa ch\u00e1s go nd\u00e1iltear farasbarr iarrth\u00f3ra, n\u00f3 go n-eisiatar iarrth\u00f3ir, athdh\u00e1iltear a v\u00f3ta\u00ed. D\u00e9antar neamhaird d\u2019aon rogha d\u2019iarrth\u00f3ir\u00ed a toghadh n\u00f3 a eisiadh cheana f\u00e9in. \u00das\u00e1idtear an ch\u00e9ad rogha eile at\u00e1 ar f\u00e1il ar an bp\u00e1ip\u00e9ar ball\u00f3ide.<\/p>\n\n\n\n<p>Measfar go bhfuil p\u00e1ip\u00e9ir bhall\u00f3ide \u2018neamh-inaistrithe\u2019 murar marc\u00e1ladh aon rogha d\u2019aon iarrth\u00f3ir n\u00e1r toghadh n\u00f3 n\u00e1r eisiadh ag an bpointe sin den chomhaireamh.<\/p>\n\n\n\n<div class=\"wp-block-uagb-advanced-heading uagb-block-2f5cb72e\"><h3 class=\"uagb-heading-text\"><strong><strong><strong><strong>Athchomhaireamh<\/strong><\/strong><\/strong><\/strong><\/h3><\/div>\n\n\n\n<div style=\"height:11px\" aria-hidden=\"true\" class=\"wp-block-spacer\"><\/div>\n\n\n\n<p>F\u00e9adfaidh an Ceann Comhairimh cinneadh a dh\u00e9anamh am ar bith na p\u00e1ip\u00e9ir bhall\u00f3ide ar fad n\u00f3 aon chuid d\u00edobh a athscr\u00fad\u00fa agus tortha\u00ed a f\u00f3gra\u00edodh cheana f\u00e9in a athr\u00fa. F\u00e9adfaidh iarrth\u00f3ir\u00ed athchomhaireamh a iarraidh freisin; n\u00ed dh\u00e9antar iarratas ar a leith\u00e9id go hiond\u00fail seachas m\u00e1 bh\u00edonn toradh toghch\u00e1in an-ghar.<\/p>\n","protected":false},"excerpt":{"rendered":"<p>Baineann \u00c9ire leas as ionada\u00edocht chionmhar (PR) chun v\u00f3ta a chaitheamh i dtoghch\u00e1in, mar a mb\u00edonn aonv\u00f3ta inaistrithe (STV) ag gach v\u00f3t\u00e1la\u00ed. Baintear leas as Ionada\u00edocht Chionmhar \u2013 Aonv\u00f3ta Inaistrithe (PR-STV) chun v\u00f3ta a chaitheamh in: Is c\u00f3ras bunaithe ar iarrth\u00f3ir\u00ed \u00e9 PR-STV. Cialla\u00edonn s\u00e9 sin gur f\u00e9idir le v\u00f3t\u00e1laithe v\u00f3ta a chaitheamh d\u00e1 mh\u00e9ad &hellip; <a href=\"https:\/\/www.electoralcommission.ie\/ga\/coras-votala-na-heireann\/\">Continued<\/a><\/p>\n","protected":false},"author":20,"featured_media":9109,"parent":0,"menu_order":0,"comment_status":"closed","ping_status":"closed","template":"","meta":{"_acf_changed":false,"_relevanssi_hide_post":"","_relevanssi_hide_content":"","_relevanssi_pin_for_all":"","_relevanssi_pin_keywords":"","_relevanssi_unpin_keywords":"","_relevanssi_related_keywords":"","_relevanssi_related_include_ids":"","_relevanssi_related_exclude_ids":"","_relevanssi_related_no_append":"","_relevanssi_related_not_related":"","_relevanssi_related_posts":"10109,9475,11320,10298,9578,10848","_relevanssi_noindex_reason":"","_uag_custom_page_level_css":"","footnotes":""},"class_list":["post-9965","page","type-page","status-publish","has-post-thumbnail","hentry"],"acf":[],"yoast_head":"<!-- This site is optimized with the Yoast SEO plugin v27.4 - https:\/\/yoast.com\/product\/yoast-seo-wordpress\/ -->\n<title>C\u00f3ras v\u00f3t\u00e1la na h\u00c9ireann - Coimisi\u00fan Toghch\u00e1in<\/title>\n<meta name=\"robots\" content=\"index, follow, max-snippet:-1, max-image-preview:large, max-video-preview:-1\" \/>\n<link rel=\"canonical\" href=\"https:\/\/www.electoralcommission.ie\/ga\/coras-votala-na-heireann\/\" \/>\n<meta property=\"og:locale\" content=\"ga_IE\" \/>\n<meta property=\"og:type\" content=\"article\" \/>\n<meta property=\"og:title\" content=\"C\u00f3ras v\u00f3t\u00e1la na h\u00c9ireann - Coimisi\u00fan Toghch\u00e1in\" \/>\n<meta property=\"og:description\" content=\"Baineann \u00c9ire leas as ionada\u00edocht chionmhar (PR) chun v\u00f3ta a chaitheamh i dtoghch\u00e1in, mar a mb\u00edonn aonv\u00f3ta inaistrithe (STV) ag gach v\u00f3t\u00e1la\u00ed. Baintear leas as Ionada\u00edocht Chionmhar \u2013 Aonv\u00f3ta Inaistrithe (PR-STV) chun v\u00f3ta a chaitheamh in: Is c\u00f3ras bunaithe ar iarrth\u00f3ir\u00ed \u00e9 PR-STV. Cialla\u00edonn s\u00e9 sin gur f\u00e9idir le v\u00f3t\u00e1laithe v\u00f3ta a chaitheamh d\u00e1 mh\u00e9ad &hellip; Continued\" \/>\n<meta property=\"og:url\" content=\"https:\/\/www.electoralcommission.ie\/ga\/coras-votala-na-heireann\/\" \/>\n<meta property=\"og:site_name\" content=\"Coimisi\u00fan Toghch\u00e1in\" \/>\n<meta property=\"article:modified_time\" content=\"2025-11-24T13:27:43+00:00\" \/>\n<meta property=\"og:image\" content=\"https:\/\/cdn.electoralcommission.ie\/app\/uploads\/2024\/04\/26153327\/An-Coimisiu%CC%81n-Toghcha%CC%81in-289-scaled.jpg\" \/>\n\t<meta property=\"og:image:width\" content=\"2560\" \/>\n\t<meta property=\"og:image:height\" content=\"1707\" \/>\n\t<meta property=\"og:image:type\" content=\"image\/jpeg\" \/>\n<meta name=\"twitter:card\" content=\"summary_large_image\" \/>\n<meta name=\"twitter:label1\" content=\"Est. reading time\" \/>\n\t<meta name=\"twitter:data1\" content=\"5 minutes\" \/>\n<script type=\"application\/ld+json\" class=\"yoast-schema-graph\">{\"@context\":\"https:\\\/\\\/schema.org\",\"@graph\":[{\"@type\":\"WebPage\",\"@id\":\"https:\\\/\\\/www.electoralcommission.ie\\\/ga\\\/coras-votala-na-heireann\\\/\",\"url\":\"https:\\\/\\\/www.electoralcommission.ie\\\/ga\\\/coras-votala-na-heireann\\\/\",\"name\":\"C\u00f3ras v\u00f3t\u00e1la na h\u00c9ireann - Coimisi\u00fan Toghch\u00e1in\",\"isPartOf\":{\"@id\":\"https:\\\/\\\/www.electoralcommission.ie\\\/ga\\\/#website\"},\"primaryImageOfPage\":{\"@id\":\"https:\\\/\\\/www.electoralcommission.ie\\\/ga\\\/coras-votala-na-heireann\\\/#primaryimage\"},\"image\":{\"@id\":\"https:\\\/\\\/www.electoralcommission.ie\\\/ga\\\/coras-votala-na-heireann\\\/#primaryimage\"},\"thumbnailUrl\":\"https:\\\/\\\/www.electoralcommission.ie\\\/app\\\/uploads\\\/2024\\\/04\\\/An-Coimisiu\u0301n-Toghcha\u0301in-289-scaled-e1714565064619.jpg\",\"datePublished\":\"2024-05-22T09:52:35+00:00\",\"dateModified\":\"2025-11-24T13:27:43+00:00\",\"breadcrumb\":{\"@id\":\"https:\\\/\\\/www.electoralcommission.ie\\\/ga\\\/coras-votala-na-heireann\\\/#breadcrumb\"},\"inLanguage\":\"ga-IE\",\"potentialAction\":[{\"@type\":\"ReadAction\",\"target\":[\"https:\\\/\\\/www.electoralcommission.ie\\\/ga\\\/coras-votala-na-heireann\\\/\"]}]},{\"@type\":\"ImageObject\",\"inLanguage\":\"ga-IE\",\"@id\":\"https:\\\/\\\/www.electoralcommission.ie\\\/ga\\\/coras-votala-na-heireann\\\/#primaryimage\",\"url\":\"https:\\\/\\\/www.electoralcommission.ie\\\/app\\\/uploads\\\/2024\\\/04\\\/An-Coimisiu\u0301n-Toghcha\u0301in-289-scaled-e1714565064619.jpg\",\"contentUrl\":\"https:\\\/\\\/www.electoralcommission.ie\\\/app\\\/uploads\\\/2024\\\/04\\\/An-Coimisiu\u0301n-Toghcha\u0301in-289-scaled-e1714565064619.jpg\",\"width\":2560,\"height\":1707,\"caption\":\"Image of people marking their ballot papers\"},{\"@type\":\"BreadcrumbList\",\"@id\":\"https:\\\/\\\/www.electoralcommission.ie\\\/ga\\\/coras-votala-na-heireann\\\/#breadcrumb\",\"itemListElement\":[{\"@type\":\"ListItem\",\"position\":1,\"name\":\"Baile\",\"item\":\"https:\\\/\\\/www.electoralcommission.ie\\\/ga\\\/\"},{\"@type\":\"ListItem\",\"position\":2,\"name\":\"C\u00f3ras v\u00f3t\u00e1la na h\u00c9ireann\"}]},{\"@type\":\"WebSite\",\"@id\":\"https:\\\/\\\/www.electoralcommission.ie\\\/ga\\\/#website\",\"url\":\"https:\\\/\\\/www.electoralcommission.ie\\\/ga\\\/\",\"name\":\"Coimisi\u00fan Toghch\u00e1in\",\"description\":\"Ireland&#039;s Statutory, Independent Electoral Commission\",\"potentialAction\":[{\"@type\":\"SearchAction\",\"target\":{\"@type\":\"EntryPoint\",\"urlTemplate\":\"https:\\\/\\\/www.electoralcommission.ie\\\/ga\\\/?s={search_term_string}\"},\"query-input\":{\"@type\":\"PropertyValueSpecification\",\"valueRequired\":true,\"valueName\":\"search_term_string\"}}],\"inLanguage\":\"ga-IE\"}]}<\/script>\n<!-- \/ Yoast SEO plugin. -->","yoast_head_json":{"title":"C\u00f3ras v\u00f3t\u00e1la na h\u00c9ireann - Coimisi\u00fan Toghch\u00e1in","robots":{"index":"index","follow":"follow","max-snippet":"max-snippet:-1","max-image-preview":"max-image-preview:large","max-video-preview":"max-video-preview:-1"},"canonical":"https:\/\/www.electoralcommission.ie\/ga\/coras-votala-na-heireann\/","og_locale":"ga_IE","og_type":"article","og_title":"C\u00f3ras v\u00f3t\u00e1la na h\u00c9ireann - Coimisi\u00fan Toghch\u00e1in","og_description":"Baineann \u00c9ire leas as ionada\u00edocht chionmhar (PR) chun v\u00f3ta a chaitheamh i dtoghch\u00e1in, mar a mb\u00edonn aonv\u00f3ta inaistrithe (STV) ag gach v\u00f3t\u00e1la\u00ed. Baintear leas as Ionada\u00edocht Chionmhar \u2013 Aonv\u00f3ta Inaistrithe (PR-STV) chun v\u00f3ta a chaitheamh in: Is c\u00f3ras bunaithe ar iarrth\u00f3ir\u00ed \u00e9 PR-STV. Cialla\u00edonn s\u00e9 sin gur f\u00e9idir le v\u00f3t\u00e1laithe v\u00f3ta a chaitheamh d\u00e1 mh\u00e9ad &hellip; Continued","og_url":"https:\/\/www.electoralcommission.ie\/ga\/coras-votala-na-heireann\/","og_site_name":"Coimisi\u00fan Toghch\u00e1in","article_modified_time":"2025-11-24T13:27:43+00:00","og_image":[{"width":2560,"height":1707,"url":"https:\/\/cdn.electoralcommission.ie\/app\/uploads\/2024\/04\/26153327\/An-Coimisiu%CC%81n-Toghcha%CC%81in-289-scaled.jpg","type":"image\/jpeg"}],"twitter_card":"summary_large_image","twitter_misc":{"Est. reading time":"5 minutes"},"schema":{"@context":"https:\/\/schema.org","@graph":[{"@type":"WebPage","@id":"https:\/\/www.electoralcommission.ie\/ga\/coras-votala-na-heireann\/","url":"https:\/\/www.electoralcommission.ie\/ga\/coras-votala-na-heireann\/","name":"C\u00f3ras v\u00f3t\u00e1la na h\u00c9ireann - Coimisi\u00fan Toghch\u00e1in","isPartOf":{"@id":"https:\/\/www.electoralcommission.ie\/ga\/#website"},"primaryImageOfPage":{"@id":"https:\/\/www.electoralcommission.ie\/ga\/coras-votala-na-heireann\/#primaryimage"},"image":{"@id":"https:\/\/www.electoralcommission.ie\/ga\/coras-votala-na-heireann\/#primaryimage"},"thumbnailUrl":"https:\/\/www.electoralcommission.ie\/app\/uploads\/2024\/04\/An-Coimisiu\u0301n-Toghcha\u0301in-289-scaled-e1714565064619.jpg","datePublished":"2024-05-22T09:52:35+00:00","dateModified":"2025-11-24T13:27:43+00:00","breadcrumb":{"@id":"https:\/\/www.electoralcommission.ie\/ga\/coras-votala-na-heireann\/#breadcrumb"},"inLanguage":"ga-IE","potentialAction":[{"@type":"ReadAction","target":["https:\/\/www.electoralcommission.ie\/ga\/coras-votala-na-heireann\/"]}]},{"@type":"ImageObject","inLanguage":"ga-IE","@id":"https:\/\/www.electoralcommission.ie\/ga\/coras-votala-na-heireann\/#primaryimage","url":"https:\/\/www.electoralcommission.ie\/app\/uploads\/2024\/04\/An-Coimisiu\u0301n-Toghcha\u0301in-289-scaled-e1714565064619.jpg","contentUrl":"https:\/\/www.electoralcommission.ie\/app\/uploads\/2024\/04\/An-Coimisiu\u0301n-Toghcha\u0301in-289-scaled-e1714565064619.jpg","width":2560,"height":1707,"caption":"Image of people marking their ballot papers"},{"@type":"BreadcrumbList","@id":"https:\/\/www.electoralcommission.ie\/ga\/coras-votala-na-heireann\/#breadcrumb","itemListElement":[{"@type":"ListItem","position":1,"name":"Baile","item":"https:\/\/www.electoralcommission.ie\/ga\/"},{"@type":"ListItem","position":2,"name":"C\u00f3ras v\u00f3t\u00e1la na h\u00c9ireann"}]},{"@type":"WebSite","@id":"https:\/\/www.electoralcommission.ie\/ga\/#website","url":"https:\/\/www.electoralcommission.ie\/ga\/","name":"Coimisi\u00fan Toghch\u00e1in","description":"Ireland&#039;s Statutory, Independent Electoral Commission","potentialAction":[{"@type":"SearchAction","target":{"@type":"EntryPoint","urlTemplate":"https:\/\/www.electoralcommission.ie\/ga\/?s={search_term_string}"},"query-input":{"@type":"PropertyValueSpecification","valueRequired":true,"valueName":"search_term_string"}}],"inLanguage":"ga-IE"}]}},"uagb_featured_image_src":{"full":["https:\/\/www.electoralcommission.ie\/app\/uploads\/2024\/04\/An-Coimisiu\u0301n-Toghcha\u0301in-289-scaled-e1714565064619.jpg",2560,1707,false],"thumbnail":["https:\/\/www.electoralcommission.ie\/app\/uploads\/2024\/04\/An-Coimisiu\u0301n-Toghcha\u0301in-289-355x210.jpg",355,210,true],"medium":["https:\/\/www.electoralcommission.ie\/app\/uploads\/2024\/04\/An-Coimisiu\u0301n-Toghcha\u0301in-289-300x200.jpg",300,200,true],"medium_large":["https:\/\/www.electoralcommission.ie\/app\/uploads\/2024\/04\/An-Coimisiu\u0301n-Toghcha\u0301in-289-768x512.jpg",768,512,true],"large":["https:\/\/www.electoralcommission.ie\/app\/uploads\/2024\/04\/An-Coimisiu\u0301n-Toghcha\u0301in-289-1024x683.jpg",1024,683,true],"1536x1536":["https:\/\/www.electoralcommission.ie\/app\/uploads\/2024\/04\/An-Coimisiu\u0301n-Toghcha\u0301in-289-1536x1024.jpg",1536,1024,true],"2048x2048":["https:\/\/www.electoralcommission.ie\/app\/uploads\/2024\/04\/An-Coimisiu\u0301n-Toghcha\u0301in-289-2048x1365.jpg",2048,1365,true],"gform-image-choice-sm":["https:\/\/www.electoralcommission.ie\/app\/uploads\/2024\/04\/An-Coimisiu\u0301n-Toghcha\u0301in-289-scaled-e1714565064619.jpg",300,200,false],"gform-image-choice-md":["https:\/\/www.electoralcommission.ie\/app\/uploads\/2024\/04\/An-Coimisiu\u0301n-Toghcha\u0301in-289-scaled-e1714565064619.jpg",400,267,false],"gform-image-choice-lg":["https:\/\/www.electoralcommission.ie\/app\/uploads\/2024\/04\/An-Coimisiu\u0301n-Toghcha\u0301in-289-scaled-e1714565064619.jpg",600,400,false]},"uagb_author_info":{"display_name":"Annmarie Power","author_link":"https:\/\/www.electoralcommission.ie\/ga\/author\/annmarie-power\/"},"uagb_comment_info":0,"uagb_excerpt":"Baineann \u00c9ire leas as ionada\u00edocht chionmhar (PR) chun v\u00f3ta a chaitheamh i dtoghch\u00e1in, mar a mb\u00edonn aonv\u00f3ta inaistrithe (STV) ag gach v\u00f3t\u00e1la\u00ed. Baintear leas as Ionada\u00edocht Chionmhar \u2013 Aonv\u00f3ta Inaistrithe (PR-STV) chun v\u00f3ta a chaitheamh in: Is c\u00f3ras bunaithe ar iarrth\u00f3ir\u00ed \u00e9 PR-STV. Cialla\u00edonn s\u00e9 sin gur f\u00e9idir le v\u00f3t\u00e1laithe v\u00f3ta a chaitheamh d\u00e1 mh\u00e9ad&hellip;","_links":{"self":[{"href":"https:\/\/www.electoralcommission.ie\/ga\/wp-json\/wp\/v2\/pages\/9965","targetHints":{"allow":["GET"]}}],"collection":[{"href":"https:\/\/www.electoralcommission.ie\/ga\/wp-json\/wp\/v2\/pages"}],"about":[{"href":"https:\/\/www.electoralcommission.ie\/ga\/wp-json\/wp\/v2\/types\/page"}],"author":[{"embeddable":true,"href":"https:\/\/www.electoralcommission.ie\/ga\/wp-json\/wp\/v2\/users\/20"}],"replies":[{"embeddable":true,"href":"https:\/\/www.electoralcommission.ie\/ga\/wp-json\/wp\/v2\/comments?post=9965"}],"version-history":[{"count":19,"href":"https:\/\/www.electoralcommission.ie\/ga\/wp-json\/wp\/v2\/pages\/9965\/revisions"}],"predecessor-version":[{"id":15164,"href":"https:\/\/www.electoralcommission.ie\/ga\/wp-json\/wp\/v2\/pages\/9965\/revisions\/15164"}],"wp:featuredmedia":[{"embeddable":true,"href":"https:\/\/www.electoralcommission.ie\/ga\/wp-json\/wp\/v2\/media\/9109"}],"wp:attachment":[{"href":"https:\/\/www.electoralcommission.ie\/ga\/wp-json\/wp\/v2\/media?parent=9965"}],"curies":[{"name":"wp","href":"https:\/\/api.w.org\/{rel}","templated":true}]}}